{"id":7861,"date":"2023-06-07T18:50:48","date_gmt":"2023-06-07T16:50:48","guid":{"rendered":"https:\/\/www.visitamalfi.info\/evento\/capodanno-bizantino\/"},"modified":"2023-06-07T18:50:48","modified_gmt":"2023-06-07T16:50:48","slug":"capodanno-bizantino","status":"publish","type":"tribe_events","link":"https:\/\/www.visitamalfi.info\/fr\/\u00e9v\u00e9nement\/capodanno-bizantino\/","title":{"rendered":"Capodanno Bizantino"},"content":{"rendered":"<p>Le Nouvel An byzantin est l&#8217;\u00e9v\u00e9nement par lequel Amalfi retrouve chaque ann\u00e9e son atmosph\u00e8re m\u00e9di\u00e9vale. Comme il est de coutume avec ses pages, dames et chevaliers, qui ont pr\u00e9par\u00e9 le terrain pour le couronnement du nouveau Magister de la Civilt\u00e0 Amalfitana. L&#8217;Ancienne R\u00e9publique Maritime et la ville d&#8217;Atrani sont confirm\u00e9es comme le th\u00e9\u00e2tre d&#8217;un \u00e9v\u00e9nement historique extraordinaire qui s&#8217;appuie sur la grandeur politique des cit\u00e9s pour offrir un ensemble d&#8217;\u00e9v\u00e9nements culturels et spectaculaires de haut niveau.<\/p>\n<p>Voici les rendez-vous en d\u00e9tail :<\/p>\n<p><strong>Jeudi 31 ao\u00fbt <\/strong><\/p>\n<p><strong>17.30<\/strong>, Amalfi &#8211; Largo Duca Piccolomini<\/p>\n<p><strong><em>Table ronde th\u00e9matique<\/em><\/strong><\/p>\n<p><em>\u00e9dit\u00e9 par Storia e Cultura Amalfitana<\/em><\/p>\n<p><strong>h 20.00<\/strong>, Amalfi &#8211; Largo Duca Piccolomini<\/p>\n<p><strong><em>Entretien avec le Magister<\/em><\/strong><\/p>\n<p>&nbsp;<\/p>\n<p><strong>Vendredi 1er septembre <\/strong><\/p>\n<p><strong>h 18.30<\/strong>, Amalfi<\/p>\n<p><strong><em>D\u00e9fil\u00e9 historique<\/em><\/strong><\/p>\n<p><strong>h 19.30<\/strong>, Atrani &#8211; \u00c9glise de San Salvatore del Birecto<\/p>\n<p><strong><em>C\u00e9r\u00e9monie d&#8217;intronisation des Magisters <\/em><\/strong><\/p>\n<p><strong>h 21.00<\/strong>, Amalfi &#8211; Piazza Duomo<\/p>\n<p><strong><em>Pr\u00e9sentation du Magister aux citoyens<\/em><\/strong><\/p>\n<p><strong>h 21.15<\/strong>, Amalfi &#8211; Piazza Duomo<\/p>\n<p><strong><em>Repr\u00e9sentation des agitateurs de drapeaux de la ville royale<\/em><\/strong><\/p>\n<p><strong><em> <\/em><\/strong><\/p>\n","protected":false},"excerpt":{"rendered":"<p>Le Nouvel An byzantin est l&#8217;\u00e9v\u00e9nement par lequel Amalfi retrouve chaque ann\u00e9e son atmosph\u00e8re m\u00e9di\u00e9vale. Comme il est de coutume avec ses pages, dames et chevaliers, qui ont pr\u00e9par\u00e9 le [&hellip;]<\/p>\n","protected":false},"author":7,"featured_media":3911,"template":"","meta":{"inline_featured_image":false,"_tribe_events_status":"","_tribe_events_status_reason":"","footnotes":""},"tags":[259,580,706,314,707],"tribe_events_cat":[708,709],"class_list":["post-7861","tribe_events","type-tribe_events","status-publish","has-post-thumbnail","hentry","tag-amalfi-fr","tag-amalficoast-fr","tag-nouvel-an-byzantin","tag-summer2023-fr","tag-summerinamalficoast-fr","tribe_events_cat-evenement-historique","tribe_events_cat-reconstitution-historique","cat_evenement-historique","cat_reconstitution-historique"],"yoast_head":"<!-- This site is optimized with the Yoast SEO plugin v27.3 - https:\/\/yoast.com\/product\/yoast-seo-wordpress\/ -->\n<title>Capodanno Bizantino - Visit Amalfi<\/title>\n<meta name=\"robots\" content=\"index, follow, max-snippet:-1, max-image-preview:large, max-video-preview:-1\" \/>\n<link rel=\"canonical\" href=\"https:\/\/www.visitamalfi.info\/fr\/\u00e9v\u00e9nement\/capodanno-bizantino\/\" \/>\n<meta property=\"og:locale\" content=\"fr_FR\" \/>\n<meta property=\"og:type\" content=\"article\" \/>\n<meta property=\"og:title\" content=\"Capodanno Bizantino - Visit Amalfi\" \/>\n<meta property=\"og:description\" content=\"Le Nouvel An byzantin est l&#8217;\u00e9v\u00e9nement par lequel Amalfi retrouve chaque ann\u00e9e son atmosph\u00e8re m\u00e9di\u00e9vale. Comme il est de coutume avec ses pages, dames et chevaliers, qui ont pr\u00e9par\u00e9 le [&hellip;]\" \/>\n<meta property=\"og:url\" content=\"https:\/\/www.visitamalfi.info\/fr\/\u00e9v\u00e9nement\/capodanno-bizantino\/\" \/>\n<meta property=\"og:site_name\" content=\"Visit Amalfi\" \/>\n<meta property=\"article:publisher\" content=\"https:\/\/www.facebook.com\/visitamalfiofficial\" \/>\n<meta property=\"og:image\" content=\"https:\/\/www.visitamalfi.info\/wp-content\/uploads\/2023\/06\/ANA7053-corteo-storico-regata-2022-amalfi-scaled.jpg\" \/>\n\t<meta property=\"og:image:width\" content=\"2560\" \/>\n\t<meta property=\"og:image:height\" content=\"1707\" \/>\n\t<meta property=\"og:image:type\" content=\"image\/jpeg\" \/>\n<meta name=\"twitter:card\" content=\"summary_large_image\" \/>\n<meta name=\"twitter:label1\" content=\"Dur\u00e9e de lecture estim\u00e9e\" \/>\n\t<meta name=\"twitter:data1\" content=\"1 minute\" \/>\n<script type=\"application\/ld+json\" class=\"yoast-schema-graph\">{\"@context\":\"https:\\\/\\\/schema.org\",\"@graph\":[{\"@type\":\"WebPage\",\"@id\":\"https:\\\/\\\/www.visitamalfi.info\\\/fr\\\/\u00e9v\u00e9nement\\\/capodanno-bizantino\\\/\",\"url\":\"https:\\\/\\\/www.visitamalfi.info\\\/fr\\\/\u00e9v\u00e9nement\\\/capodanno-bizantino\\\/\",\"name\":\"Capodanno Bizantino - Visit Amalfi\",\"isPartOf\":{\"@id\":\"https:\\\/\\\/www.visitamalfi.info\\\/fr\\\/#website\"},\"primaryImageOfPage\":{\"@id\":\"https:\\\/\\\/www.visitamalfi.info\\\/fr\\\/\u00e9v\u00e9nement\\\/capodanno-bizantino\\\/#primaryimage\"},\"image\":{\"@id\":\"https:\\\/\\\/www.visitamalfi.info\\\/fr\\\/\u00e9v\u00e9nement\\\/capodanno-bizantino\\\/#primaryimage\"},\"thumbnailUrl\":\"https:\\\/\\\/www.visitamalfi.info\\\/wp-content\\\/uploads\\\/2023\\\/06\\\/ANA7053-corteo-storico-regata-2022-amalfi-scaled.jpg\",\"datePublished\":\"2023-06-07T16:50:48+00:00\",\"breadcrumb\":{\"@id\":\"https:\\\/\\\/www.visitamalfi.info\\\/fr\\\/\u00e9v\u00e9nement\\\/capodanno-bizantino\\\/#breadcrumb\"},\"inLanguage\":\"fr-FR\",\"potentialAction\":[{\"@type\":\"ReadAction\",\"target\":[\"https:\\\/\\\/www.visitamalfi.info\\\/fr\\\/\u00e9v\u00e9nement\\\/capodanno-bizantino\\\/\"]}]},{\"@type\":\"ImageObject\",\"inLanguage\":\"fr-FR\",\"@id\":\"https:\\\/\\\/www.visitamalfi.info\\\/fr\\\/\u00e9v\u00e9nement\\\/capodanno-bizantino\\\/#primaryimage\",\"url\":\"https:\\\/\\\/www.visitamalfi.info\\\/wp-content\\\/uploads\\\/2023\\\/06\\\/ANA7053-corteo-storico-regata-2022-amalfi-scaled.jpg\",\"contentUrl\":\"https:\\\/\\\/www.visitamalfi.info\\\/wp-content\\\/uploads\\\/2023\\\/06\\\/ANA7053-corteo-storico-regata-2022-amalfi-scaled.jpg\",\"width\":2560,\"height\":1707},{\"@type\":\"BreadcrumbList\",\"@id\":\"https:\\\/\\\/www.visitamalfi.info\\\/fr\\\/\u00e9v\u00e9nement\\\/capodanno-bizantino\\\/#breadcrumb\",\"itemListElement\":[{\"@type\":\"ListItem\",\"position\":1,\"name\":\"Home\",\"item\":\"https:\\\/\\\/www.visitamalfi.info\\\/fr\\\/\"},{\"@type\":\"ListItem\",\"position\":2,\"name\":\"\u00c9v\u00e8nements\",\"item\":\"https:\\\/\\\/www.visitamalfi.info\\\/fr\\\/eventi\\\/\"},{\"@type\":\"ListItem\",\"position\":3,\"name\":\"Capodanno Bizantino\"}]},{\"@type\":\"WebSite\",\"@id\":\"https:\\\/\\\/www.visitamalfi.info\\\/fr\\\/#website\",\"url\":\"https:\\\/\\\/www.visitamalfi.info\\\/fr\\\/\",\"name\":\"Visit Amalfi\",\"description\":\"Amalfi Destination Official Website\",\"publisher\":{\"@id\":\"https:\\\/\\\/www.visitamalfi.info\\\/fr\\\/#organization\"},\"potentialAction\":[{\"@type\":\"SearchAction\",\"target\":{\"@type\":\"EntryPoint\",\"urlTemplate\":\"https:\\\/\\\/www.visitamalfi.info\\\/fr\\\/?s={search_term_string}\"},\"query-input\":{\"@type\":\"PropertyValueSpecification\",\"valueRequired\":true,\"valueName\":\"search_term_string\"}}],\"inLanguage\":\"fr-FR\"},{\"@type\":\"Organization\",\"@id\":\"https:\\\/\\\/www.visitamalfi.info\\\/fr\\\/#organization\",\"name\":\"Visit Amalfi\",\"url\":\"https:\\\/\\\/www.visitamalfi.info\\\/fr\\\/\",\"logo\":{\"@type\":\"ImageObject\",\"inLanguage\":\"fr-FR\",\"@id\":\"https:\\\/\\\/www.visitamalfi.info\\\/fr\\\/#\\\/schema\\\/logo\\\/image\\\/\",\"url\":\"https:\\\/\\\/www.visitamalfi.info\\\/wp-content\\\/uploads\\\/2023\\\/04\\\/visit-amalfi-logo-web.png\",\"contentUrl\":\"https:\\\/\\\/www.visitamalfi.info\\\/wp-content\\\/uploads\\\/2023\\\/04\\\/visit-amalfi-logo-web.png\",\"width\":800,\"height\":870,\"caption\":\"Visit Amalfi\"},\"image\":{\"@id\":\"https:\\\/\\\/www.visitamalfi.info\\\/fr\\\/#\\\/schema\\\/logo\\\/image\\\/\"},\"sameAs\":[\"https:\\\/\\\/www.facebook.com\\\/visitamalfiofficial\",\"https:\\\/\\\/www.instagram.com\\\/visitamalfiofficial\\\/\"]}]}<\/script>\n<!-- \/ Yoast SEO plugin. -->","yoast_head_json":{"title":"Capodanno Bizantino - Visit Amalfi","robots":{"index":"index","follow":"follow","max-snippet":"max-snippet:-1","max-image-preview":"max-image-preview:large","max-video-preview":"max-video-preview:-1"},"canonical":"https:\/\/www.visitamalfi.info\/fr\/\u00e9v\u00e9nement\/capodanno-bizantino\/","og_locale":"fr_FR","og_type":"article","og_title":"Capodanno Bizantino - Visit Amalfi","og_description":"Le Nouvel An byzantin est l&#8217;\u00e9v\u00e9nement par lequel Amalfi retrouve chaque ann\u00e9e son atmosph\u00e8re m\u00e9di\u00e9vale. Comme il est de coutume avec ses pages, dames et chevaliers, qui ont pr\u00e9par\u00e9 le [&hellip;]","og_url":"https:\/\/www.visitamalfi.info\/fr\/\u00e9v\u00e9nement\/capodanno-bizantino\/","og_site_name":"Visit Amalfi","article_publisher":"https:\/\/www.facebook.com\/visitamalfiofficial","og_image":[{"width":2560,"height":1707,"url":"https:\/\/www.visitamalfi.info\/wp-content\/uploads\/2023\/06\/ANA7053-corteo-storico-regata-2022-amalfi-scaled.jpg","type":"image\/jpeg"}],"twitter_card":"summary_large_image","twitter_misc":{"Dur\u00e9e de lecture estim\u00e9e":"1 minute"},"schema":{"@context":"https:\/\/schema.org","@graph":[{"@type":"WebPage","@id":"https:\/\/www.visitamalfi.info\/fr\/\u00e9v\u00e9nement\/capodanno-bizantino\/","url":"https:\/\/www.visitamalfi.info\/fr\/\u00e9v\u00e9nement\/capodanno-bizantino\/","name":"Capodanno Bizantino - Visit Amalfi","isPartOf":{"@id":"https:\/\/www.visitamalfi.info\/fr\/#website"},"primaryImageOfPage":{"@id":"https:\/\/www.visitamalfi.info\/fr\/\u00e9v\u00e9nement\/capodanno-bizantino\/#primaryimage"},"image":{"@id":"https:\/\/www.visitamalfi.info\/fr\/\u00e9v\u00e9nement\/capodanno-bizantino\/#primaryimage"},"thumbnailUrl":"https:\/\/www.visitamalfi.info\/wp-content\/uploads\/2023\/06\/ANA7053-corteo-storico-regata-2022-amalfi-scaled.jpg","datePublished":"2023-06-07T16:50:48+00:00","breadcrumb":{"@id":"https:\/\/www.visitamalfi.info\/fr\/\u00e9v\u00e9nement\/capodanno-bizantino\/#breadcrumb"},"inLanguage":"fr-FR","potentialAction":[{"@type":"ReadAction","target":["https:\/\/www.visitamalfi.info\/fr\/\u00e9v\u00e9nement\/capodanno-bizantino\/"]}]},{"@type":"ImageObject","inLanguage":"fr-FR","@id":"https:\/\/www.visitamalfi.info\/fr\/\u00e9v\u00e9nement\/capodanno-bizantino\/#primaryimage","url":"https:\/\/www.visitamalfi.info\/wp-content\/uploads\/2023\/06\/ANA7053-corteo-storico-regata-2022-amalfi-scaled.jpg","contentUrl":"https:\/\/www.visitamalfi.info\/wp-content\/uploads\/2023\/06\/ANA7053-corteo-storico-regata-2022-amalfi-scaled.jpg","width":2560,"height":1707},{"@type":"BreadcrumbList","@id":"https:\/\/www.visitamalfi.info\/fr\/\u00e9v\u00e9nement\/capodanno-bizantino\/#breadcrumb","itemListElement":[{"@type":"ListItem","position":1,"name":"Home","item":"https:\/\/www.visitamalfi.info\/fr\/"},{"@type":"ListItem","position":2,"name":"\u00c9v\u00e8nements","item":"https:\/\/www.visitamalfi.info\/fr\/eventi\/"},{"@type":"ListItem","position":3,"name":"Capodanno Bizantino"}]},{"@type":"WebSite","@id":"https:\/\/www.visitamalfi.info\/fr\/#website","url":"https:\/\/www.visitamalfi.info\/fr\/","name":"Visit Amalfi","description":"Amalfi Destination Official Website","publisher":{"@id":"https:\/\/www.visitamalfi.info\/fr\/#organization"},"potentialAction":[{"@type":"SearchAction","target":{"@type":"EntryPoint","urlTemplate":"https:\/\/www.visitamalfi.info\/fr\/?s={search_term_string}"},"query-input":{"@type":"PropertyValueSpecification","valueRequired":true,"valueName":"search_term_string"}}],"inLanguage":"fr-FR"},{"@type":"Organization","@id":"https:\/\/www.visitamalfi.info\/fr\/#organization","name":"Visit Amalfi","url":"https:\/\/www.visitamalfi.info\/fr\/","logo":{"@type":"ImageObject","inLanguage":"fr-FR","@id":"https:\/\/www.visitamalfi.info\/fr\/#\/schema\/logo\/image\/","url":"https:\/\/www.visitamalfi.info\/wp-content\/uploads\/2023\/04\/visit-amalfi-logo-web.png","contentUrl":"https:\/\/www.visitamalfi.info\/wp-content\/uploads\/2023\/04\/visit-amalfi-logo-web.png","width":800,"height":870,"caption":"Visit Amalfi"},"image":{"@id":"https:\/\/www.visitamalfi.info\/fr\/#\/schema\/logo\/image\/"},"sameAs":["https:\/\/www.facebook.com\/visitamalfiofficial","https:\/\/www.instagram.com\/visitamalfiofficial\/"]}]}},"_links":{"self":[{"href":"https:\/\/www.visitamalfi.info\/fr\/wp-json\/wp\/v2\/tribe_events\/7861","targetHints":{"allow":["GET"]}}],"collection":[{"href":"https:\/\/www.visitamalfi.info\/fr\/wp-json\/wp\/v2\/tribe_events"}],"about":[{"href":"https:\/\/www.visitamalfi.info\/fr\/wp-json\/wp\/v2\/types\/tribe_events"}],"author":[{"embeddable":true,"href":"https:\/\/www.visitamalfi.info\/fr\/wp-json\/wp\/v2\/users\/7"}],"version-history":[{"count":0,"href":"https:\/\/www.visitamalfi.info\/fr\/wp-json\/wp\/v2\/tribe_events\/7861\/revisions"}],"wp:featuredmedia":[{"embeddable":true,"href":"https:\/\/www.visitamalfi.info\/fr\/wp-json\/wp\/v2\/media\/3911"}],"wp:attachment":[{"href":"https:\/\/www.visitamalfi.info\/fr\/wp-json\/wp\/v2\/media?parent=7861"}],"wp:term":[{"taxonomy":"post_tag","embeddable":true,"href":"https:\/\/www.visitamalfi.info\/fr\/wp-json\/wp\/v2\/tags?post=7861"},{"taxonomy":"tribe_events_cat","embeddable":true,"href":"https:\/\/www.visitamalfi.info\/fr\/wp-json\/wp\/v2\/tribe_events_cat?post=7861"}],"curies":[{"name":"wp","href":"https:\/\/api.w.org\/{rel}","templated":true}]}}