{"id":7834,"date":"2023-06-07T18:50:49","date_gmt":"2023-06-07T16:50:49","guid":{"rendered":"https:\/\/www.visitamalfi.info\/evento\/amalfi-in-jazz-daniela-tenerini-et-four-seasons-quintet\/"},"modified":"2023-06-07T18:50:49","modified_gmt":"2023-06-07T16:50:49","slug":"amalfi-in-jazz-daniela-tenerini-et-four-seasons-quintet","status":"publish","type":"tribe_events","link":"https:\/\/www.visitamalfi.info\/fr\/\u00e9v\u00e9nement\/amalfi-in-jazz-daniela-tenerini-et-four-seasons-quintet\/","title":{"rendered":"Amalfi in Jazz &#8211; Daniela Tenerini et Four Seasons Quintet"},"content":{"rendered":"<p>Les plus belles chansons italiennes et des r\u00e9interpr\u00e9tations de m\u00e9lodies contemporaines dans un style empreint de go\u00fbt et d&#8217;\u00e9l\u00e9gance. Un voyage musical \u00e0 travers les grands classiques de l&#8217;\u00e8re du swing. Une soir\u00e9e unique pour revivre les grands succ\u00e8s de la musique italienne. Le quintette se compose de <strong>Daniela Tenerini<\/strong>, dont la voix est accompagn\u00e9e par <strong>Roberto Cesaretti<\/strong> \u00e0 la basse, <strong>David Versiglioni<\/strong> au piano, <strong>Silvano Pero<\/strong> \u00e0 la batterie et <strong>Paolo Bartoni<\/strong> \u00e0 la trompette. Un m\u00e9lange de talents sous le ciel amalfitain.<\/p>\n","protected":false},"excerpt":{"rendered":"<p>Un voyage musical \u00e0 travers les grands classiques de l&#8217;\u00e8re du swing. Une soir\u00e9e unique pour revivre les grands succ\u00e8s de la musique italienne. <\/p>\n","protected":false},"author":7,"featured_media":4103,"template":"","meta":{"inline_featured_image":false,"_tribe_events_status":"","_tribe_events_status_reason":"","footnotes":""},"tags":[259,300,297,620,310,312,621,314,622],"tribe_events_cat":[318,317,623],"class_list":["post-7834","tribe_events","type-tribe_events","status-publish","has-post-thumbnail","hentry","tag-amalfi-fr","tag-amalficoastevent-fr","tag-amalfiinjazz-fr","tag-danielatenerini-fr","tag-musicinamalficoast-fr","tag-piazzaduomoamalfi-fr","tag-quintette-de-quatre-saisons","tag-summer2023-fr","tag-swingera-fr","tribe_events_cat-jazz-fr","tribe_events_cat-musica-dal-vivo-fr","tribe_events_cat-musique","cat_jazz-fr","cat_musica-dal-vivo-fr","cat_musique"],"yoast_head":"<!-- This site is optimized with the Yoast SEO plugin v27.3 - https:\/\/yoast.com\/product\/yoast-seo-wordpress\/ -->\n<title>Amalfi in Jazz - Daniela Tenerini et Four Seasons Quintet - Visit Amalfi<\/title>\n<meta name=\"robots\" content=\"index, follow, max-snippet:-1, max-image-preview:large, max-video-preview:-1\" \/>\n<link rel=\"canonical\" href=\"https:\/\/www.visitamalfi.info\/fr\/\u00e9v\u00e9nement\/amalfi-in-jazz-daniela-tenerini-et-four-seasons-quintet\/\" \/>\n<meta property=\"og:locale\" content=\"fr_FR\" \/>\n<meta property=\"og:type\" content=\"article\" \/>\n<meta property=\"og:title\" content=\"Amalfi in Jazz - Daniela Tenerini et Four Seasons Quintet - Visit Amalfi\" \/>\n<meta property=\"og:description\" content=\"Un voyage musical \u00e0 travers les grands classiques de l&#039;\u00e8re du swing. Une soir\u00e9e unique pour revivre les grands succ\u00e8s de la musique italienne.\" \/>\n<meta property=\"og:url\" content=\"https:\/\/www.visitamalfi.info\/fr\/\u00e9v\u00e9nement\/amalfi-in-jazz-daniela-tenerini-et-four-seasons-quintet\/\" \/>\n<meta property=\"og:site_name\" content=\"Visit Amalfi\" \/>\n<meta property=\"article:publisher\" content=\"https:\/\/www.facebook.com\/visitamalfiofficial\" \/>\n<meta property=\"og:image\" content=\"https:\/\/www.visitamalfi.info\/wp-content\/uploads\/2023\/06\/Amalfi-in-jazz-1.jpeg\" \/>\n\t<meta property=\"og:image:width\" content=\"1024\" \/>\n\t<meta property=\"og:image:height\" content=\"683\" \/>\n\t<meta property=\"og:image:type\" content=\"image\/jpeg\" \/>\n<meta name=\"twitter:card\" content=\"summary_large_image\" \/>\n<script type=\"application\/ld+json\" class=\"yoast-schema-graph\">{\"@context\":\"https:\\\/\\\/schema.org\",\"@graph\":[{\"@type\":\"WebPage\",\"@id\":\"https:\\\/\\\/www.visitamalfi.info\\\/fr\\\/\u00e9v\u00e9nement\\\/amalfi-in-jazz-daniela-tenerini-et-four-seasons-quintet\\\/\",\"url\":\"https:\\\/\\\/www.visitamalfi.info\\\/fr\\\/\u00e9v\u00e9nement\\\/amalfi-in-jazz-daniela-tenerini-et-four-seasons-quintet\\\/\",\"name\":\"Amalfi in Jazz - Daniela Tenerini et Four Seasons Quintet - Visit Amalfi\",\"isPartOf\":{\"@id\":\"https:\\\/\\\/www.visitamalfi.info\\\/fr\\\/#website\"},\"primaryImageOfPage\":{\"@id\":\"https:\\\/\\\/www.visitamalfi.info\\\/fr\\\/\u00e9v\u00e9nement\\\/amalfi-in-jazz-daniela-tenerini-et-four-seasons-quintet\\\/#primaryimage\"},\"image\":{\"@id\":\"https:\\\/\\\/www.visitamalfi.info\\\/fr\\\/\u00e9v\u00e9nement\\\/amalfi-in-jazz-daniela-tenerini-et-four-seasons-quintet\\\/#primaryimage\"},\"thumbnailUrl\":\"https:\\\/\\\/www.visitamalfi.info\\\/wp-content\\\/uploads\\\/2023\\\/06\\\/Amalfi-in-jazz-1.jpeg\",\"datePublished\":\"2023-06-07T16:50:49+00:00\",\"breadcrumb\":{\"@id\":\"https:\\\/\\\/www.visitamalfi.info\\\/fr\\\/\u00e9v\u00e9nement\\\/amalfi-in-jazz-daniela-tenerini-et-four-seasons-quintet\\\/#breadcrumb\"},\"inLanguage\":\"fr-FR\",\"potentialAction\":[{\"@type\":\"ReadAction\",\"target\":[\"https:\\\/\\\/www.visitamalfi.info\\\/fr\\\/\u00e9v\u00e9nement\\\/amalfi-in-jazz-daniela-tenerini-et-four-seasons-quintet\\\/\"]}]},{\"@type\":\"ImageObject\",\"inLanguage\":\"fr-FR\",\"@id\":\"https:\\\/\\\/www.visitamalfi.info\\\/fr\\\/\u00e9v\u00e9nement\\\/amalfi-in-jazz-daniela-tenerini-et-four-seasons-quintet\\\/#primaryimage\",\"url\":\"https:\\\/\\\/www.visitamalfi.info\\\/wp-content\\\/uploads\\\/2023\\\/06\\\/Amalfi-in-jazz-1.jpeg\",\"contentUrl\":\"https:\\\/\\\/www.visitamalfi.info\\\/wp-content\\\/uploads\\\/2023\\\/06\\\/Amalfi-in-jazz-1.jpeg\",\"width\":1024,\"height\":683},{\"@type\":\"BreadcrumbList\",\"@id\":\"https:\\\/\\\/www.visitamalfi.info\\\/fr\\\/\u00e9v\u00e9nement\\\/amalfi-in-jazz-daniela-tenerini-et-four-seasons-quintet\\\/#breadcrumb\",\"itemListElement\":[{\"@type\":\"ListItem\",\"position\":1,\"name\":\"Home\",\"item\":\"https:\\\/\\\/www.visitamalfi.info\\\/fr\\\/\"},{\"@type\":\"ListItem\",\"position\":2,\"name\":\"\u00c9v\u00e8nements\",\"item\":\"https:\\\/\\\/www.visitamalfi.info\\\/fr\\\/eventi\\\/\"},{\"@type\":\"ListItem\",\"position\":3,\"name\":\"Amalfi in Jazz &#8211; Daniela Tenerini et Four Seasons Quintet\"}]},{\"@type\":\"WebSite\",\"@id\":\"https:\\\/\\\/www.visitamalfi.info\\\/fr\\\/#website\",\"url\":\"https:\\\/\\\/www.visitamalfi.info\\\/fr\\\/\",\"name\":\"Visit Amalfi\",\"description\":\"Amalfi Destination Official Website\",\"publisher\":{\"@id\":\"https:\\\/\\\/www.visitamalfi.info\\\/fr\\\/#organization\"},\"potentialAction\":[{\"@type\":\"SearchAction\",\"target\":{\"@type\":\"EntryPoint\",\"urlTemplate\":\"https:\\\/\\\/www.visitamalfi.info\\\/fr\\\/?s={search_term_string}\"},\"query-input\":{\"@type\":\"PropertyValueSpecification\",\"valueRequired\":true,\"valueName\":\"search_term_string\"}}],\"inLanguage\":\"fr-FR\"},{\"@type\":\"Organization\",\"@id\":\"https:\\\/\\\/www.visitamalfi.info\\\/fr\\\/#organization\",\"name\":\"Visit Amalfi\",\"url\":\"https:\\\/\\\/www.visitamalfi.info\\\/fr\\\/\",\"logo\":{\"@type\":\"ImageObject\",\"inLanguage\":\"fr-FR\",\"@id\":\"https:\\\/\\\/www.visitamalfi.info\\\/fr\\\/#\\\/schema\\\/logo\\\/image\\\/\",\"url\":\"https:\\\/\\\/www.visitamalfi.info\\\/wp-content\\\/uploads\\\/2023\\\/04\\\/visit-amalfi-logo-web.png\",\"contentUrl\":\"https:\\\/\\\/www.visitamalfi.info\\\/wp-content\\\/uploads\\\/2023\\\/04\\\/visit-amalfi-logo-web.png\",\"width\":800,\"height\":870,\"caption\":\"Visit Amalfi\"},\"image\":{\"@id\":\"https:\\\/\\\/www.visitamalfi.info\\\/fr\\\/#\\\/schema\\\/logo\\\/image\\\/\"},\"sameAs\":[\"https:\\\/\\\/www.facebook.com\\\/visitamalfiofficial\",\"https:\\\/\\\/www.instagram.com\\\/visitamalfiofficial\\\/\"]}]}<\/script>\n<!-- \/ Yoast SEO plugin. -->","yoast_head_json":{"title":"Amalfi in Jazz - Daniela Tenerini et Four Seasons Quintet - Visit Amalfi","robots":{"index":"index","follow":"follow","max-snippet":"max-snippet:-1","max-image-preview":"max-image-preview:large","max-video-preview":"max-video-preview:-1"},"canonical":"https:\/\/www.visitamalfi.info\/fr\/\u00e9v\u00e9nement\/amalfi-in-jazz-daniela-tenerini-et-four-seasons-quintet\/","og_locale":"fr_FR","og_type":"article","og_title":"Amalfi in Jazz - Daniela Tenerini et Four Seasons Quintet - Visit Amalfi","og_description":"Un voyage musical \u00e0 travers les grands classiques de l'\u00e8re du swing. Une soir\u00e9e unique pour revivre les grands succ\u00e8s de la musique italienne.","og_url":"https:\/\/www.visitamalfi.info\/fr\/\u00e9v\u00e9nement\/amalfi-in-jazz-daniela-tenerini-et-four-seasons-quintet\/","og_site_name":"Visit Amalfi","article_publisher":"https:\/\/www.facebook.com\/visitamalfiofficial","og_image":[{"width":1024,"height":683,"url":"https:\/\/www.visitamalfi.info\/wp-content\/uploads\/2023\/06\/Amalfi-in-jazz-1.jpeg","type":"image\/jpeg"}],"twitter_card":"summary_large_image","schema":{"@context":"https:\/\/schema.org","@graph":[{"@type":"WebPage","@id":"https:\/\/www.visitamalfi.info\/fr\/\u00e9v\u00e9nement\/amalfi-in-jazz-daniela-tenerini-et-four-seasons-quintet\/","url":"https:\/\/www.visitamalfi.info\/fr\/\u00e9v\u00e9nement\/amalfi-in-jazz-daniela-tenerini-et-four-seasons-quintet\/","name":"Amalfi in Jazz - Daniela Tenerini et Four Seasons Quintet - Visit Amalfi","isPartOf":{"@id":"https:\/\/www.visitamalfi.info\/fr\/#website"},"primaryImageOfPage":{"@id":"https:\/\/www.visitamalfi.info\/fr\/\u00e9v\u00e9nement\/amalfi-in-jazz-daniela-tenerini-et-four-seasons-quintet\/#primaryimage"},"image":{"@id":"https:\/\/www.visitamalfi.info\/fr\/\u00e9v\u00e9nement\/amalfi-in-jazz-daniela-tenerini-et-four-seasons-quintet\/#primaryimage"},"thumbnailUrl":"https:\/\/www.visitamalfi.info\/wp-content\/uploads\/2023\/06\/Amalfi-in-jazz-1.jpeg","datePublished":"2023-06-07T16:50:49+00:00","breadcrumb":{"@id":"https:\/\/www.visitamalfi.info\/fr\/\u00e9v\u00e9nement\/amalfi-in-jazz-daniela-tenerini-et-four-seasons-quintet\/#breadcrumb"},"inLanguage":"fr-FR","potentialAction":[{"@type":"ReadAction","target":["https:\/\/www.visitamalfi.info\/fr\/\u00e9v\u00e9nement\/amalfi-in-jazz-daniela-tenerini-et-four-seasons-quintet\/"]}]},{"@type":"ImageObject","inLanguage":"fr-FR","@id":"https:\/\/www.visitamalfi.info\/fr\/\u00e9v\u00e9nement\/amalfi-in-jazz-daniela-tenerini-et-four-seasons-quintet\/#primaryimage","url":"https:\/\/www.visitamalfi.info\/wp-content\/uploads\/2023\/06\/Amalfi-in-jazz-1.jpeg","contentUrl":"https:\/\/www.visitamalfi.info\/wp-content\/uploads\/2023\/06\/Amalfi-in-jazz-1.jpeg","width":1024,"height":683},{"@type":"BreadcrumbList","@id":"https:\/\/www.visitamalfi.info\/fr\/\u00e9v\u00e9nement\/amalfi-in-jazz-daniela-tenerini-et-four-seasons-quintet\/#breadcrumb","itemListElement":[{"@type":"ListItem","position":1,"name":"Home","item":"https:\/\/www.visitamalfi.info\/fr\/"},{"@type":"ListItem","position":2,"name":"\u00c9v\u00e8nements","item":"https:\/\/www.visitamalfi.info\/fr\/eventi\/"},{"@type":"ListItem","position":3,"name":"Amalfi in Jazz &#8211; Daniela Tenerini et Four Seasons Quintet"}]},{"@type":"WebSite","@id":"https:\/\/www.visitamalfi.info\/fr\/#website","url":"https:\/\/www.visitamalfi.info\/fr\/","name":"Visit Amalfi","description":"Amalfi Destination Official Website","publisher":{"@id":"https:\/\/www.visitamalfi.info\/fr\/#organization"},"potentialAction":[{"@type":"SearchAction","target":{"@type":"EntryPoint","urlTemplate":"https:\/\/www.visitamalfi.info\/fr\/?s={search_term_string}"},"query-input":{"@type":"PropertyValueSpecification","valueRequired":true,"valueName":"search_term_string"}}],"inLanguage":"fr-FR"},{"@type":"Organization","@id":"https:\/\/www.visitamalfi.info\/fr\/#organization","name":"Visit Amalfi","url":"https:\/\/www.visitamalfi.info\/fr\/","logo":{"@type":"ImageObject","inLanguage":"fr-FR","@id":"https:\/\/www.visitamalfi.info\/fr\/#\/schema\/logo\/image\/","url":"https:\/\/www.visitamalfi.info\/wp-content\/uploads\/2023\/04\/visit-amalfi-logo-web.png","contentUrl":"https:\/\/www.visitamalfi.info\/wp-content\/uploads\/2023\/04\/visit-amalfi-logo-web.png","width":800,"height":870,"caption":"Visit Amalfi"},"image":{"@id":"https:\/\/www.visitamalfi.info\/fr\/#\/schema\/logo\/image\/"},"sameAs":["https:\/\/www.facebook.com\/visitamalfiofficial","https:\/\/www.instagram.com\/visitamalfiofficial\/"]}]}},"_links":{"self":[{"href":"https:\/\/www.visitamalfi.info\/fr\/wp-json\/wp\/v2\/tribe_events\/7834","targetHints":{"allow":["GET"]}}],"collection":[{"href":"https:\/\/www.visitamalfi.info\/fr\/wp-json\/wp\/v2\/tribe_events"}],"about":[{"href":"https:\/\/www.visitamalfi.info\/fr\/wp-json\/wp\/v2\/types\/tribe_events"}],"author":[{"embeddable":true,"href":"https:\/\/www.visitamalfi.info\/fr\/wp-json\/wp\/v2\/users\/7"}],"version-history":[{"count":0,"href":"https:\/\/www.visitamalfi.info\/fr\/wp-json\/wp\/v2\/tribe_events\/7834\/revisions"}],"wp:featuredmedia":[{"embeddable":true,"href":"https:\/\/www.visitamalfi.info\/fr\/wp-json\/wp\/v2\/media\/4103"}],"wp:attachment":[{"href":"https:\/\/www.visitamalfi.info\/fr\/wp-json\/wp\/v2\/media?parent=7834"}],"wp:term":[{"taxonomy":"post_tag","embeddable":true,"href":"https:\/\/www.visitamalfi.info\/fr\/wp-json\/wp\/v2\/tags?post=7834"},{"taxonomy":"tribe_events_cat","embeddable":true,"href":"https:\/\/www.visitamalfi.info\/fr\/wp-json\/wp\/v2\/tribe_events_cat?post=7834"}],"curies":[{"name":"wp","href":"https:\/\/api.w.org\/{rel}","templated":true}]}}