{"id":5788,"date":"2023-06-07T18:50:49","date_gmt":"2023-06-07T16:50:49","guid":{"rendered":"https:\/\/www.visitamalfi.info\/evento\/amalfi-in-jazz-kid-creole-and-frankie-canthina-band\/"},"modified":"2023-06-07T18:50:49","modified_gmt":"2023-06-07T16:50:49","slug":"amalfi-in-jazz-kid-creole-and-frankie-canthina-band","status":"publish","type":"tribe_events","link":"https:\/\/www.visitamalfi.info\/fr\/\u00e9v\u00e9nement\/amalfi-in-jazz-kid-creole-and-frankie-canthina-band\/","title":{"rendered":"Amalfi in Jazz-Kid Creole and Frankie &amp; Canthina Band"},"content":{"rendered":"<p><strong>Kid Creole &amp; The Coconuts<\/strong> un rendez-vous avec le groupe de musique am\u00e9ricain r\u00e9alis\u00e9 par <strong>August Darnell<\/strong>. Leur musique tr\u00e8s rythm\u00e9e incorpore une vari\u00e9t\u00e9 de styles, dont la salsa et les rythmes carib\u00e9ens avec des influences jazz. Le groupe <strong>Frankie &amp; Canthina Band<\/strong>, dont les succ\u00e8s ont marqu\u00e9 l&#8217;histoire des clubs et des places du monde entier, accompagnera le groupe pour une soir\u00e9e \u00e0 la saveur unique et inoubliable. Avec <strong>August Darnell<\/strong> et le ch\u0153ur de<strong> The Coconuts<\/strong>, <strong>Frankie Lo Vecchio<\/strong>, <strong>Fabio Sinigaglia<\/strong>, <strong>Massimo Id\u00e0<\/strong>, <strong>Marco Iannarilli<\/strong>, <strong>Marcello Surace<\/strong>, <strong>Giancarlo Ciminelli<\/strong>, <strong>Franco Marinacci<\/strong>.<\/p>\n","protected":false},"excerpt":{"rendered":"<p>Une soir\u00e9e unique et inoubliable caract\u00e9ris\u00e9e par une vari\u00e9t\u00e9 de styles, y compris la salsa et les rythmes des Cara\u00efbes avec des influences de jazz. <\/p>\n","protected":false},"author":7,"featured_media":4034,"template":"","meta":{"inline_featured_image":false,"_tribe_events_status":"","_tribe_events_status_reason":"","footnotes":""},"tags":[313,300,297,316,301,302,304,309,303,308,298,307,306,305,311,310,312,314,315,299],"tribe_events_cat":[318,317],"class_list":["post-5788","tribe_events","type-tribe_events","status-publish","has-post-thumbnail","hentry","tag-amalficity-fr","tag-amalficoastevent-fr","tag-amalfiinjazz-fr","tag-amalfinight-fr","tag-augustdarnell-fr","tag-canthinaband-fr","tag-fabiosinigaglia-fr","tag-francomarinacci-fr","tag-frankielovecchio-fr","tag-giancarlociminelli-fr","tag-kidcreole-fr","tag-marcellosurace-fr","tag-marcoiannarilli-fr","tag-massimoida-fr","tag-music-fr","tag-musicinamalficoast-fr","tag-piazzaduomoamalfi-fr","tag-summer2023-fr","tag-summernight-fr","tag-thecoconuts-fr","tribe_events_cat-jazz-fr","tribe_events_cat-musica-dal-vivo-fr","cat_jazz-fr","cat_musica-dal-vivo-fr"],"yoast_head":"<!-- This site is optimized with the Yoast SEO plugin v27.3 - https:\/\/yoast.com\/product\/yoast-seo-wordpress\/ -->\n<title>Amalfi in Jazz-Kid Creole and Frankie &amp; Canthina Band - Visit Amalfi<\/title>\n<meta name=\"robots\" content=\"index, follow, max-snippet:-1, max-image-preview:large, max-video-preview:-1\" \/>\n<link rel=\"canonical\" href=\"https:\/\/www.visitamalfi.info\/fr\/\u00e9v\u00e9nement\/amalfi-in-jazz-kid-creole-and-frankie-canthina-band\/\" \/>\n<meta property=\"og:locale\" content=\"fr_FR\" \/>\n<meta property=\"og:type\" content=\"article\" \/>\n<meta property=\"og:title\" content=\"Amalfi in Jazz-Kid Creole and Frankie &amp; Canthina Band - Visit Amalfi\" \/>\n<meta property=\"og:description\" content=\"Une soir\u00e9e unique et inoubliable caract\u00e9ris\u00e9e par une vari\u00e9t\u00e9 de styles, y compris la salsa et les rythmes des Cara\u00efbes avec des influences de jazz.\" \/>\n<meta property=\"og:url\" content=\"https:\/\/www.visitamalfi.info\/fr\/\u00e9v\u00e9nement\/amalfi-in-jazz-kid-creole-and-frankie-canthina-band\/\" \/>\n<meta property=\"og:site_name\" content=\"Visit Amalfi\" \/>\n<meta property=\"article:publisher\" content=\"https:\/\/www.facebook.com\/visitamalfiofficial\" \/>\n<meta property=\"og:image\" content=\"https:\/\/www.visitamalfi.info\/wp-content\/uploads\/2023\/06\/Amalfi-in-jazz.jpeg\" \/>\n\t<meta property=\"og:image:width\" content=\"1024\" \/>\n\t<meta property=\"og:image:height\" content=\"683\" \/>\n\t<meta property=\"og:image:type\" content=\"image\/jpeg\" \/>\n<meta name=\"twitter:card\" content=\"summary_large_image\" \/>\n<meta name=\"twitter:label1\" content=\"Dur\u00e9e de lecture estim\u00e9e\" \/>\n\t<meta name=\"twitter:data1\" content=\"1 minute\" \/>\n<script type=\"application\/ld+json\" class=\"yoast-schema-graph\">{\"@context\":\"https:\\\/\\\/schema.org\",\"@graph\":[{\"@type\":\"WebPage\",\"@id\":\"https:\\\/\\\/www.visitamalfi.info\\\/fr\\\/\u00e9v\u00e9nement\\\/amalfi-in-jazz-kid-creole-and-frankie-canthina-band\\\/\",\"url\":\"https:\\\/\\\/www.visitamalfi.info\\\/fr\\\/\u00e9v\u00e9nement\\\/amalfi-in-jazz-kid-creole-and-frankie-canthina-band\\\/\",\"name\":\"Amalfi in Jazz-Kid Creole and Frankie &amp; Canthina Band - Visit Amalfi\",\"isPartOf\":{\"@id\":\"https:\\\/\\\/www.visitamalfi.info\\\/fr\\\/#website\"},\"primaryImageOfPage\":{\"@id\":\"https:\\\/\\\/www.visitamalfi.info\\\/fr\\\/\u00e9v\u00e9nement\\\/amalfi-in-jazz-kid-creole-and-frankie-canthina-band\\\/#primaryimage\"},\"image\":{\"@id\":\"https:\\\/\\\/www.visitamalfi.info\\\/fr\\\/\u00e9v\u00e9nement\\\/amalfi-in-jazz-kid-creole-and-frankie-canthina-band\\\/#primaryimage\"},\"thumbnailUrl\":\"https:\\\/\\\/www.visitamalfi.info\\\/wp-content\\\/uploads\\\/2023\\\/06\\\/Amalfi-in-jazz.jpeg\",\"datePublished\":\"2023-06-07T16:50:49+00:00\",\"breadcrumb\":{\"@id\":\"https:\\\/\\\/www.visitamalfi.info\\\/fr\\\/\u00e9v\u00e9nement\\\/amalfi-in-jazz-kid-creole-and-frankie-canthina-band\\\/#breadcrumb\"},\"inLanguage\":\"fr-FR\",\"potentialAction\":[{\"@type\":\"ReadAction\",\"target\":[\"https:\\\/\\\/www.visitamalfi.info\\\/fr\\\/\u00e9v\u00e9nement\\\/amalfi-in-jazz-kid-creole-and-frankie-canthina-band\\\/\"]}]},{\"@type\":\"ImageObject\",\"inLanguage\":\"fr-FR\",\"@id\":\"https:\\\/\\\/www.visitamalfi.info\\\/fr\\\/\u00e9v\u00e9nement\\\/amalfi-in-jazz-kid-creole-and-frankie-canthina-band\\\/#primaryimage\",\"url\":\"https:\\\/\\\/www.visitamalfi.info\\\/wp-content\\\/uploads\\\/2023\\\/06\\\/Amalfi-in-jazz.jpeg\",\"contentUrl\":\"https:\\\/\\\/www.visitamalfi.info\\\/wp-content\\\/uploads\\\/2023\\\/06\\\/Amalfi-in-jazz.jpeg\",\"width\":1024,\"height\":683},{\"@type\":\"BreadcrumbList\",\"@id\":\"https:\\\/\\\/www.visitamalfi.info\\\/fr\\\/\u00e9v\u00e9nement\\\/amalfi-in-jazz-kid-creole-and-frankie-canthina-band\\\/#breadcrumb\",\"itemListElement\":[{\"@type\":\"ListItem\",\"position\":1,\"name\":\"Home\",\"item\":\"https:\\\/\\\/www.visitamalfi.info\\\/fr\\\/\"},{\"@type\":\"ListItem\",\"position\":2,\"name\":\"\u00c9v\u00e8nements\",\"item\":\"https:\\\/\\\/www.visitamalfi.info\\\/fr\\\/eventi\\\/\"},{\"@type\":\"ListItem\",\"position\":3,\"name\":\"Amalfi in Jazz-Kid Creole and Frankie &amp; Canthina Band\"}]},{\"@type\":\"WebSite\",\"@id\":\"https:\\\/\\\/www.visitamalfi.info\\\/fr\\\/#website\",\"url\":\"https:\\\/\\\/www.visitamalfi.info\\\/fr\\\/\",\"name\":\"Visit Amalfi\",\"description\":\"Amalfi Destination Official Website\",\"publisher\":{\"@id\":\"https:\\\/\\\/www.visitamalfi.info\\\/fr\\\/#organization\"},\"potentialAction\":[{\"@type\":\"SearchAction\",\"target\":{\"@type\":\"EntryPoint\",\"urlTemplate\":\"https:\\\/\\\/www.visitamalfi.info\\\/fr\\\/?s={search_term_string}\"},\"query-input\":{\"@type\":\"PropertyValueSpecification\",\"valueRequired\":true,\"valueName\":\"search_term_string\"}}],\"inLanguage\":\"fr-FR\"},{\"@type\":\"Organization\",\"@id\":\"https:\\\/\\\/www.visitamalfi.info\\\/fr\\\/#organization\",\"name\":\"Visit Amalfi\",\"url\":\"https:\\\/\\\/www.visitamalfi.info\\\/fr\\\/\",\"logo\":{\"@type\":\"ImageObject\",\"inLanguage\":\"fr-FR\",\"@id\":\"https:\\\/\\\/www.visitamalfi.info\\\/fr\\\/#\\\/schema\\\/logo\\\/image\\\/\",\"url\":\"https:\\\/\\\/www.visitamalfi.info\\\/wp-content\\\/uploads\\\/2023\\\/04\\\/visit-amalfi-logo-web.png\",\"contentUrl\":\"https:\\\/\\\/www.visitamalfi.info\\\/wp-content\\\/uploads\\\/2023\\\/04\\\/visit-amalfi-logo-web.png\",\"width\":800,\"height\":870,\"caption\":\"Visit Amalfi\"},\"image\":{\"@id\":\"https:\\\/\\\/www.visitamalfi.info\\\/fr\\\/#\\\/schema\\\/logo\\\/image\\\/\"},\"sameAs\":[\"https:\\\/\\\/www.facebook.com\\\/visitamalfiofficial\",\"https:\\\/\\\/www.instagram.com\\\/visitamalfiofficial\\\/\"]}]}<\/script>\n<!-- \/ Yoast SEO plugin. -->","yoast_head_json":{"title":"Amalfi in Jazz-Kid Creole and Frankie &amp; Canthina Band - Visit Amalfi","robots":{"index":"index","follow":"follow","max-snippet":"max-snippet:-1","max-image-preview":"max-image-preview:large","max-video-preview":"max-video-preview:-1"},"canonical":"https:\/\/www.visitamalfi.info\/fr\/\u00e9v\u00e9nement\/amalfi-in-jazz-kid-creole-and-frankie-canthina-band\/","og_locale":"fr_FR","og_type":"article","og_title":"Amalfi in Jazz-Kid Creole and Frankie &amp; Canthina Band - Visit Amalfi","og_description":"Une soir\u00e9e unique et inoubliable caract\u00e9ris\u00e9e par une vari\u00e9t\u00e9 de styles, y compris la salsa et les rythmes des Cara\u00efbes avec des influences de jazz.","og_url":"https:\/\/www.visitamalfi.info\/fr\/\u00e9v\u00e9nement\/amalfi-in-jazz-kid-creole-and-frankie-canthina-band\/","og_site_name":"Visit Amalfi","article_publisher":"https:\/\/www.facebook.com\/visitamalfiofficial","og_image":[{"width":1024,"height":683,"url":"https:\/\/www.visitamalfi.info\/wp-content\/uploads\/2023\/06\/Amalfi-in-jazz.jpeg","type":"image\/jpeg"}],"twitter_card":"summary_large_image","twitter_misc":{"Dur\u00e9e de lecture estim\u00e9e":"1 minute"},"schema":{"@context":"https:\/\/schema.org","@graph":[{"@type":"WebPage","@id":"https:\/\/www.visitamalfi.info\/fr\/\u00e9v\u00e9nement\/amalfi-in-jazz-kid-creole-and-frankie-canthina-band\/","url":"https:\/\/www.visitamalfi.info\/fr\/\u00e9v\u00e9nement\/amalfi-in-jazz-kid-creole-and-frankie-canthina-band\/","name":"Amalfi in Jazz-Kid Creole and Frankie &amp; Canthina Band - Visit Amalfi","isPartOf":{"@id":"https:\/\/www.visitamalfi.info\/fr\/#website"},"primaryImageOfPage":{"@id":"https:\/\/www.visitamalfi.info\/fr\/\u00e9v\u00e9nement\/amalfi-in-jazz-kid-creole-and-frankie-canthina-band\/#primaryimage"},"image":{"@id":"https:\/\/www.visitamalfi.info\/fr\/\u00e9v\u00e9nement\/amalfi-in-jazz-kid-creole-and-frankie-canthina-band\/#primaryimage"},"thumbnailUrl":"https:\/\/www.visitamalfi.info\/wp-content\/uploads\/2023\/06\/Amalfi-in-jazz.jpeg","datePublished":"2023-06-07T16:50:49+00:00","breadcrumb":{"@id":"https:\/\/www.visitamalfi.info\/fr\/\u00e9v\u00e9nement\/amalfi-in-jazz-kid-creole-and-frankie-canthina-band\/#breadcrumb"},"inLanguage":"fr-FR","potentialAction":[{"@type":"ReadAction","target":["https:\/\/www.visitamalfi.info\/fr\/\u00e9v\u00e9nement\/amalfi-in-jazz-kid-creole-and-frankie-canthina-band\/"]}]},{"@type":"ImageObject","inLanguage":"fr-FR","@id":"https:\/\/www.visitamalfi.info\/fr\/\u00e9v\u00e9nement\/amalfi-in-jazz-kid-creole-and-frankie-canthina-band\/#primaryimage","url":"https:\/\/www.visitamalfi.info\/wp-content\/uploads\/2023\/06\/Amalfi-in-jazz.jpeg","contentUrl":"https:\/\/www.visitamalfi.info\/wp-content\/uploads\/2023\/06\/Amalfi-in-jazz.jpeg","width":1024,"height":683},{"@type":"BreadcrumbList","@id":"https:\/\/www.visitamalfi.info\/fr\/\u00e9v\u00e9nement\/amalfi-in-jazz-kid-creole-and-frankie-canthina-band\/#breadcrumb","itemListElement":[{"@type":"ListItem","position":1,"name":"Home","item":"https:\/\/www.visitamalfi.info\/fr\/"},{"@type":"ListItem","position":2,"name":"\u00c9v\u00e8nements","item":"https:\/\/www.visitamalfi.info\/fr\/eventi\/"},{"@type":"ListItem","position":3,"name":"Amalfi in Jazz-Kid Creole and Frankie &amp; Canthina Band"}]},{"@type":"WebSite","@id":"https:\/\/www.visitamalfi.info\/fr\/#website","url":"https:\/\/www.visitamalfi.info\/fr\/","name":"Visit Amalfi","description":"Amalfi Destination Official Website","publisher":{"@id":"https:\/\/www.visitamalfi.info\/fr\/#organization"},"potentialAction":[{"@type":"SearchAction","target":{"@type":"EntryPoint","urlTemplate":"https:\/\/www.visitamalfi.info\/fr\/?s={search_term_string}"},"query-input":{"@type":"PropertyValueSpecification","valueRequired":true,"valueName":"search_term_string"}}],"inLanguage":"fr-FR"},{"@type":"Organization","@id":"https:\/\/www.visitamalfi.info\/fr\/#organization","name":"Visit Amalfi","url":"https:\/\/www.visitamalfi.info\/fr\/","logo":{"@type":"ImageObject","inLanguage":"fr-FR","@id":"https:\/\/www.visitamalfi.info\/fr\/#\/schema\/logo\/image\/","url":"https:\/\/www.visitamalfi.info\/wp-content\/uploads\/2023\/04\/visit-amalfi-logo-web.png","contentUrl":"https:\/\/www.visitamalfi.info\/wp-content\/uploads\/2023\/04\/visit-amalfi-logo-web.png","width":800,"height":870,"caption":"Visit Amalfi"},"image":{"@id":"https:\/\/www.visitamalfi.info\/fr\/#\/schema\/logo\/image\/"},"sameAs":["https:\/\/www.facebook.com\/visitamalfiofficial","https:\/\/www.instagram.com\/visitamalfiofficial\/"]}]}},"_links":{"self":[{"href":"https:\/\/www.visitamalfi.info\/fr\/wp-json\/wp\/v2\/tribe_events\/5788","targetHints":{"allow":["GET"]}}],"collection":[{"href":"https:\/\/www.visitamalfi.info\/fr\/wp-json\/wp\/v2\/tribe_events"}],"about":[{"href":"https:\/\/www.visitamalfi.info\/fr\/wp-json\/wp\/v2\/types\/tribe_events"}],"author":[{"embeddable":true,"href":"https:\/\/www.visitamalfi.info\/fr\/wp-json\/wp\/v2\/users\/7"}],"version-history":[{"count":0,"href":"https:\/\/www.visitamalfi.info\/fr\/wp-json\/wp\/v2\/tribe_events\/5788\/revisions"}],"wp:featuredmedia":[{"embeddable":true,"href":"https:\/\/www.visitamalfi.info\/fr\/wp-json\/wp\/v2\/media\/4034"}],"wp:attachment":[{"href":"https:\/\/www.visitamalfi.info\/fr\/wp-json\/wp\/v2\/media?parent=5788"}],"wp:term":[{"taxonomy":"post_tag","embeddable":true,"href":"https:\/\/www.visitamalfi.info\/fr\/wp-json\/wp\/v2\/tags?post=5788"},{"taxonomy":"tribe_events_cat","embeddable":true,"href":"https:\/\/www.visitamalfi.info\/fr\/wp-json\/wp\/v2\/tribe_events_cat?post=5788"}],"curies":[{"name":"wp","href":"https:\/\/api.w.org\/{rel}","templated":true}]}}