{"id":23487,"date":"2025-12-01T15:28:37","date_gmt":"2025-12-01T14:28:37","guid":{"rendered":"https:\/\/www.visitamalfi.info\/evento\/conference-detude-internationale-sur-laine-agrumes-epices-lamalfi-medievale-dans-le-contexte-des-espaces-economiques-mediterraneens\/"},"modified":"2025-12-01T15:28:37","modified_gmt":"2025-12-01T14:28:37","slug":"conference-detude-internationale-sur-laine-agrumes-epices-lamalfi-medievale-dans-le-contexte-des-espaces-economiques-mediterraneens","status":"publish","type":"tribe_events","link":"https:\/\/www.visitamalfi.info\/fr\/\u00e9v\u00e9nement\/conference-detude-internationale-sur-laine-agrumes-epices-lamalfi-medievale-dans-le-contexte-des-espaces-economiques-mediterraneens\/","title":{"rendered":"Conf\u00e9rence d&#8217;\u00e9tude internationale sur &#8220;Laine, agrumes, \u00e9pices : l&#8217;Amalfi m\u00e9di\u00e9vale dans le contexte des espaces \u00e9conomiques m\u00e9diterran\u00e9ens"},"content":{"rendered":"<div><\/div>\n<div>\n<p data-start=\"153\" data-end=\"518\">Un\u2019occasione preziosa per immergersi nella storia pi\u00f9 autentica di Amalfi.<br data-start=\"227\" data-end=\"230\">Le jeudi 11 d\u00e9cembre, dans le cadre \u00e9vocateur de la biblioth\u00e8que municipale, un merveilleux rendez-vous pour explorer un chapitre fascinant du pass\u00e9 de la ville : <em data-start=\"417\" data-end=\"515\">&#8220;Laine, agrumes, \u00e9pices : l&#8217;Amalfi m\u00e9di\u00e9vale dans le contexte des espaces \u00e9conomiques m\u00e9diterran\u00e9ens&#8221;.<\/em><\/p>\n<p data-start=\"520\" data-end=\"903\">Un voyage \u00e0 travers le commerce, le savoir et les anciennes routes qui ont fait d&#8217;Amalfi un carrefour vivant de la M\u00e9diterran\u00e9e.<br data-start=\"626\" data-end=\"629\">La conf\u00e9rence, organis\u00e9e par le Centro di Cultura e Storia Amalfitana, se d\u00e9roulera de 9 h \u00e0 13 h et de 15 h 30 \u00e0 18 h. Elle permettra aux citoyens, aux passionn\u00e9s et aux visiteurs de d\u00e9couvrir les racines \u00e9conomiques et culturelles qui ont fa\u00e7onn\u00e9 l&#8217;identit\u00e9 de la ville.<\/p>\n<p data-start=\"905\" data-end=\"1031\" data-is-last-node=\"\" data-is-only-node=\"\">Un rendez-vous \u00e0 ne pas manquer pour ceux qui souhaitent comprendre Amalfi au-del\u00e0 de sa beaut\u00e9, en entrant au c\u0153ur de son histoire.<\/p>\n<\/div>\n","protected":false},"excerpt":{"rendered":"<p>Un rendez-vous \u00e0 ne pas manquer pour ceux qui souhaitent comprendre Amalfi au-del\u00e0 de sa beaut\u00e9, en entrant au c\u0153ur de son histoire.<\/p>\n","protected":false},"author":7,"featured_media":21313,"template":"","meta":{"inline_featured_image":false,"_tribe_events_status":"","_tribe_events_status_reason":"","footnotes":""},"tags":[],"tribe_events_cat":[586],"class_list":["post-23487","tribe_events","type-tribe_events","status-publish","has-post-thumbnail","hentry","tribe_events_cat-conference","cat_conference"],"yoast_head":"<!-- This site is optimized with the Yoast SEO plugin v27.3 - https:\/\/yoast.com\/product\/yoast-seo-wordpress\/ -->\n<title>Conf\u00e9rence d&#039;\u00e9tude internationale sur &quot;Laine, agrumes, \u00e9pices : l&#039;Amalfi m\u00e9di\u00e9vale dans le contexte des espaces \u00e9conomiques m\u00e9diterran\u00e9ens - Visit Amalfi<\/title>\n<meta name=\"robots\" content=\"index, follow, max-snippet:-1, max-image-preview:large, max-video-preview:-1\" \/>\n<link rel=\"canonical\" href=\"https:\/\/www.visitamalfi.info\/fr\/\u00e9v\u00e9nement\/conference-detude-internationale-sur-laine-agrumes-epices-lamalfi-medievale-dans-le-contexte-des-espaces-economiques-mediterraneens\/\" \/>\n<meta property=\"og:locale\" content=\"fr_FR\" \/>\n<meta property=\"og:type\" content=\"article\" \/>\n<meta property=\"og:title\" content=\"Conf\u00e9rence d&#039;\u00e9tude internationale sur &quot;Laine, agrumes, \u00e9pices : l&#039;Amalfi m\u00e9di\u00e9vale dans le contexte des espaces \u00e9conomiques m\u00e9diterran\u00e9ens - Visit Amalfi\" \/>\n<meta property=\"og:description\" content=\"Un rendez-vous \u00e0 ne pas manquer pour ceux qui souhaitent comprendre Amalfi au-del\u00e0 de sa beaut\u00e9, en entrant au c\u0153ur de son histoire.\" \/>\n<meta property=\"og:url\" content=\"https:\/\/www.visitamalfi.info\/fr\/\u00e9v\u00e9nement\/conference-detude-internationale-sur-laine-agrumes-epices-lamalfi-medievale-dans-le-contexte-des-espaces-economiques-mediterraneens\/\" \/>\n<meta property=\"og:site_name\" content=\"Visit Amalfi\" \/>\n<meta property=\"article:publisher\" content=\"https:\/\/www.facebook.com\/visitamalfiofficial\" \/>\n<meta property=\"og:image\" content=\"https:\/\/www.visitamalfi.info\/wp-content\/uploads\/2025\/04\/WhatsApp-Image-2025-04-17-at-10.29.13-3.jpeg\" \/>\n\t<meta property=\"og:image:width\" content=\"1920\" \/>\n\t<meta property=\"og:image:height\" content=\"1280\" \/>\n\t<meta property=\"og:image:type\" content=\"image\/jpeg\" \/>\n<meta name=\"twitter:card\" content=\"summary_large_image\" \/>\n<meta name=\"twitter:label1\" content=\"Dur\u00e9e de lecture estim\u00e9e\" \/>\n\t<meta name=\"twitter:data1\" content=\"1 minute\" \/>\n<script type=\"application\/ld+json\" class=\"yoast-schema-graph\">{\"@context\":\"https:\\\/\\\/schema.org\",\"@graph\":[{\"@type\":\"WebPage\",\"@id\":\"https:\\\/\\\/www.visitamalfi.info\\\/fr\\\/\u00e9v\u00e9nement\\\/conference-detude-internationale-sur-laine-agrumes-epices-lamalfi-medievale-dans-le-contexte-des-espaces-economiques-mediterraneens\\\/\",\"url\":\"https:\\\/\\\/www.visitamalfi.info\\\/fr\\\/\u00e9v\u00e9nement\\\/conference-detude-internationale-sur-laine-agrumes-epices-lamalfi-medievale-dans-le-contexte-des-espaces-economiques-mediterraneens\\\/\",\"name\":\"Conf\u00e9rence d'\u00e9tude internationale sur \\\"Laine, agrumes, \u00e9pices : l'Amalfi m\u00e9di\u00e9vale dans le contexte des espaces \u00e9conomiques m\u00e9diterran\u00e9ens - Visit Amalfi\",\"isPartOf\":{\"@id\":\"https:\\\/\\\/www.visitamalfi.info\\\/fr\\\/#website\"},\"primaryImageOfPage\":{\"@id\":\"https:\\\/\\\/www.visitamalfi.info\\\/fr\\\/\u00e9v\u00e9nement\\\/conference-detude-internationale-sur-laine-agrumes-epices-lamalfi-medievale-dans-le-contexte-des-espaces-economiques-mediterraneens\\\/#primaryimage\"},\"image\":{\"@id\":\"https:\\\/\\\/www.visitamalfi.info\\\/fr\\\/\u00e9v\u00e9nement\\\/conference-detude-internationale-sur-laine-agrumes-epices-lamalfi-medievale-dans-le-contexte-des-espaces-economiques-mediterraneens\\\/#primaryimage\"},\"thumbnailUrl\":\"https:\\\/\\\/www.visitamalfi.info\\\/wp-content\\\/uploads\\\/2025\\\/04\\\/WhatsApp-Image-2025-04-17-at-10.29.13-3.jpeg\",\"datePublished\":\"2025-12-01T14:28:37+00:00\",\"breadcrumb\":{\"@id\":\"https:\\\/\\\/www.visitamalfi.info\\\/fr\\\/\u00e9v\u00e9nement\\\/conference-detude-internationale-sur-laine-agrumes-epices-lamalfi-medievale-dans-le-contexte-des-espaces-economiques-mediterraneens\\\/#breadcrumb\"},\"inLanguage\":\"fr-FR\",\"potentialAction\":[{\"@type\":\"ReadAction\",\"target\":[\"https:\\\/\\\/www.visitamalfi.info\\\/fr\\\/\u00e9v\u00e9nement\\\/conference-detude-internationale-sur-laine-agrumes-epices-lamalfi-medievale-dans-le-contexte-des-espaces-economiques-mediterraneens\\\/\"]}]},{\"@type\":\"ImageObject\",\"inLanguage\":\"fr-FR\",\"@id\":\"https:\\\/\\\/www.visitamalfi.info\\\/fr\\\/\u00e9v\u00e9nement\\\/conference-detude-internationale-sur-laine-agrumes-epices-lamalfi-medievale-dans-le-contexte-des-espaces-economiques-mediterraneens\\\/#primaryimage\",\"url\":\"https:\\\/\\\/www.visitamalfi.info\\\/wp-content\\\/uploads\\\/2025\\\/04\\\/WhatsApp-Image-2025-04-17-at-10.29.13-3.jpeg\",\"contentUrl\":\"https:\\\/\\\/www.visitamalfi.info\\\/wp-content\\\/uploads\\\/2025\\\/04\\\/WhatsApp-Image-2025-04-17-at-10.29.13-3.jpeg\",\"width\":1920,\"height\":1280,\"caption\":\"Amalfi Monumental Garden_Amalfi_Panoramic_view\"},{\"@type\":\"BreadcrumbList\",\"@id\":\"https:\\\/\\\/www.visitamalfi.info\\\/fr\\\/\u00e9v\u00e9nement\\\/conference-detude-internationale-sur-laine-agrumes-epices-lamalfi-medievale-dans-le-contexte-des-espaces-economiques-mediterraneens\\\/#breadcrumb\",\"itemListElement\":[{\"@type\":\"ListItem\",\"position\":1,\"name\":\"Home\",\"item\":\"https:\\\/\\\/www.visitamalfi.info\\\/fr\\\/\"},{\"@type\":\"ListItem\",\"position\":2,\"name\":\"\u00c9v\u00e8nements\",\"item\":\"https:\\\/\\\/www.visitamalfi.info\\\/fr\\\/eventi\\\/\"},{\"@type\":\"ListItem\",\"position\":3,\"name\":\"Conf\u00e9rence d&#8217;\u00e9tude internationale sur &#8220;Laine, agrumes, \u00e9pices : l&#8217;Amalfi m\u00e9di\u00e9vale dans le contexte des espaces \u00e9conomiques m\u00e9diterran\u00e9ens\"}]},{\"@type\":\"WebSite\",\"@id\":\"https:\\\/\\\/www.visitamalfi.info\\\/fr\\\/#website\",\"url\":\"https:\\\/\\\/www.visitamalfi.info\\\/fr\\\/\",\"name\":\"Visit Amalfi\",\"description\":\"Amalfi Destination Official Website\",\"publisher\":{\"@id\":\"https:\\\/\\\/www.visitamalfi.info\\\/fr\\\/#organization\"},\"potentialAction\":[{\"@type\":\"SearchAction\",\"target\":{\"@type\":\"EntryPoint\",\"urlTemplate\":\"https:\\\/\\\/www.visitamalfi.info\\\/fr\\\/?s={search_term_string}\"},\"query-input\":{\"@type\":\"PropertyValueSpecification\",\"valueRequired\":true,\"valueName\":\"search_term_string\"}}],\"inLanguage\":\"fr-FR\"},{\"@type\":\"Organization\",\"@id\":\"https:\\\/\\\/www.visitamalfi.info\\\/fr\\\/#organization\",\"name\":\"Visit Amalfi\",\"url\":\"https:\\\/\\\/www.visitamalfi.info\\\/fr\\\/\",\"logo\":{\"@type\":\"ImageObject\",\"inLanguage\":\"fr-FR\",\"@id\":\"https:\\\/\\\/www.visitamalfi.info\\\/fr\\\/#\\\/schema\\\/logo\\\/image\\\/\",\"url\":\"https:\\\/\\\/www.visitamalfi.info\\\/wp-content\\\/uploads\\\/2023\\\/04\\\/visit-amalfi-logo-web.png\",\"contentUrl\":\"https:\\\/\\\/www.visitamalfi.info\\\/wp-content\\\/uploads\\\/2023\\\/04\\\/visit-amalfi-logo-web.png\",\"width\":800,\"height\":870,\"caption\":\"Visit Amalfi\"},\"image\":{\"@id\":\"https:\\\/\\\/www.visitamalfi.info\\\/fr\\\/#\\\/schema\\\/logo\\\/image\\\/\"},\"sameAs\":[\"https:\\\/\\\/www.facebook.com\\\/visitamalfiofficial\",\"https:\\\/\\\/www.instagram.com\\\/visitamalfiofficial\\\/\"]}]}<\/script>\n<!-- \/ Yoast SEO plugin. -->","yoast_head_json":{"title":"Conf\u00e9rence d'\u00e9tude internationale sur \"Laine, agrumes, \u00e9pices : l'Amalfi m\u00e9di\u00e9vale dans le contexte des espaces \u00e9conomiques m\u00e9diterran\u00e9ens - Visit Amalfi","robots":{"index":"index","follow":"follow","max-snippet":"max-snippet:-1","max-image-preview":"max-image-preview:large","max-video-preview":"max-video-preview:-1"},"canonical":"https:\/\/www.visitamalfi.info\/fr\/\u00e9v\u00e9nement\/conference-detude-internationale-sur-laine-agrumes-epices-lamalfi-medievale-dans-le-contexte-des-espaces-economiques-mediterraneens\/","og_locale":"fr_FR","og_type":"article","og_title":"Conf\u00e9rence d'\u00e9tude internationale sur \"Laine, agrumes, \u00e9pices : l'Amalfi m\u00e9di\u00e9vale dans le contexte des espaces \u00e9conomiques m\u00e9diterran\u00e9ens - Visit Amalfi","og_description":"Un rendez-vous \u00e0 ne pas manquer pour ceux qui souhaitent comprendre Amalfi au-del\u00e0 de sa beaut\u00e9, en entrant au c\u0153ur de son histoire.","og_url":"https:\/\/www.visitamalfi.info\/fr\/\u00e9v\u00e9nement\/conference-detude-internationale-sur-laine-agrumes-epices-lamalfi-medievale-dans-le-contexte-des-espaces-economiques-mediterraneens\/","og_site_name":"Visit Amalfi","article_publisher":"https:\/\/www.facebook.com\/visitamalfiofficial","og_image":[{"width":1920,"height":1280,"url":"https:\/\/www.visitamalfi.info\/wp-content\/uploads\/2025\/04\/WhatsApp-Image-2025-04-17-at-10.29.13-3.jpeg","type":"image\/jpeg"}],"twitter_card":"summary_large_image","twitter_misc":{"Dur\u00e9e de lecture estim\u00e9e":"1 minute"},"schema":{"@context":"https:\/\/schema.org","@graph":[{"@type":"WebPage","@id":"https:\/\/www.visitamalfi.info\/fr\/\u00e9v\u00e9nement\/conference-detude-internationale-sur-laine-agrumes-epices-lamalfi-medievale-dans-le-contexte-des-espaces-economiques-mediterraneens\/","url":"https:\/\/www.visitamalfi.info\/fr\/\u00e9v\u00e9nement\/conference-detude-internationale-sur-laine-agrumes-epices-lamalfi-medievale-dans-le-contexte-des-espaces-economiques-mediterraneens\/","name":"Conf\u00e9rence d'\u00e9tude internationale sur \"Laine, agrumes, \u00e9pices : l'Amalfi m\u00e9di\u00e9vale dans le contexte des espaces \u00e9conomiques m\u00e9diterran\u00e9ens - Visit Amalfi","isPartOf":{"@id":"https:\/\/www.visitamalfi.info\/fr\/#website"},"primaryImageOfPage":{"@id":"https:\/\/www.visitamalfi.info\/fr\/\u00e9v\u00e9nement\/conference-detude-internationale-sur-laine-agrumes-epices-lamalfi-medievale-dans-le-contexte-des-espaces-economiques-mediterraneens\/#primaryimage"},"image":{"@id":"https:\/\/www.visitamalfi.info\/fr\/\u00e9v\u00e9nement\/conference-detude-internationale-sur-laine-agrumes-epices-lamalfi-medievale-dans-le-contexte-des-espaces-economiques-mediterraneens\/#primaryimage"},"thumbnailUrl":"https:\/\/www.visitamalfi.info\/wp-content\/uploads\/2025\/04\/WhatsApp-Image-2025-04-17-at-10.29.13-3.jpeg","datePublished":"2025-12-01T14:28:37+00:00","breadcrumb":{"@id":"https:\/\/www.visitamalfi.info\/fr\/\u00e9v\u00e9nement\/conference-detude-internationale-sur-laine-agrumes-epices-lamalfi-medievale-dans-le-contexte-des-espaces-economiques-mediterraneens\/#breadcrumb"},"inLanguage":"fr-FR","potentialAction":[{"@type":"ReadAction","target":["https:\/\/www.visitamalfi.info\/fr\/\u00e9v\u00e9nement\/conference-detude-internationale-sur-laine-agrumes-epices-lamalfi-medievale-dans-le-contexte-des-espaces-economiques-mediterraneens\/"]}]},{"@type":"ImageObject","inLanguage":"fr-FR","@id":"https:\/\/www.visitamalfi.info\/fr\/\u00e9v\u00e9nement\/conference-detude-internationale-sur-laine-agrumes-epices-lamalfi-medievale-dans-le-contexte-des-espaces-economiques-mediterraneens\/#primaryimage","url":"https:\/\/www.visitamalfi.info\/wp-content\/uploads\/2025\/04\/WhatsApp-Image-2025-04-17-at-10.29.13-3.jpeg","contentUrl":"https:\/\/www.visitamalfi.info\/wp-content\/uploads\/2025\/04\/WhatsApp-Image-2025-04-17-at-10.29.13-3.jpeg","width":1920,"height":1280,"caption":"Amalfi Monumental Garden_Amalfi_Panoramic_view"},{"@type":"BreadcrumbList","@id":"https:\/\/www.visitamalfi.info\/fr\/\u00e9v\u00e9nement\/conference-detude-internationale-sur-laine-agrumes-epices-lamalfi-medievale-dans-le-contexte-des-espaces-economiques-mediterraneens\/#breadcrumb","itemListElement":[{"@type":"ListItem","position":1,"name":"Home","item":"https:\/\/www.visitamalfi.info\/fr\/"},{"@type":"ListItem","position":2,"name":"\u00c9v\u00e8nements","item":"https:\/\/www.visitamalfi.info\/fr\/eventi\/"},{"@type":"ListItem","position":3,"name":"Conf\u00e9rence d&#8217;\u00e9tude internationale sur &#8220;Laine, agrumes, \u00e9pices : l&#8217;Amalfi m\u00e9di\u00e9vale dans le contexte des espaces \u00e9conomiques m\u00e9diterran\u00e9ens"}]},{"@type":"WebSite","@id":"https:\/\/www.visitamalfi.info\/fr\/#website","url":"https:\/\/www.visitamalfi.info\/fr\/","name":"Visit Amalfi","description":"Amalfi Destination Official Website","publisher":{"@id":"https:\/\/www.visitamalfi.info\/fr\/#organization"},"potentialAction":[{"@type":"SearchAction","target":{"@type":"EntryPoint","urlTemplate":"https:\/\/www.visitamalfi.info\/fr\/?s={search_term_string}"},"query-input":{"@type":"PropertyValueSpecification","valueRequired":true,"valueName":"search_term_string"}}],"inLanguage":"fr-FR"},{"@type":"Organization","@id":"https:\/\/www.visitamalfi.info\/fr\/#organization","name":"Visit Amalfi","url":"https:\/\/www.visitamalfi.info\/fr\/","logo":{"@type":"ImageObject","inLanguage":"fr-FR","@id":"https:\/\/www.visitamalfi.info\/fr\/#\/schema\/logo\/image\/","url":"https:\/\/www.visitamalfi.info\/wp-content\/uploads\/2023\/04\/visit-amalfi-logo-web.png","contentUrl":"https:\/\/www.visitamalfi.info\/wp-content\/uploads\/2023\/04\/visit-amalfi-logo-web.png","width":800,"height":870,"caption":"Visit Amalfi"},"image":{"@id":"https:\/\/www.visitamalfi.info\/fr\/#\/schema\/logo\/image\/"},"sameAs":["https:\/\/www.facebook.com\/visitamalfiofficial","https:\/\/www.instagram.com\/visitamalfiofficial\/"]}]}},"_links":{"self":[{"href":"https:\/\/www.visitamalfi.info\/fr\/wp-json\/wp\/v2\/tribe_events\/23487","targetHints":{"allow":["GET"]}}],"collection":[{"href":"https:\/\/www.visitamalfi.info\/fr\/wp-json\/wp\/v2\/tribe_events"}],"about":[{"href":"https:\/\/www.visitamalfi.info\/fr\/wp-json\/wp\/v2\/types\/tribe_events"}],"author":[{"embeddable":true,"href":"https:\/\/www.visitamalfi.info\/fr\/wp-json\/wp\/v2\/users\/7"}],"version-history":[{"count":0,"href":"https:\/\/www.visitamalfi.info\/fr\/wp-json\/wp\/v2\/tribe_events\/23487\/revisions"}],"wp:featuredmedia":[{"embeddable":true,"href":"https:\/\/www.visitamalfi.info\/fr\/wp-json\/wp\/v2\/media\/21313"}],"wp:attachment":[{"href":"https:\/\/www.visitamalfi.info\/fr\/wp-json\/wp\/v2\/media?parent=23487"}],"wp:term":[{"taxonomy":"post_tag","embeddable":true,"href":"https:\/\/www.visitamalfi.info\/fr\/wp-json\/wp\/v2\/tags?post=23487"},{"taxonomy":"tribe_events_cat","embeddable":true,"href":"https:\/\/www.visitamalfi.info\/fr\/wp-json\/wp\/v2\/tribe_events_cat?post=23487"}],"curies":[{"name":"wp","href":"https:\/\/api.w.org\/{rel}","templated":true}]}}