{"id":23469,"date":"2025-12-01T15:41:42","date_gmt":"2025-12-01T14:41:42","guid":{"rendered":"https:\/\/www.visitamalfi.info\/evento\/la-fabrique-de-noel-et-larrivee-du-pere-noel-arsenal-de-la-republique\/"},"modified":"2025-12-01T15:41:42","modified_gmt":"2025-12-01T14:41:42","slug":"la-fabrique-de-noel-et-larrivee-du-pere-noel-arsenal-de-la-republique","status":"publish","type":"tribe_events","link":"https:\/\/www.visitamalfi.info\/fr\/\u00e9v\u00e9nement\/la-fabrique-de-noel-et-larrivee-du-pere-noel-arsenal-de-la-republique\/","title":{"rendered":"La fabrique de No\u00ebl et l&#8217;arriv\u00e9e du P\u00e8re No\u00ebl | Arsenal de la R\u00e9publique"},"content":{"rendered":"<div>\n<div>\n<p>Un voyage magique qui transforme l&#8217;Antico Arsenale di Amalfi en un monde enchant\u00e9 o\u00f9 les l\u00e9gendes locales rencontrent les traditions de No\u00ebl. Petits et grands vivront des \u00e9motions uniques en rencontrant la vaillante \u00e9quipe de lutins du P\u00e8re No\u00ebl, du lutin astronome, qui les guidera dans le fonctionnement de la boussole, \u00e0 la M\u00e8re No\u00ebl, qui ouvrira les portes de sa cuisine pour faire cuire de d\u00e9licieux biscuits au citron. Les enfants pourront \u00e9galement assister \u00e0 l&#8217;\u00e9cole des guides du P\u00e8re No\u00ebl, suivre les routes des anciennes gal\u00e8res, se laisser surprendre par des mini-spectacles et la magie de l&#8217;Atelier des neiges. Une exp\u00e9rience unique qui vous invite \u00e0 red\u00e9couvrir la magie de No\u00ebl \u00e0 travers les yeux des enfants, au milieu de l&#8217;\u00e9merveillement, de la fantaisie et de l&#8217;histoire d&#8217;Amalfi.<\/p>\n<\/div>\n<div>\n<p>Organis\u00e9 par Spettacolando Eventi et Ma Dove Vivono i Cartoni<\/p>\n<p>Mais ce n&#8217;est pas tout&#8230;<\/p>\n<div>\n<div>\n<p><strong>24 d\u00e9cembre : Arriv\u00e9e du P\u00e8re No\u00ebl \u00e0 la Fabrique de No\u00ebl<\/strong><\/p>\n<\/div>\n<div>\n<p>Le P\u00e8re No\u00ebl arrive enfin \u00e0 Arsenal ! Les lutins de ces derniers jours sont partis, c&#8217;est donc \u00e0 votre tour d&#8217;aider notre P\u00e8re et notre M\u00e8re No\u00ebl \u00e0 pr\u00e9parer les derni\u00e8res friandises et les derniers cadeaux pour les gar\u00e7ons et les filles de la Plan\u00e8te. Mettez-vous au travail dans la boutique de jeux de No\u00ebl, ce n&#8217;est plus tr\u00e8s long !<\/p>\n<div>\n<div>\n<p><strong>h 10:00 &#8211; 13:00, Amalfi &#8211; Arsenale della Repubblica  <\/strong><\/p>\n<\/div>\n<\/div>\n<\/div>\n<div>\n<p>\u00c9dit\u00e9 par Spettacolando Eventi<\/p>\n<\/div>\n<\/div>\n<\/div>\n<\/div>\n","protected":false},"excerpt":{"rendered":"<p>Un voyage magique qui transforme l&#8217;Antico Arsenale di Amalfi en un monde enchant\u00e9 o\u00f9 les l\u00e9gendes locales rencontrent les traditions de No\u00ebl.<\/p>\n","protected":false},"author":7,"featured_media":23325,"template":"","meta":{"inline_featured_image":false,"_tribe_events_status":"","_tribe_events_status_reason":"","footnotes":""},"tags":[],"tribe_events_cat":[1228],"class_list":["post-23469","tribe_events","type-tribe_events","status-publish","has-post-thumbnail","hentry","tribe_events_cat-noel","cat_noel"],"yoast_head":"<!-- This site is optimized with the Yoast SEO plugin v27.3 - https:\/\/yoast.com\/product\/yoast-seo-wordpress\/ -->\n<title>La fabrique de No\u00ebl et l&#039;arriv\u00e9e du P\u00e8re No\u00ebl | Arsenal de la R\u00e9publique - Visit Amalfi<\/title>\n<meta name=\"robots\" content=\"index, follow, max-snippet:-1, max-image-preview:large, max-video-preview:-1\" \/>\n<link rel=\"canonical\" href=\"https:\/\/www.visitamalfi.info\/fr\/\u00e9v\u00e9nement\/la-fabrique-de-noel-et-larrivee-du-pere-noel-arsenal-de-la-republique\/\" \/>\n<meta property=\"og:locale\" content=\"fr_FR\" \/>\n<meta property=\"og:type\" content=\"article\" \/>\n<meta property=\"og:title\" content=\"La fabrique de No\u00ebl et l&#039;arriv\u00e9e du P\u00e8re No\u00ebl | Arsenal de la R\u00e9publique - Visit Amalfi\" \/>\n<meta property=\"og:description\" content=\"Un voyage magique qui transforme l&#039;Antico Arsenale di Amalfi en un monde enchant\u00e9 o\u00f9 les l\u00e9gendes locales rencontrent les traditions de No\u00ebl.\" \/>\n<meta property=\"og:url\" content=\"https:\/\/www.visitamalfi.info\/fr\/\u00e9v\u00e9nement\/la-fabrique-de-noel-et-larrivee-du-pere-noel-arsenal-de-la-republique\/\" \/>\n<meta property=\"og:site_name\" content=\"Visit Amalfi\" \/>\n<meta property=\"article:publisher\" content=\"https:\/\/www.facebook.com\/visitamalfiofficial\" \/>\n<meta property=\"og:image\" content=\"https:\/\/www.visitamalfi.info\/wp-content\/uploads\/2025\/12\/ANA_2779@emanueleanastasioph-amalfi-villaggio-natale-2023-e1764600011627.jpg\" \/>\n\t<meta property=\"og:image:width\" content=\"1280\" \/>\n\t<meta property=\"og:image:height\" content=\"1920\" \/>\n\t<meta property=\"og:image:type\" content=\"image\/jpeg\" \/>\n<meta name=\"twitter:card\" content=\"summary_large_image\" \/>\n<meta name=\"twitter:label1\" content=\"Dur\u00e9e de lecture estim\u00e9e\" \/>\n\t<meta name=\"twitter:data1\" content=\"1 minute\" \/>\n<script type=\"application\/ld+json\" class=\"yoast-schema-graph\">{\"@context\":\"https:\\\/\\\/schema.org\",\"@graph\":[{\"@type\":\"WebPage\",\"@id\":\"https:\\\/\\\/www.visitamalfi.info\\\/fr\\\/\u00e9v\u00e9nement\\\/la-fabrique-de-noel-et-larrivee-du-pere-noel-arsenal-de-la-republique\\\/\",\"url\":\"https:\\\/\\\/www.visitamalfi.info\\\/fr\\\/\u00e9v\u00e9nement\\\/la-fabrique-de-noel-et-larrivee-du-pere-noel-arsenal-de-la-republique\\\/\",\"name\":\"La fabrique de No\u00ebl et l'arriv\u00e9e du P\u00e8re No\u00ebl | Arsenal de la R\u00e9publique - Visit Amalfi\",\"isPartOf\":{\"@id\":\"https:\\\/\\\/www.visitamalfi.info\\\/fr\\\/#website\"},\"primaryImageOfPage\":{\"@id\":\"https:\\\/\\\/www.visitamalfi.info\\\/fr\\\/\u00e9v\u00e9nement\\\/la-fabrique-de-noel-et-larrivee-du-pere-noel-arsenal-de-la-republique\\\/#primaryimage\"},\"image\":{\"@id\":\"https:\\\/\\\/www.visitamalfi.info\\\/fr\\\/\u00e9v\u00e9nement\\\/la-fabrique-de-noel-et-larrivee-du-pere-noel-arsenal-de-la-republique\\\/#primaryimage\"},\"thumbnailUrl\":\"https:\\\/\\\/www.visitamalfi.info\\\/wp-content\\\/uploads\\\/2025\\\/12\\\/ANA_2779@emanueleanastasioph-amalfi-villaggio-natale-2023-e1764600011627.jpg\",\"datePublished\":\"2025-12-01T14:41:42+00:00\",\"breadcrumb\":{\"@id\":\"https:\\\/\\\/www.visitamalfi.info\\\/fr\\\/\u00e9v\u00e9nement\\\/la-fabrique-de-noel-et-larrivee-du-pere-noel-arsenal-de-la-republique\\\/#breadcrumb\"},\"inLanguage\":\"fr-FR\",\"potentialAction\":[{\"@type\":\"ReadAction\",\"target\":[\"https:\\\/\\\/www.visitamalfi.info\\\/fr\\\/\u00e9v\u00e9nement\\\/la-fabrique-de-noel-et-larrivee-du-pere-noel-arsenal-de-la-republique\\\/\"]}]},{\"@type\":\"ImageObject\",\"inLanguage\":\"fr-FR\",\"@id\":\"https:\\\/\\\/www.visitamalfi.info\\\/fr\\\/\u00e9v\u00e9nement\\\/la-fabrique-de-noel-et-larrivee-du-pere-noel-arsenal-de-la-republique\\\/#primaryimage\",\"url\":\"https:\\\/\\\/www.visitamalfi.info\\\/wp-content\\\/uploads\\\/2025\\\/12\\\/ANA_2779@emanueleanastasioph-amalfi-villaggio-natale-2023-e1764600011627.jpg\",\"contentUrl\":\"https:\\\/\\\/www.visitamalfi.info\\\/wp-content\\\/uploads\\\/2025\\\/12\\\/ANA_2779@emanueleanastasioph-amalfi-villaggio-natale-2023-e1764600011627.jpg\",\"width\":1280,\"height\":1920},{\"@type\":\"BreadcrumbList\",\"@id\":\"https:\\\/\\\/www.visitamalfi.info\\\/fr\\\/\u00e9v\u00e9nement\\\/la-fabrique-de-noel-et-larrivee-du-pere-noel-arsenal-de-la-republique\\\/#breadcrumb\",\"itemListElement\":[{\"@type\":\"ListItem\",\"position\":1,\"name\":\"Home\",\"item\":\"https:\\\/\\\/www.visitamalfi.info\\\/fr\\\/\"},{\"@type\":\"ListItem\",\"position\":2,\"name\":\"\u00c9v\u00e8nements\",\"item\":\"https:\\\/\\\/www.visitamalfi.info\\\/fr\\\/eventi\\\/\"},{\"@type\":\"ListItem\",\"position\":3,\"name\":\"La fabrique de No\u00ebl et l&#8217;arriv\u00e9e du P\u00e8re No\u00ebl | Arsenal de la R\u00e9publique\"}]},{\"@type\":\"WebSite\",\"@id\":\"https:\\\/\\\/www.visitamalfi.info\\\/fr\\\/#website\",\"url\":\"https:\\\/\\\/www.visitamalfi.info\\\/fr\\\/\",\"name\":\"Visit Amalfi\",\"description\":\"Amalfi Destination Official Website\",\"publisher\":{\"@id\":\"https:\\\/\\\/www.visitamalfi.info\\\/fr\\\/#organization\"},\"potentialAction\":[{\"@type\":\"SearchAction\",\"target\":{\"@type\":\"EntryPoint\",\"urlTemplate\":\"https:\\\/\\\/www.visitamalfi.info\\\/fr\\\/?s={search_term_string}\"},\"query-input\":{\"@type\":\"PropertyValueSpecification\",\"valueRequired\":true,\"valueName\":\"search_term_string\"}}],\"inLanguage\":\"fr-FR\"},{\"@type\":\"Organization\",\"@id\":\"https:\\\/\\\/www.visitamalfi.info\\\/fr\\\/#organization\",\"name\":\"Visit Amalfi\",\"url\":\"https:\\\/\\\/www.visitamalfi.info\\\/fr\\\/\",\"logo\":{\"@type\":\"ImageObject\",\"inLanguage\":\"fr-FR\",\"@id\":\"https:\\\/\\\/www.visitamalfi.info\\\/fr\\\/#\\\/schema\\\/logo\\\/image\\\/\",\"url\":\"https:\\\/\\\/www.visitamalfi.info\\\/wp-content\\\/uploads\\\/2023\\\/04\\\/visit-amalfi-logo-web.png\",\"contentUrl\":\"https:\\\/\\\/www.visitamalfi.info\\\/wp-content\\\/uploads\\\/2023\\\/04\\\/visit-amalfi-logo-web.png\",\"width\":800,\"height\":870,\"caption\":\"Visit Amalfi\"},\"image\":{\"@id\":\"https:\\\/\\\/www.visitamalfi.info\\\/fr\\\/#\\\/schema\\\/logo\\\/image\\\/\"},\"sameAs\":[\"https:\\\/\\\/www.facebook.com\\\/visitamalfiofficial\",\"https:\\\/\\\/www.instagram.com\\\/visitamalfiofficial\\\/\"]}]}<\/script>\n<!-- \/ Yoast SEO plugin. -->","yoast_head_json":{"title":"La fabrique de No\u00ebl et l'arriv\u00e9e du P\u00e8re No\u00ebl | Arsenal de la R\u00e9publique - Visit Amalfi","robots":{"index":"index","follow":"follow","max-snippet":"max-snippet:-1","max-image-preview":"max-image-preview:large","max-video-preview":"max-video-preview:-1"},"canonical":"https:\/\/www.visitamalfi.info\/fr\/\u00e9v\u00e9nement\/la-fabrique-de-noel-et-larrivee-du-pere-noel-arsenal-de-la-republique\/","og_locale":"fr_FR","og_type":"article","og_title":"La fabrique de No\u00ebl et l'arriv\u00e9e du P\u00e8re No\u00ebl | Arsenal de la R\u00e9publique - Visit Amalfi","og_description":"Un voyage magique qui transforme l'Antico Arsenale di Amalfi en un monde enchant\u00e9 o\u00f9 les l\u00e9gendes locales rencontrent les traditions de No\u00ebl.","og_url":"https:\/\/www.visitamalfi.info\/fr\/\u00e9v\u00e9nement\/la-fabrique-de-noel-et-larrivee-du-pere-noel-arsenal-de-la-republique\/","og_site_name":"Visit Amalfi","article_publisher":"https:\/\/www.facebook.com\/visitamalfiofficial","og_image":[{"width":1280,"height":1920,"url":"https:\/\/www.visitamalfi.info\/wp-content\/uploads\/2025\/12\/ANA_2779@emanueleanastasioph-amalfi-villaggio-natale-2023-e1764600011627.jpg","type":"image\/jpeg"}],"twitter_card":"summary_large_image","twitter_misc":{"Dur\u00e9e de lecture estim\u00e9e":"1 minute"},"schema":{"@context":"https:\/\/schema.org","@graph":[{"@type":"WebPage","@id":"https:\/\/www.visitamalfi.info\/fr\/\u00e9v\u00e9nement\/la-fabrique-de-noel-et-larrivee-du-pere-noel-arsenal-de-la-republique\/","url":"https:\/\/www.visitamalfi.info\/fr\/\u00e9v\u00e9nement\/la-fabrique-de-noel-et-larrivee-du-pere-noel-arsenal-de-la-republique\/","name":"La fabrique de No\u00ebl et l'arriv\u00e9e du P\u00e8re No\u00ebl | Arsenal de la R\u00e9publique - Visit Amalfi","isPartOf":{"@id":"https:\/\/www.visitamalfi.info\/fr\/#website"},"primaryImageOfPage":{"@id":"https:\/\/www.visitamalfi.info\/fr\/\u00e9v\u00e9nement\/la-fabrique-de-noel-et-larrivee-du-pere-noel-arsenal-de-la-republique\/#primaryimage"},"image":{"@id":"https:\/\/www.visitamalfi.info\/fr\/\u00e9v\u00e9nement\/la-fabrique-de-noel-et-larrivee-du-pere-noel-arsenal-de-la-republique\/#primaryimage"},"thumbnailUrl":"https:\/\/www.visitamalfi.info\/wp-content\/uploads\/2025\/12\/ANA_2779@emanueleanastasioph-amalfi-villaggio-natale-2023-e1764600011627.jpg","datePublished":"2025-12-01T14:41:42+00:00","breadcrumb":{"@id":"https:\/\/www.visitamalfi.info\/fr\/\u00e9v\u00e9nement\/la-fabrique-de-noel-et-larrivee-du-pere-noel-arsenal-de-la-republique\/#breadcrumb"},"inLanguage":"fr-FR","potentialAction":[{"@type":"ReadAction","target":["https:\/\/www.visitamalfi.info\/fr\/\u00e9v\u00e9nement\/la-fabrique-de-noel-et-larrivee-du-pere-noel-arsenal-de-la-republique\/"]}]},{"@type":"ImageObject","inLanguage":"fr-FR","@id":"https:\/\/www.visitamalfi.info\/fr\/\u00e9v\u00e9nement\/la-fabrique-de-noel-et-larrivee-du-pere-noel-arsenal-de-la-republique\/#primaryimage","url":"https:\/\/www.visitamalfi.info\/wp-content\/uploads\/2025\/12\/ANA_2779@emanueleanastasioph-amalfi-villaggio-natale-2023-e1764600011627.jpg","contentUrl":"https:\/\/www.visitamalfi.info\/wp-content\/uploads\/2025\/12\/ANA_2779@emanueleanastasioph-amalfi-villaggio-natale-2023-e1764600011627.jpg","width":1280,"height":1920},{"@type":"BreadcrumbList","@id":"https:\/\/www.visitamalfi.info\/fr\/\u00e9v\u00e9nement\/la-fabrique-de-noel-et-larrivee-du-pere-noel-arsenal-de-la-republique\/#breadcrumb","itemListElement":[{"@type":"ListItem","position":1,"name":"Home","item":"https:\/\/www.visitamalfi.info\/fr\/"},{"@type":"ListItem","position":2,"name":"\u00c9v\u00e8nements","item":"https:\/\/www.visitamalfi.info\/fr\/eventi\/"},{"@type":"ListItem","position":3,"name":"La fabrique de No\u00ebl et l&#8217;arriv\u00e9e du P\u00e8re No\u00ebl | Arsenal de la R\u00e9publique"}]},{"@type":"WebSite","@id":"https:\/\/www.visitamalfi.info\/fr\/#website","url":"https:\/\/www.visitamalfi.info\/fr\/","name":"Visit Amalfi","description":"Amalfi Destination Official Website","publisher":{"@id":"https:\/\/www.visitamalfi.info\/fr\/#organization"},"potentialAction":[{"@type":"SearchAction","target":{"@type":"EntryPoint","urlTemplate":"https:\/\/www.visitamalfi.info\/fr\/?s={search_term_string}"},"query-input":{"@type":"PropertyValueSpecification","valueRequired":true,"valueName":"search_term_string"}}],"inLanguage":"fr-FR"},{"@type":"Organization","@id":"https:\/\/www.visitamalfi.info\/fr\/#organization","name":"Visit Amalfi","url":"https:\/\/www.visitamalfi.info\/fr\/","logo":{"@type":"ImageObject","inLanguage":"fr-FR","@id":"https:\/\/www.visitamalfi.info\/fr\/#\/schema\/logo\/image\/","url":"https:\/\/www.visitamalfi.info\/wp-content\/uploads\/2023\/04\/visit-amalfi-logo-web.png","contentUrl":"https:\/\/www.visitamalfi.info\/wp-content\/uploads\/2023\/04\/visit-amalfi-logo-web.png","width":800,"height":870,"caption":"Visit Amalfi"},"image":{"@id":"https:\/\/www.visitamalfi.info\/fr\/#\/schema\/logo\/image\/"},"sameAs":["https:\/\/www.facebook.com\/visitamalfiofficial","https:\/\/www.instagram.com\/visitamalfiofficial\/"]}]}},"_links":{"self":[{"href":"https:\/\/www.visitamalfi.info\/fr\/wp-json\/wp\/v2\/tribe_events\/23469","targetHints":{"allow":["GET"]}}],"collection":[{"href":"https:\/\/www.visitamalfi.info\/fr\/wp-json\/wp\/v2\/tribe_events"}],"about":[{"href":"https:\/\/www.visitamalfi.info\/fr\/wp-json\/wp\/v2\/types\/tribe_events"}],"author":[{"embeddable":true,"href":"https:\/\/www.visitamalfi.info\/fr\/wp-json\/wp\/v2\/users\/7"}],"version-history":[{"count":0,"href":"https:\/\/www.visitamalfi.info\/fr\/wp-json\/wp\/v2\/tribe_events\/23469\/revisions"}],"wp:featuredmedia":[{"embeddable":true,"href":"https:\/\/www.visitamalfi.info\/fr\/wp-json\/wp\/v2\/media\/23325"}],"wp:attachment":[{"href":"https:\/\/www.visitamalfi.info\/fr\/wp-json\/wp\/v2\/media?parent=23469"}],"wp:term":[{"taxonomy":"post_tag","embeddable":true,"href":"https:\/\/www.visitamalfi.info\/fr\/wp-json\/wp\/v2\/tags?post=23469"},{"taxonomy":"tribe_events_cat","embeddable":true,"href":"https:\/\/www.visitamalfi.info\/fr\/wp-json\/wp\/v2\/tribe_events_cat?post=23469"}],"curies":[{"name":"wp","href":"https:\/\/api.w.org\/{rel}","templated":true}]}}