{"id":23463,"date":"2025-12-01T16:04:58","date_gmt":"2025-12-01T15:04:58","guid":{"rendered":"https:\/\/www.visitamalfi.info\/evento\/capodanno-folk-amalfitano-defile-et-spectacle-du-groupe-gli-amici-di-masaniello\/"},"modified":"2025-12-01T16:04:58","modified_gmt":"2025-12-01T15:04:58","slug":"capodanno-folk-amalfitano-defile-et-spectacle-du-groupe-gli-amici-di-masaniello","status":"publish","type":"tribe_events","link":"https:\/\/www.visitamalfi.info\/fr\/\u00e9v\u00e9nement\/capodanno-folk-amalfitano-defile-et-spectacle-du-groupe-gli-amici-di-masaniello\/","title":{"rendered":"Capodanno Folk Amalfitano &#8211; D\u00e9fil\u00e9 et spectacle du groupe Gli Amici di Masaniello"},"content":{"rendered":"<p data-start=\"88\" data-end=\"335\">Le dimanche 28 d\u00e9cembre, Amalfi s&#8217;impr\u00e8gne du rythme et de l&#8217;\u00e9nergie de la tradition.<br data-start=\"170\" data-end=\"173\">Au d\u00e9part de la Valle dei Mulini, le <strong data-start=\"222\" data-end=\"251\">r\u00e9veillon Folk Amalfitana<\/strong> prend vie, un \u00e9v\u00e9nement qui allie la musique, les couleurs et la joie simple de nos racines.<\/p>\n<p data-start=\"337\" data-end=\"567\">\u00c0 <strong data-start=\"342\" data-end=\"351\">15h30<\/strong>, le groupe <strong data-start=\"362\" data-end=\"389\">Gli Amici di Masaniello<\/strong> ouvre l&#8217;apr\u00e8s-midi avec un d\u00e9fil\u00e9 dans le centre historique jusqu&#8217;\u00e0 la <strong data-start=\"465\" data-end=\"489\">Piazza della Bussola<\/strong>, o\u00f9 leur spectacle apporte toute la chaleur de la culture populaire.<\/p>\n<p data-start=\"569\" data-end=\"776\">Ensuite, \u00e0 <strong data-start=\"585\" data-end=\"594\">16h30<\/strong>, c&#8217;est au tour du <strong data-start=\"611\" data-end=\"631\">Gruppo Folk Lone<\/strong>, qui partira \u00e0 nouveau de la Vall\u00e9e des Moulins pour animer les rues de la ville et donner une nouvelle repr\u00e9sentation captivante sur la Piazza della Bussola.<\/p>\n<p data-start=\"778\" data-end=\"950\" data-is-last-node=\"\" data-is-only-node=\"\">Un apr\u00e8s-midi qui sent la f\u00eate, la tradition et la communaut\u00e9 : c&#8217;est ainsi qu&#8217;Amalfi fait la f\u00eate, avec le sourire et le rythme joyeux de son histoire la plus authentique.<\/p>\n","protected":false},"excerpt":{"rendered":"<p>Le dimanche 28 d\u00e9cembre, Amalfi s&#8217;impr\u00e8gne du rythme et de l&#8217;\u00e9nergie de la tradition.Au d\u00e9part de la Valle dei Mulini, le r\u00e9veillon Folk Amalfitana prend vie, un \u00e9v\u00e9nement qui allie [&hellip;]<\/p>\n","protected":false},"author":7,"featured_media":21547,"template":"","meta":{"inline_featured_image":false,"_tribe_events_status":"","_tribe_events_status_reason":"","footnotes":""},"tags":[],"tribe_events_cat":[397],"class_list":["post-23463","tribe_events","type-tribe_events","status-publish","has-post-thumbnail","hentry","tribe_events_cat-tradizione-fr","cat_tradizione-fr"],"yoast_head":"<!-- This site is optimized with the Yoast SEO plugin v27.3 - https:\/\/yoast.com\/product\/yoast-seo-wordpress\/ -->\n<title>Capodanno Folk Amalfitano - D\u00e9fil\u00e9 et spectacle du groupe Gli Amici di Masaniello - Visit Amalfi<\/title>\n<meta name=\"robots\" content=\"index, follow, max-snippet:-1, max-image-preview:large, max-video-preview:-1\" \/>\n<link rel=\"canonical\" href=\"https:\/\/www.visitamalfi.info\/fr\/\u00e9v\u00e9nement\/capodanno-folk-amalfitano-defile-et-spectacle-du-groupe-gli-amici-di-masaniello\/\" \/>\n<meta property=\"og:locale\" content=\"fr_FR\" \/>\n<meta property=\"og:type\" content=\"article\" \/>\n<meta property=\"og:title\" content=\"Capodanno Folk Amalfitano - D\u00e9fil\u00e9 et spectacle du groupe Gli Amici di Masaniello - Visit Amalfi\" \/>\n<meta property=\"og:description\" content=\"Le dimanche 28 d\u00e9cembre, Amalfi s&#8217;impr\u00e8gne du rythme et de l&#8217;\u00e9nergie de la tradition.Au d\u00e9part de la Valle dei Mulini, le r\u00e9veillon Folk Amalfitana prend vie, un \u00e9v\u00e9nement qui allie [&hellip;]\" \/>\n<meta property=\"og:url\" content=\"https:\/\/www.visitamalfi.info\/fr\/\u00e9v\u00e9nement\/capodanno-folk-amalfitano-defile-et-spectacle-du-groupe-gli-amici-di-masaniello\/\" \/>\n<meta property=\"og:site_name\" content=\"Visit Amalfi\" \/>\n<meta property=\"article:publisher\" content=\"https:\/\/www.facebook.com\/visitamalfiofficial\" \/>\n<meta property=\"og:image\" content=\"https:\/\/www.visitamalfi.info\/wp-content\/uploads\/2025\/05\/vaso-amalfi.jpeg\" \/>\n\t<meta property=\"og:image:width\" content=\"1066\" \/>\n\t<meta property=\"og:image:height\" content=\"1600\" \/>\n\t<meta property=\"og:image:type\" content=\"image\/jpeg\" \/>\n<meta name=\"twitter:card\" content=\"summary_large_image\" \/>\n<meta name=\"twitter:label1\" content=\"Dur\u00e9e de lecture estim\u00e9e\" \/>\n\t<meta name=\"twitter:data1\" content=\"1 minute\" \/>\n<script type=\"application\/ld+json\" class=\"yoast-schema-graph\">{\"@context\":\"https:\\\/\\\/schema.org\",\"@graph\":[{\"@type\":\"WebPage\",\"@id\":\"https:\\\/\\\/www.visitamalfi.info\\\/fr\\\/\u00e9v\u00e9nement\\\/capodanno-folk-amalfitano-defile-et-spectacle-du-groupe-gli-amici-di-masaniello\\\/\",\"url\":\"https:\\\/\\\/www.visitamalfi.info\\\/fr\\\/\u00e9v\u00e9nement\\\/capodanno-folk-amalfitano-defile-et-spectacle-du-groupe-gli-amici-di-masaniello\\\/\",\"name\":\"Capodanno Folk Amalfitano - D\u00e9fil\u00e9 et spectacle du groupe Gli Amici di Masaniello - Visit Amalfi\",\"isPartOf\":{\"@id\":\"https:\\\/\\\/www.visitamalfi.info\\\/fr\\\/#website\"},\"primaryImageOfPage\":{\"@id\":\"https:\\\/\\\/www.visitamalfi.info\\\/fr\\\/\u00e9v\u00e9nement\\\/capodanno-folk-amalfitano-defile-et-spectacle-du-groupe-gli-amici-di-masaniello\\\/#primaryimage\"},\"image\":{\"@id\":\"https:\\\/\\\/www.visitamalfi.info\\\/fr\\\/\u00e9v\u00e9nement\\\/capodanno-folk-amalfitano-defile-et-spectacle-du-groupe-gli-amici-di-masaniello\\\/#primaryimage\"},\"thumbnailUrl\":\"https:\\\/\\\/www.visitamalfi.info\\\/wp-content\\\/uploads\\\/2025\\\/05\\\/vaso-amalfi.jpeg\",\"datePublished\":\"2025-12-01T15:04:58+00:00\",\"breadcrumb\":{\"@id\":\"https:\\\/\\\/www.visitamalfi.info\\\/fr\\\/\u00e9v\u00e9nement\\\/capodanno-folk-amalfitano-defile-et-spectacle-du-groupe-gli-amici-di-masaniello\\\/#breadcrumb\"},\"inLanguage\":\"fr-FR\",\"potentialAction\":[{\"@type\":\"ReadAction\",\"target\":[\"https:\\\/\\\/www.visitamalfi.info\\\/fr\\\/\u00e9v\u00e9nement\\\/capodanno-folk-amalfitano-defile-et-spectacle-du-groupe-gli-amici-di-masaniello\\\/\"]}]},{\"@type\":\"ImageObject\",\"inLanguage\":\"fr-FR\",\"@id\":\"https:\\\/\\\/www.visitamalfi.info\\\/fr\\\/\u00e9v\u00e9nement\\\/capodanno-folk-amalfitano-defile-et-spectacle-du-groupe-gli-amici-di-masaniello\\\/#primaryimage\",\"url\":\"https:\\\/\\\/www.visitamalfi.info\\\/wp-content\\\/uploads\\\/2025\\\/05\\\/vaso-amalfi.jpeg\",\"contentUrl\":\"https:\\\/\\\/www.visitamalfi.info\\\/wp-content\\\/uploads\\\/2025\\\/05\\\/vaso-amalfi.jpeg\",\"width\":1066,\"height\":1600},{\"@type\":\"BreadcrumbList\",\"@id\":\"https:\\\/\\\/www.visitamalfi.info\\\/fr\\\/\u00e9v\u00e9nement\\\/capodanno-folk-amalfitano-defile-et-spectacle-du-groupe-gli-amici-di-masaniello\\\/#breadcrumb\",\"itemListElement\":[{\"@type\":\"ListItem\",\"position\":1,\"name\":\"Home\",\"item\":\"https:\\\/\\\/www.visitamalfi.info\\\/fr\\\/\"},{\"@type\":\"ListItem\",\"position\":2,\"name\":\"\u00c9v\u00e8nements\",\"item\":\"https:\\\/\\\/www.visitamalfi.info\\\/fr\\\/eventi\\\/\"},{\"@type\":\"ListItem\",\"position\":3,\"name\":\"Capodanno Folk Amalfitano &#8211; D\u00e9fil\u00e9 et spectacle du groupe Gli Amici di Masaniello\"}]},{\"@type\":\"WebSite\",\"@id\":\"https:\\\/\\\/www.visitamalfi.info\\\/fr\\\/#website\",\"url\":\"https:\\\/\\\/www.visitamalfi.info\\\/fr\\\/\",\"name\":\"Visit Amalfi\",\"description\":\"Amalfi Destination Official Website\",\"publisher\":{\"@id\":\"https:\\\/\\\/www.visitamalfi.info\\\/fr\\\/#organization\"},\"potentialAction\":[{\"@type\":\"SearchAction\",\"target\":{\"@type\":\"EntryPoint\",\"urlTemplate\":\"https:\\\/\\\/www.visitamalfi.info\\\/fr\\\/?s={search_term_string}\"},\"query-input\":{\"@type\":\"PropertyValueSpecification\",\"valueRequired\":true,\"valueName\":\"search_term_string\"}}],\"inLanguage\":\"fr-FR\"},{\"@type\":\"Organization\",\"@id\":\"https:\\\/\\\/www.visitamalfi.info\\\/fr\\\/#organization\",\"name\":\"Visit Amalfi\",\"url\":\"https:\\\/\\\/www.visitamalfi.info\\\/fr\\\/\",\"logo\":{\"@type\":\"ImageObject\",\"inLanguage\":\"fr-FR\",\"@id\":\"https:\\\/\\\/www.visitamalfi.info\\\/fr\\\/#\\\/schema\\\/logo\\\/image\\\/\",\"url\":\"https:\\\/\\\/www.visitamalfi.info\\\/wp-content\\\/uploads\\\/2023\\\/04\\\/visit-amalfi-logo-web.png\",\"contentUrl\":\"https:\\\/\\\/www.visitamalfi.info\\\/wp-content\\\/uploads\\\/2023\\\/04\\\/visit-amalfi-logo-web.png\",\"width\":800,\"height\":870,\"caption\":\"Visit Amalfi\"},\"image\":{\"@id\":\"https:\\\/\\\/www.visitamalfi.info\\\/fr\\\/#\\\/schema\\\/logo\\\/image\\\/\"},\"sameAs\":[\"https:\\\/\\\/www.facebook.com\\\/visitamalfiofficial\",\"https:\\\/\\\/www.instagram.com\\\/visitamalfiofficial\\\/\"]}]}<\/script>\n<!-- \/ Yoast SEO plugin. -->","yoast_head_json":{"title":"Capodanno Folk Amalfitano - D\u00e9fil\u00e9 et spectacle du groupe Gli Amici di Masaniello - Visit Amalfi","robots":{"index":"index","follow":"follow","max-snippet":"max-snippet:-1","max-image-preview":"max-image-preview:large","max-video-preview":"max-video-preview:-1"},"canonical":"https:\/\/www.visitamalfi.info\/fr\/\u00e9v\u00e9nement\/capodanno-folk-amalfitano-defile-et-spectacle-du-groupe-gli-amici-di-masaniello\/","og_locale":"fr_FR","og_type":"article","og_title":"Capodanno Folk Amalfitano - D\u00e9fil\u00e9 et spectacle du groupe Gli Amici di Masaniello - Visit Amalfi","og_description":"Le dimanche 28 d\u00e9cembre, Amalfi s&#8217;impr\u00e8gne du rythme et de l&#8217;\u00e9nergie de la tradition.Au d\u00e9part de la Valle dei Mulini, le r\u00e9veillon Folk Amalfitana prend vie, un \u00e9v\u00e9nement qui allie [&hellip;]","og_url":"https:\/\/www.visitamalfi.info\/fr\/\u00e9v\u00e9nement\/capodanno-folk-amalfitano-defile-et-spectacle-du-groupe-gli-amici-di-masaniello\/","og_site_name":"Visit Amalfi","article_publisher":"https:\/\/www.facebook.com\/visitamalfiofficial","og_image":[{"width":1066,"height":1600,"url":"https:\/\/www.visitamalfi.info\/wp-content\/uploads\/2025\/05\/vaso-amalfi.jpeg","type":"image\/jpeg"}],"twitter_card":"summary_large_image","twitter_misc":{"Dur\u00e9e de lecture estim\u00e9e":"1 minute"},"schema":{"@context":"https:\/\/schema.org","@graph":[{"@type":"WebPage","@id":"https:\/\/www.visitamalfi.info\/fr\/\u00e9v\u00e9nement\/capodanno-folk-amalfitano-defile-et-spectacle-du-groupe-gli-amici-di-masaniello\/","url":"https:\/\/www.visitamalfi.info\/fr\/\u00e9v\u00e9nement\/capodanno-folk-amalfitano-defile-et-spectacle-du-groupe-gli-amici-di-masaniello\/","name":"Capodanno Folk Amalfitano - D\u00e9fil\u00e9 et spectacle du groupe Gli Amici di Masaniello - Visit Amalfi","isPartOf":{"@id":"https:\/\/www.visitamalfi.info\/fr\/#website"},"primaryImageOfPage":{"@id":"https:\/\/www.visitamalfi.info\/fr\/\u00e9v\u00e9nement\/capodanno-folk-amalfitano-defile-et-spectacle-du-groupe-gli-amici-di-masaniello\/#primaryimage"},"image":{"@id":"https:\/\/www.visitamalfi.info\/fr\/\u00e9v\u00e9nement\/capodanno-folk-amalfitano-defile-et-spectacle-du-groupe-gli-amici-di-masaniello\/#primaryimage"},"thumbnailUrl":"https:\/\/www.visitamalfi.info\/wp-content\/uploads\/2025\/05\/vaso-amalfi.jpeg","datePublished":"2025-12-01T15:04:58+00:00","breadcrumb":{"@id":"https:\/\/www.visitamalfi.info\/fr\/\u00e9v\u00e9nement\/capodanno-folk-amalfitano-defile-et-spectacle-du-groupe-gli-amici-di-masaniello\/#breadcrumb"},"inLanguage":"fr-FR","potentialAction":[{"@type":"ReadAction","target":["https:\/\/www.visitamalfi.info\/fr\/\u00e9v\u00e9nement\/capodanno-folk-amalfitano-defile-et-spectacle-du-groupe-gli-amici-di-masaniello\/"]}]},{"@type":"ImageObject","inLanguage":"fr-FR","@id":"https:\/\/www.visitamalfi.info\/fr\/\u00e9v\u00e9nement\/capodanno-folk-amalfitano-defile-et-spectacle-du-groupe-gli-amici-di-masaniello\/#primaryimage","url":"https:\/\/www.visitamalfi.info\/wp-content\/uploads\/2025\/05\/vaso-amalfi.jpeg","contentUrl":"https:\/\/www.visitamalfi.info\/wp-content\/uploads\/2025\/05\/vaso-amalfi.jpeg","width":1066,"height":1600},{"@type":"BreadcrumbList","@id":"https:\/\/www.visitamalfi.info\/fr\/\u00e9v\u00e9nement\/capodanno-folk-amalfitano-defile-et-spectacle-du-groupe-gli-amici-di-masaniello\/#breadcrumb","itemListElement":[{"@type":"ListItem","position":1,"name":"Home","item":"https:\/\/www.visitamalfi.info\/fr\/"},{"@type":"ListItem","position":2,"name":"\u00c9v\u00e8nements","item":"https:\/\/www.visitamalfi.info\/fr\/eventi\/"},{"@type":"ListItem","position":3,"name":"Capodanno Folk Amalfitano &#8211; D\u00e9fil\u00e9 et spectacle du groupe Gli Amici di Masaniello"}]},{"@type":"WebSite","@id":"https:\/\/www.visitamalfi.info\/fr\/#website","url":"https:\/\/www.visitamalfi.info\/fr\/","name":"Visit Amalfi","description":"Amalfi Destination Official Website","publisher":{"@id":"https:\/\/www.visitamalfi.info\/fr\/#organization"},"potentialAction":[{"@type":"SearchAction","target":{"@type":"EntryPoint","urlTemplate":"https:\/\/www.visitamalfi.info\/fr\/?s={search_term_string}"},"query-input":{"@type":"PropertyValueSpecification","valueRequired":true,"valueName":"search_term_string"}}],"inLanguage":"fr-FR"},{"@type":"Organization","@id":"https:\/\/www.visitamalfi.info\/fr\/#organization","name":"Visit Amalfi","url":"https:\/\/www.visitamalfi.info\/fr\/","logo":{"@type":"ImageObject","inLanguage":"fr-FR","@id":"https:\/\/www.visitamalfi.info\/fr\/#\/schema\/logo\/image\/","url":"https:\/\/www.visitamalfi.info\/wp-content\/uploads\/2023\/04\/visit-amalfi-logo-web.png","contentUrl":"https:\/\/www.visitamalfi.info\/wp-content\/uploads\/2023\/04\/visit-amalfi-logo-web.png","width":800,"height":870,"caption":"Visit Amalfi"},"image":{"@id":"https:\/\/www.visitamalfi.info\/fr\/#\/schema\/logo\/image\/"},"sameAs":["https:\/\/www.facebook.com\/visitamalfiofficial","https:\/\/www.instagram.com\/visitamalfiofficial\/"]}]}},"_links":{"self":[{"href":"https:\/\/www.visitamalfi.info\/fr\/wp-json\/wp\/v2\/tribe_events\/23463","targetHints":{"allow":["GET"]}}],"collection":[{"href":"https:\/\/www.visitamalfi.info\/fr\/wp-json\/wp\/v2\/tribe_events"}],"about":[{"href":"https:\/\/www.visitamalfi.info\/fr\/wp-json\/wp\/v2\/types\/tribe_events"}],"author":[{"embeddable":true,"href":"https:\/\/www.visitamalfi.info\/fr\/wp-json\/wp\/v2\/users\/7"}],"version-history":[{"count":0,"href":"https:\/\/www.visitamalfi.info\/fr\/wp-json\/wp\/v2\/tribe_events\/23463\/revisions"}],"wp:featuredmedia":[{"embeddable":true,"href":"https:\/\/www.visitamalfi.info\/fr\/wp-json\/wp\/v2\/media\/21547"}],"wp:attachment":[{"href":"https:\/\/www.visitamalfi.info\/fr\/wp-json\/wp\/v2\/media?parent=23463"}],"wp:term":[{"taxonomy":"post_tag","embeddable":true,"href":"https:\/\/www.visitamalfi.info\/fr\/wp-json\/wp\/v2\/tags?post=23463"},{"taxonomy":"tribe_events_cat","embeddable":true,"href":"https:\/\/www.visitamalfi.info\/fr\/wp-json\/wp\/v2\/tribe_events_cat?post=23463"}],"curies":[{"name":"wp","href":"https:\/\/api.w.org\/{rel}","templated":true}]}}