{"id":23455,"date":"2025-12-01T15:56:26","date_gmt":"2025-12-01T14:56:26","guid":{"rendered":"https:\/\/www.visitamalfi.info\/evento\/capodanno-folk-amalfitano-defile-et-spectacle-du-gruppo-folk-o-gagliunciello\/"},"modified":"2025-12-01T15:56:26","modified_gmt":"2025-12-01T14:56:26","slug":"capodanno-folk-amalfitano-defile-et-spectacle-du-gruppo-folk-o-gagliunciello","status":"publish","type":"tribe_events","link":"https:\/\/www.visitamalfi.info\/fr\/\u00e9v\u00e9nement\/capodanno-folk-amalfitano-defile-et-spectacle-du-gruppo-folk-o-gagliunciello\/","title":{"rendered":"Capodanno Folk Amalfitano &#8211; D\u00e9fil\u00e9 et spectacle du Gruppo Folk O&#8217; Gagliunciello"},"content":{"rendered":"<div>\n<div>\n<p><strong data-start=\"105\" data-end=\"134\">Capodanno <\/strong>Folk Amalfitano &#8211; Samedi 27 d\u00e9cembre h 16:00, Amalfi &#8211; D\u00e9part de la Valle dei Mulini et repr\u00e9sentation sur la Piazza Municipio Capodanno Folk Amalfitano &#8211; D\u00e9fil\u00e9 et repr\u00e9sentation du <strong>Gruppo Folk O&#8217; Gagliunciello <\/strong> <\/p>\n<\/div>\n<\/div>\n<p data-start=\"105\" data-end=\"203\"><em data-start=\"137\" data-end=\"203\">Une tradition qui pla\u00eet toujours !<\/em><\/p>\n<p data-start=\"205\" data-end=\"525\">Chaque ann\u00e9e, une \u00e9nergie particuli\u00e8re r\u00e8gne \u00e0 Amalfi avec la f\u00eate du Nouvel An, la musique et la joie partag\u00e9e.<br data-start=\"355\" data-end=\"358\">Le <strong data-start=\"361\" data-end=\"419\">d\u00e9fil\u00e9 et le spectacle du Gruppo Folk O&#8217; Gagliunciello<\/strong> illuminent les rues du centre avec des couleurs, des costumes et des m\u00e9lodies qui racontent l&#8217;\u00e2me la plus authentique de la ville.<\/p>\n<p data-start=\"527\" data-end=\"674\">Au milieu des pas de danse et des rythmes populaires, Amalfi c\u00e9l\u00e8bre les f\u00eates avec une adh\u00e9sion collective \u00e0 la tradition, \u00e0 l&#8217;appartenance et \u00e0 la gaiet\u00e9.<\/p>\n<p data-start=\"676\" data-end=\"835\" data-is-last-node=\"\" data-is-only-node=\"\">Un \u00e9v\u00e9nement qui n&#8217;est pas seulement un spectacle, mais une \u00e9motion vivante.<\/p>\n","protected":false},"excerpt":{"rendered":"<p>Capodanno Folk Amalfitano &#8211; Samedi 27 d\u00e9cembre h 16:00, Amalfi &#8211; D\u00e9part de la Valle dei Mulini et repr\u00e9sentation sur la Piazza Municipio Capodanno Folk Amalfitano &#8211; D\u00e9fil\u00e9 et repr\u00e9sentation [&hellip;]<\/p>\n","protected":false},"author":7,"featured_media":23337,"template":"","meta":{"inline_featured_image":false,"_tribe_events_status":"","_tribe_events_status_reason":"","footnotes":""},"tags":[],"tribe_events_cat":[397],"class_list":["post-23455","tribe_events","type-tribe_events","status-publish","has-post-thumbnail","hentry","tribe_events_cat-tradizione-fr","cat_tradizione-fr"],"yoast_head":"<!-- This site is optimized with the Yoast SEO plugin v27.3 - https:\/\/yoast.com\/product\/yoast-seo-wordpress\/ -->\n<title>Capodanno Folk Amalfitano - D\u00e9fil\u00e9 et spectacle du Gruppo Folk O&#039; Gagliunciello - Visit Amalfi<\/title>\n<meta name=\"robots\" content=\"index, follow, max-snippet:-1, max-image-preview:large, max-video-preview:-1\" \/>\n<link rel=\"canonical\" href=\"https:\/\/www.visitamalfi.info\/fr\/\u00e9v\u00e9nement\/capodanno-folk-amalfitano-defile-et-spectacle-du-gruppo-folk-o-gagliunciello\/\" \/>\n<meta property=\"og:locale\" content=\"fr_FR\" \/>\n<meta property=\"og:type\" content=\"article\" \/>\n<meta property=\"og:title\" content=\"Capodanno Folk Amalfitano - D\u00e9fil\u00e9 et spectacle du Gruppo Folk O&#039; Gagliunciello - Visit Amalfi\" \/>\n<meta property=\"og:description\" content=\"Capodanno Folk Amalfitano &#8211; Samedi 27 d\u00e9cembre h 16:00, Amalfi &#8211; D\u00e9part de la Valle dei Mulini et repr\u00e9sentation sur la Piazza Municipio Capodanno Folk Amalfitano &#8211; D\u00e9fil\u00e9 et repr\u00e9sentation [&hellip;]\" \/>\n<meta property=\"og:url\" content=\"https:\/\/www.visitamalfi.info\/fr\/\u00e9v\u00e9nement\/capodanno-folk-amalfitano-defile-et-spectacle-du-gruppo-folk-o-gagliunciello\/\" \/>\n<meta property=\"og:site_name\" content=\"Visit Amalfi\" \/>\n<meta property=\"article:publisher\" content=\"https:\/\/www.facebook.com\/visitamalfiofficial\" \/>\n<meta property=\"og:image\" content=\"https:\/\/www.visitamalfi.info\/wp-content\/uploads\/2025\/12\/WhatsApp-Image-2025-11-05-at-19.35.49.jpeg\" \/>\n\t<meta property=\"og:image:width\" content=\"1280\" \/>\n\t<meta property=\"og:image:height\" content=\"853\" \/>\n\t<meta property=\"og:image:type\" content=\"image\/jpeg\" \/>\n<meta name=\"twitter:card\" content=\"summary_large_image\" \/>\n<meta name=\"twitter:label1\" content=\"Dur\u00e9e de lecture estim\u00e9e\" \/>\n\t<meta name=\"twitter:data1\" content=\"1 minute\" \/>\n<script type=\"application\/ld+json\" class=\"yoast-schema-graph\">{\"@context\":\"https:\\\/\\\/schema.org\",\"@graph\":[{\"@type\":\"WebPage\",\"@id\":\"https:\\\/\\\/www.visitamalfi.info\\\/fr\\\/\u00e9v\u00e9nement\\\/capodanno-folk-amalfitano-defile-et-spectacle-du-gruppo-folk-o-gagliunciello\\\/\",\"url\":\"https:\\\/\\\/www.visitamalfi.info\\\/fr\\\/\u00e9v\u00e9nement\\\/capodanno-folk-amalfitano-defile-et-spectacle-du-gruppo-folk-o-gagliunciello\\\/\",\"name\":\"Capodanno Folk Amalfitano - D\u00e9fil\u00e9 et spectacle du Gruppo Folk O' Gagliunciello - Visit Amalfi\",\"isPartOf\":{\"@id\":\"https:\\\/\\\/www.visitamalfi.info\\\/fr\\\/#website\"},\"primaryImageOfPage\":{\"@id\":\"https:\\\/\\\/www.visitamalfi.info\\\/fr\\\/\u00e9v\u00e9nement\\\/capodanno-folk-amalfitano-defile-et-spectacle-du-gruppo-folk-o-gagliunciello\\\/#primaryimage\"},\"image\":{\"@id\":\"https:\\\/\\\/www.visitamalfi.info\\\/fr\\\/\u00e9v\u00e9nement\\\/capodanno-folk-amalfitano-defile-et-spectacle-du-gruppo-folk-o-gagliunciello\\\/#primaryimage\"},\"thumbnailUrl\":\"https:\\\/\\\/www.visitamalfi.info\\\/wp-content\\\/uploads\\\/2025\\\/12\\\/WhatsApp-Image-2025-11-05-at-19.35.49.jpeg\",\"datePublished\":\"2025-12-01T14:56:26+00:00\",\"breadcrumb\":{\"@id\":\"https:\\\/\\\/www.visitamalfi.info\\\/fr\\\/\u00e9v\u00e9nement\\\/capodanno-folk-amalfitano-defile-et-spectacle-du-gruppo-folk-o-gagliunciello\\\/#breadcrumb\"},\"inLanguage\":\"fr-FR\",\"potentialAction\":[{\"@type\":\"ReadAction\",\"target\":[\"https:\\\/\\\/www.visitamalfi.info\\\/fr\\\/\u00e9v\u00e9nement\\\/capodanno-folk-amalfitano-defile-et-spectacle-du-gruppo-folk-o-gagliunciello\\\/\"]}]},{\"@type\":\"ImageObject\",\"inLanguage\":\"fr-FR\",\"@id\":\"https:\\\/\\\/www.visitamalfi.info\\\/fr\\\/\u00e9v\u00e9nement\\\/capodanno-folk-amalfitano-defile-et-spectacle-du-gruppo-folk-o-gagliunciello\\\/#primaryimage\",\"url\":\"https:\\\/\\\/www.visitamalfi.info\\\/wp-content\\\/uploads\\\/2025\\\/12\\\/WhatsApp-Image-2025-11-05-at-19.35.49.jpeg\",\"contentUrl\":\"https:\\\/\\\/www.visitamalfi.info\\\/wp-content\\\/uploads\\\/2025\\\/12\\\/WhatsApp-Image-2025-11-05-at-19.35.49.jpeg\",\"width\":1280,\"height\":853},{\"@type\":\"BreadcrumbList\",\"@id\":\"https:\\\/\\\/www.visitamalfi.info\\\/fr\\\/\u00e9v\u00e9nement\\\/capodanno-folk-amalfitano-defile-et-spectacle-du-gruppo-folk-o-gagliunciello\\\/#breadcrumb\",\"itemListElement\":[{\"@type\":\"ListItem\",\"position\":1,\"name\":\"Home\",\"item\":\"https:\\\/\\\/www.visitamalfi.info\\\/fr\\\/\"},{\"@type\":\"ListItem\",\"position\":2,\"name\":\"\u00c9v\u00e8nements\",\"item\":\"https:\\\/\\\/www.visitamalfi.info\\\/fr\\\/eventi\\\/\"},{\"@type\":\"ListItem\",\"position\":3,\"name\":\"Capodanno Folk Amalfitano &#8211; D\u00e9fil\u00e9 et spectacle du Gruppo Folk O&#8217; Gagliunciello\"}]},{\"@type\":\"WebSite\",\"@id\":\"https:\\\/\\\/www.visitamalfi.info\\\/fr\\\/#website\",\"url\":\"https:\\\/\\\/www.visitamalfi.info\\\/fr\\\/\",\"name\":\"Visit Amalfi\",\"description\":\"Amalfi Destination Official Website\",\"publisher\":{\"@id\":\"https:\\\/\\\/www.visitamalfi.info\\\/fr\\\/#organization\"},\"potentialAction\":[{\"@type\":\"SearchAction\",\"target\":{\"@type\":\"EntryPoint\",\"urlTemplate\":\"https:\\\/\\\/www.visitamalfi.info\\\/fr\\\/?s={search_term_string}\"},\"query-input\":{\"@type\":\"PropertyValueSpecification\",\"valueRequired\":true,\"valueName\":\"search_term_string\"}}],\"inLanguage\":\"fr-FR\"},{\"@type\":\"Organization\",\"@id\":\"https:\\\/\\\/www.visitamalfi.info\\\/fr\\\/#organization\",\"name\":\"Visit Amalfi\",\"url\":\"https:\\\/\\\/www.visitamalfi.info\\\/fr\\\/\",\"logo\":{\"@type\":\"ImageObject\",\"inLanguage\":\"fr-FR\",\"@id\":\"https:\\\/\\\/www.visitamalfi.info\\\/fr\\\/#\\\/schema\\\/logo\\\/image\\\/\",\"url\":\"https:\\\/\\\/www.visitamalfi.info\\\/wp-content\\\/uploads\\\/2023\\\/04\\\/visit-amalfi-logo-web.png\",\"contentUrl\":\"https:\\\/\\\/www.visitamalfi.info\\\/wp-content\\\/uploads\\\/2023\\\/04\\\/visit-amalfi-logo-web.png\",\"width\":800,\"height\":870,\"caption\":\"Visit Amalfi\"},\"image\":{\"@id\":\"https:\\\/\\\/www.visitamalfi.info\\\/fr\\\/#\\\/schema\\\/logo\\\/image\\\/\"},\"sameAs\":[\"https:\\\/\\\/www.facebook.com\\\/visitamalfiofficial\",\"https:\\\/\\\/www.instagram.com\\\/visitamalfiofficial\\\/\"]}]}<\/script>\n<!-- \/ Yoast SEO plugin. -->","yoast_head_json":{"title":"Capodanno Folk Amalfitano - D\u00e9fil\u00e9 et spectacle du Gruppo Folk O' Gagliunciello - Visit Amalfi","robots":{"index":"index","follow":"follow","max-snippet":"max-snippet:-1","max-image-preview":"max-image-preview:large","max-video-preview":"max-video-preview:-1"},"canonical":"https:\/\/www.visitamalfi.info\/fr\/\u00e9v\u00e9nement\/capodanno-folk-amalfitano-defile-et-spectacle-du-gruppo-folk-o-gagliunciello\/","og_locale":"fr_FR","og_type":"article","og_title":"Capodanno Folk Amalfitano - D\u00e9fil\u00e9 et spectacle du Gruppo Folk O' Gagliunciello - Visit Amalfi","og_description":"Capodanno Folk Amalfitano &#8211; Samedi 27 d\u00e9cembre h 16:00, Amalfi &#8211; D\u00e9part de la Valle dei Mulini et repr\u00e9sentation sur la Piazza Municipio Capodanno Folk Amalfitano &#8211; D\u00e9fil\u00e9 et repr\u00e9sentation [&hellip;]","og_url":"https:\/\/www.visitamalfi.info\/fr\/\u00e9v\u00e9nement\/capodanno-folk-amalfitano-defile-et-spectacle-du-gruppo-folk-o-gagliunciello\/","og_site_name":"Visit Amalfi","article_publisher":"https:\/\/www.facebook.com\/visitamalfiofficial","og_image":[{"width":1280,"height":853,"url":"https:\/\/www.visitamalfi.info\/wp-content\/uploads\/2025\/12\/WhatsApp-Image-2025-11-05-at-19.35.49.jpeg","type":"image\/jpeg"}],"twitter_card":"summary_large_image","twitter_misc":{"Dur\u00e9e de lecture estim\u00e9e":"1 minute"},"schema":{"@context":"https:\/\/schema.org","@graph":[{"@type":"WebPage","@id":"https:\/\/www.visitamalfi.info\/fr\/\u00e9v\u00e9nement\/capodanno-folk-amalfitano-defile-et-spectacle-du-gruppo-folk-o-gagliunciello\/","url":"https:\/\/www.visitamalfi.info\/fr\/\u00e9v\u00e9nement\/capodanno-folk-amalfitano-defile-et-spectacle-du-gruppo-folk-o-gagliunciello\/","name":"Capodanno Folk Amalfitano - D\u00e9fil\u00e9 et spectacle du Gruppo Folk O' Gagliunciello - Visit Amalfi","isPartOf":{"@id":"https:\/\/www.visitamalfi.info\/fr\/#website"},"primaryImageOfPage":{"@id":"https:\/\/www.visitamalfi.info\/fr\/\u00e9v\u00e9nement\/capodanno-folk-amalfitano-defile-et-spectacle-du-gruppo-folk-o-gagliunciello\/#primaryimage"},"image":{"@id":"https:\/\/www.visitamalfi.info\/fr\/\u00e9v\u00e9nement\/capodanno-folk-amalfitano-defile-et-spectacle-du-gruppo-folk-o-gagliunciello\/#primaryimage"},"thumbnailUrl":"https:\/\/www.visitamalfi.info\/wp-content\/uploads\/2025\/12\/WhatsApp-Image-2025-11-05-at-19.35.49.jpeg","datePublished":"2025-12-01T14:56:26+00:00","breadcrumb":{"@id":"https:\/\/www.visitamalfi.info\/fr\/\u00e9v\u00e9nement\/capodanno-folk-amalfitano-defile-et-spectacle-du-gruppo-folk-o-gagliunciello\/#breadcrumb"},"inLanguage":"fr-FR","potentialAction":[{"@type":"ReadAction","target":["https:\/\/www.visitamalfi.info\/fr\/\u00e9v\u00e9nement\/capodanno-folk-amalfitano-defile-et-spectacle-du-gruppo-folk-o-gagliunciello\/"]}]},{"@type":"ImageObject","inLanguage":"fr-FR","@id":"https:\/\/www.visitamalfi.info\/fr\/\u00e9v\u00e9nement\/capodanno-folk-amalfitano-defile-et-spectacle-du-gruppo-folk-o-gagliunciello\/#primaryimage","url":"https:\/\/www.visitamalfi.info\/wp-content\/uploads\/2025\/12\/WhatsApp-Image-2025-11-05-at-19.35.49.jpeg","contentUrl":"https:\/\/www.visitamalfi.info\/wp-content\/uploads\/2025\/12\/WhatsApp-Image-2025-11-05-at-19.35.49.jpeg","width":1280,"height":853},{"@type":"BreadcrumbList","@id":"https:\/\/www.visitamalfi.info\/fr\/\u00e9v\u00e9nement\/capodanno-folk-amalfitano-defile-et-spectacle-du-gruppo-folk-o-gagliunciello\/#breadcrumb","itemListElement":[{"@type":"ListItem","position":1,"name":"Home","item":"https:\/\/www.visitamalfi.info\/fr\/"},{"@type":"ListItem","position":2,"name":"\u00c9v\u00e8nements","item":"https:\/\/www.visitamalfi.info\/fr\/eventi\/"},{"@type":"ListItem","position":3,"name":"Capodanno Folk Amalfitano &#8211; D\u00e9fil\u00e9 et spectacle du Gruppo Folk O&#8217; Gagliunciello"}]},{"@type":"WebSite","@id":"https:\/\/www.visitamalfi.info\/fr\/#website","url":"https:\/\/www.visitamalfi.info\/fr\/","name":"Visit Amalfi","description":"Amalfi Destination Official Website","publisher":{"@id":"https:\/\/www.visitamalfi.info\/fr\/#organization"},"potentialAction":[{"@type":"SearchAction","target":{"@type":"EntryPoint","urlTemplate":"https:\/\/www.visitamalfi.info\/fr\/?s={search_term_string}"},"query-input":{"@type":"PropertyValueSpecification","valueRequired":true,"valueName":"search_term_string"}}],"inLanguage":"fr-FR"},{"@type":"Organization","@id":"https:\/\/www.visitamalfi.info\/fr\/#organization","name":"Visit Amalfi","url":"https:\/\/www.visitamalfi.info\/fr\/","logo":{"@type":"ImageObject","inLanguage":"fr-FR","@id":"https:\/\/www.visitamalfi.info\/fr\/#\/schema\/logo\/image\/","url":"https:\/\/www.visitamalfi.info\/wp-content\/uploads\/2023\/04\/visit-amalfi-logo-web.png","contentUrl":"https:\/\/www.visitamalfi.info\/wp-content\/uploads\/2023\/04\/visit-amalfi-logo-web.png","width":800,"height":870,"caption":"Visit Amalfi"},"image":{"@id":"https:\/\/www.visitamalfi.info\/fr\/#\/schema\/logo\/image\/"},"sameAs":["https:\/\/www.facebook.com\/visitamalfiofficial","https:\/\/www.instagram.com\/visitamalfiofficial\/"]}]}},"_links":{"self":[{"href":"https:\/\/www.visitamalfi.info\/fr\/wp-json\/wp\/v2\/tribe_events\/23455","targetHints":{"allow":["GET"]}}],"collection":[{"href":"https:\/\/www.visitamalfi.info\/fr\/wp-json\/wp\/v2\/tribe_events"}],"about":[{"href":"https:\/\/www.visitamalfi.info\/fr\/wp-json\/wp\/v2\/types\/tribe_events"}],"author":[{"embeddable":true,"href":"https:\/\/www.visitamalfi.info\/fr\/wp-json\/wp\/v2\/users\/7"}],"version-history":[{"count":0,"href":"https:\/\/www.visitamalfi.info\/fr\/wp-json\/wp\/v2\/tribe_events\/23455\/revisions"}],"wp:featuredmedia":[{"embeddable":true,"href":"https:\/\/www.visitamalfi.info\/fr\/wp-json\/wp\/v2\/media\/23337"}],"wp:attachment":[{"href":"https:\/\/www.visitamalfi.info\/fr\/wp-json\/wp\/v2\/media?parent=23455"}],"wp:term":[{"taxonomy":"post_tag","embeddable":true,"href":"https:\/\/www.visitamalfi.info\/fr\/wp-json\/wp\/v2\/tags?post=23455"},{"taxonomy":"tribe_events_cat","embeddable":true,"href":"https:\/\/www.visitamalfi.info\/fr\/wp-json\/wp\/v2\/tribe_events_cat?post=23455"}],"curies":[{"name":"wp","href":"https:\/\/api.w.org\/{rel}","templated":true}]}}