{"id":23427,"date":"2025-12-01T16:13:28","date_gmt":"2025-12-01T15:13:28","guid":{"rendered":"https:\/\/www.visitamalfi.info\/evento\/le-plus-long-reveillon-ditalie-a-amalfi\/"},"modified":"2025-12-01T16:13:28","modified_gmt":"2025-12-01T15:13:28","slug":"le-plus-long-reveillon-ditalie-a-amalfi","status":"publish","type":"tribe_events","link":"https:\/\/www.visitamalfi.info\/fr\/\u00e9v\u00e9nement\/le-plus-long-reveillon-ditalie-a-amalfi\/","title":{"rendered":"Le plus long r\u00e9veillon d&#8217;Italie \u00e0 Amalfi"},"content":{"rendered":"<div>\n<div>\n<p>Mercredi 31 d\u00e9cembre<\/p>\n<\/div>\n<div>\n<p>h 15:30, Amalfi &#8211; Piazza Duomo<\/p>\n<\/div>\n<div>\n<p>#NYEAMALFI &#8211; Le plus long r\u00e9veillon du Nouvel An en Italie<\/p>\n<\/div>\n<div>\n<p>Dans l&#8217;apr\u00e8s-midi, le r\u00e9veillon de la c\u00f4te amalfitaine sera officiellement ouvert par la Happy Music Selection du DJ Eddie J Warner, qui apportera le rythme et l&#8217;enthousiasme qui marqueront le d\u00e9but de cette longue journ\u00e9e de c\u00e9l\u00e9brations.<\/p>\n<\/div>\n<div>\n<p>h 18:00, Amalfi &#8211; Cath\u00e9drale<\/p>\n<\/div>\n<div>\n<p>Messe et chant du Te Deum<\/p>\n<\/div>\n<div>\n<p>h 22:30, Amalfi &#8211; Piazza Flavio Gioia<\/p>\n<\/div>\n<div>\n<p>#NYEAMALFI &#8211; Le plus long r\u00e9veillon du Nouvel An en Italie<\/p>\n<\/div>\n<div>\n<p>L&#8217;attente du minuit le plus long de l&#8217;ann\u00e9e sera anim\u00e9e par le karaok\u00e9 de Nicol\u00f2 De Devitiis, un c\u00e9l\u00e8bre visage de la t\u00e9l\u00e9vision originaire de Le Iene, qui accompagnera le public dans un crescendo de musique et d&#8217;amusement jusqu&#8217;au coup de sifflet de la nouvelle ann\u00e9e. La soir\u00e9e sera agr\u00e9ment\u00e9e par le DJ set de Fabio Anastasio et anim\u00e9e par la voix et la direction de Francesca Faratro. La tradition ne manquera pas, gr\u00e2ce \u00e0 la participation du Gruppo Folk Amalfitano &#8216;O Guagliunciello, qui apportera l&#8217;authenticit\u00e9 et la chaleur de la culture locale sur la place.<\/p>\n<\/div>\n<div>\n<p>h 00:00, Amalfi<\/p>\n<\/div>\n<div>\n<p>Feu d&#8217;artifice<\/p>\n<\/div>\n<div>\n<p>Le feu d&#8217;artifice est r\u00e9alis\u00e9 par l&#8217;entreprise prim\u00e9e Pirotecnica Cav. Vincenzo Senatore et ses fils<\/p>\n<\/div>\n<div>\n<p>h 00:30, Amalfi &#8211; Piazza Duomo<\/p>\n<\/div>\n<div>\n<p>#NYEAMALFI &#8211; Le plus long r\u00e9veillon du Nouvel An en Italie<\/p>\n<\/div>\n<div>\n<p>Apr\u00e8s minuit, la place s&#8217;illumine d&#8217;une nouvelle \u00e9nergie gr\u00e2ce au spectacle grandiose de Nicol\u00f2 De Devitiis qui, avec son style inimitable, accompagnera le public tout au long de la longue nuit de f\u00eate. Ensuite, la musique des Muppets rythmera et colorera les premi\u00e8res heures de la nouvelle ann\u00e9e, transformant la place en une immense sc\u00e8ne en plein air. Les Muppets sont l&#8217;un des groupes de f\u00eate les plus populaires d&#8217;Italie. Ils ont particip\u00e9 \u00e0 des \u00e9v\u00e9nements pour des marques telles que Google et Red Bull et \u00e0 des spectacles dans certains des lieux les plus atmosph\u00e9riques d&#8217;Europe et de la M\u00e9diterran\u00e9e, apportant sur sc\u00e8ne une explosion d&#8217;\u00e9nergie qui m\u00e9lange les tubes des ann\u00e9es 70\/80\/90, le rock, la pop et la musique de danse la plus r\u00e9cente. Avec Martina et Francesco, le talent et la pr\u00e9sence sur sc\u00e8ne se transforment en un spectacle live bouleversant, con\u00e7u pour illuminer les places et faire danser toutes les g\u00e9n\u00e9rations. La nuit se poursuivra ensuite avec la s\u00e9lection musicale du DJ Filippo Di Costanzo, pour une alternance de sons et d&#8217;atmosph\u00e8res capables de maintenir l&#8217;enthousiasme jusqu&#8217;aux premi\u00e8res lueurs de l&#8217;aube.<\/p>\n<\/div>\n<div>\n<p>En collaboration avec Amalfi Events<\/p>\n<\/div>\n<\/div>\n","protected":false},"excerpt":{"rendered":"<p>Mercredi 31 d\u00e9cembre h 15:30, Amalfi &#8211; Piazza Duomo #NYEAMALFI &#8211; Le plus long r\u00e9veillon du Nouvel An en Italie Dans l&#8217;apr\u00e8s-midi, le r\u00e9veillon de la c\u00f4te amalfitaine sera officiellement [&hellip;]<\/p>\n","protected":false},"author":7,"featured_media":23356,"template":"","meta":{"inline_featured_image":false,"_tribe_events_status":"","_tribe_events_status_reason":"","footnotes":""},"tags":[],"tribe_events_cat":[317,396,1228,397],"class_list":["post-23427","tribe_events","type-tribe_events","status-publish","has-post-thumbnail","hentry","tribe_events_cat-musica-dal-vivo-fr","tribe_events_cat-musica-italiana-fr","tribe_events_cat-noel","tribe_events_cat-tradizione-fr","cat_musica-dal-vivo-fr","cat_musica-italiana-fr","cat_noel","cat_tradizione-fr"],"yoast_head":"<!-- This site is optimized with the Yoast SEO plugin v27.3 - https:\/\/yoast.com\/product\/yoast-seo-wordpress\/ -->\n<title>Le plus long r\u00e9veillon d&#039;Italie \u00e0 Amalfi - Visit Amalfi<\/title>\n<meta name=\"robots\" content=\"index, follow, max-snippet:-1, max-image-preview:large, max-video-preview:-1\" \/>\n<link rel=\"canonical\" href=\"https:\/\/www.visitamalfi.info\/fr\/\u00e9v\u00e9nement\/le-plus-long-reveillon-ditalie-a-amalfi\/\" \/>\n<meta property=\"og:locale\" content=\"fr_FR\" \/>\n<meta property=\"og:type\" content=\"article\" \/>\n<meta property=\"og:title\" content=\"Le plus long r\u00e9veillon d&#039;Italie \u00e0 Amalfi - Visit Amalfi\" \/>\n<meta property=\"og:description\" content=\"Mercredi 31 d\u00e9cembre h 15:30, Amalfi &#8211; Piazza Duomo #NYEAMALFI &#8211; Le plus long r\u00e9veillon du Nouvel An en Italie Dans l&#8217;apr\u00e8s-midi, le r\u00e9veillon de la c\u00f4te amalfitaine sera officiellement [&hellip;]\" \/>\n<meta property=\"og:url\" content=\"https:\/\/www.visitamalfi.info\/fr\/\u00e9v\u00e9nement\/le-plus-long-reveillon-ditalie-a-amalfi\/\" \/>\n<meta property=\"og:site_name\" content=\"Visit Amalfi\" \/>\n<meta property=\"article:publisher\" content=\"https:\/\/www.facebook.com\/visitamalfiofficial\" \/>\n<meta property=\"og:image\" content=\"https:\/\/www.visitamalfi.info\/wp-content\/uploads\/2025\/12\/ANA_3007-prova-@emanueleanastasioph-fuochi-capodanno-2024-copia.jpg\" \/>\n\t<meta property=\"og:image:width\" content=\"1920\" \/>\n\t<meta property=\"og:image:height\" content=\"1280\" \/>\n\t<meta property=\"og:image:type\" content=\"image\/jpeg\" \/>\n<meta name=\"twitter:card\" content=\"summary_large_image\" \/>\n<meta name=\"twitter:label1\" content=\"Dur\u00e9e de lecture estim\u00e9e\" \/>\n\t<meta name=\"twitter:data1\" content=\"2 minutes\" \/>\n<script type=\"application\/ld+json\" class=\"yoast-schema-graph\">{\"@context\":\"https:\\\/\\\/schema.org\",\"@graph\":[{\"@type\":\"WebPage\",\"@id\":\"https:\\\/\\\/www.visitamalfi.info\\\/fr\\\/\u00e9v\u00e9nement\\\/le-plus-long-reveillon-ditalie-a-amalfi\\\/\",\"url\":\"https:\\\/\\\/www.visitamalfi.info\\\/fr\\\/\u00e9v\u00e9nement\\\/le-plus-long-reveillon-ditalie-a-amalfi\\\/\",\"name\":\"Le plus long r\u00e9veillon d'Italie \u00e0 Amalfi - Visit Amalfi\",\"isPartOf\":{\"@id\":\"https:\\\/\\\/www.visitamalfi.info\\\/fr\\\/#website\"},\"primaryImageOfPage\":{\"@id\":\"https:\\\/\\\/www.visitamalfi.info\\\/fr\\\/\u00e9v\u00e9nement\\\/le-plus-long-reveillon-ditalie-a-amalfi\\\/#primaryimage\"},\"image\":{\"@id\":\"https:\\\/\\\/www.visitamalfi.info\\\/fr\\\/\u00e9v\u00e9nement\\\/le-plus-long-reveillon-ditalie-a-amalfi\\\/#primaryimage\"},\"thumbnailUrl\":\"https:\\\/\\\/www.visitamalfi.info\\\/wp-content\\\/uploads\\\/2025\\\/12\\\/ANA_3007-prova-@emanueleanastasioph-fuochi-capodanno-2024-copia.jpg\",\"datePublished\":\"2025-12-01T15:13:28+00:00\",\"breadcrumb\":{\"@id\":\"https:\\\/\\\/www.visitamalfi.info\\\/fr\\\/\u00e9v\u00e9nement\\\/le-plus-long-reveillon-ditalie-a-amalfi\\\/#breadcrumb\"},\"inLanguage\":\"fr-FR\",\"potentialAction\":[{\"@type\":\"ReadAction\",\"target\":[\"https:\\\/\\\/www.visitamalfi.info\\\/fr\\\/\u00e9v\u00e9nement\\\/le-plus-long-reveillon-ditalie-a-amalfi\\\/\"]}]},{\"@type\":\"ImageObject\",\"inLanguage\":\"fr-FR\",\"@id\":\"https:\\\/\\\/www.visitamalfi.info\\\/fr\\\/\u00e9v\u00e9nement\\\/le-plus-long-reveillon-ditalie-a-amalfi\\\/#primaryimage\",\"url\":\"https:\\\/\\\/www.visitamalfi.info\\\/wp-content\\\/uploads\\\/2025\\\/12\\\/ANA_3007-prova-@emanueleanastasioph-fuochi-capodanno-2024-copia.jpg\",\"contentUrl\":\"https:\\\/\\\/www.visitamalfi.info\\\/wp-content\\\/uploads\\\/2025\\\/12\\\/ANA_3007-prova-@emanueleanastasioph-fuochi-capodanno-2024-copia.jpg\",\"width\":1920,\"height\":1280},{\"@type\":\"BreadcrumbList\",\"@id\":\"https:\\\/\\\/www.visitamalfi.info\\\/fr\\\/\u00e9v\u00e9nement\\\/le-plus-long-reveillon-ditalie-a-amalfi\\\/#breadcrumb\",\"itemListElement\":[{\"@type\":\"ListItem\",\"position\":1,\"name\":\"Home\",\"item\":\"https:\\\/\\\/www.visitamalfi.info\\\/fr\\\/\"},{\"@type\":\"ListItem\",\"position\":2,\"name\":\"\u00c9v\u00e8nements\",\"item\":\"https:\\\/\\\/www.visitamalfi.info\\\/fr\\\/eventi\\\/\"},{\"@type\":\"ListItem\",\"position\":3,\"name\":\"Le plus long r\u00e9veillon d&#8217;Italie \u00e0 Amalfi\"}]},{\"@type\":\"WebSite\",\"@id\":\"https:\\\/\\\/www.visitamalfi.info\\\/fr\\\/#website\",\"url\":\"https:\\\/\\\/www.visitamalfi.info\\\/fr\\\/\",\"name\":\"Visit Amalfi\",\"description\":\"Amalfi Destination Official Website\",\"publisher\":{\"@id\":\"https:\\\/\\\/www.visitamalfi.info\\\/fr\\\/#organization\"},\"potentialAction\":[{\"@type\":\"SearchAction\",\"target\":{\"@type\":\"EntryPoint\",\"urlTemplate\":\"https:\\\/\\\/www.visitamalfi.info\\\/fr\\\/?s={search_term_string}\"},\"query-input\":{\"@type\":\"PropertyValueSpecification\",\"valueRequired\":true,\"valueName\":\"search_term_string\"}}],\"inLanguage\":\"fr-FR\"},{\"@type\":\"Organization\",\"@id\":\"https:\\\/\\\/www.visitamalfi.info\\\/fr\\\/#organization\",\"name\":\"Visit Amalfi\",\"url\":\"https:\\\/\\\/www.visitamalfi.info\\\/fr\\\/\",\"logo\":{\"@type\":\"ImageObject\",\"inLanguage\":\"fr-FR\",\"@id\":\"https:\\\/\\\/www.visitamalfi.info\\\/fr\\\/#\\\/schema\\\/logo\\\/image\\\/\",\"url\":\"https:\\\/\\\/www.visitamalfi.info\\\/wp-content\\\/uploads\\\/2023\\\/04\\\/visit-amalfi-logo-web.png\",\"contentUrl\":\"https:\\\/\\\/www.visitamalfi.info\\\/wp-content\\\/uploads\\\/2023\\\/04\\\/visit-amalfi-logo-web.png\",\"width\":800,\"height\":870,\"caption\":\"Visit Amalfi\"},\"image\":{\"@id\":\"https:\\\/\\\/www.visitamalfi.info\\\/fr\\\/#\\\/schema\\\/logo\\\/image\\\/\"},\"sameAs\":[\"https:\\\/\\\/www.facebook.com\\\/visitamalfiofficial\",\"https:\\\/\\\/www.instagram.com\\\/visitamalfiofficial\\\/\"]}]}<\/script>\n<!-- \/ Yoast SEO plugin. -->","yoast_head_json":{"title":"Le plus long r\u00e9veillon d'Italie \u00e0 Amalfi - Visit Amalfi","robots":{"index":"index","follow":"follow","max-snippet":"max-snippet:-1","max-image-preview":"max-image-preview:large","max-video-preview":"max-video-preview:-1"},"canonical":"https:\/\/www.visitamalfi.info\/fr\/\u00e9v\u00e9nement\/le-plus-long-reveillon-ditalie-a-amalfi\/","og_locale":"fr_FR","og_type":"article","og_title":"Le plus long r\u00e9veillon d'Italie \u00e0 Amalfi - Visit Amalfi","og_description":"Mercredi 31 d\u00e9cembre h 15:30, Amalfi &#8211; Piazza Duomo #NYEAMALFI &#8211; Le plus long r\u00e9veillon du Nouvel An en Italie Dans l&#8217;apr\u00e8s-midi, le r\u00e9veillon de la c\u00f4te amalfitaine sera officiellement [&hellip;]","og_url":"https:\/\/www.visitamalfi.info\/fr\/\u00e9v\u00e9nement\/le-plus-long-reveillon-ditalie-a-amalfi\/","og_site_name":"Visit Amalfi","article_publisher":"https:\/\/www.facebook.com\/visitamalfiofficial","og_image":[{"width":1920,"height":1280,"url":"https:\/\/www.visitamalfi.info\/wp-content\/uploads\/2025\/12\/ANA_3007-prova-@emanueleanastasioph-fuochi-capodanno-2024-copia.jpg","type":"image\/jpeg"}],"twitter_card":"summary_large_image","twitter_misc":{"Dur\u00e9e de lecture estim\u00e9e":"2 minutes"},"schema":{"@context":"https:\/\/schema.org","@graph":[{"@type":"WebPage","@id":"https:\/\/www.visitamalfi.info\/fr\/\u00e9v\u00e9nement\/le-plus-long-reveillon-ditalie-a-amalfi\/","url":"https:\/\/www.visitamalfi.info\/fr\/\u00e9v\u00e9nement\/le-plus-long-reveillon-ditalie-a-amalfi\/","name":"Le plus long r\u00e9veillon d'Italie \u00e0 Amalfi - Visit Amalfi","isPartOf":{"@id":"https:\/\/www.visitamalfi.info\/fr\/#website"},"primaryImageOfPage":{"@id":"https:\/\/www.visitamalfi.info\/fr\/\u00e9v\u00e9nement\/le-plus-long-reveillon-ditalie-a-amalfi\/#primaryimage"},"image":{"@id":"https:\/\/www.visitamalfi.info\/fr\/\u00e9v\u00e9nement\/le-plus-long-reveillon-ditalie-a-amalfi\/#primaryimage"},"thumbnailUrl":"https:\/\/www.visitamalfi.info\/wp-content\/uploads\/2025\/12\/ANA_3007-prova-@emanueleanastasioph-fuochi-capodanno-2024-copia.jpg","datePublished":"2025-12-01T15:13:28+00:00","breadcrumb":{"@id":"https:\/\/www.visitamalfi.info\/fr\/\u00e9v\u00e9nement\/le-plus-long-reveillon-ditalie-a-amalfi\/#breadcrumb"},"inLanguage":"fr-FR","potentialAction":[{"@type":"ReadAction","target":["https:\/\/www.visitamalfi.info\/fr\/\u00e9v\u00e9nement\/le-plus-long-reveillon-ditalie-a-amalfi\/"]}]},{"@type":"ImageObject","inLanguage":"fr-FR","@id":"https:\/\/www.visitamalfi.info\/fr\/\u00e9v\u00e9nement\/le-plus-long-reveillon-ditalie-a-amalfi\/#primaryimage","url":"https:\/\/www.visitamalfi.info\/wp-content\/uploads\/2025\/12\/ANA_3007-prova-@emanueleanastasioph-fuochi-capodanno-2024-copia.jpg","contentUrl":"https:\/\/www.visitamalfi.info\/wp-content\/uploads\/2025\/12\/ANA_3007-prova-@emanueleanastasioph-fuochi-capodanno-2024-copia.jpg","width":1920,"height":1280},{"@type":"BreadcrumbList","@id":"https:\/\/www.visitamalfi.info\/fr\/\u00e9v\u00e9nement\/le-plus-long-reveillon-ditalie-a-amalfi\/#breadcrumb","itemListElement":[{"@type":"ListItem","position":1,"name":"Home","item":"https:\/\/www.visitamalfi.info\/fr\/"},{"@type":"ListItem","position":2,"name":"\u00c9v\u00e8nements","item":"https:\/\/www.visitamalfi.info\/fr\/eventi\/"},{"@type":"ListItem","position":3,"name":"Le plus long r\u00e9veillon d&#8217;Italie \u00e0 Amalfi"}]},{"@type":"WebSite","@id":"https:\/\/www.visitamalfi.info\/fr\/#website","url":"https:\/\/www.visitamalfi.info\/fr\/","name":"Visit Amalfi","description":"Amalfi Destination Official Website","publisher":{"@id":"https:\/\/www.visitamalfi.info\/fr\/#organization"},"potentialAction":[{"@type":"SearchAction","target":{"@type":"EntryPoint","urlTemplate":"https:\/\/www.visitamalfi.info\/fr\/?s={search_term_string}"},"query-input":{"@type":"PropertyValueSpecification","valueRequired":true,"valueName":"search_term_string"}}],"inLanguage":"fr-FR"},{"@type":"Organization","@id":"https:\/\/www.visitamalfi.info\/fr\/#organization","name":"Visit Amalfi","url":"https:\/\/www.visitamalfi.info\/fr\/","logo":{"@type":"ImageObject","inLanguage":"fr-FR","@id":"https:\/\/www.visitamalfi.info\/fr\/#\/schema\/logo\/image\/","url":"https:\/\/www.visitamalfi.info\/wp-content\/uploads\/2023\/04\/visit-amalfi-logo-web.png","contentUrl":"https:\/\/www.visitamalfi.info\/wp-content\/uploads\/2023\/04\/visit-amalfi-logo-web.png","width":800,"height":870,"caption":"Visit Amalfi"},"image":{"@id":"https:\/\/www.visitamalfi.info\/fr\/#\/schema\/logo\/image\/"},"sameAs":["https:\/\/www.facebook.com\/visitamalfiofficial","https:\/\/www.instagram.com\/visitamalfiofficial\/"]}]}},"_links":{"self":[{"href":"https:\/\/www.visitamalfi.info\/fr\/wp-json\/wp\/v2\/tribe_events\/23427","targetHints":{"allow":["GET"]}}],"collection":[{"href":"https:\/\/www.visitamalfi.info\/fr\/wp-json\/wp\/v2\/tribe_events"}],"about":[{"href":"https:\/\/www.visitamalfi.info\/fr\/wp-json\/wp\/v2\/types\/tribe_events"}],"author":[{"embeddable":true,"href":"https:\/\/www.visitamalfi.info\/fr\/wp-json\/wp\/v2\/users\/7"}],"version-history":[{"count":0,"href":"https:\/\/www.visitamalfi.info\/fr\/wp-json\/wp\/v2\/tribe_events\/23427\/revisions"}],"wp:featuredmedia":[{"embeddable":true,"href":"https:\/\/www.visitamalfi.info\/fr\/wp-json\/wp\/v2\/media\/23356"}],"wp:attachment":[{"href":"https:\/\/www.visitamalfi.info\/fr\/wp-json\/wp\/v2\/media?parent=23427"}],"wp:term":[{"taxonomy":"post_tag","embeddable":true,"href":"https:\/\/www.visitamalfi.info\/fr\/wp-json\/wp\/v2\/tags?post=23427"},{"taxonomy":"tribe_events_cat","embeddable":true,"href":"https:\/\/www.visitamalfi.info\/fr\/wp-json\/wp\/v2\/tribe_events_cat?post=23427"}],"curies":[{"name":"wp","href":"https:\/\/api.w.org\/{rel}","templated":true}]}}