{"id":23398,"date":"2025-12-01T21:01:40","date_gmt":"2025-12-01T20:01:40","guid":{"rendered":"https:\/\/www.visitamalfi.info\/evento\/rassegna-musicale-incanti-dautore-concert-de-la-compagnia-daltrocanto-racconti-sotto-lalbero-del-natale-e-di-altre-storie-contes-sous-le-sapin-a-propos-de-noel-et-dautres-histoires\/"},"modified":"2025-12-01T21:01:40","modified_gmt":"2025-12-01T20:01:40","slug":"rassegna-musicale-incanti-dautore-concert-de-la-compagnia-daltrocanto-racconti-sotto-lalbero-del-natale-e-di-altre-storie-contes-sous-le-sapin-a-propos-de-noel-et-dautres-histoires","status":"publish","type":"tribe_events","link":"https:\/\/www.visitamalfi.info\/fr\/\u00e9v\u00e9nement\/rassegna-musicale-incanti-dautore-concert-de-la-compagnia-daltrocanto-racconti-sotto-lalbero-del-natale-e-di-altre-storie-contes-sous-le-sapin-a-propos-de-noel-et-dautres-histoires\/","title":{"rendered":"Rassegna Musicale InCanti d&#8217;Autore &#8211; Concert de la Compagnia Daltrocanto &#8220;Racconti sotto l&#8217;albero &#8211; Del natale e di altre storie&#8221; (Contes sous le sapin &#8211; A propos de No\u00ebl et d&#8217;autres histoires)"},"content":{"rendered":"<div><\/div>\n<div>\n<p>Rassegna Musicale InCanti d\u2019Autore &#8211; Concerto della Compagnia Daltrocanto \u201cRacconti sotto l\u2019albero \u2013 Del natale e di altre storie\u201d<\/p>\n<\/div>\n<div>\n<p>La musique et les r\u00e9cits emm\u00e8neront le public dans un voyage passionnant \u00e0 travers les histoires, les mythes et les l\u00e9gendes du sud de l&#8217;Italie, racont\u00e9s par la rencontre entre les instruments traditionnels tels que la cornemuse, la guitare battante, les tambours sur cadre et les sons modernes du violon, de la guitare, de la basse et de la batterie.<\/p>\n<\/div>\n<div>\n<p>Un voyage \u00e0 travers des chansons et des histoires courtes : du berger Benino aux mythes d&#8217;Enrico et de Palinuro, des berceuses d\u00e9di\u00e9es aux migrants aux souvenirs des \u00e9migr\u00e9s des ann\u00e9es 1950, jusqu&#8217;aux suggestions les plus intimes de No\u00ebl. Un entrelacement de vie, d&#8217;amour, d&#8217;id\u00e9aux et de traditions, dans un dialogue continu entre le sacr\u00e9 et le profane. Avec Antonio Giordano \u00e0 la cornemuse, \u00e0 la guitare battante et au chant, Bruno Mauro \u00e0 la guitare, Flavio Giordano \u00e0 la basse, Mario Villani \u00e0 la batterie, Osvaldo Costabile au violon, Luca Lanzara \u00e0 la mandole et \u00e0 la batterie, Imma Barbarulo au chant, Stefania Chillemi et Valerio Truono \u00e0 la danse et Manuel Mascolo en tant que narrateur.<\/p>\n<\/div>\n","protected":false},"excerpt":{"rendered":"<p>Rassegna Musicale InCanti d\u2019Autore &#8211; Concerto della Compagnia Daltrocanto \u201cRacconti sotto l\u2019albero \u2013 Del natale e di altre storie\u201d La musique et les r\u00e9cits emm\u00e8neront le public dans un voyage [&hellip;]<\/p>\n","protected":false},"author":7,"featured_media":22910,"template":"","meta":{"inline_featured_image":false,"_tribe_events_status":"","_tribe_events_status_reason":"","footnotes":""},"tags":[],"tribe_events_cat":[],"class_list":["post-23398","tribe_events","type-tribe_events","status-publish","has-post-thumbnail","hentry"],"yoast_head":"<!-- This site is optimized with the Yoast SEO plugin v27.3 - https:\/\/yoast.com\/product\/yoast-seo-wordpress\/ -->\n<title>Rassegna Musicale InCanti d&#039;Autore - Concert de la Compagnia Daltrocanto &quot;Racconti sotto l&#039;albero - Del natale e di altre storie&quot; (Contes sous le sapin - A propos de No\u00ebl et d&#039;autres histoires) - Visit Amalfi<\/title>\n<meta name=\"robots\" content=\"index, follow, max-snippet:-1, max-image-preview:large, max-video-preview:-1\" \/>\n<link rel=\"canonical\" href=\"https:\/\/www.visitamalfi.info\/fr\/\u00e9v\u00e9nement\/rassegna-musicale-incanti-dautore-concert-de-la-compagnia-daltrocanto-racconti-sotto-lalbero-del-natale-e-di-altre-storie-contes-sous-le-sapin-a-propos-de-noel-et-dautres-histoires\/\" \/>\n<meta property=\"og:locale\" content=\"fr_FR\" \/>\n<meta property=\"og:type\" content=\"article\" \/>\n<meta property=\"og:title\" content=\"Rassegna Musicale InCanti d&#039;Autore - Concert de la Compagnia Daltrocanto &quot;Racconti sotto l&#039;albero - Del natale e di altre storie&quot; (Contes sous le sapin - A propos de No\u00ebl et d&#039;autres histoires) - Visit Amalfi\" \/>\n<meta property=\"og:description\" content=\"Rassegna Musicale InCanti d\u2019Autore &#8211; Concerto della Compagnia Daltrocanto \u201cRacconti sotto l\u2019albero \u2013 Del natale e di altre storie\u201d La musique et les r\u00e9cits emm\u00e8neront le public dans un voyage [&hellip;]\" \/>\n<meta property=\"og:url\" content=\"https:\/\/www.visitamalfi.info\/fr\/\u00e9v\u00e9nement\/rassegna-musicale-incanti-dautore-concert-de-la-compagnia-daltrocanto-racconti-sotto-lalbero-del-natale-e-di-altre-storie-contes-sous-le-sapin-a-propos-de-noel-et-dautres-histoires\/\" \/>\n<meta property=\"og:site_name\" content=\"Visit Amalfi\" \/>\n<meta property=\"article:publisher\" content=\"https:\/\/www.facebook.com\/visitamalfiofficial\" \/>\n<meta property=\"og:image\" content=\"https:\/\/www.visitamalfi.info\/wp-content\/uploads\/2025\/09\/Arsenale_navata-sinistra.jpg\" \/>\n\t<meta property=\"og:image:width\" content=\"845\" \/>\n\t<meta property=\"og:image:height\" content=\"1266\" \/>\n\t<meta property=\"og:image:type\" content=\"image\/jpeg\" \/>\n<meta name=\"twitter:card\" content=\"summary_large_image\" \/>\n<meta name=\"twitter:label1\" content=\"Dur\u00e9e de lecture estim\u00e9e\" \/>\n\t<meta name=\"twitter:data1\" content=\"1 minute\" \/>\n<script type=\"application\/ld+json\" class=\"yoast-schema-graph\">{\"@context\":\"https:\\\/\\\/schema.org\",\"@graph\":[{\"@type\":\"WebPage\",\"@id\":\"https:\\\/\\\/www.visitamalfi.info\\\/fr\\\/\u00e9v\u00e9nement\\\/rassegna-musicale-incanti-dautore-concert-de-la-compagnia-daltrocanto-racconti-sotto-lalbero-del-natale-e-di-altre-storie-contes-sous-le-sapin-a-propos-de-noel-et-dautres-histoires\\\/\",\"url\":\"https:\\\/\\\/www.visitamalfi.info\\\/fr\\\/\u00e9v\u00e9nement\\\/rassegna-musicale-incanti-dautore-concert-de-la-compagnia-daltrocanto-racconti-sotto-lalbero-del-natale-e-di-altre-storie-contes-sous-le-sapin-a-propos-de-noel-et-dautres-histoires\\\/\",\"name\":\"Rassegna Musicale InCanti d'Autore - Concert de la Compagnia Daltrocanto \\\"Racconti sotto l'albero - Del natale e di altre storie\\\" (Contes sous le sapin - A propos de No\u00ebl et d'autres histoires) - Visit Amalfi\",\"isPartOf\":{\"@id\":\"https:\\\/\\\/www.visitamalfi.info\\\/fr\\\/#website\"},\"primaryImageOfPage\":{\"@id\":\"https:\\\/\\\/www.visitamalfi.info\\\/fr\\\/\u00e9v\u00e9nement\\\/rassegna-musicale-incanti-dautore-concert-de-la-compagnia-daltrocanto-racconti-sotto-lalbero-del-natale-e-di-altre-storie-contes-sous-le-sapin-a-propos-de-noel-et-dautres-histoires\\\/#primaryimage\"},\"image\":{\"@id\":\"https:\\\/\\\/www.visitamalfi.info\\\/fr\\\/\u00e9v\u00e9nement\\\/rassegna-musicale-incanti-dautore-concert-de-la-compagnia-daltrocanto-racconti-sotto-lalbero-del-natale-e-di-altre-storie-contes-sous-le-sapin-a-propos-de-noel-et-dautres-histoires\\\/#primaryimage\"},\"thumbnailUrl\":\"https:\\\/\\\/www.visitamalfi.info\\\/wp-content\\\/uploads\\\/2025\\\/09\\\/Arsenale_navata-sinistra.jpg\",\"datePublished\":\"2025-12-01T20:01:40+00:00\",\"breadcrumb\":{\"@id\":\"https:\\\/\\\/www.visitamalfi.info\\\/fr\\\/\u00e9v\u00e9nement\\\/rassegna-musicale-incanti-dautore-concert-de-la-compagnia-daltrocanto-racconti-sotto-lalbero-del-natale-e-di-altre-storie-contes-sous-le-sapin-a-propos-de-noel-et-dautres-histoires\\\/#breadcrumb\"},\"inLanguage\":\"fr-FR\",\"potentialAction\":[{\"@type\":\"ReadAction\",\"target\":[\"https:\\\/\\\/www.visitamalfi.info\\\/fr\\\/\u00e9v\u00e9nement\\\/rassegna-musicale-incanti-dautore-concert-de-la-compagnia-daltrocanto-racconti-sotto-lalbero-del-natale-e-di-altre-storie-contes-sous-le-sapin-a-propos-de-noel-et-dautres-histoires\\\/\"]}]},{\"@type\":\"ImageObject\",\"inLanguage\":\"fr-FR\",\"@id\":\"https:\\\/\\\/www.visitamalfi.info\\\/fr\\\/\u00e9v\u00e9nement\\\/rassegna-musicale-incanti-dautore-concert-de-la-compagnia-daltrocanto-racconti-sotto-lalbero-del-natale-e-di-altre-storie-contes-sous-le-sapin-a-propos-de-noel-et-dautres-histoires\\\/#primaryimage\",\"url\":\"https:\\\/\\\/www.visitamalfi.info\\\/wp-content\\\/uploads\\\/2025\\\/09\\\/Arsenale_navata-sinistra.jpg\",\"contentUrl\":\"https:\\\/\\\/www.visitamalfi.info\\\/wp-content\\\/uploads\\\/2025\\\/09\\\/Arsenale_navata-sinistra.jpg\",\"width\":845,\"height\":1266},{\"@type\":\"BreadcrumbList\",\"@id\":\"https:\\\/\\\/www.visitamalfi.info\\\/fr\\\/\u00e9v\u00e9nement\\\/rassegna-musicale-incanti-dautore-concert-de-la-compagnia-daltrocanto-racconti-sotto-lalbero-del-natale-e-di-altre-storie-contes-sous-le-sapin-a-propos-de-noel-et-dautres-histoires\\\/#breadcrumb\",\"itemListElement\":[{\"@type\":\"ListItem\",\"position\":1,\"name\":\"Home\",\"item\":\"https:\\\/\\\/www.visitamalfi.info\\\/fr\\\/\"},{\"@type\":\"ListItem\",\"position\":2,\"name\":\"\u00c9v\u00e8nements\",\"item\":\"https:\\\/\\\/www.visitamalfi.info\\\/fr\\\/eventi\\\/\"},{\"@type\":\"ListItem\",\"position\":3,\"name\":\"Rassegna Musicale InCanti d&#8217;Autore &#8211; Concert de la Compagnia Daltrocanto &#8220;Racconti sotto l&#8217;albero &#8211; Del natale e di altre storie&#8221; (Contes sous le sapin &#8211; A propos de No\u00ebl et d&#8217;autres histoires)\"}]},{\"@type\":\"WebSite\",\"@id\":\"https:\\\/\\\/www.visitamalfi.info\\\/fr\\\/#website\",\"url\":\"https:\\\/\\\/www.visitamalfi.info\\\/fr\\\/\",\"name\":\"Visit Amalfi\",\"description\":\"Amalfi Destination Official Website\",\"publisher\":{\"@id\":\"https:\\\/\\\/www.visitamalfi.info\\\/fr\\\/#organization\"},\"potentialAction\":[{\"@type\":\"SearchAction\",\"target\":{\"@type\":\"EntryPoint\",\"urlTemplate\":\"https:\\\/\\\/www.visitamalfi.info\\\/fr\\\/?s={search_term_string}\"},\"query-input\":{\"@type\":\"PropertyValueSpecification\",\"valueRequired\":true,\"valueName\":\"search_term_string\"}}],\"inLanguage\":\"fr-FR\"},{\"@type\":\"Organization\",\"@id\":\"https:\\\/\\\/www.visitamalfi.info\\\/fr\\\/#organization\",\"name\":\"Visit Amalfi\",\"url\":\"https:\\\/\\\/www.visitamalfi.info\\\/fr\\\/\",\"logo\":{\"@type\":\"ImageObject\",\"inLanguage\":\"fr-FR\",\"@id\":\"https:\\\/\\\/www.visitamalfi.info\\\/fr\\\/#\\\/schema\\\/logo\\\/image\\\/\",\"url\":\"https:\\\/\\\/www.visitamalfi.info\\\/wp-content\\\/uploads\\\/2023\\\/04\\\/visit-amalfi-logo-web.png\",\"contentUrl\":\"https:\\\/\\\/www.visitamalfi.info\\\/wp-content\\\/uploads\\\/2023\\\/04\\\/visit-amalfi-logo-web.png\",\"width\":800,\"height\":870,\"caption\":\"Visit Amalfi\"},\"image\":{\"@id\":\"https:\\\/\\\/www.visitamalfi.info\\\/fr\\\/#\\\/schema\\\/logo\\\/image\\\/\"},\"sameAs\":[\"https:\\\/\\\/www.facebook.com\\\/visitamalfiofficial\",\"https:\\\/\\\/www.instagram.com\\\/visitamalfiofficial\\\/\"]}]}<\/script>\n<!-- \/ Yoast SEO plugin. -->","yoast_head_json":{"title":"Rassegna Musicale InCanti d'Autore - Concert de la Compagnia Daltrocanto \"Racconti sotto l'albero - Del natale e di altre storie\" (Contes sous le sapin - A propos de No\u00ebl et d'autres histoires) - Visit Amalfi","robots":{"index":"index","follow":"follow","max-snippet":"max-snippet:-1","max-image-preview":"max-image-preview:large","max-video-preview":"max-video-preview:-1"},"canonical":"https:\/\/www.visitamalfi.info\/fr\/\u00e9v\u00e9nement\/rassegna-musicale-incanti-dautore-concert-de-la-compagnia-daltrocanto-racconti-sotto-lalbero-del-natale-e-di-altre-storie-contes-sous-le-sapin-a-propos-de-noel-et-dautres-histoires\/","og_locale":"fr_FR","og_type":"article","og_title":"Rassegna Musicale InCanti d'Autore - Concert de la Compagnia Daltrocanto \"Racconti sotto l'albero - Del natale e di altre storie\" (Contes sous le sapin - A propos de No\u00ebl et d'autres histoires) - Visit Amalfi","og_description":"Rassegna Musicale InCanti d\u2019Autore &#8211; Concerto della Compagnia Daltrocanto \u201cRacconti sotto l\u2019albero \u2013 Del natale e di altre storie\u201d La musique et les r\u00e9cits emm\u00e8neront le public dans un voyage [&hellip;]","og_url":"https:\/\/www.visitamalfi.info\/fr\/\u00e9v\u00e9nement\/rassegna-musicale-incanti-dautore-concert-de-la-compagnia-daltrocanto-racconti-sotto-lalbero-del-natale-e-di-altre-storie-contes-sous-le-sapin-a-propos-de-noel-et-dautres-histoires\/","og_site_name":"Visit Amalfi","article_publisher":"https:\/\/www.facebook.com\/visitamalfiofficial","og_image":[{"width":845,"height":1266,"url":"https:\/\/www.visitamalfi.info\/wp-content\/uploads\/2025\/09\/Arsenale_navata-sinistra.jpg","type":"image\/jpeg"}],"twitter_card":"summary_large_image","twitter_misc":{"Dur\u00e9e de lecture estim\u00e9e":"1 minute"},"schema":{"@context":"https:\/\/schema.org","@graph":[{"@type":"WebPage","@id":"https:\/\/www.visitamalfi.info\/fr\/\u00e9v\u00e9nement\/rassegna-musicale-incanti-dautore-concert-de-la-compagnia-daltrocanto-racconti-sotto-lalbero-del-natale-e-di-altre-storie-contes-sous-le-sapin-a-propos-de-noel-et-dautres-histoires\/","url":"https:\/\/www.visitamalfi.info\/fr\/\u00e9v\u00e9nement\/rassegna-musicale-incanti-dautore-concert-de-la-compagnia-daltrocanto-racconti-sotto-lalbero-del-natale-e-di-altre-storie-contes-sous-le-sapin-a-propos-de-noel-et-dautres-histoires\/","name":"Rassegna Musicale InCanti d'Autore - Concert de la Compagnia Daltrocanto \"Racconti sotto l'albero - Del natale e di altre storie\" (Contes sous le sapin - A propos de No\u00ebl et d'autres histoires) - Visit Amalfi","isPartOf":{"@id":"https:\/\/www.visitamalfi.info\/fr\/#website"},"primaryImageOfPage":{"@id":"https:\/\/www.visitamalfi.info\/fr\/\u00e9v\u00e9nement\/rassegna-musicale-incanti-dautore-concert-de-la-compagnia-daltrocanto-racconti-sotto-lalbero-del-natale-e-di-altre-storie-contes-sous-le-sapin-a-propos-de-noel-et-dautres-histoires\/#primaryimage"},"image":{"@id":"https:\/\/www.visitamalfi.info\/fr\/\u00e9v\u00e9nement\/rassegna-musicale-incanti-dautore-concert-de-la-compagnia-daltrocanto-racconti-sotto-lalbero-del-natale-e-di-altre-storie-contes-sous-le-sapin-a-propos-de-noel-et-dautres-histoires\/#primaryimage"},"thumbnailUrl":"https:\/\/www.visitamalfi.info\/wp-content\/uploads\/2025\/09\/Arsenale_navata-sinistra.jpg","datePublished":"2025-12-01T20:01:40+00:00","breadcrumb":{"@id":"https:\/\/www.visitamalfi.info\/fr\/\u00e9v\u00e9nement\/rassegna-musicale-incanti-dautore-concert-de-la-compagnia-daltrocanto-racconti-sotto-lalbero-del-natale-e-di-altre-storie-contes-sous-le-sapin-a-propos-de-noel-et-dautres-histoires\/#breadcrumb"},"inLanguage":"fr-FR","potentialAction":[{"@type":"ReadAction","target":["https:\/\/www.visitamalfi.info\/fr\/\u00e9v\u00e9nement\/rassegna-musicale-incanti-dautore-concert-de-la-compagnia-daltrocanto-racconti-sotto-lalbero-del-natale-e-di-altre-storie-contes-sous-le-sapin-a-propos-de-noel-et-dautres-histoires\/"]}]},{"@type":"ImageObject","inLanguage":"fr-FR","@id":"https:\/\/www.visitamalfi.info\/fr\/\u00e9v\u00e9nement\/rassegna-musicale-incanti-dautore-concert-de-la-compagnia-daltrocanto-racconti-sotto-lalbero-del-natale-e-di-altre-storie-contes-sous-le-sapin-a-propos-de-noel-et-dautres-histoires\/#primaryimage","url":"https:\/\/www.visitamalfi.info\/wp-content\/uploads\/2025\/09\/Arsenale_navata-sinistra.jpg","contentUrl":"https:\/\/www.visitamalfi.info\/wp-content\/uploads\/2025\/09\/Arsenale_navata-sinistra.jpg","width":845,"height":1266},{"@type":"BreadcrumbList","@id":"https:\/\/www.visitamalfi.info\/fr\/\u00e9v\u00e9nement\/rassegna-musicale-incanti-dautore-concert-de-la-compagnia-daltrocanto-racconti-sotto-lalbero-del-natale-e-di-altre-storie-contes-sous-le-sapin-a-propos-de-noel-et-dautres-histoires\/#breadcrumb","itemListElement":[{"@type":"ListItem","position":1,"name":"Home","item":"https:\/\/www.visitamalfi.info\/fr\/"},{"@type":"ListItem","position":2,"name":"\u00c9v\u00e8nements","item":"https:\/\/www.visitamalfi.info\/fr\/eventi\/"},{"@type":"ListItem","position":3,"name":"Rassegna Musicale InCanti d&#8217;Autore &#8211; Concert de la Compagnia Daltrocanto &#8220;Racconti sotto l&#8217;albero &#8211; Del natale e di altre storie&#8221; (Contes sous le sapin &#8211; A propos de No\u00ebl et d&#8217;autres histoires)"}]},{"@type":"WebSite","@id":"https:\/\/www.visitamalfi.info\/fr\/#website","url":"https:\/\/www.visitamalfi.info\/fr\/","name":"Visit Amalfi","description":"Amalfi Destination Official Website","publisher":{"@id":"https:\/\/www.visitamalfi.info\/fr\/#organization"},"potentialAction":[{"@type":"SearchAction","target":{"@type":"EntryPoint","urlTemplate":"https:\/\/www.visitamalfi.info\/fr\/?s={search_term_string}"},"query-input":{"@type":"PropertyValueSpecification","valueRequired":true,"valueName":"search_term_string"}}],"inLanguage":"fr-FR"},{"@type":"Organization","@id":"https:\/\/www.visitamalfi.info\/fr\/#organization","name":"Visit Amalfi","url":"https:\/\/www.visitamalfi.info\/fr\/","logo":{"@type":"ImageObject","inLanguage":"fr-FR","@id":"https:\/\/www.visitamalfi.info\/fr\/#\/schema\/logo\/image\/","url":"https:\/\/www.visitamalfi.info\/wp-content\/uploads\/2023\/04\/visit-amalfi-logo-web.png","contentUrl":"https:\/\/www.visitamalfi.info\/wp-content\/uploads\/2023\/04\/visit-amalfi-logo-web.png","width":800,"height":870,"caption":"Visit Amalfi"},"image":{"@id":"https:\/\/www.visitamalfi.info\/fr\/#\/schema\/logo\/image\/"},"sameAs":["https:\/\/www.facebook.com\/visitamalfiofficial","https:\/\/www.instagram.com\/visitamalfiofficial\/"]}]}},"_links":{"self":[{"href":"https:\/\/www.visitamalfi.info\/fr\/wp-json\/wp\/v2\/tribe_events\/23398","targetHints":{"allow":["GET"]}}],"collection":[{"href":"https:\/\/www.visitamalfi.info\/fr\/wp-json\/wp\/v2\/tribe_events"}],"about":[{"href":"https:\/\/www.visitamalfi.info\/fr\/wp-json\/wp\/v2\/types\/tribe_events"}],"author":[{"embeddable":true,"href":"https:\/\/www.visitamalfi.info\/fr\/wp-json\/wp\/v2\/users\/7"}],"version-history":[{"count":0,"href":"https:\/\/www.visitamalfi.info\/fr\/wp-json\/wp\/v2\/tribe_events\/23398\/revisions"}],"wp:featuredmedia":[{"embeddable":true,"href":"https:\/\/www.visitamalfi.info\/fr\/wp-json\/wp\/v2\/media\/22910"}],"wp:attachment":[{"href":"https:\/\/www.visitamalfi.info\/fr\/wp-json\/wp\/v2\/media?parent=23398"}],"wp:term":[{"taxonomy":"post_tag","embeddable":true,"href":"https:\/\/www.visitamalfi.info\/fr\/wp-json\/wp\/v2\/tags?post=23398"},{"taxonomy":"tribe_events_cat","embeddable":true,"href":"https:\/\/www.visitamalfi.info\/fr\/wp-json\/wp\/v2\/tribe_events_cat?post=23398"}],"curies":[{"name":"wp","href":"https:\/\/api.w.org\/{rel}","templated":true}]}}