{"id":23295,"date":"2025-11-26T10:51:48","date_gmt":"2025-11-26T09:51:48","guid":{"rendered":"https:\/\/www.visitamalfi.info\/evento\/marches-de-noel-au-coeur-damalfi\/"},"modified":"2025-11-26T10:51:48","modified_gmt":"2025-11-26T09:51:48","slug":"marches-de-noel-au-coeur-damalfi","status":"publish","type":"tribe_events","link":"https:\/\/www.visitamalfi.info\/fr\/\u00e9v\u00e9nement\/marches-de-noel-au-coeur-damalfi\/","title":{"rendered":"March\u00e9s de No\u00ebl au c\u0153ur d&#8217;Amalfi"},"content":{"rendered":"<p>Au c\u0153ur d&#8217;Amalfi, No\u00ebl prend vie au milieu des ruelles qui scintillent et des mains qui cr\u00e9ent.<br data-start=\"260\" data-end=\"263\">Chaque stand devient une histoire : des senteurs qui appellent \u00e0 la maison, des couleurs qui r\u00e9chauffent l&#8217;\u00e2me, des objets qui renferment l&#8217;art de leurs cr\u00e9ateurs.<br data-start=\"413\" data-end=\"416\" data-is-only-node=\"\">Entre saveurs authentiques, pi\u00e8ces de cr\u00e9ateurs et petites merveilles vintage, les march\u00e9s transforment la ville en un <strong data-start=\"522\" data-end=\"543\">voyage enchant\u00e9<\/strong>, o\u00f9 le temps ralentit et o\u00f9 chaque d\u00e9couverte devient un souvenir \u00e0 rapporter.<br data-start=\"621\" data-end=\"624\">Une invitation douce et lumineuse \u00e0 vivre la magie des f\u00eates de la mani\u00e8re la plus authentique qui soit : en se laissant enchanter.<\/p>\n<p><i><span style=\"font-weight: 400;\">Organis\u00e9 par l&#8217;association<\/span><\/i><b><i>D2 Events Association<\/i><\/b><\/p>\n<p>Les march\u00e9s auront lieu les jours suivants :<\/p>\n<ul>\n<li><b>Vendredi 28, samedi 29 et dimanche 30 novembre,<\/b><\/li>\n<li><b>Vendredi 5, samedi 6 et dimanche 7 d\u00e9cembre.<\/b><\/li>\n<\/ul>\n<p><b>h 10.00 &#8211; 22.00, <\/b><span style=\"font-weight: 400;\">Amalfi &#8211; Piazza Municipio<\/span><\/p>\n","protected":false},"excerpt":{"rendered":"<p>Au c\u0153ur d&#8217;Amalfi, la lumi\u00e8re de No\u00ebl s&#8217;allume parmi les parfums, les couleurs et les cr\u00e9ations qui racontent la tradition et la magie. Saveurs authentiques, artisanat design et tr\u00e9sors vintage, les march\u00e9s deviennent un petit voyage enchant\u00e9, un doux souvenir de f\u00eate.<\/p>\n","protected":false},"author":7,"featured_media":23290,"template":"","meta":{"inline_featured_image":false,"_tribe_events_status":"","_tribe_events_status_reason":"","footnotes":""},"tags":[],"tribe_events_cat":[1228,397],"class_list":["post-23295","tribe_events","type-tribe_events","status-publish","has-post-thumbnail","hentry","tribe_events_cat-noel","tribe_events_cat-tradizione-fr","cat_noel","cat_tradizione-fr"],"yoast_head":"<!-- This site is optimized with the Yoast SEO plugin v27.3 - https:\/\/yoast.com\/product\/yoast-seo-wordpress\/ -->\n<title>March\u00e9s de No\u00ebl au c\u0153ur d&#039;Amalfi - Visit Amalfi<\/title>\n<meta name=\"robots\" content=\"index, follow, max-snippet:-1, max-image-preview:large, max-video-preview:-1\" \/>\n<link rel=\"canonical\" href=\"https:\/\/www.visitamalfi.info\/fr\/\u00e9v\u00e9nement\/marches-de-noel-au-coeur-damalfi\/\" \/>\n<meta property=\"og:locale\" content=\"fr_FR\" \/>\n<meta property=\"og:type\" content=\"article\" \/>\n<meta property=\"og:title\" content=\"March\u00e9s de No\u00ebl au c\u0153ur d&#039;Amalfi - Visit Amalfi\" \/>\n<meta property=\"og:description\" content=\"Au c\u0153ur d&#039;Amalfi, la lumi\u00e8re de No\u00ebl s&#039;allume parmi les parfums, les couleurs et les cr\u00e9ations qui racontent la tradition et la magie. Saveurs authentiques, artisanat design et tr\u00e9sors vintage, les march\u00e9s deviennent un petit voyage enchant\u00e9, un doux souvenir de f\u00eate.\" \/>\n<meta property=\"og:url\" content=\"https:\/\/www.visitamalfi.info\/fr\/\u00e9v\u00e9nement\/marches-de-noel-au-coeur-damalfi\/\" \/>\n<meta property=\"og:site_name\" content=\"Visit Amalfi\" \/>\n<meta property=\"article:publisher\" content=\"https:\/\/www.facebook.com\/visitamalfiofficial\" \/>\n<meta property=\"og:image\" content=\"https:\/\/www.visitamalfi.info\/wp-content\/uploads\/2025\/11\/WhatsApp-Image-2025-11-26-at-10.44.13-e1764150656594.jpeg\" \/>\n\t<meta property=\"og:image:width\" content=\"1119\" \/>\n\t<meta property=\"og:image:height\" content=\"1600\" \/>\n\t<meta property=\"og:image:type\" content=\"image\/jpeg\" \/>\n<meta name=\"twitter:card\" content=\"summary_large_image\" \/>\n<meta name=\"twitter:label1\" content=\"Dur\u00e9e de lecture estim\u00e9e\" \/>\n\t<meta name=\"twitter:data1\" content=\"1 minute\" \/>\n<script type=\"application\/ld+json\" class=\"yoast-schema-graph\">{\"@context\":\"https:\\\/\\\/schema.org\",\"@graph\":[{\"@type\":\"WebPage\",\"@id\":\"https:\\\/\\\/www.visitamalfi.info\\\/fr\\\/\u00e9v\u00e9nement\\\/marches-de-noel-au-coeur-damalfi\\\/\",\"url\":\"https:\\\/\\\/www.visitamalfi.info\\\/fr\\\/\u00e9v\u00e9nement\\\/marches-de-noel-au-coeur-damalfi\\\/\",\"name\":\"March\u00e9s de No\u00ebl au c\u0153ur d'Amalfi - Visit Amalfi\",\"isPartOf\":{\"@id\":\"https:\\\/\\\/www.visitamalfi.info\\\/fr\\\/#website\"},\"primaryImageOfPage\":{\"@id\":\"https:\\\/\\\/www.visitamalfi.info\\\/fr\\\/\u00e9v\u00e9nement\\\/marches-de-noel-au-coeur-damalfi\\\/#primaryimage\"},\"image\":{\"@id\":\"https:\\\/\\\/www.visitamalfi.info\\\/fr\\\/\u00e9v\u00e9nement\\\/marches-de-noel-au-coeur-damalfi\\\/#primaryimage\"},\"thumbnailUrl\":\"https:\\\/\\\/www.visitamalfi.info\\\/wp-content\\\/uploads\\\/2025\\\/11\\\/WhatsApp-Image-2025-11-26-at-10.44.13-e1764150656594.jpeg\",\"datePublished\":\"2025-11-26T09:51:48+00:00\",\"breadcrumb\":{\"@id\":\"https:\\\/\\\/www.visitamalfi.info\\\/fr\\\/\u00e9v\u00e9nement\\\/marches-de-noel-au-coeur-damalfi\\\/#breadcrumb\"},\"inLanguage\":\"fr-FR\",\"potentialAction\":[{\"@type\":\"ReadAction\",\"target\":[\"https:\\\/\\\/www.visitamalfi.info\\\/fr\\\/\u00e9v\u00e9nement\\\/marches-de-noel-au-coeur-damalfi\\\/\"]}]},{\"@type\":\"ImageObject\",\"inLanguage\":\"fr-FR\",\"@id\":\"https:\\\/\\\/www.visitamalfi.info\\\/fr\\\/\u00e9v\u00e9nement\\\/marches-de-noel-au-coeur-damalfi\\\/#primaryimage\",\"url\":\"https:\\\/\\\/www.visitamalfi.info\\\/wp-content\\\/uploads\\\/2025\\\/11\\\/WhatsApp-Image-2025-11-26-at-10.44.13-e1764150656594.jpeg\",\"contentUrl\":\"https:\\\/\\\/www.visitamalfi.info\\\/wp-content\\\/uploads\\\/2025\\\/11\\\/WhatsApp-Image-2025-11-26-at-10.44.13-e1764150656594.jpeg\",\"width\":1119,\"height\":1600},{\"@type\":\"BreadcrumbList\",\"@id\":\"https:\\\/\\\/www.visitamalfi.info\\\/fr\\\/\u00e9v\u00e9nement\\\/marches-de-noel-au-coeur-damalfi\\\/#breadcrumb\",\"itemListElement\":[{\"@type\":\"ListItem\",\"position\":1,\"name\":\"Home\",\"item\":\"https:\\\/\\\/www.visitamalfi.info\\\/fr\\\/\"},{\"@type\":\"ListItem\",\"position\":2,\"name\":\"\u00c9v\u00e8nements\",\"item\":\"https:\\\/\\\/www.visitamalfi.info\\\/fr\\\/eventi\\\/\"},{\"@type\":\"ListItem\",\"position\":3,\"name\":\"March\u00e9s de No\u00ebl au c\u0153ur d&#8217;Amalfi\"}]},{\"@type\":\"WebSite\",\"@id\":\"https:\\\/\\\/www.visitamalfi.info\\\/fr\\\/#website\",\"url\":\"https:\\\/\\\/www.visitamalfi.info\\\/fr\\\/\",\"name\":\"Visit Amalfi\",\"description\":\"Amalfi Destination Official Website\",\"publisher\":{\"@id\":\"https:\\\/\\\/www.visitamalfi.info\\\/fr\\\/#organization\"},\"potentialAction\":[{\"@type\":\"SearchAction\",\"target\":{\"@type\":\"EntryPoint\",\"urlTemplate\":\"https:\\\/\\\/www.visitamalfi.info\\\/fr\\\/?s={search_term_string}\"},\"query-input\":{\"@type\":\"PropertyValueSpecification\",\"valueRequired\":true,\"valueName\":\"search_term_string\"}}],\"inLanguage\":\"fr-FR\"},{\"@type\":\"Organization\",\"@id\":\"https:\\\/\\\/www.visitamalfi.info\\\/fr\\\/#organization\",\"name\":\"Visit Amalfi\",\"url\":\"https:\\\/\\\/www.visitamalfi.info\\\/fr\\\/\",\"logo\":{\"@type\":\"ImageObject\",\"inLanguage\":\"fr-FR\",\"@id\":\"https:\\\/\\\/www.visitamalfi.info\\\/fr\\\/#\\\/schema\\\/logo\\\/image\\\/\",\"url\":\"https:\\\/\\\/www.visitamalfi.info\\\/wp-content\\\/uploads\\\/2023\\\/04\\\/visit-amalfi-logo-web.png\",\"contentUrl\":\"https:\\\/\\\/www.visitamalfi.info\\\/wp-content\\\/uploads\\\/2023\\\/04\\\/visit-amalfi-logo-web.png\",\"width\":800,\"height\":870,\"caption\":\"Visit Amalfi\"},\"image\":{\"@id\":\"https:\\\/\\\/www.visitamalfi.info\\\/fr\\\/#\\\/schema\\\/logo\\\/image\\\/\"},\"sameAs\":[\"https:\\\/\\\/www.facebook.com\\\/visitamalfiofficial\",\"https:\\\/\\\/www.instagram.com\\\/visitamalfiofficial\\\/\"]}]}<\/script>\n<!-- \/ Yoast SEO plugin. -->","yoast_head_json":{"title":"March\u00e9s de No\u00ebl au c\u0153ur d'Amalfi - Visit Amalfi","robots":{"index":"index","follow":"follow","max-snippet":"max-snippet:-1","max-image-preview":"max-image-preview:large","max-video-preview":"max-video-preview:-1"},"canonical":"https:\/\/www.visitamalfi.info\/fr\/\u00e9v\u00e9nement\/marches-de-noel-au-coeur-damalfi\/","og_locale":"fr_FR","og_type":"article","og_title":"March\u00e9s de No\u00ebl au c\u0153ur d'Amalfi - Visit Amalfi","og_description":"Au c\u0153ur d'Amalfi, la lumi\u00e8re de No\u00ebl s'allume parmi les parfums, les couleurs et les cr\u00e9ations qui racontent la tradition et la magie. Saveurs authentiques, artisanat design et tr\u00e9sors vintage, les march\u00e9s deviennent un petit voyage enchant\u00e9, un doux souvenir de f\u00eate.","og_url":"https:\/\/www.visitamalfi.info\/fr\/\u00e9v\u00e9nement\/marches-de-noel-au-coeur-damalfi\/","og_site_name":"Visit Amalfi","article_publisher":"https:\/\/www.facebook.com\/visitamalfiofficial","og_image":[{"width":1119,"height":1600,"url":"https:\/\/www.visitamalfi.info\/wp-content\/uploads\/2025\/11\/WhatsApp-Image-2025-11-26-at-10.44.13-e1764150656594.jpeg","type":"image\/jpeg"}],"twitter_card":"summary_large_image","twitter_misc":{"Dur\u00e9e de lecture estim\u00e9e":"1 minute"},"schema":{"@context":"https:\/\/schema.org","@graph":[{"@type":"WebPage","@id":"https:\/\/www.visitamalfi.info\/fr\/\u00e9v\u00e9nement\/marches-de-noel-au-coeur-damalfi\/","url":"https:\/\/www.visitamalfi.info\/fr\/\u00e9v\u00e9nement\/marches-de-noel-au-coeur-damalfi\/","name":"March\u00e9s de No\u00ebl au c\u0153ur d'Amalfi - Visit Amalfi","isPartOf":{"@id":"https:\/\/www.visitamalfi.info\/fr\/#website"},"primaryImageOfPage":{"@id":"https:\/\/www.visitamalfi.info\/fr\/\u00e9v\u00e9nement\/marches-de-noel-au-coeur-damalfi\/#primaryimage"},"image":{"@id":"https:\/\/www.visitamalfi.info\/fr\/\u00e9v\u00e9nement\/marches-de-noel-au-coeur-damalfi\/#primaryimage"},"thumbnailUrl":"https:\/\/www.visitamalfi.info\/wp-content\/uploads\/2025\/11\/WhatsApp-Image-2025-11-26-at-10.44.13-e1764150656594.jpeg","datePublished":"2025-11-26T09:51:48+00:00","breadcrumb":{"@id":"https:\/\/www.visitamalfi.info\/fr\/\u00e9v\u00e9nement\/marches-de-noel-au-coeur-damalfi\/#breadcrumb"},"inLanguage":"fr-FR","potentialAction":[{"@type":"ReadAction","target":["https:\/\/www.visitamalfi.info\/fr\/\u00e9v\u00e9nement\/marches-de-noel-au-coeur-damalfi\/"]}]},{"@type":"ImageObject","inLanguage":"fr-FR","@id":"https:\/\/www.visitamalfi.info\/fr\/\u00e9v\u00e9nement\/marches-de-noel-au-coeur-damalfi\/#primaryimage","url":"https:\/\/www.visitamalfi.info\/wp-content\/uploads\/2025\/11\/WhatsApp-Image-2025-11-26-at-10.44.13-e1764150656594.jpeg","contentUrl":"https:\/\/www.visitamalfi.info\/wp-content\/uploads\/2025\/11\/WhatsApp-Image-2025-11-26-at-10.44.13-e1764150656594.jpeg","width":1119,"height":1600},{"@type":"BreadcrumbList","@id":"https:\/\/www.visitamalfi.info\/fr\/\u00e9v\u00e9nement\/marches-de-noel-au-coeur-damalfi\/#breadcrumb","itemListElement":[{"@type":"ListItem","position":1,"name":"Home","item":"https:\/\/www.visitamalfi.info\/fr\/"},{"@type":"ListItem","position":2,"name":"\u00c9v\u00e8nements","item":"https:\/\/www.visitamalfi.info\/fr\/eventi\/"},{"@type":"ListItem","position":3,"name":"March\u00e9s de No\u00ebl au c\u0153ur d&#8217;Amalfi"}]},{"@type":"WebSite","@id":"https:\/\/www.visitamalfi.info\/fr\/#website","url":"https:\/\/www.visitamalfi.info\/fr\/","name":"Visit Amalfi","description":"Amalfi Destination Official Website","publisher":{"@id":"https:\/\/www.visitamalfi.info\/fr\/#organization"},"potentialAction":[{"@type":"SearchAction","target":{"@type":"EntryPoint","urlTemplate":"https:\/\/www.visitamalfi.info\/fr\/?s={search_term_string}"},"query-input":{"@type":"PropertyValueSpecification","valueRequired":true,"valueName":"search_term_string"}}],"inLanguage":"fr-FR"},{"@type":"Organization","@id":"https:\/\/www.visitamalfi.info\/fr\/#organization","name":"Visit Amalfi","url":"https:\/\/www.visitamalfi.info\/fr\/","logo":{"@type":"ImageObject","inLanguage":"fr-FR","@id":"https:\/\/www.visitamalfi.info\/fr\/#\/schema\/logo\/image\/","url":"https:\/\/www.visitamalfi.info\/wp-content\/uploads\/2023\/04\/visit-amalfi-logo-web.png","contentUrl":"https:\/\/www.visitamalfi.info\/wp-content\/uploads\/2023\/04\/visit-amalfi-logo-web.png","width":800,"height":870,"caption":"Visit Amalfi"},"image":{"@id":"https:\/\/www.visitamalfi.info\/fr\/#\/schema\/logo\/image\/"},"sameAs":["https:\/\/www.facebook.com\/visitamalfiofficial","https:\/\/www.instagram.com\/visitamalfiofficial\/"]}]}},"_links":{"self":[{"href":"https:\/\/www.visitamalfi.info\/fr\/wp-json\/wp\/v2\/tribe_events\/23295","targetHints":{"allow":["GET"]}}],"collection":[{"href":"https:\/\/www.visitamalfi.info\/fr\/wp-json\/wp\/v2\/tribe_events"}],"about":[{"href":"https:\/\/www.visitamalfi.info\/fr\/wp-json\/wp\/v2\/types\/tribe_events"}],"author":[{"embeddable":true,"href":"https:\/\/www.visitamalfi.info\/fr\/wp-json\/wp\/v2\/users\/7"}],"version-history":[{"count":0,"href":"https:\/\/www.visitamalfi.info\/fr\/wp-json\/wp\/v2\/tribe_events\/23295\/revisions"}],"wp:featuredmedia":[{"embeddable":true,"href":"https:\/\/www.visitamalfi.info\/fr\/wp-json\/wp\/v2\/media\/23290"}],"wp:attachment":[{"href":"https:\/\/www.visitamalfi.info\/fr\/wp-json\/wp\/v2\/media?parent=23295"}],"wp:term":[{"taxonomy":"post_tag","embeddable":true,"href":"https:\/\/www.visitamalfi.info\/fr\/wp-json\/wp\/v2\/tags?post=23295"},{"taxonomy":"tribe_events_cat","embeddable":true,"href":"https:\/\/www.visitamalfi.info\/fr\/wp-json\/wp\/v2\/tribe_events_cat?post=23295"}],"curies":[{"name":"wp","href":"https:\/\/api.w.org\/{rel}","templated":true}]}}