{"id":23227,"date":"2025-11-17T12:59:56","date_gmt":"2025-11-17T11:59:56","guid":{"rendered":"https:\/\/www.visitamalfi.info\/evento\/cinema-prive-dans-la-magie-du-cloitre\/"},"modified":"2025-11-17T12:59:56","modified_gmt":"2025-11-17T11:59:56","slug":"cinema-prive-dans-la-magie-du-cloitre","status":"publish","type":"tribe_events","link":"https:\/\/www.visitamalfi.info\/fr\/\u00e9v\u00e9nement\/cinema-prive-dans-la-magie-du-cloitre\/","title":{"rendered":"Cin\u00e9ma priv\u00e9 dans la magie du clo\u00eetre"},"content":{"rendered":"<p>\u00c0 la p\u00e9riode la plus enchant\u00e9e de l&#8217;ann\u00e9e, le clo\u00eetre d&#8217;Anantara s&#8217;habille de lumi\u00e8res dor\u00e9es,<br \/>\nDes parfums \u00e9pic\u00e9s et une chaleur enveloppante qui se transforment en un cin\u00e9ma priv\u00e9 raffin\u00e9,<br \/>\no\u00f9 chaque d\u00e9tail est con\u00e7u pour procurer des \u00e9motions authentiques.<br \/>\nR\u00e9servez le clo\u00eetre en exclusivit\u00e9, choisissez votre film pr\u00e9f\u00e9r\u00e9,<br \/>\nqu&#8217;il s&#8217;agisse d&#8217;un grand classique de No\u00ebl, d&#8217;une com\u00e9die romantique<br \/>\nou une aventure pour toute la famille, et laissez-vous emporter<br \/>\npar une projection intime, dans un cadre \u00e9vocateur et historique,<br \/>\nagr\u00e9ment\u00e9e de d\u00e9corations th\u00e9matiques, de bougies allum\u00e9es et d&#8217;un \u00e9clairage doux.<br \/>\nUne atmosph\u00e8re enchanteresse pour vivre la magie<br \/>\nNo\u00ebl entre histoire, cin\u00e9ma et beaut\u00e9 intemporelle<\/p>\n","protected":false},"excerpt":{"rendered":"<p>\u00c0 la p\u00e9riode la plus enchant\u00e9e de l&#8217;ann\u00e9e, notre clo\u00eetre s&#8217;habille de lumi\u00e8res dor\u00e9es,<br \/>\nDes parfums \u00e9pic\u00e9s et une chaleur enveloppante qui se transforment en un cin\u00e9ma priv\u00e9 raffin\u00e9,<br \/>\no\u00f9 chaque d\u00e9tail est con\u00e7u pour procurer des \u00e9motions authentiques.<br \/>\nR\u00e9servez le clo\u00eetre en exclusivit\u00e9, choisissez votre film pr\u00e9f\u00e9r\u00e9,<br \/>\nqu&#8217;il s&#8217;agisse d&#8217;un grand classique de No\u00ebl, d&#8217;une com\u00e9die romantique<br \/>\nou une aventure pour toute la famille, et laissez-vous emporter<br \/>\npar une projection intime, dans un cadre \u00e9vocateur et historique,<br \/>\nagr\u00e9ment\u00e9 de d\u00e9corations th\u00e9matiques, de bougies allum\u00e9es et d&#8217;un \u00e9clairage doux.<br \/>\nUne atmosph\u00e8re enchanteresse pour vivre la magie<br \/>\nNo\u00ebl entre histoire, cin\u00e9ma et beaut\u00e9 intemporelle<\/p>\n","protected":false},"author":7,"featured_media":13180,"template":"","meta":{"inline_featured_image":false,"_tribe_events_status":"","_tribe_events_status_reason":"","footnotes":""},"tags":[],"tribe_events_cat":[1228],"class_list":["post-23227","tribe_events","type-tribe_events","status-publish","has-post-thumbnail","hentry","tribe_events_cat-noel","cat_noel"],"yoast_head":"<!-- This site is optimized with the Yoast SEO plugin v27.3 - https:\/\/yoast.com\/product\/yoast-seo-wordpress\/ -->\n<title>Cin\u00e9ma priv\u00e9 dans la magie du clo\u00eetre - Visit Amalfi<\/title>\n<meta name=\"robots\" content=\"index, follow, max-snippet:-1, max-image-preview:large, max-video-preview:-1\" \/>\n<link rel=\"canonical\" href=\"https:\/\/www.visitamalfi.info\/fr\/\u00e9v\u00e9nement\/cinema-prive-dans-la-magie-du-cloitre\/\" \/>\n<meta property=\"og:locale\" content=\"fr_FR\" \/>\n<meta property=\"og:type\" content=\"article\" \/>\n<meta property=\"og:title\" content=\"Cin\u00e9ma priv\u00e9 dans la magie du clo\u00eetre - Visit Amalfi\" \/>\n<meta property=\"og:description\" content=\"\u00c0 la p\u00e9riode la plus enchant\u00e9e de l&#039;ann\u00e9e, notre clo\u00eetre s&#039;habille de lumi\u00e8res dor\u00e9es, Des parfums \u00e9pic\u00e9s et une chaleur enveloppante qui se transforment en un cin\u00e9ma priv\u00e9 raffin\u00e9, o\u00f9 chaque d\u00e9tail est con\u00e7u pour procurer des \u00e9motions authentiques. R\u00e9servez le clo\u00eetre en exclusivit\u00e9, choisissez votre film pr\u00e9f\u00e9r\u00e9, qu&#039;il s&#039;agisse d&#039;un grand classique de No\u00ebl, d&#039;une com\u00e9die romantique ou une aventure pour toute la famille, et laissez-vous emporter par une projection intime, dans un cadre \u00e9vocateur et historique, agr\u00e9ment\u00e9 de d\u00e9corations th\u00e9matiques, de bougies allum\u00e9es et d&#039;un \u00e9clairage doux. Une atmosph\u00e8re enchanteresse pour vivre la magie No\u00ebl entre histoire, cin\u00e9ma et beaut\u00e9 intemporelle\" \/>\n<meta property=\"og:url\" content=\"https:\/\/www.visitamalfi.info\/fr\/\u00e9v\u00e9nement\/cinema-prive-dans-la-magie-du-cloitre\/\" \/>\n<meta property=\"og:site_name\" content=\"Visit Amalfi\" \/>\n<meta property=\"article:publisher\" content=\"https:\/\/www.facebook.com\/visitamalfiofficial\" \/>\n<meta property=\"og:image\" content=\"https:\/\/www.visitamalfi.info\/wp-content\/uploads\/2023\/12\/2.png\" \/>\n\t<meta property=\"og:image:width\" content=\"940\" \/>\n\t<meta property=\"og:image:height\" content=\"788\" \/>\n\t<meta property=\"og:image:type\" content=\"image\/png\" \/>\n<meta name=\"twitter:card\" content=\"summary_large_image\" \/>\n<meta name=\"twitter:label1\" content=\"Dur\u00e9e de lecture estim\u00e9e\" \/>\n\t<meta name=\"twitter:data1\" content=\"1 minute\" \/>\n<script type=\"application\/ld+json\" class=\"yoast-schema-graph\">{\"@context\":\"https:\\\/\\\/schema.org\",\"@graph\":[{\"@type\":\"WebPage\",\"@id\":\"https:\\\/\\\/www.visitamalfi.info\\\/fr\\\/\u00e9v\u00e9nement\\\/cinema-prive-dans-la-magie-du-cloitre\\\/\",\"url\":\"https:\\\/\\\/www.visitamalfi.info\\\/fr\\\/\u00e9v\u00e9nement\\\/cinema-prive-dans-la-magie-du-cloitre\\\/\",\"name\":\"Cin\u00e9ma priv\u00e9 dans la magie du clo\u00eetre - Visit Amalfi\",\"isPartOf\":{\"@id\":\"https:\\\/\\\/www.visitamalfi.info\\\/fr\\\/#website\"},\"primaryImageOfPage\":{\"@id\":\"https:\\\/\\\/www.visitamalfi.info\\\/fr\\\/\u00e9v\u00e9nement\\\/cinema-prive-dans-la-magie-du-cloitre\\\/#primaryimage\"},\"image\":{\"@id\":\"https:\\\/\\\/www.visitamalfi.info\\\/fr\\\/\u00e9v\u00e9nement\\\/cinema-prive-dans-la-magie-du-cloitre\\\/#primaryimage\"},\"thumbnailUrl\":\"https:\\\/\\\/www.visitamalfi.info\\\/wp-content\\\/uploads\\\/2023\\\/12\\\/2.png\",\"datePublished\":\"2025-11-17T11:59:56+00:00\",\"breadcrumb\":{\"@id\":\"https:\\\/\\\/www.visitamalfi.info\\\/fr\\\/\u00e9v\u00e9nement\\\/cinema-prive-dans-la-magie-du-cloitre\\\/#breadcrumb\"},\"inLanguage\":\"fr-FR\",\"potentialAction\":[{\"@type\":\"ReadAction\",\"target\":[\"https:\\\/\\\/www.visitamalfi.info\\\/fr\\\/\u00e9v\u00e9nement\\\/cinema-prive-dans-la-magie-du-cloitre\\\/\"]}]},{\"@type\":\"ImageObject\",\"inLanguage\":\"fr-FR\",\"@id\":\"https:\\\/\\\/www.visitamalfi.info\\\/fr\\\/\u00e9v\u00e9nement\\\/cinema-prive-dans-la-magie-du-cloitre\\\/#primaryimage\",\"url\":\"https:\\\/\\\/www.visitamalfi.info\\\/wp-content\\\/uploads\\\/2023\\\/12\\\/2.png\",\"contentUrl\":\"https:\\\/\\\/www.visitamalfi.info\\\/wp-content\\\/uploads\\\/2023\\\/12\\\/2.png\",\"width\":940,\"height\":788},{\"@type\":\"BreadcrumbList\",\"@id\":\"https:\\\/\\\/www.visitamalfi.info\\\/fr\\\/\u00e9v\u00e9nement\\\/cinema-prive-dans-la-magie-du-cloitre\\\/#breadcrumb\",\"itemListElement\":[{\"@type\":\"ListItem\",\"position\":1,\"name\":\"Home\",\"item\":\"https:\\\/\\\/www.visitamalfi.info\\\/fr\\\/\"},{\"@type\":\"ListItem\",\"position\":2,\"name\":\"\u00c9v\u00e8nements\",\"item\":\"https:\\\/\\\/www.visitamalfi.info\\\/fr\\\/eventi\\\/\"},{\"@type\":\"ListItem\",\"position\":3,\"name\":\"Cin\u00e9ma priv\u00e9 dans la magie du clo\u00eetre\"}]},{\"@type\":\"WebSite\",\"@id\":\"https:\\\/\\\/www.visitamalfi.info\\\/fr\\\/#website\",\"url\":\"https:\\\/\\\/www.visitamalfi.info\\\/fr\\\/\",\"name\":\"Visit Amalfi\",\"description\":\"Amalfi Destination Official Website\",\"publisher\":{\"@id\":\"https:\\\/\\\/www.visitamalfi.info\\\/fr\\\/#organization\"},\"potentialAction\":[{\"@type\":\"SearchAction\",\"target\":{\"@type\":\"EntryPoint\",\"urlTemplate\":\"https:\\\/\\\/www.visitamalfi.info\\\/fr\\\/?s={search_term_string}\"},\"query-input\":{\"@type\":\"PropertyValueSpecification\",\"valueRequired\":true,\"valueName\":\"search_term_string\"}}],\"inLanguage\":\"fr-FR\"},{\"@type\":\"Organization\",\"@id\":\"https:\\\/\\\/www.visitamalfi.info\\\/fr\\\/#organization\",\"name\":\"Visit Amalfi\",\"url\":\"https:\\\/\\\/www.visitamalfi.info\\\/fr\\\/\",\"logo\":{\"@type\":\"ImageObject\",\"inLanguage\":\"fr-FR\",\"@id\":\"https:\\\/\\\/www.visitamalfi.info\\\/fr\\\/#\\\/schema\\\/logo\\\/image\\\/\",\"url\":\"https:\\\/\\\/www.visitamalfi.info\\\/wp-content\\\/uploads\\\/2023\\\/04\\\/visit-amalfi-logo-web.png\",\"contentUrl\":\"https:\\\/\\\/www.visitamalfi.info\\\/wp-content\\\/uploads\\\/2023\\\/04\\\/visit-amalfi-logo-web.png\",\"width\":800,\"height\":870,\"caption\":\"Visit Amalfi\"},\"image\":{\"@id\":\"https:\\\/\\\/www.visitamalfi.info\\\/fr\\\/#\\\/schema\\\/logo\\\/image\\\/\"},\"sameAs\":[\"https:\\\/\\\/www.facebook.com\\\/visitamalfiofficial\",\"https:\\\/\\\/www.instagram.com\\\/visitamalfiofficial\\\/\"]}]}<\/script>\n<!-- \/ Yoast SEO plugin. -->","yoast_head_json":{"title":"Cin\u00e9ma priv\u00e9 dans la magie du clo\u00eetre - Visit Amalfi","robots":{"index":"index","follow":"follow","max-snippet":"max-snippet:-1","max-image-preview":"max-image-preview:large","max-video-preview":"max-video-preview:-1"},"canonical":"https:\/\/www.visitamalfi.info\/fr\/\u00e9v\u00e9nement\/cinema-prive-dans-la-magie-du-cloitre\/","og_locale":"fr_FR","og_type":"article","og_title":"Cin\u00e9ma priv\u00e9 dans la magie du clo\u00eetre - Visit Amalfi","og_description":"\u00c0 la p\u00e9riode la plus enchant\u00e9e de l'ann\u00e9e, notre clo\u00eetre s'habille de lumi\u00e8res dor\u00e9es, Des parfums \u00e9pic\u00e9s et une chaleur enveloppante qui se transforment en un cin\u00e9ma priv\u00e9 raffin\u00e9, o\u00f9 chaque d\u00e9tail est con\u00e7u pour procurer des \u00e9motions authentiques. R\u00e9servez le clo\u00eetre en exclusivit\u00e9, choisissez votre film pr\u00e9f\u00e9r\u00e9, qu'il s'agisse d'un grand classique de No\u00ebl, d'une com\u00e9die romantique ou une aventure pour toute la famille, et laissez-vous emporter par une projection intime, dans un cadre \u00e9vocateur et historique, agr\u00e9ment\u00e9 de d\u00e9corations th\u00e9matiques, de bougies allum\u00e9es et d'un \u00e9clairage doux. Une atmosph\u00e8re enchanteresse pour vivre la magie No\u00ebl entre histoire, cin\u00e9ma et beaut\u00e9 intemporelle","og_url":"https:\/\/www.visitamalfi.info\/fr\/\u00e9v\u00e9nement\/cinema-prive-dans-la-magie-du-cloitre\/","og_site_name":"Visit Amalfi","article_publisher":"https:\/\/www.facebook.com\/visitamalfiofficial","og_image":[{"width":940,"height":788,"url":"https:\/\/www.visitamalfi.info\/wp-content\/uploads\/2023\/12\/2.png","type":"image\/png"}],"twitter_card":"summary_large_image","twitter_misc":{"Dur\u00e9e de lecture estim\u00e9e":"1 minute"},"schema":{"@context":"https:\/\/schema.org","@graph":[{"@type":"WebPage","@id":"https:\/\/www.visitamalfi.info\/fr\/\u00e9v\u00e9nement\/cinema-prive-dans-la-magie-du-cloitre\/","url":"https:\/\/www.visitamalfi.info\/fr\/\u00e9v\u00e9nement\/cinema-prive-dans-la-magie-du-cloitre\/","name":"Cin\u00e9ma priv\u00e9 dans la magie du clo\u00eetre - Visit Amalfi","isPartOf":{"@id":"https:\/\/www.visitamalfi.info\/fr\/#website"},"primaryImageOfPage":{"@id":"https:\/\/www.visitamalfi.info\/fr\/\u00e9v\u00e9nement\/cinema-prive-dans-la-magie-du-cloitre\/#primaryimage"},"image":{"@id":"https:\/\/www.visitamalfi.info\/fr\/\u00e9v\u00e9nement\/cinema-prive-dans-la-magie-du-cloitre\/#primaryimage"},"thumbnailUrl":"https:\/\/www.visitamalfi.info\/wp-content\/uploads\/2023\/12\/2.png","datePublished":"2025-11-17T11:59:56+00:00","breadcrumb":{"@id":"https:\/\/www.visitamalfi.info\/fr\/\u00e9v\u00e9nement\/cinema-prive-dans-la-magie-du-cloitre\/#breadcrumb"},"inLanguage":"fr-FR","potentialAction":[{"@type":"ReadAction","target":["https:\/\/www.visitamalfi.info\/fr\/\u00e9v\u00e9nement\/cinema-prive-dans-la-magie-du-cloitre\/"]}]},{"@type":"ImageObject","inLanguage":"fr-FR","@id":"https:\/\/www.visitamalfi.info\/fr\/\u00e9v\u00e9nement\/cinema-prive-dans-la-magie-du-cloitre\/#primaryimage","url":"https:\/\/www.visitamalfi.info\/wp-content\/uploads\/2023\/12\/2.png","contentUrl":"https:\/\/www.visitamalfi.info\/wp-content\/uploads\/2023\/12\/2.png","width":940,"height":788},{"@type":"BreadcrumbList","@id":"https:\/\/www.visitamalfi.info\/fr\/\u00e9v\u00e9nement\/cinema-prive-dans-la-magie-du-cloitre\/#breadcrumb","itemListElement":[{"@type":"ListItem","position":1,"name":"Home","item":"https:\/\/www.visitamalfi.info\/fr\/"},{"@type":"ListItem","position":2,"name":"\u00c9v\u00e8nements","item":"https:\/\/www.visitamalfi.info\/fr\/eventi\/"},{"@type":"ListItem","position":3,"name":"Cin\u00e9ma priv\u00e9 dans la magie du clo\u00eetre"}]},{"@type":"WebSite","@id":"https:\/\/www.visitamalfi.info\/fr\/#website","url":"https:\/\/www.visitamalfi.info\/fr\/","name":"Visit Amalfi","description":"Amalfi Destination Official Website","publisher":{"@id":"https:\/\/www.visitamalfi.info\/fr\/#organization"},"potentialAction":[{"@type":"SearchAction","target":{"@type":"EntryPoint","urlTemplate":"https:\/\/www.visitamalfi.info\/fr\/?s={search_term_string}"},"query-input":{"@type":"PropertyValueSpecification","valueRequired":true,"valueName":"search_term_string"}}],"inLanguage":"fr-FR"},{"@type":"Organization","@id":"https:\/\/www.visitamalfi.info\/fr\/#organization","name":"Visit Amalfi","url":"https:\/\/www.visitamalfi.info\/fr\/","logo":{"@type":"ImageObject","inLanguage":"fr-FR","@id":"https:\/\/www.visitamalfi.info\/fr\/#\/schema\/logo\/image\/","url":"https:\/\/www.visitamalfi.info\/wp-content\/uploads\/2023\/04\/visit-amalfi-logo-web.png","contentUrl":"https:\/\/www.visitamalfi.info\/wp-content\/uploads\/2023\/04\/visit-amalfi-logo-web.png","width":800,"height":870,"caption":"Visit Amalfi"},"image":{"@id":"https:\/\/www.visitamalfi.info\/fr\/#\/schema\/logo\/image\/"},"sameAs":["https:\/\/www.facebook.com\/visitamalfiofficial","https:\/\/www.instagram.com\/visitamalfiofficial\/"]}]}},"_links":{"self":[{"href":"https:\/\/www.visitamalfi.info\/fr\/wp-json\/wp\/v2\/tribe_events\/23227","targetHints":{"allow":["GET"]}}],"collection":[{"href":"https:\/\/www.visitamalfi.info\/fr\/wp-json\/wp\/v2\/tribe_events"}],"about":[{"href":"https:\/\/www.visitamalfi.info\/fr\/wp-json\/wp\/v2\/types\/tribe_events"}],"author":[{"embeddable":true,"href":"https:\/\/www.visitamalfi.info\/fr\/wp-json\/wp\/v2\/users\/7"}],"version-history":[{"count":0,"href":"https:\/\/www.visitamalfi.info\/fr\/wp-json\/wp\/v2\/tribe_events\/23227\/revisions"}],"wp:featuredmedia":[{"embeddable":true,"href":"https:\/\/www.visitamalfi.info\/fr\/wp-json\/wp\/v2\/media\/13180"}],"wp:attachment":[{"href":"https:\/\/www.visitamalfi.info\/fr\/wp-json\/wp\/v2\/media?parent=23227"}],"wp:term":[{"taxonomy":"post_tag","embeddable":true,"href":"https:\/\/www.visitamalfi.info\/fr\/wp-json\/wp\/v2\/tags?post=23227"},{"taxonomy":"tribe_events_cat","embeddable":true,"href":"https:\/\/www.visitamalfi.info\/fr\/wp-json\/wp\/v2\/tribe_events_cat?post=23227"}],"curies":[{"name":"wp","href":"https:\/\/api.w.org\/{rel}","templated":true}]}}