{"id":23185,"date":"2025-11-17T11:28:30","date_gmt":"2025-11-17T10:28:30","guid":{"rendered":"https:\/\/www.visitamalfi.info\/evento\/le-diner-de-gala-de-la-saint-sylvestre-a-lanantara-convento-di-amalfi\/"},"modified":"2025-11-17T11:28:30","modified_gmt":"2025-11-17T10:28:30","slug":"le-diner-de-gala-de-la-saint-sylvestre-a-lanantara-convento-di-amalfi","status":"publish","type":"tribe_events","link":"https:\/\/www.visitamalfi.info\/fr\/\u00e9v\u00e9nement\/le-diner-de-gala-de-la-saint-sylvestre-a-lanantara-convento-di-amalfi\/","title":{"rendered":"Le d\u00eener de gala de la Saint-Sylvestre \u00e0 l&#8217;Anantara Convento di Amalfi"},"content":{"rendered":"<p>Nous accueillons 2026 avec un d\u00eener m\u00e9morable. Cr\u00e9ez des souvenirs avec vos proches<br \/>\nau cours d&#8217;un repas de poissons locaux, pr\u00e9par\u00e9s avec art et accompagn\u00e9s de vins fins.<br \/>\nSavourez des d\u00e9lices sucr\u00e9s et, \u00e0 l&#8217;approche de minuit, aventurez-vous sur la terrasse<br \/>\npour des toasts, des feux d&#8217;artifice et de la musique en direct.<\/p>\n<p style=\"text-align: center;\"><strong>Menu<\/strong><br \/>\nAp\u00e9ritif au Bar Dei Cappuccini<br \/>\nD\u00eener au Ristorante Dei Cappuccini<br \/>\nS\u00e9lection de pains<br \/>\nAsperges blanches, \u0153uf bio et shiso<br \/>\nTartare de vivaneau \u00e0 l&#8217;hu\u00eetre et au pourpier<br \/>\nRiz acquerello avec pesto de basilic napolitain, crevettes rouges et k\u00e9fir de buffle<br \/>\nTortello de chapon au comt\u00e9 et aux champignons shiitake<br \/>\nBar grill\u00e9 avec pommes de terre et truffe noire<br \/>\nSorbet \u00e0 la grenade<br \/>\nDessert au citron du couvent<br \/>\nLe dernier soin<br \/>\nToast de minuit suivi des traditionnelles lentilles<\/p>\n<p style=\"text-align: center;\">PER INFO E PRENOTAZIONI:<a href=\"https:\/\/www.visitamalfi.info\/fr\/amw-accommodation\/grand-hotel-anantara-convento-di-amalfi\/\">Anantara Convento di Amalfi<\/a><\/p>\n","protected":false},"excerpt":{"rendered":"<p>Nous accueillons 2026 avec un d\u00eener m\u00e9morable. Cr\u00e9ez des souvenirs avec vos proches<br \/>\nau cours d&#8217;un repas de poissons locaux, pr\u00e9par\u00e9s avec art et accompagn\u00e9s de vins fins.<br \/>\nSavourez des d\u00e9lices sucr\u00e9s et, \u00e0 l&#8217;approche de minuit, aventurez-vous sur la terrasse<br \/>\npour des toasts, des feux d&#8217;artifice et de la musique en direct.<\/p>\n","protected":false},"author":7,"featured_media":13180,"template":"","meta":{"inline_featured_image":false,"_tribe_events_status":"","_tribe_events_status_reason":"","footnotes":""},"tags":[],"tribe_events_cat":[],"class_list":["post-23185","tribe_events","type-tribe_events","status-publish","has-post-thumbnail","hentry"],"yoast_head":"<!-- This site is optimized with the Yoast SEO plugin v27.3 - https:\/\/yoast.com\/product\/yoast-seo-wordpress\/ -->\n<title>Le d\u00eener de gala de la Saint-Sylvestre \u00e0 l&#039;Anantara Convento di Amalfi - Visit Amalfi<\/title>\n<meta name=\"robots\" content=\"index, follow, max-snippet:-1, max-image-preview:large, max-video-preview:-1\" \/>\n<link rel=\"canonical\" href=\"https:\/\/www.visitamalfi.info\/fr\/\u00e9v\u00e9nement\/le-diner-de-gala-de-la-saint-sylvestre-a-lanantara-convento-di-amalfi\/\" \/>\n<meta property=\"og:locale\" content=\"fr_FR\" \/>\n<meta property=\"og:type\" content=\"article\" \/>\n<meta property=\"og:title\" content=\"Le d\u00eener de gala de la Saint-Sylvestre \u00e0 l&#039;Anantara Convento di Amalfi - Visit Amalfi\" \/>\n<meta property=\"og:description\" content=\"Nous accueillons 2026 avec un d\u00eener m\u00e9morable. Cr\u00e9ez des souvenirs avec vos proches au cours d&#039;un repas de poissons locaux, pr\u00e9par\u00e9s avec art et accompagn\u00e9s de vins fins. Savourez des d\u00e9lices sucr\u00e9s et, \u00e0 l&#039;approche de minuit, aventurez-vous sur la terrasse pour des toasts, des feux d&#039;artifice et de la musique en direct.\" \/>\n<meta property=\"og:url\" content=\"https:\/\/www.visitamalfi.info\/fr\/\u00e9v\u00e9nement\/le-diner-de-gala-de-la-saint-sylvestre-a-lanantara-convento-di-amalfi\/\" \/>\n<meta property=\"og:site_name\" content=\"Visit Amalfi\" \/>\n<meta property=\"article:publisher\" content=\"https:\/\/www.facebook.com\/visitamalfiofficial\" \/>\n<meta property=\"og:image\" content=\"https:\/\/www.visitamalfi.info\/wp-content\/uploads\/2023\/12\/2.png\" \/>\n\t<meta property=\"og:image:width\" content=\"940\" \/>\n\t<meta property=\"og:image:height\" content=\"788\" \/>\n\t<meta property=\"og:image:type\" content=\"image\/png\" \/>\n<meta name=\"twitter:card\" content=\"summary_large_image\" \/>\n<meta name=\"twitter:label1\" content=\"Dur\u00e9e de lecture estim\u00e9e\" \/>\n\t<meta name=\"twitter:data1\" content=\"1 minute\" \/>\n<script type=\"application\/ld+json\" class=\"yoast-schema-graph\">{\"@context\":\"https:\\\/\\\/schema.org\",\"@graph\":[{\"@type\":\"WebPage\",\"@id\":\"https:\\\/\\\/www.visitamalfi.info\\\/fr\\\/\u00e9v\u00e9nement\\\/le-diner-de-gala-de-la-saint-sylvestre-a-lanantara-convento-di-amalfi\\\/\",\"url\":\"https:\\\/\\\/www.visitamalfi.info\\\/fr\\\/\u00e9v\u00e9nement\\\/le-diner-de-gala-de-la-saint-sylvestre-a-lanantara-convento-di-amalfi\\\/\",\"name\":\"Le d\u00eener de gala de la Saint-Sylvestre \u00e0 l'Anantara Convento di Amalfi - Visit Amalfi\",\"isPartOf\":{\"@id\":\"https:\\\/\\\/www.visitamalfi.info\\\/fr\\\/#website\"},\"primaryImageOfPage\":{\"@id\":\"https:\\\/\\\/www.visitamalfi.info\\\/fr\\\/\u00e9v\u00e9nement\\\/le-diner-de-gala-de-la-saint-sylvestre-a-lanantara-convento-di-amalfi\\\/#primaryimage\"},\"image\":{\"@id\":\"https:\\\/\\\/www.visitamalfi.info\\\/fr\\\/\u00e9v\u00e9nement\\\/le-diner-de-gala-de-la-saint-sylvestre-a-lanantara-convento-di-amalfi\\\/#primaryimage\"},\"thumbnailUrl\":\"https:\\\/\\\/www.visitamalfi.info\\\/wp-content\\\/uploads\\\/2023\\\/12\\\/2.png\",\"datePublished\":\"2025-11-17T10:28:30+00:00\",\"breadcrumb\":{\"@id\":\"https:\\\/\\\/www.visitamalfi.info\\\/fr\\\/\u00e9v\u00e9nement\\\/le-diner-de-gala-de-la-saint-sylvestre-a-lanantara-convento-di-amalfi\\\/#breadcrumb\"},\"inLanguage\":\"fr-FR\",\"potentialAction\":[{\"@type\":\"ReadAction\",\"target\":[\"https:\\\/\\\/www.visitamalfi.info\\\/fr\\\/\u00e9v\u00e9nement\\\/le-diner-de-gala-de-la-saint-sylvestre-a-lanantara-convento-di-amalfi\\\/\"]}]},{\"@type\":\"ImageObject\",\"inLanguage\":\"fr-FR\",\"@id\":\"https:\\\/\\\/www.visitamalfi.info\\\/fr\\\/\u00e9v\u00e9nement\\\/le-diner-de-gala-de-la-saint-sylvestre-a-lanantara-convento-di-amalfi\\\/#primaryimage\",\"url\":\"https:\\\/\\\/www.visitamalfi.info\\\/wp-content\\\/uploads\\\/2023\\\/12\\\/2.png\",\"contentUrl\":\"https:\\\/\\\/www.visitamalfi.info\\\/wp-content\\\/uploads\\\/2023\\\/12\\\/2.png\",\"width\":940,\"height\":788},{\"@type\":\"BreadcrumbList\",\"@id\":\"https:\\\/\\\/www.visitamalfi.info\\\/fr\\\/\u00e9v\u00e9nement\\\/le-diner-de-gala-de-la-saint-sylvestre-a-lanantara-convento-di-amalfi\\\/#breadcrumb\",\"itemListElement\":[{\"@type\":\"ListItem\",\"position\":1,\"name\":\"Home\",\"item\":\"https:\\\/\\\/www.visitamalfi.info\\\/fr\\\/\"},{\"@type\":\"ListItem\",\"position\":2,\"name\":\"\u00c9v\u00e8nements\",\"item\":\"https:\\\/\\\/www.visitamalfi.info\\\/fr\\\/eventi\\\/\"},{\"@type\":\"ListItem\",\"position\":3,\"name\":\"Le d\u00eener de gala de la Saint-Sylvestre \u00e0 l&#8217;Anantara Convento di Amalfi\"}]},{\"@type\":\"WebSite\",\"@id\":\"https:\\\/\\\/www.visitamalfi.info\\\/fr\\\/#website\",\"url\":\"https:\\\/\\\/www.visitamalfi.info\\\/fr\\\/\",\"name\":\"Visit Amalfi\",\"description\":\"Amalfi Destination Official Website\",\"publisher\":{\"@id\":\"https:\\\/\\\/www.visitamalfi.info\\\/fr\\\/#organization\"},\"potentialAction\":[{\"@type\":\"SearchAction\",\"target\":{\"@type\":\"EntryPoint\",\"urlTemplate\":\"https:\\\/\\\/www.visitamalfi.info\\\/fr\\\/?s={search_term_string}\"},\"query-input\":{\"@type\":\"PropertyValueSpecification\",\"valueRequired\":true,\"valueName\":\"search_term_string\"}}],\"inLanguage\":\"fr-FR\"},{\"@type\":\"Organization\",\"@id\":\"https:\\\/\\\/www.visitamalfi.info\\\/fr\\\/#organization\",\"name\":\"Visit Amalfi\",\"url\":\"https:\\\/\\\/www.visitamalfi.info\\\/fr\\\/\",\"logo\":{\"@type\":\"ImageObject\",\"inLanguage\":\"fr-FR\",\"@id\":\"https:\\\/\\\/www.visitamalfi.info\\\/fr\\\/#\\\/schema\\\/logo\\\/image\\\/\",\"url\":\"https:\\\/\\\/www.visitamalfi.info\\\/wp-content\\\/uploads\\\/2023\\\/04\\\/visit-amalfi-logo-web.png\",\"contentUrl\":\"https:\\\/\\\/www.visitamalfi.info\\\/wp-content\\\/uploads\\\/2023\\\/04\\\/visit-amalfi-logo-web.png\",\"width\":800,\"height\":870,\"caption\":\"Visit Amalfi\"},\"image\":{\"@id\":\"https:\\\/\\\/www.visitamalfi.info\\\/fr\\\/#\\\/schema\\\/logo\\\/image\\\/\"},\"sameAs\":[\"https:\\\/\\\/www.facebook.com\\\/visitamalfiofficial\",\"https:\\\/\\\/www.instagram.com\\\/visitamalfiofficial\\\/\"]}]}<\/script>\n<!-- \/ Yoast SEO plugin. -->","yoast_head_json":{"title":"Le d\u00eener de gala de la Saint-Sylvestre \u00e0 l'Anantara Convento di Amalfi - Visit Amalfi","robots":{"index":"index","follow":"follow","max-snippet":"max-snippet:-1","max-image-preview":"max-image-preview:large","max-video-preview":"max-video-preview:-1"},"canonical":"https:\/\/www.visitamalfi.info\/fr\/\u00e9v\u00e9nement\/le-diner-de-gala-de-la-saint-sylvestre-a-lanantara-convento-di-amalfi\/","og_locale":"fr_FR","og_type":"article","og_title":"Le d\u00eener de gala de la Saint-Sylvestre \u00e0 l'Anantara Convento di Amalfi - Visit Amalfi","og_description":"Nous accueillons 2026 avec un d\u00eener m\u00e9morable. Cr\u00e9ez des souvenirs avec vos proches au cours d'un repas de poissons locaux, pr\u00e9par\u00e9s avec art et accompagn\u00e9s de vins fins. Savourez des d\u00e9lices sucr\u00e9s et, \u00e0 l'approche de minuit, aventurez-vous sur la terrasse pour des toasts, des feux d'artifice et de la musique en direct.","og_url":"https:\/\/www.visitamalfi.info\/fr\/\u00e9v\u00e9nement\/le-diner-de-gala-de-la-saint-sylvestre-a-lanantara-convento-di-amalfi\/","og_site_name":"Visit Amalfi","article_publisher":"https:\/\/www.facebook.com\/visitamalfiofficial","og_image":[{"width":940,"height":788,"url":"https:\/\/www.visitamalfi.info\/wp-content\/uploads\/2023\/12\/2.png","type":"image\/png"}],"twitter_card":"summary_large_image","twitter_misc":{"Dur\u00e9e de lecture estim\u00e9e":"1 minute"},"schema":{"@context":"https:\/\/schema.org","@graph":[{"@type":"WebPage","@id":"https:\/\/www.visitamalfi.info\/fr\/\u00e9v\u00e9nement\/le-diner-de-gala-de-la-saint-sylvestre-a-lanantara-convento-di-amalfi\/","url":"https:\/\/www.visitamalfi.info\/fr\/\u00e9v\u00e9nement\/le-diner-de-gala-de-la-saint-sylvestre-a-lanantara-convento-di-amalfi\/","name":"Le d\u00eener de gala de la Saint-Sylvestre \u00e0 l'Anantara Convento di Amalfi - Visit Amalfi","isPartOf":{"@id":"https:\/\/www.visitamalfi.info\/fr\/#website"},"primaryImageOfPage":{"@id":"https:\/\/www.visitamalfi.info\/fr\/\u00e9v\u00e9nement\/le-diner-de-gala-de-la-saint-sylvestre-a-lanantara-convento-di-amalfi\/#primaryimage"},"image":{"@id":"https:\/\/www.visitamalfi.info\/fr\/\u00e9v\u00e9nement\/le-diner-de-gala-de-la-saint-sylvestre-a-lanantara-convento-di-amalfi\/#primaryimage"},"thumbnailUrl":"https:\/\/www.visitamalfi.info\/wp-content\/uploads\/2023\/12\/2.png","datePublished":"2025-11-17T10:28:30+00:00","breadcrumb":{"@id":"https:\/\/www.visitamalfi.info\/fr\/\u00e9v\u00e9nement\/le-diner-de-gala-de-la-saint-sylvestre-a-lanantara-convento-di-amalfi\/#breadcrumb"},"inLanguage":"fr-FR","potentialAction":[{"@type":"ReadAction","target":["https:\/\/www.visitamalfi.info\/fr\/\u00e9v\u00e9nement\/le-diner-de-gala-de-la-saint-sylvestre-a-lanantara-convento-di-amalfi\/"]}]},{"@type":"ImageObject","inLanguage":"fr-FR","@id":"https:\/\/www.visitamalfi.info\/fr\/\u00e9v\u00e9nement\/le-diner-de-gala-de-la-saint-sylvestre-a-lanantara-convento-di-amalfi\/#primaryimage","url":"https:\/\/www.visitamalfi.info\/wp-content\/uploads\/2023\/12\/2.png","contentUrl":"https:\/\/www.visitamalfi.info\/wp-content\/uploads\/2023\/12\/2.png","width":940,"height":788},{"@type":"BreadcrumbList","@id":"https:\/\/www.visitamalfi.info\/fr\/\u00e9v\u00e9nement\/le-diner-de-gala-de-la-saint-sylvestre-a-lanantara-convento-di-amalfi\/#breadcrumb","itemListElement":[{"@type":"ListItem","position":1,"name":"Home","item":"https:\/\/www.visitamalfi.info\/fr\/"},{"@type":"ListItem","position":2,"name":"\u00c9v\u00e8nements","item":"https:\/\/www.visitamalfi.info\/fr\/eventi\/"},{"@type":"ListItem","position":3,"name":"Le d\u00eener de gala de la Saint-Sylvestre \u00e0 l&#8217;Anantara Convento di Amalfi"}]},{"@type":"WebSite","@id":"https:\/\/www.visitamalfi.info\/fr\/#website","url":"https:\/\/www.visitamalfi.info\/fr\/","name":"Visit Amalfi","description":"Amalfi Destination Official Website","publisher":{"@id":"https:\/\/www.visitamalfi.info\/fr\/#organization"},"potentialAction":[{"@type":"SearchAction","target":{"@type":"EntryPoint","urlTemplate":"https:\/\/www.visitamalfi.info\/fr\/?s={search_term_string}"},"query-input":{"@type":"PropertyValueSpecification","valueRequired":true,"valueName":"search_term_string"}}],"inLanguage":"fr-FR"},{"@type":"Organization","@id":"https:\/\/www.visitamalfi.info\/fr\/#organization","name":"Visit Amalfi","url":"https:\/\/www.visitamalfi.info\/fr\/","logo":{"@type":"ImageObject","inLanguage":"fr-FR","@id":"https:\/\/www.visitamalfi.info\/fr\/#\/schema\/logo\/image\/","url":"https:\/\/www.visitamalfi.info\/wp-content\/uploads\/2023\/04\/visit-amalfi-logo-web.png","contentUrl":"https:\/\/www.visitamalfi.info\/wp-content\/uploads\/2023\/04\/visit-amalfi-logo-web.png","width":800,"height":870,"caption":"Visit Amalfi"},"image":{"@id":"https:\/\/www.visitamalfi.info\/fr\/#\/schema\/logo\/image\/"},"sameAs":["https:\/\/www.facebook.com\/visitamalfiofficial","https:\/\/www.instagram.com\/visitamalfiofficial\/"]}]}},"_links":{"self":[{"href":"https:\/\/www.visitamalfi.info\/fr\/wp-json\/wp\/v2\/tribe_events\/23185","targetHints":{"allow":["GET"]}}],"collection":[{"href":"https:\/\/www.visitamalfi.info\/fr\/wp-json\/wp\/v2\/tribe_events"}],"about":[{"href":"https:\/\/www.visitamalfi.info\/fr\/wp-json\/wp\/v2\/types\/tribe_events"}],"author":[{"embeddable":true,"href":"https:\/\/www.visitamalfi.info\/fr\/wp-json\/wp\/v2\/users\/7"}],"version-history":[{"count":0,"href":"https:\/\/www.visitamalfi.info\/fr\/wp-json\/wp\/v2\/tribe_events\/23185\/revisions"}],"wp:featuredmedia":[{"embeddable":true,"href":"https:\/\/www.visitamalfi.info\/fr\/wp-json\/wp\/v2\/media\/13180"}],"wp:attachment":[{"href":"https:\/\/www.visitamalfi.info\/fr\/wp-json\/wp\/v2\/media?parent=23185"}],"wp:term":[{"taxonomy":"post_tag","embeddable":true,"href":"https:\/\/www.visitamalfi.info\/fr\/wp-json\/wp\/v2\/tags?post=23185"},{"taxonomy":"tribe_events_cat","embeddable":true,"href":"https:\/\/www.visitamalfi.info\/fr\/wp-json\/wp\/v2\/tribe_events_cat?post=23185"}],"curies":[{"name":"wp","href":"https:\/\/api.w.org\/{rel}","templated":true}]}}