{"id":23029,"date":"2025-10-11T21:48:36","date_gmt":"2025-10-11T19:48:36","guid":{"rendered":"https:\/\/www.visitamalfi.info\/evento\/week-end-de-la-durabilite-environnementale-et-sociale\/"},"modified":"2025-10-11T21:48:36","modified_gmt":"2025-10-11T19:48:36","slug":"week-end-de-la-durabilite-environnementale-et-sociale","status":"publish","type":"tribe_events","link":"https:\/\/www.visitamalfi.info\/fr\/\u00e9v\u00e9nement\/week-end-de-la-durabilite-environnementale-et-sociale\/","title":{"rendered":"Week-end de la durabilit\u00e9 environnementale et sociale"},"content":{"rendered":"<h3 data-start=\"3672\" data-end=\"3724\">Amalfi, o\u00f9 la beaut\u00e9 rencontre le respect !<\/h3>\n<p data-start=\"3726\" data-end=\"3929\">Le &#8220;Week-end de la durabilit\u00e9 environnementale et sociale&#8221; n&#8217;est pas un simple \u00e9v\u00e9nement, mais une exp\u00e9rience qui raconte la v\u00e9ritable essence d&#8217;Amalfi : <strong data-start=\"3836\" data-end=\"3926\">une communaut\u00e9 qui aime sa terre et sa mer, et qui les d\u00e9fend chaque jour avec passion.<\/strong><\/p>\n<p data-start=\"3931\" data-end=\"4135\">Participer, c&#8217;est respirer un air diff\u00e9rent, celui d&#8217;un lieu qui regarde l&#8217;avenir avec gratitude et espoir, o\u00f9 le tourisme rencontre le respect et o\u00f9 la beaut\u00e9 devient une responsabilit\u00e9 partag\u00e9e.<\/p>\n<p data-start=\"4137\" data-end=\"4209\"><strong data-start=\"4140\" data-end=\"4168\">17, 18 et 19 octobre 2025 <\/strong><strong data-start=\"4174\" data-end=\"4207\">Amalfi<\/strong><\/p>\n<p data-start=\"4211\" data-end=\"4344\">Trois jours pour d\u00e9couvrir que la durabilit\u00e9 n&#8217;est pas seulement un mot, mais une fa\u00e7on de vivre Amalfi.<br data-start=\"4307\" data-end=\"4310\">Venez et participez.<\/p>\n<p><strong>LE PROGRAMME :<\/strong><\/p>\n<p class=\"cvGsUA direction-ltr align-start para-style-body\"><span class=\"a_GcMg font-feature-liga-off font-feature-clig-off font-feature-calt-off text-decoration-none text-strikethrough-none\">JOUR 1 &#8211; VENDREDI 17 OCTOBRE 2025 &#8211; NETTOYAGE<\/span><\/p>\n<ul>\n<li><span class=\"a_GcMg font-feature-liga-off font-feature-clig-off font-feature-calt-off text-decoration-none text-strikethrough-none\">18:00 Enregistrement et remise des kits de nettoyage, Compass Square<\/span><\/li>\n<li><span class=\"a_GcMg font-feature-liga-off font-feature-clig-off font-feature-calt-off text-decoration-none text-strikethrough-none\">18:30 D\u00e9but du nettoyage du centre historique d&#8217;Amalfi<\/span><\/li>\n<li><span class=\"a_GcMg font-feature-liga-off font-feature-clig-off font-feature-calt-off text-decoration-none text-strikethrough-none\">20:00 Conclusion des activit\u00e9s, Compass Square<\/span><\/li>\n<\/ul>\n<p class=\"cvGsUA direction-ltr align-start para-style-body\"><span class=\"a_GcMg font-feature-liga-off font-feature-clig-off font-feature-calt-off text-decoration-none text-strikethrough-none\">JOUR 2 &#8211; SAMEDI 18 OCTOBRE 2025 &#8211; \u00c9DUCATION ET ACTIVIT\u00c9S ENVIRONNEMENTALES<\/span><\/p>\n<ul>\n<li><span class=\"a_GcMg font-feature-liga-off font-feature-clig-off font-feature-calt-off text-decoration-none text-strikethrough-none\">10:00 &#8211; 11:00 Pr\u00e9sentation du projet : <\/span><span class=\"a_GcMg font-feature-liga-off font-feature-clig-off font-feature-calt-off text-decoration-none text-strikethrough-none\">Gestion durable de la collecte des d\u00e9chets&#8221;.<\/span><span class=\"a_GcMg font-feature-liga-off font-feature-clig-off font-feature-calt-off text-decoration-none text-strikethrough-none\">Le projet a \u00e9t\u00e9 pr\u00e9sent\u00e9 \u00e0 l&#8217;Arsenal de la R\u00e9publique, \u00e0 l&#8217;occasion de l&#8217;inauguration de l&#8217;Arsenal de la R\u00e9publique<\/span><\/li>\n<li><span class=\"a_GcMg font-feature-liga-off font-feature-clig-off font-feature-calt-off text-decoration-none text-strikethrough-none\">11:00 &#8211; 11:30 : Des toiles de fond propres avec l&#8217;Associazione Archeoclub, port d&#8217;Amalfi<\/span><\/li>\n<li><span class=\"a_GcMg font-feature-liga-off font-feature-clig-off font-feature-calt-off text-decoration-none text-strikethrough-none\">11:30 &#8211; 12:30 Nettoyage avec les \u00e9tudiants de l&#8217;Institut technique du tourisme &#8220;Marini-Gioia&#8221;, plage de la zone portuaire<\/span><\/li>\n<li><span class=\"a_GcMg font-feature-liga-off font-feature-clig-off font-feature-calt-off text-decoration-none text-strikethrough-none\">12:30 &#8211; 13:00 Activit\u00e9s de cl\u00f4ture, Arsenal de la R\u00e9publique<\/span><\/li>\n<\/ul>\n<p class=\"cvGsUA direction-ltr align-start para-style-body\"><span class=\"a_GcMg font-feature-liga-off font-feature-clig-off font-feature-calt-off text-decoration-none text-strikethrough-none\">JOUR 3 &#8211; DIMANCHE 19 OCTOBRE 2025 &#8211; DES FONDS MARINS PROPRES<\/span><\/p>\n<ul>\n<li><span class=\"a_GcMg font-feature-liga-off font-feature-clig-off font-feature-calt-off text-decoration-none text-strikethrough-none\">10:00 Clean Backdrops avec la F\u00e9d\u00e9ration italienne de la p\u00eache sportive et des activit\u00e9s sous-marines, port de Berma<\/span><\/li>\n<li><span class=\"a_GcMg font-feature-liga-off font-feature-clig-off font-feature-calt-off text-decoration-none text-strikethrough-none\">13:00 Activit\u00e9s de cl\u00f4ture, Port Berma<\/span><\/li>\n<\/ul>\n","protected":false},"excerpt":{"rendered":"<p>Le &#8220;Week-end de la durabilit\u00e9 environnementale et sociale&#8221; n&#8217;est pas un simple \u00e9v\u00e9nement, mais une exp\u00e9rience qui raconte la v\u00e9ritable essence d&#8217;Amalfi : une communaut\u00e9 qui aime sa terre et sa mer, et qui les d\u00e9fend chaque jour avec passion.<\/p>\n","protected":false},"author":7,"featured_media":23023,"template":"","meta":{"inline_featured_image":false,"_tribe_events_status":"","_tribe_events_status_reason":"","footnotes":""},"tags":[],"tribe_events_cat":[],"class_list":["post-23029","tribe_events","type-tribe_events","status-publish","has-post-thumbnail","hentry"],"yoast_head":"<!-- This site is optimized with the Yoast SEO plugin v27.3 - https:\/\/yoast.com\/product\/yoast-seo-wordpress\/ -->\n<title>Week-end de la durabilit\u00e9 environnementale et sociale - Visit Amalfi<\/title>\n<meta name=\"robots\" content=\"index, follow, max-snippet:-1, max-image-preview:large, max-video-preview:-1\" \/>\n<link rel=\"canonical\" href=\"https:\/\/www.visitamalfi.info\/fr\/\u00e9v\u00e9nement\/week-end-de-la-durabilite-environnementale-et-sociale\/\" \/>\n<meta property=\"og:locale\" content=\"fr_FR\" \/>\n<meta property=\"og:type\" content=\"article\" \/>\n<meta property=\"og:title\" content=\"Week-end de la durabilit\u00e9 environnementale et sociale - Visit Amalfi\" \/>\n<meta property=\"og:description\" content=\"Le &quot;Week-end de la durabilit\u00e9 environnementale et sociale&quot; n&#039;est pas un simple \u00e9v\u00e9nement, mais une exp\u00e9rience qui raconte la v\u00e9ritable essence d&#039;Amalfi : une communaut\u00e9 qui aime sa terre et sa mer, et qui les d\u00e9fend chaque jour avec passion.\" \/>\n<meta property=\"og:url\" content=\"https:\/\/www.visitamalfi.info\/fr\/\u00e9v\u00e9nement\/week-end-de-la-durabilite-environnementale-et-sociale\/\" \/>\n<meta property=\"og:site_name\" content=\"Visit Amalfi\" \/>\n<meta property=\"article:publisher\" content=\"https:\/\/www.facebook.com\/visitamalfiofficial\" \/>\n<meta property=\"og:image\" content=\"https:\/\/www.visitamalfi.info\/wp-content\/uploads\/2025\/10\/weekend-sostenibilita-2025.jpg\" \/>\n\t<meta property=\"og:image:width\" content=\"940\" \/>\n\t<meta property=\"og:image:height\" content=\"788\" \/>\n\t<meta property=\"og:image:type\" content=\"image\/jpeg\" \/>\n<meta name=\"twitter:card\" content=\"summary_large_image\" \/>\n<meta name=\"twitter:label1\" content=\"Dur\u00e9e de lecture estim\u00e9e\" \/>\n\t<meta name=\"twitter:data1\" content=\"1 minute\" \/>\n<script type=\"application\/ld+json\" class=\"yoast-schema-graph\">{\"@context\":\"https:\\\/\\\/schema.org\",\"@graph\":[{\"@type\":\"WebPage\",\"@id\":\"https:\\\/\\\/www.visitamalfi.info\\\/fr\\\/\u00e9v\u00e9nement\\\/week-end-de-la-durabilite-environnementale-et-sociale\\\/\",\"url\":\"https:\\\/\\\/www.visitamalfi.info\\\/fr\\\/\u00e9v\u00e9nement\\\/week-end-de-la-durabilite-environnementale-et-sociale\\\/\",\"name\":\"Week-end de la durabilit\u00e9 environnementale et sociale - Visit Amalfi\",\"isPartOf\":{\"@id\":\"https:\\\/\\\/www.visitamalfi.info\\\/fr\\\/#website\"},\"primaryImageOfPage\":{\"@id\":\"https:\\\/\\\/www.visitamalfi.info\\\/fr\\\/\u00e9v\u00e9nement\\\/week-end-de-la-durabilite-environnementale-et-sociale\\\/#primaryimage\"},\"image\":{\"@id\":\"https:\\\/\\\/www.visitamalfi.info\\\/fr\\\/\u00e9v\u00e9nement\\\/week-end-de-la-durabilite-environnementale-et-sociale\\\/#primaryimage\"},\"thumbnailUrl\":\"https:\\\/\\\/www.visitamalfi.info\\\/wp-content\\\/uploads\\\/2025\\\/10\\\/weekend-sostenibilita-2025.jpg\",\"datePublished\":\"2025-10-11T19:48:36+00:00\",\"breadcrumb\":{\"@id\":\"https:\\\/\\\/www.visitamalfi.info\\\/fr\\\/\u00e9v\u00e9nement\\\/week-end-de-la-durabilite-environnementale-et-sociale\\\/#breadcrumb\"},\"inLanguage\":\"fr-FR\",\"potentialAction\":[{\"@type\":\"ReadAction\",\"target\":[\"https:\\\/\\\/www.visitamalfi.info\\\/fr\\\/\u00e9v\u00e9nement\\\/week-end-de-la-durabilite-environnementale-et-sociale\\\/\"]}]},{\"@type\":\"ImageObject\",\"inLanguage\":\"fr-FR\",\"@id\":\"https:\\\/\\\/www.visitamalfi.info\\\/fr\\\/\u00e9v\u00e9nement\\\/week-end-de-la-durabilite-environnementale-et-sociale\\\/#primaryimage\",\"url\":\"https:\\\/\\\/www.visitamalfi.info\\\/wp-content\\\/uploads\\\/2025\\\/10\\\/weekend-sostenibilita-2025.jpg\",\"contentUrl\":\"https:\\\/\\\/www.visitamalfi.info\\\/wp-content\\\/uploads\\\/2025\\\/10\\\/weekend-sostenibilita-2025.jpg\",\"width\":940,\"height\":788},{\"@type\":\"BreadcrumbList\",\"@id\":\"https:\\\/\\\/www.visitamalfi.info\\\/fr\\\/\u00e9v\u00e9nement\\\/week-end-de-la-durabilite-environnementale-et-sociale\\\/#breadcrumb\",\"itemListElement\":[{\"@type\":\"ListItem\",\"position\":1,\"name\":\"Home\",\"item\":\"https:\\\/\\\/www.visitamalfi.info\\\/fr\\\/\"},{\"@type\":\"ListItem\",\"position\":2,\"name\":\"\u00c9v\u00e8nements\",\"item\":\"https:\\\/\\\/www.visitamalfi.info\\\/fr\\\/eventi\\\/\"},{\"@type\":\"ListItem\",\"position\":3,\"name\":\"Week-end de la durabilit\u00e9 environnementale et sociale\"}]},{\"@type\":\"WebSite\",\"@id\":\"https:\\\/\\\/www.visitamalfi.info\\\/fr\\\/#website\",\"url\":\"https:\\\/\\\/www.visitamalfi.info\\\/fr\\\/\",\"name\":\"Visit Amalfi\",\"description\":\"Amalfi Destination Official Website\",\"publisher\":{\"@id\":\"https:\\\/\\\/www.visitamalfi.info\\\/fr\\\/#organization\"},\"potentialAction\":[{\"@type\":\"SearchAction\",\"target\":{\"@type\":\"EntryPoint\",\"urlTemplate\":\"https:\\\/\\\/www.visitamalfi.info\\\/fr\\\/?s={search_term_string}\"},\"query-input\":{\"@type\":\"PropertyValueSpecification\",\"valueRequired\":true,\"valueName\":\"search_term_string\"}}],\"inLanguage\":\"fr-FR\"},{\"@type\":\"Organization\",\"@id\":\"https:\\\/\\\/www.visitamalfi.info\\\/fr\\\/#organization\",\"name\":\"Visit Amalfi\",\"url\":\"https:\\\/\\\/www.visitamalfi.info\\\/fr\\\/\",\"logo\":{\"@type\":\"ImageObject\",\"inLanguage\":\"fr-FR\",\"@id\":\"https:\\\/\\\/www.visitamalfi.info\\\/fr\\\/#\\\/schema\\\/logo\\\/image\\\/\",\"url\":\"https:\\\/\\\/www.visitamalfi.info\\\/wp-content\\\/uploads\\\/2023\\\/04\\\/visit-amalfi-logo-web.png\",\"contentUrl\":\"https:\\\/\\\/www.visitamalfi.info\\\/wp-content\\\/uploads\\\/2023\\\/04\\\/visit-amalfi-logo-web.png\",\"width\":800,\"height\":870,\"caption\":\"Visit Amalfi\"},\"image\":{\"@id\":\"https:\\\/\\\/www.visitamalfi.info\\\/fr\\\/#\\\/schema\\\/logo\\\/image\\\/\"},\"sameAs\":[\"https:\\\/\\\/www.facebook.com\\\/visitamalfiofficial\",\"https:\\\/\\\/www.instagram.com\\\/visitamalfiofficial\\\/\"]}]}<\/script>\n<!-- \/ Yoast SEO plugin. -->","yoast_head_json":{"title":"Week-end de la durabilit\u00e9 environnementale et sociale - Visit Amalfi","robots":{"index":"index","follow":"follow","max-snippet":"max-snippet:-1","max-image-preview":"max-image-preview:large","max-video-preview":"max-video-preview:-1"},"canonical":"https:\/\/www.visitamalfi.info\/fr\/\u00e9v\u00e9nement\/week-end-de-la-durabilite-environnementale-et-sociale\/","og_locale":"fr_FR","og_type":"article","og_title":"Week-end de la durabilit\u00e9 environnementale et sociale - Visit Amalfi","og_description":"Le \"Week-end de la durabilit\u00e9 environnementale et sociale\" n'est pas un simple \u00e9v\u00e9nement, mais une exp\u00e9rience qui raconte la v\u00e9ritable essence d'Amalfi : une communaut\u00e9 qui aime sa terre et sa mer, et qui les d\u00e9fend chaque jour avec passion.","og_url":"https:\/\/www.visitamalfi.info\/fr\/\u00e9v\u00e9nement\/week-end-de-la-durabilite-environnementale-et-sociale\/","og_site_name":"Visit Amalfi","article_publisher":"https:\/\/www.facebook.com\/visitamalfiofficial","og_image":[{"width":940,"height":788,"url":"https:\/\/www.visitamalfi.info\/wp-content\/uploads\/2025\/10\/weekend-sostenibilita-2025.jpg","type":"image\/jpeg"}],"twitter_card":"summary_large_image","twitter_misc":{"Dur\u00e9e de lecture estim\u00e9e":"1 minute"},"schema":{"@context":"https:\/\/schema.org","@graph":[{"@type":"WebPage","@id":"https:\/\/www.visitamalfi.info\/fr\/\u00e9v\u00e9nement\/week-end-de-la-durabilite-environnementale-et-sociale\/","url":"https:\/\/www.visitamalfi.info\/fr\/\u00e9v\u00e9nement\/week-end-de-la-durabilite-environnementale-et-sociale\/","name":"Week-end de la durabilit\u00e9 environnementale et sociale - Visit Amalfi","isPartOf":{"@id":"https:\/\/www.visitamalfi.info\/fr\/#website"},"primaryImageOfPage":{"@id":"https:\/\/www.visitamalfi.info\/fr\/\u00e9v\u00e9nement\/week-end-de-la-durabilite-environnementale-et-sociale\/#primaryimage"},"image":{"@id":"https:\/\/www.visitamalfi.info\/fr\/\u00e9v\u00e9nement\/week-end-de-la-durabilite-environnementale-et-sociale\/#primaryimage"},"thumbnailUrl":"https:\/\/www.visitamalfi.info\/wp-content\/uploads\/2025\/10\/weekend-sostenibilita-2025.jpg","datePublished":"2025-10-11T19:48:36+00:00","breadcrumb":{"@id":"https:\/\/www.visitamalfi.info\/fr\/\u00e9v\u00e9nement\/week-end-de-la-durabilite-environnementale-et-sociale\/#breadcrumb"},"inLanguage":"fr-FR","potentialAction":[{"@type":"ReadAction","target":["https:\/\/www.visitamalfi.info\/fr\/\u00e9v\u00e9nement\/week-end-de-la-durabilite-environnementale-et-sociale\/"]}]},{"@type":"ImageObject","inLanguage":"fr-FR","@id":"https:\/\/www.visitamalfi.info\/fr\/\u00e9v\u00e9nement\/week-end-de-la-durabilite-environnementale-et-sociale\/#primaryimage","url":"https:\/\/www.visitamalfi.info\/wp-content\/uploads\/2025\/10\/weekend-sostenibilita-2025.jpg","contentUrl":"https:\/\/www.visitamalfi.info\/wp-content\/uploads\/2025\/10\/weekend-sostenibilita-2025.jpg","width":940,"height":788},{"@type":"BreadcrumbList","@id":"https:\/\/www.visitamalfi.info\/fr\/\u00e9v\u00e9nement\/week-end-de-la-durabilite-environnementale-et-sociale\/#breadcrumb","itemListElement":[{"@type":"ListItem","position":1,"name":"Home","item":"https:\/\/www.visitamalfi.info\/fr\/"},{"@type":"ListItem","position":2,"name":"\u00c9v\u00e8nements","item":"https:\/\/www.visitamalfi.info\/fr\/eventi\/"},{"@type":"ListItem","position":3,"name":"Week-end de la durabilit\u00e9 environnementale et sociale"}]},{"@type":"WebSite","@id":"https:\/\/www.visitamalfi.info\/fr\/#website","url":"https:\/\/www.visitamalfi.info\/fr\/","name":"Visit Amalfi","description":"Amalfi Destination Official Website","publisher":{"@id":"https:\/\/www.visitamalfi.info\/fr\/#organization"},"potentialAction":[{"@type":"SearchAction","target":{"@type":"EntryPoint","urlTemplate":"https:\/\/www.visitamalfi.info\/fr\/?s={search_term_string}"},"query-input":{"@type":"PropertyValueSpecification","valueRequired":true,"valueName":"search_term_string"}}],"inLanguage":"fr-FR"},{"@type":"Organization","@id":"https:\/\/www.visitamalfi.info\/fr\/#organization","name":"Visit Amalfi","url":"https:\/\/www.visitamalfi.info\/fr\/","logo":{"@type":"ImageObject","inLanguage":"fr-FR","@id":"https:\/\/www.visitamalfi.info\/fr\/#\/schema\/logo\/image\/","url":"https:\/\/www.visitamalfi.info\/wp-content\/uploads\/2023\/04\/visit-amalfi-logo-web.png","contentUrl":"https:\/\/www.visitamalfi.info\/wp-content\/uploads\/2023\/04\/visit-amalfi-logo-web.png","width":800,"height":870,"caption":"Visit Amalfi"},"image":{"@id":"https:\/\/www.visitamalfi.info\/fr\/#\/schema\/logo\/image\/"},"sameAs":["https:\/\/www.facebook.com\/visitamalfiofficial","https:\/\/www.instagram.com\/visitamalfiofficial\/"]}]}},"_links":{"self":[{"href":"https:\/\/www.visitamalfi.info\/fr\/wp-json\/wp\/v2\/tribe_events\/23029","targetHints":{"allow":["GET"]}}],"collection":[{"href":"https:\/\/www.visitamalfi.info\/fr\/wp-json\/wp\/v2\/tribe_events"}],"about":[{"href":"https:\/\/www.visitamalfi.info\/fr\/wp-json\/wp\/v2\/types\/tribe_events"}],"author":[{"embeddable":true,"href":"https:\/\/www.visitamalfi.info\/fr\/wp-json\/wp\/v2\/users\/7"}],"version-history":[{"count":0,"href":"https:\/\/www.visitamalfi.info\/fr\/wp-json\/wp\/v2\/tribe_events\/23029\/revisions"}],"wp:featuredmedia":[{"embeddable":true,"href":"https:\/\/www.visitamalfi.info\/fr\/wp-json\/wp\/v2\/media\/23023"}],"wp:attachment":[{"href":"https:\/\/www.visitamalfi.info\/fr\/wp-json\/wp\/v2\/media?parent=23029"}],"wp:term":[{"taxonomy":"post_tag","embeddable":true,"href":"https:\/\/www.visitamalfi.info\/fr\/wp-json\/wp\/v2\/tags?post=23029"},{"taxonomy":"tribe_events_cat","embeddable":true,"href":"https:\/\/www.visitamalfi.info\/fr\/wp-json\/wp\/v2\/tribe_events_cat?post=23029"}],"curies":[{"name":"wp","href":"https:\/\/api.w.org\/{rel}","templated":true}]}}