{"id":22323,"date":"2025-07-15T18:42:48","date_gmt":"2025-07-15T16:42:48","guid":{"rendered":"https:\/\/www.visitamalfi.info\/evento\/nouvel-an-byzantin-xxv-ed-chevalier-dun-jour\/"},"modified":"2025-07-15T18:42:48","modified_gmt":"2025-07-15T16:42:48","slug":"nouvel-an-byzantin-xxv-ed-chevalier-dun-jour","status":"publish","type":"tribe_events","link":"https:\/\/www.visitamalfi.info\/fr\/\u00e9v\u00e9nement\/nouvel-an-byzantin-xxv-ed-chevalier-dun-jour\/","title":{"rendered":"Nouvel An byzantin XXV Ed. &#8211; Chevalier d&#8217;un jour !"},"content":{"rendered":"<p>\u00c0 l&#8217;occasion des c\u00e9l\u00e9brations de la 25e \u00e9dition du Nouvel An byzantin, Amalfi ouvre les portes de son glorieux pass\u00e9 aux enfants de la ville, leur offrant une exp\u00e9rience immersive d&#8217;histoire, de jeu et d&#8217;\u00e9merveillement. Le temps d&#8217;une soir\u00e9e, gar\u00e7ons et filles seront transport\u00e9s dans une atmosph\u00e8re m\u00e9di\u00e9vale de d\u00e9fis chevaleresques, de jeux d&#8217;adresse, de capes, d&#8217;\u00e9p\u00e9es en peluche et d&#8217;arcs en jouet. Dans le cadre d&#8217;un cours passionnant et s\u00fbr, chaque participant pourra se mettre \u00e0 l&#8217;\u00e9preuve et vivre le frisson de devenir un chevalier ou une dame le temps d&#8217;une nuit. Les rencontres avec de v\u00e9ritables fauconniers et leurs oiseaux de proie rendront l&#8217;\u00e9v\u00e9nement encore plus magique : buses, faucons et hiboux feront des d\u00e9monstrations spectaculaires, r\u00e9v\u00e9lant les secrets du vol et de l&#8217;art ancien de la fauconnerie aux enfants curieux, sous la conduite d&#8217;experts en costume historique. Une occasion unique de faire revivre la grandeur du pass\u00e9 et de transmettre aux nouvelles g\u00e9n\u00e9rations l&#8217;esprit, le courage et l&#8217;\u00e9merveillement d&#8217;une \u00e9poque qui continue d&#8217;inspirer.<\/p>\n<p><em>\u00c9dit\u00e9 par Ma Dove Vivono i Cartoni<\/em><\/p>\n","protected":false},"excerpt":{"rendered":"<p>\u00c0 l&#8217;occasion des c\u00e9l\u00e9brations de la 25e \u00e9dition du Nouvel An byzantin, Amalfi ouvre les portes de son glorieux pass\u00e9 aux enfants de la ville, leur offrant une exp\u00e9rience immersive [&hellip;]<\/p>\n","protected":false},"author":7,"featured_media":10539,"template":"","meta":{"inline_featured_image":false,"_tribe_events_status":"","_tribe_events_status_reason":"","footnotes":""},"tags":[],"tribe_events_cat":[],"class_list":["post-22323","tribe_events","type-tribe_events","status-publish","has-post-thumbnail","hentry"],"yoast_head":"<!-- This site is optimized with the Yoast SEO plugin v27.3 - https:\/\/yoast.com\/product\/yoast-seo-wordpress\/ -->\n<title>Nouvel An byzantin XXV Ed. - Chevalier d&#039;un jour ! - Visit Amalfi<\/title>\n<meta name=\"robots\" content=\"index, follow, max-snippet:-1, max-image-preview:large, max-video-preview:-1\" \/>\n<link rel=\"canonical\" href=\"https:\/\/www.visitamalfi.info\/fr\/\u00e9v\u00e9nement\/nouvel-an-byzantin-xxv-ed-chevalier-dun-jour\/\" \/>\n<meta property=\"og:locale\" content=\"fr_FR\" \/>\n<meta property=\"og:type\" content=\"article\" \/>\n<meta property=\"og:title\" content=\"Nouvel An byzantin XXV Ed. - Chevalier d&#039;un jour ! - Visit Amalfi\" \/>\n<meta property=\"og:description\" content=\"\u00c0 l&#8217;occasion des c\u00e9l\u00e9brations de la 25e \u00e9dition du Nouvel An byzantin, Amalfi ouvre les portes de son glorieux pass\u00e9 aux enfants de la ville, leur offrant une exp\u00e9rience immersive [&hellip;]\" \/>\n<meta property=\"og:url\" content=\"https:\/\/www.visitamalfi.info\/fr\/\u00e9v\u00e9nement\/nouvel-an-byzantin-xxv-ed-chevalier-dun-jour\/\" \/>\n<meta property=\"og:site_name\" content=\"Visit Amalfi\" \/>\n<meta property=\"article:publisher\" content=\"https:\/\/www.facebook.com\/visitamalfiofficial\" \/>\n<meta name=\"twitter:card\" content=\"summary_large_image\" \/>\n<meta name=\"twitter:label1\" content=\"Dur\u00e9e de lecture estim\u00e9e\" \/>\n\t<meta name=\"twitter:data1\" content=\"1 minute\" \/>\n<script type=\"application\/ld+json\" class=\"yoast-schema-graph\">{\"@context\":\"https:\\\/\\\/schema.org\",\"@graph\":[{\"@type\":\"WebPage\",\"@id\":\"https:\\\/\\\/www.visitamalfi.info\\\/fr\\\/\u00e9v\u00e9nement\\\/nouvel-an-byzantin-xxv-ed-chevalier-dun-jour\\\/\",\"url\":\"https:\\\/\\\/www.visitamalfi.info\\\/fr\\\/\u00e9v\u00e9nement\\\/nouvel-an-byzantin-xxv-ed-chevalier-dun-jour\\\/\",\"name\":\"Nouvel An byzantin XXV Ed. - Chevalier d'un jour ! - Visit Amalfi\",\"isPartOf\":{\"@id\":\"https:\\\/\\\/www.visitamalfi.info\\\/fr\\\/#website\"},\"primaryImageOfPage\":{\"@id\":\"https:\\\/\\\/www.visitamalfi.info\\\/fr\\\/\u00e9v\u00e9nement\\\/nouvel-an-byzantin-xxv-ed-chevalier-dun-jour\\\/#primaryimage\"},\"image\":{\"@id\":\"https:\\\/\\\/www.visitamalfi.info\\\/fr\\\/\u00e9v\u00e9nement\\\/nouvel-an-byzantin-xxv-ed-chevalier-dun-jour\\\/#primaryimage\"},\"thumbnailUrl\":\"https:\\\/\\\/www.visitamalfi.info\\\/wp-content\\\/uploads\\\/2023\\\/08\\\/4.jpeg\",\"datePublished\":\"2025-07-15T16:42:48+00:00\",\"breadcrumb\":{\"@id\":\"https:\\\/\\\/www.visitamalfi.info\\\/fr\\\/\u00e9v\u00e9nement\\\/nouvel-an-byzantin-xxv-ed-chevalier-dun-jour\\\/#breadcrumb\"},\"inLanguage\":\"fr-FR\",\"potentialAction\":[{\"@type\":\"ReadAction\",\"target\":[\"https:\\\/\\\/www.visitamalfi.info\\\/fr\\\/\u00e9v\u00e9nement\\\/nouvel-an-byzantin-xxv-ed-chevalier-dun-jour\\\/\"]}]},{\"@type\":\"ImageObject\",\"inLanguage\":\"fr-FR\",\"@id\":\"https:\\\/\\\/www.visitamalfi.info\\\/fr\\\/\u00e9v\u00e9nement\\\/nouvel-an-byzantin-xxv-ed-chevalier-dun-jour\\\/#primaryimage\",\"url\":\"https:\\\/\\\/www.visitamalfi.info\\\/wp-content\\\/uploads\\\/2023\\\/08\\\/4.jpeg\",\"contentUrl\":\"https:\\\/\\\/www.visitamalfi.info\\\/wp-content\\\/uploads\\\/2023\\\/08\\\/4.jpeg\",\"width\":1600,\"height\":1066},{\"@type\":\"BreadcrumbList\",\"@id\":\"https:\\\/\\\/www.visitamalfi.info\\\/fr\\\/\u00e9v\u00e9nement\\\/nouvel-an-byzantin-xxv-ed-chevalier-dun-jour\\\/#breadcrumb\",\"itemListElement\":[{\"@type\":\"ListItem\",\"position\":1,\"name\":\"Home\",\"item\":\"https:\\\/\\\/www.visitamalfi.info\\\/fr\\\/\"},{\"@type\":\"ListItem\",\"position\":2,\"name\":\"\u00c9v\u00e8nements\",\"item\":\"https:\\\/\\\/www.visitamalfi.info\\\/fr\\\/eventi\\\/\"},{\"@type\":\"ListItem\",\"position\":3,\"name\":\"Nouvel An byzantin XXV Ed. &#8211; Chevalier d&#8217;un jour !\"}]},{\"@type\":\"WebSite\",\"@id\":\"https:\\\/\\\/www.visitamalfi.info\\\/fr\\\/#website\",\"url\":\"https:\\\/\\\/www.visitamalfi.info\\\/fr\\\/\",\"name\":\"Visit Amalfi\",\"description\":\"Amalfi Destination Official Website\",\"publisher\":{\"@id\":\"https:\\\/\\\/www.visitamalfi.info\\\/fr\\\/#organization\"},\"potentialAction\":[{\"@type\":\"SearchAction\",\"target\":{\"@type\":\"EntryPoint\",\"urlTemplate\":\"https:\\\/\\\/www.visitamalfi.info\\\/fr\\\/?s={search_term_string}\"},\"query-input\":{\"@type\":\"PropertyValueSpecification\",\"valueRequired\":true,\"valueName\":\"search_term_string\"}}],\"inLanguage\":\"fr-FR\"},{\"@type\":\"Organization\",\"@id\":\"https:\\\/\\\/www.visitamalfi.info\\\/fr\\\/#organization\",\"name\":\"Visit Amalfi\",\"url\":\"https:\\\/\\\/www.visitamalfi.info\\\/fr\\\/\",\"logo\":{\"@type\":\"ImageObject\",\"inLanguage\":\"fr-FR\",\"@id\":\"https:\\\/\\\/www.visitamalfi.info\\\/fr\\\/#\\\/schema\\\/logo\\\/image\\\/\",\"url\":\"https:\\\/\\\/www.visitamalfi.info\\\/wp-content\\\/uploads\\\/2023\\\/04\\\/visit-amalfi-logo-web.png\",\"contentUrl\":\"https:\\\/\\\/www.visitamalfi.info\\\/wp-content\\\/uploads\\\/2023\\\/04\\\/visit-amalfi-logo-web.png\",\"width\":800,\"height\":870,\"caption\":\"Visit Amalfi\"},\"image\":{\"@id\":\"https:\\\/\\\/www.visitamalfi.info\\\/fr\\\/#\\\/schema\\\/logo\\\/image\\\/\"},\"sameAs\":[\"https:\\\/\\\/www.facebook.com\\\/visitamalfiofficial\",\"https:\\\/\\\/www.instagram.com\\\/visitamalfiofficial\\\/\"]}]}<\/script>\n<!-- \/ Yoast SEO plugin. -->","yoast_head_json":{"title":"Nouvel An byzantin XXV Ed. - Chevalier d'un jour ! - Visit Amalfi","robots":{"index":"index","follow":"follow","max-snippet":"max-snippet:-1","max-image-preview":"max-image-preview:large","max-video-preview":"max-video-preview:-1"},"canonical":"https:\/\/www.visitamalfi.info\/fr\/\u00e9v\u00e9nement\/nouvel-an-byzantin-xxv-ed-chevalier-dun-jour\/","og_locale":"fr_FR","og_type":"article","og_title":"Nouvel An byzantin XXV Ed. - Chevalier d'un jour ! - Visit Amalfi","og_description":"\u00c0 l&#8217;occasion des c\u00e9l\u00e9brations de la 25e \u00e9dition du Nouvel An byzantin, Amalfi ouvre les portes de son glorieux pass\u00e9 aux enfants de la ville, leur offrant une exp\u00e9rience immersive [&hellip;]","og_url":"https:\/\/www.visitamalfi.info\/fr\/\u00e9v\u00e9nement\/nouvel-an-byzantin-xxv-ed-chevalier-dun-jour\/","og_site_name":"Visit Amalfi","article_publisher":"https:\/\/www.facebook.com\/visitamalfiofficial","twitter_card":"summary_large_image","twitter_misc":{"Dur\u00e9e de lecture estim\u00e9e":"1 minute"},"schema":{"@context":"https:\/\/schema.org","@graph":[{"@type":"WebPage","@id":"https:\/\/www.visitamalfi.info\/fr\/\u00e9v\u00e9nement\/nouvel-an-byzantin-xxv-ed-chevalier-dun-jour\/","url":"https:\/\/www.visitamalfi.info\/fr\/\u00e9v\u00e9nement\/nouvel-an-byzantin-xxv-ed-chevalier-dun-jour\/","name":"Nouvel An byzantin XXV Ed. - Chevalier d'un jour ! - Visit Amalfi","isPartOf":{"@id":"https:\/\/www.visitamalfi.info\/fr\/#website"},"primaryImageOfPage":{"@id":"https:\/\/www.visitamalfi.info\/fr\/\u00e9v\u00e9nement\/nouvel-an-byzantin-xxv-ed-chevalier-dun-jour\/#primaryimage"},"image":{"@id":"https:\/\/www.visitamalfi.info\/fr\/\u00e9v\u00e9nement\/nouvel-an-byzantin-xxv-ed-chevalier-dun-jour\/#primaryimage"},"thumbnailUrl":"https:\/\/www.visitamalfi.info\/wp-content\/uploads\/2023\/08\/4.jpeg","datePublished":"2025-07-15T16:42:48+00:00","breadcrumb":{"@id":"https:\/\/www.visitamalfi.info\/fr\/\u00e9v\u00e9nement\/nouvel-an-byzantin-xxv-ed-chevalier-dun-jour\/#breadcrumb"},"inLanguage":"fr-FR","potentialAction":[{"@type":"ReadAction","target":["https:\/\/www.visitamalfi.info\/fr\/\u00e9v\u00e9nement\/nouvel-an-byzantin-xxv-ed-chevalier-dun-jour\/"]}]},{"@type":"ImageObject","inLanguage":"fr-FR","@id":"https:\/\/www.visitamalfi.info\/fr\/\u00e9v\u00e9nement\/nouvel-an-byzantin-xxv-ed-chevalier-dun-jour\/#primaryimage","url":"https:\/\/www.visitamalfi.info\/wp-content\/uploads\/2023\/08\/4.jpeg","contentUrl":"https:\/\/www.visitamalfi.info\/wp-content\/uploads\/2023\/08\/4.jpeg","width":1600,"height":1066},{"@type":"BreadcrumbList","@id":"https:\/\/www.visitamalfi.info\/fr\/\u00e9v\u00e9nement\/nouvel-an-byzantin-xxv-ed-chevalier-dun-jour\/#breadcrumb","itemListElement":[{"@type":"ListItem","position":1,"name":"Home","item":"https:\/\/www.visitamalfi.info\/fr\/"},{"@type":"ListItem","position":2,"name":"\u00c9v\u00e8nements","item":"https:\/\/www.visitamalfi.info\/fr\/eventi\/"},{"@type":"ListItem","position":3,"name":"Nouvel An byzantin XXV Ed. &#8211; Chevalier d&#8217;un jour !"}]},{"@type":"WebSite","@id":"https:\/\/www.visitamalfi.info\/fr\/#website","url":"https:\/\/www.visitamalfi.info\/fr\/","name":"Visit Amalfi","description":"Amalfi Destination Official Website","publisher":{"@id":"https:\/\/www.visitamalfi.info\/fr\/#organization"},"potentialAction":[{"@type":"SearchAction","target":{"@type":"EntryPoint","urlTemplate":"https:\/\/www.visitamalfi.info\/fr\/?s={search_term_string}"},"query-input":{"@type":"PropertyValueSpecification","valueRequired":true,"valueName":"search_term_string"}}],"inLanguage":"fr-FR"},{"@type":"Organization","@id":"https:\/\/www.visitamalfi.info\/fr\/#organization","name":"Visit Amalfi","url":"https:\/\/www.visitamalfi.info\/fr\/","logo":{"@type":"ImageObject","inLanguage":"fr-FR","@id":"https:\/\/www.visitamalfi.info\/fr\/#\/schema\/logo\/image\/","url":"https:\/\/www.visitamalfi.info\/wp-content\/uploads\/2023\/04\/visit-amalfi-logo-web.png","contentUrl":"https:\/\/www.visitamalfi.info\/wp-content\/uploads\/2023\/04\/visit-amalfi-logo-web.png","width":800,"height":870,"caption":"Visit Amalfi"},"image":{"@id":"https:\/\/www.visitamalfi.info\/fr\/#\/schema\/logo\/image\/"},"sameAs":["https:\/\/www.facebook.com\/visitamalfiofficial","https:\/\/www.instagram.com\/visitamalfiofficial\/"]}]}},"_links":{"self":[{"href":"https:\/\/www.visitamalfi.info\/fr\/wp-json\/wp\/v2\/tribe_events\/22323","targetHints":{"allow":["GET"]}}],"collection":[{"href":"https:\/\/www.visitamalfi.info\/fr\/wp-json\/wp\/v2\/tribe_events"}],"about":[{"href":"https:\/\/www.visitamalfi.info\/fr\/wp-json\/wp\/v2\/types\/tribe_events"}],"author":[{"embeddable":true,"href":"https:\/\/www.visitamalfi.info\/fr\/wp-json\/wp\/v2\/users\/7"}],"version-history":[{"count":0,"href":"https:\/\/www.visitamalfi.info\/fr\/wp-json\/wp\/v2\/tribe_events\/22323\/revisions"}],"wp:featuredmedia":[{"embeddable":true,"href":"https:\/\/www.visitamalfi.info\/fr\/wp-json\/wp\/v2\/media\/10539"}],"wp:attachment":[{"href":"https:\/\/www.visitamalfi.info\/fr\/wp-json\/wp\/v2\/media?parent=22323"}],"wp:term":[{"taxonomy":"post_tag","embeddable":true,"href":"https:\/\/www.visitamalfi.info\/fr\/wp-json\/wp\/v2\/tags?post=22323"},{"taxonomy":"tribe_events_cat","embeddable":true,"href":"https:\/\/www.visitamalfi.info\/fr\/wp-json\/wp\/v2\/tribe_events_cat?post=22323"}],"curies":[{"name":"wp","href":"https:\/\/api.w.org\/{rel}","templated":true}]}}