{"id":22106,"date":"2025-06-23T14:48:59","date_gmt":"2025-06-23T12:48:59","guid":{"rendered":"https:\/\/www.visitamalfi.info\/evento\/jovaband-lhommage-a-jovanotti-qui-fait-danser-litalie\/"},"modified":"2025-06-23T14:48:59","modified_gmt":"2025-06-23T12:48:59","slug":"jovaband-lhommage-a-jovanotti-qui-fait-danser-litalie","status":"publish","type":"tribe_events","link":"https:\/\/www.visitamalfi.info\/fr\/\u00e9v\u00e9nement\/jovaband-lhommage-a-jovanotti-qui-fait-danser-litalie\/","title":{"rendered":"Jovaband &#8211; L&#8217;hommage \u00e0 Jovanotti qui fait danser l&#8217;Italie"},"content":{"rendered":"<p>Pr\u00e9parez-vous \u00e0 une soir\u00e9e inoubliable avec le <strong><em>JOVABAND<\/em><\/strong>le groupe qui apporte toute l&#8217;\u00e9nergie et l&#8217;enthousiasme de Jovanotti sur sc\u00e8ne. Un hommage authentique et captivant \u00e0 l&#8217;un des artistes les plus appr\u00e9ci\u00e9s de la musique italienne, capable de faire danser, bouger et r\u00e9fl\u00e9chir les gens avec un style unique. Entre pop, funk, rap et ambiance estivale, le spectacle est con\u00e7u pour divertir un public de tous \u00e2ges, transformant Amalfi en une grande f\u00eate sous les \u00e9toiles.<\/p>\n","protected":false},"excerpt":{"rendered":"<p>Pr\u00e9parez-vous \u00e0 vivre une soir\u00e9e inoubliable avec le JOVABAND, le groupe qui apporte toute l&#8217;\u00e9nergie et l&#8217;enthousiasme de Jovanotti sur sc\u00e8ne.<\/p>\n","protected":false},"author":7,"featured_media":22067,"template":"","meta":{"inline_featured_image":false,"_tribe_events_status":"","_tribe_events_status_reason":"","footnotes":""},"tags":[],"tribe_events_cat":[317,633,632],"class_list":["post-22106","tribe_events","type-tribe_events","status-publish","has-post-thumbnail","hentry","tribe_events_cat-musica-dal-vivo-fr","tribe_events_cat-nuit-de-couverture","tribe_events_cat-reprises-en-direct","cat_musica-dal-vivo-fr","cat_nuit-de-couverture","cat_reprises-en-direct"],"yoast_head":"<!-- This site is optimized with the Yoast SEO plugin v27.3 - https:\/\/yoast.com\/product\/yoast-seo-wordpress\/ -->\n<title>Jovaband - L&#039;hommage \u00e0 Jovanotti qui fait danser l&#039;Italie - Visit Amalfi<\/title>\n<meta name=\"robots\" content=\"index, follow, max-snippet:-1, max-image-preview:large, max-video-preview:-1\" \/>\n<link rel=\"canonical\" href=\"https:\/\/www.visitamalfi.info\/fr\/\u00e9v\u00e9nement\/jovaband-lhommage-a-jovanotti-qui-fait-danser-litalie\/\" \/>\n<meta property=\"og:locale\" content=\"fr_FR\" \/>\n<meta property=\"og:type\" content=\"article\" \/>\n<meta property=\"og:title\" content=\"Jovaband - L&#039;hommage \u00e0 Jovanotti qui fait danser l&#039;Italie - Visit Amalfi\" \/>\n<meta property=\"og:description\" content=\"Pr\u00e9parez-vous \u00e0 vivre une soir\u00e9e inoubliable avec le JOVABAND, le groupe qui apporte toute l&#039;\u00e9nergie et l&#039;enthousiasme de Jovanotti sur sc\u00e8ne.\" \/>\n<meta property=\"og:url\" content=\"https:\/\/www.visitamalfi.info\/fr\/\u00e9v\u00e9nement\/jovaband-lhommage-a-jovanotti-qui-fait-danser-litalie\/\" \/>\n<meta property=\"og:site_name\" content=\"Visit Amalfi\" \/>\n<meta property=\"article:publisher\" content=\"https:\/\/www.facebook.com\/visitamalfiofficial\" \/>\n<meta name=\"twitter:card\" content=\"summary_large_image\" \/>\n<script type=\"application\/ld+json\" class=\"yoast-schema-graph\">{\"@context\":\"https:\\\/\\\/schema.org\",\"@graph\":[{\"@type\":\"WebPage\",\"@id\":\"https:\\\/\\\/www.visitamalfi.info\\\/fr\\\/\u00e9v\u00e9nement\\\/jovaband-lhommage-a-jovanotti-qui-fait-danser-litalie\\\/\",\"url\":\"https:\\\/\\\/www.visitamalfi.info\\\/fr\\\/\u00e9v\u00e9nement\\\/jovaband-lhommage-a-jovanotti-qui-fait-danser-litalie\\\/\",\"name\":\"Jovaband - L'hommage \u00e0 Jovanotti qui fait danser l'Italie - Visit Amalfi\",\"isPartOf\":{\"@id\":\"https:\\\/\\\/www.visitamalfi.info\\\/fr\\\/#website\"},\"primaryImageOfPage\":{\"@id\":\"https:\\\/\\\/www.visitamalfi.info\\\/fr\\\/\u00e9v\u00e9nement\\\/jovaband-lhommage-a-jovanotti-qui-fait-danser-litalie\\\/#primaryimage\"},\"image\":{\"@id\":\"https:\\\/\\\/www.visitamalfi.info\\\/fr\\\/\u00e9v\u00e9nement\\\/jovaband-lhommage-a-jovanotti-qui-fait-danser-litalie\\\/#primaryimage\"},\"thumbnailUrl\":\"https:\\\/\\\/www.visitamalfi.info\\\/wp-content\\\/uploads\\\/2025\\\/06\\\/74-concerto-Joy-Salinas-21-luglio-2023-foto-abbagnara.jpg\",\"datePublished\":\"2025-06-23T12:48:59+00:00\",\"breadcrumb\":{\"@id\":\"https:\\\/\\\/www.visitamalfi.info\\\/fr\\\/\u00e9v\u00e9nement\\\/jovaband-lhommage-a-jovanotti-qui-fait-danser-litalie\\\/#breadcrumb\"},\"inLanguage\":\"fr-FR\",\"potentialAction\":[{\"@type\":\"ReadAction\",\"target\":[\"https:\\\/\\\/www.visitamalfi.info\\\/fr\\\/\u00e9v\u00e9nement\\\/jovaband-lhommage-a-jovanotti-qui-fait-danser-litalie\\\/\"]}]},{\"@type\":\"ImageObject\",\"inLanguage\":\"fr-FR\",\"@id\":\"https:\\\/\\\/www.visitamalfi.info\\\/fr\\\/\u00e9v\u00e9nement\\\/jovaband-lhommage-a-jovanotti-qui-fait-danser-litalie\\\/#primaryimage\",\"url\":\"https:\\\/\\\/www.visitamalfi.info\\\/wp-content\\\/uploads\\\/2025\\\/06\\\/74-concerto-Joy-Salinas-21-luglio-2023-foto-abbagnara.jpg\",\"contentUrl\":\"https:\\\/\\\/www.visitamalfi.info\\\/wp-content\\\/uploads\\\/2025\\\/06\\\/74-concerto-Joy-Salinas-21-luglio-2023-foto-abbagnara.jpg\",\"width\":1920,\"height\":1280},{\"@type\":\"BreadcrumbList\",\"@id\":\"https:\\\/\\\/www.visitamalfi.info\\\/fr\\\/\u00e9v\u00e9nement\\\/jovaband-lhommage-a-jovanotti-qui-fait-danser-litalie\\\/#breadcrumb\",\"itemListElement\":[{\"@type\":\"ListItem\",\"position\":1,\"name\":\"Home\",\"item\":\"https:\\\/\\\/www.visitamalfi.info\\\/fr\\\/\"},{\"@type\":\"ListItem\",\"position\":2,\"name\":\"\u00c9v\u00e8nements\",\"item\":\"https:\\\/\\\/www.visitamalfi.info\\\/fr\\\/eventi\\\/\"},{\"@type\":\"ListItem\",\"position\":3,\"name\":\"Jovaband &#8211; L&#8217;hommage \u00e0 Jovanotti qui fait danser l&#8217;Italie\"}]},{\"@type\":\"WebSite\",\"@id\":\"https:\\\/\\\/www.visitamalfi.info\\\/fr\\\/#website\",\"url\":\"https:\\\/\\\/www.visitamalfi.info\\\/fr\\\/\",\"name\":\"Visit Amalfi\",\"description\":\"Amalfi Destination Official Website\",\"publisher\":{\"@id\":\"https:\\\/\\\/www.visitamalfi.info\\\/fr\\\/#organization\"},\"potentialAction\":[{\"@type\":\"SearchAction\",\"target\":{\"@type\":\"EntryPoint\",\"urlTemplate\":\"https:\\\/\\\/www.visitamalfi.info\\\/fr\\\/?s={search_term_string}\"},\"query-input\":{\"@type\":\"PropertyValueSpecification\",\"valueRequired\":true,\"valueName\":\"search_term_string\"}}],\"inLanguage\":\"fr-FR\"},{\"@type\":\"Organization\",\"@id\":\"https:\\\/\\\/www.visitamalfi.info\\\/fr\\\/#organization\",\"name\":\"Visit Amalfi\",\"url\":\"https:\\\/\\\/www.visitamalfi.info\\\/fr\\\/\",\"logo\":{\"@type\":\"ImageObject\",\"inLanguage\":\"fr-FR\",\"@id\":\"https:\\\/\\\/www.visitamalfi.info\\\/fr\\\/#\\\/schema\\\/logo\\\/image\\\/\",\"url\":\"https:\\\/\\\/www.visitamalfi.info\\\/wp-content\\\/uploads\\\/2023\\\/04\\\/visit-amalfi-logo-web.png\",\"contentUrl\":\"https:\\\/\\\/www.visitamalfi.info\\\/wp-content\\\/uploads\\\/2023\\\/04\\\/visit-amalfi-logo-web.png\",\"width\":800,\"height\":870,\"caption\":\"Visit Amalfi\"},\"image\":{\"@id\":\"https:\\\/\\\/www.visitamalfi.info\\\/fr\\\/#\\\/schema\\\/logo\\\/image\\\/\"},\"sameAs\":[\"https:\\\/\\\/www.facebook.com\\\/visitamalfiofficial\",\"https:\\\/\\\/www.instagram.com\\\/visitamalfiofficial\\\/\"]}]}<\/script>\n<!-- \/ Yoast SEO plugin. -->","yoast_head_json":{"title":"Jovaband - L'hommage \u00e0 Jovanotti qui fait danser l'Italie - Visit Amalfi","robots":{"index":"index","follow":"follow","max-snippet":"max-snippet:-1","max-image-preview":"max-image-preview:large","max-video-preview":"max-video-preview:-1"},"canonical":"https:\/\/www.visitamalfi.info\/fr\/\u00e9v\u00e9nement\/jovaband-lhommage-a-jovanotti-qui-fait-danser-litalie\/","og_locale":"fr_FR","og_type":"article","og_title":"Jovaband - L'hommage \u00e0 Jovanotti qui fait danser l'Italie - Visit Amalfi","og_description":"Pr\u00e9parez-vous \u00e0 vivre une soir\u00e9e inoubliable avec le JOVABAND, le groupe qui apporte toute l'\u00e9nergie et l'enthousiasme de Jovanotti sur sc\u00e8ne.","og_url":"https:\/\/www.visitamalfi.info\/fr\/\u00e9v\u00e9nement\/jovaband-lhommage-a-jovanotti-qui-fait-danser-litalie\/","og_site_name":"Visit Amalfi","article_publisher":"https:\/\/www.facebook.com\/visitamalfiofficial","twitter_card":"summary_large_image","schema":{"@context":"https:\/\/schema.org","@graph":[{"@type":"WebPage","@id":"https:\/\/www.visitamalfi.info\/fr\/\u00e9v\u00e9nement\/jovaband-lhommage-a-jovanotti-qui-fait-danser-litalie\/","url":"https:\/\/www.visitamalfi.info\/fr\/\u00e9v\u00e9nement\/jovaband-lhommage-a-jovanotti-qui-fait-danser-litalie\/","name":"Jovaband - L'hommage \u00e0 Jovanotti qui fait danser l'Italie - Visit Amalfi","isPartOf":{"@id":"https:\/\/www.visitamalfi.info\/fr\/#website"},"primaryImageOfPage":{"@id":"https:\/\/www.visitamalfi.info\/fr\/\u00e9v\u00e9nement\/jovaband-lhommage-a-jovanotti-qui-fait-danser-litalie\/#primaryimage"},"image":{"@id":"https:\/\/www.visitamalfi.info\/fr\/\u00e9v\u00e9nement\/jovaband-lhommage-a-jovanotti-qui-fait-danser-litalie\/#primaryimage"},"thumbnailUrl":"https:\/\/www.visitamalfi.info\/wp-content\/uploads\/2025\/06\/74-concerto-Joy-Salinas-21-luglio-2023-foto-abbagnara.jpg","datePublished":"2025-06-23T12:48:59+00:00","breadcrumb":{"@id":"https:\/\/www.visitamalfi.info\/fr\/\u00e9v\u00e9nement\/jovaband-lhommage-a-jovanotti-qui-fait-danser-litalie\/#breadcrumb"},"inLanguage":"fr-FR","potentialAction":[{"@type":"ReadAction","target":["https:\/\/www.visitamalfi.info\/fr\/\u00e9v\u00e9nement\/jovaband-lhommage-a-jovanotti-qui-fait-danser-litalie\/"]}]},{"@type":"ImageObject","inLanguage":"fr-FR","@id":"https:\/\/www.visitamalfi.info\/fr\/\u00e9v\u00e9nement\/jovaband-lhommage-a-jovanotti-qui-fait-danser-litalie\/#primaryimage","url":"https:\/\/www.visitamalfi.info\/wp-content\/uploads\/2025\/06\/74-concerto-Joy-Salinas-21-luglio-2023-foto-abbagnara.jpg","contentUrl":"https:\/\/www.visitamalfi.info\/wp-content\/uploads\/2025\/06\/74-concerto-Joy-Salinas-21-luglio-2023-foto-abbagnara.jpg","width":1920,"height":1280},{"@type":"BreadcrumbList","@id":"https:\/\/www.visitamalfi.info\/fr\/\u00e9v\u00e9nement\/jovaband-lhommage-a-jovanotti-qui-fait-danser-litalie\/#breadcrumb","itemListElement":[{"@type":"ListItem","position":1,"name":"Home","item":"https:\/\/www.visitamalfi.info\/fr\/"},{"@type":"ListItem","position":2,"name":"\u00c9v\u00e8nements","item":"https:\/\/www.visitamalfi.info\/fr\/eventi\/"},{"@type":"ListItem","position":3,"name":"Jovaband &#8211; L&#8217;hommage \u00e0 Jovanotti qui fait danser l&#8217;Italie"}]},{"@type":"WebSite","@id":"https:\/\/www.visitamalfi.info\/fr\/#website","url":"https:\/\/www.visitamalfi.info\/fr\/","name":"Visit Amalfi","description":"Amalfi Destination Official Website","publisher":{"@id":"https:\/\/www.visitamalfi.info\/fr\/#organization"},"potentialAction":[{"@type":"SearchAction","target":{"@type":"EntryPoint","urlTemplate":"https:\/\/www.visitamalfi.info\/fr\/?s={search_term_string}"},"query-input":{"@type":"PropertyValueSpecification","valueRequired":true,"valueName":"search_term_string"}}],"inLanguage":"fr-FR"},{"@type":"Organization","@id":"https:\/\/www.visitamalfi.info\/fr\/#organization","name":"Visit Amalfi","url":"https:\/\/www.visitamalfi.info\/fr\/","logo":{"@type":"ImageObject","inLanguage":"fr-FR","@id":"https:\/\/www.visitamalfi.info\/fr\/#\/schema\/logo\/image\/","url":"https:\/\/www.visitamalfi.info\/wp-content\/uploads\/2023\/04\/visit-amalfi-logo-web.png","contentUrl":"https:\/\/www.visitamalfi.info\/wp-content\/uploads\/2023\/04\/visit-amalfi-logo-web.png","width":800,"height":870,"caption":"Visit Amalfi"},"image":{"@id":"https:\/\/www.visitamalfi.info\/fr\/#\/schema\/logo\/image\/"},"sameAs":["https:\/\/www.facebook.com\/visitamalfiofficial","https:\/\/www.instagram.com\/visitamalfiofficial\/"]}]}},"_links":{"self":[{"href":"https:\/\/www.visitamalfi.info\/fr\/wp-json\/wp\/v2\/tribe_events\/22106","targetHints":{"allow":["GET"]}}],"collection":[{"href":"https:\/\/www.visitamalfi.info\/fr\/wp-json\/wp\/v2\/tribe_events"}],"about":[{"href":"https:\/\/www.visitamalfi.info\/fr\/wp-json\/wp\/v2\/types\/tribe_events"}],"author":[{"embeddable":true,"href":"https:\/\/www.visitamalfi.info\/fr\/wp-json\/wp\/v2\/users\/7"}],"version-history":[{"count":0,"href":"https:\/\/www.visitamalfi.info\/fr\/wp-json\/wp\/v2\/tribe_events\/22106\/revisions"}],"wp:featuredmedia":[{"embeddable":true,"href":"https:\/\/www.visitamalfi.info\/fr\/wp-json\/wp\/v2\/media\/22067"}],"wp:attachment":[{"href":"https:\/\/www.visitamalfi.info\/fr\/wp-json\/wp\/v2\/media?parent=22106"}],"wp:term":[{"taxonomy":"post_tag","embeddable":true,"href":"https:\/\/www.visitamalfi.info\/fr\/wp-json\/wp\/v2\/tags?post=22106"},{"taxonomy":"tribe_events_cat","embeddable":true,"href":"https:\/\/www.visitamalfi.info\/fr\/wp-json\/wp\/v2\/tribe_events_cat?post=22106"}],"curies":[{"name":"wp","href":"https:\/\/api.w.org\/{rel}","templated":true}]}}