{"id":21911,"date":"2025-06-19T09:49:07","date_gmt":"2025-06-19T07:49:07","guid":{"rendered":"https:\/\/www.visitamalfi.info\/evento\/saint-andre-a-amalfi-un-evenement-toujours-attendu-et-apprecie\/"},"modified":"2025-06-23T15:55:07","modified_gmt":"2025-06-23T13:55:07","slug":"saint-andre-a-amalfi-un-evenement-toujours-attendu-et-apprecie","status":"publish","type":"tribe_events","link":"https:\/\/www.visitamalfi.info\/fr\/\u00e9v\u00e9nement\/saint-andre-a-amalfi-un-evenement-toujours-attendu-et-apprecie\/","title":{"rendered":"Saint-Andr\u00e9 \u00e0 Amalfi : un \u00e9v\u00e9nement toujours attendu et appr\u00e9ci\u00e9"},"content":{"rendered":"<p data-start=\"243\" data-end=\"459\">Le 27 juin, Amalfi s&#8217;habille pour c\u00e9l\u00e9brer <strong>Saint-Andr\u00e9<\/strong>, son saint patron. Un \u00e9v\u00e9nement attendu et ressenti par toute la communaut\u00e9, alliant spiritualit\u00e9, tradition et spectacle dans un cadre unique.<\/p>\n<p data-start=\"461\" data-end=\"915\">Les <strong>c\u00e9l\u00e9brations<\/strong> religieuses solennelles dans la cath\u00e9drale, tr\u00e9sor de foi et d&#8217;art qui abrite les reliques de l&#8217;Ap\u00f4tre, la <strong>procession<\/strong> \u00e9vocatrice dans les rues de la vieille ville jusqu&#8217;au front de mer : l&#8217;un des moments les plus \u00e9mouvants, la fameuse<strong>&#8220;course<\/strong> &#8220;, qui conclut le rite en portant la statue de Saint-Andr\u00e9 sur les marches monumentales de la cath\u00e9drale, sous les applaudissements et dans l&#8217;\u00e9motion.<\/p>\n<p data-start=\"917\" data-end=\"1241\">Sans oublier la musique et les feux d&#8217;artifice qui illuminent le ciel et la mer, offrant aux citoyens et aux visiteurs une exp\u00e9rience inoubliable.<\/p>\n<p data-start=\"917\" data-end=\"1241\">Participer au Festival de Saint-Andr\u00e9, c&#8217;est s&#8217;immerger dans le c\u0153ur authentique d&#8217;Amalfi, o\u00f9 la foi, l&#8217;histoire et la communaut\u00e9 se rencontrent et se renouvellent chaque ann\u00e9e.<\/p>\n<p><strong>LE PROGRAMME :<\/strong><\/p>\n<p class=\"p1\">LUNDI 23 &#8211; MARDI 24 JUIN<\/p>\n<ul>\n<li class=\"p1\">Crypte St Andrew&#8217;s 19h00 Sainte Messe et Coronelle<\/li>\n<\/ul>\n<p class=\"p1\">MERCREDI 25 JUIN<\/p>\n<ul>\n<li class=\"p1\">Basilique Cath\u00e9drale 19h00 Sainte Messe pontificale c\u00e9l\u00e9br\u00e9e par S.E. Mgr ORAZIO SORICELLI, Archev\u00eaque d&#8217;Amalfi &#8211; Cava de&#8217; Tirreni, avec le rite d&#8217;ordination diaconale de l&#8217;acolyte Nicola Sarno.<\/li>\n<\/ul>\n<p class=\"p1\">JEUDI 26 JUIN &#8211; Veille de f\u00eate de Via delle Cartiere<\/p>\n<ul>\n<li class=\"p1\">8h30 Visite du concert de l&#8217;orchestre dans les rues de la ville Basilique-cath\u00e9drale<\/li>\n<li class=\"p1\">10 heures Exposition de la statue de Saint-Andr\u00e9 et Sainte Messe Basilique Place de la Cath\u00e9drale<\/li>\n<li class=\"p1\">9.30 p.m. Performance du groupe &#8216;Caffeina<\/li>\n<\/ul>\n<p class=\"p1\">VENDREDI 27 JUIN<\/p>\n<ul>\n<li class=\"p1\">F\u00eate du patronage de la basilique cath\u00e9drale Saint-Andr\u00e9<\/li>\n<li class=\"p1\">7 &#8211; 8 &#8211; 9 &#8211; 18.30 Saintes Messes de Via delle Cartiere<\/li>\n<li class=\"p1\">8h30 Visite du concert de l&#8217;orchestre dans les rues de la ville Basilique-cath\u00e9drale<\/li>\n<li class=\"p1\">10h30 Messe pontificale c\u00e9l\u00e9br\u00e9e par S.E. Mgr ORAZIO SORICELLI, anim\u00e9e par la Schola Cantorum \u00ab Cantate Domino &#8211; Aloysiana \u00bb Piazza Spirito Santo<\/li>\n<li class=\"p1\">10h30 Matin\u00e9e du concert de l&#8217;orchestre<\/li>\n<li class=\"p1\">12 heures Sonnerie festive de toutes les cloches de la ville depuis la Piazza Spirito Santo 18 heures Tourn\u00e9e du concert de la fanfare dans les rues de la ville depuis la basilique cath\u00e9drale 20 heures Procession le long de l&#8217;itin\u00e9raire traditionnel<\/li>\n<li class=\"p1\">23.30 Spectacle pyrotechnique<\/li>\n<\/ul>\n<p class=\"p1\">DIMANCHE 29 JUIN<\/p>\n<ul>\n<li class=\"p1\">Solennit\u00e9 des saints Pierre et Paul Ap\u00f4tres Basilique cath\u00e9drale 19 heures Secondes v\u00eapres<\/li>\n<li class=\"p1\">19 h 30 Messe et repositionnement de la statue v\u00e9n\u00e9r\u00e9e<\/li>\n<\/ul>\n<p class=\"p1\">LUNDI 30 JUIN<\/p>\n<ul>\n<li class=\"p1\">Basilique cath\u00e9drale 19h00 Messe pontificale c\u00e9l\u00e9br\u00e9e par S.E. Mgr ORAZIO SORICELLI \u00e0 l&#8217;occasion du XXVe anniversaire de son ordination \u00e9piscopale.<\/li>\n<\/ul>\n<p>&nbsp;<\/p>\n<div class=\"page\" title=\"Page 1\">\n<div class=\"section\">\n<div class=\"layoutArea\">\n<div class=\"column\">\n<p>Afin d&#8217;assurer le d\u00e9roulement pacifique et ordonn\u00e9 de l&#8217;\u00e9v\u00e9nement religieux, il <strong>est ordonn\u00e9 ce qui suit<\/strong>:<\/p>\n<\/div>\n<\/div>\n<\/div>\n<\/div>\n<div class=\"page\" title=\"Page 2\">\n<div class=\"section\">\n<div class=\"layoutArea\">\n<div class=\"column\">\n<ul>\n<li>le 27 juin 2025, le transit est interdit de Via Mansone I\u00b0 \u00e0 Via delle Cartiere (jonction avec Via Grade Lunghe) de 19h00 \u00e0 22h00, et dans tous les cas exclusivement pendant le temps strictement n\u00e9cessaire \u00e0 la procession religieuse pr\u00e9vue, \u00e0 l&#8217;exception des v\u00e9hicules d&#8217;urgence et des forces de police ;<\/li>\n<li>le 26 juin 2025, le transit est interdit de Via Mansone I\u00b0 \u00e0 Via Cardinale Marino del Giudice de 21h00 \u00e0 minuit, et dans tous les cas exclusivement pour le temps strictement n\u00e9cessaire \u00e0 la r\u00e9alisation de l&#8217;\u00e9v\u00e9nement programm\u00e9, \u00e0 l&#8217;exception des v\u00e9hicules d&#8217;urgence et des forces de police ;<\/li>\n<li>le 27 juin 2025, le transit et le stationnement des v\u00e9hicules et des pi\u00e9tons sont interdits sur le quai de Darsena de 06h00 \u00e0 02h00 et en tout cas jusqu&#8217;\u00e0 la fin des op\u00e9rations de d\u00e9blaiement de la soci\u00e9t\u00e9 autoris\u00e9e \u00e0 tirer les feux d&#8217;artifice ;<\/li>\n<li>le 27 juin 2025, le stationnement des v\u00e9hicules et des pi\u00e9tons est interdit sur le parvis de la Darsena de 19h00 \u00e0 2h00 et en tout cas jusqu&#8217;\u00e0 la fin des op\u00e9rations de d\u00e9blaiement de l&#8217;entreprise autoris\u00e9e \u00e0 tirer les feux d&#8217;artifice ;<\/li>\n<li>le 27 juin 2025, le stationnement des v\u00e9hicules et des pi\u00e9tons est interdit sur la place Flavio Gioia I\u00b0 de 19 heures \u00e0 2 heures et en tout cas jusqu&#8217;\u00e0 la fin des op\u00e9rations de d\u00e9blaiement de l&#8217;entreprise autoris\u00e9e \u00e0 tirer les feux d&#8217;artifice ;<\/li>\n<li>les concessions des \u00e9tablissements publics d\u00e9nomm\u00e9s Bar Francese, Bistrot Pansa, Porto Salvo, ainsi que celles des activit\u00e9s commerciales pr\u00e9sentes \u00e0 proximit\u00e9 du Supportico Marina Piccola, sont totalement suspendues, et l&#8217;espace conc\u00e9d\u00e9 doit \u00eatre laiss\u00e9 totalement vide, le 27 juin 2025 de 18h00 \u00e0 22h00, et en tout \u00e9tat de cause jusqu&#8217;\u00e0 la fin du cort\u00e8ge processionnel ;<\/li>\n<li>le 27 juin 2025, lors du passage du cort\u00e8ge, il est interdit de servir toute forme de nourriture et\/ou de boisson (y compris \u00e0 emporter) sur la voie publique concern\u00e9e par l&#8217;\u00e9v\u00e9nement.<\/li>\n<\/ul>\n<\/div>\n<\/div>\n<div class=\"layoutArea\">\n<div class=\"column\">\n<p>La police municipale se r\u00e9serve le droit de laisser passer les v\u00e9hicules pendant la p\u00e9riode de fermeture de la circulation automobile lors des \u00e9ventuelles interruptions du programme musical, en fonction des n\u00e9cessit\u00e9s de service.<\/p>\n<\/div>\n<\/div>\n<\/div>\n<\/div>\n","protected":false},"excerpt":{"rendered":"<p>Le 27 juin, Amalfi s&#8217;habille pour c\u00e9l\u00e9brer Saint-Andr\u00e9, son saint patron. Un \u00e9v\u00e9nement attendu et ressenti par toute la communaut\u00e9, alliant spiritualit\u00e9, tradition et spectacle dans un cadre unique. Les [&hellip;]<\/p>\n","protected":false},"author":7,"featured_media":21838,"template":"","meta":{"inline_featured_image":false,"_tribe_events_status":"","_tribe_events_status_reason":"","footnotes":""},"tags":[],"tribe_events_cat":[587,708,623,397],"class_list":["post-21911","tribe_events","type-tribe_events","status-publish","has-post-thumbnail","hentry","tribe_events_cat-culture","tribe_events_cat-evenement-historique","tribe_events_cat-musique","tribe_events_cat-tradizione-fr","cat_culture","cat_evenement-historique","cat_musique","cat_tradizione-fr"],"yoast_head":"<!-- This site is optimized with the Yoast SEO plugin v27.3 - https:\/\/yoast.com\/product\/yoast-seo-wordpress\/ -->\n<title>Saint-Andr\u00e9 \u00e0 Amalfi : un \u00e9v\u00e9nement toujours attendu et appr\u00e9ci\u00e9 - Visit Amalfi<\/title>\n<meta name=\"robots\" content=\"index, follow, max-snippet:-1, max-image-preview:large, max-video-preview:-1\" \/>\n<link rel=\"canonical\" href=\"https:\/\/www.visitamalfi.info\/fr\/\u00e9v\u00e9nement\/saint-andre-a-amalfi-un-evenement-toujours-attendu-et-apprecie\/\" \/>\n<meta property=\"og:locale\" content=\"fr_FR\" \/>\n<meta property=\"og:type\" content=\"article\" \/>\n<meta property=\"og:title\" content=\"Saint-Andr\u00e9 \u00e0 Amalfi : un \u00e9v\u00e9nement toujours attendu et appr\u00e9ci\u00e9 - Visit Amalfi\" \/>\n<meta property=\"og:description\" content=\"Le 27 juin, Amalfi s&#8217;habille pour c\u00e9l\u00e9brer Saint-Andr\u00e9, son saint patron. Un \u00e9v\u00e9nement attendu et ressenti par toute la communaut\u00e9, alliant spiritualit\u00e9, tradition et spectacle dans un cadre unique. Les [&hellip;]\" \/>\n<meta property=\"og:url\" content=\"https:\/\/www.visitamalfi.info\/fr\/\u00e9v\u00e9nement\/saint-andre-a-amalfi-un-evenement-toujours-attendu-et-apprecie\/\" \/>\n<meta property=\"og:site_name\" content=\"Visit Amalfi\" \/>\n<meta property=\"article:publisher\" content=\"https:\/\/www.facebook.com\/visitamalfiofficial\" \/>\n<meta property=\"article:modified_time\" content=\"2025-06-23T13:55:07+00:00\" \/>\n<meta property=\"og:image\" content=\"https:\/\/www.visitamalfi.info\/wp-content\/uploads\/2025\/06\/51-Cattedrale-foto-abbagnara.jpg\" \/>\n\t<meta property=\"og:image:width\" content=\"1920\" \/>\n\t<meta property=\"og:image:height\" content=\"1280\" \/>\n\t<meta property=\"og:image:type\" content=\"image\/jpeg\" \/>\n<meta name=\"twitter:card\" content=\"summary_large_image\" \/>\n<meta name=\"twitter:label1\" content=\"Dur\u00e9e de lecture estim\u00e9e\" \/>\n\t<meta name=\"twitter:data1\" content=\"4 minutes\" \/>\n<script type=\"application\/ld+json\" class=\"yoast-schema-graph\">{\"@context\":\"https:\\\/\\\/schema.org\",\"@graph\":[{\"@type\":\"WebPage\",\"@id\":\"https:\\\/\\\/www.visitamalfi.info\\\/fr\\\/\u00e9v\u00e9nement\\\/saint-andre-a-amalfi-un-evenement-toujours-attendu-et-apprecie\\\/\",\"url\":\"https:\\\/\\\/www.visitamalfi.info\\\/fr\\\/\u00e9v\u00e9nement\\\/saint-andre-a-amalfi-un-evenement-toujours-attendu-et-apprecie\\\/\",\"name\":\"Saint-Andr\u00e9 \u00e0 Amalfi : un \u00e9v\u00e9nement toujours attendu et appr\u00e9ci\u00e9 - Visit Amalfi\",\"isPartOf\":{\"@id\":\"https:\\\/\\\/www.visitamalfi.info\\\/fr\\\/#website\"},\"primaryImageOfPage\":{\"@id\":\"https:\\\/\\\/www.visitamalfi.info\\\/fr\\\/\u00e9v\u00e9nement\\\/saint-andre-a-amalfi-un-evenement-toujours-attendu-et-apprecie\\\/#primaryimage\"},\"image\":{\"@id\":\"https:\\\/\\\/www.visitamalfi.info\\\/fr\\\/\u00e9v\u00e9nement\\\/saint-andre-a-amalfi-un-evenement-toujours-attendu-et-apprecie\\\/#primaryimage\"},\"thumbnailUrl\":\"https:\\\/\\\/www.visitamalfi.info\\\/wp-content\\\/uploads\\\/2025\\\/06\\\/51-Cattedrale-foto-abbagnara.jpg\",\"datePublished\":\"2025-06-19T07:49:07+00:00\",\"dateModified\":\"2025-06-23T13:55:07+00:00\",\"breadcrumb\":{\"@id\":\"https:\\\/\\\/www.visitamalfi.info\\\/fr\\\/\u00e9v\u00e9nement\\\/saint-andre-a-amalfi-un-evenement-toujours-attendu-et-apprecie\\\/#breadcrumb\"},\"inLanguage\":\"fr-FR\",\"potentialAction\":[{\"@type\":\"ReadAction\",\"target\":[\"https:\\\/\\\/www.visitamalfi.info\\\/fr\\\/\u00e9v\u00e9nement\\\/saint-andre-a-amalfi-un-evenement-toujours-attendu-et-apprecie\\\/\"]}]},{\"@type\":\"ImageObject\",\"inLanguage\":\"fr-FR\",\"@id\":\"https:\\\/\\\/www.visitamalfi.info\\\/fr\\\/\u00e9v\u00e9nement\\\/saint-andre-a-amalfi-un-evenement-toujours-attendu-et-apprecie\\\/#primaryimage\",\"url\":\"https:\\\/\\\/www.visitamalfi.info\\\/wp-content\\\/uploads\\\/2025\\\/06\\\/51-Cattedrale-foto-abbagnara.jpg\",\"contentUrl\":\"https:\\\/\\\/www.visitamalfi.info\\\/wp-content\\\/uploads\\\/2025\\\/06\\\/51-Cattedrale-foto-abbagnara.jpg\",\"width\":1920,\"height\":1280},{\"@type\":\"BreadcrumbList\",\"@id\":\"https:\\\/\\\/www.visitamalfi.info\\\/fr\\\/\u00e9v\u00e9nement\\\/saint-andre-a-amalfi-un-evenement-toujours-attendu-et-apprecie\\\/#breadcrumb\",\"itemListElement\":[{\"@type\":\"ListItem\",\"position\":1,\"name\":\"Home\",\"item\":\"https:\\\/\\\/www.visitamalfi.info\\\/fr\\\/\"},{\"@type\":\"ListItem\",\"position\":2,\"name\":\"\u00c9v\u00e8nements\",\"item\":\"https:\\\/\\\/www.visitamalfi.info\\\/fr\\\/eventi\\\/\"},{\"@type\":\"ListItem\",\"position\":3,\"name\":\"Saint-Andr\u00e9 \u00e0 Amalfi : un \u00e9v\u00e9nement toujours attendu et appr\u00e9ci\u00e9\"}]},{\"@type\":\"WebSite\",\"@id\":\"https:\\\/\\\/www.visitamalfi.info\\\/fr\\\/#website\",\"url\":\"https:\\\/\\\/www.visitamalfi.info\\\/fr\\\/\",\"name\":\"Visit Amalfi\",\"description\":\"Amalfi Destination Official Website\",\"publisher\":{\"@id\":\"https:\\\/\\\/www.visitamalfi.info\\\/fr\\\/#organization\"},\"potentialAction\":[{\"@type\":\"SearchAction\",\"target\":{\"@type\":\"EntryPoint\",\"urlTemplate\":\"https:\\\/\\\/www.visitamalfi.info\\\/fr\\\/?s={search_term_string}\"},\"query-input\":{\"@type\":\"PropertyValueSpecification\",\"valueRequired\":true,\"valueName\":\"search_term_string\"}}],\"inLanguage\":\"fr-FR\"},{\"@type\":\"Organization\",\"@id\":\"https:\\\/\\\/www.visitamalfi.info\\\/fr\\\/#organization\",\"name\":\"Visit Amalfi\",\"url\":\"https:\\\/\\\/www.visitamalfi.info\\\/fr\\\/\",\"logo\":{\"@type\":\"ImageObject\",\"inLanguage\":\"fr-FR\",\"@id\":\"https:\\\/\\\/www.visitamalfi.info\\\/fr\\\/#\\\/schema\\\/logo\\\/image\\\/\",\"url\":\"https:\\\/\\\/www.visitamalfi.info\\\/wp-content\\\/uploads\\\/2023\\\/04\\\/visit-amalfi-logo-web.png\",\"contentUrl\":\"https:\\\/\\\/www.visitamalfi.info\\\/wp-content\\\/uploads\\\/2023\\\/04\\\/visit-amalfi-logo-web.png\",\"width\":800,\"height\":870,\"caption\":\"Visit Amalfi\"},\"image\":{\"@id\":\"https:\\\/\\\/www.visitamalfi.info\\\/fr\\\/#\\\/schema\\\/logo\\\/image\\\/\"},\"sameAs\":[\"https:\\\/\\\/www.facebook.com\\\/visitamalfiofficial\",\"https:\\\/\\\/www.instagram.com\\\/visitamalfiofficial\\\/\"]}]}<\/script>\n<!-- \/ Yoast SEO plugin. -->","yoast_head_json":{"title":"Saint-Andr\u00e9 \u00e0 Amalfi : un \u00e9v\u00e9nement toujours attendu et appr\u00e9ci\u00e9 - Visit Amalfi","robots":{"index":"index","follow":"follow","max-snippet":"max-snippet:-1","max-image-preview":"max-image-preview:large","max-video-preview":"max-video-preview:-1"},"canonical":"https:\/\/www.visitamalfi.info\/fr\/\u00e9v\u00e9nement\/saint-andre-a-amalfi-un-evenement-toujours-attendu-et-apprecie\/","og_locale":"fr_FR","og_type":"article","og_title":"Saint-Andr\u00e9 \u00e0 Amalfi : un \u00e9v\u00e9nement toujours attendu et appr\u00e9ci\u00e9 - Visit Amalfi","og_description":"Le 27 juin, Amalfi s&#8217;habille pour c\u00e9l\u00e9brer Saint-Andr\u00e9, son saint patron. Un \u00e9v\u00e9nement attendu et ressenti par toute la communaut\u00e9, alliant spiritualit\u00e9, tradition et spectacle dans un cadre unique. Les [&hellip;]","og_url":"https:\/\/www.visitamalfi.info\/fr\/\u00e9v\u00e9nement\/saint-andre-a-amalfi-un-evenement-toujours-attendu-et-apprecie\/","og_site_name":"Visit Amalfi","article_publisher":"https:\/\/www.facebook.com\/visitamalfiofficial","article_modified_time":"2025-06-23T13:55:07+00:00","og_image":[{"width":1920,"height":1280,"url":"https:\/\/www.visitamalfi.info\/wp-content\/uploads\/2025\/06\/51-Cattedrale-foto-abbagnara.jpg","type":"image\/jpeg"}],"twitter_card":"summary_large_image","twitter_misc":{"Dur\u00e9e de lecture estim\u00e9e":"4 minutes"},"schema":{"@context":"https:\/\/schema.org","@graph":[{"@type":"WebPage","@id":"https:\/\/www.visitamalfi.info\/fr\/\u00e9v\u00e9nement\/saint-andre-a-amalfi-un-evenement-toujours-attendu-et-apprecie\/","url":"https:\/\/www.visitamalfi.info\/fr\/\u00e9v\u00e9nement\/saint-andre-a-amalfi-un-evenement-toujours-attendu-et-apprecie\/","name":"Saint-Andr\u00e9 \u00e0 Amalfi : un \u00e9v\u00e9nement toujours attendu et appr\u00e9ci\u00e9 - Visit Amalfi","isPartOf":{"@id":"https:\/\/www.visitamalfi.info\/fr\/#website"},"primaryImageOfPage":{"@id":"https:\/\/www.visitamalfi.info\/fr\/\u00e9v\u00e9nement\/saint-andre-a-amalfi-un-evenement-toujours-attendu-et-apprecie\/#primaryimage"},"image":{"@id":"https:\/\/www.visitamalfi.info\/fr\/\u00e9v\u00e9nement\/saint-andre-a-amalfi-un-evenement-toujours-attendu-et-apprecie\/#primaryimage"},"thumbnailUrl":"https:\/\/www.visitamalfi.info\/wp-content\/uploads\/2025\/06\/51-Cattedrale-foto-abbagnara.jpg","datePublished":"2025-06-19T07:49:07+00:00","dateModified":"2025-06-23T13:55:07+00:00","breadcrumb":{"@id":"https:\/\/www.visitamalfi.info\/fr\/\u00e9v\u00e9nement\/saint-andre-a-amalfi-un-evenement-toujours-attendu-et-apprecie\/#breadcrumb"},"inLanguage":"fr-FR","potentialAction":[{"@type":"ReadAction","target":["https:\/\/www.visitamalfi.info\/fr\/\u00e9v\u00e9nement\/saint-andre-a-amalfi-un-evenement-toujours-attendu-et-apprecie\/"]}]},{"@type":"ImageObject","inLanguage":"fr-FR","@id":"https:\/\/www.visitamalfi.info\/fr\/\u00e9v\u00e9nement\/saint-andre-a-amalfi-un-evenement-toujours-attendu-et-apprecie\/#primaryimage","url":"https:\/\/www.visitamalfi.info\/wp-content\/uploads\/2025\/06\/51-Cattedrale-foto-abbagnara.jpg","contentUrl":"https:\/\/www.visitamalfi.info\/wp-content\/uploads\/2025\/06\/51-Cattedrale-foto-abbagnara.jpg","width":1920,"height":1280},{"@type":"BreadcrumbList","@id":"https:\/\/www.visitamalfi.info\/fr\/\u00e9v\u00e9nement\/saint-andre-a-amalfi-un-evenement-toujours-attendu-et-apprecie\/#breadcrumb","itemListElement":[{"@type":"ListItem","position":1,"name":"Home","item":"https:\/\/www.visitamalfi.info\/fr\/"},{"@type":"ListItem","position":2,"name":"\u00c9v\u00e8nements","item":"https:\/\/www.visitamalfi.info\/fr\/eventi\/"},{"@type":"ListItem","position":3,"name":"Saint-Andr\u00e9 \u00e0 Amalfi : un \u00e9v\u00e9nement toujours attendu et appr\u00e9ci\u00e9"}]},{"@type":"WebSite","@id":"https:\/\/www.visitamalfi.info\/fr\/#website","url":"https:\/\/www.visitamalfi.info\/fr\/","name":"Visit Amalfi","description":"Amalfi Destination Official Website","publisher":{"@id":"https:\/\/www.visitamalfi.info\/fr\/#organization"},"potentialAction":[{"@type":"SearchAction","target":{"@type":"EntryPoint","urlTemplate":"https:\/\/www.visitamalfi.info\/fr\/?s={search_term_string}"},"query-input":{"@type":"PropertyValueSpecification","valueRequired":true,"valueName":"search_term_string"}}],"inLanguage":"fr-FR"},{"@type":"Organization","@id":"https:\/\/www.visitamalfi.info\/fr\/#organization","name":"Visit Amalfi","url":"https:\/\/www.visitamalfi.info\/fr\/","logo":{"@type":"ImageObject","inLanguage":"fr-FR","@id":"https:\/\/www.visitamalfi.info\/fr\/#\/schema\/logo\/image\/","url":"https:\/\/www.visitamalfi.info\/wp-content\/uploads\/2023\/04\/visit-amalfi-logo-web.png","contentUrl":"https:\/\/www.visitamalfi.info\/wp-content\/uploads\/2023\/04\/visit-amalfi-logo-web.png","width":800,"height":870,"caption":"Visit Amalfi"},"image":{"@id":"https:\/\/www.visitamalfi.info\/fr\/#\/schema\/logo\/image\/"},"sameAs":["https:\/\/www.facebook.com\/visitamalfiofficial","https:\/\/www.instagram.com\/visitamalfiofficial\/"]}]}},"_links":{"self":[{"href":"https:\/\/www.visitamalfi.info\/fr\/wp-json\/wp\/v2\/tribe_events\/21911","targetHints":{"allow":["GET"]}}],"collection":[{"href":"https:\/\/www.visitamalfi.info\/fr\/wp-json\/wp\/v2\/tribe_events"}],"about":[{"href":"https:\/\/www.visitamalfi.info\/fr\/wp-json\/wp\/v2\/types\/tribe_events"}],"author":[{"embeddable":true,"href":"https:\/\/www.visitamalfi.info\/fr\/wp-json\/wp\/v2\/users\/7"}],"version-history":[{"count":1,"href":"https:\/\/www.visitamalfi.info\/fr\/wp-json\/wp\/v2\/tribe_events\/21911\/revisions"}],"predecessor-version":[{"id":22124,"href":"https:\/\/www.visitamalfi.info\/fr\/wp-json\/wp\/v2\/tribe_events\/21911\/revisions\/22124"}],"wp:featuredmedia":[{"embeddable":true,"href":"https:\/\/www.visitamalfi.info\/fr\/wp-json\/wp\/v2\/media\/21838"}],"wp:attachment":[{"href":"https:\/\/www.visitamalfi.info\/fr\/wp-json\/wp\/v2\/media?parent=21911"}],"wp:term":[{"taxonomy":"post_tag","embeddable":true,"href":"https:\/\/www.visitamalfi.info\/fr\/wp-json\/wp\/v2\/tags?post=21911"},{"taxonomy":"tribe_events_cat","embeddable":true,"href":"https:\/\/www.visitamalfi.info\/fr\/wp-json\/wp\/v2\/tribe_events_cat?post=21911"}],"curies":[{"name":"wp","href":"https:\/\/api.w.org\/{rel}","templated":true}]}}