{"id":21856,"date":"2025-06-01T08:07:47","date_gmt":"2025-06-01T06:07:47","guid":{"rendered":"https:\/\/www.visitamalfi.info\/evento\/nuit-jaune-festival-gastronomique-damalfi-a-lanantara-convento-di-amalfi\/"},"modified":"2025-06-01T08:07:47","modified_gmt":"2025-06-01T06:07:47","slug":"nuit-jaune-festival-gastronomique-damalfi-a-lanantara-convento-di-amalfi","status":"publish","type":"tribe_events","link":"https:\/\/www.visitamalfi.info\/fr\/\u00e9v\u00e9nement\/nuit-jaune-festival-gastronomique-damalfi-a-lanantara-convento-di-amalfi\/","title":{"rendered":"NUIT JAUNE &#8211; Festival gastronomique d&#8217;Amalfi \u00e0 l&#8217;Anantara Convento di Amalfi"},"content":{"rendered":"<p>Samedi 21 juin, \u00e0 partir de 19h30 | La Locanda della Canonica<\/p>\n<p><strong>Code vestimentaire : jaune<\/strong><\/p>\n<p><img fetchpriority=\"high\" decoding=\"async\" class=\"size-medium wp-image-21818 alignright\" src=\"https:\/\/www.visitamalfi.info\/wp-content\/uploads\/2025\/06\/YN_Flyer_it-300x300.jpg\" alt=\"\" width=\"300\" height=\"300\" srcset=\"https:\/\/www.visitamalfi.info\/wp-content\/uploads\/2025\/06\/YN_Flyer_it-300x300.jpg 300w, https:\/\/www.visitamalfi.info\/wp-content\/uploads\/2025\/06\/YN_Flyer_it-1024x1024.jpg 1024w, https:\/\/www.visitamalfi.info\/wp-content\/uploads\/2025\/06\/YN_Flyer_it-768x768.jpg 768w, https:\/\/www.visitamalfi.info\/wp-content\/uploads\/2025\/06\/YN_Flyer_it-510x510.jpg 510w, https:\/\/www.visitamalfi.info\/wp-content\/uploads\/2025\/06\/YN_Flyer_it-160x160.jpg 160w, https:\/\/www.visitamalfi.info\/wp-content\/uploads\/2025\/06\/YN_Flyer_it.jpg 1350w\" sizes=\"(max-width: 300px) 100vw, 300px\" \/>La f\u00eate jaune est de retour \u00e0 l&#8217;Anantara Convento di Amalfi ! Cette ann\u00e9e sera d&#8217;autant plus sp\u00e9ciale qu&#8217;elle accueillera un festival d\u00e9di\u00e9 aux gourmands. Nous vous attendons \u00e0 la Locanda della Canonica pour c\u00e9l\u00e9brer le meilleur de la cuisine locale : pizza napolitaine, limoncello, salumi, fromages typiques et bien plus encore. Ne manquez pas l&#8217;<strong>exp\u00e9rience exclusive de fabrication de mozzarella<\/strong> avec Biagio Staiano.<\/p>\n<p><img decoding=\"async\" class=\"size-medium wp-image-21823 alignleft\" src=\"https:\/\/www.visitamalfi.info\/wp-content\/uploads\/2025\/06\/YN_Flyer_en-300x300.jpg\" alt=\"\" width=\"300\" height=\"300\" srcset=\"https:\/\/www.visitamalfi.info\/wp-content\/uploads\/2025\/06\/YN_Flyer_en-300x300.jpg 300w, https:\/\/www.visitamalfi.info\/wp-content\/uploads\/2025\/06\/YN_Flyer_en-1024x1024.jpg 1024w, https:\/\/www.visitamalfi.info\/wp-content\/uploads\/2025\/06\/YN_Flyer_en-768x768.jpg 768w, https:\/\/www.visitamalfi.info\/wp-content\/uploads\/2025\/06\/YN_Flyer_en-510x510.jpg 510w, https:\/\/www.visitamalfi.info\/wp-content\/uploads\/2025\/06\/YN_Flyer_en-160x160.jpg 160w, https:\/\/www.visitamalfi.info\/wp-content\/uploads\/2025\/06\/YN_Flyer_en.jpg 1350w\" sizes=\"(max-width: 300px) 100vw, 300px\" \/>Une soir\u00e9e de musique live, de DJ sets, de cocktails de signature : un voyage \u00e0 travers les saveurs de la c\u00f4te amalfitaine.<\/p>\n<p>L&#8217;\u00e9v\u00e9nement est ouvert aux invit\u00e9s internes et externes. Les r\u00e9servations sont obligatoires.<\/p>\n<p>Pour plus d&#8217;informations et pour r\u00e9server :<\/p>\n<p><a href=\"https:\/\/www.visitamalfi.info\/fr\/amw-accommodation\/grand-hotel-anantara-convento-di-amalfi\/\">Anantara Couvent d&#8217;Amalfi<\/a><\/p>\n","protected":false},"excerpt":{"rendered":"<p>La f\u00eate jaune est de retour \u00e0 l&#8217;Anantara Convento di Amalfi !<\/p>\n","protected":false},"author":7,"featured_media":21825,"template":"","meta":{"inline_featured_image":false,"_tribe_events_status":"","_tribe_events_status_reason":"","footnotes":""},"tags":[],"tribe_events_cat":[],"class_list":["post-21856","tribe_events","type-tribe_events","status-publish","has-post-thumbnail","hentry"],"yoast_head":"<!-- This site is optimized with the Yoast SEO plugin v27.3 - https:\/\/yoast.com\/product\/yoast-seo-wordpress\/ -->\n<title>NUIT JAUNE - Festival gastronomique d&#039;Amalfi \u00e0 l&#039;Anantara Convento di Amalfi - Visit Amalfi<\/title>\n<meta name=\"robots\" content=\"index, follow, max-snippet:-1, max-image-preview:large, max-video-preview:-1\" \/>\n<link rel=\"canonical\" href=\"https:\/\/www.visitamalfi.info\/fr\/\u00e9v\u00e9nement\/nuit-jaune-festival-gastronomique-damalfi-a-lanantara-convento-di-amalfi\/\" \/>\n<meta property=\"og:locale\" content=\"fr_FR\" \/>\n<meta property=\"og:type\" content=\"article\" \/>\n<meta property=\"og:title\" content=\"NUIT JAUNE - Festival gastronomique d&#039;Amalfi \u00e0 l&#039;Anantara Convento di Amalfi - Visit Amalfi\" \/>\n<meta property=\"og:description\" content=\"La f\u00eate jaune est de retour \u00e0 l&#039;Anantara Convento di Amalfi !\" \/>\n<meta property=\"og:url\" content=\"https:\/\/www.visitamalfi.info\/fr\/\u00e9v\u00e9nement\/nuit-jaune-festival-gastronomique-damalfi-a-lanantara-convento-di-amalfi\/\" \/>\n<meta property=\"og:site_name\" content=\"Visit Amalfi\" \/>\n<meta property=\"article:publisher\" content=\"https:\/\/www.facebook.com\/visitamalfiofficial\" \/>\n<meta property=\"og:image\" content=\"https:\/\/www.visitamalfi.info\/wp-content\/uploads\/2025\/06\/YN_Flyer_it.jpg\" \/>\n\t<meta property=\"og:image:width\" content=\"1350\" \/>\n\t<meta property=\"og:image:height\" content=\"1350\" \/>\n\t<meta property=\"og:image:type\" content=\"image\/jpeg\" \/>\n<meta name=\"twitter:card\" content=\"summary_large_image\" \/>\n<meta name=\"twitter:label1\" content=\"Dur\u00e9e de lecture estim\u00e9e\" \/>\n\t<meta name=\"twitter:data1\" content=\"1 minute\" \/>\n<script type=\"application\/ld+json\" class=\"yoast-schema-graph\">{\"@context\":\"https:\\\/\\\/schema.org\",\"@graph\":[{\"@type\":\"WebPage\",\"@id\":\"https:\\\/\\\/www.visitamalfi.info\\\/fr\\\/\u00e9v\u00e9nement\\\/nuit-jaune-festival-gastronomique-damalfi-a-lanantara-convento-di-amalfi\\\/\",\"url\":\"https:\\\/\\\/www.visitamalfi.info\\\/fr\\\/\u00e9v\u00e9nement\\\/nuit-jaune-festival-gastronomique-damalfi-a-lanantara-convento-di-amalfi\\\/\",\"name\":\"NUIT JAUNE - Festival gastronomique d'Amalfi \u00e0 l'Anantara Convento di Amalfi - Visit Amalfi\",\"isPartOf\":{\"@id\":\"https:\\\/\\\/www.visitamalfi.info\\\/fr\\\/#website\"},\"primaryImageOfPage\":{\"@id\":\"https:\\\/\\\/www.visitamalfi.info\\\/fr\\\/\u00e9v\u00e9nement\\\/nuit-jaune-festival-gastronomique-damalfi-a-lanantara-convento-di-amalfi\\\/#primaryimage\"},\"image\":{\"@id\":\"https:\\\/\\\/www.visitamalfi.info\\\/fr\\\/\u00e9v\u00e9nement\\\/nuit-jaune-festival-gastronomique-damalfi-a-lanantara-convento-di-amalfi\\\/#primaryimage\"},\"thumbnailUrl\":\"https:\\\/\\\/www.visitamalfi.info\\\/wp-content\\\/uploads\\\/2025\\\/06\\\/YN_Flyer_en.jpg\",\"datePublished\":\"2025-06-01T06:07:47+00:00\",\"breadcrumb\":{\"@id\":\"https:\\\/\\\/www.visitamalfi.info\\\/fr\\\/\u00e9v\u00e9nement\\\/nuit-jaune-festival-gastronomique-damalfi-a-lanantara-convento-di-amalfi\\\/#breadcrumb\"},\"inLanguage\":\"fr-FR\",\"potentialAction\":[{\"@type\":\"ReadAction\",\"target\":[\"https:\\\/\\\/www.visitamalfi.info\\\/fr\\\/\u00e9v\u00e9nement\\\/nuit-jaune-festival-gastronomique-damalfi-a-lanantara-convento-di-amalfi\\\/\"]}]},{\"@type\":\"ImageObject\",\"inLanguage\":\"fr-FR\",\"@id\":\"https:\\\/\\\/www.visitamalfi.info\\\/fr\\\/\u00e9v\u00e9nement\\\/nuit-jaune-festival-gastronomique-damalfi-a-lanantara-convento-di-amalfi\\\/#primaryimage\",\"url\":\"https:\\\/\\\/www.visitamalfi.info\\\/wp-content\\\/uploads\\\/2025\\\/06\\\/YN_Flyer_en.jpg\",\"contentUrl\":\"https:\\\/\\\/www.visitamalfi.info\\\/wp-content\\\/uploads\\\/2025\\\/06\\\/YN_Flyer_en.jpg\",\"width\":1350,\"height\":1350},{\"@type\":\"BreadcrumbList\",\"@id\":\"https:\\\/\\\/www.visitamalfi.info\\\/fr\\\/\u00e9v\u00e9nement\\\/nuit-jaune-festival-gastronomique-damalfi-a-lanantara-convento-di-amalfi\\\/#breadcrumb\",\"itemListElement\":[{\"@type\":\"ListItem\",\"position\":1,\"name\":\"Home\",\"item\":\"https:\\\/\\\/www.visitamalfi.info\\\/fr\\\/\"},{\"@type\":\"ListItem\",\"position\":2,\"name\":\"\u00c9v\u00e8nements\",\"item\":\"https:\\\/\\\/www.visitamalfi.info\\\/fr\\\/eventi\\\/\"},{\"@type\":\"ListItem\",\"position\":3,\"name\":\"NUIT JAUNE &#8211; Festival gastronomique d&#8217;Amalfi \u00e0 l&#8217;Anantara Convento di Amalfi\"}]},{\"@type\":\"WebSite\",\"@id\":\"https:\\\/\\\/www.visitamalfi.info\\\/fr\\\/#website\",\"url\":\"https:\\\/\\\/www.visitamalfi.info\\\/fr\\\/\",\"name\":\"Visit Amalfi\",\"description\":\"Amalfi Destination Official Website\",\"publisher\":{\"@id\":\"https:\\\/\\\/www.visitamalfi.info\\\/fr\\\/#organization\"},\"potentialAction\":[{\"@type\":\"SearchAction\",\"target\":{\"@type\":\"EntryPoint\",\"urlTemplate\":\"https:\\\/\\\/www.visitamalfi.info\\\/fr\\\/?s={search_term_string}\"},\"query-input\":{\"@type\":\"PropertyValueSpecification\",\"valueRequired\":true,\"valueName\":\"search_term_string\"}}],\"inLanguage\":\"fr-FR\"},{\"@type\":\"Organization\",\"@id\":\"https:\\\/\\\/www.visitamalfi.info\\\/fr\\\/#organization\",\"name\":\"Visit Amalfi\",\"url\":\"https:\\\/\\\/www.visitamalfi.info\\\/fr\\\/\",\"logo\":{\"@type\":\"ImageObject\",\"inLanguage\":\"fr-FR\",\"@id\":\"https:\\\/\\\/www.visitamalfi.info\\\/fr\\\/#\\\/schema\\\/logo\\\/image\\\/\",\"url\":\"https:\\\/\\\/www.visitamalfi.info\\\/wp-content\\\/uploads\\\/2023\\\/04\\\/visit-amalfi-logo-web.png\",\"contentUrl\":\"https:\\\/\\\/www.visitamalfi.info\\\/wp-content\\\/uploads\\\/2023\\\/04\\\/visit-amalfi-logo-web.png\",\"width\":800,\"height\":870,\"caption\":\"Visit Amalfi\"},\"image\":{\"@id\":\"https:\\\/\\\/www.visitamalfi.info\\\/fr\\\/#\\\/schema\\\/logo\\\/image\\\/\"},\"sameAs\":[\"https:\\\/\\\/www.facebook.com\\\/visitamalfiofficial\",\"https:\\\/\\\/www.instagram.com\\\/visitamalfiofficial\\\/\"]}]}<\/script>\n<!-- \/ Yoast SEO plugin. -->","yoast_head_json":{"title":"NUIT JAUNE - Festival gastronomique d'Amalfi \u00e0 l'Anantara Convento di Amalfi - Visit Amalfi","robots":{"index":"index","follow":"follow","max-snippet":"max-snippet:-1","max-image-preview":"max-image-preview:large","max-video-preview":"max-video-preview:-1"},"canonical":"https:\/\/www.visitamalfi.info\/fr\/\u00e9v\u00e9nement\/nuit-jaune-festival-gastronomique-damalfi-a-lanantara-convento-di-amalfi\/","og_locale":"fr_FR","og_type":"article","og_title":"NUIT JAUNE - Festival gastronomique d'Amalfi \u00e0 l'Anantara Convento di Amalfi - Visit Amalfi","og_description":"La f\u00eate jaune est de retour \u00e0 l'Anantara Convento di Amalfi !","og_url":"https:\/\/www.visitamalfi.info\/fr\/\u00e9v\u00e9nement\/nuit-jaune-festival-gastronomique-damalfi-a-lanantara-convento-di-amalfi\/","og_site_name":"Visit Amalfi","article_publisher":"https:\/\/www.facebook.com\/visitamalfiofficial","og_image":[{"width":1350,"height":1350,"url":"https:\/\/www.visitamalfi.info\/wp-content\/uploads\/2025\/06\/YN_Flyer_it.jpg","type":"image\/jpeg"}],"twitter_card":"summary_large_image","twitter_misc":{"Dur\u00e9e de lecture estim\u00e9e":"1 minute"},"schema":{"@context":"https:\/\/schema.org","@graph":[{"@type":"WebPage","@id":"https:\/\/www.visitamalfi.info\/fr\/\u00e9v\u00e9nement\/nuit-jaune-festival-gastronomique-damalfi-a-lanantara-convento-di-amalfi\/","url":"https:\/\/www.visitamalfi.info\/fr\/\u00e9v\u00e9nement\/nuit-jaune-festival-gastronomique-damalfi-a-lanantara-convento-di-amalfi\/","name":"NUIT JAUNE - Festival gastronomique d'Amalfi \u00e0 l'Anantara Convento di Amalfi - Visit Amalfi","isPartOf":{"@id":"https:\/\/www.visitamalfi.info\/fr\/#website"},"primaryImageOfPage":{"@id":"https:\/\/www.visitamalfi.info\/fr\/\u00e9v\u00e9nement\/nuit-jaune-festival-gastronomique-damalfi-a-lanantara-convento-di-amalfi\/#primaryimage"},"image":{"@id":"https:\/\/www.visitamalfi.info\/fr\/\u00e9v\u00e9nement\/nuit-jaune-festival-gastronomique-damalfi-a-lanantara-convento-di-amalfi\/#primaryimage"},"thumbnailUrl":"https:\/\/www.visitamalfi.info\/wp-content\/uploads\/2025\/06\/YN_Flyer_en.jpg","datePublished":"2025-06-01T06:07:47+00:00","breadcrumb":{"@id":"https:\/\/www.visitamalfi.info\/fr\/\u00e9v\u00e9nement\/nuit-jaune-festival-gastronomique-damalfi-a-lanantara-convento-di-amalfi\/#breadcrumb"},"inLanguage":"fr-FR","potentialAction":[{"@type":"ReadAction","target":["https:\/\/www.visitamalfi.info\/fr\/\u00e9v\u00e9nement\/nuit-jaune-festival-gastronomique-damalfi-a-lanantara-convento-di-amalfi\/"]}]},{"@type":"ImageObject","inLanguage":"fr-FR","@id":"https:\/\/www.visitamalfi.info\/fr\/\u00e9v\u00e9nement\/nuit-jaune-festival-gastronomique-damalfi-a-lanantara-convento-di-amalfi\/#primaryimage","url":"https:\/\/www.visitamalfi.info\/wp-content\/uploads\/2025\/06\/YN_Flyer_en.jpg","contentUrl":"https:\/\/www.visitamalfi.info\/wp-content\/uploads\/2025\/06\/YN_Flyer_en.jpg","width":1350,"height":1350},{"@type":"BreadcrumbList","@id":"https:\/\/www.visitamalfi.info\/fr\/\u00e9v\u00e9nement\/nuit-jaune-festival-gastronomique-damalfi-a-lanantara-convento-di-amalfi\/#breadcrumb","itemListElement":[{"@type":"ListItem","position":1,"name":"Home","item":"https:\/\/www.visitamalfi.info\/fr\/"},{"@type":"ListItem","position":2,"name":"\u00c9v\u00e8nements","item":"https:\/\/www.visitamalfi.info\/fr\/eventi\/"},{"@type":"ListItem","position":3,"name":"NUIT JAUNE &#8211; Festival gastronomique d&#8217;Amalfi \u00e0 l&#8217;Anantara Convento di Amalfi"}]},{"@type":"WebSite","@id":"https:\/\/www.visitamalfi.info\/fr\/#website","url":"https:\/\/www.visitamalfi.info\/fr\/","name":"Visit Amalfi","description":"Amalfi Destination Official Website","publisher":{"@id":"https:\/\/www.visitamalfi.info\/fr\/#organization"},"potentialAction":[{"@type":"SearchAction","target":{"@type":"EntryPoint","urlTemplate":"https:\/\/www.visitamalfi.info\/fr\/?s={search_term_string}"},"query-input":{"@type":"PropertyValueSpecification","valueRequired":true,"valueName":"search_term_string"}}],"inLanguage":"fr-FR"},{"@type":"Organization","@id":"https:\/\/www.visitamalfi.info\/fr\/#organization","name":"Visit Amalfi","url":"https:\/\/www.visitamalfi.info\/fr\/","logo":{"@type":"ImageObject","inLanguage":"fr-FR","@id":"https:\/\/www.visitamalfi.info\/fr\/#\/schema\/logo\/image\/","url":"https:\/\/www.visitamalfi.info\/wp-content\/uploads\/2023\/04\/visit-amalfi-logo-web.png","contentUrl":"https:\/\/www.visitamalfi.info\/wp-content\/uploads\/2023\/04\/visit-amalfi-logo-web.png","width":800,"height":870,"caption":"Visit Amalfi"},"image":{"@id":"https:\/\/www.visitamalfi.info\/fr\/#\/schema\/logo\/image\/"},"sameAs":["https:\/\/www.facebook.com\/visitamalfiofficial","https:\/\/www.instagram.com\/visitamalfiofficial\/"]}]}},"_links":{"self":[{"href":"https:\/\/www.visitamalfi.info\/fr\/wp-json\/wp\/v2\/tribe_events\/21856","targetHints":{"allow":["GET"]}}],"collection":[{"href":"https:\/\/www.visitamalfi.info\/fr\/wp-json\/wp\/v2\/tribe_events"}],"about":[{"href":"https:\/\/www.visitamalfi.info\/fr\/wp-json\/wp\/v2\/types\/tribe_events"}],"author":[{"embeddable":true,"href":"https:\/\/www.visitamalfi.info\/fr\/wp-json\/wp\/v2\/users\/7"}],"version-history":[{"count":0,"href":"https:\/\/www.visitamalfi.info\/fr\/wp-json\/wp\/v2\/tribe_events\/21856\/revisions"}],"wp:featuredmedia":[{"embeddable":true,"href":"https:\/\/www.visitamalfi.info\/fr\/wp-json\/wp\/v2\/media\/21825"}],"wp:attachment":[{"href":"https:\/\/www.visitamalfi.info\/fr\/wp-json\/wp\/v2\/media?parent=21856"}],"wp:term":[{"taxonomy":"post_tag","embeddable":true,"href":"https:\/\/www.visitamalfi.info\/fr\/wp-json\/wp\/v2\/tags?post=21856"},{"taxonomy":"tribe_events_cat","embeddable":true,"href":"https:\/\/www.visitamalfi.info\/fr\/wp-json\/wp\/v2\/tribe_events_cat?post=21856"}],"curies":[{"name":"wp","href":"https:\/\/api.w.org\/{rel}","templated":true}]}}