{"id":20999,"date":"2025-02-21T15:24:56","date_gmt":"2025-02-21T14:24:56","guid":{"rendered":"https:\/\/www.visitamalfi.info\/evento\/la-magie-du-carnaval-damalfi-du-2-au-4-mars-trois-jours-fantastiques-dans-lunivers-de-harry-potter\/"},"modified":"2025-02-21T15:24:56","modified_gmt":"2025-02-21T14:24:56","slug":"la-magie-du-carnaval-damalfi-du-2-au-4-mars-trois-jours-fantastiques-dans-lunivers-de-harry-potter","status":"publish","type":"tribe_events","link":"https:\/\/www.visitamalfi.info\/fr\/\u00e9v\u00e9nement\/la-magie-du-carnaval-damalfi-du-2-au-4-mars-trois-jours-fantastiques-dans-lunivers-de-harry-potter\/","title":{"rendered":"La magie du Carnaval d&#8217;Amalfi : du 2 au 4 mars, trois jours fantastiques dans l&#8217;univers de Harry Potter !"},"content":{"rendered":"<p class=\"cvGsUA direction-ltr align-start para-style-body\"><span class=\"OYPEnA font-feature-liga-off font-feature-clig-off font-feature-calt-off text-decoration-none text-strikethrough-none\">Le <strong>carnaval d&#8217;Amalfi<\/strong> est toujours magique, mais cette ann\u00e9e, il sera encore plus sp\u00e9cial, spectaculaire, unique et&#8230; ensorcel\u00e9, car nous vivrons tous dans le <strong>monde <\/strong> magique de <\/span><strong><span class=\"OYPEnA font-feature-liga-off font-feature-clig-off font-feature-calt-off text-decoration-none text-strikethrough-none\">Harry Potter<\/span><\/strong><span class=\"OYPEnA font-feature-liga-off font-feature-clig-off font-feature-calt-off text-decoration-none text-strikethrough-none\">!<\/span><\/p>\n<p class=\"cvGsUA direction-ltr align-start para-style-body\"><span class=\"OYPEnA font-feature-liga-off font-feature-clig-off font-feature-calt-off text-decoration-none text-strikethrough-none\">Pendant trois jours, la ville se transforme pour offrir une exp\u00e9rience unique aux jeunes et aux moins jeunes.<\/span><\/p>\n<p>Voici le programme complet :<\/p>\n<p dir=\"ltr\"><span style=\"font-family: georgia, serif;\"><strong>Dimanche 2 mars 2025 \u00e0 11h30<\/strong> sur la <strong>Piazza della Bussola<\/strong> avec l&#8217;<strong>Urban Circus Theatre<\/strong> and <strong>Comedy Show<\/strong> avec les Red Dwarfs et leur th\u00e9\u00e2tre de rue. L&#8217;une des meilleures compagnies de th\u00e9\u00e2tre de rue dans un spectacle unique et in\u00e9dit : un cheval de bataille et en m\u00eame temps un manifeste d&#8217;identit\u00e9 et de qualit\u00e9.<\/span><\/p>\n<p dir=\"ltr\"><span style=\"font-family: georgia, serif;\">Le <strong>lundi 3 mars 2025, \u00e0 16 heures<\/strong>, sur la <strong>Piazza Duomo<\/strong>, auront lieu un spectacle des <strong>groupes de danse du Gran Carnevale Maiorese<\/strong>, un d\u00e9fil\u00e9 et la remise du prix de la Mascherine Amalfitane, en compagnie des <strong>mascottes Inside Out.<\/strong><\/span><\/p>\n<p dir=\"ltr\"><span style=\"font-family: georgia, serif;\"> Mardi 4 mars 2025 \u00e0 10h30 \u00e0 l&#8217;Arsenal de la R\u00e9publique,<strong>exp\u00e9rience<\/strong>sp\u00e9ciale pour<strong>les familles<\/strong>avec l&#8217;<strong>Accademia dei Maghi<\/strong>. Tous les enfants pourront se d\u00e9guiser en sorciers des quatre maisons les plus c\u00e9l\u00e8bres du monde, participer \u00e0 une le\u00e7on de sortil\u00e8ges et de potions et bien d&#8217;autres choses encore, et enfin recevoir une baguette magique et un certificat d&#8217;aspirant magicien. Le spectacle se d\u00e9roulera en deux temps (le premier \u00e0 10h30 et le second \u00e0 11h45) afin de permettre \u00e0 tous les enfants de participer.<\/span><\/p>\n<p dir=\"ltr\"><span style=\"font-family: georgia, serif;\">L&#8217;excellente collaboration avec le Gran Carnevale di Maiori, l&#8217;un des carnavals historiques d&#8217;Italie, se poursuit et c\u00e9l\u00e8bre cette ann\u00e9e sa 51e \u00e9dition, dans un lien consolid\u00e9 entre les deux municipalit\u00e9s, faisant du carnaval de la c\u00f4te amalfitaine un point d&#8217;attraction.<\/span><\/p>\n<p dir=\"ltr\"><span style=\"font-family: georgia, serif;\">Comme toujours, toutes les manifestations organis\u00e9es \u00e0 Amalfi, \u00e0 l&#8217;initiative de l&#8217;administration milanaise, seront <strong>gratuites<\/strong>.<\/span><\/p>\n<p class=\"cvGsUA direction-ltr align-start para-style-body\"><span class=\"OYPEnA font-feature-liga-off font-feature-clig-off font-feature-calt-off text-decoration-none text-strikethrough-none\">Pr\u00e9parez votre costume, perfectionnez vos talents de magicien et laissez-vous transporter dans un monde d&#8217;enchantement et d&#8217;\u00e9merveillement !<\/span><\/p>\n<p class=\"cvGsUA direction-ltr align-start para-style-body\"><span class=\"OYPEnA font-feature-liga-off font-feature-clig-off font-feature-calt-off text-decoration-none text-strikethrough-none\"><em>A<\/em><em>lohomora<\/em> pour le plaisir !<\/span><\/p>\n<p><img fetchpriority=\"high\" decoding=\"async\" class=\"alignnone size-medium wp-image-20983\" src=\"https:\/\/www.visitamalfi.info\/wp-content\/uploads\/2025\/02\/481046384_1043705487798485_2220008779777729701_n-1-210x300.jpg\" alt=\"\" width=\"210\" height=\"300\" srcset=\"https:\/\/www.visitamalfi.info\/wp-content\/uploads\/2025\/02\/481046384_1043705487798485_2220008779777729701_n-1-210x300.jpg 210w, https:\/\/www.visitamalfi.info\/wp-content\/uploads\/2025\/02\/481046384_1043705487798485_2220008779777729701_n-1-717x1024.jpg 717w, https:\/\/www.visitamalfi.info\/wp-content\/uploads\/2025\/02\/481046384_1043705487798485_2220008779777729701_n-1-768x1097.jpg 768w, https:\/\/www.visitamalfi.info\/wp-content\/uploads\/2025\/02\/481046384_1043705487798485_2220008779777729701_n-1-1075x1536.jpg 1075w, https:\/\/www.visitamalfi.info\/wp-content\/uploads\/2025\/02\/481046384_1043705487798485_2220008779777729701_n-1-555x790.jpg 555w, https:\/\/www.visitamalfi.info\/wp-content\/uploads\/2025\/02\/481046384_1043705487798485_2220008779777729701_n-1.jpg 1120w\" sizes=\"(max-width: 210px) 100vw, 210px\" \/><\/p>\n","protected":false},"excerpt":{"rendered":"<p>Le carnaval d&#8217;Amalfi est toujours magique, mais cette ann\u00e9e, il sera encore plus sp\u00e9cial, spectaculaire, unique et&#8230; ensorcel\u00e9, car nous vivrons tous dans le monde magique d&#8217;Harry Potter !<\/p>\n","protected":false},"author":7,"featured_media":20979,"template":"","meta":{"inline_featured_image":false,"_tribe_events_status":"","_tribe_events_status_reason":"","footnotes":""},"tags":[259,1445,1908],"tribe_events_cat":[1449,1744,397],"class_list":["post-20999","tribe_events","type-tribe_events","status-publish","has-post-thumbnail","hentry","tag-amalfi-fr","tag-carnaval-fr","tag-harry-potter-fr","tribe_events_cat-carnaval-fr","tribe_events_cat-evenement-thematique","tribe_events_cat-tradizione-fr","cat_carnaval-fr","cat_evenement-thematique","cat_tradizione-fr"],"yoast_head":"<!-- This site is optimized with the Yoast SEO plugin v27.3 - https:\/\/yoast.com\/product\/yoast-seo-wordpress\/ -->\n<title>La magie du Carnaval d&#039;Amalfi : du 2 au 4 mars, trois jours fantastiques dans l&#039;univers de Harry Potter ! - Visit Amalfi<\/title>\n<meta name=\"robots\" content=\"index, follow, max-snippet:-1, max-image-preview:large, max-video-preview:-1\" \/>\n<link rel=\"canonical\" href=\"https:\/\/www.visitamalfi.info\/fr\/\u00e9v\u00e9nement\/la-magie-du-carnaval-damalfi-du-2-au-4-mars-trois-jours-fantastiques-dans-lunivers-de-harry-potter\/\" \/>\n<meta property=\"og:locale\" content=\"fr_FR\" \/>\n<meta property=\"og:type\" content=\"article\" \/>\n<meta property=\"og:title\" content=\"La magie du Carnaval d&#039;Amalfi : du 2 au 4 mars, trois jours fantastiques dans l&#039;univers de Harry Potter ! - Visit Amalfi\" \/>\n<meta property=\"og:description\" content=\"Le carnaval d&#039;Amalfi est toujours magique, mais cette ann\u00e9e, il sera encore plus sp\u00e9cial, spectaculaire, unique et... ensorcel\u00e9, car nous vivrons tous dans le monde magique d&#039;Harry Potter !\" \/>\n<meta property=\"og:url\" content=\"https:\/\/www.visitamalfi.info\/fr\/\u00e9v\u00e9nement\/la-magie-du-carnaval-damalfi-du-2-au-4-mars-trois-jours-fantastiques-dans-lunivers-de-harry-potter\/\" \/>\n<meta property=\"og:site_name\" content=\"Visit Amalfi\" \/>\n<meta property=\"article:publisher\" content=\"https:\/\/www.facebook.com\/visitamalfiofficial\" \/>\n<meta property=\"og:image\" content=\"https:\/\/www.visitamalfi.info\/wp-content\/uploads\/2025\/02\/481046384_1043705487798485_2220008779777729701_n-1.jpg\" \/>\n\t<meta property=\"og:image:width\" content=\"1120\" \/>\n\t<meta property=\"og:image:height\" content=\"1600\" \/>\n\t<meta property=\"og:image:type\" content=\"image\/jpeg\" \/>\n<meta name=\"twitter:card\" content=\"summary_large_image\" \/>\n<meta name=\"twitter:label1\" content=\"Dur\u00e9e de lecture estim\u00e9e\" \/>\n\t<meta name=\"twitter:data1\" content=\"2 minutes\" \/>\n<script type=\"application\/ld+json\" class=\"yoast-schema-graph\">{\"@context\":\"https:\\\/\\\/schema.org\",\"@graph\":[{\"@type\":\"WebPage\",\"@id\":\"https:\\\/\\\/www.visitamalfi.info\\\/fr\\\/\u00e9v\u00e9nement\\\/la-magie-du-carnaval-damalfi-du-2-au-4-mars-trois-jours-fantastiques-dans-lunivers-de-harry-potter\\\/\",\"url\":\"https:\\\/\\\/www.visitamalfi.info\\\/fr\\\/\u00e9v\u00e9nement\\\/la-magie-du-carnaval-damalfi-du-2-au-4-mars-trois-jours-fantastiques-dans-lunivers-de-harry-potter\\\/\",\"name\":\"La magie du Carnaval d'Amalfi : du 2 au 4 mars, trois jours fantastiques dans l'univers de Harry Potter ! - Visit Amalfi\",\"isPartOf\":{\"@id\":\"https:\\\/\\\/www.visitamalfi.info\\\/fr\\\/#website\"},\"primaryImageOfPage\":{\"@id\":\"https:\\\/\\\/www.visitamalfi.info\\\/fr\\\/\u00e9v\u00e9nement\\\/la-magie-du-carnaval-damalfi-du-2-au-4-mars-trois-jours-fantastiques-dans-lunivers-de-harry-potter\\\/#primaryimage\"},\"image\":{\"@id\":\"https:\\\/\\\/www.visitamalfi.info\\\/fr\\\/\u00e9v\u00e9nement\\\/la-magie-du-carnaval-damalfi-du-2-au-4-mars-trois-jours-fantastiques-dans-lunivers-de-harry-potter\\\/#primaryimage\"},\"thumbnailUrl\":\"https:\\\/\\\/www.visitamalfi.info\\\/wp-content\\\/uploads\\\/2025\\\/02\\\/481046384_1043705487798485_2220008779777729701_n-e1740146679356.jpg\",\"datePublished\":\"2025-02-21T14:24:56+00:00\",\"breadcrumb\":{\"@id\":\"https:\\\/\\\/www.visitamalfi.info\\\/fr\\\/\u00e9v\u00e9nement\\\/la-magie-du-carnaval-damalfi-du-2-au-4-mars-trois-jours-fantastiques-dans-lunivers-de-harry-potter\\\/#breadcrumb\"},\"inLanguage\":\"fr-FR\",\"potentialAction\":[{\"@type\":\"ReadAction\",\"target\":[\"https:\\\/\\\/www.visitamalfi.info\\\/fr\\\/\u00e9v\u00e9nement\\\/la-magie-du-carnaval-damalfi-du-2-au-4-mars-trois-jours-fantastiques-dans-lunivers-de-harry-potter\\\/\"]}]},{\"@type\":\"ImageObject\",\"inLanguage\":\"fr-FR\",\"@id\":\"https:\\\/\\\/www.visitamalfi.info\\\/fr\\\/\u00e9v\u00e9nement\\\/la-magie-du-carnaval-damalfi-du-2-au-4-mars-trois-jours-fantastiques-dans-lunivers-de-harry-potter\\\/#primaryimage\",\"url\":\"https:\\\/\\\/www.visitamalfi.info\\\/wp-content\\\/uploads\\\/2025\\\/02\\\/481046384_1043705487798485_2220008779777729701_n-e1740146679356.jpg\",\"contentUrl\":\"https:\\\/\\\/www.visitamalfi.info\\\/wp-content\\\/uploads\\\/2025\\\/02\\\/481046384_1043705487798485_2220008779777729701_n-e1740146679356.jpg\",\"width\":1120,\"height\":1600},{\"@type\":\"BreadcrumbList\",\"@id\":\"https:\\\/\\\/www.visitamalfi.info\\\/fr\\\/\u00e9v\u00e9nement\\\/la-magie-du-carnaval-damalfi-du-2-au-4-mars-trois-jours-fantastiques-dans-lunivers-de-harry-potter\\\/#breadcrumb\",\"itemListElement\":[{\"@type\":\"ListItem\",\"position\":1,\"name\":\"Home\",\"item\":\"https:\\\/\\\/www.visitamalfi.info\\\/fr\\\/\"},{\"@type\":\"ListItem\",\"position\":2,\"name\":\"\u00c9v\u00e8nements\",\"item\":\"https:\\\/\\\/www.visitamalfi.info\\\/fr\\\/eventi\\\/\"},{\"@type\":\"ListItem\",\"position\":3,\"name\":\"La magie du Carnaval d&#8217;Amalfi : du 2 au 4 mars, trois jours fantastiques dans l&#8217;univers de Harry Potter !\"}]},{\"@type\":\"WebSite\",\"@id\":\"https:\\\/\\\/www.visitamalfi.info\\\/fr\\\/#website\",\"url\":\"https:\\\/\\\/www.visitamalfi.info\\\/fr\\\/\",\"name\":\"Visit Amalfi\",\"description\":\"Amalfi Destination Official Website\",\"publisher\":{\"@id\":\"https:\\\/\\\/www.visitamalfi.info\\\/fr\\\/#organization\"},\"potentialAction\":[{\"@type\":\"SearchAction\",\"target\":{\"@type\":\"EntryPoint\",\"urlTemplate\":\"https:\\\/\\\/www.visitamalfi.info\\\/fr\\\/?s={search_term_string}\"},\"query-input\":{\"@type\":\"PropertyValueSpecification\",\"valueRequired\":true,\"valueName\":\"search_term_string\"}}],\"inLanguage\":\"fr-FR\"},{\"@type\":\"Organization\",\"@id\":\"https:\\\/\\\/www.visitamalfi.info\\\/fr\\\/#organization\",\"name\":\"Visit Amalfi\",\"url\":\"https:\\\/\\\/www.visitamalfi.info\\\/fr\\\/\",\"logo\":{\"@type\":\"ImageObject\",\"inLanguage\":\"fr-FR\",\"@id\":\"https:\\\/\\\/www.visitamalfi.info\\\/fr\\\/#\\\/schema\\\/logo\\\/image\\\/\",\"url\":\"https:\\\/\\\/www.visitamalfi.info\\\/wp-content\\\/uploads\\\/2023\\\/04\\\/visit-amalfi-logo-web.png\",\"contentUrl\":\"https:\\\/\\\/www.visitamalfi.info\\\/wp-content\\\/uploads\\\/2023\\\/04\\\/visit-amalfi-logo-web.png\",\"width\":800,\"height\":870,\"caption\":\"Visit Amalfi\"},\"image\":{\"@id\":\"https:\\\/\\\/www.visitamalfi.info\\\/fr\\\/#\\\/schema\\\/logo\\\/image\\\/\"},\"sameAs\":[\"https:\\\/\\\/www.facebook.com\\\/visitamalfiofficial\",\"https:\\\/\\\/www.instagram.com\\\/visitamalfiofficial\\\/\"]}]}<\/script>\n<!-- \/ Yoast SEO plugin. -->","yoast_head_json":{"title":"La magie du Carnaval d'Amalfi : du 2 au 4 mars, trois jours fantastiques dans l'univers de Harry Potter ! - Visit Amalfi","robots":{"index":"index","follow":"follow","max-snippet":"max-snippet:-1","max-image-preview":"max-image-preview:large","max-video-preview":"max-video-preview:-1"},"canonical":"https:\/\/www.visitamalfi.info\/fr\/\u00e9v\u00e9nement\/la-magie-du-carnaval-damalfi-du-2-au-4-mars-trois-jours-fantastiques-dans-lunivers-de-harry-potter\/","og_locale":"fr_FR","og_type":"article","og_title":"La magie du Carnaval d'Amalfi : du 2 au 4 mars, trois jours fantastiques dans l'univers de Harry Potter ! - Visit Amalfi","og_description":"Le carnaval d'Amalfi est toujours magique, mais cette ann\u00e9e, il sera encore plus sp\u00e9cial, spectaculaire, unique et... ensorcel\u00e9, car nous vivrons tous dans le monde magique d'Harry Potter !","og_url":"https:\/\/www.visitamalfi.info\/fr\/\u00e9v\u00e9nement\/la-magie-du-carnaval-damalfi-du-2-au-4-mars-trois-jours-fantastiques-dans-lunivers-de-harry-potter\/","og_site_name":"Visit Amalfi","article_publisher":"https:\/\/www.facebook.com\/visitamalfiofficial","og_image":[{"width":1120,"height":1600,"url":"https:\/\/www.visitamalfi.info\/wp-content\/uploads\/2025\/02\/481046384_1043705487798485_2220008779777729701_n-1.jpg","type":"image\/jpeg"}],"twitter_card":"summary_large_image","twitter_misc":{"Dur\u00e9e de lecture estim\u00e9e":"2 minutes"},"schema":{"@context":"https:\/\/schema.org","@graph":[{"@type":"WebPage","@id":"https:\/\/www.visitamalfi.info\/fr\/\u00e9v\u00e9nement\/la-magie-du-carnaval-damalfi-du-2-au-4-mars-trois-jours-fantastiques-dans-lunivers-de-harry-potter\/","url":"https:\/\/www.visitamalfi.info\/fr\/\u00e9v\u00e9nement\/la-magie-du-carnaval-damalfi-du-2-au-4-mars-trois-jours-fantastiques-dans-lunivers-de-harry-potter\/","name":"La magie du Carnaval d'Amalfi : du 2 au 4 mars, trois jours fantastiques dans l'univers de Harry Potter ! - Visit Amalfi","isPartOf":{"@id":"https:\/\/www.visitamalfi.info\/fr\/#website"},"primaryImageOfPage":{"@id":"https:\/\/www.visitamalfi.info\/fr\/\u00e9v\u00e9nement\/la-magie-du-carnaval-damalfi-du-2-au-4-mars-trois-jours-fantastiques-dans-lunivers-de-harry-potter\/#primaryimage"},"image":{"@id":"https:\/\/www.visitamalfi.info\/fr\/\u00e9v\u00e9nement\/la-magie-du-carnaval-damalfi-du-2-au-4-mars-trois-jours-fantastiques-dans-lunivers-de-harry-potter\/#primaryimage"},"thumbnailUrl":"https:\/\/www.visitamalfi.info\/wp-content\/uploads\/2025\/02\/481046384_1043705487798485_2220008779777729701_n-e1740146679356.jpg","datePublished":"2025-02-21T14:24:56+00:00","breadcrumb":{"@id":"https:\/\/www.visitamalfi.info\/fr\/\u00e9v\u00e9nement\/la-magie-du-carnaval-damalfi-du-2-au-4-mars-trois-jours-fantastiques-dans-lunivers-de-harry-potter\/#breadcrumb"},"inLanguage":"fr-FR","potentialAction":[{"@type":"ReadAction","target":["https:\/\/www.visitamalfi.info\/fr\/\u00e9v\u00e9nement\/la-magie-du-carnaval-damalfi-du-2-au-4-mars-trois-jours-fantastiques-dans-lunivers-de-harry-potter\/"]}]},{"@type":"ImageObject","inLanguage":"fr-FR","@id":"https:\/\/www.visitamalfi.info\/fr\/\u00e9v\u00e9nement\/la-magie-du-carnaval-damalfi-du-2-au-4-mars-trois-jours-fantastiques-dans-lunivers-de-harry-potter\/#primaryimage","url":"https:\/\/www.visitamalfi.info\/wp-content\/uploads\/2025\/02\/481046384_1043705487798485_2220008779777729701_n-e1740146679356.jpg","contentUrl":"https:\/\/www.visitamalfi.info\/wp-content\/uploads\/2025\/02\/481046384_1043705487798485_2220008779777729701_n-e1740146679356.jpg","width":1120,"height":1600},{"@type":"BreadcrumbList","@id":"https:\/\/www.visitamalfi.info\/fr\/\u00e9v\u00e9nement\/la-magie-du-carnaval-damalfi-du-2-au-4-mars-trois-jours-fantastiques-dans-lunivers-de-harry-potter\/#breadcrumb","itemListElement":[{"@type":"ListItem","position":1,"name":"Home","item":"https:\/\/www.visitamalfi.info\/fr\/"},{"@type":"ListItem","position":2,"name":"\u00c9v\u00e8nements","item":"https:\/\/www.visitamalfi.info\/fr\/eventi\/"},{"@type":"ListItem","position":3,"name":"La magie du Carnaval d&#8217;Amalfi : du 2 au 4 mars, trois jours fantastiques dans l&#8217;univers de Harry Potter !"}]},{"@type":"WebSite","@id":"https:\/\/www.visitamalfi.info\/fr\/#website","url":"https:\/\/www.visitamalfi.info\/fr\/","name":"Visit Amalfi","description":"Amalfi Destination Official Website","publisher":{"@id":"https:\/\/www.visitamalfi.info\/fr\/#organization"},"potentialAction":[{"@type":"SearchAction","target":{"@type":"EntryPoint","urlTemplate":"https:\/\/www.visitamalfi.info\/fr\/?s={search_term_string}"},"query-input":{"@type":"PropertyValueSpecification","valueRequired":true,"valueName":"search_term_string"}}],"inLanguage":"fr-FR"},{"@type":"Organization","@id":"https:\/\/www.visitamalfi.info\/fr\/#organization","name":"Visit Amalfi","url":"https:\/\/www.visitamalfi.info\/fr\/","logo":{"@type":"ImageObject","inLanguage":"fr-FR","@id":"https:\/\/www.visitamalfi.info\/fr\/#\/schema\/logo\/image\/","url":"https:\/\/www.visitamalfi.info\/wp-content\/uploads\/2023\/04\/visit-amalfi-logo-web.png","contentUrl":"https:\/\/www.visitamalfi.info\/wp-content\/uploads\/2023\/04\/visit-amalfi-logo-web.png","width":800,"height":870,"caption":"Visit Amalfi"},"image":{"@id":"https:\/\/www.visitamalfi.info\/fr\/#\/schema\/logo\/image\/"},"sameAs":["https:\/\/www.facebook.com\/visitamalfiofficial","https:\/\/www.instagram.com\/visitamalfiofficial\/"]}]}},"_links":{"self":[{"href":"https:\/\/www.visitamalfi.info\/fr\/wp-json\/wp\/v2\/tribe_events\/20999","targetHints":{"allow":["GET"]}}],"collection":[{"href":"https:\/\/www.visitamalfi.info\/fr\/wp-json\/wp\/v2\/tribe_events"}],"about":[{"href":"https:\/\/www.visitamalfi.info\/fr\/wp-json\/wp\/v2\/types\/tribe_events"}],"author":[{"embeddable":true,"href":"https:\/\/www.visitamalfi.info\/fr\/wp-json\/wp\/v2\/users\/7"}],"version-history":[{"count":0,"href":"https:\/\/www.visitamalfi.info\/fr\/wp-json\/wp\/v2\/tribe_events\/20999\/revisions"}],"wp:featuredmedia":[{"embeddable":true,"href":"https:\/\/www.visitamalfi.info\/fr\/wp-json\/wp\/v2\/media\/20979"}],"wp:attachment":[{"href":"https:\/\/www.visitamalfi.info\/fr\/wp-json\/wp\/v2\/media?parent=20999"}],"wp:term":[{"taxonomy":"post_tag","embeddable":true,"href":"https:\/\/www.visitamalfi.info\/fr\/wp-json\/wp\/v2\/tags?post=20999"},{"taxonomy":"tribe_events_cat","embeddable":true,"href":"https:\/\/www.visitamalfi.info\/fr\/wp-json\/wp\/v2\/tribe_events_cat?post=20999"}],"curies":[{"name":"wp","href":"https:\/\/api.w.org\/{rel}","templated":true}]}}