{"id":20303,"date":"2024-12-08T11:14:33","date_gmt":"2024-12-08T10:14:33","guid":{"rendered":"https:\/\/www.visitamalfi.info\/evento\/programme-de-noel-et-du-nouvel-an-a-amalfi-2024-2025\/"},"modified":"2024-12-08T11:14:33","modified_gmt":"2024-12-08T10:14:33","slug":"programme-de-noel-et-du-nouvel-an-a-amalfi-2024-2025","status":"publish","type":"tribe_events","link":"https:\/\/www.visitamalfi.info\/fr\/\u00e9v\u00e9nement\/programme-de-noel-et-du-nouvel-an-a-amalfi-2024-2025\/","title":{"rendered":"Programme de No\u00ebl et du Nouvel An \u00e0 Amalfi 2024\/2025"},"content":{"rendered":"<p><strong>Vendredi 6 d\u00e9cembre<\/strong><\/p>\n<p>h 9h30, Amalfi &#8211; Biblioth\u00e8que municipale<br \/>\n<strong>S\u00e9minaire d&#8217;\u00e9tude sur la di\u00e8te m\u00e9diterran\u00e9enne et la cuisine des racines<\/strong><br \/>\nLe prix <strong>Amalfi de litt\u00e9rature gastronomique<\/strong> traditionnelle, d\u00e9di\u00e9 \u00e0 la m\u00e9moire d&#8217;<strong>Ezio Falcone<\/strong>, sera \u00e9galement remis \u00e0 cette occasion.<br \/>\n\u00c9dit\u00e9 par le <strong>Centre de culture et d&#8217;histoire amalfitaine<\/strong><\/p>\n<p>h 15:00 &#8211; 20:00, Amalfi &#8211; Clo\u00eetre des Capucins<br \/>\n<strong>Ouverture des march\u00e9s de No\u00ebl et illumination du sapin de No\u00ebl<\/strong><\/p>\n<p>Un omaggio alle tradizioni natalizie locali, tra prodotti artigianali e prelibatezze tipiche, in una delle location pi\u00f9 suggestive della citt\u00e0.Sar\u00e0 poi compito di Fra Marcus guidare la celebrazione mentre l\u2019albero di Natale prende vita con luci e colori.<\/p>\n<p>L\u2019evento rientra nella programmazione natalizia promossa dall\u2019<a href=\"https:\/\/www.visitamalfi.info\/amw-accommodation\/anantara-convento-di-amalfi\/\"><strong>Anantara Convento Grand Hotel di Amalfi<\/strong><\/a><\/p>\n<p><strong>Samedi 7 d\u00e9cembre<\/strong><br \/>\nh 11:00 &#8211; 13:00 Amalfi &#8211; <a href=\"https:\/\/www.visitamalfi.info\/poi\/museo-della-carta\/\">Mus\u00e9e du papier<\/a><br \/>\n<strong>Atelier cr\u00e9atif pour enfants La lettre de No\u00ebl sur papier fait main<\/strong><\/p>\n<p>h 11:00 &#8211; 19:00, Amalfi &#8211; Clo\u00eetre des Capucins<br \/>\n<strong>March\u00e9s de No\u00ebl et arriv\u00e9e du P\u00e8re No\u00ebl<\/strong><\/p>\n<p>Un hommage aux traditions locales de No\u00ebl, y compris l&#8217;artisanat et les d\u00e9lices typiques, dans l&#8217;un des lieux les plus atmosph\u00e9riques de la ville. Au milieu des lumi\u00e8res et des friandises, vous attendez l&#8217;arriv\u00e9e du P\u00e8re No\u00ebl.<br \/>\nL&#8217;\u00e9v\u00e9nement fait partie du programme de No\u00ebl promu par l&#8217;h\u00f4tel Anantara Convento Grand d&#8217;Amalfi.<\/p>\n<p><strong>Dimanche 8 d\u00e9cembre<\/strong><br \/>\nh 11:15, Amalfi &#8211; D\u00e9part de la Valle dei Mulini<br \/>\n<strong>Les notes de la cornemuse autour de la ville<\/strong><\/p>\n<p>h 11:00 &#8211; 19:00, Amalfi &#8211; Clo\u00eetre des Capucins<br \/>\n<strong>March\u00e9s de No\u00ebl<\/strong><br \/>\nUn hommage aux traditions locales de No\u00ebl, y compris l&#8217;artisanat et les d\u00e9lices typiques, dans l&#8217;un des lieux les plus atmosph\u00e9riques de la ville.<br \/>\nL&#8217;\u00e9v\u00e9nement fait partie du programme de No\u00ebl promu par l&#8217;h\u00f4tel Anantara Convento Grand d&#8217;Amalfi.<\/p>\n<p>h 17:30, Amalfi &#8211; d\u00e9part de la Valle dei Mulini<br \/>\n<strong>D\u00e9fil\u00e9 du groupe musical Citt\u00e0 di Minori<\/strong><br \/>\nh 18:30, Amalfi &#8211; Cath\u00e9drale<br \/>\n<strong>Messe pontificale<\/strong> suivie d&#8217;<strong>une procession avec hommage \u00e0 la Madonnina dans le Largo Scario<\/strong>,<\/p>\n<p>h 11:00 &#8211; 13:00 Amalfi &#8211; Mus\u00e9e du papier<br \/>\n<strong>Atelier cr\u00e9atif pour enfants La lettre de No\u00ebl sur papier fait main<\/strong><\/p>\n<p>h 16:30, Amalfi &#8211; D\u00e9part de la Valle dei Mulini<br \/>\n<strong>Les notes de la cornemuse autour de la ville<\/strong><\/p>\n<p>h 16:30 et h 18:00, Amalfi &#8211; <a href=\"https:\/\/www.visitamalfi.info\/poi\/arsenale-della-repubblica\/\">Arsenale della Repubblica<\/a><br \/>\n<strong>L&#8217;\u00e9cole de No\u00ebl<\/strong><br \/>\nEt si je vous disais qu&#8217;il existe un endroit o\u00f9 tous les myst\u00e8res des elfes sont r\u00e9v\u00e9l\u00e9s ? Ensemble, nous ferons connaissance avec toute la grande famille des elfes du P\u00e8re No\u00ebl, de l&#8217;elfe en chef Pythagore \u00e0 l&#8217;elfe Gimpy, le petit apprenti du P\u00e8re No\u00ebl. Nous apprendrons des formules magiques et des recettes secr\u00e8tes pour nous transformer en parfaits elfes de la terre, avec un dipl\u00f4me d&#8217;elfe \u00e0 la cl\u00e9 !<br \/>\nUne production ..<strong>.Ma Dove Vivono i Cartoni ?<\/strong> en collaboration avec <strong>#Costieracreativa<\/strong><\/p>\n<p><strong>Dimanche 15 d\u00e9cembre<\/strong><br \/>\nh 16:30, Amalfi &#8211; D\u00e9part de la Valle dei Mulini<br \/>\n<strong>Les notes de la cornemuse autour de la ville<\/strong><\/p>\n<p><strong>Jeudi 19 d\u00e9cembre<\/strong><br \/>\nh 16:30, Tovere<br \/>\n<strong>F\u00eate artistique de No\u00ebl <\/strong><br \/>\nUne merveilleuse rencontre avec l&#8217;atmosph\u00e8re de No\u00ebl, o\u00f9 adultes et enfants confectionneront ensemble de magnifiques couronnes et centres de table de No\u00ebl pour d\u00e9corer la table de f\u00eate.<br \/>\n\u00c9dit\u00e9 par <strong>The World of Naty<\/strong><\/p>\n<p><strong>Vendredi 20 d\u00e9cembre<\/strong><br \/>\nh 16:30, Amalfi &#8211; Biblioth\u00e8que municipale<br \/>\n<strong>Pr\u00e9sentation du portail Terraeamalphis.it  <\/strong><br \/>\nProjet de valorisation et de revitalisation des hameaux amalfitains.<br \/>\n<strong>Inauguration de l&#8217;exposition vid\u00e9o Lumi\u00e8res et ombres sur le patrimoine culturel de la c\u00f4te amalfitaine<\/strong> (2\u00e8me \u00e9dition)<br \/>\n\u00c9dit\u00e9 par le <strong>Centre de culture et d&#8217;histoire amalfitaine<\/strong><\/p>\n<p><strong>Samedi 21 d\u00e9cembre<\/strong><br \/>\nh 11:00 &#8211; 13:00 Amalfi &#8211; Mus\u00e9e du papier<br \/>\n<strong>Atelier cr\u00e9atif pour enfants La lettre de No\u00ebl sur papier fait main<\/strong><\/p>\n<p>h 16:30, Amalfi &#8211; D\u00e9part de la Valle dei Mulini<br \/>\n<strong>Les notes de la cornemuse autour de la ville<\/strong><\/p>\n<p>h 16:00 &#8211; 19:00, Amalfi &#8211; La Pineta Park<br \/>\nOuverture de <strong>La Fabbrica di Cioccolato &#8211; Edition de No\u00ebl<\/strong><br \/>\nQui n&#8217;a jamais vu ou lu La chocolaterie au moins une fois dans sa vie ? Enchantant les enfants de tous \u00e2ges et de toutes les r\u00e9gions du monde, le livre et le film r\u00e9v\u00e8lent une belle morale qu&#8217;il est particuli\u00e8rement bon de rappeler \u00e0 No\u00ebl : la bont\u00e9 est toujours r\u00e9compens\u00e9e ! En compagnie de Willy Wonka et de ses fantastiques oompa loompas, nous nous r\u00e9jouirons ensemble de No\u00ebl et nous nous laisserons envahir par sa magie&#8230; et par les bienfaits du chocolat !<br \/>\nPour l&#8217;occasion, les fr\u00e8res Nicola et Andrea Pansa, propri\u00e9taires de la p\u00e2tisserie historique Pansa, proposeront une d\u00e9monstration et une d\u00e9gustation sur le site &#8230;.. chocolat\u00e9 !<br \/>\nOrganis\u00e9 par <strong>Spettacolando<\/strong> avec la participation et la collaboration de <strong>Pasticceria Pansa<\/strong><\/p>\n<p><strong>Dimanche 22 d\u00e9cembre<\/strong><br \/>\nh 10:00 &#8211; 13:00 et 16:00 &#8211; 19:00, Amalfi &#8211; La Pineta Park<br \/>\n<strong>La chocolaterie &#8211; Edition de No\u00ebl<\/strong><br \/>\nQui n&#8217;a jamais vu ou lu La chocolaterie au moins une fois dans sa vie ? Enchantant les enfants de tous \u00e2ges et de toutes les r\u00e9gions du monde, le livre et le film r\u00e9v\u00e8lent une belle morale qu&#8217;il est particuli\u00e8rement bon de rappeler \u00e0 No\u00ebl : la bont\u00e9 est toujours r\u00e9compens\u00e9e ! En compagnie de Willy Wonka et de ses fantastiques oompa loompas, nous nous r\u00e9jouirons ensemble de No\u00ebl et nous nous laisserons envahir par sa magie&#8230; et par les bienfaits du chocolat !<br \/>\n\u00c9dit\u00e9 par <strong>Spettacolando<\/strong><br \/>\nh 16.00, Amalfi &#8211; Parc de la Pineta<br \/>\n<strong>F\u00eate artistique de No\u00ebl sur le th\u00e8me de la chocolaterie<\/strong><br \/>\nA l&#8217;int\u00e9rieur du Village th\u00e9matique install\u00e9 dans la For\u00eat des Pins, un atelier d&#8217;art inspir\u00e9 de Willy Wonka et la Chocolaterie en compagnie de Naty.<br \/>\n\u00c9dit\u00e9 par <strong>The World of Naty<\/strong><\/p>\n<p>h 16:30, Amalfi &#8211; D\u00e9part de la Valle dei Mulini<br \/>\n<strong>Les notes de la cornemuse autour de la ville<\/strong><\/p>\n<p>&nbsp;<\/p>\n<p><strong>Lundi 23 d\u00e9cembre<\/strong><br \/>\nh 10:00 &#8211; 13:00 et 16:00 &#8211; 19:00, Amalfi &#8211; La Pineta Park<br \/>\n<strong>La chocolaterie &#8211; Edition de No\u00ebl<\/strong><br \/>\nQui n&#8217;a jamais vu ou lu La chocolaterie au moins une fois dans sa vie ? Enchantant les enfants de tous \u00e2ges et de toutes les r\u00e9gions du monde, le livre et le film r\u00e9v\u00e8lent une belle morale qu&#8217;il est particuli\u00e8rement bon de rappeler \u00e0 No\u00ebl : la bont\u00e9 est toujours r\u00e9compens\u00e9e ! En compagnie de Willy Wonka et de ses fantastiques oompa loompas, nous nous r\u00e9jouirons ensemble de No\u00ebl et nous nous laisserons envahir par sa magie&#8230; et par les bienfaits du chocolat !<br \/>\n\u00c9dit\u00e9 par <strong>Spettacolando<\/strong><\/p>\n<p>h 11.00, Pogerola<\/p>\n<p><strong>Petit-d\u00e9jeuner de No\u00ebl<\/strong><br \/>\nUn moment festif \u00e0 savourer en compagnie. Pour l&#8217;occasion, la M\u00e8re No\u00ebl d\u00e9voilera la recette secr\u00e8te de ses biscuits sp\u00e9ciaux et l&#8217;inventeur du P\u00e8re No\u00ebl, Elf Galileo, r\u00e9v\u00e9lera les secrets de ses inventions de No\u00ebl.<br \/>\n\u00c9v\u00e9nement promu par l&#8217;<strong>Association Pigellulae<\/strong> en collaboration avec ..<strong>.Ma Dove Vivono i Cartoni ?<\/strong><\/p>\n<p>h 16.30, Amalfi &#8211; Biblioteca Comunale<\/p>\n<p>Table ronde en m\u00e9moire d&#8217;Andrea Cerenza sur les \u00e9tudes et la recherche en histoire et les &#8220;investissements populaires dans la culture&#8221; pour les jeunes de la r\u00e9gion d&#8217;Amalfi : les horizons de la transformation culturelle pour une soci\u00e9t\u00e9 de valeurs.<br \/>\nPr\u00e9sentation du livre &#8220;Contributions \u00e0 la r\u00e9cup\u00e9ration de la m\u00e9moire historique territoriale&#8221;. Recherches et \u00e9tudes sur les &#8220;institutions civiles et l&#8217;organisation eccl\u00e9siastique&#8221; dans la cit\u00e9-\u00c9tat m\u00e9di\u00e9vale d&#8217;Amalfi par Andrea Cerenza<br \/>\nPr\u00e9sentation et distribution du Calendrier ANCEM 2025 d\u00e9di\u00e9 au 50\u00e8me anniversaire de la fondation du Centre de Culture et d&#8217;Histoire d&#8217;Amalfi (1975 &#8211; 2025)<br \/>\n\u00c9dit\u00e9 par le Centre de culture et d&#8217;histoire amalfitaine<\/p>\n<p><strong>Mardi 24 d\u00e9cembre<\/strong><br \/>\nh 05:00, Vettica &#8211; \u00c9glise de San Michele<br \/>\n<strong>Conclusion de la neuvaine de No\u00ebl<\/strong><br \/>\nUn moment de pri\u00e8re convivial anim\u00e9 par le son traditionnel des cornemuses.<\/p>\n<p>h 10:00 &#8211; 13:30, Amalfi &#8211; La Pineta Park<br \/>\n<strong>La chocolaterie &#8211; Edition de No\u00ebl<\/strong><br \/>\nQui n&#8217;a jamais vu ou lu La chocolaterie au moins une fois dans sa vie ? Enchantant les enfants de tous \u00e2ges et de toutes les r\u00e9gions du monde, le livre et le film r\u00e9v\u00e8lent une belle morale qu&#8217;il est particuli\u00e8rement bon de rappeler \u00e0 No\u00ebl : la bont\u00e9 est toujours r\u00e9compens\u00e9e ! En compagnie de Willy Wonka et de ses fantastiques oompa loompas, nous nous r\u00e9jouirons ensemble de No\u00ebl et nous nous laisserons envahir par sa magie&#8230; et par les bienfaits du chocolat !<br \/>\n\u00c9dit\u00e9 par Spettacolando.<\/p>\n<p>h 11:00, Amalfi &#8211; Parc de la Pineta<br \/>\n<strong>Arriv\u00e9e du P\u00e8re No\u00ebl<\/strong><br \/>\nLe P\u00e8re No\u00ebl pourrait-il ne pas faire un d\u00e9tour par Amalfi ? Pour l&#8217;occasion, son tr\u00f4ne quittera le froid bureau polaire et c&#8217;est le P\u00e8re No\u00ebl lui-m\u00eame, aid\u00e9 de ses lutins, qui recueillera les pr\u00e9cieuses lettres de tous les petits gar\u00e7ons et petites filles.<\/p>\n<p>h 24:00 Amalfi &#8211; Cath\u00e9drale<br \/>\n<strong>Exposition de l&#8217;Enfant J\u00e9sus et Messe pontificale de minuit<\/strong><\/p>\n<p><strong>Mercredi 25 d\u00e9cembre<\/strong><br \/>\nh 16:00, places de Tovere, Pogerola, Lone, Pastena et Vettica<br \/>\n<strong>Les notes de la Zampogna autour des villages d&#8217;Amalfi<\/strong><br \/>\nh 18:30, Amalfi &#8211; Cath\u00e9drale<br \/>\n<strong>Messe pontificale de No\u00ebl<\/strong><\/p>\n<p><strong>Jeudi 26 d\u00e9cembre<\/strong><br \/>\nh 16:00, Amalfi &#8211; D\u00e9part de la Valle dei Mulini et repr\u00e9sentation sur la Piazza della Bussola<br \/>\n<strong>Nouvel An folklorique amalfitain &#8211; D\u00e9fil\u00e9 et spectacle du Gruppo Folk Lone<\/strong><br \/>\nh 19:00, Amalfi &#8211; Arsenale della Repubblica<\/p>\n<p><strong>InCanti d&#8217;Autore Music Review &#8211; Mario Rosini Trio<\/strong><br \/>\nMario Rosini Trio propose un projet musical, un concert pour lequel des chansons classiques, soulful et funky ont \u00e9t\u00e9 r\u00e9arrang\u00e9es, en s&#8217;inspirant du r\u00e9pertoire noir de Stevie Wonder, allant jusqu&#8217;au blues napolitain de Pino Daniele. Avec Mario Rosini au piano et au chant, Paolo Romano \u00e0 la basse et Mimmo Campanale \u00e0 la batterie.<br \/>\nEv\u00e9nement promu par Pro Loco Amalfi Funduq<\/p>\n<p><strong>Vendredi 27 d\u00e9cembre<\/strong><br \/>\nh 18:00, Amalfi &#8211; Cath\u00e9drale<br \/>\n<strong>Revue des ch\u0153urs polyphoniques Amalfi chante No\u00ebl &#8211; XXXI \u00e9dition<\/strong><br \/>\nDepuis plus de trente ans, la traditionnelle revue des chorales de No\u00ebl rassemble les meilleures chorales italiennes dans la majestueuse cath\u00e9drale d&#8217;Amalfi. Sous l&#8217;\u00e9gide de Feniarco &#8211; Federazione Nazionale Italiana Associazione Regionali Cori &#8211; et de l&#8217;ARCC &#8211; Associazione Regionale Cori Campani &#8211; .<br \/>\nEdit\u00e9 par l&#8217;Office de la Pastorale du Tourisme et des Loisirs<\/p>\n<p>h 18:00, Vettica &#8211; Palazzetto Sportivo Ex Fondo fusco<br \/>\n<strong>La grande bataille de Vettichese<\/strong><br \/>\nPar l&#8217;association St. Michael<\/p>\n<p><strong>Samedi 28 d\u00e9cembre<\/strong><br \/>\nh 15:30, Amalfi &#8211; D\u00e9part de la Valle dei Mulini et repr\u00e9sentation sur la Piazza della Bussola<br \/>\n<strong>Capodanno Folk Amalfitano &#8211; D\u00e9fil\u00e9 et spectacle du groupe Gli Amici di Masaniello<\/strong><br \/>\nh 16:30, Amalfi &#8211; D\u00e9part de la Valle dei Mulini et repr\u00e9sentation sur la Piazza della Bussola<br \/>\n<strong>Nouvel An folklorique amalfitain &#8211; D\u00e9fil\u00e9 et spectacle du Gruppo Folk Pogerolese<\/strong><br \/>\nh 19:00, Amalfi &#8211; Arsenale della Repubblica<br \/>\n<strong>InCanti d&#8217;Autore Revue musicale &#8211; Vincent Bohanan &amp; Sound of Victory Gospel<\/strong><br \/>\nL&#8217;univers sonore de Vincent Bohanan, artiste new-yorkais de talent, comprend des collaborations artistiques avec les meilleurs artistes Gospel de la sc\u00e8ne am\u00e9ricaine. Sa magnifique chorale Sound of Victory, fond\u00e9e en 2014 et compos\u00e9e d&#8217;excellents interpr\u00e8tes de la r\u00e9gion m\u00e9tropolitaine de New York, agr\u00e9mente ses concerts. Leur r\u00e9pertoire comprend de la musique gospel fortement influenc\u00e9e par les sons afro-am\u00e9ricains, du blues et de la soul qui transporteront le public dans une atmosph\u00e8re alliant spiritualit\u00e9 et rythme, sentiment religieux et joie de vivre.<br \/>\nThe Sound of Victory, l&#8217;une des chorales les plus actives et les plus renomm\u00e9es de la sc\u00e8ne gospel am\u00e9ricaine, revient en Europe apr\u00e8s son succ\u00e8s d&#8217;il y a deux ans, mais cette fois-ci avec une toute nouvelle formation de 13 membres comprenant 10 chanteurs accompagn\u00e9s d&#8217;une section rythmique compl\u00e8te avec piano, basse et batterie.<br \/>\nEv\u00e9nement promu par Pro Loco Amalfi Funduq<\/p>\n<p><strong>Dimanche 29 d\u00e9cembre<\/strong><br \/>\nh 16:30, Amalfi &#8211; Cath\u00e9drale d&#8217;Amalfi<br \/>\n<strong>C\u00e9l\u00e9bration d&#8217;ouverture de l&#8217;ann\u00e9e jubilaire<\/strong><br \/>\nEn partant de l&#8217;\u00e9glise Saint Beno\u00eet, la procession rejoindra la cath\u00e9drale o\u00f9, \u00e0 l&#8217;occasion de l&#8217;ann\u00e9e jubilaire proclam\u00e9e par le pape Fran\u00e7ois avec la bulle d&#8217;indiction &#8220;Spes non confundit&#8221;, se tiendra la c\u00e9l\u00e9bration d&#8217;ouverture de l&#8217;ann\u00e9e jubilaire, pr\u00e9sid\u00e9e par S.E. Monseigneur Orazio Soricelli, archev\u00eaque d&#8217;Amalfi &#8211; Cava de&#8217; Tirreni.<\/p>\n<p><strong>Lundi 30 d\u00e9cembre<\/strong><br \/>\nh 18:00, Amalfi &#8211; Cath\u00e9drale<br \/>\n<strong>Revue des ch\u0153urs polyphoniques Amalfi chante No\u00ebl &#8211; XXXI \u00e9dition<\/strong><br \/>\nDepuis plus de trente ans, la traditionnelle revue des chorales de No\u00ebl rassemble les meilleures chorales italiennes dans la majestueuse cath\u00e9drale d&#8217;Amalfi. Sous l&#8217;\u00e9gide de Feniarco &#8211; Federazione Nazionale Italiana Associazione Regionali Cori &#8211; et de l&#8217;ARCC &#8211; Associazione Regionale Cori Campani &#8211; .<br \/>\nEdit\u00e9 par l&#8217;Office de la Pastorale du Tourisme et des Loisirs<\/p>\n<p><strong>Mardi 31 d\u00e9cembre<\/strong><br \/>\nh 15:00, Amalfi &#8211; Piazza Duomo<br \/>\n<strong>#NYEAMALFI &#8211; R\u00e9veillon du Nouvel An sur la c\u00f4te amalfitaine<\/strong><br \/>\nHappy Music Selection avec des vinyles de <strong>DJ Eddie J Warner<\/strong><br \/>\nh 18:00, Amalfi &#8211; Cath\u00e9drale<br \/>\nMesse et chant du Te Deum<br \/>\nh 22:30, Amalfi &#8211; Piazza Flavio Gioia<br \/>\n<strong>#NYEAMALFI &#8211; R\u00e9veillon du Nouvel An sur la c\u00f4te amalfitaine<\/strong><br \/>\nEn attendant la nuit la plus longue de l&#8217;ann\u00e9e. Avec <strong>Biagio Izzo et le groupe folklorique amalfitain &#8220;O Guagliunciello&#8221;<\/strong>.<br \/>\nh 00:00, Amalfi<br \/>\n<strong>Feu d&#8217;artifice<\/strong><br \/>\nLe feu d&#8217;artifice est r\u00e9alis\u00e9 par l&#8217;entreprise prim\u00e9e Pirotecnica Cav. Vincenzo Senatore et ses fils<br \/>\nh 00:30, Amalfi &#8211; Piazza Duomo<br \/>\n<strong>#NYEAMALFI &#8211; R\u00e9veillon du Nouvel An sur la c\u00f4te amalfitaine<\/strong><br \/>\nLa soir\u00e9e a \u00e9t\u00e9 ouverte par le chant traditionnel du <strong>Gruppo Folk O&#8217; Guagliunciello<\/strong> et imm\u00e9diatement suivie par le spectacle en direct de <strong>Roul<\/strong>, speaker historique de Radio Kiss Kiss, avec son Roul Swing Orchestra, un groupe fond\u00e9 en 1997 \u00e0 Naples apr\u00e8s un long s\u00e9jour en Californie en contact \u00e9troit avec la sublime musique des ann\u00e9es 50, donnant au groupe un style similaire \u00e0 celui des grands orchestres. Le groupe est compos\u00e9 de Raoul &#8211; n\u00e9 Luigi De Luca -, one-man-show \u00e9clectique et aux multiples facettes, de Marco Mussomeli au piano, aux vents et au chant, de Paolo Licastro au saxophone et au chant, d&#8217;Antonio Sacco \u00e0 la trompette et au chant, et de Luigi Ricciardi \u00e0 la guitare et au chant. La virtuosit\u00e9 vocale de Raoul, l&#8217;approche talentueuse et visc\u00e9rale des instruments par les musiciens, et un grand sens de l&#8217;humour font des performances live du groupe un spectacle amusant et engageant qui nous fera voyager dans le temps, avec un style \u00e9l\u00e9gant et brillant.<br \/>\nVeronica Simioli et son Spectacular Live Show ont ensuite pr\u00e9sent\u00e9 de la musique de danse. Un spectacle grandiose pour saluer l&#8217;arriv\u00e9e de la nouvelle ann\u00e9e avec style.<br \/>\nEn collaboration avec Amalfi Events<\/p>\n<p><strong>Mercredi 1er janvier<\/strong><br \/>\nh 12:00, Amalfi &#8211; Arsenale della Repubblica<br \/>\n<strong>Grand concert du Nouvel An de l&#8217;Orchestre de chambre international Harmonia de la S.C.S.<\/strong><br \/>\nEn collaboration avec la Sorrento Concert Society<br \/>\nh 15:15 &#8211; 16.45, Amalfi &#8211; D\u00e9part de la parade de Via Cardinale Marino del Giudice et repr\u00e9sentation sur la Piazza Duomo<br \/>\n<strong>Capodanno Folk Amalfitano &#8211; D\u00e9fil\u00e9 et spectacle du groupe Gli Amici di Masaniello<\/strong><br \/>\nh 16:30 &#8211; 18.00, Amalfi &#8211; D\u00e9part de la parade de Via Cardinale Marino del Giudice et repr\u00e9sentation sur la Piazza Duomo<br \/>\n<strong>Nouvel An folklorique amalfitain &#8211; D\u00e9fil\u00e9 et spectacle du Gruppo Folk Pogerolese<\/strong><br \/>\nh 18:30, Amalfi &#8211; Cath\u00e9drale<br \/>\n<strong>Messe pontificale<\/strong><br \/>\nh 19:30, &#8211; 21.00, Amalfi &#8211; D\u00e9part de la parade de Via Cardinale Marino del Giudice et repr\u00e9sentation sur la Piazza Duomo<br \/>\n<strong>Capodanno Folk Amalfitano &#8211; D\u00e9fil\u00e9 et spectacle du groupe O&#8217; Guagliunciello<\/strong><\/p>\n<p><strong>Jeudi 2 janvier<\/strong><br \/>\nh 15:15 &#8211; 16.45, Amalfi &#8211; D\u00e9part de la parade de Via Cardinale Marino del Giudice et repr\u00e9sentation sur la Piazza Duomo<br \/>\n<strong>Capodanno Folk Amalfitano &#8211; D\u00e9fil\u00e9 et spectacle du Gruppo Folk Atrani<\/strong><br \/>\nh 16:30 &#8211; 18.00, Amalfi &#8211; D\u00e9part de la parade de Via Cardinale Marino del Giudice et repr\u00e9sentation sur la Piazza Duomo<br \/>\n<strong>Nouvel An folklorique amalfitain &#8211; D\u00e9fil\u00e9 et spectacle du Gruppo Folk Lone<\/strong><\/p>\n<p><strong>Vendredi 3 janvier<\/strong><br \/>\nh 18:00, Vettica &#8211; Palazzetto Sportivo Ex Fondo fusco<br \/>\n<strong>La grande bataille de Vettichese<\/strong><br \/>\nLa tombola sera entrecoup\u00e9e par la 6e \u00e9dition de La Zeppola del Villaggio, le concours gastronomique d\u00e9di\u00e9 au go\u00fbt et \u00e0 la tradition.<br \/>\nPar l&#8217;association St. Michael<\/p>\n<p><strong>Samedi 4 janvier<\/strong><br \/>\nh 18:00, Vettica &#8211; Palazzetto Sportivo Ex Fondo fusco<br \/>\n<strong>Spectacle familial La Befana et la sorci\u00e8re Gondrana<\/strong><br \/>\nSaviez-vous que la Befana \u00e9tait \u00e0 l&#8217;origine une sorci\u00e8re ? Ou plut\u00f4t, la Befana et les sorci\u00e8res appartiennent toutes \u00e0 une grande famille, dont les origines sont tr\u00e8s anciennes. Puis, comme dans toute famille qui se respecte, chacun a suivi son chemin, certains ont fait carri\u00e8re et sont devenus la Befana&#8230; et les autres ? Que font-ils ? Se rencontrent-ils encore ? S&#8217;entendent-ils bien ? Et puis&#8230; sommes-nous s\u00fbrs que toutes les sorci\u00e8res sont mauvaises et laides ? Et surtout, qui est la sorci\u00e8re Gondrana ? Que se passe-t-il la veille de l&#8217;\u00c9piphanie, lorsqu&#8217;il rend visite \u00e0 l&#8217;improviste \u00e0 son cousin le plus c\u00e9l\u00e8bre ?<br \/>\nOrganis\u00e9 par la compagnie La Mansarda &#8211; Teatro dell&#8217;Orco<\/p>\n<p><strong>Dimanche 5 janvier<\/strong><br \/>\nh 19:00, Amalfi &#8211; Arsenale della Repubblica<br \/>\n<strong>Rassegna Musicale InCanti d&#8217;Autore &#8211; La Tombola des Fantasmes<\/strong><br \/>\nNous vivons dans un pays magique, o\u00f9 chaque coin cache une l\u00e9gende, chaque cour un myst\u00e8re, chaque<br \/>\nconstruire une histoire. Ceux qui veulent vraiment la conna\u00eetre doivent \u00eatre pr\u00eats \u00e0 emprunter des chemins inexplor\u00e9s<br \/>\ndes cartes et des guides, celles indiqu\u00e9es par les milliers de voix du pass\u00e9, les chuchotements qui courent de maison en maison, de bouche en bouche. Les milliers d&#8217;histoires myst\u00e9rieuses, celles qui n&#8217;ont jamais \u00e9t\u00e9 \u00e9crites, celles qui, pendant des si\u00e8cles, de maison en maison, de grand-m\u00e8re en grand-m\u00e8re, ont \u00e9t\u00e9 conserv\u00e9es intactes et in\u00e9branlables, sont en train de dispara\u00eetre. Et avec eux, un morceau d&#8217;histoire, la richesse d&#8217;une m\u00e9moire ancienne et inestimable.<br \/>\nLe bingo de No\u00ebl est le fil conducteur des histoires et des chansons de ce spectacle, n\u00e9 de la conviction qu&#8217;il n&#8217;y a pas d&#8217;autre solution que d&#8217;aller \u00e0 l&#8217;\u00e9cole.<br \/>\nque pour vraiment conna\u00eetre notre territoire, il faut suivre le fil des histoires non \u00e9crites. Sur les notes de chansons anciennes, on vous racontera les histoires de Cola Pesce, de la Bella &#8216;mbriana, du roi Nasone, et de bien d&#8217;autres encore. Les personnages de ce spectacle ont une \u00e9ternit\u00e9 \u00e0 vous raconter, si vous voulez bien les \u00e9couter. Avec : Marianita Carfora, Andrea De Rosa, Marco Palumbo, Peppe Papa. Dramaturgie et mise en sc\u00e8ne : Annamaria Russo<\/p>\n<p><strong>Lundi 6 janvier<\/strong><br \/>\nh 11:30, Amalfi &#8211; D\u00e9part de la Valle dei Mulini<br \/>\n<strong>Procession traditionnelle de bergers accompagn\u00e9s de joueurs de cornemuse<\/strong><br \/>\nh 16:30, Amalfi &#8211; D\u00e9part de la Valle dei Mulini et repr\u00e9sentation sur la Piazza della Bussola<br \/>\n<strong>Capodanno Folk Amalfitano &#8211; D\u00e9fil\u00e9 et spectacle du groupe O&#8217; Guagliunciello<\/strong><br \/>\nh 18:30, Amalfi &#8211; Cath\u00e9drale<br \/>\n<strong>Messe pontificale<\/strong><\/p>\n","protected":false},"excerpt":{"rendered":"<p>Programme de No\u00ebl et du Nouvel An \u00e0 Amalfi 2024\/2025<\/p>\n","protected":false},"author":7,"featured_media":0,"template":"","meta":{"inline_featured_image":false,"_tribe_events_status":"","_tribe_events_status_reason":"","footnotes":""},"tags":[259,583,1172,1331],"tribe_events_cat":[587,585,317,623,1228,397],"class_list":["post-20303","tribe_events","type-tribe_events","status-publish","hentry","tag-amalfi-fr","tag-amalfieventis-fr","tag-noel","tag-reveillon-du-nouvel-an","tribe_events_cat-culture","tribe_events_cat-lart","tribe_events_cat-musica-dal-vivo-fr","tribe_events_cat-musique","tribe_events_cat-noel","tribe_events_cat-tradizione-fr","cat_culture","cat_lart","cat_musica-dal-vivo-fr","cat_musique","cat_noel","cat_tradizione-fr"],"yoast_head":"<!-- This site is optimized with the Yoast SEO plugin v27.3 - https:\/\/yoast.com\/product\/yoast-seo-wordpress\/ -->\n<title>Programme de No\u00ebl et du Nouvel An \u00e0 Amalfi 2024\/2025 - Visit Amalfi<\/title>\n<meta name=\"robots\" content=\"index, follow, max-snippet:-1, max-image-preview:large, max-video-preview:-1\" \/>\n<link rel=\"canonical\" href=\"https:\/\/www.visitamalfi.info\/fr\/\u00e9v\u00e9nement\/programme-de-noel-et-du-nouvel-an-a-amalfi-2024-2025\/\" \/>\n<meta property=\"og:locale\" content=\"fr_FR\" \/>\n<meta property=\"og:type\" content=\"article\" \/>\n<meta property=\"og:title\" content=\"Programme de No\u00ebl et du Nouvel An \u00e0 Amalfi 2024\/2025 - Visit Amalfi\" \/>\n<meta property=\"og:description\" content=\"Programme de No\u00ebl et du Nouvel An \u00e0 Amalfi 2024\/2025\" \/>\n<meta property=\"og:url\" content=\"https:\/\/www.visitamalfi.info\/fr\/\u00e9v\u00e9nement\/programme-de-noel-et-du-nouvel-an-a-amalfi-2024-2025\/\" \/>\n<meta property=\"og:site_name\" content=\"Visit Amalfi\" \/>\n<meta property=\"article:publisher\" content=\"https:\/\/www.facebook.com\/visitamalfiofficial\" \/>\n<meta name=\"twitter:card\" content=\"summary_large_image\" \/>\n<meta name=\"twitter:label1\" content=\"Dur\u00e9e de lecture estim\u00e9e\" \/>\n\t<meta name=\"twitter:data1\" content=\"16 minutes\" \/>\n<script type=\"application\/ld+json\" class=\"yoast-schema-graph\">{\"@context\":\"https:\\\/\\\/schema.org\",\"@graph\":[{\"@type\":\"WebPage\",\"@id\":\"https:\\\/\\\/www.visitamalfi.info\\\/fr\\\/\u00e9v\u00e9nement\\\/programme-de-noel-et-du-nouvel-an-a-amalfi-2024-2025\\\/\",\"url\":\"https:\\\/\\\/www.visitamalfi.info\\\/fr\\\/\u00e9v\u00e9nement\\\/programme-de-noel-et-du-nouvel-an-a-amalfi-2024-2025\\\/\",\"name\":\"Programme de No\u00ebl et du Nouvel An \u00e0 Amalfi 2024\\\/2025 - Visit Amalfi\",\"isPartOf\":{\"@id\":\"https:\\\/\\\/www.visitamalfi.info\\\/fr\\\/#website\"},\"datePublished\":\"2024-12-08T10:14:33+00:00\",\"breadcrumb\":{\"@id\":\"https:\\\/\\\/www.visitamalfi.info\\\/fr\\\/\u00e9v\u00e9nement\\\/programme-de-noel-et-du-nouvel-an-a-amalfi-2024-2025\\\/#breadcrumb\"},\"inLanguage\":\"fr-FR\",\"potentialAction\":[{\"@type\":\"ReadAction\",\"target\":[\"https:\\\/\\\/www.visitamalfi.info\\\/fr\\\/\u00e9v\u00e9nement\\\/programme-de-noel-et-du-nouvel-an-a-amalfi-2024-2025\\\/\"]}]},{\"@type\":\"BreadcrumbList\",\"@id\":\"https:\\\/\\\/www.visitamalfi.info\\\/fr\\\/\u00e9v\u00e9nement\\\/programme-de-noel-et-du-nouvel-an-a-amalfi-2024-2025\\\/#breadcrumb\",\"itemListElement\":[{\"@type\":\"ListItem\",\"position\":1,\"name\":\"Home\",\"item\":\"https:\\\/\\\/www.visitamalfi.info\\\/fr\\\/\"},{\"@type\":\"ListItem\",\"position\":2,\"name\":\"\u00c9v\u00e8nements\",\"item\":\"https:\\\/\\\/www.visitamalfi.info\\\/fr\\\/eventi\\\/\"},{\"@type\":\"ListItem\",\"position\":3,\"name\":\"Programme de No\u00ebl et du Nouvel An \u00e0 Amalfi 2024\\\/2025\"}]},{\"@type\":\"WebSite\",\"@id\":\"https:\\\/\\\/www.visitamalfi.info\\\/fr\\\/#website\",\"url\":\"https:\\\/\\\/www.visitamalfi.info\\\/fr\\\/\",\"name\":\"Visit Amalfi\",\"description\":\"Amalfi Destination Official Website\",\"publisher\":{\"@id\":\"https:\\\/\\\/www.visitamalfi.info\\\/fr\\\/#organization\"},\"potentialAction\":[{\"@type\":\"SearchAction\",\"target\":{\"@type\":\"EntryPoint\",\"urlTemplate\":\"https:\\\/\\\/www.visitamalfi.info\\\/fr\\\/?s={search_term_string}\"},\"query-input\":{\"@type\":\"PropertyValueSpecification\",\"valueRequired\":true,\"valueName\":\"search_term_string\"}}],\"inLanguage\":\"fr-FR\"},{\"@type\":\"Organization\",\"@id\":\"https:\\\/\\\/www.visitamalfi.info\\\/fr\\\/#organization\",\"name\":\"Visit Amalfi\",\"url\":\"https:\\\/\\\/www.visitamalfi.info\\\/fr\\\/\",\"logo\":{\"@type\":\"ImageObject\",\"inLanguage\":\"fr-FR\",\"@id\":\"https:\\\/\\\/www.visitamalfi.info\\\/fr\\\/#\\\/schema\\\/logo\\\/image\\\/\",\"url\":\"https:\\\/\\\/www.visitamalfi.info\\\/wp-content\\\/uploads\\\/2023\\\/04\\\/visit-amalfi-logo-web.png\",\"contentUrl\":\"https:\\\/\\\/www.visitamalfi.info\\\/wp-content\\\/uploads\\\/2023\\\/04\\\/visit-amalfi-logo-web.png\",\"width\":800,\"height\":870,\"caption\":\"Visit Amalfi\"},\"image\":{\"@id\":\"https:\\\/\\\/www.visitamalfi.info\\\/fr\\\/#\\\/schema\\\/logo\\\/image\\\/\"},\"sameAs\":[\"https:\\\/\\\/www.facebook.com\\\/visitamalfiofficial\",\"https:\\\/\\\/www.instagram.com\\\/visitamalfiofficial\\\/\"]}]}<\/script>\n<!-- \/ Yoast SEO plugin. -->","yoast_head_json":{"title":"Programme de No\u00ebl et du Nouvel An \u00e0 Amalfi 2024\/2025 - Visit Amalfi","robots":{"index":"index","follow":"follow","max-snippet":"max-snippet:-1","max-image-preview":"max-image-preview:large","max-video-preview":"max-video-preview:-1"},"canonical":"https:\/\/www.visitamalfi.info\/fr\/\u00e9v\u00e9nement\/programme-de-noel-et-du-nouvel-an-a-amalfi-2024-2025\/","og_locale":"fr_FR","og_type":"article","og_title":"Programme de No\u00ebl et du Nouvel An \u00e0 Amalfi 2024\/2025 - Visit Amalfi","og_description":"Programme de No\u00ebl et du Nouvel An \u00e0 Amalfi 2024\/2025","og_url":"https:\/\/www.visitamalfi.info\/fr\/\u00e9v\u00e9nement\/programme-de-noel-et-du-nouvel-an-a-amalfi-2024-2025\/","og_site_name":"Visit Amalfi","article_publisher":"https:\/\/www.facebook.com\/visitamalfiofficial","twitter_card":"summary_large_image","twitter_misc":{"Dur\u00e9e de lecture estim\u00e9e":"16 minutes"},"schema":{"@context":"https:\/\/schema.org","@graph":[{"@type":"WebPage","@id":"https:\/\/www.visitamalfi.info\/fr\/\u00e9v\u00e9nement\/programme-de-noel-et-du-nouvel-an-a-amalfi-2024-2025\/","url":"https:\/\/www.visitamalfi.info\/fr\/\u00e9v\u00e9nement\/programme-de-noel-et-du-nouvel-an-a-amalfi-2024-2025\/","name":"Programme de No\u00ebl et du Nouvel An \u00e0 Amalfi 2024\/2025 - Visit Amalfi","isPartOf":{"@id":"https:\/\/www.visitamalfi.info\/fr\/#website"},"datePublished":"2024-12-08T10:14:33+00:00","breadcrumb":{"@id":"https:\/\/www.visitamalfi.info\/fr\/\u00e9v\u00e9nement\/programme-de-noel-et-du-nouvel-an-a-amalfi-2024-2025\/#breadcrumb"},"inLanguage":"fr-FR","potentialAction":[{"@type":"ReadAction","target":["https:\/\/www.visitamalfi.info\/fr\/\u00e9v\u00e9nement\/programme-de-noel-et-du-nouvel-an-a-amalfi-2024-2025\/"]}]},{"@type":"BreadcrumbList","@id":"https:\/\/www.visitamalfi.info\/fr\/\u00e9v\u00e9nement\/programme-de-noel-et-du-nouvel-an-a-amalfi-2024-2025\/#breadcrumb","itemListElement":[{"@type":"ListItem","position":1,"name":"Home","item":"https:\/\/www.visitamalfi.info\/fr\/"},{"@type":"ListItem","position":2,"name":"\u00c9v\u00e8nements","item":"https:\/\/www.visitamalfi.info\/fr\/eventi\/"},{"@type":"ListItem","position":3,"name":"Programme de No\u00ebl et du Nouvel An \u00e0 Amalfi 2024\/2025"}]},{"@type":"WebSite","@id":"https:\/\/www.visitamalfi.info\/fr\/#website","url":"https:\/\/www.visitamalfi.info\/fr\/","name":"Visit Amalfi","description":"Amalfi Destination Official Website","publisher":{"@id":"https:\/\/www.visitamalfi.info\/fr\/#organization"},"potentialAction":[{"@type":"SearchAction","target":{"@type":"EntryPoint","urlTemplate":"https:\/\/www.visitamalfi.info\/fr\/?s={search_term_string}"},"query-input":{"@type":"PropertyValueSpecification","valueRequired":true,"valueName":"search_term_string"}}],"inLanguage":"fr-FR"},{"@type":"Organization","@id":"https:\/\/www.visitamalfi.info\/fr\/#organization","name":"Visit Amalfi","url":"https:\/\/www.visitamalfi.info\/fr\/","logo":{"@type":"ImageObject","inLanguage":"fr-FR","@id":"https:\/\/www.visitamalfi.info\/fr\/#\/schema\/logo\/image\/","url":"https:\/\/www.visitamalfi.info\/wp-content\/uploads\/2023\/04\/visit-amalfi-logo-web.png","contentUrl":"https:\/\/www.visitamalfi.info\/wp-content\/uploads\/2023\/04\/visit-amalfi-logo-web.png","width":800,"height":870,"caption":"Visit Amalfi"},"image":{"@id":"https:\/\/www.visitamalfi.info\/fr\/#\/schema\/logo\/image\/"},"sameAs":["https:\/\/www.facebook.com\/visitamalfiofficial","https:\/\/www.instagram.com\/visitamalfiofficial\/"]}]}},"_links":{"self":[{"href":"https:\/\/www.visitamalfi.info\/fr\/wp-json\/wp\/v2\/tribe_events\/20303","targetHints":{"allow":["GET"]}}],"collection":[{"href":"https:\/\/www.visitamalfi.info\/fr\/wp-json\/wp\/v2\/tribe_events"}],"about":[{"href":"https:\/\/www.visitamalfi.info\/fr\/wp-json\/wp\/v2\/types\/tribe_events"}],"author":[{"embeddable":true,"href":"https:\/\/www.visitamalfi.info\/fr\/wp-json\/wp\/v2\/users\/7"}],"version-history":[{"count":0,"href":"https:\/\/www.visitamalfi.info\/fr\/wp-json\/wp\/v2\/tribe_events\/20303\/revisions"}],"wp:attachment":[{"href":"https:\/\/www.visitamalfi.info\/fr\/wp-json\/wp\/v2\/media?parent=20303"}],"wp:term":[{"taxonomy":"post_tag","embeddable":true,"href":"https:\/\/www.visitamalfi.info\/fr\/wp-json\/wp\/v2\/tags?post=20303"},{"taxonomy":"tribe_events_cat","embeddable":true,"href":"https:\/\/www.visitamalfi.info\/fr\/wp-json\/wp\/v2\/tribe_events_cat?post=20303"}],"curies":[{"name":"wp","href":"https:\/\/api.w.org\/{rel}","templated":true}]}}