{"id":20229,"date":"2024-11-12T19:16:51","date_gmt":"2024-11-12T18:16:51","guid":{"rendered":"https:\/\/www.visitamalfi.info\/evento\/diner-de-gala-de-la-saint-sylvestre-a-lanantara-convento-di-amalfi\/"},"modified":"2024-11-12T19:16:51","modified_gmt":"2024-11-12T18:16:51","slug":"diner-de-gala-de-la-saint-sylvestre-a-lanantara-convento-di-amalfi","status":"publish","type":"tribe_events","link":"https:\/\/www.visitamalfi.info\/fr\/\u00e9v\u00e9nement\/diner-de-gala-de-la-saint-sylvestre-a-lanantara-convento-di-amalfi\/","title":{"rendered":"D\u00eener de gala de la Saint-Sylvestre \u00e0 l&#8217;Anantara Convento di Amalfi"},"content":{"rendered":"<p>MARDI 31 D\u00c9CEMBRE 2024 De 18 h 30 \u00e0 1 h du matin Accueillons 2025 avec un d\u00eener m\u00e9morable. Cr\u00e9ez des souvenirs avec vos proches autour d&#8217;un repas de fruits de mer locaux pr\u00e9par\u00e9s avec art et accompagn\u00e9s de vins fins. Savourez des d\u00e9lices sucr\u00e9s et, \u00e0 l&#8217;approche de minuit, aventurez-vous sur la terrasse pour des toasts, des feux d&#8217;artifice et de la musique en direct.<\/p>\n<p><strong>Menu ap\u00e9ritif au Bar Dei Cappuccini<\/strong><\/p>\n<p><em>Tacos au homard et au caviar<\/em><\/p>\n<p><em>Hu\u00eetre, granit\u00e9 de pomme verte et aneth<\/em><\/p>\n<p><em>Crevette rouge, potiron et poivre de Timut<\/em><\/p>\n<p><strong>D\u00eener au restaurant Dei Cappuccini<\/strong><\/p>\n<p><em>Topinambours fonc\u00e9s et cardoncelli<\/em><\/p>\n<p><em>Crabe royal, algues spiruline et potager d&#8217;hiver<\/em><\/p>\n<p><em>Riz aquarelle, pesto de basilic, homard et k\u00e9fir de buffle<\/em><\/p>\n<p><em>Cannoncino de b\u0153uf, rago\u00fbt de c\u00e8pes et truffe noire<\/em><\/p>\n<p><em>Bar grill\u00e9, poivrons et c\u00e2pres<\/em><\/p>\n<p><em>Sorbet \u00e0 la grenade<\/em><\/p>\n<p><em>Mascarpone cr\u00e9meux, orange, chocolat et noix de p\u00e9can<\/em><\/p>\n<p><em>Le dernier soin<\/em><\/p>\n<p><em>Toast de minuit suivi des traditionnelles lentilles<\/em><\/p>\n<p>369 EUROS PAR PERSONNE, AVEC LES VINS D&#8217;ACCOMPAGNEMENT POUR INFO ET R\u00c9SERVATION :<\/p>\n<p><a href=\"https:\/\/www.visitamalfi.info\/amw-accommodation\/anantara-convento-di-amalfi\/\">Anantara Convento di Amalfi Grand Hotel<\/a><\/p>\n","protected":false},"excerpt":{"rendered":"<p>Accueillons 2025 avec un d\u00eener inoubliable. Cr\u00e9ez des souvenirs avec vos proches autour d&#8217;un repas de fruits de mer locaux pr\u00e9par\u00e9s avec art et accompagn\u00e9s de vins fins. Savourez des d\u00e9lices sucr\u00e9s et, \u00e0 l&#8217;approche de minuit, aventurez-vous sur la terrasse pour des toasts, des feux d&#8217;artifice et de la musique en direct.  <\/p>\n","protected":false},"author":7,"featured_media":0,"template":"","meta":{"inline_featured_image":false,"_tribe_events_status":"","_tribe_events_status_reason":"","footnotes":""},"tags":[],"tribe_events_cat":[],"class_list":["post-20229","tribe_events","type-tribe_events","status-publish","hentry"],"yoast_head":"<!-- This site is optimized with the Yoast SEO plugin v27.3 - https:\/\/yoast.com\/product\/yoast-seo-wordpress\/ -->\n<title>D\u00eener de gala de la Saint-Sylvestre \u00e0 l&#039;Anantara Convento di Amalfi - Visit Amalfi<\/title>\n<meta name=\"robots\" content=\"index, follow, max-snippet:-1, max-image-preview:large, max-video-preview:-1\" \/>\n<link rel=\"canonical\" href=\"https:\/\/www.visitamalfi.info\/fr\/\u00e9v\u00e9nement\/diner-de-gala-de-la-saint-sylvestre-a-lanantara-convento-di-amalfi\/\" \/>\n<meta property=\"og:locale\" content=\"fr_FR\" \/>\n<meta property=\"og:type\" content=\"article\" \/>\n<meta property=\"og:title\" content=\"D\u00eener de gala de la Saint-Sylvestre \u00e0 l&#039;Anantara Convento di Amalfi - Visit Amalfi\" \/>\n<meta property=\"og:description\" content=\"Accueillons 2025 avec un d\u00eener inoubliable. Cr\u00e9ez des souvenirs avec vos proches autour d&#039;un repas de fruits de mer locaux pr\u00e9par\u00e9s avec art et accompagn\u00e9s de vins fins. Savourez des d\u00e9lices sucr\u00e9s et, \u00e0 l&#039;approche de minuit, aventurez-vous sur la terrasse pour des toasts, des feux d&#039;artifice et de la musique en direct.\" \/>\n<meta property=\"og:url\" content=\"https:\/\/www.visitamalfi.info\/fr\/\u00e9v\u00e9nement\/diner-de-gala-de-la-saint-sylvestre-a-lanantara-convento-di-amalfi\/\" \/>\n<meta property=\"og:site_name\" content=\"Visit Amalfi\" \/>\n<meta property=\"article:publisher\" content=\"https:\/\/www.facebook.com\/visitamalfiofficial\" \/>\n<meta name=\"twitter:card\" content=\"summary_large_image\" \/>\n<meta name=\"twitter:label1\" content=\"Dur\u00e9e de lecture estim\u00e9e\" \/>\n\t<meta name=\"twitter:data1\" content=\"1 minute\" \/>\n<script type=\"application\/ld+json\" class=\"yoast-schema-graph\">{\"@context\":\"https:\\\/\\\/schema.org\",\"@graph\":[{\"@type\":\"WebPage\",\"@id\":\"https:\\\/\\\/www.visitamalfi.info\\\/fr\\\/\u00e9v\u00e9nement\\\/diner-de-gala-de-la-saint-sylvestre-a-lanantara-convento-di-amalfi\\\/\",\"url\":\"https:\\\/\\\/www.visitamalfi.info\\\/fr\\\/\u00e9v\u00e9nement\\\/diner-de-gala-de-la-saint-sylvestre-a-lanantara-convento-di-amalfi\\\/\",\"name\":\"D\u00eener de gala de la Saint-Sylvestre \u00e0 l'Anantara Convento di Amalfi - Visit Amalfi\",\"isPartOf\":{\"@id\":\"https:\\\/\\\/www.visitamalfi.info\\\/fr\\\/#website\"},\"datePublished\":\"2024-11-12T18:16:51+00:00\",\"breadcrumb\":{\"@id\":\"https:\\\/\\\/www.visitamalfi.info\\\/fr\\\/\u00e9v\u00e9nement\\\/diner-de-gala-de-la-saint-sylvestre-a-lanantara-convento-di-amalfi\\\/#breadcrumb\"},\"inLanguage\":\"fr-FR\",\"potentialAction\":[{\"@type\":\"ReadAction\",\"target\":[\"https:\\\/\\\/www.visitamalfi.info\\\/fr\\\/\u00e9v\u00e9nement\\\/diner-de-gala-de-la-saint-sylvestre-a-lanantara-convento-di-amalfi\\\/\"]}]},{\"@type\":\"BreadcrumbList\",\"@id\":\"https:\\\/\\\/www.visitamalfi.info\\\/fr\\\/\u00e9v\u00e9nement\\\/diner-de-gala-de-la-saint-sylvestre-a-lanantara-convento-di-amalfi\\\/#breadcrumb\",\"itemListElement\":[{\"@type\":\"ListItem\",\"position\":1,\"name\":\"Home\",\"item\":\"https:\\\/\\\/www.visitamalfi.info\\\/fr\\\/\"},{\"@type\":\"ListItem\",\"position\":2,\"name\":\"\u00c9v\u00e8nements\",\"item\":\"https:\\\/\\\/www.visitamalfi.info\\\/fr\\\/eventi\\\/\"},{\"@type\":\"ListItem\",\"position\":3,\"name\":\"D\u00eener de gala de la Saint-Sylvestre \u00e0 l&#8217;Anantara Convento di Amalfi\"}]},{\"@type\":\"WebSite\",\"@id\":\"https:\\\/\\\/www.visitamalfi.info\\\/fr\\\/#website\",\"url\":\"https:\\\/\\\/www.visitamalfi.info\\\/fr\\\/\",\"name\":\"Visit Amalfi\",\"description\":\"Amalfi Destination Official Website\",\"publisher\":{\"@id\":\"https:\\\/\\\/www.visitamalfi.info\\\/fr\\\/#organization\"},\"potentialAction\":[{\"@type\":\"SearchAction\",\"target\":{\"@type\":\"EntryPoint\",\"urlTemplate\":\"https:\\\/\\\/www.visitamalfi.info\\\/fr\\\/?s={search_term_string}\"},\"query-input\":{\"@type\":\"PropertyValueSpecification\",\"valueRequired\":true,\"valueName\":\"search_term_string\"}}],\"inLanguage\":\"fr-FR\"},{\"@type\":\"Organization\",\"@id\":\"https:\\\/\\\/www.visitamalfi.info\\\/fr\\\/#organization\",\"name\":\"Visit Amalfi\",\"url\":\"https:\\\/\\\/www.visitamalfi.info\\\/fr\\\/\",\"logo\":{\"@type\":\"ImageObject\",\"inLanguage\":\"fr-FR\",\"@id\":\"https:\\\/\\\/www.visitamalfi.info\\\/fr\\\/#\\\/schema\\\/logo\\\/image\\\/\",\"url\":\"https:\\\/\\\/www.visitamalfi.info\\\/wp-content\\\/uploads\\\/2023\\\/04\\\/visit-amalfi-logo-web.png\",\"contentUrl\":\"https:\\\/\\\/www.visitamalfi.info\\\/wp-content\\\/uploads\\\/2023\\\/04\\\/visit-amalfi-logo-web.png\",\"width\":800,\"height\":870,\"caption\":\"Visit Amalfi\"},\"image\":{\"@id\":\"https:\\\/\\\/www.visitamalfi.info\\\/fr\\\/#\\\/schema\\\/logo\\\/image\\\/\"},\"sameAs\":[\"https:\\\/\\\/www.facebook.com\\\/visitamalfiofficial\",\"https:\\\/\\\/www.instagram.com\\\/visitamalfiofficial\\\/\"]}]}<\/script>\n<!-- \/ Yoast SEO plugin. -->","yoast_head_json":{"title":"D\u00eener de gala de la Saint-Sylvestre \u00e0 l'Anantara Convento di Amalfi - Visit Amalfi","robots":{"index":"index","follow":"follow","max-snippet":"max-snippet:-1","max-image-preview":"max-image-preview:large","max-video-preview":"max-video-preview:-1"},"canonical":"https:\/\/www.visitamalfi.info\/fr\/\u00e9v\u00e9nement\/diner-de-gala-de-la-saint-sylvestre-a-lanantara-convento-di-amalfi\/","og_locale":"fr_FR","og_type":"article","og_title":"D\u00eener de gala de la Saint-Sylvestre \u00e0 l'Anantara Convento di Amalfi - Visit Amalfi","og_description":"Accueillons 2025 avec un d\u00eener inoubliable. Cr\u00e9ez des souvenirs avec vos proches autour d'un repas de fruits de mer locaux pr\u00e9par\u00e9s avec art et accompagn\u00e9s de vins fins. Savourez des d\u00e9lices sucr\u00e9s et, \u00e0 l'approche de minuit, aventurez-vous sur la terrasse pour des toasts, des feux d'artifice et de la musique en direct.","og_url":"https:\/\/www.visitamalfi.info\/fr\/\u00e9v\u00e9nement\/diner-de-gala-de-la-saint-sylvestre-a-lanantara-convento-di-amalfi\/","og_site_name":"Visit Amalfi","article_publisher":"https:\/\/www.facebook.com\/visitamalfiofficial","twitter_card":"summary_large_image","twitter_misc":{"Dur\u00e9e de lecture estim\u00e9e":"1 minute"},"schema":{"@context":"https:\/\/schema.org","@graph":[{"@type":"WebPage","@id":"https:\/\/www.visitamalfi.info\/fr\/\u00e9v\u00e9nement\/diner-de-gala-de-la-saint-sylvestre-a-lanantara-convento-di-amalfi\/","url":"https:\/\/www.visitamalfi.info\/fr\/\u00e9v\u00e9nement\/diner-de-gala-de-la-saint-sylvestre-a-lanantara-convento-di-amalfi\/","name":"D\u00eener de gala de la Saint-Sylvestre \u00e0 l'Anantara Convento di Amalfi - Visit Amalfi","isPartOf":{"@id":"https:\/\/www.visitamalfi.info\/fr\/#website"},"datePublished":"2024-11-12T18:16:51+00:00","breadcrumb":{"@id":"https:\/\/www.visitamalfi.info\/fr\/\u00e9v\u00e9nement\/diner-de-gala-de-la-saint-sylvestre-a-lanantara-convento-di-amalfi\/#breadcrumb"},"inLanguage":"fr-FR","potentialAction":[{"@type":"ReadAction","target":["https:\/\/www.visitamalfi.info\/fr\/\u00e9v\u00e9nement\/diner-de-gala-de-la-saint-sylvestre-a-lanantara-convento-di-amalfi\/"]}]},{"@type":"BreadcrumbList","@id":"https:\/\/www.visitamalfi.info\/fr\/\u00e9v\u00e9nement\/diner-de-gala-de-la-saint-sylvestre-a-lanantara-convento-di-amalfi\/#breadcrumb","itemListElement":[{"@type":"ListItem","position":1,"name":"Home","item":"https:\/\/www.visitamalfi.info\/fr\/"},{"@type":"ListItem","position":2,"name":"\u00c9v\u00e8nements","item":"https:\/\/www.visitamalfi.info\/fr\/eventi\/"},{"@type":"ListItem","position":3,"name":"D\u00eener de gala de la Saint-Sylvestre \u00e0 l&#8217;Anantara Convento di Amalfi"}]},{"@type":"WebSite","@id":"https:\/\/www.visitamalfi.info\/fr\/#website","url":"https:\/\/www.visitamalfi.info\/fr\/","name":"Visit Amalfi","description":"Amalfi Destination Official Website","publisher":{"@id":"https:\/\/www.visitamalfi.info\/fr\/#organization"},"potentialAction":[{"@type":"SearchAction","target":{"@type":"EntryPoint","urlTemplate":"https:\/\/www.visitamalfi.info\/fr\/?s={search_term_string}"},"query-input":{"@type":"PropertyValueSpecification","valueRequired":true,"valueName":"search_term_string"}}],"inLanguage":"fr-FR"},{"@type":"Organization","@id":"https:\/\/www.visitamalfi.info\/fr\/#organization","name":"Visit Amalfi","url":"https:\/\/www.visitamalfi.info\/fr\/","logo":{"@type":"ImageObject","inLanguage":"fr-FR","@id":"https:\/\/www.visitamalfi.info\/fr\/#\/schema\/logo\/image\/","url":"https:\/\/www.visitamalfi.info\/wp-content\/uploads\/2023\/04\/visit-amalfi-logo-web.png","contentUrl":"https:\/\/www.visitamalfi.info\/wp-content\/uploads\/2023\/04\/visit-amalfi-logo-web.png","width":800,"height":870,"caption":"Visit Amalfi"},"image":{"@id":"https:\/\/www.visitamalfi.info\/fr\/#\/schema\/logo\/image\/"},"sameAs":["https:\/\/www.facebook.com\/visitamalfiofficial","https:\/\/www.instagram.com\/visitamalfiofficial\/"]}]}},"_links":{"self":[{"href":"https:\/\/www.visitamalfi.info\/fr\/wp-json\/wp\/v2\/tribe_events\/20229","targetHints":{"allow":["GET"]}}],"collection":[{"href":"https:\/\/www.visitamalfi.info\/fr\/wp-json\/wp\/v2\/tribe_events"}],"about":[{"href":"https:\/\/www.visitamalfi.info\/fr\/wp-json\/wp\/v2\/types\/tribe_events"}],"author":[{"embeddable":true,"href":"https:\/\/www.visitamalfi.info\/fr\/wp-json\/wp\/v2\/users\/7"}],"version-history":[{"count":0,"href":"https:\/\/www.visitamalfi.info\/fr\/wp-json\/wp\/v2\/tribe_events\/20229\/revisions"}],"wp:attachment":[{"href":"https:\/\/www.visitamalfi.info\/fr\/wp-json\/wp\/v2\/media?parent=20229"}],"wp:term":[{"taxonomy":"post_tag","embeddable":true,"href":"https:\/\/www.visitamalfi.info\/fr\/wp-json\/wp\/v2\/tags?post=20229"},{"taxonomy":"tribe_events_cat","embeddable":true,"href":"https:\/\/www.visitamalfi.info\/fr\/wp-json\/wp\/v2\/tribe_events_cat?post=20229"}],"curies":[{"name":"wp","href":"https:\/\/api.w.org\/{rel}","templated":true}]}}