{"id":16469,"date":"2024-03-28T18:33:27","date_gmt":"2024-03-28T17:33:27","guid":{"rendered":"https:\/\/www.visitamalfi.info\/evento\/paques-au-grand-hotel-anantara-convento-di-amalfi\/"},"modified":"2024-03-28T18:33:27","modified_gmt":"2024-03-28T17:33:27","slug":"paques-au-grand-hotel-anantara-convento-di-amalfi","status":"publish","type":"tribe_events","link":"https:\/\/www.visitamalfi.info\/fr\/\u00e9v\u00e9nement\/paques-au-grand-hotel-anantara-convento-di-amalfi\/","title":{"rendered":"P\u00c2QUES AU GRAND H\u00d4TEL ANANTARA CONVENTO DI AMALFI"},"content":{"rendered":"<p><img fetchpriority=\"high\" decoding=\"async\" class=\"size-medium wp-image-16435 alignright\" src=\"https:\/\/www.visitamalfi.info\/wp-content\/uploads\/2024\/03\/Anantara_Convento_di_Amalfi_Grand_Hotel_untitled_0918-300x192.jpg\" alt=\"\" width=\"300\" height=\"192\" srcset=\"https:\/\/www.visitamalfi.info\/wp-content\/uploads\/2024\/03\/Anantara_Convento_di_Amalfi_Grand_Hotel_untitled_0918-300x192.jpg 300w, https:\/\/www.visitamalfi.info\/wp-content\/uploads\/2024\/03\/Anantara_Convento_di_Amalfi_Grand_Hotel_untitled_0918-1024x655.jpg 1024w, https:\/\/www.visitamalfi.info\/wp-content\/uploads\/2024\/03\/Anantara_Convento_di_Amalfi_Grand_Hotel_untitled_0918-768x491.jpg 768w, https:\/\/www.visitamalfi.info\/wp-content\/uploads\/2024\/03\/Anantara_Convento_di_Amalfi_Grand_Hotel_untitled_0918-1536x982.jpg 1536w, https:\/\/www.visitamalfi.info\/wp-content\/uploads\/2024\/03\/Anantara_Convento_di_Amalfi_Grand_Hotel_untitled_0918.jpg 1920w\" sizes=\"(max-width: 300px) 100vw, 300px\" \/><\/p>\n<p>Le Grand H\u00f4tel Anantara Convento di Amalfi, situ\u00e9 dans un cadre exceptionnel, un monast\u00e8re capucin du XIIIe si\u00e8cle surplombant la falaise amalfitaine, a rouvert ses portes le 15 mars et propose pour P\u00e2ques un riche programme d&#8217;\u00e9v\u00e9nements in\u00e9dits pour d\u00e9couvrir le charme de l&#8217;h\u00f4tel et de la c\u00f4te amalfitaine, \u00e0 l&#8217;intention des clients de l&#8217;h\u00f4tel et d&#8217;autres personnes.<br \/>\nPour ceux qui recherchent la d\u00e9tente et des moments de bien-\u00eatre, l&#8217;<strong>Anantara<\/strong> Spa, point fort de la marque et deuxi\u00e8me Anantara Spa en Italie, propose le Body &amp; Soul Ritual, qui comprend un merveilleux massage aux bougies pour apaiser les douleurs articulaires et musculaires, suivi d&#8217;un sublime soin du visage sign\u00e9 Valmont. Ou encore, le rituel de P\u00e2ques revitalisant, qui vise \u00e0 restaurer le corps et l&#8217;esprit pour le printemps, en exploitant le pouvoir des produits locaux gr\u00e2ce \u00e0 un gommage du corps aux huiles essentielles pour hydrater et apaiser, suivi d&#8217;un massage aromath\u00e9rapeutique qui stimule les syst\u00e8mes lymphatique, circulatoire et nerveux. Un rituel des pieds au citron et un soin du visage sont inclus.<br \/>\nPour ceux qui souhaitent s&#8217;offrir une<strong>exp\u00e9rience gastronomique<\/strong>Le chef ex\u00e9cutif de l&#8217;Anantara Convento di Amalfi, Claudio Lanuto, a \u00e9tudi\u00e9 \u00e0 l&#8217;Universit\u00e9 d&#8217;Amalfi. <a href=\"https:\/\/www.visitamalfi.info\/amw-food\/dei-cappuccini\/\"><strong>Restaurant Dei Cappuccini<\/strong><\/a> un menu pour le d\u00e9jeuner de P\u00e2ques du 31 mars \u00e0 d\u00e9guster face \u00e0 la mer : une s\u00e9lection de pains locaux, suivie d&#8217;un agneau mijot\u00e9, de raviolis aux herbes sauvages, de petits pois et d&#8217;une poitrine de porc r\u00f4tie, d&#8217;un lapin cuit au barbecue et de desserts typiques de la Campanie. Pour l&#8217;occasion, le chef a \u00e9galement pr\u00e9vu un classique de P\u00e2ques revisit\u00e9 : l&#8217;\u0153uf de P\u00e2ques en chocolat noir d\u00e9cor\u00e9 avec l&#8217;\u00e9corce s\u00e9ch\u00e9e du citron Sfusato Amalfitan, qui sera disponible au petit-d\u00e9jeuner, en plus de nombreuses autres surprises sp\u00e9ciales et d\u00e9licieuses.<\/p>\n<p><img decoding=\"async\" class=\"size-medium wp-image-16440 alignleft\" src=\"https:\/\/www.visitamalfi.info\/wp-content\/uploads\/2024\/03\/Anantara_Convento_di_Amalfi_Grand_Hotel_untitled_0870-2-300x200.jpg\" alt=\"\" width=\"300\" height=\"200\" srcset=\"https:\/\/www.visitamalfi.info\/wp-content\/uploads\/2024\/03\/Anantara_Convento_di_Amalfi_Grand_Hotel_untitled_0870-2-300x200.jpg 300w, https:\/\/www.visitamalfi.info\/wp-content\/uploads\/2024\/03\/Anantara_Convento_di_Amalfi_Grand_Hotel_untitled_0870-2-1024x683.jpg 1024w, https:\/\/www.visitamalfi.info\/wp-content\/uploads\/2024\/03\/Anantara_Convento_di_Amalfi_Grand_Hotel_untitled_0870-2-768x512.jpg 768w, https:\/\/www.visitamalfi.info\/wp-content\/uploads\/2024\/03\/Anantara_Convento_di_Amalfi_Grand_Hotel_untitled_0870-2-1536x1024.jpg 1536w, https:\/\/www.visitamalfi.info\/wp-content\/uploads\/2024\/03\/Anantara_Convento_di_Amalfi_Grand_Hotel_untitled_0870-2-870x580.jpg 870w, https:\/\/www.visitamalfi.info\/wp-content\/uploads\/2024\/03\/Anantara_Convento_di_Amalfi_Grand_Hotel_untitled_0870-2-615x410.jpg 615w, https:\/\/www.visitamalfi.info\/wp-content\/uploads\/2024\/03\/Anantara_Convento_di_Amalfi_Grand_Hotel_untitled_0870-2-1240x825.jpg 1240w, https:\/\/www.visitamalfi.info\/wp-content\/uploads\/2024\/03\/Anantara_Convento_di_Amalfi_Grand_Hotel_untitled_0870-2.jpg 1920w\" sizes=\"(max-width: 300px) 100vw, 300px\" \/>ET SEULEMENT POUR CEUX QUI S\u00c9JOURNENT DANS DES H\u00d4TELS&#8230;<br \/>\nLes activit\u00e9s destin\u00e9es \u00e0 toute la famille ne manquent pas. <strong>Chasse aux \u0153ufs dans le jardin du couvent<\/strong> le dimanche de P\u00e2ques, \u00e0 partir de 11 heures, ou le dimanche de P\u00e2ques, \u00e0 partir de 15 heures. <strong>Cours de cuisine &#8220;P\u00e2ques au couvent&#8221;<\/strong> avec le chef Lanuto au Ristorante Dei Cappuccini, o\u00f9 vous apprendrez \u00e0 pr\u00e9parer le Casatiello sucr\u00e9, un pain de P\u00e2ques traditionnel de Sorrente, et \u00e0 le d\u00e9corer dans le style traditionnel avec du gla\u00e7age et des citrons, tout en d\u00e9couvrant l&#8217;importance de la &#8220;levure m\u00e8re&#8221; &#8211; l&#8217;ingr\u00e9dient miracle &#8211; et \u00e0 le d\u00e9corer dans le style traditionnel avec du gla\u00e7age et des citrons. <strong>Quand : jeudi 28 mars et lundi 1er avril, 16h00 &#8211; 17h00<\/strong><\/p>\n<p>Ou encore, le &#8220;Le <strong>jardinage pour les petits chefs<\/strong>&#8220;, un atelier interactif dans le jardin du couvent avec des experts locaux pour mettre les enfants en contact avec la nature, en leur apprenant l&#8217;origine des ingr\u00e9dients et les techniques de culture et de r\u00e9colte des fruits et l\u00e9gumes frais. <strong>Quand : Samedi 30 mars, 11h00 &#8211; 11h30<\/strong><\/p>\n<p>Les <strong>exp\u00e9riences<\/strong> sont \u00e9galement incontournables :<\/p>\n<p>\u25cf<strong>&#8221; Peace<\/strong>&amp; Good &#8221; avec le fr\u00e8re Marcus, des moments pour s&#8217;immerger dans la vie monastique avec le fr\u00e8re du monast\u00e8re, expert de la philosophie Peace &amp; Good et profond connaisseur des secrets de la structure. Lors des visites de l&#8217;\u00e9glise, du clo\u00eetre et de la promenade des moines, Fra Marcus est \u00e0 votre disposition pour vous donner des pr\u00e9cisions sur le contexte historique. Quand : vendredi 29 mars et samedi 30 mars &#8211; dans la limite des places disponibles<br \/>\n\u25cf <strong>Visite de la cath\u00e9drale d&#8217;Amalfi Avec Fra Marcus<\/strong>, pour conna\u00eetre la splendide cath\u00e9drale d&#8217;Amalfi et d\u00e9couvrir ses secrets historiques, culturels et architecturaux. Quand : vendredi 29 mars et samedi 30 mars &#8211; dans la limite des places disponibles<br \/>\n\u25cf <strong>Excursion dans la Valle Delle Fer<\/strong>riere, une randonn\u00e9e magique adapt\u00e9e \u00e0 toute la famille pour admirer les sites panoramiques de la Valle delle Ferriere et faire l&#8217;exp\u00e9rience directe d&#8217;un microclimat unique, prot\u00e9g\u00e9 par des parois rocheuses et abritant des foug\u00e8res rares, des orchid\u00e9es exotiques et la &#8220;salamandre \u00e0 lunettes&#8221;. Un sentier le long de la rivi\u00e8re passe devant les anciennes papeteries et permet d&#8217;admirer le pittoresque ch\u00e2teau Lauritano. Quand : jeudi 28 mars, vendredi 29 mars et samedi 30 mars &#8211; dans la limite des places disponibles<\/p>\n","protected":false},"excerpt":{"rendered":"<p>Le Grand H\u00f4tel Anantara Convento di Amalfi, situ\u00e9 dans un cadre exceptionnel, un monast\u00e8re capucin du XIIIe si\u00e8cle surplombant la falaise amalfitaine, a rouvert ses portes le 15 mars et [&hellip;]<\/p>\n","protected":false},"author":7,"featured_media":16437,"template":"","meta":{"inline_featured_image":false,"_tribe_events_status":"","_tribe_events_status_reason":"","footnotes":""},"tags":[],"tribe_events_cat":[1504,397],"class_list":["post-16469","tribe_events","type-tribe_events","status-publish","has-post-thumbnail","hentry","tribe_events_cat-paques","tribe_events_cat-tradizione-fr","cat_paques","cat_tradizione-fr"],"yoast_head":"<!-- This site is optimized with the Yoast SEO plugin v27.3 - https:\/\/yoast.com\/product\/yoast-seo-wordpress\/ -->\n<title>P\u00c2QUES AU GRAND H\u00d4TEL ANANTARA CONVENTO DI AMALFI - Visit Amalfi<\/title>\n<meta name=\"description\" content=\"UN PAQUESTE INOUBLIABLE \u00c0 L&#039;ANANTARA CONVENTO DI AMALFI GRAND HOTELLes exp\u00e9riences authentiques ne manquent pas pour d\u00e9couvrir la c\u00f4te amalfitaine.\" \/>\n<meta name=\"robots\" content=\"index, follow, max-snippet:-1, max-image-preview:large, max-video-preview:-1\" \/>\n<link rel=\"canonical\" href=\"https:\/\/www.visitamalfi.info\/fr\/\u00e9v\u00e9nement\/paques-au-grand-hotel-anantara-convento-di-amalfi\/\" \/>\n<meta property=\"og:locale\" content=\"fr_FR\" \/>\n<meta property=\"og:type\" content=\"article\" \/>\n<meta property=\"og:title\" content=\"P\u00c2QUES AU GRAND H\u00d4TEL ANANTARA CONVENTO DI AMALFI - Visit Amalfi\" \/>\n<meta property=\"og:description\" content=\"UN PAQUESTE INOUBLIABLE \u00c0 L&#039;ANANTARA CONVENTO DI AMALFI GRAND HOTELLes exp\u00e9riences authentiques ne manquent pas pour d\u00e9couvrir la c\u00f4te amalfitaine.\" \/>\n<meta property=\"og:url\" content=\"https:\/\/www.visitamalfi.info\/fr\/\u00e9v\u00e9nement\/paques-au-grand-hotel-anantara-convento-di-amalfi\/\" \/>\n<meta property=\"og:site_name\" content=\"Visit Amalfi\" \/>\n<meta property=\"article:publisher\" content=\"https:\/\/www.facebook.com\/visitamalfiofficial\" \/>\n<meta property=\"og:image\" content=\"https:\/\/www.visitamalfi.info\/wp-content\/uploads\/2024\/03\/Anantara_Convento_di_Amalfi_Grand_Hotel_untitled_0918.jpg\" \/>\n\t<meta property=\"og:image:width\" content=\"1920\" \/>\n\t<meta property=\"og:image:height\" content=\"1228\" \/>\n\t<meta property=\"og:image:type\" content=\"image\/jpeg\" \/>\n<meta name=\"twitter:card\" content=\"summary_large_image\" \/>\n<meta name=\"twitter:label1\" content=\"Dur\u00e9e de lecture estim\u00e9e\" \/>\n\t<meta name=\"twitter:data1\" content=\"4 minutes\" \/>\n<script type=\"application\/ld+json\" class=\"yoast-schema-graph\">{\"@context\":\"https:\\\/\\\/schema.org\",\"@graph\":[{\"@type\":\"WebPage\",\"@id\":\"https:\\\/\\\/www.visitamalfi.info\\\/fr\\\/\u00e9v\u00e9nement\\\/paques-au-grand-hotel-anantara-convento-di-amalfi\\\/\",\"url\":\"https:\\\/\\\/www.visitamalfi.info\\\/fr\\\/\u00e9v\u00e9nement\\\/paques-au-grand-hotel-anantara-convento-di-amalfi\\\/\",\"name\":\"P\u00c2QUES AU GRAND H\u00d4TEL ANANTARA CONVENTO DI AMALFI - Visit Amalfi\",\"isPartOf\":{\"@id\":\"https:\\\/\\\/www.visitamalfi.info\\\/fr\\\/#website\"},\"primaryImageOfPage\":{\"@id\":\"https:\\\/\\\/www.visitamalfi.info\\\/fr\\\/\u00e9v\u00e9nement\\\/paques-au-grand-hotel-anantara-convento-di-amalfi\\\/#primaryimage\"},\"image\":{\"@id\":\"https:\\\/\\\/www.visitamalfi.info\\\/fr\\\/\u00e9v\u00e9nement\\\/paques-au-grand-hotel-anantara-convento-di-amalfi\\\/#primaryimage\"},\"thumbnailUrl\":\"https:\\\/\\\/www.visitamalfi.info\\\/wp-content\\\/uploads\\\/2024\\\/03\\\/Anantara_Convento_di_Amalfi_Grand_Hotel_untitled_0918.jpg\",\"datePublished\":\"2024-03-28T17:33:27+00:00\",\"description\":\"UN PAQUESTE INOUBLIABLE \u00c0 L'ANANTARA CONVENTO DI AMALFI GRAND HOTELLes exp\u00e9riences authentiques ne manquent pas pour d\u00e9couvrir la c\u00f4te amalfitaine.\",\"breadcrumb\":{\"@id\":\"https:\\\/\\\/www.visitamalfi.info\\\/fr\\\/\u00e9v\u00e9nement\\\/paques-au-grand-hotel-anantara-convento-di-amalfi\\\/#breadcrumb\"},\"inLanguage\":\"fr-FR\",\"potentialAction\":[{\"@type\":\"ReadAction\",\"target\":[\"https:\\\/\\\/www.visitamalfi.info\\\/fr\\\/\u00e9v\u00e9nement\\\/paques-au-grand-hotel-anantara-convento-di-amalfi\\\/\"]}]},{\"@type\":\"ImageObject\",\"inLanguage\":\"fr-FR\",\"@id\":\"https:\\\/\\\/www.visitamalfi.info\\\/fr\\\/\u00e9v\u00e9nement\\\/paques-au-grand-hotel-anantara-convento-di-amalfi\\\/#primaryimage\",\"url\":\"https:\\\/\\\/www.visitamalfi.info\\\/wp-content\\\/uploads\\\/2024\\\/03\\\/Anantara_Convento_di_Amalfi_Grand_Hotel_untitled_0918.jpg\",\"contentUrl\":\"https:\\\/\\\/www.visitamalfi.info\\\/wp-content\\\/uploads\\\/2024\\\/03\\\/Anantara_Convento_di_Amalfi_Grand_Hotel_untitled_0918.jpg\",\"width\":1920,\"height\":1228},{\"@type\":\"BreadcrumbList\",\"@id\":\"https:\\\/\\\/www.visitamalfi.info\\\/fr\\\/\u00e9v\u00e9nement\\\/paques-au-grand-hotel-anantara-convento-di-amalfi\\\/#breadcrumb\",\"itemListElement\":[{\"@type\":\"ListItem\",\"position\":1,\"name\":\"Home\",\"item\":\"https:\\\/\\\/www.visitamalfi.info\\\/fr\\\/\"},{\"@type\":\"ListItem\",\"position\":2,\"name\":\"\u00c9v\u00e8nements\",\"item\":\"https:\\\/\\\/www.visitamalfi.info\\\/fr\\\/eventi\\\/\"},{\"@type\":\"ListItem\",\"position\":3,\"name\":\"P\u00c2QUES AU GRAND H\u00d4TEL ANANTARA CONVENTO DI AMALFI\"}]},{\"@type\":\"WebSite\",\"@id\":\"https:\\\/\\\/www.visitamalfi.info\\\/fr\\\/#website\",\"url\":\"https:\\\/\\\/www.visitamalfi.info\\\/fr\\\/\",\"name\":\"Visit Amalfi\",\"description\":\"Amalfi Destination Official Website\",\"publisher\":{\"@id\":\"https:\\\/\\\/www.visitamalfi.info\\\/fr\\\/#organization\"},\"potentialAction\":[{\"@type\":\"SearchAction\",\"target\":{\"@type\":\"EntryPoint\",\"urlTemplate\":\"https:\\\/\\\/www.visitamalfi.info\\\/fr\\\/?s={search_term_string}\"},\"query-input\":{\"@type\":\"PropertyValueSpecification\",\"valueRequired\":true,\"valueName\":\"search_term_string\"}}],\"inLanguage\":\"fr-FR\"},{\"@type\":\"Organization\",\"@id\":\"https:\\\/\\\/www.visitamalfi.info\\\/fr\\\/#organization\",\"name\":\"Visit Amalfi\",\"url\":\"https:\\\/\\\/www.visitamalfi.info\\\/fr\\\/\",\"logo\":{\"@type\":\"ImageObject\",\"inLanguage\":\"fr-FR\",\"@id\":\"https:\\\/\\\/www.visitamalfi.info\\\/fr\\\/#\\\/schema\\\/logo\\\/image\\\/\",\"url\":\"https:\\\/\\\/www.visitamalfi.info\\\/wp-content\\\/uploads\\\/2023\\\/04\\\/visit-amalfi-logo-web.png\",\"contentUrl\":\"https:\\\/\\\/www.visitamalfi.info\\\/wp-content\\\/uploads\\\/2023\\\/04\\\/visit-amalfi-logo-web.png\",\"width\":800,\"height\":870,\"caption\":\"Visit Amalfi\"},\"image\":{\"@id\":\"https:\\\/\\\/www.visitamalfi.info\\\/fr\\\/#\\\/schema\\\/logo\\\/image\\\/\"},\"sameAs\":[\"https:\\\/\\\/www.facebook.com\\\/visitamalfiofficial\",\"https:\\\/\\\/www.instagram.com\\\/visitamalfiofficial\\\/\"]}]}<\/script>\n<!-- \/ Yoast SEO plugin. -->","yoast_head_json":{"title":"P\u00c2QUES AU GRAND H\u00d4TEL ANANTARA CONVENTO DI AMALFI - Visit Amalfi","description":"UN PAQUESTE INOUBLIABLE \u00c0 L'ANANTARA CONVENTO DI AMALFI GRAND HOTELLes exp\u00e9riences authentiques ne manquent pas pour d\u00e9couvrir la c\u00f4te amalfitaine.","robots":{"index":"index","follow":"follow","max-snippet":"max-snippet:-1","max-image-preview":"max-image-preview:large","max-video-preview":"max-video-preview:-1"},"canonical":"https:\/\/www.visitamalfi.info\/fr\/\u00e9v\u00e9nement\/paques-au-grand-hotel-anantara-convento-di-amalfi\/","og_locale":"fr_FR","og_type":"article","og_title":"P\u00c2QUES AU GRAND H\u00d4TEL ANANTARA CONVENTO DI AMALFI - Visit Amalfi","og_description":"UN PAQUESTE INOUBLIABLE \u00c0 L'ANANTARA CONVENTO DI AMALFI GRAND HOTELLes exp\u00e9riences authentiques ne manquent pas pour d\u00e9couvrir la c\u00f4te amalfitaine.","og_url":"https:\/\/www.visitamalfi.info\/fr\/\u00e9v\u00e9nement\/paques-au-grand-hotel-anantara-convento-di-amalfi\/","og_site_name":"Visit Amalfi","article_publisher":"https:\/\/www.facebook.com\/visitamalfiofficial","og_image":[{"width":1920,"height":1228,"url":"https:\/\/www.visitamalfi.info\/wp-content\/uploads\/2024\/03\/Anantara_Convento_di_Amalfi_Grand_Hotel_untitled_0918.jpg","type":"image\/jpeg"}],"twitter_card":"summary_large_image","twitter_misc":{"Dur\u00e9e de lecture estim\u00e9e":"4 minutes"},"schema":{"@context":"https:\/\/schema.org","@graph":[{"@type":"WebPage","@id":"https:\/\/www.visitamalfi.info\/fr\/\u00e9v\u00e9nement\/paques-au-grand-hotel-anantara-convento-di-amalfi\/","url":"https:\/\/www.visitamalfi.info\/fr\/\u00e9v\u00e9nement\/paques-au-grand-hotel-anantara-convento-di-amalfi\/","name":"P\u00c2QUES AU GRAND H\u00d4TEL ANANTARA CONVENTO DI AMALFI - Visit Amalfi","isPartOf":{"@id":"https:\/\/www.visitamalfi.info\/fr\/#website"},"primaryImageOfPage":{"@id":"https:\/\/www.visitamalfi.info\/fr\/\u00e9v\u00e9nement\/paques-au-grand-hotel-anantara-convento-di-amalfi\/#primaryimage"},"image":{"@id":"https:\/\/www.visitamalfi.info\/fr\/\u00e9v\u00e9nement\/paques-au-grand-hotel-anantara-convento-di-amalfi\/#primaryimage"},"thumbnailUrl":"https:\/\/www.visitamalfi.info\/wp-content\/uploads\/2024\/03\/Anantara_Convento_di_Amalfi_Grand_Hotel_untitled_0918.jpg","datePublished":"2024-03-28T17:33:27+00:00","description":"UN PAQUESTE INOUBLIABLE \u00c0 L'ANANTARA CONVENTO DI AMALFI GRAND HOTELLes exp\u00e9riences authentiques ne manquent pas pour d\u00e9couvrir la c\u00f4te amalfitaine.","breadcrumb":{"@id":"https:\/\/www.visitamalfi.info\/fr\/\u00e9v\u00e9nement\/paques-au-grand-hotel-anantara-convento-di-amalfi\/#breadcrumb"},"inLanguage":"fr-FR","potentialAction":[{"@type":"ReadAction","target":["https:\/\/www.visitamalfi.info\/fr\/\u00e9v\u00e9nement\/paques-au-grand-hotel-anantara-convento-di-amalfi\/"]}]},{"@type":"ImageObject","inLanguage":"fr-FR","@id":"https:\/\/www.visitamalfi.info\/fr\/\u00e9v\u00e9nement\/paques-au-grand-hotel-anantara-convento-di-amalfi\/#primaryimage","url":"https:\/\/www.visitamalfi.info\/wp-content\/uploads\/2024\/03\/Anantara_Convento_di_Amalfi_Grand_Hotel_untitled_0918.jpg","contentUrl":"https:\/\/www.visitamalfi.info\/wp-content\/uploads\/2024\/03\/Anantara_Convento_di_Amalfi_Grand_Hotel_untitled_0918.jpg","width":1920,"height":1228},{"@type":"BreadcrumbList","@id":"https:\/\/www.visitamalfi.info\/fr\/\u00e9v\u00e9nement\/paques-au-grand-hotel-anantara-convento-di-amalfi\/#breadcrumb","itemListElement":[{"@type":"ListItem","position":1,"name":"Home","item":"https:\/\/www.visitamalfi.info\/fr\/"},{"@type":"ListItem","position":2,"name":"\u00c9v\u00e8nements","item":"https:\/\/www.visitamalfi.info\/fr\/eventi\/"},{"@type":"ListItem","position":3,"name":"P\u00c2QUES AU GRAND H\u00d4TEL ANANTARA CONVENTO DI AMALFI"}]},{"@type":"WebSite","@id":"https:\/\/www.visitamalfi.info\/fr\/#website","url":"https:\/\/www.visitamalfi.info\/fr\/","name":"Visit Amalfi","description":"Amalfi Destination Official Website","publisher":{"@id":"https:\/\/www.visitamalfi.info\/fr\/#organization"},"potentialAction":[{"@type":"SearchAction","target":{"@type":"EntryPoint","urlTemplate":"https:\/\/www.visitamalfi.info\/fr\/?s={search_term_string}"},"query-input":{"@type":"PropertyValueSpecification","valueRequired":true,"valueName":"search_term_string"}}],"inLanguage":"fr-FR"},{"@type":"Organization","@id":"https:\/\/www.visitamalfi.info\/fr\/#organization","name":"Visit Amalfi","url":"https:\/\/www.visitamalfi.info\/fr\/","logo":{"@type":"ImageObject","inLanguage":"fr-FR","@id":"https:\/\/www.visitamalfi.info\/fr\/#\/schema\/logo\/image\/","url":"https:\/\/www.visitamalfi.info\/wp-content\/uploads\/2023\/04\/visit-amalfi-logo-web.png","contentUrl":"https:\/\/www.visitamalfi.info\/wp-content\/uploads\/2023\/04\/visit-amalfi-logo-web.png","width":800,"height":870,"caption":"Visit Amalfi"},"image":{"@id":"https:\/\/www.visitamalfi.info\/fr\/#\/schema\/logo\/image\/"},"sameAs":["https:\/\/www.facebook.com\/visitamalfiofficial","https:\/\/www.instagram.com\/visitamalfiofficial\/"]}]}},"_links":{"self":[{"href":"https:\/\/www.visitamalfi.info\/fr\/wp-json\/wp\/v2\/tribe_events\/16469","targetHints":{"allow":["GET"]}}],"collection":[{"href":"https:\/\/www.visitamalfi.info\/fr\/wp-json\/wp\/v2\/tribe_events"}],"about":[{"href":"https:\/\/www.visitamalfi.info\/fr\/wp-json\/wp\/v2\/types\/tribe_events"}],"author":[{"embeddable":true,"href":"https:\/\/www.visitamalfi.info\/fr\/wp-json\/wp\/v2\/users\/7"}],"version-history":[{"count":0,"href":"https:\/\/www.visitamalfi.info\/fr\/wp-json\/wp\/v2\/tribe_events\/16469\/revisions"}],"wp:featuredmedia":[{"embeddable":true,"href":"https:\/\/www.visitamalfi.info\/fr\/wp-json\/wp\/v2\/media\/16437"}],"wp:attachment":[{"href":"https:\/\/www.visitamalfi.info\/fr\/wp-json\/wp\/v2\/media?parent=16469"}],"wp:term":[{"taxonomy":"post_tag","embeddable":true,"href":"https:\/\/www.visitamalfi.info\/fr\/wp-json\/wp\/v2\/tags?post=16469"},{"taxonomy":"tribe_events_cat","embeddable":true,"href":"https:\/\/www.visitamalfi.info\/fr\/wp-json\/wp\/v2\/tribe_events_cat?post=16469"}],"curies":[{"name":"wp","href":"https:\/\/api.w.org\/{rel}","templated":true}]}}