{"id":14398,"date":"2024-03-20T14:22:44","date_gmt":"2024-03-20T13:22:44","guid":{"rendered":"https:\/\/www.visitamalfi.info\/evento\/paques-2024-a-amalfi\/"},"modified":"2024-03-20T14:22:44","modified_gmt":"2024-03-20T13:22:44","slug":"paques-2024-a-amalfi","status":"publish","type":"tribe_events","link":"https:\/\/www.visitamalfi.info\/fr\/\u00e9v\u00e9nement\/paques-2024-a-amalfi\/","title":{"rendered":"P\u00e2ques 2024 \u00e0 Amalfi"},"content":{"rendered":"<p class=\"cvGsUA direction-ltr align-start para-style-body\"><span class=\"OYPEnA text-decoration-none text-strikethrough-none\">La <em><strong>P\u00e2ques \u00e0 Amalfi<\/strong><\/em>un moment de foi, de culture, de tradition et de sacr\u00e9.<\/span><\/p>\n<p class=\"cvGsUA direction-ltr align-start para-style-body\"><span class=\"OYPEnA text-decoration-none text-strikethrough-none\">&#8220;<\/span><em><span class=\"OYPEnA text-decoration-none text-strikethrough-none\">La municipalit\u00e9 d&#8217;Amalfi, dirig\u00e9e par le maire Daniele Milano, se pr\u00e9pare \u00e0 c\u00e9l\u00e9brer la Sainte P\u00e2que &#8211; un moment v\u00e9cu avec une grande intensit\u00e9 par toute la communaut\u00e9 &#8211; et \u00e0 accueillir les touristes avec un programme d&#8217;\u00e9v\u00e9nements qui renouvellent le grand patrimoine anthropologique de la ville, \u00e0 la d\u00e9couverte de la foi la plus authentique et la plus profonde du peuple amalfitain.<\/span><span class=\"OYPEnA text-decoration-none text-strikethrough-none\">&#8220;<\/span><\/em><\/p>\n<p><strong>LE CALENDRIER :<\/strong><\/p>\n<p class=\"cvGsUA direction-ltr align-start para-style-body\"><span class=\"OYPEnA text-decoration-none text-strikethrough-none\">&#8220;<strong>Shem\u00e0 Adonai<\/strong>&#8221; ARSENALE DELLA REPUBBLICA &#8211; Mardi 26 mars h 20:00.<\/span><\/p>\n<p class=\"cvGsUA direction-ltr align-start para-style-body\"><span class=\"OYPEnA text-decoration-none text-strikethrough-none\"> A<\/span><span class=\"OYPEnA text-decoration-none text-strikethrough-none\"> par l&#8217;association Kaleidos. L&#8217;\u0153uvre, \u00e9crite par Alfonso Minutolo, d\u00e9peint avec justesse la passion du Christ m\u00eal\u00e9e \u00e0 l&#8217;actualit\u00e9. &#8220;<\/span><span class=\"OYPEnA text-decoration-none text-strikethrough-none\">Shem\u00e0 Adonai (\u00e9coutez-nous Seigneur en aram\u00e9en) est l&#8217;appel au secours, la pri\u00e8re adress\u00e9e au Christ par les peuples du monde&#8230;<\/span><span class=\"OYPEnA text-decoration-none text-strikethrough-none\">&#8220;La pi\u00e8ce est une occasion de r\u00e9flexion pour tous, c&#8217;est peut-\u00eatre le but de l&#8217;\u0153uvre, qui atteint son objectif gr\u00e2ce \u00e0 une performance hautement \u00e9motionnelle et artistique, le tout rehauss\u00e9 de<\/span> <span class=\"OYPEnA text-decoration-none text-strikethrough-none\">la participation extraordinaire des Battenti di Minori, avec leurs chants s\u00e9culaires, reconnus et prot\u00e9g\u00e9s par le minist\u00e8re de la culture, et le talent des acteurs de Kaleidos : sur sc\u00e8ne Maria Nolli, Giuseppe Pisacane, Enzo Oddo, Alfonso Liguori, Anna Maria Esposito, Luigi Sommariva, Lara Manzi, Nicola Castello et Nuccia Paolillo.<\/span><\/p>\n<p class=\"cvGsUA direction-ltr align-start para-style-body\"><span class=\"OYPEnA text-decoration-none text-strikethrough-none\">&#8220;<\/span><strong><span class=\"OYPEnA text-decoration-none text-strikethrough-none\">LuxAnimae<\/span><\/strong><span class=\"OYPEnA text-decoration-none text-strikethrough-none\">&#8220;ARSENALE DELLA REPUBBLICA &#8211; Samedi 30 mars h. 19:30.<\/span><\/p>\n<p class=\"cvGsUA direction-ltr align-start para-style-body\"><span class=\"OYPEnA text-decoration-none text-strikethrough-none\">Le nouveau projet de Marina Bruno, Ondanueve String Quartet et Michele Maione, dirig\u00e9 par Francesco Rivieccio.<\/span><\/p>\n<p class=\"cvGsUA direction-ltr align-start para-style-body\"><span class=\"OYPEnA text-decoration-none text-strikethrough-none\">&#8220;<\/span><span class=\"OYPEnA text-decoration-none text-strikethrough-none\">Sons acoustiques, \u00e9lectronique, voix explicit\u00e9es, influences rythmiques populaires, textes sacr\u00e9s et profanes, atmosph\u00e8res m\u00e9ditatives, incursions dans la musique ethnique et baroque, jusqu&#8217;\u00e0 la pop contemporaine. Musique de mondes, styles, \u00e9poques et cultures lointains<\/span><span class=\"OYPEnA text-decoration-none text-strikethrough-none\">&#8230;&#8221;<\/span><\/p>\n<p class=\"cvGsUA direction-ltr align-start para-style-body\"><span class=\"OYPEnA text-decoration-none text-strikethrough-none\">Une performance pleine d&#8217;\u00e9motion et qui donne \u00e0 nouveau mati\u00e8re \u00e0 r\u00e9flexion. LuxAnimae&#8221; voit la lumi\u00e8re au moment peut-\u00eatre le plus difficile de ces derni\u00e8res d\u00e9cennies pour une grande partie de l&#8217;humanit\u00e9, et est l&#8217;enfant de doutes, de r\u00e9flexions, d&#8217;incertitudes et d&#8217;aspirations, visant \u00e0 cr\u00e9er une ligne de communication avec quelque chose de &#8220;sup\u00e9rieur&#8221;, une sorte d&#8217;entit\u00e9 qui peut \u00e9clairer les \u00e2mes en montrant le chemin du retour \u00e0 la s\u00e9r\u00e9nit\u00e9 individuelle et globale&#8230;&#8221;<\/span><\/p>\n<p class=\"cvGsUA direction-ltr align-start para-style-body\"><span class=\"OYPEnA text-decoration-none text-strikethrough-none\">Les <\/span><strong><span class=\"OYPEnA text-decoration-none text-strikethrough-none\">Vendredi saint<\/span><\/strong><span class=\"OYPEnA text-decoration-none text-strikethrough-none\">Au coucher du soleil, Amalfi s&#8217;\u00e9teint et n&#8217;est \u00e9clair\u00e9e que par les lumi\u00e8res suggestives des torches et des braseros qui accompagnent la procession nocturne du Christ mort, l&#8217;une des traditions les plus sinc\u00e8res, r\u00e9alis\u00e9e par la Reale Arciconfraternita dell&#8217;Addolorata.<\/span> <span class=\"OYPEnA text-decoration-none text-strikethrough-none\">Apr\u00e8s avoir travers\u00e9 toute la ville, la statue du Christ est d\u00e9pos\u00e9e dans l&#8217;\u00e9glise de la Piazza Municipio : Notre-Dame des Douleurs retourne ensuite, seule, \u00e0 la cath\u00e9drale Saint-Andr\u00e9.<\/span><\/p>\n<p class=\"cvGsUA direction-ltr align-start para-style-body\"><span class=\"OYPEnA text-decoration-none text-strikethrough-none\">Le programme des \u00e9v\u00e9nements est accompagn\u00e9 par <\/span><span class=\"OYPEnA text-decoration-none text-strikethrough-none\">les <strong>c\u00e9l\u00e9brations liturgiques<\/strong><\/span><span class=\"OYPEnA text-decoration-none text-strikethrough-none\">\u00e0 partir du dimanche des Rameaux et tout au long de la Semaine Sainte, jusqu&#8217;\u00e0 la messe pontificale de P\u00e2ques dans la cath\u00e9drale le dimanche 31 mars 2024 \u00e0 10h30 et 19h, avec une procession aux fonts baptismaux.<\/span><\/p>\n","protected":false},"excerpt":{"rendered":"<p>La P\u00e2ques \u00e0 Amalfiun moment de foi, de culture, de tradition et de sacr\u00e9. &#8220;La municipalit\u00e9 d&#8217;Amalfi, dirig\u00e9e par le maire Daniele Milano, se pr\u00e9pare \u00e0 c\u00e9l\u00e9brer la Sainte P\u00e2que [&hellip;]<\/p>\n","protected":false},"author":7,"featured_media":14358,"template":"","meta":{"inline_featured_image":false,"_tribe_events_status":"","_tribe_events_status_reason":"","footnotes":""},"tags":[1335,259,1503,815,1502],"tribe_events_cat":[587,708,317,623,1504,709,397],"class_list":["post-14398","tribe_events","type-tribe_events","status-publish","has-post-thumbnail","hentry","tag-2024-fr","tag-amalfi-fr","tag-arsenal-de-la-republique","tag-evenements","tag-paques","tribe_events_cat-culture","tribe_events_cat-evenement-historique","tribe_events_cat-musica-dal-vivo-fr","tribe_events_cat-musique","tribe_events_cat-paques","tribe_events_cat-reconstitution-historique","tribe_events_cat-tradizione-fr","cat_culture","cat_evenement-historique","cat_musica-dal-vivo-fr","cat_musique","cat_paques","cat_reconstitution-historique","cat_tradizione-fr"],"yoast_head":"<!-- This site is optimized with the Yoast SEO plugin v27.3 - https:\/\/yoast.com\/product\/yoast-seo-wordpress\/ -->\n<title>P\u00e2ques 2024 \u00e0 Amalfi - Visit Amalfi<\/title>\n<meta name=\"description\" content=\"&quot;La municipalit\u00e9 d&#039;Amalfi, dirig\u00e9e par le maire Daniele Milano, se pr\u00e9pare \u00e0 c\u00e9l\u00e9brer la Sainte P\u00e2que - un moment v\u00e9cu avec une grande intensit\u00e9 par toute la communaut\u00e9 - et \u00e0 accueillir les touristes avec un programme d&#039;\u00e9v\u00e9nements qui renouvellent le grand patrimoine anthropologique de la ville, \u00e0 la d\u00e9couverte de la foi la plus authentique et la plus profonde du peuple amalfitain...&quot;\" \/>\n<meta name=\"robots\" content=\"index, follow, max-snippet:-1, max-image-preview:large, max-video-preview:-1\" \/>\n<link rel=\"canonical\" href=\"https:\/\/www.visitamalfi.info\/fr\/\u00e9v\u00e9nement\/paques-2024-a-amalfi\/\" \/>\n<meta property=\"og:locale\" content=\"fr_FR\" \/>\n<meta property=\"og:type\" content=\"article\" \/>\n<meta property=\"og:title\" content=\"P\u00e2ques 2024 \u00e0 Amalfi - Visit Amalfi\" \/>\n<meta property=\"og:description\" content=\"&quot;La municipalit\u00e9 d&#039;Amalfi, dirig\u00e9e par le maire Daniele Milano, se pr\u00e9pare \u00e0 c\u00e9l\u00e9brer la Sainte P\u00e2que - un moment v\u00e9cu avec une grande intensit\u00e9 par toute la communaut\u00e9 - et \u00e0 accueillir les touristes avec un programme d&#039;\u00e9v\u00e9nements qui renouvellent le grand patrimoine anthropologique de la ville, \u00e0 la d\u00e9couverte de la foi la plus authentique et la plus profonde du peuple amalfitain...&quot;\" \/>\n<meta property=\"og:url\" content=\"https:\/\/www.visitamalfi.info\/fr\/\u00e9v\u00e9nement\/paques-2024-a-amalfi\/\" \/>\n<meta property=\"og:site_name\" content=\"Visit Amalfi\" \/>\n<meta property=\"article:publisher\" content=\"https:\/\/www.facebook.com\/visitamalfiofficial\" \/>\n<meta property=\"og:image\" content=\"https:\/\/www.visitamalfi.info\/wp-content\/uploads\/2024\/03\/WhatsApp-Image-2024-03-19-at-09.37.07.jpeg\" \/>\n\t<meta property=\"og:image:width\" content=\"1120\" \/>\n\t<meta property=\"og:image:height\" content=\"1600\" \/>\n\t<meta property=\"og:image:type\" content=\"image\/jpeg\" \/>\n<meta name=\"twitter:card\" content=\"summary_large_image\" \/>\n<meta name=\"twitter:label1\" content=\"Dur\u00e9e de lecture estim\u00e9e\" \/>\n\t<meta name=\"twitter:data1\" content=\"2 minutes\" \/>\n<script type=\"application\/ld+json\" class=\"yoast-schema-graph\">{\"@context\":\"https:\\\/\\\/schema.org\",\"@graph\":[{\"@type\":\"WebPage\",\"@id\":\"https:\\\/\\\/www.visitamalfi.info\\\/fr\\\/\u00e9v\u00e9nement\\\/paques-2024-a-amalfi\\\/\",\"url\":\"https:\\\/\\\/www.visitamalfi.info\\\/fr\\\/\u00e9v\u00e9nement\\\/paques-2024-a-amalfi\\\/\",\"name\":\"P\u00e2ques 2024 \u00e0 Amalfi - Visit Amalfi\",\"isPartOf\":{\"@id\":\"https:\\\/\\\/www.visitamalfi.info\\\/fr\\\/#website\"},\"primaryImageOfPage\":{\"@id\":\"https:\\\/\\\/www.visitamalfi.info\\\/fr\\\/\u00e9v\u00e9nement\\\/paques-2024-a-amalfi\\\/#primaryimage\"},\"image\":{\"@id\":\"https:\\\/\\\/www.visitamalfi.info\\\/fr\\\/\u00e9v\u00e9nement\\\/paques-2024-a-amalfi\\\/#primaryimage\"},\"thumbnailUrl\":\"https:\\\/\\\/www.visitamalfi.info\\\/wp-content\\\/uploads\\\/2024\\\/03\\\/WhatsApp-Image-2024-03-19-at-09.37.07.jpeg\",\"datePublished\":\"2024-03-20T13:22:44+00:00\",\"description\":\"\\\"La municipalit\u00e9 d'Amalfi, dirig\u00e9e par le maire Daniele Milano, se pr\u00e9pare \u00e0 c\u00e9l\u00e9brer la Sainte P\u00e2que - un moment v\u00e9cu avec une grande intensit\u00e9 par toute la communaut\u00e9 - et \u00e0 accueillir les touristes avec un programme d'\u00e9v\u00e9nements qui renouvellent le grand patrimoine anthropologique de la ville, \u00e0 la d\u00e9couverte de la foi la plus authentique et la plus profonde du peuple amalfitain...\\\"\",\"breadcrumb\":{\"@id\":\"https:\\\/\\\/www.visitamalfi.info\\\/fr\\\/\u00e9v\u00e9nement\\\/paques-2024-a-amalfi\\\/#breadcrumb\"},\"inLanguage\":\"fr-FR\",\"potentialAction\":[{\"@type\":\"ReadAction\",\"target\":[\"https:\\\/\\\/www.visitamalfi.info\\\/fr\\\/\u00e9v\u00e9nement\\\/paques-2024-a-amalfi\\\/\"]}]},{\"@type\":\"ImageObject\",\"inLanguage\":\"fr-FR\",\"@id\":\"https:\\\/\\\/www.visitamalfi.info\\\/fr\\\/\u00e9v\u00e9nement\\\/paques-2024-a-amalfi\\\/#primaryimage\",\"url\":\"https:\\\/\\\/www.visitamalfi.info\\\/wp-content\\\/uploads\\\/2024\\\/03\\\/WhatsApp-Image-2024-03-19-at-09.37.07.jpeg\",\"contentUrl\":\"https:\\\/\\\/www.visitamalfi.info\\\/wp-content\\\/uploads\\\/2024\\\/03\\\/WhatsApp-Image-2024-03-19-at-09.37.07.jpeg\",\"width\":1120,\"height\":1600},{\"@type\":\"BreadcrumbList\",\"@id\":\"https:\\\/\\\/www.visitamalfi.info\\\/fr\\\/\u00e9v\u00e9nement\\\/paques-2024-a-amalfi\\\/#breadcrumb\",\"itemListElement\":[{\"@type\":\"ListItem\",\"position\":1,\"name\":\"Home\",\"item\":\"https:\\\/\\\/www.visitamalfi.info\\\/fr\\\/\"},{\"@type\":\"ListItem\",\"position\":2,\"name\":\"\u00c9v\u00e8nements\",\"item\":\"https:\\\/\\\/www.visitamalfi.info\\\/fr\\\/eventi\\\/\"},{\"@type\":\"ListItem\",\"position\":3,\"name\":\"P\u00e2ques 2024 \u00e0 Amalfi\"}]},{\"@type\":\"WebSite\",\"@id\":\"https:\\\/\\\/www.visitamalfi.info\\\/fr\\\/#website\",\"url\":\"https:\\\/\\\/www.visitamalfi.info\\\/fr\\\/\",\"name\":\"Visit Amalfi\",\"description\":\"Amalfi Destination Official Website\",\"publisher\":{\"@id\":\"https:\\\/\\\/www.visitamalfi.info\\\/fr\\\/#organization\"},\"potentialAction\":[{\"@type\":\"SearchAction\",\"target\":{\"@type\":\"EntryPoint\",\"urlTemplate\":\"https:\\\/\\\/www.visitamalfi.info\\\/fr\\\/?s={search_term_string}\"},\"query-input\":{\"@type\":\"PropertyValueSpecification\",\"valueRequired\":true,\"valueName\":\"search_term_string\"}}],\"inLanguage\":\"fr-FR\"},{\"@type\":\"Organization\",\"@id\":\"https:\\\/\\\/www.visitamalfi.info\\\/fr\\\/#organization\",\"name\":\"Visit Amalfi\",\"url\":\"https:\\\/\\\/www.visitamalfi.info\\\/fr\\\/\",\"logo\":{\"@type\":\"ImageObject\",\"inLanguage\":\"fr-FR\",\"@id\":\"https:\\\/\\\/www.visitamalfi.info\\\/fr\\\/#\\\/schema\\\/logo\\\/image\\\/\",\"url\":\"https:\\\/\\\/www.visitamalfi.info\\\/wp-content\\\/uploads\\\/2023\\\/04\\\/visit-amalfi-logo-web.png\",\"contentUrl\":\"https:\\\/\\\/www.visitamalfi.info\\\/wp-content\\\/uploads\\\/2023\\\/04\\\/visit-amalfi-logo-web.png\",\"width\":800,\"height\":870,\"caption\":\"Visit Amalfi\"},\"image\":{\"@id\":\"https:\\\/\\\/www.visitamalfi.info\\\/fr\\\/#\\\/schema\\\/logo\\\/image\\\/\"},\"sameAs\":[\"https:\\\/\\\/www.facebook.com\\\/visitamalfiofficial\",\"https:\\\/\\\/www.instagram.com\\\/visitamalfiofficial\\\/\"]}]}<\/script>\n<!-- \/ Yoast SEO plugin. -->","yoast_head_json":{"title":"P\u00e2ques 2024 \u00e0 Amalfi - Visit Amalfi","description":"\"La municipalit\u00e9 d'Amalfi, dirig\u00e9e par le maire Daniele Milano, se pr\u00e9pare \u00e0 c\u00e9l\u00e9brer la Sainte P\u00e2que - un moment v\u00e9cu avec une grande intensit\u00e9 par toute la communaut\u00e9 - et \u00e0 accueillir les touristes avec un programme d'\u00e9v\u00e9nements qui renouvellent le grand patrimoine anthropologique de la ville, \u00e0 la d\u00e9couverte de la foi la plus authentique et la plus profonde du peuple amalfitain...\"","robots":{"index":"index","follow":"follow","max-snippet":"max-snippet:-1","max-image-preview":"max-image-preview:large","max-video-preview":"max-video-preview:-1"},"canonical":"https:\/\/www.visitamalfi.info\/fr\/\u00e9v\u00e9nement\/paques-2024-a-amalfi\/","og_locale":"fr_FR","og_type":"article","og_title":"P\u00e2ques 2024 \u00e0 Amalfi - Visit Amalfi","og_description":"\"La municipalit\u00e9 d'Amalfi, dirig\u00e9e par le maire Daniele Milano, se pr\u00e9pare \u00e0 c\u00e9l\u00e9brer la Sainte P\u00e2que - un moment v\u00e9cu avec une grande intensit\u00e9 par toute la communaut\u00e9 - et \u00e0 accueillir les touristes avec un programme d'\u00e9v\u00e9nements qui renouvellent le grand patrimoine anthropologique de la ville, \u00e0 la d\u00e9couverte de la foi la plus authentique et la plus profonde du peuple amalfitain...\"","og_url":"https:\/\/www.visitamalfi.info\/fr\/\u00e9v\u00e9nement\/paques-2024-a-amalfi\/","og_site_name":"Visit Amalfi","article_publisher":"https:\/\/www.facebook.com\/visitamalfiofficial","og_image":[{"width":1120,"height":1600,"url":"https:\/\/www.visitamalfi.info\/wp-content\/uploads\/2024\/03\/WhatsApp-Image-2024-03-19-at-09.37.07.jpeg","type":"image\/jpeg"}],"twitter_card":"summary_large_image","twitter_misc":{"Dur\u00e9e de lecture estim\u00e9e":"2 minutes"},"schema":{"@context":"https:\/\/schema.org","@graph":[{"@type":"WebPage","@id":"https:\/\/www.visitamalfi.info\/fr\/\u00e9v\u00e9nement\/paques-2024-a-amalfi\/","url":"https:\/\/www.visitamalfi.info\/fr\/\u00e9v\u00e9nement\/paques-2024-a-amalfi\/","name":"P\u00e2ques 2024 \u00e0 Amalfi - Visit Amalfi","isPartOf":{"@id":"https:\/\/www.visitamalfi.info\/fr\/#website"},"primaryImageOfPage":{"@id":"https:\/\/www.visitamalfi.info\/fr\/\u00e9v\u00e9nement\/paques-2024-a-amalfi\/#primaryimage"},"image":{"@id":"https:\/\/www.visitamalfi.info\/fr\/\u00e9v\u00e9nement\/paques-2024-a-amalfi\/#primaryimage"},"thumbnailUrl":"https:\/\/www.visitamalfi.info\/wp-content\/uploads\/2024\/03\/WhatsApp-Image-2024-03-19-at-09.37.07.jpeg","datePublished":"2024-03-20T13:22:44+00:00","description":"\"La municipalit\u00e9 d'Amalfi, dirig\u00e9e par le maire Daniele Milano, se pr\u00e9pare \u00e0 c\u00e9l\u00e9brer la Sainte P\u00e2que - un moment v\u00e9cu avec une grande intensit\u00e9 par toute la communaut\u00e9 - et \u00e0 accueillir les touristes avec un programme d'\u00e9v\u00e9nements qui renouvellent le grand patrimoine anthropologique de la ville, \u00e0 la d\u00e9couverte de la foi la plus authentique et la plus profonde du peuple amalfitain...\"","breadcrumb":{"@id":"https:\/\/www.visitamalfi.info\/fr\/\u00e9v\u00e9nement\/paques-2024-a-amalfi\/#breadcrumb"},"inLanguage":"fr-FR","potentialAction":[{"@type":"ReadAction","target":["https:\/\/www.visitamalfi.info\/fr\/\u00e9v\u00e9nement\/paques-2024-a-amalfi\/"]}]},{"@type":"ImageObject","inLanguage":"fr-FR","@id":"https:\/\/www.visitamalfi.info\/fr\/\u00e9v\u00e9nement\/paques-2024-a-amalfi\/#primaryimage","url":"https:\/\/www.visitamalfi.info\/wp-content\/uploads\/2024\/03\/WhatsApp-Image-2024-03-19-at-09.37.07.jpeg","contentUrl":"https:\/\/www.visitamalfi.info\/wp-content\/uploads\/2024\/03\/WhatsApp-Image-2024-03-19-at-09.37.07.jpeg","width":1120,"height":1600},{"@type":"BreadcrumbList","@id":"https:\/\/www.visitamalfi.info\/fr\/\u00e9v\u00e9nement\/paques-2024-a-amalfi\/#breadcrumb","itemListElement":[{"@type":"ListItem","position":1,"name":"Home","item":"https:\/\/www.visitamalfi.info\/fr\/"},{"@type":"ListItem","position":2,"name":"\u00c9v\u00e8nements","item":"https:\/\/www.visitamalfi.info\/fr\/eventi\/"},{"@type":"ListItem","position":3,"name":"P\u00e2ques 2024 \u00e0 Amalfi"}]},{"@type":"WebSite","@id":"https:\/\/www.visitamalfi.info\/fr\/#website","url":"https:\/\/www.visitamalfi.info\/fr\/","name":"Visit Amalfi","description":"Amalfi Destination Official Website","publisher":{"@id":"https:\/\/www.visitamalfi.info\/fr\/#organization"},"potentialAction":[{"@type":"SearchAction","target":{"@type":"EntryPoint","urlTemplate":"https:\/\/www.visitamalfi.info\/fr\/?s={search_term_string}"},"query-input":{"@type":"PropertyValueSpecification","valueRequired":true,"valueName":"search_term_string"}}],"inLanguage":"fr-FR"},{"@type":"Organization","@id":"https:\/\/www.visitamalfi.info\/fr\/#organization","name":"Visit Amalfi","url":"https:\/\/www.visitamalfi.info\/fr\/","logo":{"@type":"ImageObject","inLanguage":"fr-FR","@id":"https:\/\/www.visitamalfi.info\/fr\/#\/schema\/logo\/image\/","url":"https:\/\/www.visitamalfi.info\/wp-content\/uploads\/2023\/04\/visit-amalfi-logo-web.png","contentUrl":"https:\/\/www.visitamalfi.info\/wp-content\/uploads\/2023\/04\/visit-amalfi-logo-web.png","width":800,"height":870,"caption":"Visit Amalfi"},"image":{"@id":"https:\/\/www.visitamalfi.info\/fr\/#\/schema\/logo\/image\/"},"sameAs":["https:\/\/www.facebook.com\/visitamalfiofficial","https:\/\/www.instagram.com\/visitamalfiofficial\/"]}]}},"_links":{"self":[{"href":"https:\/\/www.visitamalfi.info\/fr\/wp-json\/wp\/v2\/tribe_events\/14398","targetHints":{"allow":["GET"]}}],"collection":[{"href":"https:\/\/www.visitamalfi.info\/fr\/wp-json\/wp\/v2\/tribe_events"}],"about":[{"href":"https:\/\/www.visitamalfi.info\/fr\/wp-json\/wp\/v2\/types\/tribe_events"}],"author":[{"embeddable":true,"href":"https:\/\/www.visitamalfi.info\/fr\/wp-json\/wp\/v2\/users\/7"}],"version-history":[{"count":0,"href":"https:\/\/www.visitamalfi.info\/fr\/wp-json\/wp\/v2\/tribe_events\/14398\/revisions"}],"wp:featuredmedia":[{"embeddable":true,"href":"https:\/\/www.visitamalfi.info\/fr\/wp-json\/wp\/v2\/media\/14358"}],"wp:attachment":[{"href":"https:\/\/www.visitamalfi.info\/fr\/wp-json\/wp\/v2\/media?parent=14398"}],"wp:term":[{"taxonomy":"post_tag","embeddable":true,"href":"https:\/\/www.visitamalfi.info\/fr\/wp-json\/wp\/v2\/tags?post=14398"},{"taxonomy":"tribe_events_cat","embeddable":true,"href":"https:\/\/www.visitamalfi.info\/fr\/wp-json\/wp\/v2\/tribe_events_cat?post=14398"}],"curies":[{"name":"wp","href":"https:\/\/api.w.org\/{rel}","templated":true}]}}