{"id":14063,"date":"2024-02-14T10:21:48","date_gmt":"2024-02-14T09:21:48","guid":{"rendered":"https:\/\/www.visitamalfi.info\/evento\/le-carnaval-amalfitain\/"},"modified":"2024-02-14T10:21:48","modified_gmt":"2024-02-14T09:21:48","slug":"le-carnaval-amalfitain","status":"publish","type":"tribe_events","link":"https:\/\/www.visitamalfi.info\/fr\/\u00e9v\u00e9nement\/le-carnaval-amalfitain\/","title":{"rendered":"Le carnaval amalfitain"},"content":{"rendered":"<p>Le <strong>carnaval amalfitain<\/strong> est arriv\u00e9 en ville. Des jours de grande f\u00eate attendent les visiteurs de tous \u00e2ges.<\/p>\n<p>Le jeu de l&#8217;oie interactif Concert avec guitares, tambours, tammorre et maracas. Repr\u00e9sentations et spectacles \u00e0 l&#8217;Arsenal \u00e0 la recherche du roi Carnaval. Trois jours de grande f\u00eate : mardi 13, vendredi 16 et samedi 17 f\u00e9vrier.<\/p>\n<p>Un programme d&#8217;excitation et de joie, des activit\u00e9s promues par l&#8217;administration municipale dirig\u00e9e par le maire Daniele Milano, dans le seul but de s&#8217;amuser et de s&#8217;amuser encore. L&#8217;imagination n&#8217;a pas de limite et le carnaval amalfitain attend tout le monde, du plus petit au plus grand.<\/p>\n<p>&#8220;&#8230;<em>un m\u00e9lange de cr\u00e9ativit\u00e9, de chor\u00e9graphie et d&#8217;\u00e9nergie, \u00e0 travers les plus belles vues d&#8217;Amalfi, parmi les parades de rue, les magiciens conteurs, les histoires fantastiques, les masques, les clowns, les rythmes, les tours color\u00e9s et les masques excentriques, sans oublier les grandes traditions populaires<\/em>&#8230;&#8221;<\/p>\n<p>La ville s&#8217;habille, vous la verrez plus belle que jamais !<\/p>\n<p>Voici le programme :<\/p>\n<ul>\n<li>Le <strong>mardi gras, 13 f\u00e9vrier 2024<\/strong> \u00e0 11 heures, sera familial avec le spectacle<strong>&#8220;Che mondo \u00e8 se Carnevale non c&#8217;\u00e8&#8221;<\/strong> \u00e0 l&#8217;Arsenal de la R\u00e9publique, avec de la musique, des acteurs, de joyeuses marionnettes et le roi Carnaval en personne.<\/li>\n<li><strong>Vendredi 16 f\u00e9vrier 2024<\/strong> \u00e0 16 heures sur la Piazza Duomo, enthousiasme et \u00e9nergie avec les groupes de danse du Gran Carnevale Maiorese et la plus belle et la plus originale Mascherine Amalfitane.<\/li>\n<li><strong>Samedi 17 f\u00e9vrier, le concert interactif &#8220;Un orchestre pour le carnaval.<\/strong> Le jeu de l&#8217;oie musical&#8221;, sur la Piazza della Bussola. Le jeu se d\u00e9roule en deux manches, \u00e0 16 heures et \u00e0 17 heures : les r\u00e9servations sont obligatoires au 333 9234383.<\/li>\n<\/ul>\n<p>Bref, il ne reste plus qu&#8217;\u00e0 mettre son masque et&#8230; \u00e0 s&#8217;amuser !<\/p>\n","protected":false},"excerpt":{"rendered":"<p>Le carnaval amalfitain est arriv\u00e9 en ville. Des jours de grande f\u00eate attendent les visiteurs de tous \u00e2ges.<br \/>\nLe jeu de l&#8217;oie interactif Concert avec guitares, tambours, tammorre et maracas. Repr\u00e9sentations et spectacles \u00e0 l&#8217;Arsenal \u00e0 la recherche du roi Carnaval. Trois jours de grande f\u00eate : mardi 13, vendredi 16 et samedi 17 f\u00e9vrier.<\/p>\n","protected":false},"author":7,"featured_media":14056,"template":"","meta":{"inline_featured_image":false,"_tribe_events_status":"","_tribe_events_status_reason":"","footnotes":""},"tags":[259,1445,1446,1277,1448,1447,968,1332],"tribe_events_cat":[1449,585,317,623,397],"class_list":["post-14063","tribe_events","type-tribe_events","status-publish","has-post-thumbnail","hentry","tag-amalfi-fr","tag-carnaval-fr","tag-carnavalamalfitano-fr","tag-eventiamalfi-fr","tag-gaiete","tag-masques","tag-musique","tag-parti","tribe_events_cat-carnaval-fr","tribe_events_cat-lart","tribe_events_cat-musica-dal-vivo-fr","tribe_events_cat-musique","tribe_events_cat-tradizione-fr","cat_carnaval-fr","cat_lart","cat_musica-dal-vivo-fr","cat_musique","cat_tradizione-fr"],"yoast_head":"<!-- This site is optimized with the Yoast SEO plugin v27.3 - https:\/\/yoast.com\/product\/yoast-seo-wordpress\/ -->\n<title>Le carnaval amalfitain - Visit Amalfi<\/title>\n<meta name=\"description\" content=\"Le carnaval amalfitain est arriv\u00e9 en ville. Des jours de grande f\u00eate attendent les visiteurs de tous \u00e2ges.\" \/>\n<meta name=\"robots\" content=\"index, follow, max-snippet:-1, max-image-preview:large, max-video-preview:-1\" \/>\n<link rel=\"canonical\" href=\"https:\/\/www.visitamalfi.info\/fr\/\u00e9v\u00e9nement\/le-carnaval-amalfitain\/\" \/>\n<meta property=\"og:locale\" content=\"fr_FR\" \/>\n<meta property=\"og:type\" content=\"article\" \/>\n<meta property=\"og:title\" content=\"Le carnaval amalfitain - Visit Amalfi\" \/>\n<meta property=\"og:description\" content=\"Le carnaval amalfitain est arriv\u00e9 en ville. Des jours de grande f\u00eate attendent les visiteurs de tous \u00e2ges.\" \/>\n<meta property=\"og:url\" content=\"https:\/\/www.visitamalfi.info\/fr\/\u00e9v\u00e9nement\/le-carnaval-amalfitain\/\" \/>\n<meta property=\"og:site_name\" content=\"Visit Amalfi\" \/>\n<meta property=\"article:publisher\" content=\"https:\/\/www.facebook.com\/visitamalfiofficial\" \/>\n<meta property=\"og:image\" content=\"https:\/\/www.visitamalfi.info\/wp-content\/uploads\/2024\/02\/carnevale.jpeg\" \/>\n\t<meta property=\"og:image:width\" content=\"1080\" \/>\n\t<meta property=\"og:image:height\" content=\"1543\" \/>\n\t<meta property=\"og:image:type\" content=\"image\/jpeg\" \/>\n<meta name=\"twitter:card\" content=\"summary_large_image\" \/>\n<meta name=\"twitter:label1\" content=\"Dur\u00e9e de lecture estim\u00e9e\" \/>\n\t<meta name=\"twitter:data1\" content=\"1 minute\" \/>\n<script type=\"application\/ld+json\" class=\"yoast-schema-graph\">{\"@context\":\"https:\\\/\\\/schema.org\",\"@graph\":[{\"@type\":\"WebPage\",\"@id\":\"https:\\\/\\\/www.visitamalfi.info\\\/fr\\\/\u00e9v\u00e9nement\\\/le-carnaval-amalfitain\\\/\",\"url\":\"https:\\\/\\\/www.visitamalfi.info\\\/fr\\\/\u00e9v\u00e9nement\\\/le-carnaval-amalfitain\\\/\",\"name\":\"Le carnaval amalfitain - Visit Amalfi\",\"isPartOf\":{\"@id\":\"https:\\\/\\\/www.visitamalfi.info\\\/fr\\\/#website\"},\"primaryImageOfPage\":{\"@id\":\"https:\\\/\\\/www.visitamalfi.info\\\/fr\\\/\u00e9v\u00e9nement\\\/le-carnaval-amalfitain\\\/#primaryimage\"},\"image\":{\"@id\":\"https:\\\/\\\/www.visitamalfi.info\\\/fr\\\/\u00e9v\u00e9nement\\\/le-carnaval-amalfitain\\\/#primaryimage\"},\"thumbnailUrl\":\"https:\\\/\\\/www.visitamalfi.info\\\/wp-content\\\/uploads\\\/2024\\\/02\\\/carnevale.jpeg\",\"datePublished\":\"2024-02-14T09:21:48+00:00\",\"description\":\"Le carnaval amalfitain est arriv\u00e9 en ville. Des jours de grande f\u00eate attendent les visiteurs de tous \u00e2ges.\",\"breadcrumb\":{\"@id\":\"https:\\\/\\\/www.visitamalfi.info\\\/fr\\\/\u00e9v\u00e9nement\\\/le-carnaval-amalfitain\\\/#breadcrumb\"},\"inLanguage\":\"fr-FR\",\"potentialAction\":[{\"@type\":\"ReadAction\",\"target\":[\"https:\\\/\\\/www.visitamalfi.info\\\/fr\\\/\u00e9v\u00e9nement\\\/le-carnaval-amalfitain\\\/\"]}]},{\"@type\":\"ImageObject\",\"inLanguage\":\"fr-FR\",\"@id\":\"https:\\\/\\\/www.visitamalfi.info\\\/fr\\\/\u00e9v\u00e9nement\\\/le-carnaval-amalfitain\\\/#primaryimage\",\"url\":\"https:\\\/\\\/www.visitamalfi.info\\\/wp-content\\\/uploads\\\/2024\\\/02\\\/carnevale.jpeg\",\"contentUrl\":\"https:\\\/\\\/www.visitamalfi.info\\\/wp-content\\\/uploads\\\/2024\\\/02\\\/carnevale.jpeg\",\"width\":1080,\"height\":1543},{\"@type\":\"BreadcrumbList\",\"@id\":\"https:\\\/\\\/www.visitamalfi.info\\\/fr\\\/\u00e9v\u00e9nement\\\/le-carnaval-amalfitain\\\/#breadcrumb\",\"itemListElement\":[{\"@type\":\"ListItem\",\"position\":1,\"name\":\"Home\",\"item\":\"https:\\\/\\\/www.visitamalfi.info\\\/fr\\\/\"},{\"@type\":\"ListItem\",\"position\":2,\"name\":\"\u00c9v\u00e8nements\",\"item\":\"https:\\\/\\\/www.visitamalfi.info\\\/fr\\\/eventi\\\/\"},{\"@type\":\"ListItem\",\"position\":3,\"name\":\"Le carnaval amalfitain\"}]},{\"@type\":\"WebSite\",\"@id\":\"https:\\\/\\\/www.visitamalfi.info\\\/fr\\\/#website\",\"url\":\"https:\\\/\\\/www.visitamalfi.info\\\/fr\\\/\",\"name\":\"Visit Amalfi\",\"description\":\"Amalfi Destination Official Website\",\"publisher\":{\"@id\":\"https:\\\/\\\/www.visitamalfi.info\\\/fr\\\/#organization\"},\"potentialAction\":[{\"@type\":\"SearchAction\",\"target\":{\"@type\":\"EntryPoint\",\"urlTemplate\":\"https:\\\/\\\/www.visitamalfi.info\\\/fr\\\/?s={search_term_string}\"},\"query-input\":{\"@type\":\"PropertyValueSpecification\",\"valueRequired\":true,\"valueName\":\"search_term_string\"}}],\"inLanguage\":\"fr-FR\"},{\"@type\":\"Organization\",\"@id\":\"https:\\\/\\\/www.visitamalfi.info\\\/fr\\\/#organization\",\"name\":\"Visit Amalfi\",\"url\":\"https:\\\/\\\/www.visitamalfi.info\\\/fr\\\/\",\"logo\":{\"@type\":\"ImageObject\",\"inLanguage\":\"fr-FR\",\"@id\":\"https:\\\/\\\/www.visitamalfi.info\\\/fr\\\/#\\\/schema\\\/logo\\\/image\\\/\",\"url\":\"https:\\\/\\\/www.visitamalfi.info\\\/wp-content\\\/uploads\\\/2023\\\/04\\\/visit-amalfi-logo-web.png\",\"contentUrl\":\"https:\\\/\\\/www.visitamalfi.info\\\/wp-content\\\/uploads\\\/2023\\\/04\\\/visit-amalfi-logo-web.png\",\"width\":800,\"height\":870,\"caption\":\"Visit Amalfi\"},\"image\":{\"@id\":\"https:\\\/\\\/www.visitamalfi.info\\\/fr\\\/#\\\/schema\\\/logo\\\/image\\\/\"},\"sameAs\":[\"https:\\\/\\\/www.facebook.com\\\/visitamalfiofficial\",\"https:\\\/\\\/www.instagram.com\\\/visitamalfiofficial\\\/\"]}]}<\/script>\n<!-- \/ Yoast SEO plugin. -->","yoast_head_json":{"title":"Le carnaval amalfitain - Visit Amalfi","description":"Le carnaval amalfitain est arriv\u00e9 en ville. Des jours de grande f\u00eate attendent les visiteurs de tous \u00e2ges.","robots":{"index":"index","follow":"follow","max-snippet":"max-snippet:-1","max-image-preview":"max-image-preview:large","max-video-preview":"max-video-preview:-1"},"canonical":"https:\/\/www.visitamalfi.info\/fr\/\u00e9v\u00e9nement\/le-carnaval-amalfitain\/","og_locale":"fr_FR","og_type":"article","og_title":"Le carnaval amalfitain - Visit Amalfi","og_description":"Le carnaval amalfitain est arriv\u00e9 en ville. Des jours de grande f\u00eate attendent les visiteurs de tous \u00e2ges.","og_url":"https:\/\/www.visitamalfi.info\/fr\/\u00e9v\u00e9nement\/le-carnaval-amalfitain\/","og_site_name":"Visit Amalfi","article_publisher":"https:\/\/www.facebook.com\/visitamalfiofficial","og_image":[{"width":1080,"height":1543,"url":"https:\/\/www.visitamalfi.info\/wp-content\/uploads\/2024\/02\/carnevale.jpeg","type":"image\/jpeg"}],"twitter_card":"summary_large_image","twitter_misc":{"Dur\u00e9e de lecture estim\u00e9e":"1 minute"},"schema":{"@context":"https:\/\/schema.org","@graph":[{"@type":"WebPage","@id":"https:\/\/www.visitamalfi.info\/fr\/\u00e9v\u00e9nement\/le-carnaval-amalfitain\/","url":"https:\/\/www.visitamalfi.info\/fr\/\u00e9v\u00e9nement\/le-carnaval-amalfitain\/","name":"Le carnaval amalfitain - Visit Amalfi","isPartOf":{"@id":"https:\/\/www.visitamalfi.info\/fr\/#website"},"primaryImageOfPage":{"@id":"https:\/\/www.visitamalfi.info\/fr\/\u00e9v\u00e9nement\/le-carnaval-amalfitain\/#primaryimage"},"image":{"@id":"https:\/\/www.visitamalfi.info\/fr\/\u00e9v\u00e9nement\/le-carnaval-amalfitain\/#primaryimage"},"thumbnailUrl":"https:\/\/www.visitamalfi.info\/wp-content\/uploads\/2024\/02\/carnevale.jpeg","datePublished":"2024-02-14T09:21:48+00:00","description":"Le carnaval amalfitain est arriv\u00e9 en ville. Des jours de grande f\u00eate attendent les visiteurs de tous \u00e2ges.","breadcrumb":{"@id":"https:\/\/www.visitamalfi.info\/fr\/\u00e9v\u00e9nement\/le-carnaval-amalfitain\/#breadcrumb"},"inLanguage":"fr-FR","potentialAction":[{"@type":"ReadAction","target":["https:\/\/www.visitamalfi.info\/fr\/\u00e9v\u00e9nement\/le-carnaval-amalfitain\/"]}]},{"@type":"ImageObject","inLanguage":"fr-FR","@id":"https:\/\/www.visitamalfi.info\/fr\/\u00e9v\u00e9nement\/le-carnaval-amalfitain\/#primaryimage","url":"https:\/\/www.visitamalfi.info\/wp-content\/uploads\/2024\/02\/carnevale.jpeg","contentUrl":"https:\/\/www.visitamalfi.info\/wp-content\/uploads\/2024\/02\/carnevale.jpeg","width":1080,"height":1543},{"@type":"BreadcrumbList","@id":"https:\/\/www.visitamalfi.info\/fr\/\u00e9v\u00e9nement\/le-carnaval-amalfitain\/#breadcrumb","itemListElement":[{"@type":"ListItem","position":1,"name":"Home","item":"https:\/\/www.visitamalfi.info\/fr\/"},{"@type":"ListItem","position":2,"name":"\u00c9v\u00e8nements","item":"https:\/\/www.visitamalfi.info\/fr\/eventi\/"},{"@type":"ListItem","position":3,"name":"Le carnaval amalfitain"}]},{"@type":"WebSite","@id":"https:\/\/www.visitamalfi.info\/fr\/#website","url":"https:\/\/www.visitamalfi.info\/fr\/","name":"Visit Amalfi","description":"Amalfi Destination Official Website","publisher":{"@id":"https:\/\/www.visitamalfi.info\/fr\/#organization"},"potentialAction":[{"@type":"SearchAction","target":{"@type":"EntryPoint","urlTemplate":"https:\/\/www.visitamalfi.info\/fr\/?s={search_term_string}"},"query-input":{"@type":"PropertyValueSpecification","valueRequired":true,"valueName":"search_term_string"}}],"inLanguage":"fr-FR"},{"@type":"Organization","@id":"https:\/\/www.visitamalfi.info\/fr\/#organization","name":"Visit Amalfi","url":"https:\/\/www.visitamalfi.info\/fr\/","logo":{"@type":"ImageObject","inLanguage":"fr-FR","@id":"https:\/\/www.visitamalfi.info\/fr\/#\/schema\/logo\/image\/","url":"https:\/\/www.visitamalfi.info\/wp-content\/uploads\/2023\/04\/visit-amalfi-logo-web.png","contentUrl":"https:\/\/www.visitamalfi.info\/wp-content\/uploads\/2023\/04\/visit-amalfi-logo-web.png","width":800,"height":870,"caption":"Visit Amalfi"},"image":{"@id":"https:\/\/www.visitamalfi.info\/fr\/#\/schema\/logo\/image\/"},"sameAs":["https:\/\/www.facebook.com\/visitamalfiofficial","https:\/\/www.instagram.com\/visitamalfiofficial\/"]}]}},"_links":{"self":[{"href":"https:\/\/www.visitamalfi.info\/fr\/wp-json\/wp\/v2\/tribe_events\/14063","targetHints":{"allow":["GET"]}}],"collection":[{"href":"https:\/\/www.visitamalfi.info\/fr\/wp-json\/wp\/v2\/tribe_events"}],"about":[{"href":"https:\/\/www.visitamalfi.info\/fr\/wp-json\/wp\/v2\/types\/tribe_events"}],"author":[{"embeddable":true,"href":"https:\/\/www.visitamalfi.info\/fr\/wp-json\/wp\/v2\/users\/7"}],"version-history":[{"count":0,"href":"https:\/\/www.visitamalfi.info\/fr\/wp-json\/wp\/v2\/tribe_events\/14063\/revisions"}],"wp:featuredmedia":[{"embeddable":true,"href":"https:\/\/www.visitamalfi.info\/fr\/wp-json\/wp\/v2\/media\/14056"}],"wp:attachment":[{"href":"https:\/\/www.visitamalfi.info\/fr\/wp-json\/wp\/v2\/media?parent=14063"}],"wp:term":[{"taxonomy":"post_tag","embeddable":true,"href":"https:\/\/www.visitamalfi.info\/fr\/wp-json\/wp\/v2\/tags?post=14063"},{"taxonomy":"tribe_events_cat","embeddable":true,"href":"https:\/\/www.visitamalfi.info\/fr\/wp-json\/wp\/v2\/tribe_events_cat?post=14063"}],"curies":[{"name":"wp","href":"https:\/\/api.w.org\/{rel}","templated":true}]}}