{"id":13321,"date":"2023-12-09T10:29:34","date_gmt":"2023-12-09T09:29:34","guid":{"rendered":"https:\/\/www.visitamalfi.info\/evento\/marches-de-noel-en-collaboration-avec-lhotel-anantara-convento-grand-a-amalfi\/"},"modified":"2023-12-09T10:29:34","modified_gmt":"2023-12-09T09:29:34","slug":"marches-de-noel-en-collaboration-avec-lhotel-anantara-convento-grand-a-amalfi","status":"publish","type":"tribe_events","link":"https:\/\/www.visitamalfi.info\/fr\/\u00e9v\u00e9nement\/marches-de-noel-en-collaboration-avec-lhotel-anantara-convento-grand-a-amalfi\/","title":{"rendered":"March\u00e9s de No\u00ebl en collaboration avec l&#8217;h\u00f4tel Anantara Convento Grand \u00e0 Amalfi"},"content":{"rendered":"<p class=\"cvGsUA direction-ltr align-start para-style-body\"><span class=\"OYPEnA text-decoration-none text-strikethrough-none\">\u00c0 la recherche du cadeau de No\u00ebl id\u00e9al au <strong>march\u00e9 de No\u00ebl<\/strong> en collaboration avec l&#8217;<a href=\"https:\/\/www.visitamalfi.info\/amw-accommodation\/anantara-convento-di-amalfi\/\">h\u00f4tel Anantara Convento Grand d&#8217;Amalfi<\/a>.  <\/span><\/p>\n<p class=\"cvGsUA direction-ltr align-start para-style-body\"><span class=\"OYPEnA text-decoration-none text-strikethrough-none\">Voici quelques informations utiles :<\/span><\/p>\n<p class=\"cvGsUA direction-ltr align-start para-style-body\"><strong><span class=\"OYPEnA text-decoration-none text-strikethrough-none\">Quand<\/span><\/strong><span class=\"OYPEnA text-decoration-none text-strikethrough-none\">8 &#8211; 9 &#8211; 10 d\u00e9cembre<\/span><\/p>\n<p class=\"cvGsUA direction-ltr align-start para-style-body\"><strong><span class=\"OYPEnA text-decoration-none text-strikethrough-none\">Lieu<\/span><\/strong><span class=\"OYPEnA text-decoration-none text-strikethrough-none\">Clo\u00eetre : Clo\u00eetre<\/span><\/p>\n<p class=\"cvGsUA direction-ltr align-start para-style-body\"><strong><span class=\"OYPEnA text-decoration-none text-strikethrough-none\">Horaires<\/span><\/strong><span class=\"OYPEnA text-decoration-none text-strikethrough-none\">:<\/span><\/p>\n<p class=\"cvGsUA direction-ltr align-start para-style-body\"><span class=\"OYPEnA text-decoration-none text-strikethrough-none\">8 d\u00e9cembre : 15 &#8211; 21<\/span><\/p>\n<p class=\"cvGsUA direction-ltr align-start para-style-body\"><span class=\"OYPEnA text-decoration-none text-strikethrough-none\">9 d\u00e9cembre : 10 heures &#8211; 20 heures<\/span><\/p>\n<p class=\"cvGsUA direction-ltr align-start para-style-body\"><span class=\"OYPEnA text-decoration-none text-strikethrough-none\">10 d\u00e9cembre : 9 heures &#8211; 14 heures<\/span><\/p>\n<p class=\"cvGsUA direction-ltr align-start para-style-body\"><strong><span class=\"OYPEnA text-decoration-none text-strikethrough-none\">De quoi s&#8217;agit-il ?<\/span><\/strong><\/p>\n<p class=\"cvGsUA direction-ltr align-start para-style-body\"><span class=\"OYPEnA text-decoration-none text-strikethrough-none\">De nombreux exposants locaux et leurs produits artisanaux pour trouver le cadeau de No\u00ebl id\u00e9al.  <\/span><\/p>\n<p class=\"cvGsUA direction-ltr align-start para-style-body\"><span class=\"OYPEnA text-decoration-none text-strikethrough-none\">Ouvert aux visiteurs internes et externes.  <\/span><em><span class=\"OYPEnA text-decoration-none text-strikethrough-none\">R\u00e9servation obligatoire !<\/span><\/em><\/p>\n","protected":false},"excerpt":{"rendered":"<p>De nombreux exposants locaux et leurs produits artisanaux pour trouver le cadeau de No\u00ebl id\u00e9al.<\/p>\n","protected":false},"author":7,"featured_media":13180,"template":"","meta":{"inline_featured_image":false,"_tribe_events_status":"","_tribe_events_status_reason":"","footnotes":""},"tags":[1226,1223,1225,1174,1227,1172,1177,1224],"tribe_events_cat":[1228,397],"class_list":["post-13321","tribe_events","type-tribe_events","status-publish","has-post-thumbnail","hentry","tag-anantara-fr","tag-cadeau","tag-marche-de-noel-fr","tag-marche-de-noel","tag-noel-fr","tag-noel","tag-pere-noel","tag-present-fr","tribe_events_cat-noel","tribe_events_cat-tradizione-fr","cat_noel","cat_tradizione-fr"],"yoast_head":"<!-- This site is optimized with the Yoast SEO plugin v27.3 - https:\/\/yoast.com\/product\/yoast-seo-wordpress\/ -->\n<title>March\u00e9s de No\u00ebl en collaboration avec l&#039;h\u00f4tel Anantara Convento Grand \u00e0 Amalfi - Visit Amalfi<\/title>\n<meta name=\"robots\" content=\"index, follow, max-snippet:-1, max-image-preview:large, max-video-preview:-1\" \/>\n<link rel=\"canonical\" href=\"https:\/\/www.visitamalfi.info\/fr\/\u00e9v\u00e9nement\/marches-de-noel-en-collaboration-avec-lhotel-anantara-convento-grand-a-amalfi\/\" \/>\n<meta property=\"og:locale\" content=\"fr_FR\" \/>\n<meta property=\"og:type\" content=\"article\" \/>\n<meta property=\"og:title\" content=\"March\u00e9s de No\u00ebl en collaboration avec l&#039;h\u00f4tel Anantara Convento Grand \u00e0 Amalfi - Visit Amalfi\" \/>\n<meta property=\"og:description\" content=\"De nombreux exposants locaux et leurs produits artisanaux pour trouver le cadeau de No\u00ebl id\u00e9al.\" \/>\n<meta property=\"og:url\" content=\"https:\/\/www.visitamalfi.info\/fr\/\u00e9v\u00e9nement\/marches-de-noel-en-collaboration-avec-lhotel-anantara-convento-grand-a-amalfi\/\" \/>\n<meta property=\"og:site_name\" content=\"Visit Amalfi\" \/>\n<meta property=\"article:publisher\" content=\"https:\/\/www.facebook.com\/visitamalfiofficial\" \/>\n<meta property=\"og:image\" content=\"https:\/\/www.visitamalfi.info\/wp-content\/uploads\/2023\/12\/2.png\" \/>\n\t<meta property=\"og:image:width\" content=\"940\" \/>\n\t<meta property=\"og:image:height\" content=\"788\" \/>\n\t<meta property=\"og:image:type\" content=\"image\/png\" \/>\n<meta name=\"twitter:card\" content=\"summary_large_image\" \/>\n<script type=\"application\/ld+json\" class=\"yoast-schema-graph\">{\"@context\":\"https:\\\/\\\/schema.org\",\"@graph\":[{\"@type\":\"WebPage\",\"@id\":\"https:\\\/\\\/www.visitamalfi.info\\\/fr\\\/\u00e9v\u00e9nement\\\/marches-de-noel-en-collaboration-avec-lhotel-anantara-convento-grand-a-amalfi\\\/\",\"url\":\"https:\\\/\\\/www.visitamalfi.info\\\/fr\\\/\u00e9v\u00e9nement\\\/marches-de-noel-en-collaboration-avec-lhotel-anantara-convento-grand-a-amalfi\\\/\",\"name\":\"March\u00e9s de No\u00ebl en collaboration avec l'h\u00f4tel Anantara Convento Grand \u00e0 Amalfi - Visit Amalfi\",\"isPartOf\":{\"@id\":\"https:\\\/\\\/www.visitamalfi.info\\\/fr\\\/#website\"},\"primaryImageOfPage\":{\"@id\":\"https:\\\/\\\/www.visitamalfi.info\\\/fr\\\/\u00e9v\u00e9nement\\\/marches-de-noel-en-collaboration-avec-lhotel-anantara-convento-grand-a-amalfi\\\/#primaryimage\"},\"image\":{\"@id\":\"https:\\\/\\\/www.visitamalfi.info\\\/fr\\\/\u00e9v\u00e9nement\\\/marches-de-noel-en-collaboration-avec-lhotel-anantara-convento-grand-a-amalfi\\\/#primaryimage\"},\"thumbnailUrl\":\"https:\\\/\\\/www.visitamalfi.info\\\/wp-content\\\/uploads\\\/2023\\\/12\\\/2.png\",\"datePublished\":\"2023-12-09T09:29:34+00:00\",\"breadcrumb\":{\"@id\":\"https:\\\/\\\/www.visitamalfi.info\\\/fr\\\/\u00e9v\u00e9nement\\\/marches-de-noel-en-collaboration-avec-lhotel-anantara-convento-grand-a-amalfi\\\/#breadcrumb\"},\"inLanguage\":\"fr-FR\",\"potentialAction\":[{\"@type\":\"ReadAction\",\"target\":[\"https:\\\/\\\/www.visitamalfi.info\\\/fr\\\/\u00e9v\u00e9nement\\\/marches-de-noel-en-collaboration-avec-lhotel-anantara-convento-grand-a-amalfi\\\/\"]}]},{\"@type\":\"ImageObject\",\"inLanguage\":\"fr-FR\",\"@id\":\"https:\\\/\\\/www.visitamalfi.info\\\/fr\\\/\u00e9v\u00e9nement\\\/marches-de-noel-en-collaboration-avec-lhotel-anantara-convento-grand-a-amalfi\\\/#primaryimage\",\"url\":\"https:\\\/\\\/www.visitamalfi.info\\\/wp-content\\\/uploads\\\/2023\\\/12\\\/2.png\",\"contentUrl\":\"https:\\\/\\\/www.visitamalfi.info\\\/wp-content\\\/uploads\\\/2023\\\/12\\\/2.png\",\"width\":940,\"height\":788},{\"@type\":\"BreadcrumbList\",\"@id\":\"https:\\\/\\\/www.visitamalfi.info\\\/fr\\\/\u00e9v\u00e9nement\\\/marches-de-noel-en-collaboration-avec-lhotel-anantara-convento-grand-a-amalfi\\\/#breadcrumb\",\"itemListElement\":[{\"@type\":\"ListItem\",\"position\":1,\"name\":\"Home\",\"item\":\"https:\\\/\\\/www.visitamalfi.info\\\/fr\\\/\"},{\"@type\":\"ListItem\",\"position\":2,\"name\":\"\u00c9v\u00e8nements\",\"item\":\"https:\\\/\\\/www.visitamalfi.info\\\/fr\\\/eventi\\\/\"},{\"@type\":\"ListItem\",\"position\":3,\"name\":\"March\u00e9s de No\u00ebl en collaboration avec l&#8217;h\u00f4tel Anantara Convento Grand \u00e0 Amalfi\"}]},{\"@type\":\"WebSite\",\"@id\":\"https:\\\/\\\/www.visitamalfi.info\\\/fr\\\/#website\",\"url\":\"https:\\\/\\\/www.visitamalfi.info\\\/fr\\\/\",\"name\":\"Visit Amalfi\",\"description\":\"Amalfi Destination Official Website\",\"publisher\":{\"@id\":\"https:\\\/\\\/www.visitamalfi.info\\\/fr\\\/#organization\"},\"potentialAction\":[{\"@type\":\"SearchAction\",\"target\":{\"@type\":\"EntryPoint\",\"urlTemplate\":\"https:\\\/\\\/www.visitamalfi.info\\\/fr\\\/?s={search_term_string}\"},\"query-input\":{\"@type\":\"PropertyValueSpecification\",\"valueRequired\":true,\"valueName\":\"search_term_string\"}}],\"inLanguage\":\"fr-FR\"},{\"@type\":\"Organization\",\"@id\":\"https:\\\/\\\/www.visitamalfi.info\\\/fr\\\/#organization\",\"name\":\"Visit Amalfi\",\"url\":\"https:\\\/\\\/www.visitamalfi.info\\\/fr\\\/\",\"logo\":{\"@type\":\"ImageObject\",\"inLanguage\":\"fr-FR\",\"@id\":\"https:\\\/\\\/www.visitamalfi.info\\\/fr\\\/#\\\/schema\\\/logo\\\/image\\\/\",\"url\":\"https:\\\/\\\/www.visitamalfi.info\\\/wp-content\\\/uploads\\\/2023\\\/04\\\/visit-amalfi-logo-web.png\",\"contentUrl\":\"https:\\\/\\\/www.visitamalfi.info\\\/wp-content\\\/uploads\\\/2023\\\/04\\\/visit-amalfi-logo-web.png\",\"width\":800,\"height\":870,\"caption\":\"Visit Amalfi\"},\"image\":{\"@id\":\"https:\\\/\\\/www.visitamalfi.info\\\/fr\\\/#\\\/schema\\\/logo\\\/image\\\/\"},\"sameAs\":[\"https:\\\/\\\/www.facebook.com\\\/visitamalfiofficial\",\"https:\\\/\\\/www.instagram.com\\\/visitamalfiofficial\\\/\"]}]}<\/script>\n<!-- \/ Yoast SEO plugin. -->","yoast_head_json":{"title":"March\u00e9s de No\u00ebl en collaboration avec l'h\u00f4tel Anantara Convento Grand \u00e0 Amalfi - Visit Amalfi","robots":{"index":"index","follow":"follow","max-snippet":"max-snippet:-1","max-image-preview":"max-image-preview:large","max-video-preview":"max-video-preview:-1"},"canonical":"https:\/\/www.visitamalfi.info\/fr\/\u00e9v\u00e9nement\/marches-de-noel-en-collaboration-avec-lhotel-anantara-convento-grand-a-amalfi\/","og_locale":"fr_FR","og_type":"article","og_title":"March\u00e9s de No\u00ebl en collaboration avec l'h\u00f4tel Anantara Convento Grand \u00e0 Amalfi - Visit Amalfi","og_description":"De nombreux exposants locaux et leurs produits artisanaux pour trouver le cadeau de No\u00ebl id\u00e9al.","og_url":"https:\/\/www.visitamalfi.info\/fr\/\u00e9v\u00e9nement\/marches-de-noel-en-collaboration-avec-lhotel-anantara-convento-grand-a-amalfi\/","og_site_name":"Visit Amalfi","article_publisher":"https:\/\/www.facebook.com\/visitamalfiofficial","og_image":[{"width":940,"height":788,"url":"https:\/\/www.visitamalfi.info\/wp-content\/uploads\/2023\/12\/2.png","type":"image\/png"}],"twitter_card":"summary_large_image","schema":{"@context":"https:\/\/schema.org","@graph":[{"@type":"WebPage","@id":"https:\/\/www.visitamalfi.info\/fr\/\u00e9v\u00e9nement\/marches-de-noel-en-collaboration-avec-lhotel-anantara-convento-grand-a-amalfi\/","url":"https:\/\/www.visitamalfi.info\/fr\/\u00e9v\u00e9nement\/marches-de-noel-en-collaboration-avec-lhotel-anantara-convento-grand-a-amalfi\/","name":"March\u00e9s de No\u00ebl en collaboration avec l'h\u00f4tel Anantara Convento Grand \u00e0 Amalfi - Visit Amalfi","isPartOf":{"@id":"https:\/\/www.visitamalfi.info\/fr\/#website"},"primaryImageOfPage":{"@id":"https:\/\/www.visitamalfi.info\/fr\/\u00e9v\u00e9nement\/marches-de-noel-en-collaboration-avec-lhotel-anantara-convento-grand-a-amalfi\/#primaryimage"},"image":{"@id":"https:\/\/www.visitamalfi.info\/fr\/\u00e9v\u00e9nement\/marches-de-noel-en-collaboration-avec-lhotel-anantara-convento-grand-a-amalfi\/#primaryimage"},"thumbnailUrl":"https:\/\/www.visitamalfi.info\/wp-content\/uploads\/2023\/12\/2.png","datePublished":"2023-12-09T09:29:34+00:00","breadcrumb":{"@id":"https:\/\/www.visitamalfi.info\/fr\/\u00e9v\u00e9nement\/marches-de-noel-en-collaboration-avec-lhotel-anantara-convento-grand-a-amalfi\/#breadcrumb"},"inLanguage":"fr-FR","potentialAction":[{"@type":"ReadAction","target":["https:\/\/www.visitamalfi.info\/fr\/\u00e9v\u00e9nement\/marches-de-noel-en-collaboration-avec-lhotel-anantara-convento-grand-a-amalfi\/"]}]},{"@type":"ImageObject","inLanguage":"fr-FR","@id":"https:\/\/www.visitamalfi.info\/fr\/\u00e9v\u00e9nement\/marches-de-noel-en-collaboration-avec-lhotel-anantara-convento-grand-a-amalfi\/#primaryimage","url":"https:\/\/www.visitamalfi.info\/wp-content\/uploads\/2023\/12\/2.png","contentUrl":"https:\/\/www.visitamalfi.info\/wp-content\/uploads\/2023\/12\/2.png","width":940,"height":788},{"@type":"BreadcrumbList","@id":"https:\/\/www.visitamalfi.info\/fr\/\u00e9v\u00e9nement\/marches-de-noel-en-collaboration-avec-lhotel-anantara-convento-grand-a-amalfi\/#breadcrumb","itemListElement":[{"@type":"ListItem","position":1,"name":"Home","item":"https:\/\/www.visitamalfi.info\/fr\/"},{"@type":"ListItem","position":2,"name":"\u00c9v\u00e8nements","item":"https:\/\/www.visitamalfi.info\/fr\/eventi\/"},{"@type":"ListItem","position":3,"name":"March\u00e9s de No\u00ebl en collaboration avec l&#8217;h\u00f4tel Anantara Convento Grand \u00e0 Amalfi"}]},{"@type":"WebSite","@id":"https:\/\/www.visitamalfi.info\/fr\/#website","url":"https:\/\/www.visitamalfi.info\/fr\/","name":"Visit Amalfi","description":"Amalfi Destination Official Website","publisher":{"@id":"https:\/\/www.visitamalfi.info\/fr\/#organization"},"potentialAction":[{"@type":"SearchAction","target":{"@type":"EntryPoint","urlTemplate":"https:\/\/www.visitamalfi.info\/fr\/?s={search_term_string}"},"query-input":{"@type":"PropertyValueSpecification","valueRequired":true,"valueName":"search_term_string"}}],"inLanguage":"fr-FR"},{"@type":"Organization","@id":"https:\/\/www.visitamalfi.info\/fr\/#organization","name":"Visit Amalfi","url":"https:\/\/www.visitamalfi.info\/fr\/","logo":{"@type":"ImageObject","inLanguage":"fr-FR","@id":"https:\/\/www.visitamalfi.info\/fr\/#\/schema\/logo\/image\/","url":"https:\/\/www.visitamalfi.info\/wp-content\/uploads\/2023\/04\/visit-amalfi-logo-web.png","contentUrl":"https:\/\/www.visitamalfi.info\/wp-content\/uploads\/2023\/04\/visit-amalfi-logo-web.png","width":800,"height":870,"caption":"Visit Amalfi"},"image":{"@id":"https:\/\/www.visitamalfi.info\/fr\/#\/schema\/logo\/image\/"},"sameAs":["https:\/\/www.facebook.com\/visitamalfiofficial","https:\/\/www.instagram.com\/visitamalfiofficial\/"]}]}},"_links":{"self":[{"href":"https:\/\/www.visitamalfi.info\/fr\/wp-json\/wp\/v2\/tribe_events\/13321","targetHints":{"allow":["GET"]}}],"collection":[{"href":"https:\/\/www.visitamalfi.info\/fr\/wp-json\/wp\/v2\/tribe_events"}],"about":[{"href":"https:\/\/www.visitamalfi.info\/fr\/wp-json\/wp\/v2\/types\/tribe_events"}],"author":[{"embeddable":true,"href":"https:\/\/www.visitamalfi.info\/fr\/wp-json\/wp\/v2\/users\/7"}],"version-history":[{"count":0,"href":"https:\/\/www.visitamalfi.info\/fr\/wp-json\/wp\/v2\/tribe_events\/13321\/revisions"}],"wp:featuredmedia":[{"embeddable":true,"href":"https:\/\/www.visitamalfi.info\/fr\/wp-json\/wp\/v2\/media\/13180"}],"wp:attachment":[{"href":"https:\/\/www.visitamalfi.info\/fr\/wp-json\/wp\/v2\/media?parent=13321"}],"wp:term":[{"taxonomy":"post_tag","embeddable":true,"href":"https:\/\/www.visitamalfi.info\/fr\/wp-json\/wp\/v2\/tags?post=13321"},{"taxonomy":"tribe_events_cat","embeddable":true,"href":"https:\/\/www.visitamalfi.info\/fr\/wp-json\/wp\/v2\/tribe_events_cat?post=13321"}],"curies":[{"name":"wp","href":"https:\/\/api.w.org\/{rel}","templated":true}]}}