{"id":6244,"date":"2023-05-31T10:25:49","date_gmt":"2023-05-31T08:25:49","guid":{"rendered":"https:\/\/www.visitamalfi.info\/points-dinteret-a-amalfi\/ensemble-monumental-de-la-cathedrale-damalfi\/"},"modified":"2023-08-13T16:27:43","modified_gmt":"2023-08-13T14:27:43","slug":"ensemble-monumental-de-la-cathedrale-damalfi","status":"publish","type":"page","link":"https:\/\/www.visitamalfi.info\/fr\/points-dinteret-a-amalfi\/ensemble-monumental-de-la-cathedrale-damalfi\/","title":{"rendered":"Ensemble monumental de la cath\u00e9drale d&#8217;Amalfi"},"content":{"rendered":"\t\t<div data-elementor-type=\"wp-post\" data-elementor-id=\"6244\" class=\"elementor elementor-6244 elementor-3006\">\n\t\t\t\t\t\t<section class=\"elementor-section elementor-top-section elementor-element elementor-element-a245c11 elementor-section-full_width elementor-section-height-default elementor-section-height-default\" data-id=\"a245c11\" data-element_type=\"section\" data-e-type=\"section\">\n\t\t\t\t\t\t<div class=\"elementor-container elementor-column-gap-no\">\n\t\t\t\t\t<div class=\"elementor-column elementor-col-100 elementor-top-column elementor-element elementor-element-d803bdd\" data-id=\"d803bdd\" data-element_type=\"column\" data-e-type=\"column\">\n\t\t\t<div class=\"elementor-widget-wrap elementor-element-populated\">\n\t\t\t\t\t\t<div class=\"elementor-element elementor-element-3d0d982 elementor-widget elementor-widget-shortcode\" data-id=\"3d0d982\" data-element_type=\"widget\" data-e-type=\"widget\" data-widget_type=\"shortcode.default\">\n\t\t\t\t<div class=\"elementor-widget-container\">\n\t\t\t\t\t\t\t<div class=\"elementor-shortcode\"><div\n\tid=\"maxslider-3018\"\n\tclass=\"maxslider\"\n\tdata-autoslide=\"true\" data-effect=\"fade\" data-slide-speed=\"5000\" data-height=\"700\" data-height_unit=\"px\" data-navigation=\"arrows\" data-navigation_fg_color=\"\" data-navigation_bg_color=\"\" data-image_size=\"full\" data-arrows=\"1\" data-arrows_fg_color=\"\" data-arrows_bg_color=\"\" >\n\t\t<div class=\"maxslider-slide maxslider-3018-slide-0\">\n\t\t<div class=\"maxslider-slide-content maxslider-align-center maxslider-align-middle\">\n\t\t\t<div class=\"maxslider-slide-content-pad\">\n\t\t\t\t\n\t\t\t\t\n\t\t\t\t\t\t\t<\/div>\n\t\t<\/div>\n\t<\/div>\n\t<div class=\"maxslider-slide maxslider-3018-slide-1\">\n\t\t<div class=\"maxslider-slide-content maxslider-align-center maxslider-align-middle\">\n\t\t\t<div class=\"maxslider-slide-content-pad\">\n\t\t\t\t\n\t\t\t\t\n\t\t\t\t\t\t\t<\/div>\n\t\t<\/div>\n\t<\/div>\n\t<div class=\"maxslider-slide maxslider-3018-slide-2\">\n\t\t<div class=\"maxslider-slide-content maxslider-align-center maxslider-align-middle\">\n\t\t\t<div class=\"maxslider-slide-content-pad\">\n\t\t\t\t\n\t\t\t\t\n\t\t\t\t\t\t\t<\/div>\n\t\t<\/div>\n\t<\/div>\n\t<div class=\"maxslider-slide maxslider-3018-slide-3\">\n\t\t<div class=\"maxslider-slide-content maxslider-align-center maxslider-align-middle\">\n\t\t\t<div class=\"maxslider-slide-content-pad\">\n\t\t\t\t\n\t\t\t\t\n\t\t\t\t\t\t\t<\/div>\n\t\t<\/div>\n\t<\/div>\n\t<div class=\"maxslider-slide maxslider-3018-slide-4\">\n\t\t<div class=\"maxslider-slide-content maxslider-align-center maxslider-align-middle\">\n\t\t\t<div class=\"maxslider-slide-content-pad\">\n\t\t\t\t\n\t\t\t\t\n\t\t\t\t\t\t\t<\/div>\n\t\t<\/div>\n\t<\/div>\n<\/div>\n<\/div>\n\t\t\t\t\t\t<\/div>\n\t\t\t\t<\/div>\n\t\t\t\t\t<\/div>\n\t\t<\/div>\n\t\t\t\t\t<\/div>\n\t\t<\/section>\n\t\t\t\t<section class=\"elementor-section elementor-top-section elementor-element elementor-element-6bc47b6 elementor-section-full_width elementor-section-height-default elementor-section-height-default\" data-id=\"6bc47b6\" data-element_type=\"section\" data-e-type=\"section\" data-settings=\"{&quot;background_background&quot;:&quot;classic&quot;}\">\n\t\t\t\t\t\t<div class=\"elementor-container elementor-column-gap-default\">\n\t\t\t\t\t<div class=\"elementor-column elementor-col-50 elementor-top-column elementor-element elementor-element-2f81196\" data-id=\"2f81196\" data-element_type=\"column\" data-e-type=\"column\" data-settings=\"{&quot;background_background&quot;:&quot;classic&quot;}\">\n\t\t\t<div class=\"elementor-widget-wrap elementor-element-populated\">\n\t\t\t\t\t\t<div class=\"elementor-element elementor-element-ec3726f elementor-widget elementor-widget-heading\" data-id=\"ec3726f\" data-element_type=\"widget\" data-e-type=\"widget\" data-widget_type=\"heading.default\">\n\t\t\t\t<div class=\"elementor-widget-container\">\n\t\t\t\t\t<h2 class=\"elementor-heading-title elementor-size-default\">Complexe monumental\nde la cath\u00e9drale<\/h2>\t\t\t\t<\/div>\n\t\t\t\t<\/div>\n\t\t\t\t<div class=\"elementor-element elementor-element-328d89f elementor-widget elementor-widget-text-editor\" data-id=\"328d89f\" data-element_type=\"widget\" data-e-type=\"widget\" data-widget_type=\"text-editor.default\">\n\t\t\t\t<div class=\"elementor-widget-container\">\n\t\t\t\t\t\t\t\t\t<p>L&#8217;ensemble monumental de la cath\u00e9drale d&#8217;Amalfi comprend le clo\u00eetre du Paradis, la crypte de Saint-Andr\u00e9 et le mus\u00e9e dioc\u00e9sain, qui se trouve \u00e0 l&#8217;int\u00e9rieur de l&#8217;ancienne basilique du Crucifix. <\/p>\n\t\t\t\t\t\t\t\t<\/div>\n\t\t\t\t<\/div>\n\t\t\t\t\t<\/div>\n\t\t<\/div>\n\t\t\t\t<div class=\"elementor-column elementor-col-50 elementor-top-column elementor-element elementor-element-d48e7d3\" data-id=\"d48e7d3\" data-element_type=\"column\" data-e-type=\"column\">\n\t\t\t<div class=\"elementor-widget-wrap elementor-element-populated\">\n\t\t\t\t\t\t<div class=\"elementor-element elementor-element-194e89b elementor-widget elementor-widget-spacer\" data-id=\"194e89b\" data-element_type=\"widget\" data-e-type=\"widget\" data-widget_type=\"spacer.default\">\n\t\t\t\t<div class=\"elementor-widget-container\">\n\t\t\t\t\t\t\t<div class=\"elementor-spacer\">\n\t\t\t<div class=\"elementor-spacer-inner\"><\/div>\n\t\t<\/div>\n\t\t\t\t\t\t<\/div>\n\t\t\t\t<\/div>\n\t\t\t\t\t<\/div>\n\t\t<\/div>\n\t\t\t\t\t<\/div>\n\t\t<\/section>\n\t\t\t\t<section class=\"elementor-section elementor-top-section elementor-element elementor-element-57a7146 elementor-section-full_width elementor-section-height-default elementor-section-height-default\" data-id=\"57a7146\" data-element_type=\"section\" data-e-type=\"section\" data-settings=\"{&quot;background_background&quot;:&quot;classic&quot;}\">\n\t\t\t\t\t\t<div class=\"elementor-container elementor-column-gap-default\">\n\t\t\t\t\t<div class=\"elementor-column elementor-col-50 elementor-top-column elementor-element elementor-element-05dfb4a elementor-hidden-mobile\" data-id=\"05dfb4a\" data-element_type=\"column\" data-e-type=\"column\" data-settings=\"{&quot;background_background&quot;:&quot;classic&quot;}\">\n\t\t\t<div class=\"elementor-widget-wrap\">\n\t\t\t\t\t\t\t<\/div>\n\t\t<\/div>\n\t\t\t\t<div class=\"elementor-column elementor-col-50 elementor-top-column elementor-element elementor-element-387283d\" data-id=\"387283d\" data-element_type=\"column\" data-e-type=\"column\" data-settings=\"{&quot;background_background&quot;:&quot;classic&quot;}\">\n\t\t\t<div class=\"elementor-widget-wrap elementor-element-populated\">\n\t\t\t\t\t\t<div class=\"elementor-element elementor-element-3a7710d elementor-widget elementor-widget-heading\" data-id=\"3a7710d\" data-element_type=\"widget\" data-e-type=\"widget\" data-widget_type=\"heading.default\">\n\t\t\t\t<div class=\"elementor-widget-container\">\n\t\t\t\t\t<h2 class=\"elementor-heading-title elementor-size-default\">Le Clo\u00eetre du Paradis<\/h2>\t\t\t\t<\/div>\n\t\t\t\t<\/div>\n\t\t\t\t<div class=\"elementor-element elementor-element-80e8357 elementor-widget elementor-widget-text-editor\" data-id=\"80e8357\" data-element_type=\"widget\" data-e-type=\"widget\" data-widget_type=\"text-editor.default\">\n\t\t\t\t<div class=\"elementor-widget-container\">\n\t\t\t\t\t\t\t\t\t<p>Le Clo\u00eetre du Paradis \u00e9tait autrefois utilis\u00e9 pour abriter les corps des nobles d&#8217;Amalfi. Avec son charme oriental, harmonis\u00e9 par des arcs entrelac\u00e9s et des colonnettes, il a \u00e9t\u00e9 construit entre 1266 et 1268 dans le but de restaurer le sentiment de connexion entre le ciel et la terre. En d\u00e9ambulant le long des galeries, on peut admirer le c\u0153ur du clo\u00eetre verdoyant du petit jardin m\u00e9diterran\u00e9en. D\u00e9corations en marbre, mosa\u00efques, chapelles fun\u00e9raires, sarcophages et fresques triomphent dans le clo\u00eetre.&nbsp;<br \/>Au centre du c\u00f4t\u00e9 nord du Clo\u00eetre du Paradis se trouve l&#8217;une des vues les plus saisissantes du clocher de la cath\u00e9drale d&#8217;Amalfi.<\/p>\n\t\t\t\t\t\t\t\t<\/div>\n\t\t\t\t<\/div>\n\t\t\t\t<div class=\"elementor-element elementor-element-0d29539 elementor-align-center elementor-widget elementor-widget-button\" data-id=\"0d29539\" data-element_type=\"widget\" data-e-type=\"widget\" data-widget_type=\"button.default\">\n\t\t\t\t<div class=\"elementor-widget-container\">\n\t\t\t\t\t\t\t\t\t<div class=\"elementor-button-wrapper\">\n\t\t\t\t\t<a class=\"elementor-button elementor-button-link elementor-size-sm\" href=\"http:\/\/www.parrocchiaamalfi.com\/cattedrale\/chiostro-del-paradiso\/\">\n\t\t\t\t\t\t<span class=\"elementor-button-content-wrapper\">\n\t\t\t\t\t\t\t\t\t<span class=\"elementor-button-text\">ALLER SUR LE SITE POUR EN SAVOIR PLUS<\/span>\n\t\t\t\t\t<\/span>\n\t\t\t\t\t<\/a>\n\t\t\t\t<\/div>\n\t\t\t\t\t\t\t\t<\/div>\n\t\t\t\t<\/div>\n\t\t\t\t\t<\/div>\n\t\t<\/div>\n\t\t\t\t\t<\/div>\n\t\t<\/section>\n\t\t\t\t<section class=\"elementor-section elementor-top-section elementor-element elementor-element-c77d2fc elementor-section-full_width elementor-reverse-mobile elementor-section-height-default elementor-section-height-default\" data-id=\"c77d2fc\" data-element_type=\"section\" data-e-type=\"section\" data-settings=\"{&quot;background_background&quot;:&quot;classic&quot;}\">\n\t\t\t\t\t\t<div class=\"elementor-container elementor-column-gap-default\">\n\t\t\t\t\t<div class=\"elementor-column elementor-col-50 elementor-top-column elementor-element elementor-element-a014060\" data-id=\"a014060\" data-element_type=\"column\" data-e-type=\"column\" data-settings=\"{&quot;background_background&quot;:&quot;classic&quot;}\">\n\t\t\t<div class=\"elementor-widget-wrap elementor-element-populated\">\n\t\t\t\t\t\t<div class=\"elementor-element elementor-element-de24b97 elementor-widget elementor-widget-heading\" data-id=\"de24b97\" data-element_type=\"widget\" data-e-type=\"widget\" data-widget_type=\"heading.default\">\n\t\t\t\t<div class=\"elementor-widget-container\">\n\t\t\t\t\t<h2 class=\"elementor-heading-title elementor-size-default\">Crypte de la cath\u00e9drale<\/h2>\t\t\t\t<\/div>\n\t\t\t\t<\/div>\n\t\t\t\t<div class=\"elementor-element elementor-element-b797eb9 elementor-widget elementor-widget-text-editor\" data-id=\"b797eb9\" data-element_type=\"widget\" data-e-type=\"widget\" data-widget_type=\"text-editor.default\">\n\t\t\t\t<div class=\"elementor-widget-container\">\n\t\t\t\t\t\t\t\t\t<p>La crypte de l&#8217;ensemble monumental de la cath\u00e9drale d&#8217;Amalfi a \u00e9t\u00e9 construite au d\u00e9but du XIIIe si\u00e8cle \u00e0 la demande du cardinal Pietro Capuano qui, le 8 mai 1208, avait ramen\u00e9 directement de Constantinople les restes du saint patron d&#8217;Amalfi, Saint-Andr\u00e9, \u00e0 son retour de la quatri\u00e8me croisade. L&#8217;autel et la statue en bronze de Saint-Andr\u00e9, r\u00e9alis\u00e9e par Michelangelo Naccherino, \u00e9l\u00e8ve de Buonarroti, ont ensuite \u00e9t\u00e9 construits autour du tombeau du Saint, plac\u00e9 au centre de la crypte. La crypte, richement orn\u00e9e, abrite \u00e9galement deux sculptures en marbre de Saint \u00c9tienne et Saint Laurent, r\u00e9alis\u00e9es par Pietro Bernini. Le miracle de la manne de Saint-Andr\u00e9 est li\u00e9 \u00e0 la crypte. <\/p>\n\t\t\t\t\t\t\t\t<\/div>\n\t\t\t\t<\/div>\n\t\t\t\t<div class=\"elementor-element elementor-element-1a5a16e elementor-align-center elementor-widget elementor-widget-button\" data-id=\"1a5a16e\" data-element_type=\"widget\" data-e-type=\"widget\" data-widget_type=\"button.default\">\n\t\t\t\t<div class=\"elementor-widget-container\">\n\t\t\t\t\t\t\t\t\t<div class=\"elementor-button-wrapper\">\n\t\t\t\t\t<a class=\"elementor-button elementor-button-link elementor-size-sm\" href=\"http:\/\/www.parrocchiaamalfi.com\/cattedrale\/la-cripta-ed-il-rito-della-manna\/\">\n\t\t\t\t\t\t<span class=\"elementor-button-content-wrapper\">\n\t\t\t\t\t\t\t\t\t<span class=\"elementor-button-text\">ALLER SUR LE SITE POUR EN SAVOIR PLUS<\/span>\n\t\t\t\t\t<\/span>\n\t\t\t\t\t<\/a>\n\t\t\t\t<\/div>\n\t\t\t\t\t\t\t\t<\/div>\n\t\t\t\t<\/div>\n\t\t\t\t\t<\/div>\n\t\t<\/div>\n\t\t\t\t<div class=\"elementor-column elementor-col-50 elementor-top-column elementor-element elementor-element-09d8174\" data-id=\"09d8174\" data-element_type=\"column\" data-e-type=\"column\">\n\t\t\t<div class=\"elementor-widget-wrap elementor-element-populated\">\n\t\t\t\t\t\t<div class=\"elementor-element elementor-element-adadd2b elementor-widget elementor-widget-spacer\" data-id=\"adadd2b\" data-element_type=\"widget\" data-e-type=\"widget\" data-widget_type=\"spacer.default\">\n\t\t\t\t<div class=\"elementor-widget-container\">\n\t\t\t\t\t\t\t<div class=\"elementor-spacer\">\n\t\t\t<div class=\"elementor-spacer-inner\"><\/div>\n\t\t<\/div>\n\t\t\t\t\t\t<\/div>\n\t\t\t\t<\/div>\n\t\t\t\t\t<\/div>\n\t\t<\/div>\n\t\t\t\t\t<\/div>\n\t\t<\/section>\n\t\t\t\t<section class=\"elementor-section elementor-top-section elementor-element elementor-element-a372f4f elementor-section-full_width elementor-section-height-default elementor-section-height-default\" data-id=\"a372f4f\" data-element_type=\"section\" data-e-type=\"section\" data-settings=\"{&quot;background_background&quot;:&quot;classic&quot;}\">\n\t\t\t\t\t\t<div class=\"elementor-container elementor-column-gap-default\">\n\t\t\t\t\t<div class=\"elementor-column elementor-col-50 elementor-top-column elementor-element elementor-element-285eb2e\" data-id=\"285eb2e\" data-element_type=\"column\" data-e-type=\"column\" data-settings=\"{&quot;background_background&quot;:&quot;classic&quot;}\">\n\t\t\t<div class=\"elementor-widget-wrap elementor-element-populated\">\n\t\t\t\t\t\t<div class=\"elementor-element elementor-element-65369ee elementor-widget elementor-widget-spacer\" data-id=\"65369ee\" data-element_type=\"widget\" data-e-type=\"widget\" data-widget_type=\"spacer.default\">\n\t\t\t\t<div class=\"elementor-widget-container\">\n\t\t\t\t\t\t\t<div class=\"elementor-spacer\">\n\t\t\t<div class=\"elementor-spacer-inner\"><\/div>\n\t\t<\/div>\n\t\t\t\t\t\t<\/div>\n\t\t\t\t<\/div>\n\t\t\t\t\t<\/div>\n\t\t<\/div>\n\t\t\t\t<div class=\"elementor-column elementor-col-50 elementor-top-column elementor-element elementor-element-adef3a4\" data-id=\"adef3a4\" data-element_type=\"column\" data-e-type=\"column\" data-settings=\"{&quot;background_background&quot;:&quot;classic&quot;}\">\n\t\t\t<div class=\"elementor-widget-wrap elementor-element-populated\">\n\t\t\t\t\t\t<div class=\"elementor-element elementor-element-ae476c5 elementor-widget elementor-widget-heading\" data-id=\"ae476c5\" data-element_type=\"widget\" data-e-type=\"widget\" data-widget_type=\"heading.default\">\n\t\t\t\t<div class=\"elementor-widget-container\">\n\t\t\t\t\t<h2 class=\"elementor-heading-title elementor-size-default\">Mus\u00e9e dioc\u00e9sain<\/h2>\t\t\t\t<\/div>\n\t\t\t\t<\/div>\n\t\t\t\t<div class=\"elementor-element elementor-element-6e0c5cd elementor-widget elementor-widget-text-editor\" data-id=\"6e0c5cd\" data-element_type=\"widget\" data-e-type=\"widget\" data-widget_type=\"text-editor.default\">\n\t\t\t\t<div class=\"elementor-widget-container\">\n\t\t\t\t\t\t\t\t\t<p>La basilique du Crucifix, datant du IXe si\u00e8cle. est la plus ancienne cath\u00e9drale de la ville. Il tire son nom d&#8217;un ancien crucifix en bois qui se trouvait sur le ma\u00eetre-autel. Depuis 1996, il abrite le mus\u00e9e d&#8217;art sacr\u00e9 du dioc\u00e8se d&#8217;Amalfi. On y trouve des objets de l&#8217;histoire religieuse du dioc\u00e8se, provenant de la cath\u00e9drale de l&#8217;ap\u00f4tre Saint-Andr\u00e9 et du territoire dioc\u00e9sain.<\/p>\n<p>L&#8217;exposition pr\u00e9sente des objets datant du XIIe au XVIIIe si\u00e8cle, tels que des reliquaires en argent, des colliers, des croix, des vases et des calices, ainsi que des objets en pierre, des bas-reliefs en marbre, des chapiteaux, des fragments de mosa\u00efques de l&#8217;ancienne fa\u00e7ade de la cath\u00e9drale, des fresques, des sculptures et des statues en bois.<\/p>\n\t\t\t\t\t\t\t\t<\/div>\n\t\t\t\t<\/div>\n\t\t\t\t<div class=\"elementor-element elementor-element-37074e6 elementor-align-center elementor-widget elementor-widget-button\" data-id=\"37074e6\" data-element_type=\"widget\" data-e-type=\"widget\" data-widget_type=\"button.default\">\n\t\t\t\t<div class=\"elementor-widget-container\">\n\t\t\t\t\t\t\t\t\t<div class=\"elementor-button-wrapper\">\n\t\t\t\t\t<a class=\"elementor-button elementor-button-link elementor-size-sm\" href=\"http:\/\/museodiocesanoamalfi.it\/app\/it\/la-basilica-del-crocifisso\/\">\n\t\t\t\t\t\t<span class=\"elementor-button-content-wrapper\">\n\t\t\t\t\t\t\t\t\t<span class=\"elementor-button-text\">ALLER SUR LE SITE POUR EN SAVOIR PLUS<\/span>\n\t\t\t\t\t<\/span>\n\t\t\t\t\t<\/a>\n\t\t\t\t<\/div>\n\t\t\t\t\t\t\t\t<\/div>\n\t\t\t\t<\/div>\n\t\t\t\t\t<\/div>\n\t\t<\/div>\n\t\t\t\t\t<\/div>\n\t\t<\/section>\n\t\t\t\t<section class=\"elementor-section elementor-top-section elementor-element elementor-element-5230ad8f elementor-section-full_width elementor-section-height-default elementor-section-height-default\" data-id=\"5230ad8f\" data-element_type=\"section\" data-e-type=\"section\" data-settings=\"{&quot;background_background&quot;:&quot;classic&quot;}\">\n\t\t\t\t\t\t<div class=\"elementor-container elementor-column-gap-no\">\n\t\t\t\t\t<div class=\"elementor-column elementor-col-100 elementor-top-column elementor-element elementor-element-548a0617\" data-id=\"548a0617\" data-element_type=\"column\" data-e-type=\"column\" data-settings=\"{&quot;background_background&quot;:&quot;classic&quot;}\">\n\t\t\t<div class=\"elementor-widget-wrap elementor-element-populated\">\n\t\t\t\t\t\t<div class=\"elementor-element elementor-element-4c9a6edc gallery-spacing-custom elementor-widget elementor-widget-image-gallery\" data-id=\"4c9a6edc\" data-element_type=\"widget\" data-e-type=\"widget\" data-widget_type=\"image-gallery.default\">\n\t\t\t\t<div class=\"elementor-widget-container\">\n\t\t\t\t\t\t\t<div class=\"elementor-image-gallery\">\n\t\t\t<div id='gallery-1' class='gallery galleryid-6244 gallery-columns-5 gallery-size-ignition_article_media'><figure class='gallery-item'>\n\t\t\t<div class='gallery-icon portrait'>\n\t\t\t\t<a data-elementor-open-lightbox=\"yes\" data-elementor-lightbox-slideshow=\"4c9a6edc\" data-elementor-lightbox-title=\"33-Chiostro-del-Paradiso\" data-e-action-hash=\"#elementor-action%3Aaction%3Dlightbox%26settings%3DeyJpZCI6NTM5NywidXJsIjoiaHR0cHM6XC9cL3d3dy52aXNpdGFtYWxmaS5pbmZvXC93cC1jb250ZW50XC91cGxvYWRzXC8yMDIzXC8wN1wvMzMtQ2hpb3N0cm8tZGVsLVBhcmFkaXNvLmpwZyIsInNsaWRlc2hvdyI6IjRjOWE2ZWRjIn0%3D\" href='https:\/\/www.visitamalfi.info\/wp-content\/uploads\/2023\/07\/33-Chiostro-del-Paradiso.jpg' data-lightbox=\"gal[6244]\"><img fetchpriority=\"high\" decoding=\"async\" width=\"510\" height=\"510\" src=\"https:\/\/www.visitamalfi.info\/wp-content\/uploads\/2023\/07\/33-Chiostro-del-Paradiso-510x510.jpg\" class=\"attachment-ignition_article_media size-ignition_article_media\" alt=\"malfiTourGuide_Amalfi_MicheleAmendola_Chiostro_del_Paradiso\" srcset=\"https:\/\/www.visitamalfi.info\/wp-content\/uploads\/2023\/07\/33-Chiostro-del-Paradiso-510x510.jpg 510w, https:\/\/www.visitamalfi.info\/wp-content\/uploads\/2023\/07\/33-Chiostro-del-Paradiso-150x150.jpg 150w, https:\/\/www.visitamalfi.info\/wp-content\/uploads\/2023\/07\/33-Chiostro-del-Paradiso-160x160.jpg 160w\" sizes=\"(max-width: 510px) 100vw, 510px\" \/><\/a>\n\t\t\t<\/div><\/figure><figure class='gallery-item'>\n\t\t\t<div class='gallery-icon landscape'>\n\t\t\t\t<a data-elementor-open-lightbox=\"yes\" data-elementor-lightbox-slideshow=\"4c9a6edc\" data-elementor-lightbox-title=\"17-Chiostro-del-Paradiso\" data-e-action-hash=\"#elementor-action%3Aaction%3Dlightbox%26settings%3DeyJpZCI6NDY5MiwidXJsIjoiaHR0cHM6XC9cL3d3dy52aXNpdGFtYWxmaS5pbmZvXC93cC1jb250ZW50XC91cGxvYWRzXC8yMDIzXC8wN1wvMTctQ2hpb3N0cm8tZGVsLVBhcmFkaXNvLmpwZyIsInNsaWRlc2hvdyI6IjRjOWE2ZWRjIn0%3D\" href='https:\/\/www.visitamalfi.info\/wp-content\/uploads\/2023\/07\/17-Chiostro-del-Paradiso.jpg' data-lightbox=\"gal[6244]\"><img decoding=\"async\" width=\"510\" height=\"510\" src=\"https:\/\/www.visitamalfi.info\/wp-content\/uploads\/2023\/07\/17-Chiostro-del-Paradiso-510x510.jpg\" class=\"attachment-ignition_article_media size-ignition_article_media\" alt=\"malfiTourGuide_Amalfi_MicheleAmendola_Chiostro_del_Paradiso\" srcset=\"https:\/\/www.visitamalfi.info\/wp-content\/uploads\/2023\/07\/17-Chiostro-del-Paradiso-510x510.jpg 510w, https:\/\/www.visitamalfi.info\/wp-content\/uploads\/2023\/07\/17-Chiostro-del-Paradiso-150x150.jpg 150w, https:\/\/www.visitamalfi.info\/wp-content\/uploads\/2023\/07\/17-Chiostro-del-Paradiso-160x160.jpg 160w\" sizes=\"(max-width: 510px) 100vw, 510px\" \/><\/a>\n\t\t\t<\/div><\/figure><figure class='gallery-item'>\n\t\t\t<div class='gallery-icon landscape'>\n\t\t\t\t<a data-elementor-open-lightbox=\"yes\" data-elementor-lightbox-slideshow=\"4c9a6edc\" data-elementor-lightbox-title=\"chiostro-del-paradiso-colonne\" data-e-action-hash=\"#elementor-action%3Aaction%3Dlightbox%26settings%3DeyJpZCI6MzAyOCwidXJsIjoiaHR0cHM6XC9cL3d3dy52aXNpdGFtYWxmaS5pbmZvXC93cC1jb250ZW50XC91cGxvYWRzXC8yMDIzXC8wNVwvY2hpb3N0cm8tZGVsLXBhcmFkaXNvLWNvbG9ubmUuanBnIiwic2xpZGVzaG93IjoiNGM5YTZlZGMifQ%3D%3D\" href='https:\/\/www.visitamalfi.info\/wp-content\/uploads\/2023\/05\/chiostro-del-paradiso-colonne.jpg' data-lightbox=\"gal[6244]\"><img decoding=\"async\" width=\"510\" height=\"510\" src=\"https:\/\/www.visitamalfi.info\/wp-content\/uploads\/2023\/05\/chiostro-del-paradiso-colonne-510x510.jpg\" class=\"attachment-ignition_article_media size-ignition_article_media\" alt=\"\" srcset=\"https:\/\/www.visitamalfi.info\/wp-content\/uploads\/2023\/05\/chiostro-del-paradiso-colonne-510x510.jpg 510w, https:\/\/www.visitamalfi.info\/wp-content\/uploads\/2023\/05\/chiostro-del-paradiso-colonne-150x150.jpg 150w, https:\/\/www.visitamalfi.info\/wp-content\/uploads\/2023\/05\/chiostro-del-paradiso-colonne-160x160.jpg 160w\" sizes=\"(max-width: 510px) 100vw, 510px\" \/><\/a>\n\t\t\t<\/div><\/figure><figure class='gallery-item'>\n\t\t\t<div class='gallery-icon landscape'>\n\t\t\t\t<a data-elementor-open-lightbox=\"yes\" data-elementor-lightbox-slideshow=\"4c9a6edc\" data-elementor-lightbox-title=\"64-Chiostro-del-Paradiso\" data-e-action-hash=\"#elementor-action%3Aaction%3Dlightbox%26settings%3DeyJpZCI6NjA1NywidXJsIjoiaHR0cHM6XC9cL3d3dy52aXNpdGFtYWxmaS5pbmZvXC93cC1jb250ZW50XC91cGxvYWRzXC8yMDIzXC8wN1wvNjQtQ2hpb3N0cm8tZGVsLVBhcmFkaXNvLmpwZyIsInNsaWRlc2hvdyI6IjRjOWE2ZWRjIn0%3D\" href='https:\/\/www.visitamalfi.info\/wp-content\/uploads\/2023\/07\/64-Chiostro-del-Paradiso.jpg' data-lightbox=\"gal[6244]\"><img loading=\"lazy\" decoding=\"async\" width=\"510\" height=\"510\" src=\"https:\/\/www.visitamalfi.info\/wp-content\/uploads\/2023\/07\/64-Chiostro-del-Paradiso-510x510.jpg\" class=\"attachment-ignition_article_media size-ignition_article_media\" alt=\"\" srcset=\"https:\/\/www.visitamalfi.info\/wp-content\/uploads\/2023\/07\/64-Chiostro-del-Paradiso-510x510.jpg 510w, https:\/\/www.visitamalfi.info\/wp-content\/uploads\/2023\/07\/64-Chiostro-del-Paradiso-150x150.jpg 150w, https:\/\/www.visitamalfi.info\/wp-content\/uploads\/2023\/07\/64-Chiostro-del-Paradiso-160x160.jpg 160w\" sizes=\"(max-width: 510px) 100vw, 510px\" \/><\/a>\n\t\t\t<\/div><\/figure><figure class='gallery-item'>\n\t\t\t<div class='gallery-icon landscape'>\n\t\t\t\t<a data-elementor-open-lightbox=\"yes\" data-elementor-lightbox-slideshow=\"4c9a6edc\" data-elementor-lightbox-title=\"02-Chiostro-del-Paradiso\" data-e-action-hash=\"#elementor-action%3Aaction%3Dlightbox%26settings%3DeyJpZCI6NTM3NiwidXJsIjoiaHR0cHM6XC9cL3d3dy52aXNpdGFtYWxmaS5pbmZvXC93cC1jb250ZW50XC91cGxvYWRzXC8yMDIzXC8wN1wvMDItQ2hpb3N0cm8tZGVsLVBhcmFkaXNvLmpwZyIsInNsaWRlc2hvdyI6IjRjOWE2ZWRjIn0%3D\" href='https:\/\/www.visitamalfi.info\/wp-content\/uploads\/2023\/07\/02-Chiostro-del-Paradiso.jpg' data-lightbox=\"gal[6244]\"><img loading=\"lazy\" decoding=\"async\" width=\"510\" height=\"510\" src=\"https:\/\/www.visitamalfi.info\/wp-content\/uploads\/2023\/07\/02-Chiostro-del-Paradiso-510x510.jpg\" class=\"attachment-ignition_article_media size-ignition_article_media\" alt=\"\" srcset=\"https:\/\/www.visitamalfi.info\/wp-content\/uploads\/2023\/07\/02-Chiostro-del-Paradiso-510x510.jpg 510w, https:\/\/www.visitamalfi.info\/wp-content\/uploads\/2023\/07\/02-Chiostro-del-Paradiso-150x150.jpg 150w, https:\/\/www.visitamalfi.info\/wp-content\/uploads\/2023\/07\/02-Chiostro-del-Paradiso-160x160.jpg 160w\" sizes=\"(max-width: 510px) 100vw, 510px\" \/><\/a>\n\t\t\t<\/div><\/figure><figure class='gallery-item'>\n\t\t\t<div class='gallery-icon landscape'>\n\t\t\t\t<a data-elementor-open-lightbox=\"yes\" data-elementor-lightbox-slideshow=\"4c9a6edc\" data-elementor-lightbox-title=\"02-Cripta\" data-e-action-hash=\"#elementor-action%3Aaction%3Dlightbox%26settings%3DeyJpZCI6NTcwNiwidXJsIjoiaHR0cHM6XC9cL3d3dy52aXNpdGFtYWxmaS5pbmZvXC93cC1jb250ZW50XC91cGxvYWRzXC8yMDIzXC8wN1wvMDItQ3JpcHRhLmpwZyIsInNsaWRlc2hvdyI6IjRjOWE2ZWRjIn0%3D\" href='https:\/\/www.visitamalfi.info\/wp-content\/uploads\/2023\/07\/02-Cripta.jpg' data-lightbox=\"gal[6244]\"><img loading=\"lazy\" decoding=\"async\" width=\"510\" height=\"510\" src=\"https:\/\/www.visitamalfi.info\/wp-content\/uploads\/2023\/07\/02-Cripta-510x510.jpg\" class=\"attachment-ignition_article_media size-ignition_article_media\" alt=\"\" srcset=\"https:\/\/www.visitamalfi.info\/wp-content\/uploads\/2023\/07\/02-Cripta-510x510.jpg 510w, https:\/\/www.visitamalfi.info\/wp-content\/uploads\/2023\/07\/02-Cripta-150x150.jpg 150w, https:\/\/www.visitamalfi.info\/wp-content\/uploads\/2023\/07\/02-Cripta-160x160.jpg 160w\" sizes=\"(max-width: 510px) 100vw, 510px\" \/><\/a>\n\t\t\t<\/div><\/figure><figure class='gallery-item'>\n\t\t\t<div class='gallery-icon landscape'>\n\t\t\t\t<a data-elementor-open-lightbox=\"yes\" data-elementor-lightbox-slideshow=\"4c9a6edc\" data-elementor-lightbox-title=\"12-Cripta-Cattedrale-di-Amalfi\" data-e-action-hash=\"#elementor-action%3Aaction%3Dlightbox%26settings%3DeyJpZCI6NTg4MywidXJsIjoiaHR0cHM6XC9cL3d3dy52aXNpdGFtYWxmaS5pbmZvXC93cC1jb250ZW50XC91cGxvYWRzXC8yMDIzXC8wN1wvMTItQ3JpcHRhLUNhdHRlZHJhbGUtZGktQW1hbGZpLmpwZyIsInNsaWRlc2hvdyI6IjRjOWE2ZWRjIn0%3D\" href='https:\/\/www.visitamalfi.info\/wp-content\/uploads\/2023\/07\/12-Cripta-Cattedrale-di-Amalfi.jpg' data-lightbox=\"gal[6244]\"><img loading=\"lazy\" decoding=\"async\" width=\"510\" height=\"510\" src=\"https:\/\/www.visitamalfi.info\/wp-content\/uploads\/2023\/07\/12-Cripta-Cattedrale-di-Amalfi-510x510.jpg\" class=\"attachment-ignition_article_media size-ignition_article_media\" alt=\"malfiTourGuide_Amalfi_MicheleAmendola_Cripta\" srcset=\"https:\/\/www.visitamalfi.info\/wp-content\/uploads\/2023\/07\/12-Cripta-Cattedrale-di-Amalfi-510x510.jpg 510w, https:\/\/www.visitamalfi.info\/wp-content\/uploads\/2023\/07\/12-Cripta-Cattedrale-di-Amalfi-150x150.jpg 150w, https:\/\/www.visitamalfi.info\/wp-content\/uploads\/2023\/07\/12-Cripta-Cattedrale-di-Amalfi-160x160.jpg 160w\" sizes=\"(max-width: 510px) 100vw, 510px\" \/><\/a>\n\t\t\t<\/div><\/figure><figure class='gallery-item'>\n\t\t\t<div class='gallery-icon landscape'>\n\t\t\t\t<a data-elementor-open-lightbox=\"yes\" data-elementor-lightbox-slideshow=\"4c9a6edc\" data-elementor-lightbox-title=\"11-Cripta-amalfi\" data-e-action-hash=\"#elementor-action%3Aaction%3Dlightbox%26settings%3DeyJpZCI6NTg3OCwidXJsIjoiaHR0cHM6XC9cL3d3dy52aXNpdGFtYWxmaS5pbmZvXC93cC1jb250ZW50XC91cGxvYWRzXC8yMDIzXC8wN1wvMTEtQ3JpcHRhLWFtYWxmaS5qcGciLCJzbGlkZXNob3ciOiI0YzlhNmVkYyJ9\" href='https:\/\/www.visitamalfi.info\/wp-content\/uploads\/2023\/07\/11-Cripta-amalfi.jpg' data-lightbox=\"gal[6244]\"><img loading=\"lazy\" decoding=\"async\" width=\"510\" height=\"510\" src=\"https:\/\/www.visitamalfi.info\/wp-content\/uploads\/2023\/07\/11-Cripta-amalfi-510x510.jpg\" class=\"attachment-ignition_article_media size-ignition_article_media\" alt=\"\" srcset=\"https:\/\/www.visitamalfi.info\/wp-content\/uploads\/2023\/07\/11-Cripta-amalfi-510x510.jpg 510w, https:\/\/www.visitamalfi.info\/wp-content\/uploads\/2023\/07\/11-Cripta-amalfi-150x150.jpg 150w, https:\/\/www.visitamalfi.info\/wp-content\/uploads\/2023\/07\/11-Cripta-amalfi-160x160.jpg 160w\" sizes=\"(max-width: 510px) 100vw, 510px\" \/><\/a>\n\t\t\t<\/div><\/figure><figure class='gallery-item'>\n\t\t\t<div class='gallery-icon landscape'>\n\t\t\t\t<a data-elementor-open-lightbox=\"yes\" data-elementor-lightbox-slideshow=\"4c9a6edc\" data-elementor-lightbox-title=\"04-Cripta-interno\" data-e-action-hash=\"#elementor-action%3Aaction%3Dlightbox%26settings%3DeyJpZCI6NTg5OCwidXJsIjoiaHR0cHM6XC9cL3d3dy52aXNpdGFtYWxmaS5pbmZvXC93cC1jb250ZW50XC91cGxvYWRzXC8yMDIzXC8wN1wvMDQtQ3JpcHRhLWludGVybm8uanBnIiwic2xpZGVzaG93IjoiNGM5YTZlZGMifQ%3D%3D\" href='https:\/\/www.visitamalfi.info\/wp-content\/uploads\/2023\/07\/04-Cripta-interno.jpg' data-lightbox=\"gal[6244]\"><img loading=\"lazy\" decoding=\"async\" width=\"510\" height=\"510\" src=\"https:\/\/www.visitamalfi.info\/wp-content\/uploads\/2023\/07\/04-Cripta-interno-510x510.jpg\" class=\"attachment-ignition_article_media size-ignition_article_media\" alt=\"\" srcset=\"https:\/\/www.visitamalfi.info\/wp-content\/uploads\/2023\/07\/04-Cripta-interno-510x510.jpg 510w, https:\/\/www.visitamalfi.info\/wp-content\/uploads\/2023\/07\/04-Cripta-interno-150x150.jpg 150w, https:\/\/www.visitamalfi.info\/wp-content\/uploads\/2023\/07\/04-Cripta-interno-160x160.jpg 160w\" sizes=\"(max-width: 510px) 100vw, 510px\" \/><\/a>\n\t\t\t<\/div><\/figure><figure class='gallery-item'>\n\t\t\t<div class='gallery-icon landscape'>\n\t\t\t\t<a data-elementor-open-lightbox=\"yes\" data-elementor-lightbox-slideshow=\"4c9a6edc\" data-elementor-lightbox-title=\"59-Basilica-del-Crocifisso\" data-e-action-hash=\"#elementor-action%3Aaction%3Dlightbox%26settings%3DeyJpZCI6NTIwNiwidXJsIjoiaHR0cHM6XC9cL3d3dy52aXNpdGFtYWxmaS5pbmZvXC93cC1jb250ZW50XC91cGxvYWRzXC8yMDIzXC8wN1wvNTktQmFzaWxpY2EtZGVsLUNyb2NpZmlzc28uanBnIiwic2xpZGVzaG93IjoiNGM5YTZlZGMifQ%3D%3D\" href='https:\/\/www.visitamalfi.info\/wp-content\/uploads\/2023\/07\/59-Basilica-del-Crocifisso.jpg' data-lightbox=\"gal[6244]\"><img loading=\"lazy\" decoding=\"async\" width=\"510\" height=\"510\" src=\"https:\/\/www.visitamalfi.info\/wp-content\/uploads\/2023\/07\/59-Basilica-del-Crocifisso-510x510.jpg\" class=\"attachment-ignition_article_media size-ignition_article_media\" alt=\"\" srcset=\"https:\/\/www.visitamalfi.info\/wp-content\/uploads\/2023\/07\/59-Basilica-del-Crocifisso-510x510.jpg 510w, https:\/\/www.visitamalfi.info\/wp-content\/uploads\/2023\/07\/59-Basilica-del-Crocifisso-150x150.jpg 150w, https:\/\/www.visitamalfi.info\/wp-content\/uploads\/2023\/07\/59-Basilica-del-Crocifisso-160x160.jpg 160w\" sizes=\"(max-width: 510px) 100vw, 510px\" \/><\/a>\n\t\t\t<\/div><\/figure><figure class='gallery-item'>\n\t\t\t<div class='gallery-icon landscape'>\n\t\t\t\t<a data-elementor-open-lightbox=\"yes\" data-elementor-lightbox-slideshow=\"4c9a6edc\" data-elementor-lightbox-title=\"11-Basilica-del-Crocifisso-e-Museo-Diocesano\" data-e-action-hash=\"#elementor-action%3Aaction%3Dlightbox%26settings%3DeyJpZCI6NTE4OSwidXJsIjoiaHR0cHM6XC9cL3d3dy52aXNpdGFtYWxmaS5pbmZvXC93cC1jb250ZW50XC91cGxvYWRzXC8yMDIzXC8wN1wvMTEtQmFzaWxpY2EtZGVsLUNyb2NpZmlzc28tZS1NdXNlby1EaW9jZXNhbm8uanBnIiwic2xpZGVzaG93IjoiNGM5YTZlZGMifQ%3D%3D\" href='https:\/\/www.visitamalfi.info\/wp-content\/uploads\/2023\/07\/11-Basilica-del-Crocifisso-e-Museo-Diocesano.jpg' data-lightbox=\"gal[6244]\"><img loading=\"lazy\" decoding=\"async\" width=\"510\" height=\"510\" src=\"https:\/\/www.visitamalfi.info\/wp-content\/uploads\/2023\/07\/11-Basilica-del-Crocifisso-e-Museo-Diocesano-510x510.jpg\" class=\"attachment-ignition_article_media size-ignition_article_media\" alt=\"\" srcset=\"https:\/\/www.visitamalfi.info\/wp-content\/uploads\/2023\/07\/11-Basilica-del-Crocifisso-e-Museo-Diocesano-510x510.jpg 510w, https:\/\/www.visitamalfi.info\/wp-content\/uploads\/2023\/07\/11-Basilica-del-Crocifisso-e-Museo-Diocesano-150x150.jpg 150w, https:\/\/www.visitamalfi.info\/wp-content\/uploads\/2023\/07\/11-Basilica-del-Crocifisso-e-Museo-Diocesano-160x160.jpg 160w\" sizes=\"(max-width: 510px) 100vw, 510px\" \/><\/a>\n\t\t\t<\/div><\/figure><figure class='gallery-item'>\n\t\t\t<div class='gallery-icon landscape'>\n\t\t\t\t<a data-elementor-open-lightbox=\"yes\" data-elementor-lightbox-slideshow=\"4c9a6edc\" data-elementor-lightbox-title=\"40Museo Diocesano\" data-e-action-hash=\"#elementor-action%3Aaction%3Dlightbox%26settings%3DeyJpZCI6NTIzMSwidXJsIjoiaHR0cHM6XC9cL3d3dy52aXNpdGFtYWxmaS5pbmZvXC93cC1jb250ZW50XC91cGxvYWRzXC8yMDIzXC8wN1wvNDBNdXNlby1EaW9jZXNhbm8tc2NhbGVkLmpwZyIsInNsaWRlc2hvdyI6IjRjOWE2ZWRjIn0%3D\" href='https:\/\/www.visitamalfi.info\/wp-content\/uploads\/2023\/07\/40Museo-Diocesano-scaled.jpg' data-lightbox=\"gal[6244]\"><img loading=\"lazy\" decoding=\"async\" width=\"510\" height=\"510\" src=\"https:\/\/www.visitamalfi.info\/wp-content\/uploads\/2023\/07\/40Museo-Diocesano-510x510.jpg\" class=\"attachment-ignition_article_media size-ignition_article_media\" alt=\"\" srcset=\"https:\/\/www.visitamalfi.info\/wp-content\/uploads\/2023\/07\/40Museo-Diocesano-510x510.jpg 510w, https:\/\/www.visitamalfi.info\/wp-content\/uploads\/2023\/07\/40Museo-Diocesano-150x150.jpg 150w, https:\/\/www.visitamalfi.info\/wp-content\/uploads\/2023\/07\/40Museo-Diocesano-160x160.jpg 160w\" sizes=\"(max-width: 510px) 100vw, 510px\" \/><\/a>\n\t\t\t<\/div><\/figure><figure class='gallery-item'>\n\t\t\t<div class='gallery-icon portrait'>\n\t\t\t\t<a data-elementor-open-lightbox=\"yes\" data-elementor-lightbox-slideshow=\"4c9a6edc\" data-elementor-lightbox-title=\"Museo-Diocesano1\" data-e-action-hash=\"#elementor-action%3Aaction%3Dlightbox%26settings%3DeyJpZCI6NTIxNiwidXJsIjoiaHR0cHM6XC9cL3d3dy52aXNpdGFtYWxmaS5pbmZvXC93cC1jb250ZW50XC91cGxvYWRzXC8yMDIzXC8wN1wvTXVzZW8tRGlvY2VzYW5vMS5qcGciLCJzbGlkZXNob3ciOiI0YzlhNmVkYyJ9\" href='https:\/\/www.visitamalfi.info\/wp-content\/uploads\/2023\/07\/Museo-Diocesano1.jpg' data-lightbox=\"gal[6244]\"><img loading=\"lazy\" decoding=\"async\" width=\"510\" height=\"510\" src=\"https:\/\/www.visitamalfi.info\/wp-content\/uploads\/2023\/07\/Museo-Diocesano1-510x510.jpg\" class=\"attachment-ignition_article_media size-ignition_article_media\" alt=\"\" srcset=\"https:\/\/www.visitamalfi.info\/wp-content\/uploads\/2023\/07\/Museo-Diocesano1-510x510.jpg 510w, https:\/\/www.visitamalfi.info\/wp-content\/uploads\/2023\/07\/Museo-Diocesano1-150x150.jpg 150w, https:\/\/www.visitamalfi.info\/wp-content\/uploads\/2023\/07\/Museo-Diocesano1-160x160.jpg 160w\" sizes=\"(max-width: 510px) 100vw, 510px\" \/><\/a>\n\t\t\t<\/div><\/figure><figure class='gallery-item'>\n\t\t\t<div class='gallery-icon landscape'>\n\t\t\t\t<a data-elementor-open-lightbox=\"yes\" data-elementor-lightbox-slideshow=\"4c9a6edc\" data-elementor-lightbox-title=\"Museo-Diocesano\" data-e-action-hash=\"#elementor-action%3Aaction%3Dlightbox%26settings%3DeyJpZCI6NTIxMSwidXJsIjoiaHR0cHM6XC9cL3d3dy52aXNpdGFtYWxmaS5pbmZvXC93cC1jb250ZW50XC91cGxvYWRzXC8yMDIzXC8wN1wvTXVzZW8tRGlvY2VzYW5vLmpwZyIsInNsaWRlc2hvdyI6IjRjOWE2ZWRjIn0%3D\" href='https:\/\/www.visitamalfi.info\/wp-content\/uploads\/2023\/07\/Museo-Diocesano.jpg' data-lightbox=\"gal[6244]\"><img loading=\"lazy\" decoding=\"async\" width=\"510\" height=\"510\" src=\"https:\/\/www.visitamalfi.info\/wp-content\/uploads\/2023\/07\/Museo-Diocesano-510x510.jpg\" class=\"attachment-ignition_article_media size-ignition_article_media\" alt=\"\" srcset=\"https:\/\/www.visitamalfi.info\/wp-content\/uploads\/2023\/07\/Museo-Diocesano-510x510.jpg 510w, https:\/\/www.visitamalfi.info\/wp-content\/uploads\/2023\/07\/Museo-Diocesano-150x150.jpg 150w, https:\/\/www.visitamalfi.info\/wp-content\/uploads\/2023\/07\/Museo-Diocesano-160x160.jpg 160w\" sizes=\"(max-width: 510px) 100vw, 510px\" \/><\/a>\n\t\t\t<\/div><\/figure><figure class='gallery-item'>\n\t\t\t<div class='gallery-icon landscape'>\n\t\t\t\t<a data-elementor-open-lightbox=\"yes\" data-elementor-lightbox-slideshow=\"4c9a6edc\" data-elementor-lightbox-title=\"30Museo-Diocesano\" data-e-action-hash=\"#elementor-action%3Aaction%3Dlightbox%26settings%3DeyJpZCI6NTIzNiwidXJsIjoiaHR0cHM6XC9cL3d3dy52aXNpdGFtYWxmaS5pbmZvXC93cC1jb250ZW50XC91cGxvYWRzXC8yMDIzXC8wN1wvMzBNdXNlby1EaW9jZXNhbm8uanBnIiwic2xpZGVzaG93IjoiNGM5YTZlZGMifQ%3D%3D\" href='https:\/\/www.visitamalfi.info\/wp-content\/uploads\/2023\/07\/30Museo-Diocesano.jpg' data-lightbox=\"gal[6244]\"><img loading=\"lazy\" decoding=\"async\" width=\"510\" height=\"510\" src=\"https:\/\/www.visitamalfi.info\/wp-content\/uploads\/2023\/07\/30Museo-Diocesano-510x510.jpg\" class=\"attachment-ignition_article_media size-ignition_article_media\" alt=\"\" srcset=\"https:\/\/www.visitamalfi.info\/wp-content\/uploads\/2023\/07\/30Museo-Diocesano-510x510.jpg 510w, https:\/\/www.visitamalfi.info\/wp-content\/uploads\/2023\/07\/30Museo-Diocesano-150x150.jpg 150w, https:\/\/www.visitamalfi.info\/wp-content\/uploads\/2023\/07\/30Museo-Diocesano-160x160.jpg 160w\" sizes=\"(max-width: 510px) 100vw, 510px\" \/><\/a>\n\t\t\t<\/div><\/figure>\n\t\t<\/div>\n\t\t<\/div>\n\t\t\t\t\t\t<\/div>\n\t\t\t\t<\/div>\n\t\t\t\t\t<\/div>\n\t\t<\/div>\n\t\t\t\t\t<\/div>\n\t\t<\/section>\n\t\t\t\t<section class=\"elementor-section elementor-top-section elementor-element elementor-element-24c6fb7f elementor-section-full_width elementor-section-height-default elementor-section-height-default\" data-id=\"24c6fb7f\" data-element_type=\"section\" data-e-type=\"section\">\n\t\t\t\t\t\t<div class=\"elementor-container elementor-column-gap-no\">\n\t\t\t\t\t<div class=\"elementor-column elementor-col-100 elementor-top-column elementor-element elementor-element-35a1f545\" data-id=\"35a1f545\" data-element_type=\"column\" data-e-type=\"column\">\n\t\t\t<div class=\"elementor-widget-wrap elementor-element-populated\">\n\t\t\t\t\t\t<div class=\"elementor-element elementor-element-579a950c elementor-widget elementor-widget-google_maps\" data-id=\"579a950c\" data-element_type=\"widget\" data-e-type=\"widget\" data-widget_type=\"google_maps.default\">\n\t\t\t\t<div class=\"elementor-widget-container\">\n\t\t\t\t\t\t\t<div class=\"elementor-custom-embed\">\n\t\t\t<iframe loading=\"lazy\"\n\t\t\t\t\tsrc=\"https:\/\/maps.google.com\/maps?q=Chiostro%20del%20Paradiso%2C%20Amalfi&#038;t=m&#038;z=16&#038;output=embed&#038;iwloc=near\"\n\t\t\t\t\ttitle=\"Chiostro del Paradiso, Amalfi\"\n\t\t\t\t\taria-label=\"Chiostro del Paradiso, Amalfi\"\n\t\t\t><\/iframe>\n\t\t<\/div>\n\t\t\t\t\t\t<\/div>\n\t\t\t\t<\/div>\n\t\t\t\t\t<\/div>\n\t\t<\/div>\n\t\t\t\t\t<\/div>\n\t\t<\/section>\n\t\t\t\t<\/div>\n\t\t","protected":false},"excerpt":{"rendered":"<p>Complexe monumental de la cath\u00e9drale L&#8217;ensemble monumental de la cath\u00e9drale d&#8217;Amalfi comprend le clo\u00eetre du Paradis, la crypte de Saint-Andr\u00e9 et le mus\u00e9e dioc\u00e9sain, qui se trouve \u00e0 l&#8217;int\u00e9rieur de [&hellip;]<\/p>\n","protected":false},"author":1,"featured_media":1828,"parent":6225,"menu_order":0,"comment_status":"closed","ping_status":"closed","template":"elementor_header_footer","meta":{"inline_featured_image":false,"footnotes":""},"class_list":["post-6244","page","type-page","status-publish","has-post-thumbnail","hentry"],"yoast_head":"<!-- This site is optimized with the Yoast SEO plugin v27.3 - https:\/\/yoast.com\/product\/yoast-seo-wordpress\/ -->\n<title>Ensemble monumental de la cath\u00e9drale d&#039;Amalfi - Visit Amalfi<\/title>\n<meta name=\"robots\" content=\"index, follow, max-snippet:-1, max-image-preview:large, max-video-preview:-1\" \/>\n<link rel=\"canonical\" href=\"https:\/\/www.visitamalfi.info\/fr\/points-dinteret-a-amalfi\/ensemble-monumental-de-la-cathedrale-damalfi\/\" \/>\n<meta property=\"og:locale\" content=\"fr_FR\" \/>\n<meta property=\"og:type\" content=\"article\" \/>\n<meta property=\"og:title\" content=\"Ensemble monumental de la cath\u00e9drale d&#039;Amalfi - Visit Amalfi\" \/>\n<meta property=\"og:description\" content=\"Complexe monumental de la cath\u00e9drale L&#8217;ensemble monumental de la cath\u00e9drale d&#8217;Amalfi comprend le clo\u00eetre du Paradis, la crypte de Saint-Andr\u00e9 et le mus\u00e9e dioc\u00e9sain, qui se trouve \u00e0 l&#8217;int\u00e9rieur de [&hellip;]\" \/>\n<meta property=\"og:url\" content=\"https:\/\/www.visitamalfi.info\/fr\/points-dinteret-a-amalfi\/ensemble-monumental-de-la-cathedrale-damalfi\/\" \/>\n<meta property=\"og:site_name\" content=\"Visit Amalfi\" \/>\n<meta property=\"article:publisher\" content=\"https:\/\/www.facebook.com\/visitamalfiofficial\" \/>\n<meta property=\"article:modified_time\" content=\"2023-08-13T14:27:43+00:00\" \/>\n<meta property=\"og:image\" content=\"https:\/\/www.visitamalfi.info\/wp-content\/uploads\/2023\/05\/chiostro-del-paradiso-amalfi.jpg\" \/>\n\t<meta property=\"og:image:width\" content=\"1920\" \/>\n\t<meta property=\"og:image:height\" content=\"1280\" \/>\n\t<meta property=\"og:image:type\" content=\"image\/jpeg\" \/>\n<meta name=\"twitter:card\" content=\"summary_large_image\" \/>\n<meta name=\"twitter:label1\" content=\"Dur\u00e9e de lecture estim\u00e9e\" \/>\n\t<meta name=\"twitter:data1\" content=\"2 minutes\" \/>\n<script type=\"application\/ld+json\" class=\"yoast-schema-graph\">{\"@context\":\"https:\\\/\\\/schema.org\",\"@graph\":[{\"@type\":\"WebPage\",\"@id\":\"https:\\\/\\\/www.visitamalfi.info\\\/fr\\\/points-dinteret-a-amalfi\\\/ensemble-monumental-de-la-cathedrale-damalfi\\\/\",\"url\":\"https:\\\/\\\/www.visitamalfi.info\\\/fr\\\/points-dinteret-a-amalfi\\\/ensemble-monumental-de-la-cathedrale-damalfi\\\/\",\"name\":\"Ensemble monumental de la cath\u00e9drale d'Amalfi - Visit Amalfi\",\"isPartOf\":{\"@id\":\"https:\\\/\\\/www.visitamalfi.info\\\/fr\\\/#website\"},\"primaryImageOfPage\":{\"@id\":\"https:\\\/\\\/www.visitamalfi.info\\\/fr\\\/points-dinteret-a-amalfi\\\/ensemble-monumental-de-la-cathedrale-damalfi\\\/#primaryimage\"},\"image\":{\"@id\":\"https:\\\/\\\/www.visitamalfi.info\\\/fr\\\/points-dinteret-a-amalfi\\\/ensemble-monumental-de-la-cathedrale-damalfi\\\/#primaryimage\"},\"thumbnailUrl\":\"https:\\\/\\\/www.visitamalfi.info\\\/wp-content\\\/uploads\\\/2023\\\/05\\\/chiostro-del-paradiso-amalfi.jpg\",\"datePublished\":\"2023-05-31T08:25:49+00:00\",\"dateModified\":\"2023-08-13T14:27:43+00:00\",\"breadcrumb\":{\"@id\":\"https:\\\/\\\/www.visitamalfi.info\\\/fr\\\/points-dinteret-a-amalfi\\\/ensemble-monumental-de-la-cathedrale-damalfi\\\/#breadcrumb\"},\"inLanguage\":\"fr-FR\",\"potentialAction\":[{\"@type\":\"ReadAction\",\"target\":[\"https:\\\/\\\/www.visitamalfi.info\\\/fr\\\/points-dinteret-a-amalfi\\\/ensemble-monumental-de-la-cathedrale-damalfi\\\/\"]}]},{\"@type\":\"ImageObject\",\"inLanguage\":\"fr-FR\",\"@id\":\"https:\\\/\\\/www.visitamalfi.info\\\/fr\\\/points-dinteret-a-amalfi\\\/ensemble-monumental-de-la-cathedrale-damalfi\\\/#primaryimage\",\"url\":\"https:\\\/\\\/www.visitamalfi.info\\\/wp-content\\\/uploads\\\/2023\\\/05\\\/chiostro-del-paradiso-amalfi.jpg\",\"contentUrl\":\"https:\\\/\\\/www.visitamalfi.info\\\/wp-content\\\/uploads\\\/2023\\\/05\\\/chiostro-del-paradiso-amalfi.jpg\",\"width\":1920,\"height\":1280},{\"@type\":\"BreadcrumbList\",\"@id\":\"https:\\\/\\\/www.visitamalfi.info\\\/fr\\\/points-dinteret-a-amalfi\\\/ensemble-monumental-de-la-cathedrale-damalfi\\\/#breadcrumb\",\"itemListElement\":[{\"@type\":\"ListItem\",\"position\":1,\"name\":\"Home\",\"item\":\"https:\\\/\\\/www.visitamalfi.info\\\/fr\\\/\"},{\"@type\":\"ListItem\",\"position\":2,\"name\":\"Points d&#8217;int\u00e9r\u00eat \u00e0 Amalfi\",\"item\":\"https:\\\/\\\/www.visitamalfi.info\\\/fr\\\/points-dinteret-a-amalfi\\\/\"},{\"@type\":\"ListItem\",\"position\":3,\"name\":\"Ensemble monumental de la cath\u00e9drale d&#8217;Amalfi\"}]},{\"@type\":\"WebSite\",\"@id\":\"https:\\\/\\\/www.visitamalfi.info\\\/fr\\\/#website\",\"url\":\"https:\\\/\\\/www.visitamalfi.info\\\/fr\\\/\",\"name\":\"Visit Amalfi\",\"description\":\"Amalfi Destination Official Website\",\"publisher\":{\"@id\":\"https:\\\/\\\/www.visitamalfi.info\\\/fr\\\/#organization\"},\"potentialAction\":[{\"@type\":\"SearchAction\",\"target\":{\"@type\":\"EntryPoint\",\"urlTemplate\":\"https:\\\/\\\/www.visitamalfi.info\\\/fr\\\/?s={search_term_string}\"},\"query-input\":{\"@type\":\"PropertyValueSpecification\",\"valueRequired\":true,\"valueName\":\"search_term_string\"}}],\"inLanguage\":\"fr-FR\"},{\"@type\":\"Organization\",\"@id\":\"https:\\\/\\\/www.visitamalfi.info\\\/fr\\\/#organization\",\"name\":\"Visit Amalfi\",\"url\":\"https:\\\/\\\/www.visitamalfi.info\\\/fr\\\/\",\"logo\":{\"@type\":\"ImageObject\",\"inLanguage\":\"fr-FR\",\"@id\":\"https:\\\/\\\/www.visitamalfi.info\\\/fr\\\/#\\\/schema\\\/logo\\\/image\\\/\",\"url\":\"https:\\\/\\\/www.visitamalfi.info\\\/wp-content\\\/uploads\\\/2023\\\/04\\\/visit-amalfi-logo-web.png\",\"contentUrl\":\"https:\\\/\\\/www.visitamalfi.info\\\/wp-content\\\/uploads\\\/2023\\\/04\\\/visit-amalfi-logo-web.png\",\"width\":800,\"height\":870,\"caption\":\"Visit Amalfi\"},\"image\":{\"@id\":\"https:\\\/\\\/www.visitamalfi.info\\\/fr\\\/#\\\/schema\\\/logo\\\/image\\\/\"},\"sameAs\":[\"https:\\\/\\\/www.facebook.com\\\/visitamalfiofficial\",\"https:\\\/\\\/www.instagram.com\\\/visitamalfiofficial\\\/\"]}]}<\/script>\n<!-- \/ Yoast SEO plugin. -->","yoast_head_json":{"title":"Ensemble monumental de la cath\u00e9drale d'Amalfi - Visit Amalfi","robots":{"index":"index","follow":"follow","max-snippet":"max-snippet:-1","max-image-preview":"max-image-preview:large","max-video-preview":"max-video-preview:-1"},"canonical":"https:\/\/www.visitamalfi.info\/fr\/points-dinteret-a-amalfi\/ensemble-monumental-de-la-cathedrale-damalfi\/","og_locale":"fr_FR","og_type":"article","og_title":"Ensemble monumental de la cath\u00e9drale d'Amalfi - Visit Amalfi","og_description":"Complexe monumental de la cath\u00e9drale L&#8217;ensemble monumental de la cath\u00e9drale d&#8217;Amalfi comprend le clo\u00eetre du Paradis, la crypte de Saint-Andr\u00e9 et le mus\u00e9e dioc\u00e9sain, qui se trouve \u00e0 l&#8217;int\u00e9rieur de [&hellip;]","og_url":"https:\/\/www.visitamalfi.info\/fr\/points-dinteret-a-amalfi\/ensemble-monumental-de-la-cathedrale-damalfi\/","og_site_name":"Visit Amalfi","article_publisher":"https:\/\/www.facebook.com\/visitamalfiofficial","article_modified_time":"2023-08-13T14:27:43+00:00","og_image":[{"width":1920,"height":1280,"url":"https:\/\/www.visitamalfi.info\/wp-content\/uploads\/2023\/05\/chiostro-del-paradiso-amalfi.jpg","type":"image\/jpeg"}],"twitter_card":"summary_large_image","twitter_misc":{"Dur\u00e9e de lecture estim\u00e9e":"2 minutes"},"schema":{"@context":"https:\/\/schema.org","@graph":[{"@type":"WebPage","@id":"https:\/\/www.visitamalfi.info\/fr\/points-dinteret-a-amalfi\/ensemble-monumental-de-la-cathedrale-damalfi\/","url":"https:\/\/www.visitamalfi.info\/fr\/points-dinteret-a-amalfi\/ensemble-monumental-de-la-cathedrale-damalfi\/","name":"Ensemble monumental de la cath\u00e9drale d'Amalfi - Visit Amalfi","isPartOf":{"@id":"https:\/\/www.visitamalfi.info\/fr\/#website"},"primaryImageOfPage":{"@id":"https:\/\/www.visitamalfi.info\/fr\/points-dinteret-a-amalfi\/ensemble-monumental-de-la-cathedrale-damalfi\/#primaryimage"},"image":{"@id":"https:\/\/www.visitamalfi.info\/fr\/points-dinteret-a-amalfi\/ensemble-monumental-de-la-cathedrale-damalfi\/#primaryimage"},"thumbnailUrl":"https:\/\/www.visitamalfi.info\/wp-content\/uploads\/2023\/05\/chiostro-del-paradiso-amalfi.jpg","datePublished":"2023-05-31T08:25:49+00:00","dateModified":"2023-08-13T14:27:43+00:00","breadcrumb":{"@id":"https:\/\/www.visitamalfi.info\/fr\/points-dinteret-a-amalfi\/ensemble-monumental-de-la-cathedrale-damalfi\/#breadcrumb"},"inLanguage":"fr-FR","potentialAction":[{"@type":"ReadAction","target":["https:\/\/www.visitamalfi.info\/fr\/points-dinteret-a-amalfi\/ensemble-monumental-de-la-cathedrale-damalfi\/"]}]},{"@type":"ImageObject","inLanguage":"fr-FR","@id":"https:\/\/www.visitamalfi.info\/fr\/points-dinteret-a-amalfi\/ensemble-monumental-de-la-cathedrale-damalfi\/#primaryimage","url":"https:\/\/www.visitamalfi.info\/wp-content\/uploads\/2023\/05\/chiostro-del-paradiso-amalfi.jpg","contentUrl":"https:\/\/www.visitamalfi.info\/wp-content\/uploads\/2023\/05\/chiostro-del-paradiso-amalfi.jpg","width":1920,"height":1280},{"@type":"BreadcrumbList","@id":"https:\/\/www.visitamalfi.info\/fr\/points-dinteret-a-amalfi\/ensemble-monumental-de-la-cathedrale-damalfi\/#breadcrumb","itemListElement":[{"@type":"ListItem","position":1,"name":"Home","item":"https:\/\/www.visitamalfi.info\/fr\/"},{"@type":"ListItem","position":2,"name":"Points d&#8217;int\u00e9r\u00eat \u00e0 Amalfi","item":"https:\/\/www.visitamalfi.info\/fr\/points-dinteret-a-amalfi\/"},{"@type":"ListItem","position":3,"name":"Ensemble monumental de la cath\u00e9drale d&#8217;Amalfi"}]},{"@type":"WebSite","@id":"https:\/\/www.visitamalfi.info\/fr\/#website","url":"https:\/\/www.visitamalfi.info\/fr\/","name":"Visit Amalfi","description":"Amalfi Destination Official Website","publisher":{"@id":"https:\/\/www.visitamalfi.info\/fr\/#organization"},"potentialAction":[{"@type":"SearchAction","target":{"@type":"EntryPoint","urlTemplate":"https:\/\/www.visitamalfi.info\/fr\/?s={search_term_string}"},"query-input":{"@type":"PropertyValueSpecification","valueRequired":true,"valueName":"search_term_string"}}],"inLanguage":"fr-FR"},{"@type":"Organization","@id":"https:\/\/www.visitamalfi.info\/fr\/#organization","name":"Visit Amalfi","url":"https:\/\/www.visitamalfi.info\/fr\/","logo":{"@type":"ImageObject","inLanguage":"fr-FR","@id":"https:\/\/www.visitamalfi.info\/fr\/#\/schema\/logo\/image\/","url":"https:\/\/www.visitamalfi.info\/wp-content\/uploads\/2023\/04\/visit-amalfi-logo-web.png","contentUrl":"https:\/\/www.visitamalfi.info\/wp-content\/uploads\/2023\/04\/visit-amalfi-logo-web.png","width":800,"height":870,"caption":"Visit Amalfi"},"image":{"@id":"https:\/\/www.visitamalfi.info\/fr\/#\/schema\/logo\/image\/"},"sameAs":["https:\/\/www.facebook.com\/visitamalfiofficial","https:\/\/www.instagram.com\/visitamalfiofficial\/"]}]}},"_links":{"self":[{"href":"https:\/\/www.visitamalfi.info\/fr\/wp-json\/wp\/v2\/pages\/6244","targetHints":{"allow":["GET"]}}],"collection":[{"href":"https:\/\/www.visitamalfi.info\/fr\/wp-json\/wp\/v2\/pages"}],"about":[{"href":"https:\/\/www.visitamalfi.info\/fr\/wp-json\/wp\/v2\/types\/page"}],"author":[{"embeddable":true,"href":"https:\/\/www.visitamalfi.info\/fr\/wp-json\/wp\/v2\/users\/1"}],"replies":[{"embeddable":true,"href":"https:\/\/www.visitamalfi.info\/fr\/wp-json\/wp\/v2\/comments?post=6244"}],"version-history":[{"count":4,"href":"https:\/\/www.visitamalfi.info\/fr\/wp-json\/wp\/v2\/pages\/6244\/revisions"}],"predecessor-version":[{"id":10173,"href":"https:\/\/www.visitamalfi.info\/fr\/wp-json\/wp\/v2\/pages\/6244\/revisions\/10173"}],"up":[{"embeddable":true,"href":"https:\/\/www.visitamalfi.info\/fr\/wp-json\/wp\/v2\/pages\/6225"}],"wp:featuredmedia":[{"embeddable":true,"href":"https:\/\/www.visitamalfi.info\/fr\/wp-json\/wp\/v2\/media\/1828"}],"wp:attachment":[{"href":"https:\/\/www.visitamalfi.info\/fr\/wp-json\/wp\/v2\/media?parent=6244"}],"curies":[{"name":"wp","href":"https:\/\/api.w.org\/{rel}","templated":true}]}}