{"id":17702,"date":"2024-04-17T19:44:27","date_gmt":"2024-04-17T17:44:27","guid":{"rendered":"https:\/\/www.visitamalfi.info\/?post_type=ignition-package&#038;p=17702"},"modified":"2024-06-17T16:04:14","modified_gmt":"2024-06-17T14:04:14","slug":"proposition-dexperience-maritime-premium-4-jours","status":"publish","type":"ignition-package","link":"https:\/\/www.visitamalfi.info\/fr\/package\/proposition-dexperience-maritime-premium-4-jours\/","title":{"rendered":"Proposition d&#8217;exp\u00e9rience maritime premium &#8211; 4 jours"},"content":{"rendered":"\t\t<div data-elementor-type=\"wp-post\" data-elementor-id=\"17702\" class=\"elementor elementor-17702 elementor-17698\">\n\t\t\t\t\t\t<section class=\"elementor-section elementor-top-section elementor-element elementor-element-11336dd2 elementor-section-full_width elementor-section-height-default elementor-section-height-default\" data-id=\"11336dd2\" data-element_type=\"section\" data-e-type=\"section\">\n\t\t\t\t\t\t<div class=\"elementor-container elementor-column-gap-no\">\n\t\t\t\t\t<div class=\"elementor-column elementor-col-100 elementor-top-column elementor-element elementor-element-9921d2c\" data-id=\"9921d2c\" data-element_type=\"column\" data-e-type=\"column\">\n\t\t\t<div class=\"elementor-widget-wrap elementor-element-populated\">\n\t\t\t\t\t\t<div class=\"elementor-element elementor-element-230d350e elementor-widget__width-initial elementor-widget elementor-widget-text-editor\" data-id=\"230d350e\" data-element_type=\"widget\" data-e-type=\"widget\" data-widget_type=\"text-editor.default\">\n\t\t\t\t<div class=\"elementor-widget-container\">\n\t\t\t\t\t\t\t\t\t<p>Excursions en bateau pour d\u00e9couvrir la c\u00f4te amalfitaine, Pestum et l&#8217;\u00eele de Procida<\/p>\n<p><strong>Nombre maximum de participants :<\/strong> 10<br \/><strong>Disponibilit\u00e9 :<\/strong> 01\/04 &#8211; 31\/10<\/p>\n\t\t\t\t\t\t\t\t<\/div>\n\t\t\t\t<\/div>\n\t\t\t\t<div class=\"elementor-element elementor-element-2b00874e is-style-ignition-cousteau-pro-anchor-title elementor-widget elementor-widget-heading\" data-id=\"2b00874e\" data-element_type=\"widget\" data-e-type=\"widget\" data-widget_type=\"heading.default\">\n\t\t\t\t<div class=\"elementor-widget-container\">\n\t\t\t\t\t<h2 class=\"elementor-heading-title elementor-size-default\">Itin\u00e9raire <\/h2>\t\t\t\t<\/div>\n\t\t\t\t<\/div>\n\t\t\t\t<div class=\"elementor-element elementor-element-536a615 elementor-widget elementor-widget-text-editor\" data-id=\"536a615\" data-element_type=\"widget\" data-e-type=\"widget\" data-widget_type=\"text-editor.default\">\n\t\t\t\t<div class=\"elementor-widget-container\">\n\t\t\t\t\t\t\t\t\t<p>Trois jours \u00e0 la d\u00e9couverte des merveilles de la c\u00f4te amalfitaine et au-del\u00e0, en compagnie de Gioacchino et de son \u00e9quipe qui, avec leurs h\u00f4tes, cr\u00e9eront des exp\u00e9riences sur mesure pour explorer les lieux les plus c\u00e9l\u00e8bres de la Campanie.<\/p>\n\t\t\t\t\t\t\t\t<\/div>\n\t\t\t\t<\/div>\n\t\t\t\t<div class=\"elementor-element elementor-element-31cc8b7e elementor-widget elementor-widget-spacer\" data-id=\"31cc8b7e\" data-element_type=\"widget\" data-e-type=\"widget\" data-widget_type=\"spacer.default\">\n\t\t\t\t<div class=\"elementor-widget-container\">\n\t\t\t\t\t\t\t<div class=\"elementor-spacer\">\n\t\t\t<div class=\"elementor-spacer-inner\"><\/div>\n\t\t<\/div>\n\t\t\t\t\t\t<\/div>\n\t\t\t\t<\/div>\n\t\t\t\t<section class=\"elementor-section elementor-inner-section elementor-element elementor-element-3c107755 elementor-section-full_width elementor-section-height-default elementor-section-height-default\" data-id=\"3c107755\" data-element_type=\"section\" data-e-type=\"section\">\n\t\t\t\t\t\t<div class=\"elementor-container elementor-column-gap-extended\">\n\t\t\t\t\t<div class=\"elementor-column elementor-col-100 elementor-inner-column elementor-element elementor-element-76e0368c\" data-id=\"76e0368c\" data-element_type=\"column\" data-e-type=\"column\" data-settings=\"{&quot;background_background&quot;:&quot;gradient&quot;}\">\n\t\t\t<div class=\"elementor-widget-wrap elementor-element-populated\">\n\t\t\t\t\t\t<div class=\"elementor-element elementor-element-5d9d59e4 elementor-widget elementor-widget-heading\" data-id=\"5d9d59e4\" data-element_type=\"widget\" data-e-type=\"widget\" data-widget_type=\"heading.default\">\n\t\t\t\t<div class=\"elementor-widget-container\">\n\t\t\t\t\t<h3 class=\"elementor-heading-title elementor-size-default\">Jour 1 - Excursion en bateau sur la c\u00f4te amalfitaine<\/h3>\t\t\t\t<\/div>\n\t\t\t\t<\/div>\n\t\t\t\t\t<\/div>\n\t\t<\/div>\n\t\t\t\t\t<\/div>\n\t\t<\/section>\n\t\t\t\t<div class=\"elementor-element elementor-element-67a8726a elementor-widget elementor-widget-spacer\" data-id=\"67a8726a\" data-element_type=\"widget\" data-e-type=\"widget\" data-widget_type=\"spacer.default\">\n\t\t\t\t<div class=\"elementor-widget-container\">\n\t\t\t\t\t\t\t<div class=\"elementor-spacer\">\n\t\t\t<div class=\"elementor-spacer-inner\"><\/div>\n\t\t<\/div>\n\t\t\t\t\t\t<\/div>\n\t\t\t\t<\/div>\n\t\t\t\t<div class=\"elementor-element elementor-element-33614226 elementor-widget elementor-widget-text-editor\" data-id=\"33614226\" data-element_type=\"widget\" data-e-type=\"widget\" data-widget_type=\"text-editor.default\">\n\t\t\t\t<div class=\"elementor-widget-container\">\n\t\t\t\t\t\t\t\t\t<p><img decoding=\"async\" class=\"wp-image-4789 alignright\" src=\"https:\/\/www.visitamalfi.info\/wp-content\/uploads\/2023\/07\/emanueleanastasioph-DMO-2023_ana9342-150x150.jpg\" alt=\"\" width=\"150\" height=\"225\" srcset=\"https:\/\/www.visitamalfi.info\/wp-content\/uploads\/2023\/07\/emanueleanastasioph-DMO-2023_ana9342-200x300.jpg 200w, https:\/\/www.visitamalfi.info\/wp-content\/uploads\/2023\/07\/emanueleanastasioph-DMO-2023_ana9342-683x1024.jpg 683w, https:\/\/www.visitamalfi.info\/wp-content\/uploads\/2023\/07\/emanueleanastasioph-DMO-2023_ana9342-768x1152.jpg 768w, https:\/\/www.visitamalfi.info\/wp-content\/uploads\/2023\/07\/emanueleanastasioph-DMO-2023_ana9342-1024x1536.jpg 1024w, https:\/\/www.visitamalfi.info\/wp-content\/uploads\/2023\/07\/emanueleanastasioph-DMO-2023_ana9342-1365x2048.jpg 1365w, https:\/\/www.visitamalfi.info\/wp-content\/uploads\/2023\/07\/emanueleanastasioph-DMO-2023_ana9342-scaled.jpg 1707w\" sizes=\"(max-width: 150px) 100vw, 150px\" \/> Naviguer le long de la c\u00f4te, se baigner dans les eaux cristallines et se d\u00e9tendre autour d&#8217;un verre restera \u00e0 jamais le souvenir de vacances de r\u00eave.<\/p>\n<p>Possibilit\u00e9 de s&#8217;arr\u00eater \u00e0 Nerano.<\/p><\/p>\n\t\t\t\t\t\t\t\t<\/div>\n\t\t\t\t<\/div>\n\t\t\t\t<div class=\"elementor-element elementor-element-2264f0eb elementor-widget elementor-widget-spacer\" data-id=\"2264f0eb\" data-element_type=\"widget\" data-e-type=\"widget\" data-widget_type=\"spacer.default\">\n\t\t\t\t<div class=\"elementor-widget-container\">\n\t\t\t\t\t\t\t<div class=\"elementor-spacer\">\n\t\t\t<div class=\"elementor-spacer-inner\"><\/div>\n\t\t<\/div>\n\t\t\t\t\t\t<\/div>\n\t\t\t\t<\/div>\n\t\t\t\t<section class=\"elementor-section elementor-inner-section elementor-element elementor-element-2086e8e9 elementor-section-full_width elementor-section-height-default elementor-section-height-default\" data-id=\"2086e8e9\" data-element_type=\"section\" data-e-type=\"section\">\n\t\t\t\t\t\t<div class=\"elementor-container elementor-column-gap-extended\">\n\t\t\t\t\t<div class=\"elementor-column elementor-col-100 elementor-inner-column elementor-element elementor-element-76c7120b\" data-id=\"76c7120b\" data-element_type=\"column\" data-e-type=\"column\" data-settings=\"{&quot;background_background&quot;:&quot;gradient&quot;}\">\n\t\t\t<div class=\"elementor-widget-wrap elementor-element-populated\">\n\t\t\t\t\t\t<div class=\"elementor-element elementor-element-22292ca9 elementor-widget elementor-widget-heading\" data-id=\"22292ca9\" data-element_type=\"widget\" data-e-type=\"widget\" data-widget_type=\"heading.default\">\n\t\t\t\t<div class=\"elementor-widget-container\">\n\t\t\t\t\t<h3 class=\"elementor-heading-title elementor-size-default\">Jour 2 - Excursion en bateau \u00e0 Pestum<\/h3>\t\t\t\t<\/div>\n\t\t\t\t<\/div>\n\t\t\t\t\t<\/div>\n\t\t<\/div>\n\t\t\t\t\t<\/div>\n\t\t<\/section>\n\t\t\t\t<div class=\"elementor-element elementor-element-143fbee elementor-widget elementor-widget-spacer\" data-id=\"143fbee\" data-element_type=\"widget\" data-e-type=\"widget\" data-widget_type=\"spacer.default\">\n\t\t\t\t<div class=\"elementor-widget-container\">\n\t\t\t\t\t\t\t<div class=\"elementor-spacer\">\n\t\t\t<div class=\"elementor-spacer-inner\"><\/div>\n\t\t<\/div>\n\t\t\t\t\t\t<\/div>\n\t\t\t\t<\/div>\n\t\t\t\t<div class=\"elementor-element elementor-element-697344cd elementor-widget elementor-widget-text-editor\" data-id=\"697344cd\" data-element_type=\"widget\" data-e-type=\"widget\" data-widget_type=\"text-editor.default\">\n\t\t\t\t<div class=\"elementor-widget-container\">\n\t\t\t\t\t\t\t\t\t<p><img decoding=\"async\" class=\"wp-image-9973 alignleft\" src=\"https:\/\/www.visitamalfi.info\/wp-content\/uploads\/2023\/06\/Da-Gioacchino-Amalfi-Capitani-300x300.jpeg\" alt=\"\" width=\"150\" height=\"150\" srcset=\"https:\/\/www.visitamalfi.info\/wp-content\/uploads\/2023\/06\/Da-Gioacchino-Amalfi-Capitani-300x300.jpeg 300w, https:\/\/www.visitamalfi.info\/wp-content\/uploads\/2023\/06\/Da-Gioacchino-Amalfi-Capitani-510x510.jpeg 510w, https:\/\/www.visitamalfi.info\/wp-content\/uploads\/2023\/06\/Da-Gioacchino-Amalfi-Capitani-160x160.jpeg 160w\" sizes=\"(max-width: 150px) 100vw, 150px\" \/>Navigation vers Pestum avec la possibilit\u00e9 de s&#8217;arr\u00eater pour visiter la zone arch\u00e9ologique. Un m\u00e9lange parfait de mer, de culture et de plaisir. <\/p><\/p>\n\t\t\t\t\t\t\t\t<\/div>\n\t\t\t\t<\/div>\n\t\t\t\t<div class=\"elementor-element elementor-element-12d32799 elementor-widget elementor-widget-spacer\" data-id=\"12d32799\" data-element_type=\"widget\" data-e-type=\"widget\" data-widget_type=\"spacer.default\">\n\t\t\t\t<div class=\"elementor-widget-container\">\n\t\t\t\t\t\t\t<div class=\"elementor-spacer\">\n\t\t\t<div class=\"elementor-spacer-inner\"><\/div>\n\t\t<\/div>\n\t\t\t\t\t\t<\/div>\n\t\t\t\t<\/div>\n\t\t\t\t<section class=\"elementor-section elementor-inner-section elementor-element elementor-element-4478a12d elementor-section-full_width elementor-section-height-default elementor-section-height-default\" data-id=\"4478a12d\" data-element_type=\"section\" data-e-type=\"section\">\n\t\t\t\t\t\t<div class=\"elementor-container elementor-column-gap-extended\">\n\t\t\t\t\t<div class=\"elementor-column elementor-col-100 elementor-inner-column elementor-element elementor-element-6eab5cb4\" data-id=\"6eab5cb4\" data-element_type=\"column\" data-e-type=\"column\" data-settings=\"{&quot;background_background&quot;:&quot;gradient&quot;}\">\n\t\t\t<div class=\"elementor-widget-wrap elementor-element-populated\">\n\t\t\t\t\t\t<div class=\"elementor-element elementor-element-45d5864f elementor-widget elementor-widget-heading\" data-id=\"45d5864f\" data-element_type=\"widget\" data-e-type=\"widget\" data-widget_type=\"heading.default\">\n\t\t\t\t<div class=\"elementor-widget-container\">\n\t\t\t\t\t<h3 class=\"elementor-heading-title elementor-size-default\">Jour 3 - \u00cele de Procida <\/h3>\t\t\t\t<\/div>\n\t\t\t\t<\/div>\n\t\t\t\t\t<\/div>\n\t\t<\/div>\n\t\t\t\t\t<\/div>\n\t\t<\/section>\n\t\t\t\t<div class=\"elementor-element elementor-element-4303dd2f elementor-widget elementor-widget-spacer\" data-id=\"4303dd2f\" data-element_type=\"widget\" data-e-type=\"widget\" data-widget_type=\"spacer.default\">\n\t\t\t\t<div class=\"elementor-widget-container\">\n\t\t\t\t\t\t\t<div class=\"elementor-spacer\">\n\t\t\t<div class=\"elementor-spacer-inner\"><\/div>\n\t\t<\/div>\n\t\t\t\t\t\t<\/div>\n\t\t\t\t<\/div>\n\t\t\t\t<div class=\"elementor-element elementor-element-4292bba5 elementor-widget elementor-widget-text-editor\" data-id=\"4292bba5\" data-element_type=\"widget\" data-e-type=\"widget\" data-widget_type=\"text-editor.default\">\n\t\t\t\t<div class=\"elementor-widget-container\">\n\t\t\t\t\t\t\t\t\t<p><img decoding=\"async\" class=\"wp-image-10813 alignright\" src=\"https:\/\/www.visitamalfi.info\/wp-content\/uploads\/2023\/08\/Da-Gioacchino-Amalfi-copia-300x300.jpeg\" alt=\"\" width=\"150\" height=\"150\" srcset=\"https:\/\/www.visitamalfi.info\/wp-content\/uploads\/2023\/08\/Da-Gioacchino-Amalfi-copia-300x300.jpeg 300w, https:\/\/www.visitamalfi.info\/wp-content\/uploads\/2023\/08\/Da-Gioacchino-Amalfi-copia-510x510.jpeg 510w, https:\/\/www.visitamalfi.info\/wp-content\/uploads\/2023\/08\/Da-Gioacchino-Amalfi-copia-160x160.jpeg 160w\" sizes=\"(max-width: 150px) 100vw, 150px\" \/>En chemin, vous aurez l&#8217;occasion de plonger et de nager dans les eaux cristallines et les criques de l&#8217;\u00eele de Procida. <\/p>\n\t\t\t\t\t\t\t\t<\/div>\n\t\t\t\t<\/div>\n\t\t\t\t\t<\/div>\n\t\t<\/div>\n\t\t\t\t\t<\/div>\n\t\t<\/section>\n\t\t\t\t<\/div>\n\t\t","protected":false},"excerpt":{"rendered":"<p>Excursions en bateau pour d\u00e9couvrir la c\u00f4te amalfitaine, Pestum et l&#8217;\u00eele de Procida.<\/p>\n","protected":false},"featured_media":9975,"comment_status":"open","ping_status":"closed","template":"","ignition_package_destination":[],"ignition_package_category":[1108,1107],"experience":[1666,267,246,333,254],"inspiration":[1143,456,455,461],"season":[230,238,233],"class_list":["post-17702","ignition-package","type-ignition-package","status-publish","has-post-thumbnail","hentry","ignition_package_category-excursion-en-bateau","ignition_package_category-excursions-fr","experience-cultures-fr","experience-mariage","experience-amalfi-premium-fr","experience-romantique","experience-vivre-la-mer","inspiration-mariage","inspiration-vacances-de-detente","inspiration-vacances-en-couple","inspiration-vacances-en-famille","season-automne","season-lete","season-printemps"],"yoast_head":"<!-- This site is optimized with the Yoast SEO plugin v27.3 - https:\/\/yoast.com\/product\/yoast-seo-wordpress\/ -->\n<title>Proposition d&#039;exp\u00e9rience maritime premium - 4 jours - Visit Amalfi<\/title>\n<meta name=\"robots\" content=\"index, follow, max-snippet:-1, max-image-preview:large, max-video-preview:-1\" \/>\n<link rel=\"canonical\" href=\"https:\/\/www.visitamalfi.info\/fr\/package\/proposition-dexperience-maritime-premium-4-jours\/\" \/>\n<meta property=\"og:locale\" content=\"fr_FR\" \/>\n<meta property=\"og:type\" content=\"article\" \/>\n<meta property=\"og:title\" content=\"Proposition d&#039;exp\u00e9rience maritime premium - 4 jours - Visit Amalfi\" \/>\n<meta property=\"og:description\" content=\"Excursions en bateau pour d\u00e9couvrir la c\u00f4te amalfitaine, Pestum et l&#039;\u00eele de Procida.\" \/>\n<meta property=\"og:url\" content=\"https:\/\/www.visitamalfi.info\/fr\/package\/proposition-dexperience-maritime-premium-4-jours\/\" \/>\n<meta property=\"og:site_name\" content=\"Visit Amalfi\" \/>\n<meta property=\"article:publisher\" content=\"https:\/\/www.facebook.com\/visitamalfiofficial\" \/>\n<meta property=\"article:modified_time\" content=\"2024-06-17T14:04:14+00:00\" \/>\n<meta property=\"og:image\" content=\"https:\/\/www.visitamalfi.info\/wp-content\/uploads\/2023\/06\/Da-Gioacchino-Amalfi-Capitani.jpeg\" \/>\n\t<meta property=\"og:image:width\" content=\"750\" \/>\n\t<meta property=\"og:image:height\" content=\"1334\" \/>\n\t<meta property=\"og:image:type\" content=\"image\/jpeg\" \/>\n<meta name=\"twitter:card\" content=\"summary_large_image\" \/>\n<meta name=\"twitter:label1\" content=\"Dur\u00e9e de lecture estim\u00e9e\" \/>\n\t<meta name=\"twitter:data1\" content=\"1 minute\" \/>\n<script type=\"application\/ld+json\" class=\"yoast-schema-graph\">{\"@context\":\"https:\\\/\\\/schema.org\",\"@graph\":[{\"@type\":\"WebPage\",\"@id\":\"https:\\\/\\\/www.visitamalfi.info\\\/fr\\\/package\\\/proposition-dexperience-maritime-premium-4-jours\\\/\",\"url\":\"https:\\\/\\\/www.visitamalfi.info\\\/fr\\\/package\\\/proposition-dexperience-maritime-premium-4-jours\\\/\",\"name\":\"Proposition d'exp\u00e9rience maritime premium - 4 jours - Visit Amalfi\",\"isPartOf\":{\"@id\":\"https:\\\/\\\/www.visitamalfi.info\\\/fr\\\/#website\"},\"primaryImageOfPage\":{\"@id\":\"https:\\\/\\\/www.visitamalfi.info\\\/fr\\\/package\\\/proposition-dexperience-maritime-premium-4-jours\\\/#primaryimage\"},\"image\":{\"@id\":\"https:\\\/\\\/www.visitamalfi.info\\\/fr\\\/package\\\/proposition-dexperience-maritime-premium-4-jours\\\/#primaryimage\"},\"thumbnailUrl\":\"https:\\\/\\\/www.visitamalfi.info\\\/wp-content\\\/uploads\\\/2023\\\/06\\\/Da-Gioacchino-Amalfi-Capitani.jpeg\",\"datePublished\":\"2024-04-17T17:44:27+00:00\",\"dateModified\":\"2024-06-17T14:04:14+00:00\",\"breadcrumb\":{\"@id\":\"https:\\\/\\\/www.visitamalfi.info\\\/fr\\\/package\\\/proposition-dexperience-maritime-premium-4-jours\\\/#breadcrumb\"},\"inLanguage\":\"fr-FR\",\"potentialAction\":[{\"@type\":\"ReadAction\",\"target\":[\"https:\\\/\\\/www.visitamalfi.info\\\/fr\\\/package\\\/proposition-dexperience-maritime-premium-4-jours\\\/\"]}]},{\"@type\":\"ImageObject\",\"inLanguage\":\"fr-FR\",\"@id\":\"https:\\\/\\\/www.visitamalfi.info\\\/fr\\\/package\\\/proposition-dexperience-maritime-premium-4-jours\\\/#primaryimage\",\"url\":\"https:\\\/\\\/www.visitamalfi.info\\\/wp-content\\\/uploads\\\/2023\\\/06\\\/Da-Gioacchino-Amalfi-Capitani.jpeg\",\"contentUrl\":\"https:\\\/\\\/www.visitamalfi.info\\\/wp-content\\\/uploads\\\/2023\\\/06\\\/Da-Gioacchino-Amalfi-Capitani.jpeg\",\"width\":750,\"height\":1334},{\"@type\":\"BreadcrumbList\",\"@id\":\"https:\\\/\\\/www.visitamalfi.info\\\/fr\\\/package\\\/proposition-dexperience-maritime-premium-4-jours\\\/#breadcrumb\",\"itemListElement\":[{\"@type\":\"ListItem\",\"position\":1,\"name\":\"Home\",\"item\":\"https:\\\/\\\/www.visitamalfi.info\\\/fr\\\/\"},{\"@type\":\"ListItem\",\"position\":2,\"name\":\"Proposition d&#8217;exp\u00e9rience maritime premium &#8211; 4 jours\"}]},{\"@type\":\"WebSite\",\"@id\":\"https:\\\/\\\/www.visitamalfi.info\\\/fr\\\/#website\",\"url\":\"https:\\\/\\\/www.visitamalfi.info\\\/fr\\\/\",\"name\":\"Visit Amalfi\",\"description\":\"Amalfi Destination Official Website\",\"publisher\":{\"@id\":\"https:\\\/\\\/www.visitamalfi.info\\\/fr\\\/#organization\"},\"potentialAction\":[{\"@type\":\"SearchAction\",\"target\":{\"@type\":\"EntryPoint\",\"urlTemplate\":\"https:\\\/\\\/www.visitamalfi.info\\\/fr\\\/?s={search_term_string}\"},\"query-input\":{\"@type\":\"PropertyValueSpecification\",\"valueRequired\":true,\"valueName\":\"search_term_string\"}}],\"inLanguage\":\"fr-FR\"},{\"@type\":\"Organization\",\"@id\":\"https:\\\/\\\/www.visitamalfi.info\\\/fr\\\/#organization\",\"name\":\"Visit Amalfi\",\"url\":\"https:\\\/\\\/www.visitamalfi.info\\\/fr\\\/\",\"logo\":{\"@type\":\"ImageObject\",\"inLanguage\":\"fr-FR\",\"@id\":\"https:\\\/\\\/www.visitamalfi.info\\\/fr\\\/#\\\/schema\\\/logo\\\/image\\\/\",\"url\":\"https:\\\/\\\/www.visitamalfi.info\\\/wp-content\\\/uploads\\\/2023\\\/04\\\/visit-amalfi-logo-web.png\",\"contentUrl\":\"https:\\\/\\\/www.visitamalfi.info\\\/wp-content\\\/uploads\\\/2023\\\/04\\\/visit-amalfi-logo-web.png\",\"width\":800,\"height\":870,\"caption\":\"Visit Amalfi\"},\"image\":{\"@id\":\"https:\\\/\\\/www.visitamalfi.info\\\/fr\\\/#\\\/schema\\\/logo\\\/image\\\/\"},\"sameAs\":[\"https:\\\/\\\/www.facebook.com\\\/visitamalfiofficial\",\"https:\\\/\\\/www.instagram.com\\\/visitamalfiofficial\\\/\"]}]}<\/script>\n<!-- \/ Yoast SEO plugin. -->","yoast_head_json":{"title":"Proposition d'exp\u00e9rience maritime premium - 4 jours - Visit Amalfi","robots":{"index":"index","follow":"follow","max-snippet":"max-snippet:-1","max-image-preview":"max-image-preview:large","max-video-preview":"max-video-preview:-1"},"canonical":"https:\/\/www.visitamalfi.info\/fr\/package\/proposition-dexperience-maritime-premium-4-jours\/","og_locale":"fr_FR","og_type":"article","og_title":"Proposition d'exp\u00e9rience maritime premium - 4 jours - Visit Amalfi","og_description":"Excursions en bateau pour d\u00e9couvrir la c\u00f4te amalfitaine, Pestum et l'\u00eele de Procida.","og_url":"https:\/\/www.visitamalfi.info\/fr\/package\/proposition-dexperience-maritime-premium-4-jours\/","og_site_name":"Visit Amalfi","article_publisher":"https:\/\/www.facebook.com\/visitamalfiofficial","article_modified_time":"2024-06-17T14:04:14+00:00","og_image":[{"width":750,"height":1334,"url":"https:\/\/www.visitamalfi.info\/wp-content\/uploads\/2023\/06\/Da-Gioacchino-Amalfi-Capitani.jpeg","type":"image\/jpeg"}],"twitter_card":"summary_large_image","twitter_misc":{"Dur\u00e9e de lecture estim\u00e9e":"1 minute"},"schema":{"@context":"https:\/\/schema.org","@graph":[{"@type":"WebPage","@id":"https:\/\/www.visitamalfi.info\/fr\/package\/proposition-dexperience-maritime-premium-4-jours\/","url":"https:\/\/www.visitamalfi.info\/fr\/package\/proposition-dexperience-maritime-premium-4-jours\/","name":"Proposition d'exp\u00e9rience maritime premium - 4 jours - Visit Amalfi","isPartOf":{"@id":"https:\/\/www.visitamalfi.info\/fr\/#website"},"primaryImageOfPage":{"@id":"https:\/\/www.visitamalfi.info\/fr\/package\/proposition-dexperience-maritime-premium-4-jours\/#primaryimage"},"image":{"@id":"https:\/\/www.visitamalfi.info\/fr\/package\/proposition-dexperience-maritime-premium-4-jours\/#primaryimage"},"thumbnailUrl":"https:\/\/www.visitamalfi.info\/wp-content\/uploads\/2023\/06\/Da-Gioacchino-Amalfi-Capitani.jpeg","datePublished":"2024-04-17T17:44:27+00:00","dateModified":"2024-06-17T14:04:14+00:00","breadcrumb":{"@id":"https:\/\/www.visitamalfi.info\/fr\/package\/proposition-dexperience-maritime-premium-4-jours\/#breadcrumb"},"inLanguage":"fr-FR","potentialAction":[{"@type":"ReadAction","target":["https:\/\/www.visitamalfi.info\/fr\/package\/proposition-dexperience-maritime-premium-4-jours\/"]}]},{"@type":"ImageObject","inLanguage":"fr-FR","@id":"https:\/\/www.visitamalfi.info\/fr\/package\/proposition-dexperience-maritime-premium-4-jours\/#primaryimage","url":"https:\/\/www.visitamalfi.info\/wp-content\/uploads\/2023\/06\/Da-Gioacchino-Amalfi-Capitani.jpeg","contentUrl":"https:\/\/www.visitamalfi.info\/wp-content\/uploads\/2023\/06\/Da-Gioacchino-Amalfi-Capitani.jpeg","width":750,"height":1334},{"@type":"BreadcrumbList","@id":"https:\/\/www.visitamalfi.info\/fr\/package\/proposition-dexperience-maritime-premium-4-jours\/#breadcrumb","itemListElement":[{"@type":"ListItem","position":1,"name":"Home","item":"https:\/\/www.visitamalfi.info\/fr\/"},{"@type":"ListItem","position":2,"name":"Proposition d&#8217;exp\u00e9rience maritime premium &#8211; 4 jours"}]},{"@type":"WebSite","@id":"https:\/\/www.visitamalfi.info\/fr\/#website","url":"https:\/\/www.visitamalfi.info\/fr\/","name":"Visit Amalfi","description":"Amalfi Destination Official Website","publisher":{"@id":"https:\/\/www.visitamalfi.info\/fr\/#organization"},"potentialAction":[{"@type":"SearchAction","target":{"@type":"EntryPoint","urlTemplate":"https:\/\/www.visitamalfi.info\/fr\/?s={search_term_string}"},"query-input":{"@type":"PropertyValueSpecification","valueRequired":true,"valueName":"search_term_string"}}],"inLanguage":"fr-FR"},{"@type":"Organization","@id":"https:\/\/www.visitamalfi.info\/fr\/#organization","name":"Visit Amalfi","url":"https:\/\/www.visitamalfi.info\/fr\/","logo":{"@type":"ImageObject","inLanguage":"fr-FR","@id":"https:\/\/www.visitamalfi.info\/fr\/#\/schema\/logo\/image\/","url":"https:\/\/www.visitamalfi.info\/wp-content\/uploads\/2023\/04\/visit-amalfi-logo-web.png","contentUrl":"https:\/\/www.visitamalfi.info\/wp-content\/uploads\/2023\/04\/visit-amalfi-logo-web.png","width":800,"height":870,"caption":"Visit Amalfi"},"image":{"@id":"https:\/\/www.visitamalfi.info\/fr\/#\/schema\/logo\/image\/"},"sameAs":["https:\/\/www.facebook.com\/visitamalfiofficial","https:\/\/www.instagram.com\/visitamalfiofficial\/"]}]}},"_links":{"self":[{"href":"https:\/\/www.visitamalfi.info\/fr\/wp-json\/wp\/v2\/ignition-package\/17702","targetHints":{"allow":["GET"]}}],"collection":[{"href":"https:\/\/www.visitamalfi.info\/fr\/wp-json\/wp\/v2\/ignition-package"}],"about":[{"href":"https:\/\/www.visitamalfi.info\/fr\/wp-json\/wp\/v2\/types\/ignition-package"}],"replies":[{"embeddable":true,"href":"https:\/\/www.visitamalfi.info\/fr\/wp-json\/wp\/v2\/comments?post=17702"}],"version-history":[{"count":4,"href":"https:\/\/www.visitamalfi.info\/fr\/wp-json\/wp\/v2\/ignition-package\/17702\/revisions"}],"predecessor-version":[{"id":17762,"href":"https:\/\/www.visitamalfi.info\/fr\/wp-json\/wp\/v2\/ignition-package\/17702\/revisions\/17762"}],"wp:featuredmedia":[{"embeddable":true,"href":"https:\/\/www.visitamalfi.info\/fr\/wp-json\/wp\/v2\/media\/9975"}],"wp:attachment":[{"href":"https:\/\/www.visitamalfi.info\/fr\/wp-json\/wp\/v2\/media?parent=17702"}],"wp:term":[{"taxonomy":"ignition_package_destination","embeddable":true,"href":"https:\/\/www.visitamalfi.info\/fr\/wp-json\/wp\/v2\/ignition_package_destination?post=17702"},{"taxonomy":"ignition_package_category","embeddable":true,"href":"https:\/\/www.visitamalfi.info\/fr\/wp-json\/wp\/v2\/ignition_package_category?post=17702"},{"taxonomy":"experience","embeddable":true,"href":"https:\/\/www.visitamalfi.info\/fr\/wp-json\/wp\/v2\/experience?post=17702"},{"taxonomy":"inspiration","embeddable":true,"href":"https:\/\/www.visitamalfi.info\/fr\/wp-json\/wp\/v2\/inspiration?post=17702"},{"taxonomy":"season","embeddable":true,"href":"https:\/\/www.visitamalfi.info\/fr\/wp-json\/wp\/v2\/season?post=17702"}],"curies":[{"name":"wp","href":"https:\/\/api.w.org\/{rel}","templated":true}]}}