{"id":17667,"date":"2024-04-17T19:44:28","date_gmt":"2024-04-17T17:44:28","guid":{"rendered":"https:\/\/www.visitamalfi.info\/?post_type=ignition-package&#038;p=17667"},"modified":"2024-06-17T16:02:27","modified_gmt":"2024-06-17T14:02:27","slug":"vacances-multisports-4-jours","status":"publish","type":"ignition-package","link":"https:\/\/www.visitamalfi.info\/fr\/package\/vacances-multisports-4-jours\/","title":{"rendered":"Vacances multisports &#8211; 4 jours"},"content":{"rendered":"\t\t<div data-elementor-type=\"wp-post\" data-elementor-id=\"17667\" class=\"elementor elementor-17667 elementor-17663\">\n\t\t\t\t\t\t<section class=\"elementor-section elementor-top-section elementor-element elementor-element-5bce4ded elementor-section-full_width elementor-section-height-default elementor-section-height-default\" data-id=\"5bce4ded\" data-element_type=\"section\" data-e-type=\"section\">\n\t\t\t\t\t\t<div class=\"elementor-container elementor-column-gap-no\">\n\t\t\t\t\t<div class=\"elementor-column elementor-col-100 elementor-top-column elementor-element elementor-element-723f46a9\" data-id=\"723f46a9\" data-element_type=\"column\" data-e-type=\"column\">\n\t\t\t<div class=\"elementor-widget-wrap elementor-element-populated\">\n\t\t\t\t\t\t<div class=\"elementor-element elementor-element-40eec27f elementor-widget elementor-widget-text-editor\" data-id=\"40eec27f\" data-element_type=\"widget\" data-e-type=\"widget\" data-widget_type=\"text-editor.default\">\n\t\t\t\t<div class=\"elementor-widget-container\">\n\t\t\t\t\t\t\t\t\t<p>Quoi de plus stimulant que des vacances avec plus d&#8217;activit\u00e9s sportives ? Cette proposition est la solution id\u00e9ale pour ceux qui veulent essayer quelque chose de nouveau chaque jour.<\/p>\n<p><strong>Nombre maximum de participants :<\/strong> 4<br \/><strong>Disponibilit\u00e9 :<\/strong> 01\/03 &#8211; 31\/10 <br \/><strong>Mode de transport recommand\u00e9 :<\/strong><br \/><a href=\"https:\/\/www.travelmar.it\/\">Travelmar<\/a> (par voie maritime) ou <a href=\"https:\/\/sitasudtrasporti.it\/campania\/\">SITA Sud Bus <\/a>(par voie terrestre).<\/p><\/p>\n\t\t\t\t\t\t\t\t<\/div>\n\t\t\t\t<\/div>\n\t\t\t\t<div class=\"elementor-element elementor-element-67cd34e4 is-style-ignition-cousteau-pro-anchor-title elementor-widget elementor-widget-heading\" data-id=\"67cd34e4\" data-element_type=\"widget\" data-e-type=\"widget\" data-widget_type=\"heading.default\">\n\t\t\t\t<div class=\"elementor-widget-container\">\n\t\t\t\t\t<h2 class=\"elementor-heading-title elementor-size-default\">Itin\u00e9raire <\/h2>\t\t\t\t<\/div>\n\t\t\t\t<\/div>\n\t\t\t\t<div class=\"elementor-element elementor-element-54d35cc3 elementor-widget elementor-widget-text-editor\" data-id=\"54d35cc3\" data-element_type=\"widget\" data-e-type=\"widget\" data-widget_type=\"text-editor.default\">\n\t\t\t\t<div class=\"elementor-widget-container\">\n\t\t\t\t\t\t\t\t\t<p>La proposition combine deux circuits en v\u00e9lo \u00e9lectrique, une randonn\u00e9e sur le c\u00e9l\u00e8bre sentier des dieux et un circuit en kayak. <\/p>\n\t\t\t\t\t\t\t\t<\/div>\n\t\t\t\t<\/div>\n\t\t\t\t<div class=\"elementor-element elementor-element-14bfc0c4 elementor-widget elementor-widget-spacer\" data-id=\"14bfc0c4\" data-element_type=\"widget\" data-e-type=\"widget\" data-widget_type=\"spacer.default\">\n\t\t\t\t<div class=\"elementor-widget-container\">\n\t\t\t\t\t\t\t<div class=\"elementor-spacer\">\n\t\t\t<div class=\"elementor-spacer-inner\"><\/div>\n\t\t<\/div>\n\t\t\t\t\t\t<\/div>\n\t\t\t\t<\/div>\n\t\t\t\t<div class=\"elementor-element elementor-element-cc70258 elementor-widget elementor-widget-spacer\" data-id=\"cc70258\" data-element_type=\"widget\" data-e-type=\"widget\" data-widget_type=\"spacer.default\">\n\t\t\t\t<div class=\"elementor-widget-container\">\n\t\t\t\t\t\t\t<div class=\"elementor-spacer\">\n\t\t\t<div class=\"elementor-spacer-inner\"><\/div>\n\t\t<\/div>\n\t\t\t\t\t\t<\/div>\n\t\t\t\t<\/div>\n\t\t\t\t<section class=\"elementor-section elementor-inner-section elementor-element elementor-element-63ac3b6c elementor-section-full_width elementor-section-height-default elementor-section-height-default\" data-id=\"63ac3b6c\" data-element_type=\"section\" data-e-type=\"section\">\n\t\t\t\t\t\t<div class=\"elementor-container elementor-column-gap-extended\">\n\t\t\t\t\t<div class=\"elementor-column elementor-col-100 elementor-inner-column elementor-element elementor-element-43904f2b\" data-id=\"43904f2b\" data-element_type=\"column\" data-e-type=\"column\" data-settings=\"{&quot;background_background&quot;:&quot;gradient&quot;}\">\n\t\t\t<div class=\"elementor-widget-wrap elementor-element-populated\">\n\t\t\t\t\t\t<div class=\"elementor-element elementor-element-341c1e4e elementor-widget elementor-widget-heading\" data-id=\"341c1e4e\" data-element_type=\"widget\" data-e-type=\"widget\" data-widget_type=\"heading.default\">\n\t\t\t\t<div class=\"elementor-widget-container\">\n\t\t\t\t\t<h3 class=\"elementor-heading-title elementor-size-default\">Jour 1 - Excursion guid\u00e9e en e-bike - Amalfi - Ravello<\/h3>\t\t\t\t<\/div>\n\t\t\t\t<\/div>\n\t\t\t\t\t<\/div>\n\t\t<\/div>\n\t\t\t\t\t<\/div>\n\t\t<\/section>\n\t\t\t\t<div class=\"elementor-element elementor-element-2aeb78aa elementor-widget elementor-widget-text-editor\" data-id=\"2aeb78aa\" data-element_type=\"widget\" data-e-type=\"widget\" data-widget_type=\"text-editor.default\">\n\t\t\t\t<div class=\"elementor-widget-container\">\n\t\t\t\t\t\t\t\t\t<p><img decoding=\"async\" class=\"wp-image-12254 alignleft\" src=\"https:\/\/www.visitamalfi.info\/wp-content\/uploads\/2023\/06\/d440d5f32ed7823e63d0c161ae9e4986-300x300.jpg\" alt=\"\" width=\"150\" height=\"150\" srcset=\"https:\/\/www.visitamalfi.info\/wp-content\/uploads\/2023\/06\/d440d5f32ed7823e63d0c161ae9e4986-300x300.jpg 300w, https:\/\/www.visitamalfi.info\/wp-content\/uploads\/2023\/06\/d440d5f32ed7823e63d0c161ae9e4986-510x510.jpg 510w, https:\/\/www.visitamalfi.info\/wp-content\/uploads\/2023\/06\/d440d5f32ed7823e63d0c161ae9e4986-160x160.jpg 160w\" sizes=\"(max-width: 150px) 100vw, 150px\" \/>En partant d&#8217;Amalfi, vous passez par Atrani pour affronter la mont\u00e9e vers Ravello, o\u00f9 vous vous arr\u00eatez pour une courte visite. Si le temps le permet, il est possible d&#8217;ajouter un trajet \u00e0 Scala. Ensuite, c&#8217;est la mont\u00e9e au Valico di Chiunzi, avec son point de vue sur le V\u00e9suve, et une \u00e9ventuelle pause d\u00e9jeuner. Sur le chemin du retour vers Amalfi, vous traversez les vignobles de Tramonti et les villages de Maiori et Minori.<\/p>\n\t\t\t\t\t\t\t\t<\/div>\n\t\t\t\t<\/div>\n\t\t\t\t<div class=\"elementor-element elementor-element-4fb4a9b4 elementor-widget elementor-widget-spacer\" data-id=\"4fb4a9b4\" data-element_type=\"widget\" data-e-type=\"widget\" data-widget_type=\"spacer.default\">\n\t\t\t\t<div class=\"elementor-widget-container\">\n\t\t\t\t\t\t\t<div class=\"elementor-spacer\">\n\t\t\t<div class=\"elementor-spacer-inner\"><\/div>\n\t\t<\/div>\n\t\t\t\t\t\t<\/div>\n\t\t\t\t<\/div>\n\t\t\t\t<section class=\"elementor-section elementor-inner-section elementor-element elementor-element-7e1f7498 elementor-section-full_width elementor-section-height-default elementor-section-height-default\" data-id=\"7e1f7498\" data-element_type=\"section\" data-e-type=\"section\">\n\t\t\t\t\t\t<div class=\"elementor-container elementor-column-gap-extended\">\n\t\t\t\t\t<div class=\"elementor-column elementor-col-100 elementor-inner-column elementor-element elementor-element-641d2a99\" data-id=\"641d2a99\" data-element_type=\"column\" data-e-type=\"column\" data-settings=\"{&quot;background_background&quot;:&quot;gradient&quot;}\">\n\t\t\t<div class=\"elementor-widget-wrap elementor-element-populated\">\n\t\t\t\t\t\t<div class=\"elementor-element elementor-element-7792c954 elementor-widget elementor-widget-heading\" data-id=\"7792c954\" data-element_type=\"widget\" data-e-type=\"widget\" data-widget_type=\"heading.default\">\n\t\t\t\t<div class=\"elementor-widget-container\">\n\t\t\t\t\t<h3 class=\"elementor-heading-title elementor-size-default\">Jour 2 - Circuit autoguid\u00e9 en e-bike - Amalfi - Agerola<\/h3>\t\t\t\t<\/div>\n\t\t\t\t<\/div>\n\t\t\t\t\t<\/div>\n\t\t<\/div>\n\t\t\t\t\t<\/div>\n\t\t<\/section>\n\t\t\t\t<div class=\"elementor-element elementor-element-1478de4b elementor-widget elementor-widget-spacer\" data-id=\"1478de4b\" data-element_type=\"widget\" data-e-type=\"widget\" data-widget_type=\"spacer.default\">\n\t\t\t\t<div class=\"elementor-widget-container\">\n\t\t\t\t\t\t\t<div class=\"elementor-spacer\">\n\t\t\t<div class=\"elementor-spacer-inner\"><\/div>\n\t\t<\/div>\n\t\t\t\t\t\t<\/div>\n\t\t\t\t<\/div>\n\t\t\t\t<div class=\"elementor-element elementor-element-26fc37f2 elementor-widget elementor-widget-text-editor\" data-id=\"26fc37f2\" data-element_type=\"widget\" data-e-type=\"widget\" data-widget_type=\"text-editor.default\">\n\t\t\t\t<div class=\"elementor-widget-container\">\n\t\t\t\t\t\t\t\t\t<p><img decoding=\"async\" class=\"wp-image-1983 alignright\" src=\"https:\/\/www.visitamalfi.info\/wp-content\/uploads\/2022\/09\/Sentiero-degli-Dei-1-150x150.jpg\" alt=\"\" width=\"150\" height=\"101\" srcset=\"https:\/\/www.visitamalfi.info\/wp-content\/uploads\/2022\/09\/Sentiero-degli-Dei-1-300x202.jpg 300w, https:\/\/www.visitamalfi.info\/wp-content\/uploads\/2022\/09\/Sentiero-degli-Dei-1-1024x688.jpg 1024w, https:\/\/www.visitamalfi.info\/wp-content\/uploads\/2022\/09\/Sentiero-degli-Dei-1-768x516.jpg 768w, https:\/\/www.visitamalfi.info\/wp-content\/uploads\/2022\/09\/Sentiero-degli-Dei-1-1536x1032.jpg 1536w, https:\/\/www.visitamalfi.info\/wp-content\/uploads\/2022\/09\/Sentiero-degli-Dei-1-870x580.jpg 870w, https:\/\/www.visitamalfi.info\/wp-content\/uploads\/2022\/09\/Sentiero-degli-Dei-1-615x410.jpg 615w, https:\/\/www.visitamalfi.info\/wp-content\/uploads\/2022\/09\/Sentiero-degli-Dei-1-1240x825.jpg 1240w, https:\/\/www.visitamalfi.info\/wp-content\/uploads\/2022\/09\/Sentiero-degli-Dei-1.jpg 1920w\" sizes=\"(max-width: 150px) 100vw, 150px\" \/>Visite autoguid\u00e9e d&#8217;Agerola en v\u00e9lo &#8211; D\u00e9part d&#8217;Amalfi, mont\u00e9e \u00e0 travers Furore jusqu&#8217;\u00e0 Agerola. Livraison de v\u00e9los \u00e9lectriques et d\u00e9jeuner gratuit dans l&#8217;un des restaurants locaux. Apr\u00e8s le d\u00e9jeuner, randonn\u00e9e sur le Sentiero Degli Dei (Chemin des Dieux) jusqu&#8217;\u00e0 Positano. Pour le retour \u00e0 Amalfi, nous vous conseillons le ferry de la compagnie Travelmar. <\/p>\n\t\t\t\t\t\t\t\t<\/div>\n\t\t\t\t<\/div>\n\t\t\t\t<div class=\"elementor-element elementor-element-738e1a9c elementor-widget elementor-widget-spacer\" data-id=\"738e1a9c\" data-element_type=\"widget\" data-e-type=\"widget\" data-widget_type=\"spacer.default\">\n\t\t\t\t<div class=\"elementor-widget-container\">\n\t\t\t\t\t\t\t<div class=\"elementor-spacer\">\n\t\t\t<div class=\"elementor-spacer-inner\"><\/div>\n\t\t<\/div>\n\t\t\t\t\t\t<\/div>\n\t\t\t\t<\/div>\n\t\t\t\t<section class=\"elementor-section elementor-inner-section elementor-element elementor-element-8bf5dc4 elementor-section-full_width elementor-section-height-default elementor-section-height-default\" data-id=\"8bf5dc4\" data-element_type=\"section\" data-e-type=\"section\">\n\t\t\t\t\t\t<div class=\"elementor-container elementor-column-gap-extended\">\n\t\t\t\t\t<div class=\"elementor-column elementor-col-100 elementor-inner-column elementor-element elementor-element-330b8757\" data-id=\"330b8757\" data-element_type=\"column\" data-e-type=\"column\" data-settings=\"{&quot;background_background&quot;:&quot;gradient&quot;}\">\n\t\t\t<div class=\"elementor-widget-wrap elementor-element-populated\">\n\t\t\t\t\t\t<div class=\"elementor-element elementor-element-e20f03a elementor-widget elementor-widget-heading\" data-id=\"e20f03a\" data-element_type=\"widget\" data-e-type=\"widget\" data-widget_type=\"heading.default\">\n\t\t\t\t<div class=\"elementor-widget-container\">\n\t\t\t\t\t<h3 class=\"elementor-heading-title elementor-size-default\">Jour 3 - Excursion en kayak : Amalfi<\/h3>\t\t\t\t<\/div>\n\t\t\t\t<\/div>\n\t\t\t\t\t<\/div>\n\t\t<\/div>\n\t\t\t\t\t<\/div>\n\t\t<\/section>\n\t\t\t\t<div class=\"elementor-element elementor-element-41117e87 elementor-widget elementor-widget-spacer\" data-id=\"41117e87\" data-element_type=\"widget\" data-e-type=\"widget\" data-widget_type=\"spacer.default\">\n\t\t\t\t<div class=\"elementor-widget-container\">\n\t\t\t\t\t\t\t<div class=\"elementor-spacer\">\n\t\t\t<div class=\"elementor-spacer-inner\"><\/div>\n\t\t<\/div>\n\t\t\t\t\t\t<\/div>\n\t\t\t\t<\/div>\n\t\t\t\t<div class=\"elementor-element elementor-element-6d5cda8f elementor-widget elementor-widget-text-editor\" data-id=\"6d5cda8f\" data-element_type=\"widget\" data-e-type=\"widget\" data-widget_type=\"text-editor.default\">\n\t\t\t\t<div class=\"elementor-widget-container\">\n\t\t\t\t\t\t\t\t\t<p><img decoding=\"async\" class=\"wp-image-7156 alignleft\" src=\"https:\/\/www.visitamalfi.info\/wp-content\/uploads\/2023\/06\/WhatsApp-Image-2023-07-10-at-16.38.25-300x300.jpeg\" alt=\"\" width=\"150\" height=\"150\" srcset=\"https:\/\/www.visitamalfi.info\/wp-content\/uploads\/2023\/06\/WhatsApp-Image-2023-07-10-at-16.38.25-300x300.jpeg 300w, https:\/\/www.visitamalfi.info\/wp-content\/uploads\/2023\/06\/WhatsApp-Image-2023-07-10-at-16.38.25-510x510.jpeg 510w, https:\/\/www.visitamalfi.info\/wp-content\/uploads\/2023\/06\/WhatsApp-Image-2023-07-10-at-16.38.25-160x160.jpeg 160w\" sizes=\"(max-width: 150px) 100vw, 150px\" \/>Les excursions en kayak permettent de d\u00e9couvrir des plages cach\u00e9es qui ne sont accessibles que par la mer, id\u00e9ales pour faire de la plong\u00e9e avec tuba ou nager dans les eaux cristallines de la c\u00f4te amalfitaine. <\/p>\n<p>L&#8217;excursion comprendra une br\u00e8ve le\u00e7on d&#8217;introduction \u00e0 la navigation et \u00e0 la s\u00e9curit\u00e9 en mer et durera entre 3 et 3 heures et 30 minutes. <\/p>\n<p>Les excursions en kayak vous emm\u00e8nent le long des plus belles plages de la c\u00f4te amalfitaine, en passant par des grottes marines de toutes formes et tailles, des arches naturelles, des plages cach\u00e9es et des cascades d&#8217;eau douce. Elle est encadr\u00e9e par des citronniers, d&#8217;anciennes tours de guet et une multitude de villas priv\u00e9es situ\u00e9es entre les rochers.<\/p>\n<p>En chemin, vous atteindrez l&#8217;enchanteur Arco dell&#8217;Amore, la luxueuse villa de Sofia Loren, le village baln\u00e9aire de Conca dei Marini, la Spiaggia della Vite, surplomb\u00e9e par l&#8217;h\u00f4tel Borgo Sant&#8217;Andrea, et la grotte naturelle de Sant&#8217;Andrea, la plus grande grotte marine de toute la c\u00f4te amalfitaine et la seule \u00e0 disposer d&#8217;une plage praticable \u00e0 l&#8217;int\u00e9rieur.<\/p>\n<p>Apr\u00e8s une matin\u00e9e passionnante d&#8217;exploration et de plong\u00e9e avec masque et tuba, vous pouvez vous d\u00e9tendre en d\u00e9gustant une collation de fruits frais, pour vous reposer l&#8217;esprit et le corps.<\/p>\n<p><strong>Point de rencontre :<\/strong> Lido delle Sirene <\/p>\n\t\t\t\t\t\t\t\t<\/div>\n\t\t\t\t<\/div>\n\t\t\t\t<div class=\"elementor-element elementor-element-9b2671f is-style-ignition-cousteau-pro-anchor-title elementor-widget elementor-widget-heading\" data-id=\"9b2671f\" data-element_type=\"widget\" data-e-type=\"widget\" data-widget_type=\"heading.default\">\n\t\t\t\t<div class=\"elementor-widget-container\">\n\t\t\t\t\t<h2 class=\"elementor-heading-title elementor-size-default\">Galerie<\/h2>\t\t\t\t<\/div>\n\t\t\t\t<\/div>\n\t\t\t\t<div class=\"elementor-element elementor-element-23c6a125 gallery-spacing-custom elementor-widget elementor-widget-image-gallery\" data-id=\"23c6a125\" data-element_type=\"widget\" data-e-type=\"widget\" data-widget_type=\"image-gallery.default\">\n\t\t\t\t<div class=\"elementor-widget-container\">\n\t\t\t\t\t\t\t<div class=\"elementor-image-gallery\">\n\t\t\t<div id='gallery-1' class='gallery galleryid-17667 gallery-columns-3 gallery-size-ignition_item'><figure class='gallery-item'>\n\t\t\t<div class='gallery-icon landscape'>\n\t\t\t\t<a data-elementor-open-lightbox=\"yes\" data-elementor-lightbox-slideshow=\"23c6a125\" data-elementor-lightbox-title=\"d440d5f32ed7823e63d0c161ae9e4986\" data-e-action-hash=\"#elementor-action%3Aaction%3Dlightbox%26settings%3DeyJpZCI6MTIyNTYsInVybCI6Imh0dHBzOlwvXC93d3cudmlzaXRhbWFsZmkuaW5mb1wvd3AtY29udGVudFwvdXBsb2Fkc1wvMjAyM1wvMDZcL2Q0NDBkNWYzMmVkNzgyM2U2M2QwYzE2MWFlOWU0OTg2LmpwZyIsInNsaWRlc2hvdyI6IjIzYzZhMTI1In0%3D\" href='https:\/\/www.visitamalfi.info\/wp-content\/uploads\/2023\/06\/d440d5f32ed7823e63d0c161ae9e4986.jpg' data-lightbox=\"gal[17667]\"><img loading=\"lazy\" decoding=\"async\" width=\"615\" height=\"410\" src=\"https:\/\/www.visitamalfi.info\/wp-content\/uploads\/2023\/06\/d440d5f32ed7823e63d0c161ae9e4986-615x410.jpg\" class=\"attachment-ignition_item size-ignition_item\" alt=\"\" srcset=\"https:\/\/www.visitamalfi.info\/wp-content\/uploads\/2023\/06\/d440d5f32ed7823e63d0c161ae9e4986-615x410.jpg 615w, https:\/\/www.visitamalfi.info\/wp-content\/uploads\/2023\/06\/d440d5f32ed7823e63d0c161ae9e4986-870x580.jpg 870w, https:\/\/www.visitamalfi.info\/wp-content\/uploads\/2023\/06\/d440d5f32ed7823e63d0c161ae9e4986-1240x825.jpg 1240w\" sizes=\"(max-width: 615px) 100vw, 615px\" \/><\/a>\n\t\t\t<\/div><\/figure><figure class='gallery-item'>\n\t\t\t<div class='gallery-icon landscape'>\n\t\t\t\t<a data-elementor-open-lightbox=\"yes\" data-elementor-lightbox-slideshow=\"23c6a125\" data-elementor-lightbox-title=\"Amalfi\" data-e-action-hash=\"#elementor-action%3Aaction%3Dlightbox%26settings%3DeyJpZCI6MTIyNDYsInVybCI6Imh0dHBzOlwvXC93d3cudmlzaXRhbWFsZmkuaW5mb1wvd3AtY29udGVudFwvdXBsb2Fkc1wvMjAyM1wvMDZcL0FtYWxmaS5qcGciLCJzbGlkZXNob3ciOiIyM2M2YTEyNSJ9\" href='https:\/\/www.visitamalfi.info\/wp-content\/uploads\/2023\/06\/Amalfi.jpg' data-lightbox=\"gal[17667]\"><img loading=\"lazy\" decoding=\"async\" width=\"615\" height=\"410\" src=\"https:\/\/www.visitamalfi.info\/wp-content\/uploads\/2023\/06\/Amalfi-615x410.jpg\" class=\"attachment-ignition_item size-ignition_item\" alt=\"\" srcset=\"https:\/\/www.visitamalfi.info\/wp-content\/uploads\/2023\/06\/Amalfi-615x410.jpg 615w, https:\/\/www.visitamalfi.info\/wp-content\/uploads\/2023\/06\/Amalfi-870x580.jpg 870w, https:\/\/www.visitamalfi.info\/wp-content\/uploads\/2023\/06\/Amalfi-1240x825.jpg 1240w\" sizes=\"(max-width: 615px) 100vw, 615px\" \/><\/a>\n\t\t\t<\/div><\/figure><figure class='gallery-item'>\n\t\t\t<div class='gallery-icon landscape'>\n\t\t\t\t<a data-elementor-open-lightbox=\"yes\" data-elementor-lightbox-slideshow=\"23c6a125\" data-elementor-lightbox-title=\"Conca dei Marini\" data-e-action-hash=\"#elementor-action%3Aaction%3Dlightbox%26settings%3DeyJpZCI6MTIyNTEsInVybCI6Imh0dHBzOlwvXC93d3cudmlzaXRhbWFsZmkuaW5mb1wvd3AtY29udGVudFwvdXBsb2Fkc1wvMjAyM1wvMDZcL0NvbmNhLWRlaS1NYXJpbmkuanBnIiwic2xpZGVzaG93IjoiMjNjNmExMjUifQ%3D%3D\" href='https:\/\/www.visitamalfi.info\/wp-content\/uploads\/2023\/06\/Conca-dei-Marini.jpg' data-lightbox=\"gal[17667]\"><img loading=\"lazy\" decoding=\"async\" width=\"615\" height=\"410\" src=\"https:\/\/www.visitamalfi.info\/wp-content\/uploads\/2023\/06\/Conca-dei-Marini-615x410.jpg\" class=\"attachment-ignition_item size-ignition_item\" alt=\"\" srcset=\"https:\/\/www.visitamalfi.info\/wp-content\/uploads\/2023\/06\/Conca-dei-Marini-615x410.jpg 615w, https:\/\/www.visitamalfi.info\/wp-content\/uploads\/2023\/06\/Conca-dei-Marini-870x580.jpg 870w, https:\/\/www.visitamalfi.info\/wp-content\/uploads\/2023\/06\/Conca-dei-Marini-1240x825.jpg 1240w\" sizes=\"(max-width: 615px) 100vw, 615px\" \/><\/a>\n\t\t\t<\/div><\/figure><figure class='gallery-item'>\n\t\t\t<div class='gallery-icon landscape'>\n\t\t\t\t<a data-elementor-open-lightbox=\"yes\" data-elementor-lightbox-slideshow=\"23c6a125\" data-elementor-lightbox-title=\"WhatsApp Image 2023-07-10 at 16.36.31\" data-e-action-hash=\"#elementor-action%3Aaction%3Dlightbox%26settings%3DeyJpZCI6NzE0MywidXJsIjoiaHR0cHM6XC9cL3d3dy52aXNpdGFtYWxmaS5pbmZvXC93cC1jb250ZW50XC91cGxvYWRzXC8yMDIzXC8wNlwvV2hhdHNBcHAtSW1hZ2UtMjAyMy0wNy0xMC1hdC0xNi4zNi4zMS5qcGVnIiwic2xpZGVzaG93IjoiMjNjNmExMjUifQ%3D%3D\" href='https:\/\/www.visitamalfi.info\/wp-content\/uploads\/2023\/06\/WhatsApp-Image-2023-07-10-at-16.36.31.jpeg' data-lightbox=\"gal[17667]\"><img loading=\"lazy\" decoding=\"async\" width=\"615\" height=\"410\" src=\"https:\/\/www.visitamalfi.info\/wp-content\/uploads\/2023\/06\/WhatsApp-Image-2023-07-10-at-16.36.31-615x410.jpeg\" class=\"attachment-ignition_item size-ignition_item\" alt=\"\" srcset=\"https:\/\/www.visitamalfi.info\/wp-content\/uploads\/2023\/06\/WhatsApp-Image-2023-07-10-at-16.36.31-615x410.jpeg 615w, https:\/\/www.visitamalfi.info\/wp-content\/uploads\/2023\/06\/WhatsApp-Image-2023-07-10-at-16.36.31-870x580.jpeg 870w, https:\/\/www.visitamalfi.info\/wp-content\/uploads\/2023\/06\/WhatsApp-Image-2023-07-10-at-16.36.31-1240x825.jpeg 1240w\" sizes=\"(max-width: 615px) 100vw, 615px\" \/><\/a>\n\t\t\t<\/div><\/figure><figure class='gallery-item'>\n\t\t\t<div class='gallery-icon landscape'>\n\t\t\t\t<a data-elementor-open-lightbox=\"yes\" data-elementor-lightbox-slideshow=\"23c6a125\" data-elementor-lightbox-title=\"WhatsApp Image 2023-07-10 at 16.36.34\" data-e-action-hash=\"#elementor-action%3Aaction%3Dlightbox%26settings%3DeyJpZCI6NzE0OCwidXJsIjoiaHR0cHM6XC9cL3d3dy52aXNpdGFtYWxmaS5pbmZvXC93cC1jb250ZW50XC91cGxvYWRzXC8yMDIzXC8wNlwvV2hhdHNBcHAtSW1hZ2UtMjAyMy0wNy0xMC1hdC0xNi4zNi4zNC5qcGVnIiwic2xpZGVzaG93IjoiMjNjNmExMjUifQ%3D%3D\" href='https:\/\/www.visitamalfi.info\/wp-content\/uploads\/2023\/06\/WhatsApp-Image-2023-07-10-at-16.36.34.jpeg' data-lightbox=\"gal[17667]\"><img loading=\"lazy\" decoding=\"async\" width=\"615\" height=\"410\" src=\"https:\/\/www.visitamalfi.info\/wp-content\/uploads\/2023\/06\/WhatsApp-Image-2023-07-10-at-16.36.34-615x410.jpeg\" class=\"attachment-ignition_item size-ignition_item\" alt=\"\" srcset=\"https:\/\/www.visitamalfi.info\/wp-content\/uploads\/2023\/06\/WhatsApp-Image-2023-07-10-at-16.36.34-615x410.jpeg 615w, https:\/\/www.visitamalfi.info\/wp-content\/uploads\/2023\/06\/WhatsApp-Image-2023-07-10-at-16.36.34-870x580.jpeg 870w, https:\/\/www.visitamalfi.info\/wp-content\/uploads\/2023\/06\/WhatsApp-Image-2023-07-10-at-16.36.34-1240x825.jpeg 1240w\" sizes=\"(max-width: 615px) 100vw, 615px\" \/><\/a>\n\t\t\t<\/div><\/figure><figure class='gallery-item'>\n\t\t\t<div class='gallery-icon landscape'>\n\t\t\t\t<a data-elementor-open-lightbox=\"yes\" data-elementor-lightbox-slideshow=\"23c6a125\" data-elementor-lightbox-title=\"Sentiero-Degli-Dei-Costiera-Amalfitana-Fotogallery-\" data-e-action-hash=\"#elementor-action%3Aaction%3Dlightbox%26settings%3DeyJpZCI6MTk4MCwidXJsIjoiaHR0cHM6XC9cL3d3dy52aXNpdGFtYWxmaS5pbmZvXC93cC1jb250ZW50XC91cGxvYWRzXC8yMDIyXC8wOVwvU2VudGllcm8tRGVnbGktRGVpLUNvc3RpZXJhLUFtYWxmaXRhbmEtRm90b2dhbGxlcnktLmpwZyIsInNsaWRlc2hvdyI6IjIzYzZhMTI1In0%3D\" href='https:\/\/www.visitamalfi.info\/wp-content\/uploads\/2022\/09\/Sentiero-Degli-Dei-Costiera-Amalfitana-Fotogallery-.jpg' data-lightbox=\"gal[17667]\"><img loading=\"lazy\" decoding=\"async\" width=\"615\" height=\"410\" src=\"https:\/\/www.visitamalfi.info\/wp-content\/uploads\/2022\/09\/Sentiero-Degli-Dei-Costiera-Amalfitana-Fotogallery--615x410.jpg\" class=\"attachment-ignition_item size-ignition_item\" alt=\"\" srcset=\"https:\/\/www.visitamalfi.info\/wp-content\/uploads\/2022\/09\/Sentiero-Degli-Dei-Costiera-Amalfitana-Fotogallery--615x410.jpg 615w, https:\/\/www.visitamalfi.info\/wp-content\/uploads\/2022\/09\/Sentiero-Degli-Dei-Costiera-Amalfitana-Fotogallery--870x580.jpg 870w\" sizes=\"(max-width: 615px) 100vw, 615px\" \/><\/a>\n\t\t\t<\/div><\/figure>\n\t\t<\/div>\n\t\t<\/div>\n\t\t\t\t\t\t<\/div>\n\t\t\t\t<\/div>\n\t\t\t\t<div class=\"elementor-element elementor-element-1eb8b7ab is-style-ignition-cousteau-pro-anchor-title elementor-widget elementor-widget-heading\" data-id=\"1eb8b7ab\" data-element_type=\"widget\" data-e-type=\"widget\" data-widget_type=\"heading.default\">\n\t\t\t\t<div class=\"elementor-widget-container\">\n\t\t\t\t\t<h2 class=\"elementor-heading-title elementor-size-default\">Informations utiles <\/h2>\t\t\t\t<\/div>\n\t\t\t\t<\/div>\n\t\t\t\t<section class=\"elementor-section elementor-inner-section elementor-element elementor-element-66453965 elementor-section-full_width elementor-section-height-default elementor-section-height-default\" data-id=\"66453965\" data-element_type=\"section\" data-e-type=\"section\">\n\t\t\t\t\t\t<div class=\"elementor-container elementor-column-gap-wider\">\n\t\t\t\t\t<div class=\"elementor-column elementor-col-100 elementor-inner-column elementor-element elementor-element-19c77b0a\" data-id=\"19c77b0a\" data-element_type=\"column\" data-e-type=\"column\" data-settings=\"{&quot;background_background&quot;:&quot;gradient&quot;}\">\n\t\t\t<div class=\"elementor-widget-wrap elementor-element-populated\">\n\t\t\t\t\t\t<div class=\"elementor-element elementor-element-606caaf4 elementor-widget elementor-widget-heading\" data-id=\"606caaf4\" data-element_type=\"widget\" data-e-type=\"widget\" data-widget_type=\"heading.default\">\n\t\t\t\t<div class=\"elementor-widget-container\">\n\t\t\t\t\t<p class=\"elementor-heading-title elementor-size-default\">Ce qu'il faut apporter : <\/p>\t\t\t\t<\/div>\n\t\t\t\t<\/div>\n\t\t\t\t<div class=\"elementor-element elementor-element-2954b2cc elementor-widget elementor-widget-spacer\" data-id=\"2954b2cc\" data-element_type=\"widget\" data-e-type=\"widget\" data-widget_type=\"spacer.default\">\n\t\t\t\t<div class=\"elementor-widget-container\">\n\t\t\t\t\t\t\t<div class=\"elementor-spacer\">\n\t\t\t<div class=\"elementor-spacer-inner\"><\/div>\n\t\t<\/div>\n\t\t\t\t\t\t<\/div>\n\t\t\t\t<\/div>\n\t\t\t\t<div class=\"elementor-element elementor-element-3b6cb14f elementor-icon-list--layout-traditional elementor-list-item-link-full_width elementor-widget elementor-widget-icon-list\" data-id=\"3b6cb14f\" data-element_type=\"widget\" data-e-type=\"widget\" data-widget_type=\"icon-list.default\">\n\t\t\t\t<div class=\"elementor-widget-container\">\n\t\t\t\t\t\t\t<ul class=\"elementor-icon-list-items\">\n\t\t\t\t\t\t\t<li class=\"elementor-icon-list-item\">\n\t\t\t\t\t\t\t\t\t\t\t<span class=\"elementor-icon-list-icon\">\n\t\t\t\t\t\t\t<i aria-hidden=\"true\" class=\"fas fa-circle\"><\/i>\t\t\t\t\t\t<\/span>\n\t\t\t\t\t\t\t\t\t\t<span class=\"elementor-icon-list-text\">Bouteille d'eau<\/span>\n\t\t\t\t\t\t\t\t\t<\/li>\n\t\t\t\t\t\t\t\t<li class=\"elementor-icon-list-item\">\n\t\t\t\t\t\t\t\t\t\t\t<span class=\"elementor-icon-list-icon\">\n\t\t\t\t\t\t\t<i aria-hidden=\"true\" class=\"fas fa-circle\"><\/i>\t\t\t\t\t\t<\/span>\n\t\t\t\t\t\t\t\t\t\t<span class=\"elementor-icon-list-text\">Collation<\/span>\n\t\t\t\t\t\t\t\t\t<\/li>\n\t\t\t\t\t\t\t\t<li class=\"elementor-icon-list-item\">\n\t\t\t\t\t\t\t\t\t\t\t<span class=\"elementor-icon-list-icon\">\n\t\t\t\t\t\t\t<i aria-hidden=\"true\" class=\"fas fa-circle\"><\/i>\t\t\t\t\t\t<\/span>\n\t\t\t\t\t\t\t\t\t\t<span class=\"elementor-icon-list-text\">Kayak ou chaussures en caoutchouc (sandales ou tongs)<\/span>\n\t\t\t\t\t\t\t\t\t<\/li>\n\t\t\t\t\t\t\t\t<li class=\"elementor-icon-list-item\">\n\t\t\t\t\t\t\t\t\t\t\t<span class=\"elementor-icon-list-icon\">\n\t\t\t\t\t\t\t<i aria-hidden=\"true\" class=\"fas fa-circle\"><\/i>\t\t\t\t\t\t<\/span>\n\t\t\t\t\t\t\t\t\t\t<span class=\"elementor-icon-list-text\">Chapeau<\/span>\n\t\t\t\t\t\t\t\t\t<\/li>\n\t\t\t\t\t\t\t\t<li class=\"elementor-icon-list-item\">\n\t\t\t\t\t\t\t\t\t\t\t<span class=\"elementor-icon-list-icon\">\n\t\t\t\t\t\t\t<i aria-hidden=\"true\" class=\"fas fa-circle\"><\/i>\t\t\t\t\t\t<\/span>\n\t\t\t\t\t\t\t\t\t\t<span class=\"elementor-icon-list-text\">Lunettes de soleil<\/span>\n\t\t\t\t\t\t\t\t\t<\/li>\n\t\t\t\t\t\t\t\t<li class=\"elementor-icon-list-item\">\n\t\t\t\t\t\t\t\t\t\t\t<span class=\"elementor-icon-list-icon\">\n\t\t\t\t\t\t\t<i aria-hidden=\"true\" class=\"fas fa-circle\"><\/i>\t\t\t\t\t\t<\/span>\n\t\t\t\t\t\t\t\t\t\t<span class=\"elementor-icon-list-text\">Cr\u00e8me solaire<\/span>\n\t\t\t\t\t\t\t\t\t<\/li>\n\t\t\t\t\t\t<\/ul>\n\t\t\t\t\t\t<\/div>\n\t\t\t\t<\/div>\n\t\t\t\t\t<\/div>\n\t\t<\/div>\n\t\t\t\t\t<\/div>\n\t\t<\/section>\n\t\t\t\t\t<\/div>\n\t\t<\/div>\n\t\t\t\t\t<\/div>\n\t\t<\/section>\n\t\t\t\t<\/div>\n\t\t","protected":false},"excerpt":{"rendered":"<p>Quoi de plus stimulant que des vacances multisports ?<\/p>\n","protected":false},"featured_media":12256,"comment_status":"open","ping_status":"closed","template":"","ignition_package_destination":[],"ignition_package_category":[1087,1101,1662],"experience":[250,342,254],"inspiration":[1658],"season":[230,238,233],"class_list":["post-17667","ignition-package","type-ignition-package","status-publish","has-post-thumbnail","hentry","ignition_package_category-circuits-a-velo","ignition_package_category-excursions-en-kayak","ignition_package_category-trekking-fr","experience-activites-exterieures","experience-bien-etre","experience-vivre-la-mer","inspiration-vacances-actives","season-automne","season-lete","season-printemps"],"yoast_head":"<!-- This site is optimized with the Yoast SEO plugin v27.3 - https:\/\/yoast.com\/product\/yoast-seo-wordpress\/ -->\n<title>Vacances multisports - 4 jours - Visit Amalfi<\/title>\n<meta name=\"robots\" content=\"index, follow, max-snippet:-1, max-image-preview:large, max-video-preview:-1\" \/>\n<link rel=\"canonical\" href=\"https:\/\/www.visitamalfi.info\/fr\/package\/vacances-multisports-4-jours\/\" \/>\n<meta property=\"og:locale\" content=\"fr_FR\" \/>\n<meta property=\"og:type\" content=\"article\" \/>\n<meta property=\"og:title\" content=\"Vacances multisports - 4 jours - Visit Amalfi\" \/>\n<meta property=\"og:description\" content=\"Quoi de plus stimulant que des vacances multisports ?\" \/>\n<meta property=\"og:url\" content=\"https:\/\/www.visitamalfi.info\/fr\/package\/vacances-multisports-4-jours\/\" \/>\n<meta property=\"og:site_name\" content=\"Visit Amalfi\" \/>\n<meta property=\"article:publisher\" content=\"https:\/\/www.facebook.com\/visitamalfiofficial\" \/>\n<meta property=\"article:modified_time\" content=\"2024-06-17T14:02:27+00:00\" \/>\n<meta property=\"og:image\" content=\"https:\/\/www.visitamalfi.info\/wp-content\/uploads\/2023\/06\/d440d5f32ed7823e63d0c161ae9e4986.jpg\" \/>\n\t<meta property=\"og:image:width\" content=\"1920\" \/>\n\t<meta property=\"og:image:height\" content=\"1080\" \/>\n\t<meta property=\"og:image:type\" content=\"image\/jpeg\" \/>\n<meta name=\"twitter:card\" content=\"summary_large_image\" \/>\n<meta name=\"twitter:label1\" content=\"Dur\u00e9e de lecture estim\u00e9e\" \/>\n\t<meta name=\"twitter:data1\" content=\"2 minutes\" \/>\n<script type=\"application\/ld+json\" class=\"yoast-schema-graph\">{\"@context\":\"https:\\\/\\\/schema.org\",\"@graph\":[{\"@type\":\"WebPage\",\"@id\":\"https:\\\/\\\/www.visitamalfi.info\\\/fr\\\/package\\\/vacances-multisports-4-jours\\\/\",\"url\":\"https:\\\/\\\/www.visitamalfi.info\\\/fr\\\/package\\\/vacances-multisports-4-jours\\\/\",\"name\":\"Vacances multisports - 4 jours - Visit Amalfi\",\"isPartOf\":{\"@id\":\"https:\\\/\\\/www.visitamalfi.info\\\/fr\\\/#website\"},\"primaryImageOfPage\":{\"@id\":\"https:\\\/\\\/www.visitamalfi.info\\\/fr\\\/package\\\/vacances-multisports-4-jours\\\/#primaryimage\"},\"image\":{\"@id\":\"https:\\\/\\\/www.visitamalfi.info\\\/fr\\\/package\\\/vacances-multisports-4-jours\\\/#primaryimage\"},\"thumbnailUrl\":\"https:\\\/\\\/www.visitamalfi.info\\\/wp-content\\\/uploads\\\/2023\\\/06\\\/d440d5f32ed7823e63d0c161ae9e4986.jpg\",\"datePublished\":\"2024-04-17T17:44:28+00:00\",\"dateModified\":\"2024-06-17T14:02:27+00:00\",\"breadcrumb\":{\"@id\":\"https:\\\/\\\/www.visitamalfi.info\\\/fr\\\/package\\\/vacances-multisports-4-jours\\\/#breadcrumb\"},\"inLanguage\":\"fr-FR\",\"potentialAction\":[{\"@type\":\"ReadAction\",\"target\":[\"https:\\\/\\\/www.visitamalfi.info\\\/fr\\\/package\\\/vacances-multisports-4-jours\\\/\"]}]},{\"@type\":\"ImageObject\",\"inLanguage\":\"fr-FR\",\"@id\":\"https:\\\/\\\/www.visitamalfi.info\\\/fr\\\/package\\\/vacances-multisports-4-jours\\\/#primaryimage\",\"url\":\"https:\\\/\\\/www.visitamalfi.info\\\/wp-content\\\/uploads\\\/2023\\\/06\\\/d440d5f32ed7823e63d0c161ae9e4986.jpg\",\"contentUrl\":\"https:\\\/\\\/www.visitamalfi.info\\\/wp-content\\\/uploads\\\/2023\\\/06\\\/d440d5f32ed7823e63d0c161ae9e4986.jpg\",\"width\":1920,\"height\":1080},{\"@type\":\"BreadcrumbList\",\"@id\":\"https:\\\/\\\/www.visitamalfi.info\\\/fr\\\/package\\\/vacances-multisports-4-jours\\\/#breadcrumb\",\"itemListElement\":[{\"@type\":\"ListItem\",\"position\":1,\"name\":\"Home\",\"item\":\"https:\\\/\\\/www.visitamalfi.info\\\/fr\\\/\"},{\"@type\":\"ListItem\",\"position\":2,\"name\":\"Vacances multisports &#8211; 4 jours\"}]},{\"@type\":\"WebSite\",\"@id\":\"https:\\\/\\\/www.visitamalfi.info\\\/fr\\\/#website\",\"url\":\"https:\\\/\\\/www.visitamalfi.info\\\/fr\\\/\",\"name\":\"Visit Amalfi\",\"description\":\"Amalfi Destination Official Website\",\"publisher\":{\"@id\":\"https:\\\/\\\/www.visitamalfi.info\\\/fr\\\/#organization\"},\"potentialAction\":[{\"@type\":\"SearchAction\",\"target\":{\"@type\":\"EntryPoint\",\"urlTemplate\":\"https:\\\/\\\/www.visitamalfi.info\\\/fr\\\/?s={search_term_string}\"},\"query-input\":{\"@type\":\"PropertyValueSpecification\",\"valueRequired\":true,\"valueName\":\"search_term_string\"}}],\"inLanguage\":\"fr-FR\"},{\"@type\":\"Organization\",\"@id\":\"https:\\\/\\\/www.visitamalfi.info\\\/fr\\\/#organization\",\"name\":\"Visit Amalfi\",\"url\":\"https:\\\/\\\/www.visitamalfi.info\\\/fr\\\/\",\"logo\":{\"@type\":\"ImageObject\",\"inLanguage\":\"fr-FR\",\"@id\":\"https:\\\/\\\/www.visitamalfi.info\\\/fr\\\/#\\\/schema\\\/logo\\\/image\\\/\",\"url\":\"https:\\\/\\\/www.visitamalfi.info\\\/wp-content\\\/uploads\\\/2023\\\/04\\\/visit-amalfi-logo-web.png\",\"contentUrl\":\"https:\\\/\\\/www.visitamalfi.info\\\/wp-content\\\/uploads\\\/2023\\\/04\\\/visit-amalfi-logo-web.png\",\"width\":800,\"height\":870,\"caption\":\"Visit Amalfi\"},\"image\":{\"@id\":\"https:\\\/\\\/www.visitamalfi.info\\\/fr\\\/#\\\/schema\\\/logo\\\/image\\\/\"},\"sameAs\":[\"https:\\\/\\\/www.facebook.com\\\/visitamalfiofficial\",\"https:\\\/\\\/www.instagram.com\\\/visitamalfiofficial\\\/\"]}]}<\/script>\n<!-- \/ Yoast SEO plugin. -->","yoast_head_json":{"title":"Vacances multisports - 4 jours - Visit Amalfi","robots":{"index":"index","follow":"follow","max-snippet":"max-snippet:-1","max-image-preview":"max-image-preview:large","max-video-preview":"max-video-preview:-1"},"canonical":"https:\/\/www.visitamalfi.info\/fr\/package\/vacances-multisports-4-jours\/","og_locale":"fr_FR","og_type":"article","og_title":"Vacances multisports - 4 jours - Visit Amalfi","og_description":"Quoi de plus stimulant que des vacances multisports ?","og_url":"https:\/\/www.visitamalfi.info\/fr\/package\/vacances-multisports-4-jours\/","og_site_name":"Visit Amalfi","article_publisher":"https:\/\/www.facebook.com\/visitamalfiofficial","article_modified_time":"2024-06-17T14:02:27+00:00","og_image":[{"width":1920,"height":1080,"url":"https:\/\/www.visitamalfi.info\/wp-content\/uploads\/2023\/06\/d440d5f32ed7823e63d0c161ae9e4986.jpg","type":"image\/jpeg"}],"twitter_card":"summary_large_image","twitter_misc":{"Dur\u00e9e de lecture estim\u00e9e":"2 minutes"},"schema":{"@context":"https:\/\/schema.org","@graph":[{"@type":"WebPage","@id":"https:\/\/www.visitamalfi.info\/fr\/package\/vacances-multisports-4-jours\/","url":"https:\/\/www.visitamalfi.info\/fr\/package\/vacances-multisports-4-jours\/","name":"Vacances multisports - 4 jours - Visit Amalfi","isPartOf":{"@id":"https:\/\/www.visitamalfi.info\/fr\/#website"},"primaryImageOfPage":{"@id":"https:\/\/www.visitamalfi.info\/fr\/package\/vacances-multisports-4-jours\/#primaryimage"},"image":{"@id":"https:\/\/www.visitamalfi.info\/fr\/package\/vacances-multisports-4-jours\/#primaryimage"},"thumbnailUrl":"https:\/\/www.visitamalfi.info\/wp-content\/uploads\/2023\/06\/d440d5f32ed7823e63d0c161ae9e4986.jpg","datePublished":"2024-04-17T17:44:28+00:00","dateModified":"2024-06-17T14:02:27+00:00","breadcrumb":{"@id":"https:\/\/www.visitamalfi.info\/fr\/package\/vacances-multisports-4-jours\/#breadcrumb"},"inLanguage":"fr-FR","potentialAction":[{"@type":"ReadAction","target":["https:\/\/www.visitamalfi.info\/fr\/package\/vacances-multisports-4-jours\/"]}]},{"@type":"ImageObject","inLanguage":"fr-FR","@id":"https:\/\/www.visitamalfi.info\/fr\/package\/vacances-multisports-4-jours\/#primaryimage","url":"https:\/\/www.visitamalfi.info\/wp-content\/uploads\/2023\/06\/d440d5f32ed7823e63d0c161ae9e4986.jpg","contentUrl":"https:\/\/www.visitamalfi.info\/wp-content\/uploads\/2023\/06\/d440d5f32ed7823e63d0c161ae9e4986.jpg","width":1920,"height":1080},{"@type":"BreadcrumbList","@id":"https:\/\/www.visitamalfi.info\/fr\/package\/vacances-multisports-4-jours\/#breadcrumb","itemListElement":[{"@type":"ListItem","position":1,"name":"Home","item":"https:\/\/www.visitamalfi.info\/fr\/"},{"@type":"ListItem","position":2,"name":"Vacances multisports &#8211; 4 jours"}]},{"@type":"WebSite","@id":"https:\/\/www.visitamalfi.info\/fr\/#website","url":"https:\/\/www.visitamalfi.info\/fr\/","name":"Visit Amalfi","description":"Amalfi Destination Official Website","publisher":{"@id":"https:\/\/www.visitamalfi.info\/fr\/#organization"},"potentialAction":[{"@type":"SearchAction","target":{"@type":"EntryPoint","urlTemplate":"https:\/\/www.visitamalfi.info\/fr\/?s={search_term_string}"},"query-input":{"@type":"PropertyValueSpecification","valueRequired":true,"valueName":"search_term_string"}}],"inLanguage":"fr-FR"},{"@type":"Organization","@id":"https:\/\/www.visitamalfi.info\/fr\/#organization","name":"Visit Amalfi","url":"https:\/\/www.visitamalfi.info\/fr\/","logo":{"@type":"ImageObject","inLanguage":"fr-FR","@id":"https:\/\/www.visitamalfi.info\/fr\/#\/schema\/logo\/image\/","url":"https:\/\/www.visitamalfi.info\/wp-content\/uploads\/2023\/04\/visit-amalfi-logo-web.png","contentUrl":"https:\/\/www.visitamalfi.info\/wp-content\/uploads\/2023\/04\/visit-amalfi-logo-web.png","width":800,"height":870,"caption":"Visit Amalfi"},"image":{"@id":"https:\/\/www.visitamalfi.info\/fr\/#\/schema\/logo\/image\/"},"sameAs":["https:\/\/www.facebook.com\/visitamalfiofficial","https:\/\/www.instagram.com\/visitamalfiofficial\/"]}]}},"_links":{"self":[{"href":"https:\/\/www.visitamalfi.info\/fr\/wp-json\/wp\/v2\/ignition-package\/17667","targetHints":{"allow":["GET"]}}],"collection":[{"href":"https:\/\/www.visitamalfi.info\/fr\/wp-json\/wp\/v2\/ignition-package"}],"about":[{"href":"https:\/\/www.visitamalfi.info\/fr\/wp-json\/wp\/v2\/types\/ignition-package"}],"replies":[{"embeddable":true,"href":"https:\/\/www.visitamalfi.info\/fr\/wp-json\/wp\/v2\/comments?post=17667"}],"version-history":[{"count":9,"href":"https:\/\/www.visitamalfi.info\/fr\/wp-json\/wp\/v2\/ignition-package\/17667\/revisions"}],"predecessor-version":[{"id":18150,"href":"https:\/\/www.visitamalfi.info\/fr\/wp-json\/wp\/v2\/ignition-package\/17667\/revisions\/18150"}],"wp:featuredmedia":[{"embeddable":true,"href":"https:\/\/www.visitamalfi.info\/fr\/wp-json\/wp\/v2\/media\/12256"}],"wp:attachment":[{"href":"https:\/\/www.visitamalfi.info\/fr\/wp-json\/wp\/v2\/media?parent=17667"}],"wp:term":[{"taxonomy":"ignition_package_destination","embeddable":true,"href":"https:\/\/www.visitamalfi.info\/fr\/wp-json\/wp\/v2\/ignition_package_destination?post=17667"},{"taxonomy":"ignition_package_category","embeddable":true,"href":"https:\/\/www.visitamalfi.info\/fr\/wp-json\/wp\/v2\/ignition_package_category?post=17667"},{"taxonomy":"experience","embeddable":true,"href":"https:\/\/www.visitamalfi.info\/fr\/wp-json\/wp\/v2\/experience?post=17667"},{"taxonomy":"inspiration","embeddable":true,"href":"https:\/\/www.visitamalfi.info\/fr\/wp-json\/wp\/v2\/inspiration?post=17667"},{"taxonomy":"season","embeddable":true,"href":"https:\/\/www.visitamalfi.info\/fr\/wp-json\/wp\/v2\/season?post=17667"}],"curies":[{"name":"wp","href":"https:\/\/api.w.org\/{rel}","templated":true}]}}