{"id":17478,"date":"2024-04-17T19:44:30","date_gmt":"2024-04-17T17:44:30","guid":{"rendered":"https:\/\/www.visitamalfi.info\/?post_type=ignition-package&#038;p=17478"},"modified":"2024-06-17T15:51:52","modified_gmt":"2024-06-17T13:51:52","slug":"proposition-romantique-edition-ete-4-jours","status":"publish","type":"ignition-package","link":"https:\/\/www.visitamalfi.info\/fr\/package\/proposition-romantique-edition-ete-4-jours\/","title":{"rendered":"Proposition romantique \u00e9dition \u00e9t\u00e9 &#8211; 4 jours"},"content":{"rendered":"\t\t<div data-elementor-type=\"wp-post\" data-elementor-id=\"17478\" class=\"elementor elementor-17478 elementor-17474\">\n\t\t\t\t\t\t<section class=\"elementor-section elementor-top-section elementor-element elementor-element-11336dd2 elementor-section-full_width elementor-section-height-default elementor-section-height-default\" data-id=\"11336dd2\" data-element_type=\"section\" data-e-type=\"section\">\n\t\t\t\t\t\t<div class=\"elementor-container elementor-column-gap-no\">\n\t\t\t\t\t<div class=\"elementor-column elementor-col-100 elementor-top-column elementor-element elementor-element-9921d2c\" data-id=\"9921d2c\" data-element_type=\"column\" data-e-type=\"column\">\n\t\t\t<div class=\"elementor-widget-wrap elementor-element-populated\">\n\t\t\t\t\t\t<div class=\"elementor-element elementor-element-230d350e elementor-widget__width-initial elementor-widget elementor-widget-text-editor\" data-id=\"230d350e\" data-element_type=\"widget\" data-e-type=\"widget\" data-widget_type=\"text-editor.default\">\n\t\t\t\t<div class=\"elementor-widget-container\">\n\t\t\t\t\t\t\t\t\t<p>Naviguez le long de la c\u00f4te en admirant le coucher et le lever du soleil \u00e0 Amalfi, d\u00e9tendez-vous en buvant un verre, immortalisez un souvenir avec un shot et profitez d&#8217;une exp\u00e9rience gastronomique.<\/p>\n<p><strong>Nombre maximum de participants :<\/strong> 2<br \/><strong>Disponibilit\u00e9 :<\/strong> 01\/04 &#8211; 31\/10<\/p>\n\t\t\t\t\t\t\t\t<\/div>\n\t\t\t\t<\/div>\n\t\t\t\t<div class=\"elementor-element elementor-element-2b00874e is-style-ignition-cousteau-pro-anchor-title elementor-widget elementor-widget-heading\" data-id=\"2b00874e\" data-element_type=\"widget\" data-e-type=\"widget\" data-widget_type=\"heading.default\">\n\t\t\t\t<div class=\"elementor-widget-container\">\n\t\t\t\t\t<h2 class=\"elementor-heading-title elementor-size-default\">Itin\u00e9raire <\/h2>\t\t\t\t<\/div>\n\t\t\t\t<\/div>\n\t\t\t\t<div class=\"elementor-element elementor-element-536a615 elementor-widget elementor-widget-text-editor\" data-id=\"536a615\" data-element_type=\"widget\" data-e-type=\"widget\" data-widget_type=\"text-editor.default\">\n\t\t\t\t<div class=\"elementor-widget-container\">\n\t\t\t\t\t\t\t\t\t<p>La proposition combine des croisi\u00e8res priv\u00e9es au lever et au coucher du soleil, une visite photographique, un ap\u00e9ritif et un d\u00eener romantique. <\/p>\n\t\t\t\t\t\t\t\t<\/div>\n\t\t\t\t<\/div>\n\t\t\t\t<div class=\"elementor-element elementor-element-31cc8b7e elementor-widget elementor-widget-spacer\" data-id=\"31cc8b7e\" data-element_type=\"widget\" data-e-type=\"widget\" data-widget_type=\"spacer.default\">\n\t\t\t\t<div class=\"elementor-widget-container\">\n\t\t\t\t\t\t\t<div class=\"elementor-spacer\">\n\t\t\t<div class=\"elementor-spacer-inner\"><\/div>\n\t\t<\/div>\n\t\t\t\t\t\t<\/div>\n\t\t\t\t<\/div>\n\t\t\t\t<section class=\"elementor-section elementor-inner-section elementor-element elementor-element-3c107755 elementor-section-full_width elementor-section-height-default elementor-section-height-default\" data-id=\"3c107755\" data-element_type=\"section\" data-e-type=\"section\">\n\t\t\t\t\t\t<div class=\"elementor-container elementor-column-gap-extended\">\n\t\t\t\t\t<div class=\"elementor-column elementor-col-100 elementor-inner-column elementor-element elementor-element-76e0368c\" data-id=\"76e0368c\" data-element_type=\"column\" data-e-type=\"column\" data-settings=\"{&quot;background_background&quot;:&quot;gradient&quot;}\">\n\t\t\t<div class=\"elementor-widget-wrap elementor-element-populated\">\n\t\t\t\t\t\t<div class=\"elementor-element elementor-element-5d9d59e4 elementor-widget elementor-widget-heading\" data-id=\"5d9d59e4\" data-element_type=\"widget\" data-e-type=\"widget\" data-widget_type=\"heading.default\">\n\t\t\t\t<div class=\"elementor-widget-container\">\n\t\t\t\t\t<h3 class=\"elementor-heading-title elementor-size-default\">Jour 1 - Sunset Tour<\/h3>\t\t\t\t<\/div>\n\t\t\t\t<\/div>\n\t\t\t\t\t<\/div>\n\t\t<\/div>\n\t\t\t\t\t<\/div>\n\t\t<\/section>\n\t\t\t\t<div class=\"elementor-element elementor-element-67a8726a elementor-widget elementor-widget-spacer\" data-id=\"67a8726a\" data-element_type=\"widget\" data-e-type=\"widget\" data-widget_type=\"spacer.default\">\n\t\t\t\t<div class=\"elementor-widget-container\">\n\t\t\t\t\t\t\t<div class=\"elementor-spacer\">\n\t\t\t<div class=\"elementor-spacer-inner\"><\/div>\n\t\t<\/div>\n\t\t\t\t\t\t<\/div>\n\t\t\t\t<\/div>\n\t\t\t\t<div class=\"elementor-element elementor-element-33614226 elementor-widget elementor-widget-text-editor\" data-id=\"33614226\" data-element_type=\"widget\" data-e-type=\"widget\" data-widget_type=\"text-editor.default\">\n\t\t\t\t<div class=\"elementor-widget-container\">\n\t\t\t\t\t\t\t\t\t<p><img decoding=\"async\" class=\"wp-image-4789 alignleft\" src=\"https:\/\/www.visitamalfi.info\/wp-content\/uploads\/2023\/07\/emanueleanastasioph-DMO-2023_ana9342-150x150.jpg\" alt=\"\" width=\"150\" height=\"150\" srcset=\"https:\/\/www.visitamalfi.info\/wp-content\/uploads\/2023\/07\/emanueleanastasioph-DMO-2023_ana9342-150x150.jpg 150w, https:\/\/www.visitamalfi.info\/wp-content\/uploads\/2023\/07\/emanueleanastasioph-DMO-2023_ana9342-510x510.jpg 510w, https:\/\/www.visitamalfi.info\/wp-content\/uploads\/2023\/07\/emanueleanastasioph-DMO-2023_ana9342-160x160.jpg 160w\" sizes=\"(max-width: 150px) 100vw, 150px\" \/>Regarder le soleil se coucher sur les eaux de la c\u00f4te amalfitaine, class\u00e9e par l&#8217;UNESCO, lors d&#8217;une croisi\u00e8re nocturne sera certainement le choix id\u00e9al pour c\u00e9l\u00e9brer une occasion sp\u00e9ciale. Naviguer le long de la digue, se baigner dans les eaux cristallines et se d\u00e9tendre autour d&#8217;un verre en regardant le soleil glisser dans la mer, restera \u00e0 jamais le souvenir d&#8217;un s\u00e9jour de r\u00eave.<\/p>\n<p>Une exp\u00e9rience authentique dont la valeur ajout\u00e9e r\u00e9side dans la connaissance et l&#8217;amour du capitaine Gioacchino pour la C\u00f4te Divine.<\/p>\n\t\t\t\t\t\t\t\t<\/div>\n\t\t\t\t<\/div>\n\t\t\t\t<div class=\"elementor-element elementor-element-2264f0eb elementor-widget elementor-widget-spacer\" data-id=\"2264f0eb\" data-element_type=\"widget\" data-e-type=\"widget\" data-widget_type=\"spacer.default\">\n\t\t\t\t<div class=\"elementor-widget-container\">\n\t\t\t\t\t\t\t<div class=\"elementor-spacer\">\n\t\t\t<div class=\"elementor-spacer-inner\"><\/div>\n\t\t<\/div>\n\t\t\t\t\t\t<\/div>\n\t\t\t\t<\/div>\n\t\t\t\t<section class=\"elementor-section elementor-inner-section elementor-element elementor-element-2086e8e9 elementor-section-full_width elementor-section-height-default elementor-section-height-default\" data-id=\"2086e8e9\" data-element_type=\"section\" data-e-type=\"section\">\n\t\t\t\t\t\t<div class=\"elementor-container elementor-column-gap-extended\">\n\t\t\t\t\t<div class=\"elementor-column elementor-col-100 elementor-inner-column elementor-element elementor-element-76c7120b\" data-id=\"76c7120b\" data-element_type=\"column\" data-e-type=\"column\" data-settings=\"{&quot;background_background&quot;:&quot;gradient&quot;}\">\n\t\t\t<div class=\"elementor-widget-wrap elementor-element-populated\">\n\t\t\t\t\t\t<div class=\"elementor-element elementor-element-22292ca9 elementor-widget elementor-widget-heading\" data-id=\"22292ca9\" data-element_type=\"widget\" data-e-type=\"widget\" data-widget_type=\"heading.default\">\n\t\t\t\t<div class=\"elementor-widget-container\">\n\t\t\t\t\t<h3 class=\"elementor-heading-title elementor-size-default\">Jour 2 - Amalfi Photo Tour + ap\u00e9ritif au coucher du soleil<\/h3>\t\t\t\t<\/div>\n\t\t\t\t<\/div>\n\t\t\t\t\t<\/div>\n\t\t<\/div>\n\t\t\t\t\t<\/div>\n\t\t<\/section>\n\t\t\t\t<div class=\"elementor-element elementor-element-143fbee elementor-widget elementor-widget-spacer\" data-id=\"143fbee\" data-element_type=\"widget\" data-e-type=\"widget\" data-widget_type=\"spacer.default\">\n\t\t\t\t<div class=\"elementor-widget-container\">\n\t\t\t\t\t\t\t<div class=\"elementor-spacer\">\n\t\t\t<div class=\"elementor-spacer-inner\"><\/div>\n\t\t<\/div>\n\t\t\t\t\t\t<\/div>\n\t\t\t\t<\/div>\n\t\t\t\t<div class=\"elementor-element elementor-element-697344cd elementor-widget elementor-widget-text-editor\" data-id=\"697344cd\" data-element_type=\"widget\" data-e-type=\"widget\" data-widget_type=\"text-editor.default\">\n\t\t\t\t<div class=\"elementor-widget-container\">\n\t\t\t\t\t\t\t\t\t<p><img decoding=\"async\" class=\"wp-image-1784 alignright\" src=\"https:\/\/www.visitamalfi.info\/wp-content\/uploads\/2023\/05\/ANA5401-reed-heley-amalfi-150x150.jpg\" alt=\"\" width=\"150\" height=\"100\" srcset=\"https:\/\/www.visitamalfi.info\/wp-content\/uploads\/2023\/05\/ANA5401-reed-heley-amalfi-300x200.jpg 300w, https:\/\/www.visitamalfi.info\/wp-content\/uploads\/2023\/05\/ANA5401-reed-heley-amalfi-1024x683.jpg 1024w, https:\/\/www.visitamalfi.info\/wp-content\/uploads\/2023\/05\/ANA5401-reed-heley-amalfi-768x512.jpg 768w, https:\/\/www.visitamalfi.info\/wp-content\/uploads\/2023\/05\/ANA5401-reed-heley-amalfi-1536x1024.jpg 1536w, https:\/\/www.visitamalfi.info\/wp-content\/uploads\/2023\/05\/ANA5401-reed-heley-amalfi-2048x1365.jpg 2048w, https:\/\/www.visitamalfi.info\/wp-content\/uploads\/2023\/05\/ANA5401-reed-heley-amalfi-870x580.jpg 870w, https:\/\/www.visitamalfi.info\/wp-content\/uploads\/2023\/05\/ANA5401-reed-heley-amalfi-615x410.jpg 615w, https:\/\/www.visitamalfi.info\/wp-content\/uploads\/2023\/05\/ANA5401-reed-heley-amalfi-1240x825.jpg 1240w\" sizes=\"(max-width: 150px) 100vw, 150px\" \/>Quoi de mieux qu&#8217;une visite d&#8217;Amalfi accompagn\u00e9e d&#8217;un photographe local qui vous guidera dans les coins les plus cach\u00e9s et les plus suggestifs de la ville pour vous offrir un clich\u00e9 de r\u00eave ?<\/p>\n<p>La visite photographique peut durer de une \u00e0 huit heures au maximum. En chemin, vous visiterez les plus beaux sites de la ville, entre histoire, architecture et panoramas \u00e0 couper le souffle.<\/p>\n<p>Depuis le toit-terrasse du Sea Waves Bar, situ\u00e9 au dernier \u00e9tage de l&#8217;h\u00f4tel La Bussola, les clients peuvent profiter d&#8217;un magnifique coucher de soleil sur la mer et d&#8217;une soir\u00e9e exclusive accompagn\u00e9e d&#8217;un bon cocktail.<\/p>\n\t\t\t\t\t\t\t\t<\/div>\n\t\t\t\t<\/div>\n\t\t\t\t<div class=\"elementor-element elementor-element-12d32799 elementor-widget elementor-widget-spacer\" data-id=\"12d32799\" data-element_type=\"widget\" data-e-type=\"widget\" data-widget_type=\"spacer.default\">\n\t\t\t\t<div class=\"elementor-widget-container\">\n\t\t\t\t\t\t\t<div class=\"elementor-spacer\">\n\t\t\t<div class=\"elementor-spacer-inner\"><\/div>\n\t\t<\/div>\n\t\t\t\t\t\t<\/div>\n\t\t\t\t<\/div>\n\t\t\t\t<section class=\"elementor-section elementor-inner-section elementor-element elementor-element-4478a12d elementor-section-full_width elementor-section-height-default elementor-section-height-default\" data-id=\"4478a12d\" data-element_type=\"section\" data-e-type=\"section\">\n\t\t\t\t\t\t<div class=\"elementor-container elementor-column-gap-extended\">\n\t\t\t\t\t<div class=\"elementor-column elementor-col-100 elementor-inner-column elementor-element elementor-element-6eab5cb4\" data-id=\"6eab5cb4\" data-element_type=\"column\" data-e-type=\"column\" data-settings=\"{&quot;background_background&quot;:&quot;gradient&quot;}\">\n\t\t\t<div class=\"elementor-widget-wrap elementor-element-populated\">\n\t\t\t\t\t\t<div class=\"elementor-element elementor-element-45d5864f elementor-widget elementor-widget-heading\" data-id=\"45d5864f\" data-element_type=\"widget\" data-e-type=\"widget\" data-widget_type=\"heading.default\">\n\t\t\t\t<div class=\"elementor-widget-container\">\n\t\t\t\t\t<h3 class=\"elementor-heading-title elementor-size-default\">Jour 3 - Sunrise Tour + d\u00eener romantique<\/h3>\t\t\t\t<\/div>\n\t\t\t\t<\/div>\n\t\t\t\t\t<\/div>\n\t\t<\/div>\n\t\t\t\t\t<\/div>\n\t\t<\/section>\n\t\t\t\t<div class=\"elementor-element elementor-element-4303dd2f elementor-widget elementor-widget-spacer\" data-id=\"4303dd2f\" data-element_type=\"widget\" data-e-type=\"widget\" data-widget_type=\"spacer.default\">\n\t\t\t\t<div class=\"elementor-widget-container\">\n\t\t\t\t\t\t\t<div class=\"elementor-spacer\">\n\t\t\t<div class=\"elementor-spacer-inner\"><\/div>\n\t\t<\/div>\n\t\t\t\t\t\t<\/div>\n\t\t\t\t<\/div>\n\t\t\t\t<div class=\"elementor-element elementor-element-4292bba5 elementor-widget elementor-widget-text-editor\" data-id=\"4292bba5\" data-element_type=\"widget\" data-e-type=\"widget\" data-widget_type=\"text-editor.default\">\n\t\t\t\t<div class=\"elementor-widget-container\">\n\t\t\t\t\t\t\t\t\t<p><img decoding=\"async\" class=\"wp-image-7390 alignleft\" src=\"https:\/\/www.visitamalfi.info\/wp-content\/uploads\/2023\/06\/terrace-300x300.jpg\" alt=\"\" width=\"150\" height=\"150\" srcset=\"https:\/\/www.visitamalfi.info\/wp-content\/uploads\/2023\/06\/terrace-300x300.jpg 300w, https:\/\/www.visitamalfi.info\/wp-content\/uploads\/2023\/06\/terrace-510x510.jpg 510w, https:\/\/www.visitamalfi.info\/wp-content\/uploads\/2023\/06\/terrace-160x160.jpg 160w\" sizes=\"(max-width: 150px) 100vw, 150px\" \/>Commencer la journ\u00e9e par une excursion au lever du soleil avec petit-d\u00e9jeuner \u00e0 bord en compagnie d&#8217;Umberto, \u00e0 bord de son Ieranto de 7,50 m\u00e8tres, sera la meilleure fa\u00e7on de d\u00e9couvrir la C\u00f4te Divine sous un autre jour et d&#8217;un autre point de vue.<\/p>\n<p>Pour terminer la journ\u00e9e, un d\u00eener romantique au Baglio Amalfi Italian Bistr\u00f2 offrira une exp\u00e9rience culinaire unique au go\u00fbt de la c\u00f4te. Un endroit sp\u00e9cial pour l&#8217;\u00e2me et le palais o\u00f9 : l&#8217;odeur de la mer se m\u00eale \u00e0 celle des citronniers, perp\u00e9tuant les traditions locales avec une touche d&#8217;innovation. Des saveurs de la mer \u00e0 celles de la terre, l&#8217;exp\u00e9rience v\u00e9cue \u00e0 Baglio peut \u00eatre qualifi\u00e9e d'&#8221;\u00e9motionnelle&#8221; et d&#8217;unique. Un m\u00e9lange de tradition et d&#8217;innovation qui fait la part belle au go\u00fbt et \u00e0 l&#8217;authenticit\u00e9.<\/p>\n\t\t\t\t\t\t\t\t<\/div>\n\t\t\t\t<\/div>\n\t\t\t\t<div class=\"elementor-element elementor-element-5e59e302 is-style-ignition-cousteau-pro-anchor-title elementor-widget elementor-widget-heading\" data-id=\"5e59e302\" data-element_type=\"widget\" data-e-type=\"widget\" data-widget_type=\"heading.default\">\n\t\t\t\t<div class=\"elementor-widget-container\">\n\t\t\t\t\t<h2 class=\"elementor-heading-title elementor-size-default\">Galerie<\/h2>\t\t\t\t<\/div>\n\t\t\t\t<\/div>\n\t\t\t\t<div class=\"elementor-element elementor-element-6ca8e43b gallery-spacing-custom elementor-widget elementor-widget-image-gallery\" data-id=\"6ca8e43b\" data-element_type=\"widget\" data-e-type=\"widget\" data-widget_type=\"image-gallery.default\">\n\t\t\t\t<div class=\"elementor-widget-container\">\n\t\t\t\t\t\t\t<div class=\"elementor-image-gallery\">\n\t\t\t<div id='gallery-1' class='gallery galleryid-17478 gallery-columns-3 gallery-size-ignition_item'><figure class='gallery-item'>\n\t\t\t<div class='gallery-icon portrait'>\n\t\t\t\t<a data-elementor-open-lightbox=\"yes\" data-elementor-lightbox-slideshow=\"6ca8e43b\" data-elementor-lightbox-title=\"_ANA5650-reed-heley-amalfi\" data-e-action-hash=\"#elementor-action%3Aaction%3Dlightbox%26settings%3DeyJpZCI6MTc5MSwidXJsIjoiaHR0cHM6XC9cL3d3dy52aXNpdGFtYWxmaS5pbmZvXC93cC1jb250ZW50XC91cGxvYWRzXC8yMDIzXC8wNVwvQU5BNTY1MC1yZWVkLWhlbGV5LWFtYWxmaS1zY2FsZWQuanBnIiwic2xpZGVzaG93IjoiNmNhOGU0M2IifQ%3D%3D\" href='https:\/\/www.visitamalfi.info\/wp-content\/uploads\/2023\/05\/ANA5650-reed-heley-amalfi-scaled.jpg' data-lightbox=\"gal[17478]\"><img loading=\"lazy\" decoding=\"async\" width=\"615\" height=\"410\" src=\"https:\/\/www.visitamalfi.info\/wp-content\/uploads\/2023\/05\/ANA5650-reed-heley-amalfi-615x410.jpg\" class=\"attachment-ignition_item size-ignition_item\" alt=\"\" srcset=\"https:\/\/www.visitamalfi.info\/wp-content\/uploads\/2023\/05\/ANA5650-reed-heley-amalfi-615x410.jpg 615w, https:\/\/www.visitamalfi.info\/wp-content\/uploads\/2023\/05\/ANA5650-reed-heley-amalfi-870x580.jpg 870w, https:\/\/www.visitamalfi.info\/wp-content\/uploads\/2023\/05\/ANA5650-reed-heley-amalfi-1240x825.jpg 1240w\" sizes=\"(max-width: 615px) 100vw, 615px\" \/><\/a>\n\t\t\t<\/div><\/figure><figure class='gallery-item'>\n\t\t\t<div class='gallery-icon landscape'>\n\t\t\t\t<a data-elementor-open-lightbox=\"yes\" data-elementor-lightbox-slideshow=\"6ca8e43b\" data-elementor-lightbox-title=\"IMG_20230616_123943\" data-e-action-hash=\"#elementor-action%3Aaction%3Dlightbox%26settings%3DeyJpZCI6MTY0NTksInVybCI6Imh0dHBzOlwvXC93d3cudmlzaXRhbWFsZmkuaW5mb1wvd3AtY29udGVudFwvdXBsb2Fkc1wvMjAyM1wvMDhcL0lNR18yMDIzMDYxNl8xMjM5NDMuanBnIiwic2xpZGVzaG93IjoiNmNhOGU0M2IifQ%3D%3D\" href='https:\/\/www.visitamalfi.info\/wp-content\/uploads\/2023\/08\/IMG_20230616_123943.jpg' data-lightbox=\"gal[17478]\"><img loading=\"lazy\" decoding=\"async\" width=\"615\" height=\"410\" src=\"https:\/\/www.visitamalfi.info\/wp-content\/uploads\/2023\/08\/IMG_20230616_123943-615x410.jpg\" class=\"attachment-ignition_item size-ignition_item\" alt=\"Sailing Amalfi Coast_Sunset\" srcset=\"https:\/\/www.visitamalfi.info\/wp-content\/uploads\/2023\/08\/IMG_20230616_123943-615x410.jpg 615w, https:\/\/www.visitamalfi.info\/wp-content\/uploads\/2023\/08\/IMG_20230616_123943-870x580.jpg 870w\" sizes=\"(max-width: 615px) 100vw, 615px\" \/><\/a>\n\t\t\t<\/div><\/figure><figure class='gallery-item'>\n\t\t\t<div class='gallery-icon landscape'>\n\t\t\t\t<a data-elementor-open-lightbox=\"yes\" data-elementor-lightbox-slideshow=\"6ca8e43b\" data-elementor-lightbox-title=\"3\" data-e-action-hash=\"#elementor-action%3Aaction%3Dlightbox%26settings%3DeyJpZCI6NzM4NywidXJsIjoiaHR0cHM6XC9cL3d3dy52aXNpdGFtYWxmaS5pbmZvXC93cC1jb250ZW50XC91cGxvYWRzXC8yMDIzXC8wNlwvMy5qcGciLCJzbGlkZXNob3ciOiI2Y2E4ZTQzYiJ9\" href='https:\/\/www.visitamalfi.info\/wp-content\/uploads\/2023\/06\/3.jpg' data-lightbox=\"gal[17478]\"><img loading=\"lazy\" decoding=\"async\" width=\"615\" height=\"410\" src=\"https:\/\/www.visitamalfi.info\/wp-content\/uploads\/2023\/06\/3-615x410.jpg\" class=\"attachment-ignition_item size-ignition_item\" alt=\"\" srcset=\"https:\/\/www.visitamalfi.info\/wp-content\/uploads\/2023\/06\/3-615x410.jpg 615w, https:\/\/www.visitamalfi.info\/wp-content\/uploads\/2023\/06\/3-870x580.jpg 870w\" sizes=\"(max-width: 615px) 100vw, 615px\" \/><\/a>\n\t\t\t<\/div><\/figure><figure class='gallery-item'>\n\t\t\t<div class='gallery-icon landscape'>\n\t\t\t\t<a data-elementor-open-lightbox=\"yes\" data-elementor-lightbox-slideshow=\"6ca8e43b\" data-elementor-lightbox-title=\"SeaWavesBussola0005\" data-e-action-hash=\"#elementor-action%3Aaction%3Dlightbox%26settings%3DeyJpZCI6NzEwNSwidXJsIjoiaHR0cHM6XC9cL3d3dy52aXNpdGFtYWxmaS5pbmZvXC93cC1jb250ZW50XC91cGxvYWRzXC8yMDIzXC8wNVwvU2VhV2F2ZXNCdXNzb2xhMDAwNS1zY2FsZWQuanBnIiwic2xpZGVzaG93IjoiNmNhOGU0M2IifQ%3D%3D\" href='https:\/\/www.visitamalfi.info\/wp-content\/uploads\/2023\/05\/SeaWavesBussola0005-scaled.jpg' data-lightbox=\"gal[17478]\"><img loading=\"lazy\" decoding=\"async\" width=\"615\" height=\"410\" src=\"https:\/\/www.visitamalfi.info\/wp-content\/uploads\/2023\/05\/SeaWavesBussola0005-615x410.jpg\" class=\"attachment-ignition_item size-ignition_item\" alt=\"\" srcset=\"https:\/\/www.visitamalfi.info\/wp-content\/uploads\/2023\/05\/SeaWavesBussola0005-615x410.jpg 615w, https:\/\/www.visitamalfi.info\/wp-content\/uploads\/2023\/05\/SeaWavesBussola0005-870x580.jpg 870w, https:\/\/www.visitamalfi.info\/wp-content\/uploads\/2023\/05\/SeaWavesBussola0005-1240x825.jpg 1240w\" sizes=\"(max-width: 615px) 100vw, 615px\" \/><\/a>\n\t\t\t<\/div><\/figure><figure class='gallery-item'>\n\t\t\t<div class='gallery-icon landscape'>\n\t\t\t\t<a data-elementor-open-lightbox=\"yes\" data-elementor-lightbox-slideshow=\"6ca8e43b\" data-elementor-lightbox-title=\"SeaWavesBussola0009\" data-e-action-hash=\"#elementor-action%3Aaction%3Dlightbox%26settings%3DeyJpZCI6NzExMCwidXJsIjoiaHR0cHM6XC9cL3d3dy52aXNpdGFtYWxmaS5pbmZvXC93cC1jb250ZW50XC91cGxvYWRzXC8yMDIzXC8wNVwvU2VhV2F2ZXNCdXNzb2xhMDAwOS1zY2FsZWQuanBnIiwic2xpZGVzaG93IjoiNmNhOGU0M2IifQ%3D%3D\" href='https:\/\/www.visitamalfi.info\/wp-content\/uploads\/2023\/05\/SeaWavesBussola0009-scaled.jpg' data-lightbox=\"gal[17478]\"><img loading=\"lazy\" decoding=\"async\" width=\"615\" height=\"410\" src=\"https:\/\/www.visitamalfi.info\/wp-content\/uploads\/2023\/05\/SeaWavesBussola0009-615x410.jpg\" class=\"attachment-ignition_item size-ignition_item\" alt=\"\" srcset=\"https:\/\/www.visitamalfi.info\/wp-content\/uploads\/2023\/05\/SeaWavesBussola0009-615x410.jpg 615w, https:\/\/www.visitamalfi.info\/wp-content\/uploads\/2023\/05\/SeaWavesBussola0009-870x580.jpg 870w, https:\/\/www.visitamalfi.info\/wp-content\/uploads\/2023\/05\/SeaWavesBussola0009-1240x825.jpg 1240w\" sizes=\"(max-width: 615px) 100vw, 615px\" \/><\/a>\n\t\t\t<\/div><\/figure><figure class='gallery-item'>\n\t\t\t<div class='gallery-icon portrait'>\n\t\t\t\t<a data-elementor-open-lightbox=\"yes\" data-elementor-lightbox-slideshow=\"6ca8e43b\" data-elementor-lightbox-title=\"SeaWavesBussola20200814_192507\" data-e-action-hash=\"#elementor-action%3Aaction%3Dlightbox%26settings%3DeyJpZCI6NzExNSwidXJsIjoiaHR0cHM6XC9cL3d3dy52aXNpdGFtYWxmaS5pbmZvXC93cC1jb250ZW50XC91cGxvYWRzXC8yMDIzXC8wNVwvU2VhV2F2ZXNCdXNzb2xhMjAyMDA4MTRfMTkyNTA3LXNjYWxlZC5qcGciLCJzbGlkZXNob3ciOiI2Y2E4ZTQzYiJ9\" href='https:\/\/www.visitamalfi.info\/wp-content\/uploads\/2023\/05\/SeaWavesBussola20200814_192507-scaled.jpg' data-lightbox=\"gal[17478]\"><img loading=\"lazy\" decoding=\"async\" width=\"615\" height=\"410\" src=\"https:\/\/www.visitamalfi.info\/wp-content\/uploads\/2023\/05\/SeaWavesBussola20200814_192507-615x410.jpg\" class=\"attachment-ignition_item size-ignition_item\" alt=\"\" srcset=\"https:\/\/www.visitamalfi.info\/wp-content\/uploads\/2023\/05\/SeaWavesBussola20200814_192507-615x410.jpg 615w, https:\/\/www.visitamalfi.info\/wp-content\/uploads\/2023\/05\/SeaWavesBussola20200814_192507-870x580.jpg 870w, https:\/\/www.visitamalfi.info\/wp-content\/uploads\/2023\/05\/SeaWavesBussola20200814_192507-1240x825.jpg 1240w\" sizes=\"(max-width: 615px) 100vw, 615px\" \/><\/a>\n\t\t\t<\/div><\/figure>\n\t\t<\/div>\n\t\t<\/div>\n\t\t\t\t\t\t<\/div>\n\t\t\t\t<\/div>\n\t\t\t\t\t<\/div>\n\t\t<\/div>\n\t\t\t\t\t<\/div>\n\t\t<\/section>\n\t\t\t\t<\/div>\n\t\t","protected":false},"excerpt":{"rendered":"<p>Naviguez le long de la c\u00f4te en observant le coucher et le lever du soleil amalfitain, d\u00e9tendez-vous avec un verre, immortalisez le moment et profitez d&#8217;une exp\u00e9rience gastronomique. <\/p>\n","protected":false},"featured_media":4791,"comment_status":"open","ping_status":"closed","template":"","ignition_package_destination":[],"ignition_package_category":[1108,861,1680],"experience":[342,337,267,246,333,254],"inspiration":[1143,456,455],"season":[230,238,233],"class_list":["post-17478","ignition-package","type-ignition-package","status-publish","has-post-thumbnail","hentry","ignition_package_category-excursion-en-bateau","ignition_package_category-restaurants","ignition_package_category-tournee-de-photos","experience-bien-etre","experience-gourmet-fr","experience-mariage","experience-amalfi-premium-fr","experience-romantique","experience-vivre-la-mer","inspiration-mariage","inspiration-vacances-de-detente","inspiration-vacances-en-couple","season-automne","season-lete","season-printemps"],"yoast_head":"<!-- This site is optimized with the Yoast SEO plugin v27.3 - https:\/\/yoast.com\/product\/yoast-seo-wordpress\/ -->\n<title>Proposition romantique \u00e9dition \u00e9t\u00e9 - 4 jours - Visit Amalfi<\/title>\n<meta name=\"robots\" content=\"index, follow, max-snippet:-1, max-image-preview:large, max-video-preview:-1\" \/>\n<link rel=\"canonical\" href=\"https:\/\/www.visitamalfi.info\/fr\/package\/proposition-romantique-edition-ete-4-jours\/\" \/>\n<meta property=\"og:locale\" content=\"fr_FR\" \/>\n<meta property=\"og:type\" content=\"article\" \/>\n<meta property=\"og:title\" content=\"Proposition romantique \u00e9dition \u00e9t\u00e9 - 4 jours - Visit Amalfi\" \/>\n<meta property=\"og:description\" content=\"Naviguez le long de la c\u00f4te en observant le coucher et le lever du soleil amalfitain, d\u00e9tendez-vous avec un verre, immortalisez le moment et profitez d&#039;une exp\u00e9rience gastronomique.\" \/>\n<meta property=\"og:url\" content=\"https:\/\/www.visitamalfi.info\/fr\/package\/proposition-romantique-edition-ete-4-jours\/\" \/>\n<meta property=\"og:site_name\" content=\"Visit Amalfi\" \/>\n<meta property=\"article:publisher\" content=\"https:\/\/www.facebook.com\/visitamalfiofficial\" \/>\n<meta property=\"article:modified_time\" content=\"2024-06-17T13:51:52+00:00\" \/>\n<meta property=\"og:image\" content=\"https:\/\/www.visitamalfi.info\/wp-content\/uploads\/2023\/07\/emanueleanastasioph-DMO-2023_ana9342-scaled.jpg\" \/>\n\t<meta property=\"og:image:width\" content=\"1707\" \/>\n\t<meta property=\"og:image:height\" content=\"2560\" \/>\n\t<meta property=\"og:image:type\" content=\"image\/jpeg\" \/>\n<meta name=\"twitter:card\" content=\"summary_large_image\" \/>\n<meta name=\"twitter:label1\" content=\"Dur\u00e9e de lecture estim\u00e9e\" \/>\n\t<meta name=\"twitter:data1\" content=\"2 minutes\" \/>\n<script type=\"application\/ld+json\" class=\"yoast-schema-graph\">{\"@context\":\"https:\\\/\\\/schema.org\",\"@graph\":[{\"@type\":\"WebPage\",\"@id\":\"https:\\\/\\\/www.visitamalfi.info\\\/fr\\\/package\\\/proposition-romantique-edition-ete-4-jours\\\/\",\"url\":\"https:\\\/\\\/www.visitamalfi.info\\\/fr\\\/package\\\/proposition-romantique-edition-ete-4-jours\\\/\",\"name\":\"Proposition romantique \u00e9dition \u00e9t\u00e9 - 4 jours - Visit Amalfi\",\"isPartOf\":{\"@id\":\"https:\\\/\\\/www.visitamalfi.info\\\/fr\\\/#website\"},\"primaryImageOfPage\":{\"@id\":\"https:\\\/\\\/www.visitamalfi.info\\\/fr\\\/package\\\/proposition-romantique-edition-ete-4-jours\\\/#primaryimage\"},\"image\":{\"@id\":\"https:\\\/\\\/www.visitamalfi.info\\\/fr\\\/package\\\/proposition-romantique-edition-ete-4-jours\\\/#primaryimage\"},\"thumbnailUrl\":\"https:\\\/\\\/www.visitamalfi.info\\\/wp-content\\\/uploads\\\/2023\\\/07\\\/emanueleanastasioph-DMO-2023_ana9342-scaled.jpg\",\"datePublished\":\"2024-04-17T17:44:30+00:00\",\"dateModified\":\"2024-06-17T13:51:52+00:00\",\"breadcrumb\":{\"@id\":\"https:\\\/\\\/www.visitamalfi.info\\\/fr\\\/package\\\/proposition-romantique-edition-ete-4-jours\\\/#breadcrumb\"},\"inLanguage\":\"fr-FR\",\"potentialAction\":[{\"@type\":\"ReadAction\",\"target\":[\"https:\\\/\\\/www.visitamalfi.info\\\/fr\\\/package\\\/proposition-romantique-edition-ete-4-jours\\\/\"]}]},{\"@type\":\"ImageObject\",\"inLanguage\":\"fr-FR\",\"@id\":\"https:\\\/\\\/www.visitamalfi.info\\\/fr\\\/package\\\/proposition-romantique-edition-ete-4-jours\\\/#primaryimage\",\"url\":\"https:\\\/\\\/www.visitamalfi.info\\\/wp-content\\\/uploads\\\/2023\\\/07\\\/emanueleanastasioph-DMO-2023_ana9342-scaled.jpg\",\"contentUrl\":\"https:\\\/\\\/www.visitamalfi.info\\\/wp-content\\\/uploads\\\/2023\\\/07\\\/emanueleanastasioph-DMO-2023_ana9342-scaled.jpg\",\"width\":1707,\"height\":2560},{\"@type\":\"BreadcrumbList\",\"@id\":\"https:\\\/\\\/www.visitamalfi.info\\\/fr\\\/package\\\/proposition-romantique-edition-ete-4-jours\\\/#breadcrumb\",\"itemListElement\":[{\"@type\":\"ListItem\",\"position\":1,\"name\":\"Home\",\"item\":\"https:\\\/\\\/www.visitamalfi.info\\\/fr\\\/\"},{\"@type\":\"ListItem\",\"position\":2,\"name\":\"Proposition romantique \u00e9dition \u00e9t\u00e9 &#8211; 4 jours\"}]},{\"@type\":\"WebSite\",\"@id\":\"https:\\\/\\\/www.visitamalfi.info\\\/fr\\\/#website\",\"url\":\"https:\\\/\\\/www.visitamalfi.info\\\/fr\\\/\",\"name\":\"Visit Amalfi\",\"description\":\"Amalfi Destination Official Website\",\"publisher\":{\"@id\":\"https:\\\/\\\/www.visitamalfi.info\\\/fr\\\/#organization\"},\"potentialAction\":[{\"@type\":\"SearchAction\",\"target\":{\"@type\":\"EntryPoint\",\"urlTemplate\":\"https:\\\/\\\/www.visitamalfi.info\\\/fr\\\/?s={search_term_string}\"},\"query-input\":{\"@type\":\"PropertyValueSpecification\",\"valueRequired\":true,\"valueName\":\"search_term_string\"}}],\"inLanguage\":\"fr-FR\"},{\"@type\":\"Organization\",\"@id\":\"https:\\\/\\\/www.visitamalfi.info\\\/fr\\\/#organization\",\"name\":\"Visit Amalfi\",\"url\":\"https:\\\/\\\/www.visitamalfi.info\\\/fr\\\/\",\"logo\":{\"@type\":\"ImageObject\",\"inLanguage\":\"fr-FR\",\"@id\":\"https:\\\/\\\/www.visitamalfi.info\\\/fr\\\/#\\\/schema\\\/logo\\\/image\\\/\",\"url\":\"https:\\\/\\\/www.visitamalfi.info\\\/wp-content\\\/uploads\\\/2023\\\/04\\\/visit-amalfi-logo-web.png\",\"contentUrl\":\"https:\\\/\\\/www.visitamalfi.info\\\/wp-content\\\/uploads\\\/2023\\\/04\\\/visit-amalfi-logo-web.png\",\"width\":800,\"height\":870,\"caption\":\"Visit Amalfi\"},\"image\":{\"@id\":\"https:\\\/\\\/www.visitamalfi.info\\\/fr\\\/#\\\/schema\\\/logo\\\/image\\\/\"},\"sameAs\":[\"https:\\\/\\\/www.facebook.com\\\/visitamalfiofficial\",\"https:\\\/\\\/www.instagram.com\\\/visitamalfiofficial\\\/\"]}]}<\/script>\n<!-- \/ Yoast SEO plugin. -->","yoast_head_json":{"title":"Proposition romantique \u00e9dition \u00e9t\u00e9 - 4 jours - Visit Amalfi","robots":{"index":"index","follow":"follow","max-snippet":"max-snippet:-1","max-image-preview":"max-image-preview:large","max-video-preview":"max-video-preview:-1"},"canonical":"https:\/\/www.visitamalfi.info\/fr\/package\/proposition-romantique-edition-ete-4-jours\/","og_locale":"fr_FR","og_type":"article","og_title":"Proposition romantique \u00e9dition \u00e9t\u00e9 - 4 jours - Visit Amalfi","og_description":"Naviguez le long de la c\u00f4te en observant le coucher et le lever du soleil amalfitain, d\u00e9tendez-vous avec un verre, immortalisez le moment et profitez d'une exp\u00e9rience gastronomique.","og_url":"https:\/\/www.visitamalfi.info\/fr\/package\/proposition-romantique-edition-ete-4-jours\/","og_site_name":"Visit Amalfi","article_publisher":"https:\/\/www.facebook.com\/visitamalfiofficial","article_modified_time":"2024-06-17T13:51:52+00:00","og_image":[{"width":1707,"height":2560,"url":"https:\/\/www.visitamalfi.info\/wp-content\/uploads\/2023\/07\/emanueleanastasioph-DMO-2023_ana9342-scaled.jpg","type":"image\/jpeg"}],"twitter_card":"summary_large_image","twitter_misc":{"Dur\u00e9e de lecture estim\u00e9e":"2 minutes"},"schema":{"@context":"https:\/\/schema.org","@graph":[{"@type":"WebPage","@id":"https:\/\/www.visitamalfi.info\/fr\/package\/proposition-romantique-edition-ete-4-jours\/","url":"https:\/\/www.visitamalfi.info\/fr\/package\/proposition-romantique-edition-ete-4-jours\/","name":"Proposition romantique \u00e9dition \u00e9t\u00e9 - 4 jours - Visit Amalfi","isPartOf":{"@id":"https:\/\/www.visitamalfi.info\/fr\/#website"},"primaryImageOfPage":{"@id":"https:\/\/www.visitamalfi.info\/fr\/package\/proposition-romantique-edition-ete-4-jours\/#primaryimage"},"image":{"@id":"https:\/\/www.visitamalfi.info\/fr\/package\/proposition-romantique-edition-ete-4-jours\/#primaryimage"},"thumbnailUrl":"https:\/\/www.visitamalfi.info\/wp-content\/uploads\/2023\/07\/emanueleanastasioph-DMO-2023_ana9342-scaled.jpg","datePublished":"2024-04-17T17:44:30+00:00","dateModified":"2024-06-17T13:51:52+00:00","breadcrumb":{"@id":"https:\/\/www.visitamalfi.info\/fr\/package\/proposition-romantique-edition-ete-4-jours\/#breadcrumb"},"inLanguage":"fr-FR","potentialAction":[{"@type":"ReadAction","target":["https:\/\/www.visitamalfi.info\/fr\/package\/proposition-romantique-edition-ete-4-jours\/"]}]},{"@type":"ImageObject","inLanguage":"fr-FR","@id":"https:\/\/www.visitamalfi.info\/fr\/package\/proposition-romantique-edition-ete-4-jours\/#primaryimage","url":"https:\/\/www.visitamalfi.info\/wp-content\/uploads\/2023\/07\/emanueleanastasioph-DMO-2023_ana9342-scaled.jpg","contentUrl":"https:\/\/www.visitamalfi.info\/wp-content\/uploads\/2023\/07\/emanueleanastasioph-DMO-2023_ana9342-scaled.jpg","width":1707,"height":2560},{"@type":"BreadcrumbList","@id":"https:\/\/www.visitamalfi.info\/fr\/package\/proposition-romantique-edition-ete-4-jours\/#breadcrumb","itemListElement":[{"@type":"ListItem","position":1,"name":"Home","item":"https:\/\/www.visitamalfi.info\/fr\/"},{"@type":"ListItem","position":2,"name":"Proposition romantique \u00e9dition \u00e9t\u00e9 &#8211; 4 jours"}]},{"@type":"WebSite","@id":"https:\/\/www.visitamalfi.info\/fr\/#website","url":"https:\/\/www.visitamalfi.info\/fr\/","name":"Visit Amalfi","description":"Amalfi Destination Official Website","publisher":{"@id":"https:\/\/www.visitamalfi.info\/fr\/#organization"},"potentialAction":[{"@type":"SearchAction","target":{"@type":"EntryPoint","urlTemplate":"https:\/\/www.visitamalfi.info\/fr\/?s={search_term_string}"},"query-input":{"@type":"PropertyValueSpecification","valueRequired":true,"valueName":"search_term_string"}}],"inLanguage":"fr-FR"},{"@type":"Organization","@id":"https:\/\/www.visitamalfi.info\/fr\/#organization","name":"Visit Amalfi","url":"https:\/\/www.visitamalfi.info\/fr\/","logo":{"@type":"ImageObject","inLanguage":"fr-FR","@id":"https:\/\/www.visitamalfi.info\/fr\/#\/schema\/logo\/image\/","url":"https:\/\/www.visitamalfi.info\/wp-content\/uploads\/2023\/04\/visit-amalfi-logo-web.png","contentUrl":"https:\/\/www.visitamalfi.info\/wp-content\/uploads\/2023\/04\/visit-amalfi-logo-web.png","width":800,"height":870,"caption":"Visit Amalfi"},"image":{"@id":"https:\/\/www.visitamalfi.info\/fr\/#\/schema\/logo\/image\/"},"sameAs":["https:\/\/www.facebook.com\/visitamalfiofficial","https:\/\/www.instagram.com\/visitamalfiofficial\/"]}]}},"_links":{"self":[{"href":"https:\/\/www.visitamalfi.info\/fr\/wp-json\/wp\/v2\/ignition-package\/17478","targetHints":{"allow":["GET"]}}],"collection":[{"href":"https:\/\/www.visitamalfi.info\/fr\/wp-json\/wp\/v2\/ignition-package"}],"about":[{"href":"https:\/\/www.visitamalfi.info\/fr\/wp-json\/wp\/v2\/types\/ignition-package"}],"replies":[{"embeddable":true,"href":"https:\/\/www.visitamalfi.info\/fr\/wp-json\/wp\/v2\/comments?post=17478"}],"version-history":[{"count":8,"href":"https:\/\/www.visitamalfi.info\/fr\/wp-json\/wp\/v2\/ignition-package\/17478\/revisions"}],"predecessor-version":[{"id":17924,"href":"https:\/\/www.visitamalfi.info\/fr\/wp-json\/wp\/v2\/ignition-package\/17478\/revisions\/17924"}],"wp:featuredmedia":[{"embeddable":true,"href":"https:\/\/www.visitamalfi.info\/fr\/wp-json\/wp\/v2\/media\/4791"}],"wp:attachment":[{"href":"https:\/\/www.visitamalfi.info\/fr\/wp-json\/wp\/v2\/media?parent=17478"}],"wp:term":[{"taxonomy":"ignition_package_destination","embeddable":true,"href":"https:\/\/www.visitamalfi.info\/fr\/wp-json\/wp\/v2\/ignition_package_destination?post=17478"},{"taxonomy":"ignition_package_category","embeddable":true,"href":"https:\/\/www.visitamalfi.info\/fr\/wp-json\/wp\/v2\/ignition_package_category?post=17478"},{"taxonomy":"experience","embeddable":true,"href":"https:\/\/www.visitamalfi.info\/fr\/wp-json\/wp\/v2\/experience?post=17478"},{"taxonomy":"inspiration","embeddable":true,"href":"https:\/\/www.visitamalfi.info\/fr\/wp-json\/wp\/v2\/inspiration?post=17478"},{"taxonomy":"season","embeddable":true,"href":"https:\/\/www.visitamalfi.info\/fr\/wp-json\/wp\/v2\/season?post=17478"}],"curies":[{"name":"wp","href":"https:\/\/api.w.org\/{rel}","templated":true}]}}