{"id":17281,"date":"2024-04-17T19:44:32","date_gmt":"2024-04-17T17:44:32","guid":{"rendered":"https:\/\/www.visitamalfi.info\/?post_type=ignition-package&#038;p=17281"},"modified":"2025-01-17T12:01:56","modified_gmt":"2025-01-17T11:01:56","slug":"amalfi-4-jours","status":"publish","type":"ignition-package","link":"https:\/\/www.visitamalfi.info\/fr\/package\/amalfi-4-jours\/","title":{"rendered":"Amalfi &#8211; 4 jours"},"content":{"rendered":"\t\t<div data-elementor-type=\"wp-post\" data-elementor-id=\"17281\" class=\"elementor elementor-17281 elementor-17277\">\n\t\t\t\t\t\t<section class=\"elementor-section elementor-top-section elementor-element elementor-element-5bce4ded elementor-section-full_width elementor-section-height-default elementor-section-height-default\" data-id=\"5bce4ded\" data-element_type=\"section\" data-e-type=\"section\">\n\t\t\t\t\t\t<div class=\"elementor-container elementor-column-gap-no\">\n\t\t\t\t\t<div class=\"elementor-column elementor-col-100 elementor-top-column elementor-element elementor-element-723f46a9\" data-id=\"723f46a9\" data-element_type=\"column\" data-e-type=\"column\">\n\t\t\t<div class=\"elementor-widget-wrap elementor-element-populated\">\n\t\t\t\t\t\t<div class=\"elementor-element elementor-element-40eec27f elementor-widget elementor-widget-text-editor\" data-id=\"40eec27f\" data-element_type=\"widget\" data-e-type=\"widget\" data-widget_type=\"text-editor.default\">\n\t\t\t\t<div class=\"elementor-widget-container\">\n\t\t\t\t\t\t\t\t\t<p>Itin\u00e9raire pour d\u00e9couvrir Amalfi, ses hameaux le long de la Via Maestra dei Villaggi et l&#8217;Amalfi secret au coucher du soleil menant au c\u00e9l\u00e8bre village d&#8217;Atrani.&nbsp;<\/p>\n<p><strong>Nombre maximum de partecipants:<\/strong>&nbsp;20<br><strong>Disponibilit\u00e9:<\/strong>&nbsp;toute l&#8217;ann\u00e9e (sauf Amalfi Lemon Experience disponible du 01\/03 &#8211; au 31\/10)<br><strong>Mode de transport recommand\u00e9 :<\/strong> <br>&nbsp;<a href=\"https:\/\/sitasudtrasporti.it\/campania\/\">SITA South Bus (<\/a>par voie terrestre).<\/p>\t\t\t\t\t\t\t\t<\/div>\n\t\t\t\t<\/div>\n\t\t\t\t<div class=\"elementor-element elementor-element-67cd34e4 is-style-ignition-cousteau-pro-anchor-title elementor-widget elementor-widget-heading\" data-id=\"67cd34e4\" data-element_type=\"widget\" data-e-type=\"widget\" data-widget_type=\"heading.default\">\n\t\t\t\t<div class=\"elementor-widget-container\">\n\t\t\t\t\t<h2 class=\"elementor-heading-title elementor-size-default\">Itin\u00e9raire <\/h2>\t\t\t\t<\/div>\n\t\t\t\t<\/div>\n\t\t\t\t<div class=\"elementor-element elementor-element-54d35cc3 elementor-widget elementor-widget-text-editor\" data-id=\"54d35cc3\" data-element_type=\"widget\" data-e-type=\"widget\" data-widget_type=\"text-editor.default\">\n\t\t\t\t<div class=\"elementor-widget-container\">\n\t\t\t\t\t\t\t\t\t<p>La proposition combine une visite d&#8217;Amalfi avec une visite du mus\u00e9e du papier et de la ferme de Salvatore Aceto, une randonn\u00e9e de difficult\u00e9 moyenne le long de la Via Maestra dei Villaggi, et enfin une visite au coucher du soleil dans le secret d&#8217;Amalfi qui m\u00e8nera au village baln\u00e9aire d&#8217;Atrani. <\/p>\n\t\t\t\t\t\t\t\t<\/div>\n\t\t\t\t<\/div>\n\t\t\t\t<div class=\"elementor-element elementor-element-14bfc0c4 elementor-widget elementor-widget-spacer\" data-id=\"14bfc0c4\" data-element_type=\"widget\" data-e-type=\"widget\" data-widget_type=\"spacer.default\">\n\t\t\t\t<div class=\"elementor-widget-container\">\n\t\t\t\t\t\t\t<div class=\"elementor-spacer\">\n\t\t\t<div class=\"elementor-spacer-inner\"><\/div>\n\t\t<\/div>\n\t\t\t\t\t\t<\/div>\n\t\t\t\t<\/div>\n\t\t\t\t<section class=\"elementor-section elementor-inner-section elementor-element elementor-element-63ac3b6c elementor-section-full_width elementor-section-height-default elementor-section-height-default\" data-id=\"63ac3b6c\" data-element_type=\"section\" data-e-type=\"section\">\n\t\t\t\t\t\t<div class=\"elementor-container elementor-column-gap-extended\">\n\t\t\t\t\t<div class=\"elementor-column elementor-col-100 elementor-inner-column elementor-element elementor-element-43904f2b\" data-id=\"43904f2b\" data-element_type=\"column\" data-e-type=\"column\" data-settings=\"{&quot;background_background&quot;:&quot;gradient&quot;}\">\n\t\t\t<div class=\"elementor-widget-wrap elementor-element-populated\">\n\t\t\t\t\t\t<div class=\"elementor-element elementor-element-341c1e4e elementor-widget elementor-widget-heading\" data-id=\"341c1e4e\" data-element_type=\"widget\" data-e-type=\"widget\" data-widget_type=\"heading.default\">\n\t\t\t\t<div class=\"elementor-widget-container\">\n\t\t\t\t\t<h3 class=\"elementor-heading-title elementor-size-default\">Jour 1 - Visite de la ville d'Amalfi<\/h3>\t\t\t\t<\/div>\n\t\t\t\t<\/div>\n\t\t\t\t\t<\/div>\n\t\t<\/div>\n\t\t\t\t\t<\/div>\n\t\t<\/section>\n\t\t\t\t<div class=\"elementor-element elementor-element-cc70258 elementor-widget elementor-widget-spacer\" data-id=\"cc70258\" data-element_type=\"widget\" data-e-type=\"widget\" data-widget_type=\"spacer.default\">\n\t\t\t\t<div class=\"elementor-widget-container\">\n\t\t\t\t\t\t\t<div class=\"elementor-spacer\">\n\t\t\t<div class=\"elementor-spacer-inner\"><\/div>\n\t\t<\/div>\n\t\t\t\t\t\t<\/div>\n\t\t\t\t<\/div>\n\t\t\t\t<div class=\"elementor-element elementor-element-2aeb78aa elementor-widget elementor-widget-text-editor\" data-id=\"2aeb78aa\" data-element_type=\"widget\" data-e-type=\"widget\" data-widget_type=\"text-editor.default\">\n\t\t\t\t<div class=\"elementor-widget-container\">\n\t\t\t\t\t\t\t\t\t<p><img decoding=\"async\" class=\"wp-image-5131 alignleft\" src=\"https:\/\/www.visitamalfi.info\/wp-content\/uploads\/2023\/07\/70-Cattedrale-esterno-150x150.jpg\" alt=\"Cath\u00e9drale-ext\u00e9rieur\" width=\"151\" height=\"151\" srcset=\"https:\/\/www.visitamalfi.info\/wp-content\/uploads\/2023\/07\/70-Cattedrale-esterno-150x150.jpg 150w, https:\/\/www.visitamalfi.info\/wp-content\/uploads\/2023\/07\/70-Cattedrale-esterno-510x510.jpg 510w, https:\/\/www.visitamalfi.info\/wp-content\/uploads\/2023\/07\/70-Cattedrale-esterno-160x160.jpg 160w\" sizes=\"(max-width: 151px) 100vw, 151px\" \/>Amalfi est l&#8217;une des destinations touristiques les plus visit\u00e9es d&#8217;Italie : son centre historique incomparable et, tout autour, les citronniers en terrasse, les tours de guet et les clochers, puis les h\u00f4tels conventuels avec leurs clo\u00eetres mauresques, r\u00e9servent encore des surprises particuli\u00e8res pour le d\u00e9but du XXIe si\u00e8cle.<\/p>\n<p>\u00c0 quelques pas de la tr\u00e8s anim\u00e9e Piazza Duomo, un r\u00e9seau de ruelles \u00e9troites et de marches escarp\u00e9es m\u00e8ne \u00e0 des coins uniques et silencieux, o\u00f9 l&#8217;art, la culture et la nature expriment l&#8217;esprit et l&#8217;histoire d&#8217;Amalfi et du sud de l&#8217;Italie.<\/p>\n<p>Tout commence par une visite guid\u00e9e unique, de la Piazza della Bussola \u00e0 travers les ruelles \u00e9troites de l&#8217;ancienne &#8220;qasba&#8221; amalfitaine, jusqu&#8217;au c\u0153ur monumental de la ville et \u00e0 la cath\u00e9drale Saint-Andr\u00e9, au clo\u00eetre du Paradis, au mus\u00e9e dioc\u00e9sain voisin et \u00e0 la crypte, le c\u0153ur spirituel d&#8217;Amalfi. Mais ce n&#8217;est pas fini ! Nous rejoindrons le mus\u00e9e du papier fait main d&#8217;Amalfi et la ferme de la famille Aceto pour vivre une exp\u00e9rience authentique autour du citron, en contact avec l&#8217;histoire et les techniques de production et de transformation du typique &#8220;sfusato amalfitano&#8221; : vous ne pouvez pas manquer la d\u00e9gustation d&#8217;une limonade, d&#8217;un g\u00e2teau au citron et d&#8217;un go\u00fbter de limoncello artisanal !<\/p>\n<p><em><b>Point de rencontre<\/b>: Piazza della Bussola<br \/><\/em><em style=\"color: var(--ignition-text-color); letter-spacing: 0em; background-color: var(--ignition-body-background-color);\">La visite<b>comprend<\/b>: le service d&#8217;un guide<br \/><\/em><em style=\"background-color: var(--ignition-body-background-color); color: var(--ignition-text-color); letter-spacing: 0em;\"><b>Frais d&#8217;entr\u00e9e<\/b>: en sus<br \/><\/em><em style=\"background-color: var(--ignition-body-background-color); color: var(--ignition-text-color); letter-spacing: 0em;\"><b>Dur\u00e9e :<\/b> 2\/3 heures<\/em><\/p>\n\t\t\t\t\t\t\t\t<\/div>\n\t\t\t\t<\/div>\n\t\t\t\t<div class=\"elementor-element elementor-element-4fb4a9b4 elementor-widget elementor-widget-spacer\" data-id=\"4fb4a9b4\" data-element_type=\"widget\" data-e-type=\"widget\" data-widget_type=\"spacer.default\">\n\t\t\t\t<div class=\"elementor-widget-container\">\n\t\t\t\t\t\t\t<div class=\"elementor-spacer\">\n\t\t\t<div class=\"elementor-spacer-inner\"><\/div>\n\t\t<\/div>\n\t\t\t\t\t\t<\/div>\n\t\t\t\t<\/div>\n\t\t\t\t<section class=\"elementor-section elementor-inner-section elementor-element elementor-element-7e1f7498 elementor-section-full_width elementor-section-height-default elementor-section-height-default\" data-id=\"7e1f7498\" data-element_type=\"section\" data-e-type=\"section\">\n\t\t\t\t\t\t<div class=\"elementor-container elementor-column-gap-extended\">\n\t\t\t\t\t<div class=\"elementor-column elementor-col-100 elementor-inner-column elementor-element elementor-element-641d2a99\" data-id=\"641d2a99\" data-element_type=\"column\" data-e-type=\"column\" data-settings=\"{&quot;background_background&quot;:&quot;gradient&quot;}\">\n\t\t\t<div class=\"elementor-widget-wrap elementor-element-populated\">\n\t\t\t\t\t\t<div class=\"elementor-element elementor-element-7792c954 elementor-widget elementor-widget-heading\" data-id=\"7792c954\" data-element_type=\"widget\" data-e-type=\"widget\" data-widget_type=\"heading.default\">\n\t\t\t\t<div class=\"elementor-widget-container\">\n\t\t\t\t\t<h3 class=\"elementor-heading-title elementor-size-default\">Jour 2 - Via Maestra des Villages<\/h3>\t\t\t\t<\/div>\n\t\t\t\t<\/div>\n\t\t\t\t\t<\/div>\n\t\t<\/div>\n\t\t\t\t\t<\/div>\n\t\t<\/section>\n\t\t\t\t<div class=\"elementor-element elementor-element-1478de4b elementor-widget elementor-widget-spacer\" data-id=\"1478de4b\" data-element_type=\"widget\" data-e-type=\"widget\" data-widget_type=\"spacer.default\">\n\t\t\t\t<div class=\"elementor-widget-container\">\n\t\t\t\t\t\t\t<div class=\"elementor-spacer\">\n\t\t\t<div class=\"elementor-spacer-inner\"><\/div>\n\t\t<\/div>\n\t\t\t\t\t\t<\/div>\n\t\t\t\t<\/div>\n\t\t\t\t<div class=\"elementor-element elementor-element-26fc37f2 elementor-widget elementor-widget-text-editor\" data-id=\"26fc37f2\" data-element_type=\"widget\" data-e-type=\"widget\" data-widget_type=\"text-editor.default\">\n\t\t\t\t<div class=\"elementor-widget-container\">\n\t\t\t\t\t\t\t\t\t<p><img decoding=\"async\" class=\"wp-image-15636 alignright\" src=\"https:\/\/www.visitamalfi.info\/wp-content\/uploads\/2024\/03\/1-300x300.jpg\" alt=\"Via Maestra dei Villaggi\" width=\"150\" height=\"150\" srcset=\"https:\/\/www.visitamalfi.info\/wp-content\/uploads\/2024\/03\/1-300x300.jpg 300w, https:\/\/www.visitamalfi.info\/wp-content\/uploads\/2024\/03\/1-510x510.jpg 510w, https:\/\/www.visitamalfi.info\/wp-content\/uploads\/2024\/03\/1-160x160.jpg 160w\" sizes=\"(max-width: 150px) 100vw, 150px\" \/>Aujourd&#8217;hui, la Via Maestra dei Villaggi est une route de randonn\u00e9e urbaine pittoresque, mais depuis le Moyen \u00c2ge, elle \u00e9tait la principale &#8220;route&#8221; reliant le centre urbain d&#8217;Amalfi et les hameaux situ\u00e9s \u00e0 l&#8217;ouest, jusqu&#8217;\u00e0 Agerola.<\/p>\n<p>La visite guid\u00e9e part de la Piazza Flavio Gioia et passe par les marches du quartier de Vagliendola, atteint la localit\u00e9 de Cieco, puis se poursuit, entre les citronniers en terrasse et les vues \u00e0 couper le souffle de la moyenne c\u00f4te, entre les villages de Pastena, Lone et Pogerola.<\/p>\n<p>L&#8217;\u00e9glise de Notre-Dame du Pin, &#8220;o mur avet&#8221;, l&#8217;\u00e9largissement de la Via Apotheca, le belv\u00e9d\u00e8re de F. R. Unterberger, puis l&#8217;\u00e9glise de la Vierge Marie, l&#8217;\u00e9glise de Notre-Dame de l&#8217;Assomption, la Via Palavena au pied du mont Gaudio, ne sont que quelques-uns des lieux d&#8217;une beaut\u00e9 authentique qui jalonnent cet itin\u00e9raire.<\/p>\n<p>Tout autour, des &#8220;maisons&#8221; souvent color\u00e9es en blanc conservent d&#8217;anciennes vo\u00fbtes \u00e0 double toit, des terrasses avec pergolas et escaliers \u00e9mergeant de citronni\u00e8res ou de jardins potagers encore cultiv\u00e9s.<\/p>\n<p>Une halte dans un restaurant typique de la vall\u00e9e de Pogerola, \u00e0 l&#8217;ombre d&#8217;une fra\u00eeche pergola, sera l&#8217;occasion de savourer les sp\u00e9cialit\u00e9s de la gastronomie locale et de vivre une exp\u00e9rience culinaire authentique, caract\u00e9ris\u00e9e par des saveurs typiques et authentiques.<\/p>\n<p>L&#8217;excursion se termine par une descente vers Amalfi au milieu des senteurs du maquis m\u00e9diterran\u00e9en, le long de la Via Nova, ou de la Pietralata et de la Via dello Spinale.<\/p>\n<p>Le circuit comporte un certain nombre de mont\u00e9es, mais il peut \u00eatre modifi\u00e9 et adapt\u00e9 \u00e0 tous les besoins.<\/p>\n<p><em><b>Point de rencontre : <\/b>Piazza Flavio Gioia<\/em><em style=\"background-color: var(--ignition-body-background-color); color: var(--ignition-text-color); letter-spacing: 0em;\"><br \/><\/em><em style=\"background-color: var(--ignition-body-background-color); color: var(--ignition-text-color); letter-spacing: 0em;\">La visite<b>comprend <\/b>: le service d&#8217;un guide<br \/><\/em><em style=\"background-color: var(--ignition-body-background-color); color: var(--ignition-text-color); letter-spacing: 0em;\"><b>Frais d&#8217;entr\u00e9e : <\/b>en sus<br \/><\/em><em style=\"background-color: var(--ignition-body-background-color); color: var(--ignition-text-color); letter-spacing: 0em;\"><b>Dur\u00e9e : <\/b>7\/8 heures (y compris la pause d\u00e9jeuner)<\/em><\/p>\n\t\t\t\t\t\t\t\t<\/div>\n\t\t\t\t<\/div>\n\t\t\t\t<div class=\"elementor-element elementor-element-738e1a9c elementor-widget elementor-widget-spacer\" data-id=\"738e1a9c\" data-element_type=\"widget\" data-e-type=\"widget\" data-widget_type=\"spacer.default\">\n\t\t\t\t<div class=\"elementor-widget-container\">\n\t\t\t\t\t\t\t<div class=\"elementor-spacer\">\n\t\t\t<div class=\"elementor-spacer-inner\"><\/div>\n\t\t<\/div>\n\t\t\t\t\t\t<\/div>\n\t\t\t\t<\/div>\n\t\t\t\t<section class=\"elementor-section elementor-inner-section elementor-element elementor-element-8bf5dc4 elementor-section-full_width elementor-section-height-default elementor-section-height-default\" data-id=\"8bf5dc4\" data-element_type=\"section\" data-e-type=\"section\">\n\t\t\t\t\t\t<div class=\"elementor-container elementor-column-gap-extended\">\n\t\t\t\t\t<div class=\"elementor-column elementor-col-100 elementor-inner-column elementor-element elementor-element-330b8757\" data-id=\"330b8757\" data-element_type=\"column\" data-e-type=\"column\" data-settings=\"{&quot;background_background&quot;:&quot;gradient&quot;}\">\n\t\t\t<div class=\"elementor-widget-wrap elementor-element-populated\">\n\t\t\t\t\t\t<div class=\"elementor-element elementor-element-e20f03a elementor-widget elementor-widget-heading\" data-id=\"e20f03a\" data-element_type=\"widget\" data-e-type=\"widget\" data-widget_type=\"heading.default\">\n\t\t\t\t<div class=\"elementor-widget-container\">\n\t\t\t\t\t<h3 class=\"elementor-heading-title elementor-size-default\">Jour 3 - Visite de Ravello<\/h3>\t\t\t\t<\/div>\n\t\t\t\t<\/div>\n\t\t\t\t\t<\/div>\n\t\t<\/div>\n\t\t\t\t\t<\/div>\n\t\t<\/section>\n\t\t\t\t<div class=\"elementor-element elementor-element-41117e87 elementor-widget elementor-widget-spacer\" data-id=\"41117e87\" data-element_type=\"widget\" data-e-type=\"widget\" data-widget_type=\"spacer.default\">\n\t\t\t\t<div class=\"elementor-widget-container\">\n\t\t\t\t\t\t\t<div class=\"elementor-spacer\">\n\t\t\t<div class=\"elementor-spacer-inner\"><\/div>\n\t\t<\/div>\n\t\t\t\t\t\t<\/div>\n\t\t\t\t<\/div>\n\t\t\t\t<div class=\"elementor-element elementor-element-6d5cda8f elementor-widget elementor-widget-text-editor\" data-id=\"6d5cda8f\" data-element_type=\"widget\" data-e-type=\"widget\" data-widget_type=\"text-editor.default\">\n\t\t\t\t<div class=\"elementor-widget-container\">\n\t\t\t\t\t\t\t\t\t<p><img decoding=\"async\" class=\"wp-image-11184 alignleft\" src=\"https:\/\/www.visitamalfi.info\/wp-content\/uploads\/2023\/09\/belvedere-amalfi-vicolo-300x300.jpg\" alt=\"belvedere-amalfi-vehicule\" width=\"150\" height=\"150\" srcset=\"https:\/\/www.visitamalfi.info\/wp-content\/uploads\/2023\/09\/belvedere-amalfi-vicolo-300x300.jpg 300w, https:\/\/www.visitamalfi.info\/wp-content\/uploads\/2023\/09\/belvedere-amalfi-vicolo-510x510.jpg 510w, https:\/\/www.visitamalfi.info\/wp-content\/uploads\/2023\/09\/belvedere-amalfi-vicolo-160x160.jpg 160w\" sizes=\"(max-width: 150px) 100vw, 150px\" \/>La l\u00e9gende raconte que des <em>gentes<\/em> romaines auraient choisi les vall\u00e9es du Canneto et du Dragone comme praedia o\u00f9 elles auraient fond\u00e9 leurs villes d&#8217;Amalfi et d&#8217;Atrani. Ils sont s\u00e9par\u00e9s par le Monte Aureo et son ancienne Torre dello Ziro, entour\u00e9e d&#8217;un halo de myst\u00e8re depuis la Renaissance, lorsque, selon la tradition populaire, la duchesse d&#8217;Amalfi, Giovanna d&#8217;Aragon, y fut emprisonn\u00e9e.<\/p>\n<p>L&#8217;excursion au coucher du soleil partira de l&#8217;Arsenal d&#8217;Amalfi, un tr\u00e9sor d&#8217;histoire, d&#8217;histoires et de secrets comme celui d&#8217;Alvise ! Continuez ensuite \u00e0 travers des ruelles cach\u00e9es pour atteindre d&#8217;anciennes demeures aristocratiques, la place du Campo Aquario et la Piazzetta dello Spirito Santo. En passant par l&#8217;ancienne Ruga Mercatorum, puis par Torre dello Ziro, nous monterons sur les pentes du Monte Aureo, qui offre des vues \u00e0 couper le souffle. Une vol\u00e9e de marches panoramiques descend vers la Via Nova, qui m\u00e8ne \u00e0 Atrani : on monte ensuite vers la petite \u00e9glise de Santa Maria del Bando, non loin de la Grotta di Masaniello, ou l&#8217;on traverse le quartier du Campo o\u00f9 ruelles, escaliers, passages souterrains et petits slarghi (ruelles \u00e9troites) cr\u00e9ent un v\u00e9ritable labyrinthe.<\/p>\n<p>En arrivant sur la Piazza Umberto I, nous admirons l&#8217;ancienne \u00e9glise de San Salvatore de&#8217; Birecto et, au-dessus, la Coll\u00e9giale de Santa Maria Maddalena, avant de rejoindre l&#8217;un des nombreux lieux chers \u00e0 l&#8217;artiste Maurits Cornelis Escher, qui a trouv\u00e9 ici m\u00eame \u00e0 Atrani l&#8217;inspiration pour sa M\u00e9tamorphose.<\/p>\n<p>Un circuit insolite, donc, pour d\u00e9couvrir les milliers de secrets encore cach\u00e9s d&#8217;Atrani et de la c\u00e9l\u00e8bre ville d&#8217;Amalfi !<\/p>\n<p><em><b>Point de rencontre :<\/b> Piazza della Bussola \u00e0 Amalfi<br \/><\/em><em style=\"background-color: var(--ignition-body-background-color); color: var(--ignition-text-color); letter-spacing: 0em;\">La visite<b>comprend<\/b>: le service d&#8217;un guide<br \/><\/em><em style=\"background-color: var(--ignition-body-background-color); color: var(--ignition-text-color); letter-spacing: 0em;\"><b>Frais d&#8217;entr\u00e9e :<\/b> en sus<\/em><\/p>\n\t\t\t\t\t\t\t\t<\/div>\n\t\t\t\t<\/div>\n\t\t\t\t<div class=\"elementor-element elementor-element-9b2671f is-style-ignition-cousteau-pro-anchor-title elementor-widget elementor-widget-heading\" data-id=\"9b2671f\" data-element_type=\"widget\" data-e-type=\"widget\" data-widget_type=\"heading.default\">\n\t\t\t\t<div class=\"elementor-widget-container\">\n\t\t\t\t\t<h2 class=\"elementor-heading-title elementor-size-default\">Galerie<\/h2>\t\t\t\t<\/div>\n\t\t\t\t<\/div>\n\t\t\t\t<div class=\"elementor-element elementor-element-23c6a125 gallery-spacing-custom elementor-widget elementor-widget-image-gallery\" data-id=\"23c6a125\" data-element_type=\"widget\" data-e-type=\"widget\" data-widget_type=\"image-gallery.default\">\n\t\t\t\t<div class=\"elementor-widget-container\">\n\t\t\t\t\t\t\t<div class=\"elementor-image-gallery\">\n\t\t\t<div id='gallery-1' class='gallery galleryid-17281 gallery-columns-3 gallery-size-ignition_item'><figure class='gallery-item'>\n\t\t\t<div class='gallery-icon landscape'>\n\t\t\t\t<a data-elementor-open-lightbox=\"yes\" data-elementor-lightbox-slideshow=\"23c6a125\" data-elementor-lightbox-title=\"27 Chiostro del Paradiso - foto abbagnara\" data-e-action-hash=\"#elementor-action%3Aaction%3Dlightbox%26settings%3DeyJpZCI6MTUxMDgsInVybCI6Imh0dHBzOlwvXC93d3cudmlzaXRhbWFsZmkuaW5mb1wvd3AtY29udGVudFwvdXBsb2Fkc1wvMjAyNFwvMDNcLzI3LUNoaW9zdHJvLWRlbC1QYXJhZGlzby1mb3RvLWFiYmFnbmFyYS0xLmpwZyIsInNsaWRlc2hvdyI6IjIzYzZhMTI1In0%3D\" href='https:\/\/www.visitamalfi.info\/wp-content\/uploads\/2024\/03\/27-Chiostro-del-Paradiso-foto-abbagnara-1.jpg' data-lightbox=\"gal[17281]\"><img loading=\"lazy\" decoding=\"async\" width=\"615\" height=\"410\" src=\"https:\/\/www.visitamalfi.info\/wp-content\/uploads\/2024\/03\/27-Chiostro-del-Paradiso-foto-abbagnara-1-615x410.jpg\" class=\"attachment-ignition_item size-ignition_item\" alt=\"Complesso Monumentale Cattedrale S. Andrea_Chiostro Paradiso\" srcset=\"https:\/\/www.visitamalfi.info\/wp-content\/uploads\/2024\/03\/27-Chiostro-del-Paradiso-foto-abbagnara-1-615x410.jpg 615w, https:\/\/www.visitamalfi.info\/wp-content\/uploads\/2024\/03\/27-Chiostro-del-Paradiso-foto-abbagnara-1-300x200.jpg 300w, https:\/\/www.visitamalfi.info\/wp-content\/uploads\/2024\/03\/27-Chiostro-del-Paradiso-foto-abbagnara-1-1024x683.jpg 1024w, https:\/\/www.visitamalfi.info\/wp-content\/uploads\/2024\/03\/27-Chiostro-del-Paradiso-foto-abbagnara-1-768x512.jpg 768w, https:\/\/www.visitamalfi.info\/wp-content\/uploads\/2024\/03\/27-Chiostro-del-Paradiso-foto-abbagnara-1-1536x1024.jpg 1536w, https:\/\/www.visitamalfi.info\/wp-content\/uploads\/2024\/03\/27-Chiostro-del-Paradiso-foto-abbagnara-1-870x580.jpg 870w, https:\/\/www.visitamalfi.info\/wp-content\/uploads\/2024\/03\/27-Chiostro-del-Paradiso-foto-abbagnara-1-1240x825.jpg 1240w, https:\/\/www.visitamalfi.info\/wp-content\/uploads\/2024\/03\/27-Chiostro-del-Paradiso-foto-abbagnara-1.jpg 1920w\" sizes=\"(max-width: 615px) 100vw, 615px\" \/><\/a>\n\t\t\t<\/div><\/figure><figure class='gallery-item'>\n\t\t\t<div class='gallery-icon landscape'>\n\t\t\t\t<a data-elementor-open-lightbox=\"yes\" data-elementor-lightbox-slideshow=\"23c6a125\" data-elementor-lightbox-title=\"08 Cattedrale - foto abbagnara\" data-e-action-hash=\"#elementor-action%3Aaction%3Dlightbox%26settings%3DeyJpZCI6MTE1MzksInVybCI6Imh0dHBzOlwvXC93d3cudmlzaXRhbWFsZmkuaW5mb1wvd3AtY29udGVudFwvdXBsb2Fkc1wvMjAyM1wvMTBcLzA4LUNhdHRlZHJhbGUtZm90by1hYmJhZ25hcmEtMS5qcGciLCJzbGlkZXNob3ciOiIyM2M2YTEyNSJ9\" href='https:\/\/www.visitamalfi.info\/wp-content\/uploads\/2023\/10\/08-Cattedrale-foto-abbagnara-1.jpg' data-lightbox=\"gal[17281]\"><img loading=\"lazy\" decoding=\"async\" width=\"615\" height=\"410\" src=\"https:\/\/www.visitamalfi.info\/wp-content\/uploads\/2023\/10\/08-Cattedrale-foto-abbagnara-1-615x410.jpg\" class=\"attachment-ignition_item size-ignition_item\" alt=\"\" srcset=\"https:\/\/www.visitamalfi.info\/wp-content\/uploads\/2023\/10\/08-Cattedrale-foto-abbagnara-1-615x410.jpg 615w, https:\/\/www.visitamalfi.info\/wp-content\/uploads\/2023\/10\/08-Cattedrale-foto-abbagnara-1-300x200.jpg 300w, https:\/\/www.visitamalfi.info\/wp-content\/uploads\/2023\/10\/08-Cattedrale-foto-abbagnara-1-1024x683.jpg 1024w, https:\/\/www.visitamalfi.info\/wp-content\/uploads\/2023\/10\/08-Cattedrale-foto-abbagnara-1-768x512.jpg 768w, https:\/\/www.visitamalfi.info\/wp-content\/uploads\/2023\/10\/08-Cattedrale-foto-abbagnara-1-1536x1024.jpg 1536w, https:\/\/www.visitamalfi.info\/wp-content\/uploads\/2023\/10\/08-Cattedrale-foto-abbagnara-1-870x580.jpg 870w, https:\/\/www.visitamalfi.info\/wp-content\/uploads\/2023\/10\/08-Cattedrale-foto-abbagnara-1-1240x825.jpg 1240w, https:\/\/www.visitamalfi.info\/wp-content\/uploads\/2023\/10\/08-Cattedrale-foto-abbagnara-1.jpg 1920w\" sizes=\"(max-width: 615px) 100vw, 615px\" \/><\/a>\n\t\t\t<\/div><\/figure><figure class='gallery-item'>\n\t\t\t<div class='gallery-icon landscape'>\n\t\t\t\t<a data-elementor-open-lightbox=\"yes\" data-elementor-lightbox-slideshow=\"23c6a125\" data-elementor-lightbox-title=\"36 Cattedrale - foto abbagnara\" data-e-action-hash=\"#elementor-action%3Aaction%3Dlightbox%26settings%3DeyJpZCI6MTUxMTMsInVybCI6Imh0dHBzOlwvXC93d3cudmlzaXRhbWFsZmkuaW5mb1wvd3AtY29udGVudFwvdXBsb2Fkc1wvMjAyNFwvMDNcLzM2LUNhdHRlZHJhbGUtZm90by1hYmJhZ25hcmEtMS5qcGciLCJzbGlkZXNob3ciOiIyM2M2YTEyNSJ9\" href='https:\/\/www.visitamalfi.info\/wp-content\/uploads\/2024\/03\/36-Cattedrale-foto-abbagnara-1.jpg' data-lightbox=\"gal[17281]\"><img loading=\"lazy\" decoding=\"async\" width=\"615\" height=\"410\" src=\"https:\/\/www.visitamalfi.info\/wp-content\/uploads\/2024\/03\/36-Cattedrale-foto-abbagnara-1-615x410.jpg\" class=\"attachment-ignition_item size-ignition_item\" alt=\"Complesso Monumentale Cattedrale S. Andrea_Cattedrale\" srcset=\"https:\/\/www.visitamalfi.info\/wp-content\/uploads\/2024\/03\/36-Cattedrale-foto-abbagnara-1-615x410.jpg 615w, https:\/\/www.visitamalfi.info\/wp-content\/uploads\/2024\/03\/36-Cattedrale-foto-abbagnara-1-300x200.jpg 300w, https:\/\/www.visitamalfi.info\/wp-content\/uploads\/2024\/03\/36-Cattedrale-foto-abbagnara-1-1024x683.jpg 1024w, https:\/\/www.visitamalfi.info\/wp-content\/uploads\/2024\/03\/36-Cattedrale-foto-abbagnara-1-768x512.jpg 768w, https:\/\/www.visitamalfi.info\/wp-content\/uploads\/2024\/03\/36-Cattedrale-foto-abbagnara-1-1536x1024.jpg 1536w, https:\/\/www.visitamalfi.info\/wp-content\/uploads\/2024\/03\/36-Cattedrale-foto-abbagnara-1-870x580.jpg 870w, https:\/\/www.visitamalfi.info\/wp-content\/uploads\/2024\/03\/36-Cattedrale-foto-abbagnara-1-1240x825.jpg 1240w, https:\/\/www.visitamalfi.info\/wp-content\/uploads\/2024\/03\/36-Cattedrale-foto-abbagnara-1.jpg 1920w\" sizes=\"(max-width: 615px) 100vw, 615px\" \/><\/a>\n\t\t\t<\/div><\/figure><figure class='gallery-item'>\n\t\t\t<div class='gallery-icon landscape'>\n\t\t\t\t<a data-elementor-open-lightbox=\"yes\" data-elementor-lightbox-slideshow=\"23c6a125\" data-elementor-lightbox-title=\"003 museo della carta - foto abbagnara\" data-e-action-hash=\"#elementor-action%3Aaction%3Dlightbox%26settings%3DeyJpZCI6MTU0NDQsInVybCI6Imh0dHBzOlwvXC93d3cudmlzaXRhbWFsZmkuaW5mb1wvd3AtY29udGVudFwvdXBsb2Fkc1wvMjAyNFwvMDNcLzAwMy1tdXNlby1kZWxsYS1jYXJ0YS1mb3RvLWFiYmFnbmFyYS5qcGciLCJzbGlkZXNob3ciOiIyM2M2YTEyNSJ9\" href='https:\/\/www.visitamalfi.info\/wp-content\/uploads\/2024\/03\/003-museo-della-carta-foto-abbagnara.jpg' data-lightbox=\"gal[17281]\"><img loading=\"lazy\" decoding=\"async\" width=\"615\" height=\"410\" src=\"https:\/\/www.visitamalfi.info\/wp-content\/uploads\/2024\/03\/003-museo-della-carta-foto-abbagnara-615x410.jpg\" class=\"attachment-ignition_item size-ignition_item\" alt=\"Amalfi_Museo della Carta\" srcset=\"https:\/\/www.visitamalfi.info\/wp-content\/uploads\/2024\/03\/003-museo-della-carta-foto-abbagnara-615x410.jpg 615w, https:\/\/www.visitamalfi.info\/wp-content\/uploads\/2024\/03\/003-museo-della-carta-foto-abbagnara-300x200.jpg 300w, https:\/\/www.visitamalfi.info\/wp-content\/uploads\/2024\/03\/003-museo-della-carta-foto-abbagnara-1024x683.jpg 1024w, https:\/\/www.visitamalfi.info\/wp-content\/uploads\/2024\/03\/003-museo-della-carta-foto-abbagnara-768x512.jpg 768w, https:\/\/www.visitamalfi.info\/wp-content\/uploads\/2024\/03\/003-museo-della-carta-foto-abbagnara-1536x1024.jpg 1536w, https:\/\/www.visitamalfi.info\/wp-content\/uploads\/2024\/03\/003-museo-della-carta-foto-abbagnara-870x580.jpg 870w, https:\/\/www.visitamalfi.info\/wp-content\/uploads\/2024\/03\/003-museo-della-carta-foto-abbagnara-1240x825.jpg 1240w, https:\/\/www.visitamalfi.info\/wp-content\/uploads\/2024\/03\/003-museo-della-carta-foto-abbagnara.jpg 1920w\" sizes=\"(max-width: 615px) 100vw, 615px\" \/><\/a>\n\t\t\t<\/div><\/figure><figure class='gallery-item'>\n\t\t\t<div class='gallery-icon landscape'>\n\t\t\t\t<a data-elementor-open-lightbox=\"yes\" data-elementor-lightbox-slideshow=\"23c6a125\" data-elementor-lightbox-title=\"025-museo-della-carta\" data-e-action-hash=\"#elementor-action%3Aaction%3Dlightbox%26settings%3DeyJpZCI6NTM0NSwidXJsIjoiaHR0cHM6XC9cL3d3dy52aXNpdGFtYWxmaS5pbmZvXC93cC1jb250ZW50XC91cGxvYWRzXC8yMDIzXC8wN1wvMDI1LW11c2VvLWRlbGxhLWNhcnRhLmpwZyIsInNsaWRlc2hvdyI6IjIzYzZhMTI1In0%3D\" href='https:\/\/www.visitamalfi.info\/wp-content\/uploads\/2023\/07\/025-museo-della-carta.jpg' data-lightbox=\"gal[17281]\"><img loading=\"lazy\" decoding=\"async\" width=\"615\" height=\"410\" src=\"https:\/\/www.visitamalfi.info\/wp-content\/uploads\/2023\/07\/025-museo-della-carta-615x410.jpg\" class=\"attachment-ignition_item size-ignition_item\" alt=\"AmalfiTourGuide_Amalfi_MicheleAmendola_Paper_Museum\" srcset=\"https:\/\/www.visitamalfi.info\/wp-content\/uploads\/2023\/07\/025-museo-della-carta-615x410.jpg 615w, https:\/\/www.visitamalfi.info\/wp-content\/uploads\/2023\/07\/025-museo-della-carta-300x200.jpg 300w, https:\/\/www.visitamalfi.info\/wp-content\/uploads\/2023\/07\/025-museo-della-carta-1024x683.jpg 1024w, https:\/\/www.visitamalfi.info\/wp-content\/uploads\/2023\/07\/025-museo-della-carta-768x512.jpg 768w, https:\/\/www.visitamalfi.info\/wp-content\/uploads\/2023\/07\/025-museo-della-carta-1536x1024.jpg 1536w, https:\/\/www.visitamalfi.info\/wp-content\/uploads\/2023\/07\/025-museo-della-carta-870x580.jpg 870w, https:\/\/www.visitamalfi.info\/wp-content\/uploads\/2023\/07\/025-museo-della-carta-1240x825.jpg 1240w, https:\/\/www.visitamalfi.info\/wp-content\/uploads\/2023\/07\/025-museo-della-carta.jpg 1920w\" sizes=\"(max-width: 615px) 100vw, 615px\" \/><\/a>\n\t\t\t<\/div><\/figure><figure class='gallery-item'>\n\t\t\t<div class='gallery-icon landscape'>\n\t\t\t\t<a data-elementor-open-lightbox=\"yes\" data-elementor-lightbox-slideshow=\"23c6a125\" data-elementor-lightbox-title=\"limoni amalfi lemon experience\" data-e-action-hash=\"#elementor-action%3Aaction%3Dlightbox%26settings%3DeyJpZCI6ODU5NSwidXJsIjoiaHR0cHM6XC9cL3d3dy52aXNpdGFtYWxmaS5pbmZvXC93cC1jb250ZW50XC91cGxvYWRzXC8yMDIzXC8wNlwvbGltb25pLWFtYWxmaS1sZW1vbi1leHBlcmllbmNlLmpwZyIsInNsaWRlc2hvdyI6IjIzYzZhMTI1In0%3D\" href='https:\/\/www.visitamalfi.info\/wp-content\/uploads\/2023\/06\/limoni-amalfi-lemon-experience.jpg' data-lightbox=\"gal[17281]\"><img loading=\"lazy\" decoding=\"async\" width=\"615\" height=\"410\" src=\"https:\/\/www.visitamalfi.info\/wp-content\/uploads\/2023\/06\/limoni-amalfi-lemon-experience-615x410.jpg\" class=\"attachment-ignition_item size-ignition_item\" alt=\"\" srcset=\"https:\/\/www.visitamalfi.info\/wp-content\/uploads\/2023\/06\/limoni-amalfi-lemon-experience-615x410.jpg 615w, https:\/\/www.visitamalfi.info\/wp-content\/uploads\/2023\/06\/limoni-amalfi-lemon-experience-870x580.jpg 870w, https:\/\/www.visitamalfi.info\/wp-content\/uploads\/2023\/06\/limoni-amalfi-lemon-experience-1240x825.jpg 1240w\" sizes=\"(max-width: 615px) 100vw, 615px\" \/><\/a>\n\t\t\t<\/div><\/figure><figure class='gallery-item'>\n\t\t\t<div class='gallery-icon landscape'>\n\t\t\t\t<a data-elementor-open-lightbox=\"yes\" data-elementor-lightbox-slideshow=\"23c6a125\" data-elementor-lightbox-title=\"lemon-tour-salvatore-aceto\" data-e-action-hash=\"#elementor-action%3Aaction%3Dlightbox%26settings%3DeyJpZCI6ODYyNSwidXJsIjoiaHR0cHM6XC9cL3d3dy52aXNpdGFtYWxmaS5pbmZvXC93cC1jb250ZW50XC91cGxvYWRzXC8yMDIzXC8wNlwvbGVtb24tdG91ci1zYWx2YXRvcmUtYWNldG8uanBnIiwic2xpZGVzaG93IjoiMjNjNmExMjUifQ%3D%3D\" href='https:\/\/www.visitamalfi.info\/wp-content\/uploads\/2023\/06\/lemon-tour-salvatore-aceto.jpg' data-lightbox=\"gal[17281]\"><img loading=\"lazy\" decoding=\"async\" width=\"615\" height=\"410\" src=\"https:\/\/www.visitamalfi.info\/wp-content\/uploads\/2023\/06\/lemon-tour-salvatore-aceto-615x410.jpg\" class=\"attachment-ignition_item size-ignition_item\" alt=\"\" srcset=\"https:\/\/www.visitamalfi.info\/wp-content\/uploads\/2023\/06\/lemon-tour-salvatore-aceto-615x410.jpg 615w, https:\/\/www.visitamalfi.info\/wp-content\/uploads\/2023\/06\/lemon-tour-salvatore-aceto-300x200.jpg 300w, https:\/\/www.visitamalfi.info\/wp-content\/uploads\/2023\/06\/lemon-tour-salvatore-aceto-1024x684.jpg 1024w, https:\/\/www.visitamalfi.info\/wp-content\/uploads\/2023\/06\/lemon-tour-salvatore-aceto-768x513.jpg 768w, https:\/\/www.visitamalfi.info\/wp-content\/uploads\/2023\/06\/lemon-tour-salvatore-aceto-1536x1026.jpg 1536w, https:\/\/www.visitamalfi.info\/wp-content\/uploads\/2023\/06\/lemon-tour-salvatore-aceto-870x580.jpg 870w, https:\/\/www.visitamalfi.info\/wp-content\/uploads\/2023\/06\/lemon-tour-salvatore-aceto-1240x825.jpg 1240w, https:\/\/www.visitamalfi.info\/wp-content\/uploads\/2023\/06\/lemon-tour-salvatore-aceto.jpg 1920w\" sizes=\"(max-width: 615px) 100vw, 615px\" \/><\/a>\n\t\t\t<\/div><\/figure><figure class='gallery-item'>\n\t\t\t<div class='gallery-icon landscape'>\n\t\t\t\t<a data-elementor-open-lightbox=\"yes\" data-elementor-lightbox-slideshow=\"23c6a125\" data-elementor-lightbox-title=\"2\" data-e-action-hash=\"#elementor-action%3Aaction%3Dlightbox%26settings%3DeyJpZCI6MTU2NDMsInVybCI6Imh0dHBzOlwvXC93d3cudmlzaXRhbWFsZmkuaW5mb1wvd3AtY29udGVudFwvdXBsb2Fkc1wvMjAyNFwvMDNcLzIuanBnIiwic2xpZGVzaG93IjoiMjNjNmExMjUifQ%3D%3D\" href='https:\/\/www.visitamalfi.info\/wp-content\/uploads\/2024\/03\/2.jpg' data-lightbox=\"gal[17281]\"><img loading=\"lazy\" decoding=\"async\" width=\"615\" height=\"410\" src=\"https:\/\/www.visitamalfi.info\/wp-content\/uploads\/2024\/03\/2-615x410.jpg\" class=\"attachment-ignition_item size-ignition_item\" alt=\"Via Maestra dei Villaggi\" srcset=\"https:\/\/www.visitamalfi.info\/wp-content\/uploads\/2024\/03\/2-615x410.jpg 615w, https:\/\/www.visitamalfi.info\/wp-content\/uploads\/2024\/03\/2-300x200.jpg 300w, https:\/\/www.visitamalfi.info\/wp-content\/uploads\/2024\/03\/2-1024x683.jpg 1024w, https:\/\/www.visitamalfi.info\/wp-content\/uploads\/2024\/03\/2-768x512.jpg 768w, https:\/\/www.visitamalfi.info\/wp-content\/uploads\/2024\/03\/2-1536x1024.jpg 1536w, https:\/\/www.visitamalfi.info\/wp-content\/uploads\/2024\/03\/2-870x580.jpg 870w, https:\/\/www.visitamalfi.info\/wp-content\/uploads\/2024\/03\/2-1240x825.jpg 1240w, https:\/\/www.visitamalfi.info\/wp-content\/uploads\/2024\/03\/2.jpg 1920w\" sizes=\"(max-width: 615px) 100vw, 615px\" \/><\/a>\n\t\t\t<\/div><\/figure><figure class='gallery-item'>\n\t\t\t<div class='gallery-icon landscape'>\n\t\t\t\t<a data-elementor-open-lightbox=\"yes\" data-elementor-lightbox-slideshow=\"23c6a125\" data-elementor-lightbox-title=\"4\" data-e-action-hash=\"#elementor-action%3Aaction%3Dlightbox%26settings%3DeyJpZCI6MTU2NTMsInVybCI6Imh0dHBzOlwvXC93d3cudmlzaXRhbWFsZmkuaW5mb1wvd3AtY29udGVudFwvdXBsb2Fkc1wvMjAyNFwvMDNcLzQuanBnIiwic2xpZGVzaG93IjoiMjNjNmExMjUifQ%3D%3D\" href='https:\/\/www.visitamalfi.info\/wp-content\/uploads\/2024\/03\/4.jpg' data-lightbox=\"gal[17281]\"><img loading=\"lazy\" decoding=\"async\" width=\"615\" height=\"410\" src=\"https:\/\/www.visitamalfi.info\/wp-content\/uploads\/2024\/03\/4-615x410.jpg\" class=\"attachment-ignition_item size-ignition_item\" alt=\"Via Maestra dei Villaggi\" srcset=\"https:\/\/www.visitamalfi.info\/wp-content\/uploads\/2024\/03\/4-615x410.jpg 615w, https:\/\/www.visitamalfi.info\/wp-content\/uploads\/2024\/03\/4-300x200.jpg 300w, https:\/\/www.visitamalfi.info\/wp-content\/uploads\/2024\/03\/4-1024x683.jpg 1024w, https:\/\/www.visitamalfi.info\/wp-content\/uploads\/2024\/03\/4-768x512.jpg 768w, https:\/\/www.visitamalfi.info\/wp-content\/uploads\/2024\/03\/4-1536x1024.jpg 1536w, https:\/\/www.visitamalfi.info\/wp-content\/uploads\/2024\/03\/4-870x580.jpg 870w, https:\/\/www.visitamalfi.info\/wp-content\/uploads\/2024\/03\/4-1240x825.jpg 1240w, https:\/\/www.visitamalfi.info\/wp-content\/uploads\/2024\/03\/4.jpg 1920w\" sizes=\"(max-width: 615px) 100vw, 615px\" \/><\/a>\n\t\t\t<\/div><\/figure><figure class='gallery-item'>\n\t\t\t<div class='gallery-icon portrait'>\n\t\t\t\t<a data-elementor-open-lightbox=\"yes\" data-elementor-lightbox-slideshow=\"23c6a125\" data-elementor-lightbox-title=\"CIMITERO MONUMENTALE SENZA MODELLI - M.ABBAGNARA -6\" data-e-action-hash=\"#elementor-action%3Aaction%3Dlightbox%26settings%3DeyJpZCI6MTU1ODMsInVybCI6Imh0dHBzOlwvXC93d3cudmlzaXRhbWFsZmkuaW5mb1wvd3AtY29udGVudFwvdXBsb2Fkc1wvMjAyNFwvMDNcL0NJTUlURVJPLU1PTlVNRU5UQUxFLVNFTlpBLU1PREVMTEktTS5BQkJBR05BUkEtNi5qcGciLCJzbGlkZXNob3ciOiIyM2M2YTEyNSJ9\" href='https:\/\/www.visitamalfi.info\/wp-content\/uploads\/2024\/03\/CIMITERO-MONUMENTALE-SENZA-MODELLI-M.ABBAGNARA-6.jpg' data-lightbox=\"gal[17281]\"><img loading=\"lazy\" decoding=\"async\" width=\"615\" height=\"410\" src=\"https:\/\/www.visitamalfi.info\/wp-content\/uploads\/2024\/03\/CIMITERO-MONUMENTALE-SENZA-MODELLI-M.ABBAGNARA-6-615x410.jpg\" class=\"attachment-ignition_item size-ignition_item\" alt=\"Amalfi_Belvedere di San Lorenzo\" srcset=\"https:\/\/www.visitamalfi.info\/wp-content\/uploads\/2024\/03\/CIMITERO-MONUMENTALE-SENZA-MODELLI-M.ABBAGNARA-6-615x410.jpg 615w, https:\/\/www.visitamalfi.info\/wp-content\/uploads\/2024\/03\/CIMITERO-MONUMENTALE-SENZA-MODELLI-M.ABBAGNARA-6-870x580.jpg 870w, https:\/\/www.visitamalfi.info\/wp-content\/uploads\/2024\/03\/CIMITERO-MONUMENTALE-SENZA-MODELLI-M.ABBAGNARA-6-1240x825.jpg 1240w\" sizes=\"(max-width: 615px) 100vw, 615px\" \/><\/a>\n\t\t\t<\/div><\/figure><figure class='gallery-item'>\n\t\t\t<div class='gallery-icon landscape'>\n\t\t\t\t<a data-elementor-open-lightbox=\"yes\" data-elementor-lightbox-slideshow=\"23c6a125\" data-elementor-lightbox-title=\"CIMITERO MONUMENTALE SENZA MODELLI - M.ABBAGNARA -22\" data-e-action-hash=\"#elementor-action%3Aaction%3Dlightbox%26settings%3DeyJpZCI6MTU1OTMsInVybCI6Imh0dHBzOlwvXC93d3cudmlzaXRhbWFsZmkuaW5mb1wvd3AtY29udGVudFwvdXBsb2Fkc1wvMjAyNFwvMDNcL0NJTUlURVJPLU1PTlVNRU5UQUxFLVNFTlpBLU1PREVMTEktTS5BQkJBR05BUkEtMjIuanBnIiwic2xpZGVzaG93IjoiMjNjNmExMjUifQ%3D%3D\" href='https:\/\/www.visitamalfi.info\/wp-content\/uploads\/2024\/03\/CIMITERO-MONUMENTALE-SENZA-MODELLI-M.ABBAGNARA-22.jpg' data-lightbox=\"gal[17281]\"><img loading=\"lazy\" decoding=\"async\" width=\"615\" height=\"410\" src=\"https:\/\/www.visitamalfi.info\/wp-content\/uploads\/2024\/03\/CIMITERO-MONUMENTALE-SENZA-MODELLI-M.ABBAGNARA-22-615x410.jpg\" class=\"attachment-ignition_item size-ignition_item\" alt=\"Amalfi_Belvedere di San Lorenzo\" srcset=\"https:\/\/www.visitamalfi.info\/wp-content\/uploads\/2024\/03\/CIMITERO-MONUMENTALE-SENZA-MODELLI-M.ABBAGNARA-22-615x410.jpg 615w, https:\/\/www.visitamalfi.info\/wp-content\/uploads\/2024\/03\/CIMITERO-MONUMENTALE-SENZA-MODELLI-M.ABBAGNARA-22-300x200.jpg 300w, https:\/\/www.visitamalfi.info\/wp-content\/uploads\/2024\/03\/CIMITERO-MONUMENTALE-SENZA-MODELLI-M.ABBAGNARA-22-1024x683.jpg 1024w, https:\/\/www.visitamalfi.info\/wp-content\/uploads\/2024\/03\/CIMITERO-MONUMENTALE-SENZA-MODELLI-M.ABBAGNARA-22-768x512.jpg 768w, https:\/\/www.visitamalfi.info\/wp-content\/uploads\/2024\/03\/CIMITERO-MONUMENTALE-SENZA-MODELLI-M.ABBAGNARA-22-1536x1024.jpg 1536w, https:\/\/www.visitamalfi.info\/wp-content\/uploads\/2024\/03\/CIMITERO-MONUMENTALE-SENZA-MODELLI-M.ABBAGNARA-22-870x580.jpg 870w, https:\/\/www.visitamalfi.info\/wp-content\/uploads\/2024\/03\/CIMITERO-MONUMENTALE-SENZA-MODELLI-M.ABBAGNARA-22-1240x825.jpg 1240w, https:\/\/www.visitamalfi.info\/wp-content\/uploads\/2024\/03\/CIMITERO-MONUMENTALE-SENZA-MODELLI-M.ABBAGNARA-22.jpg 1920w\" sizes=\"(max-width: 615px) 100vw, 615px\" \/><\/a>\n\t\t\t<\/div><\/figure><figure class='gallery-item'>\n\t\t\t<div class='gallery-icon portrait'>\n\t\t\t\t<a data-elementor-open-lightbox=\"yes\" data-elementor-lightbox-slideshow=\"23c6a125\" data-elementor-lightbox-title=\"RIONE S. ANTONIO SENZA MODELLI - M.ABBAGNARA -4\" data-e-action-hash=\"#elementor-action%3Aaction%3Dlightbox%26settings%3DeyJpZCI6MTU1NTAsInVybCI6Imh0dHBzOlwvXC93d3cudmlzaXRhbWFsZmkuaW5mb1wvd3AtY29udGVudFwvdXBsb2Fkc1wvMjAyNFwvMDNcL1JJT05FLVMuLUFOVE9OSU8tU0VOWkEtTU9ERUxMSS1NLkFCQkFHTkFSQS00LmpwZyIsInNsaWRlc2hvdyI6IjIzYzZhMTI1In0%3D\" href='https:\/\/www.visitamalfi.info\/wp-content\/uploads\/2024\/03\/RIONE-S.-ANTONIO-SENZA-MODELLI-M.ABBAGNARA-4.jpg' data-lightbox=\"gal[17281]\"><img loading=\"lazy\" decoding=\"async\" width=\"615\" height=\"410\" src=\"https:\/\/www.visitamalfi.info\/wp-content\/uploads\/2024\/03\/RIONE-S.-ANTONIO-SENZA-MODELLI-M.ABBAGNARA-4-615x410.jpg\" class=\"attachment-ignition_item size-ignition_item\" alt=\"Amalfi_Rione San Antonio\" srcset=\"https:\/\/www.visitamalfi.info\/wp-content\/uploads\/2024\/03\/RIONE-S.-ANTONIO-SENZA-MODELLI-M.ABBAGNARA-4-615x410.jpg 615w, https:\/\/www.visitamalfi.info\/wp-content\/uploads\/2024\/03\/RIONE-S.-ANTONIO-SENZA-MODELLI-M.ABBAGNARA-4-870x580.jpg 870w, https:\/\/www.visitamalfi.info\/wp-content\/uploads\/2024\/03\/RIONE-S.-ANTONIO-SENZA-MODELLI-M.ABBAGNARA-4-1240x825.jpg 1240w\" sizes=\"(max-width: 615px) 100vw, 615px\" \/><\/a>\n\t\t\t<\/div><\/figure>\n\t\t<\/div>\n\t\t<\/div>\n\t\t\t\t\t\t<\/div>\n\t\t\t\t<\/div>\n\t\t\t\t<div class=\"elementor-element elementor-element-1eb8b7ab is-style-ignition-cousteau-pro-anchor-title elementor-widget elementor-widget-heading\" data-id=\"1eb8b7ab\" data-element_type=\"widget\" data-e-type=\"widget\" data-widget_type=\"heading.default\">\n\t\t\t\t<div class=\"elementor-widget-container\">\n\t\t\t\t\t<h2 class=\"elementor-heading-title elementor-size-default\">Informations utiles <\/h2>\t\t\t\t<\/div>\n\t\t\t\t<\/div>\n\t\t\t\t<section class=\"elementor-section elementor-inner-section elementor-element elementor-element-66453965 elementor-section-full_width elementor-section-height-default elementor-section-height-default\" data-id=\"66453965\" data-element_type=\"section\" data-e-type=\"section\">\n\t\t\t\t\t\t<div class=\"elementor-container elementor-column-gap-wider\">\n\t\t\t\t\t<div class=\"elementor-column elementor-col-100 elementor-inner-column elementor-element elementor-element-19c77b0a\" data-id=\"19c77b0a\" data-element_type=\"column\" data-e-type=\"column\" data-settings=\"{&quot;background_background&quot;:&quot;gradient&quot;}\">\n\t\t\t<div class=\"elementor-widget-wrap elementor-element-populated\">\n\t\t\t\t\t\t<div class=\"elementor-element elementor-element-606caaf4 elementor-widget elementor-widget-heading\" data-id=\"606caaf4\" data-element_type=\"widget\" data-e-type=\"widget\" data-widget_type=\"heading.default\">\n\t\t\t\t<div class=\"elementor-widget-container\">\n\t\t\t\t\t<p class=\"elementor-heading-title elementor-size-default\">Ce qu'il faut apporter : <\/p>\t\t\t\t<\/div>\n\t\t\t\t<\/div>\n\t\t\t\t<div class=\"elementor-element elementor-element-2954b2cc elementor-widget elementor-widget-spacer\" data-id=\"2954b2cc\" data-element_type=\"widget\" data-e-type=\"widget\" data-widget_type=\"spacer.default\">\n\t\t\t\t<div class=\"elementor-widget-container\">\n\t\t\t\t\t\t\t<div class=\"elementor-spacer\">\n\t\t\t<div class=\"elementor-spacer-inner\"><\/div>\n\t\t<\/div>\n\t\t\t\t\t\t<\/div>\n\t\t\t\t<\/div>\n\t\t\t\t<div class=\"elementor-element elementor-element-3b6cb14f elementor-icon-list--layout-traditional elementor-list-item-link-full_width elementor-widget elementor-widget-icon-list\" data-id=\"3b6cb14f\" data-element_type=\"widget\" data-e-type=\"widget\" data-widget_type=\"icon-list.default\">\n\t\t\t\t<div class=\"elementor-widget-container\">\n\t\t\t\t\t\t\t<ul class=\"elementor-icon-list-items\">\n\t\t\t\t\t\t\t<li class=\"elementor-icon-list-item\">\n\t\t\t\t\t\t\t\t\t\t\t<span class=\"elementor-icon-list-icon\">\n\t\t\t\t\t\t\t<i aria-hidden=\"true\" class=\"fas fa-circle\"><\/i>\t\t\t\t\t\t<\/span>\n\t\t\t\t\t\t\t\t\t\t<span class=\"elementor-icon-list-text\">Bouteille d'eau<\/span>\n\t\t\t\t\t\t\t\t\t<\/li>\n\t\t\t\t\t\t\t\t<li class=\"elementor-icon-list-item\">\n\t\t\t\t\t\t\t\t\t\t\t<span class=\"elementor-icon-list-icon\">\n\t\t\t\t\t\t\t<i aria-hidden=\"true\" class=\"fas fa-circle\"><\/i>\t\t\t\t\t\t<\/span>\n\t\t\t\t\t\t\t\t\t\t<span class=\"elementor-icon-list-text\">Collation<\/span>\n\t\t\t\t\t\t\t\t\t<\/li>\n\t\t\t\t\t\t\t\t<li class=\"elementor-icon-list-item\">\n\t\t\t\t\t\t\t\t\t\t\t<span class=\"elementor-icon-list-icon\">\n\t\t\t\t\t\t\t<i aria-hidden=\"true\" class=\"fas fa-circle\"><\/i>\t\t\t\t\t\t<\/span>\n\t\t\t\t\t\t\t\t\t\t<span class=\"elementor-icon-list-text\">Chaussures confortables<\/span>\n\t\t\t\t\t\t\t\t\t<\/li>\n\t\t\t\t\t\t\t\t<li class=\"elementor-icon-list-item\">\n\t\t\t\t\t\t\t\t\t\t\t<span class=\"elementor-icon-list-icon\">\n\t\t\t\t\t\t\t<i aria-hidden=\"true\" class=\"fas fa-circle\"><\/i>\t\t\t\t\t\t<\/span>\n\t\t\t\t\t\t\t\t\t\t<span class=\"elementor-icon-list-text\">Chapeau<\/span>\n\t\t\t\t\t\t\t\t\t<\/li>\n\t\t\t\t\t\t\t\t<li class=\"elementor-icon-list-item\">\n\t\t\t\t\t\t\t\t\t\t\t<span class=\"elementor-icon-list-icon\">\n\t\t\t\t\t\t\t<i aria-hidden=\"true\" class=\"fas fa-circle\"><\/i>\t\t\t\t\t\t<\/span>\n\t\t\t\t\t\t\t\t\t\t<span class=\"elementor-icon-list-text\">Lunettes de soleil<\/span>\n\t\t\t\t\t\t\t\t\t<\/li>\n\t\t\t\t\t\t\t\t<li class=\"elementor-icon-list-item\">\n\t\t\t\t\t\t\t\t\t\t\t<span class=\"elementor-icon-list-icon\">\n\t\t\t\t\t\t\t<i aria-hidden=\"true\" class=\"fas fa-circle\"><\/i>\t\t\t\t\t\t<\/span>\n\t\t\t\t\t\t\t\t\t\t<span class=\"elementor-icon-list-text\">Cr\u00e8me solaire<\/span>\n\t\t\t\t\t\t\t\t\t<\/li>\n\t\t\t\t\t\t<\/ul>\n\t\t\t\t\t\t<\/div>\n\t\t\t\t<\/div>\n\t\t\t\t\t<\/div>\n\t\t<\/div>\n\t\t\t\t\t<\/div>\n\t\t<\/section>\n\t\t\t\t\t<\/div>\n\t\t<\/div>\n\t\t\t\t\t<\/div>\n\t\t<\/section>\n\t\t\t\t<\/div>\n\t\t","protected":false},"excerpt":{"rendered":"<p>Circuit \u00e0 la d\u00e9couverte d&#8217;Amalfi, de ses hameaux le long de la Via Maestra dei Villaggi et de l&#8217;Amalfi secret au coucher du soleil menant au c\u00e9l\u00e8bre village d&#8217;Atrani. <\/p>\n","protected":false},"featured_media":15550,"comment_status":"open","ping_status":"closed","template":"","ignition_package_destination":[],"ignition_package_category":[1107,861,1662],"experience":[250,1666],"inspiration":[1658,456,455],"season":[230,238,244,233],"class_list":["post-17281","ignition-package","type-ignition-package","status-publish","has-post-thumbnail","hentry","ignition_package_category-excursions-fr","ignition_package_category-restaurants","ignition_package_category-trekking-fr","experience-activites-exterieures","experience-cultures-fr","inspiration-vacances-actives","inspiration-vacances-de-detente","inspiration-vacances-en-couple","season-automne","season-lete","season-lhiver","season-printemps"],"yoast_head":"<!-- This site is optimized with the Yoast SEO plugin v27.3 - https:\/\/yoast.com\/product\/yoast-seo-wordpress\/ -->\n<title>Amalfi - 4 jours - Visit Amalfi<\/title>\n<meta name=\"robots\" content=\"index, follow, max-snippet:-1, max-image-preview:large, max-video-preview:-1\" \/>\n<link rel=\"canonical\" href=\"https:\/\/www.visitamalfi.info\/fr\/package\/amalfi-4-jours\/\" \/>\n<meta property=\"og:locale\" content=\"fr_FR\" \/>\n<meta property=\"og:type\" content=\"article\" \/>\n<meta property=\"og:title\" content=\"Amalfi - 4 jours - Visit Amalfi\" \/>\n<meta property=\"og:description\" content=\"Circuit \u00e0 la d\u00e9couverte d&#039;Amalfi, de ses hameaux le long de la Via Maestra dei Villaggi et de l&#039;Amalfi secret au coucher du soleil menant au c\u00e9l\u00e8bre village d&#039;Atrani.\" \/>\n<meta property=\"og:url\" content=\"https:\/\/www.visitamalfi.info\/fr\/package\/amalfi-4-jours\/\" \/>\n<meta property=\"og:site_name\" content=\"Visit Amalfi\" \/>\n<meta property=\"article:publisher\" content=\"https:\/\/www.facebook.com\/visitamalfiofficial\" \/>\n<meta property=\"article:modified_time\" content=\"2025-01-17T11:01:56+00:00\" \/>\n<meta property=\"og:image\" content=\"https:\/\/www.visitamalfi.info\/wp-content\/uploads\/2024\/03\/RIONE-S.-ANTONIO-SENZA-MODELLI-M.ABBAGNARA-4.jpg\" \/>\n\t<meta property=\"og:image:width\" content=\"1280\" \/>\n\t<meta property=\"og:image:height\" content=\"1920\" \/>\n\t<meta property=\"og:image:type\" content=\"image\/jpeg\" \/>\n<meta name=\"twitter:card\" content=\"summary_large_image\" \/>\n<meta name=\"twitter:label1\" content=\"Dur\u00e9e de lecture estim\u00e9e\" \/>\n\t<meta name=\"twitter:data1\" content=\"5 minutes\" \/>\n<script type=\"application\/ld+json\" class=\"yoast-schema-graph\">{\"@context\":\"https:\\\/\\\/schema.org\",\"@graph\":[{\"@type\":\"WebPage\",\"@id\":\"https:\\\/\\\/www.visitamalfi.info\\\/fr\\\/package\\\/amalfi-4-jours\\\/\",\"url\":\"https:\\\/\\\/www.visitamalfi.info\\\/fr\\\/package\\\/amalfi-4-jours\\\/\",\"name\":\"Amalfi - 4 jours - Visit Amalfi\",\"isPartOf\":{\"@id\":\"https:\\\/\\\/www.visitamalfi.info\\\/fr\\\/#website\"},\"primaryImageOfPage\":{\"@id\":\"https:\\\/\\\/www.visitamalfi.info\\\/fr\\\/package\\\/amalfi-4-jours\\\/#primaryimage\"},\"image\":{\"@id\":\"https:\\\/\\\/www.visitamalfi.info\\\/fr\\\/package\\\/amalfi-4-jours\\\/#primaryimage\"},\"thumbnailUrl\":\"https:\\\/\\\/www.visitamalfi.info\\\/wp-content\\\/uploads\\\/2024\\\/03\\\/RIONE-S.-ANTONIO-SENZA-MODELLI-M.ABBAGNARA-4.jpg\",\"datePublished\":\"2024-04-17T17:44:32+00:00\",\"dateModified\":\"2025-01-17T11:01:56+00:00\",\"breadcrumb\":{\"@id\":\"https:\\\/\\\/www.visitamalfi.info\\\/fr\\\/package\\\/amalfi-4-jours\\\/#breadcrumb\"},\"inLanguage\":\"fr-FR\",\"potentialAction\":[{\"@type\":\"ReadAction\",\"target\":[\"https:\\\/\\\/www.visitamalfi.info\\\/fr\\\/package\\\/amalfi-4-jours\\\/\"]}]},{\"@type\":\"ImageObject\",\"inLanguage\":\"fr-FR\",\"@id\":\"https:\\\/\\\/www.visitamalfi.info\\\/fr\\\/package\\\/amalfi-4-jours\\\/#primaryimage\",\"url\":\"https:\\\/\\\/www.visitamalfi.info\\\/wp-content\\\/uploads\\\/2024\\\/03\\\/RIONE-S.-ANTONIO-SENZA-MODELLI-M.ABBAGNARA-4.jpg\",\"contentUrl\":\"https:\\\/\\\/www.visitamalfi.info\\\/wp-content\\\/uploads\\\/2024\\\/03\\\/RIONE-S.-ANTONIO-SENZA-MODELLI-M.ABBAGNARA-4.jpg\",\"width\":1280,\"height\":1920,\"caption\":\"Amalfi_Rione San Antonio\"},{\"@type\":\"BreadcrumbList\",\"@id\":\"https:\\\/\\\/www.visitamalfi.info\\\/fr\\\/package\\\/amalfi-4-jours\\\/#breadcrumb\",\"itemListElement\":[{\"@type\":\"ListItem\",\"position\":1,\"name\":\"Home\",\"item\":\"https:\\\/\\\/www.visitamalfi.info\\\/fr\\\/\"},{\"@type\":\"ListItem\",\"position\":2,\"name\":\"Amalfi &#8211; 4 jours\"}]},{\"@type\":\"WebSite\",\"@id\":\"https:\\\/\\\/www.visitamalfi.info\\\/fr\\\/#website\",\"url\":\"https:\\\/\\\/www.visitamalfi.info\\\/fr\\\/\",\"name\":\"Visit Amalfi\",\"description\":\"Amalfi Destination Official Website\",\"publisher\":{\"@id\":\"https:\\\/\\\/www.visitamalfi.info\\\/fr\\\/#organization\"},\"potentialAction\":[{\"@type\":\"SearchAction\",\"target\":{\"@type\":\"EntryPoint\",\"urlTemplate\":\"https:\\\/\\\/www.visitamalfi.info\\\/fr\\\/?s={search_term_string}\"},\"query-input\":{\"@type\":\"PropertyValueSpecification\",\"valueRequired\":true,\"valueName\":\"search_term_string\"}}],\"inLanguage\":\"fr-FR\"},{\"@type\":\"Organization\",\"@id\":\"https:\\\/\\\/www.visitamalfi.info\\\/fr\\\/#organization\",\"name\":\"Visit Amalfi\",\"url\":\"https:\\\/\\\/www.visitamalfi.info\\\/fr\\\/\",\"logo\":{\"@type\":\"ImageObject\",\"inLanguage\":\"fr-FR\",\"@id\":\"https:\\\/\\\/www.visitamalfi.info\\\/fr\\\/#\\\/schema\\\/logo\\\/image\\\/\",\"url\":\"https:\\\/\\\/www.visitamalfi.info\\\/wp-content\\\/uploads\\\/2023\\\/04\\\/visit-amalfi-logo-web.png\",\"contentUrl\":\"https:\\\/\\\/www.visitamalfi.info\\\/wp-content\\\/uploads\\\/2023\\\/04\\\/visit-amalfi-logo-web.png\",\"width\":800,\"height\":870,\"caption\":\"Visit Amalfi\"},\"image\":{\"@id\":\"https:\\\/\\\/www.visitamalfi.info\\\/fr\\\/#\\\/schema\\\/logo\\\/image\\\/\"},\"sameAs\":[\"https:\\\/\\\/www.facebook.com\\\/visitamalfiofficial\",\"https:\\\/\\\/www.instagram.com\\\/visitamalfiofficial\\\/\"]}]}<\/script>\n<!-- \/ Yoast SEO plugin. -->","yoast_head_json":{"title":"Amalfi - 4 jours - Visit Amalfi","robots":{"index":"index","follow":"follow","max-snippet":"max-snippet:-1","max-image-preview":"max-image-preview:large","max-video-preview":"max-video-preview:-1"},"canonical":"https:\/\/www.visitamalfi.info\/fr\/package\/amalfi-4-jours\/","og_locale":"fr_FR","og_type":"article","og_title":"Amalfi - 4 jours - Visit Amalfi","og_description":"Circuit \u00e0 la d\u00e9couverte d'Amalfi, de ses hameaux le long de la Via Maestra dei Villaggi et de l'Amalfi secret au coucher du soleil menant au c\u00e9l\u00e8bre village d'Atrani.","og_url":"https:\/\/www.visitamalfi.info\/fr\/package\/amalfi-4-jours\/","og_site_name":"Visit Amalfi","article_publisher":"https:\/\/www.facebook.com\/visitamalfiofficial","article_modified_time":"2025-01-17T11:01:56+00:00","og_image":[{"width":1280,"height":1920,"url":"https:\/\/www.visitamalfi.info\/wp-content\/uploads\/2024\/03\/RIONE-S.-ANTONIO-SENZA-MODELLI-M.ABBAGNARA-4.jpg","type":"image\/jpeg"}],"twitter_card":"summary_large_image","twitter_misc":{"Dur\u00e9e de lecture estim\u00e9e":"5 minutes"},"schema":{"@context":"https:\/\/schema.org","@graph":[{"@type":"WebPage","@id":"https:\/\/www.visitamalfi.info\/fr\/package\/amalfi-4-jours\/","url":"https:\/\/www.visitamalfi.info\/fr\/package\/amalfi-4-jours\/","name":"Amalfi - 4 jours - Visit Amalfi","isPartOf":{"@id":"https:\/\/www.visitamalfi.info\/fr\/#website"},"primaryImageOfPage":{"@id":"https:\/\/www.visitamalfi.info\/fr\/package\/amalfi-4-jours\/#primaryimage"},"image":{"@id":"https:\/\/www.visitamalfi.info\/fr\/package\/amalfi-4-jours\/#primaryimage"},"thumbnailUrl":"https:\/\/www.visitamalfi.info\/wp-content\/uploads\/2024\/03\/RIONE-S.-ANTONIO-SENZA-MODELLI-M.ABBAGNARA-4.jpg","datePublished":"2024-04-17T17:44:32+00:00","dateModified":"2025-01-17T11:01:56+00:00","breadcrumb":{"@id":"https:\/\/www.visitamalfi.info\/fr\/package\/amalfi-4-jours\/#breadcrumb"},"inLanguage":"fr-FR","potentialAction":[{"@type":"ReadAction","target":["https:\/\/www.visitamalfi.info\/fr\/package\/amalfi-4-jours\/"]}]},{"@type":"ImageObject","inLanguage":"fr-FR","@id":"https:\/\/www.visitamalfi.info\/fr\/package\/amalfi-4-jours\/#primaryimage","url":"https:\/\/www.visitamalfi.info\/wp-content\/uploads\/2024\/03\/RIONE-S.-ANTONIO-SENZA-MODELLI-M.ABBAGNARA-4.jpg","contentUrl":"https:\/\/www.visitamalfi.info\/wp-content\/uploads\/2024\/03\/RIONE-S.-ANTONIO-SENZA-MODELLI-M.ABBAGNARA-4.jpg","width":1280,"height":1920,"caption":"Amalfi_Rione San Antonio"},{"@type":"BreadcrumbList","@id":"https:\/\/www.visitamalfi.info\/fr\/package\/amalfi-4-jours\/#breadcrumb","itemListElement":[{"@type":"ListItem","position":1,"name":"Home","item":"https:\/\/www.visitamalfi.info\/fr\/"},{"@type":"ListItem","position":2,"name":"Amalfi &#8211; 4 jours"}]},{"@type":"WebSite","@id":"https:\/\/www.visitamalfi.info\/fr\/#website","url":"https:\/\/www.visitamalfi.info\/fr\/","name":"Visit Amalfi","description":"Amalfi Destination Official Website","publisher":{"@id":"https:\/\/www.visitamalfi.info\/fr\/#organization"},"potentialAction":[{"@type":"SearchAction","target":{"@type":"EntryPoint","urlTemplate":"https:\/\/www.visitamalfi.info\/fr\/?s={search_term_string}"},"query-input":{"@type":"PropertyValueSpecification","valueRequired":true,"valueName":"search_term_string"}}],"inLanguage":"fr-FR"},{"@type":"Organization","@id":"https:\/\/www.visitamalfi.info\/fr\/#organization","name":"Visit Amalfi","url":"https:\/\/www.visitamalfi.info\/fr\/","logo":{"@type":"ImageObject","inLanguage":"fr-FR","@id":"https:\/\/www.visitamalfi.info\/fr\/#\/schema\/logo\/image\/","url":"https:\/\/www.visitamalfi.info\/wp-content\/uploads\/2023\/04\/visit-amalfi-logo-web.png","contentUrl":"https:\/\/www.visitamalfi.info\/wp-content\/uploads\/2023\/04\/visit-amalfi-logo-web.png","width":800,"height":870,"caption":"Visit Amalfi"},"image":{"@id":"https:\/\/www.visitamalfi.info\/fr\/#\/schema\/logo\/image\/"},"sameAs":["https:\/\/www.facebook.com\/visitamalfiofficial","https:\/\/www.instagram.com\/visitamalfiofficial\/"]}]}},"_links":{"self":[{"href":"https:\/\/www.visitamalfi.info\/fr\/wp-json\/wp\/v2\/ignition-package\/17281","targetHints":{"allow":["GET"]}}],"collection":[{"href":"https:\/\/www.visitamalfi.info\/fr\/wp-json\/wp\/v2\/ignition-package"}],"about":[{"href":"https:\/\/www.visitamalfi.info\/fr\/wp-json\/wp\/v2\/types\/ignition-package"}],"replies":[{"embeddable":true,"href":"https:\/\/www.visitamalfi.info\/fr\/wp-json\/wp\/v2\/comments?post=17281"}],"version-history":[{"count":9,"href":"https:\/\/www.visitamalfi.info\/fr\/wp-json\/wp\/v2\/ignition-package\/17281\/revisions"}],"predecessor-version":[{"id":20539,"href":"https:\/\/www.visitamalfi.info\/fr\/wp-json\/wp\/v2\/ignition-package\/17281\/revisions\/20539"}],"wp:featuredmedia":[{"embeddable":true,"href":"https:\/\/www.visitamalfi.info\/fr\/wp-json\/wp\/v2\/media\/15550"}],"wp:attachment":[{"href":"https:\/\/www.visitamalfi.info\/fr\/wp-json\/wp\/v2\/media?parent=17281"}],"wp:term":[{"taxonomy":"ignition_package_destination","embeddable":true,"href":"https:\/\/www.visitamalfi.info\/fr\/wp-json\/wp\/v2\/ignition_package_destination?post=17281"},{"taxonomy":"ignition_package_category","embeddable":true,"href":"https:\/\/www.visitamalfi.info\/fr\/wp-json\/wp\/v2\/ignition_package_category?post=17281"},{"taxonomy":"experience","embeddable":true,"href":"https:\/\/www.visitamalfi.info\/fr\/wp-json\/wp\/v2\/experience?post=17281"},{"taxonomy":"inspiration","embeddable":true,"href":"https:\/\/www.visitamalfi.info\/fr\/wp-json\/wp\/v2\/inspiration?post=17281"},{"taxonomy":"season","embeddable":true,"href":"https:\/\/www.visitamalfi.info\/fr\/wp-json\/wp\/v2\/season?post=17281"}],"curies":[{"name":"wp","href":"https:\/\/api.w.org\/{rel}","templated":true}]}}