{"id":13133,"date":"2023-11-29T16:14:47","date_gmt":"2023-11-29T15:14:47","guid":{"rendered":"https:\/\/www.visitamalfi.info\/amw-service\/la-calla-weddings-events\/"},"modified":"2023-11-29T16:14:47","modified_gmt":"2023-11-29T15:14:47","slug":"la-calla-weddings-events","status":"publish","type":"amw_service","link":"https:\/\/www.visitamalfi.info\/fr\/amw-service\/la-calla-weddings-events\/","title":{"rendered":"La Calla Weddings &amp; Events"},"content":{"rendered":"<div id='gallery-1' class='gallery galleryid-13133 gallery-columns-4 gallery-size-thumbnail'><figure class='gallery-item'>\n\t\t\t<div class='gallery-icon portrait'>\n\t\t\t\t<a href='https:\/\/www.visitamalfi.info\/wp-content\/uploads\/2023\/11\/DaveAlly-41.jpg' data-lightbox=\"gal[13133]\"><img fetchpriority=\"high\" decoding=\"async\" width=\"300\" height=\"300\" src=\"https:\/\/www.visitamalfi.info\/wp-content\/uploads\/2023\/11\/DaveAlly-41-300x300.jpg\" class=\"attachment-thumbnail size-thumbnail\" alt=\"\" srcset=\"https:\/\/www.visitamalfi.info\/wp-content\/uploads\/2023\/11\/DaveAlly-41-300x300.jpg 300w, https:\/\/www.visitamalfi.info\/wp-content\/uploads\/2023\/11\/DaveAlly-41-510x510.jpg 510w, https:\/\/www.visitamalfi.info\/wp-content\/uploads\/2023\/11\/DaveAlly-41-160x160.jpg 160w\" sizes=\"(max-width: 300px) 100vw, 300px\" \/><\/a>\n\t\t\t<\/div><\/figure><figure class='gallery-item'>\n\t\t\t<div class='gallery-icon landscape'>\n\t\t\t\t<a href='https:\/\/www.visitamalfi.info\/wp-content\/uploads\/2023\/11\/DaveAlly-71.jpg' data-lightbox=\"gal[13133]\"><img decoding=\"async\" width=\"300\" height=\"300\" src=\"https:\/\/www.visitamalfi.info\/wp-content\/uploads\/2023\/11\/DaveAlly-71-300x300.jpg\" class=\"attachment-thumbnail size-thumbnail\" alt=\"\" srcset=\"https:\/\/www.visitamalfi.info\/wp-content\/uploads\/2023\/11\/DaveAlly-71-300x300.jpg 300w, https:\/\/www.visitamalfi.info\/wp-content\/uploads\/2023\/11\/DaveAlly-71-510x510.jpg 510w, https:\/\/www.visitamalfi.info\/wp-content\/uploads\/2023\/11\/DaveAlly-71-160x160.jpg 160w\" sizes=\"(max-width: 300px) 100vw, 300px\" \/><\/a>\n\t\t\t<\/div><\/figure><figure class='gallery-item'>\n\t\t\t<div class='gallery-icon landscape'>\n\t\t\t\t<a href='https:\/\/www.visitamalfi.info\/wp-content\/uploads\/2023\/11\/RJ-309.jpg' data-lightbox=\"gal[13133]\"><img decoding=\"async\" width=\"300\" height=\"300\" src=\"https:\/\/www.visitamalfi.info\/wp-content\/uploads\/2023\/11\/RJ-309-300x300.jpg\" class=\"attachment-thumbnail size-thumbnail\" alt=\"\" srcset=\"https:\/\/www.visitamalfi.info\/wp-content\/uploads\/2023\/11\/RJ-309-300x300.jpg 300w, https:\/\/www.visitamalfi.info\/wp-content\/uploads\/2023\/11\/RJ-309-510x510.jpg 510w, https:\/\/www.visitamalfi.info\/wp-content\/uploads\/2023\/11\/RJ-309-160x160.jpg 160w\" sizes=\"(max-width: 300px) 100vw, 300px\" \/><\/a>\n\t\t\t<\/div><\/figure><figure class='gallery-item'>\n\t\t\t<div class='gallery-icon landscape'>\n\t\t\t\t<a href='https:\/\/www.visitamalfi.info\/wp-content\/uploads\/2023\/11\/AD_rehearsal-40.jpg' data-lightbox=\"gal[13133]\"><img loading=\"lazy\" decoding=\"async\" width=\"300\" height=\"300\" src=\"https:\/\/www.visitamalfi.info\/wp-content\/uploads\/2023\/11\/AD_rehearsal-40-300x300.jpg\" class=\"attachment-thumbnail size-thumbnail\" alt=\"\" srcset=\"https:\/\/www.visitamalfi.info\/wp-content\/uploads\/2023\/11\/AD_rehearsal-40-300x300.jpg 300w, https:\/\/www.visitamalfi.info\/wp-content\/uploads\/2023\/11\/AD_rehearsal-40-510x510.jpg 510w, https:\/\/www.visitamalfi.info\/wp-content\/uploads\/2023\/11\/AD_rehearsal-40-160x160.jpg 160w\" sizes=\"(max-width: 300px) 100vw, 300px\" \/><\/a>\n\t\t\t<\/div><\/figure>\n\t\t<\/div>\n\n<p><span style=\"font-weight: 400;\">Depuis plus de vingt ans, La Calla Weddings &amp; Events organise et coordonne des mariages et des \u00e9v\u00e9nements exclusifs dans le cadre enchanteur d&#8217;Amalfi. <\/span><br \/>\n<span style=\"font-weight: 400;\">Gr\u00e2ce \u00e0 leur connaissance approfondie de la r\u00e9gion, de ses tr\u00e9sors cach\u00e9s et des fournisseurs locaux, les organisatrices de mariages Laura Palladino et Marianna di Paolo mettent \u00e0 la disposition de leurs clients toute leur exp\u00e9rience et leur passion pour faire d&#8217;un \u00e9v\u00e9nement important un moment incroyablement sp\u00e9cial et m\u00e9morable. <\/span><br \/>\n<span style=\"font-weight: 400;\">La Calla est sp\u00e9cialis\u00e9e dans l&#8217;organisation de mariages et d&#8217;\u00e9v\u00e9nements de petite, moyenne et grande envergure. En fonction des demandes de leurs clients, les conseillers fournissent, avec une attention m\u00e9ticuleuse aux d\u00e9tails, les meilleures solutions pour r\u00e9pondre aux souhaits des mari\u00e9s.<\/span><\/p>\n<div id='gallery-2' class='gallery galleryid-13133 gallery-columns-4 gallery-size-thumbnail'><figure class='gallery-item'>\n\t\t\t<div class='gallery-icon portrait'>\n\t\t\t\t<a href='https:\/\/www.visitamalfi.info\/wp-content\/uploads\/2023\/11\/AD_rehearsal-52.jpg' data-lightbox=\"gal[13133]\"><img loading=\"lazy\" decoding=\"async\" width=\"300\" height=\"300\" src=\"https:\/\/www.visitamalfi.info\/wp-content\/uploads\/2023\/11\/AD_rehearsal-52-300x300.jpg\" class=\"attachment-thumbnail size-thumbnail\" alt=\"\" srcset=\"https:\/\/www.visitamalfi.info\/wp-content\/uploads\/2023\/11\/AD_rehearsal-52-300x300.jpg 300w, https:\/\/www.visitamalfi.info\/wp-content\/uploads\/2023\/11\/AD_rehearsal-52-510x510.jpg 510w, https:\/\/www.visitamalfi.info\/wp-content\/uploads\/2023\/11\/AD_rehearsal-52-160x160.jpg 160w\" sizes=\"(max-width: 300px) 100vw, 300px\" \/><\/a>\n\t\t\t<\/div><\/figure><figure class='gallery-item'>\n\t\t\t<div class='gallery-icon portrait'>\n\t\t\t\t<a href='https:\/\/www.visitamalfi.info\/wp-content\/uploads\/2023\/11\/DaveAlly-52.jpg' data-lightbox=\"gal[13133]\"><img loading=\"lazy\" decoding=\"async\" width=\"300\" height=\"300\" src=\"https:\/\/www.visitamalfi.info\/wp-content\/uploads\/2023\/11\/DaveAlly-52-300x300.jpg\" class=\"attachment-thumbnail size-thumbnail\" alt=\"\" srcset=\"https:\/\/www.visitamalfi.info\/wp-content\/uploads\/2023\/11\/DaveAlly-52-300x300.jpg 300w, https:\/\/www.visitamalfi.info\/wp-content\/uploads\/2023\/11\/DaveAlly-52-510x510.jpg 510w, https:\/\/www.visitamalfi.info\/wp-content\/uploads\/2023\/11\/DaveAlly-52-160x160.jpg 160w\" sizes=\"(max-width: 300px) 100vw, 300px\" \/><\/a>\n\t\t\t<\/div><\/figure><figure class='gallery-item'>\n\t\t\t<div class='gallery-icon portrait'>\n\t\t\t\t<a href='https:\/\/www.visitamalfi.info\/wp-content\/uploads\/2023\/11\/EmilioMegan-279.jpg' data-lightbox=\"gal[13133]\"><img loading=\"lazy\" decoding=\"async\" width=\"300\" height=\"300\" src=\"https:\/\/www.visitamalfi.info\/wp-content\/uploads\/2023\/11\/EmilioMegan-279-300x300.jpg\" class=\"attachment-thumbnail size-thumbnail\" alt=\"\" srcset=\"https:\/\/www.visitamalfi.info\/wp-content\/uploads\/2023\/11\/EmilioMegan-279-300x300.jpg 300w, https:\/\/www.visitamalfi.info\/wp-content\/uploads\/2023\/11\/EmilioMegan-279-510x510.jpg 510w, https:\/\/www.visitamalfi.info\/wp-content\/uploads\/2023\/11\/EmilioMegan-279-160x160.jpg 160w\" sizes=\"(max-width: 300px) 100vw, 300px\" \/><\/a>\n\t\t\t<\/div><\/figure><figure class='gallery-item'>\n\t\t\t<div class='gallery-icon landscape'>\n\t\t\t\t<a href='https:\/\/www.visitamalfi.info\/wp-content\/uploads\/2023\/11\/AD_rehearsal-20.jpg' data-lightbox=\"gal[13133]\"><img loading=\"lazy\" decoding=\"async\" width=\"300\" height=\"300\" src=\"https:\/\/www.visitamalfi.info\/wp-content\/uploads\/2023\/11\/AD_rehearsal-20-300x300.jpg\" class=\"attachment-thumbnail size-thumbnail\" alt=\"\" srcset=\"https:\/\/www.visitamalfi.info\/wp-content\/uploads\/2023\/11\/AD_rehearsal-20-300x300.jpg 300w, https:\/\/www.visitamalfi.info\/wp-content\/uploads\/2023\/11\/AD_rehearsal-20-510x510.jpg 510w, https:\/\/www.visitamalfi.info\/wp-content\/uploads\/2023\/11\/AD_rehearsal-20-160x160.jpg 160w\" sizes=\"(max-width: 300px) 100vw, 300px\" \/><\/a>\n\t\t\t<\/div><\/figure>\n\t\t<\/div>\n\n<p><span style=\"font-weight: 400;\">Les mots d&#8217;ordre sont : conseil, planification et coordination. La Calla accompagne les mari\u00e9s depuis le choix du type de c\u00e9r\u00e9monie (civile, religieuse ou symbolique) jusqu&#8217;au choix du restaurant, de l&#8217;h\u00f4tel, de la papeterie, des drag\u00e9es, de l&#8217;accompagnement musical, de la location de voiture et du service de bus de courtoisie pour les invit\u00e9s. Ces services sont compl\u00e9t\u00e9s par des maquilleurs et des coiffeurs de confiance qui mettront en valeur la beaut\u00e9 des mari\u00e9es et ajouteront une touche suppl\u00e9mentaire de magie et de glamour \u00e0 leur look. <\/span><\/p>\n<div id='gallery-3' class='gallery galleryid-13133 gallery-columns-4 gallery-size-thumbnail'><figure class='gallery-item'>\n\t\t\t<div class='gallery-icon portrait'>\n\t\t\t\t<a href='https:\/\/www.visitamalfi.info\/wp-content\/uploads\/2023\/11\/IMG_0614.jpg' data-lightbox=\"gal[13133]\"><img loading=\"lazy\" decoding=\"async\" width=\"300\" height=\"300\" src=\"https:\/\/www.visitamalfi.info\/wp-content\/uploads\/2023\/11\/IMG_0614-300x300.jpg\" class=\"attachment-thumbnail size-thumbnail\" alt=\"\" srcset=\"https:\/\/www.visitamalfi.info\/wp-content\/uploads\/2023\/11\/IMG_0614-300x300.jpg 300w, https:\/\/www.visitamalfi.info\/wp-content\/uploads\/2023\/11\/IMG_0614-160x160.jpg 160w\" sizes=\"(max-width: 300px) 100vw, 300px\" \/><\/a>\n\t\t\t<\/div><\/figure><figure class='gallery-item'>\n\t\t\t<div class='gallery-icon landscape'>\n\t\t\t\t<a href='https:\/\/www.visitamalfi.info\/wp-content\/uploads\/2023\/11\/LJ-273.jpg' data-lightbox=\"gal[13133]\"><img loading=\"lazy\" decoding=\"async\" width=\"300\" height=\"300\" src=\"https:\/\/www.visitamalfi.info\/wp-content\/uploads\/2023\/11\/LJ-273-300x300.jpg\" class=\"attachment-thumbnail size-thumbnail\" alt=\"\" srcset=\"https:\/\/www.visitamalfi.info\/wp-content\/uploads\/2023\/11\/LJ-273-300x300.jpg 300w, https:\/\/www.visitamalfi.info\/wp-content\/uploads\/2023\/11\/LJ-273-510x510.jpg 510w, https:\/\/www.visitamalfi.info\/wp-content\/uploads\/2023\/11\/LJ-273-160x160.jpg 160w\" sizes=\"(max-width: 300px) 100vw, 300px\" \/><\/a>\n\t\t\t<\/div><\/figure><figure class='gallery-item'>\n\t\t\t<div class='gallery-icon portrait'>\n\t\t\t\t<a href='https:\/\/www.visitamalfi.info\/wp-content\/uploads\/2023\/11\/Kylah-Corey-Wedding-Previews-18.jpg' data-lightbox=\"gal[13133]\"><img loading=\"lazy\" decoding=\"async\" width=\"300\" height=\"300\" src=\"https:\/\/www.visitamalfi.info\/wp-content\/uploads\/2023\/11\/Kylah-Corey-Wedding-Previews-18-300x300.jpg\" class=\"attachment-thumbnail size-thumbnail\" alt=\"\" srcset=\"https:\/\/www.visitamalfi.info\/wp-content\/uploads\/2023\/11\/Kylah-Corey-Wedding-Previews-18-300x300.jpg 300w, https:\/\/www.visitamalfi.info\/wp-content\/uploads\/2023\/11\/Kylah-Corey-Wedding-Previews-18-510x510.jpg 510w, https:\/\/www.visitamalfi.info\/wp-content\/uploads\/2023\/11\/Kylah-Corey-Wedding-Previews-18-160x160.jpg 160w\" sizes=\"(max-width: 300px) 100vw, 300px\" \/><\/a>\n\t\t\t<\/div><\/figure><figure class='gallery-item'>\n\t\t\t<div class='gallery-icon portrait'>\n\t\t\t\t<a href='https:\/\/www.visitamalfi.info\/wp-content\/uploads\/2023\/11\/LC-799.jpg' data-lightbox=\"gal[13133]\"><img loading=\"lazy\" decoding=\"async\" width=\"300\" height=\"300\" src=\"https:\/\/www.visitamalfi.info\/wp-content\/uploads\/2023\/11\/LC-799-300x300.jpg\" class=\"attachment-thumbnail size-thumbnail\" alt=\"\" srcset=\"https:\/\/www.visitamalfi.info\/wp-content\/uploads\/2023\/11\/LC-799-300x300.jpg 300w, https:\/\/www.visitamalfi.info\/wp-content\/uploads\/2023\/11\/LC-799-510x510.jpg 510w, https:\/\/www.visitamalfi.info\/wp-content\/uploads\/2023\/11\/LC-799-160x160.jpg 160w\" sizes=\"(max-width: 300px) 100vw, 300px\" \/><\/a>\n\t\t\t<\/div><\/figure>\n\t\t<\/div>\n\n<p><span style=\"font-weight: 400;\">Parmi le r\u00e9seau de fournisseurs auquel La Calla fait appel depuis des ann\u00e9es, il ne manque pas d&#8217;artistes floraux sp\u00e9cialis\u00e9s dans les fleurs personnelles (comme les bouquets et les boutonni\u00e8res) et les d\u00e9corations pour la c\u00e9r\u00e9monie et la r\u00e9ception. <\/span><br \/>\n<span style=\"font-weight: 400;\">Les photographes et vid\u00e9astes qui rendront ind\u00e9l\u00e9biles les souvenirs d&#8217;un mariage de r\u00eave \u00e0 Amalfi captureront les \u00e9motions de la mari\u00e9e, du mari\u00e9 et des invit\u00e9s pour cr\u00e9er le souvenir parfait de la journ\u00e9e de mariage (album\/livre de mariage et vid\u00e9o de mariage).<\/span><\/p>\n","protected":false},"excerpt":{"rendered":"<p>La Calla Weddings &amp; Events vous apporte une aide pr\u00e9cieuse dans l&#8217;organisation du plus beau jour de votre vie dans un lieu de r\u00eave avec des vues \u00e0 couper le souffle et des d\u00e9cors romantiques. <\/p>\n","protected":false},"featured_media":13071,"template":"","amw_additional_filters":[],"season":[230,238,244,233],"tipologia_servizio":[1135],"class_list":["post-13133","amw_service","type-amw_service","status-publish","has-post-thumbnail","hentry","season-automne","season-lete","season-lhiver","season-printemps","tipologia_servizio-organisateur-de-mariage"],"yoast_head":"<!-- This site is optimized with the Yoast SEO plugin v27.3 - https:\/\/yoast.com\/product\/yoast-seo-wordpress\/ -->\n<title>La Calla Weddings &amp; Events - Visit Amalfi<\/title>\n<meta name=\"robots\" content=\"index, follow, max-snippet:-1, max-image-preview:large, max-video-preview:-1\" \/>\n<link rel=\"canonical\" href=\"https:\/\/www.visitamalfi.info\/fr\/amw-service\/la-calla-weddings-events\/\" \/>\n<meta property=\"og:locale\" content=\"fr_FR\" \/>\n<meta property=\"og:type\" content=\"article\" \/>\n<meta property=\"og:title\" content=\"La Calla Weddings &amp; Events - Visit Amalfi\" \/>\n<meta property=\"og:description\" content=\"La Calla Weddings &amp; Events vous apporte une aide pr\u00e9cieuse dans l&#039;organisation du plus beau jour de votre vie dans un lieu de r\u00eave avec des vues \u00e0 couper le souffle et des d\u00e9cors romantiques.\" \/>\n<meta property=\"og:url\" content=\"https:\/\/www.visitamalfi.info\/fr\/amw-service\/la-calla-weddings-events\/\" \/>\n<meta property=\"og:site_name\" content=\"Visit Amalfi\" \/>\n<meta property=\"article:publisher\" content=\"https:\/\/www.facebook.com\/visitamalfiofficial\" \/>\n<meta property=\"og:image\" content=\"https:\/\/www.visitamalfi.info\/wp-content\/uploads\/2023\/11\/EmilioMegan-279.jpg\" \/>\n\t<meta property=\"og:image:width\" content=\"512\" \/>\n\t<meta property=\"og:image:height\" content=\"768\" \/>\n\t<meta property=\"og:image:type\" content=\"image\/jpeg\" \/>\n<meta name=\"twitter:card\" content=\"summary_large_image\" \/>\n<meta name=\"twitter:label1\" content=\"Dur\u00e9e de lecture estim\u00e9e\" \/>\n\t<meta name=\"twitter:data1\" content=\"2 minutes\" \/>\n<script type=\"application\/ld+json\" class=\"yoast-schema-graph\">{\"@context\":\"https:\\\/\\\/schema.org\",\"@graph\":[{\"@type\":\"WebPage\",\"@id\":\"https:\\\/\\\/www.visitamalfi.info\\\/fr\\\/amw-service\\\/la-calla-weddings-events\\\/\",\"url\":\"https:\\\/\\\/www.visitamalfi.info\\\/fr\\\/amw-service\\\/la-calla-weddings-events\\\/\",\"name\":\"La Calla Weddings &amp; Events - Visit Amalfi\",\"isPartOf\":{\"@id\":\"https:\\\/\\\/www.visitamalfi.info\\\/fr\\\/#website\"},\"primaryImageOfPage\":{\"@id\":\"https:\\\/\\\/www.visitamalfi.info\\\/fr\\\/amw-service\\\/la-calla-weddings-events\\\/#primaryimage\"},\"image\":{\"@id\":\"https:\\\/\\\/www.visitamalfi.info\\\/fr\\\/amw-service\\\/la-calla-weddings-events\\\/#primaryimage\"},\"thumbnailUrl\":\"https:\\\/\\\/www.visitamalfi.info\\\/wp-content\\\/uploads\\\/2023\\\/11\\\/EmilioMegan-279.jpg\",\"datePublished\":\"2023-11-29T15:14:47+00:00\",\"breadcrumb\":{\"@id\":\"https:\\\/\\\/www.visitamalfi.info\\\/fr\\\/amw-service\\\/la-calla-weddings-events\\\/#breadcrumb\"},\"inLanguage\":\"fr-FR\",\"potentialAction\":[{\"@type\":\"ReadAction\",\"target\":[\"https:\\\/\\\/www.visitamalfi.info\\\/fr\\\/amw-service\\\/la-calla-weddings-events\\\/\"]}]},{\"@type\":\"ImageObject\",\"inLanguage\":\"fr-FR\",\"@id\":\"https:\\\/\\\/www.visitamalfi.info\\\/fr\\\/amw-service\\\/la-calla-weddings-events\\\/#primaryimage\",\"url\":\"https:\\\/\\\/www.visitamalfi.info\\\/wp-content\\\/uploads\\\/2023\\\/11\\\/EmilioMegan-279.jpg\",\"contentUrl\":\"https:\\\/\\\/www.visitamalfi.info\\\/wp-content\\\/uploads\\\/2023\\\/11\\\/EmilioMegan-279.jpg\",\"width\":512,\"height\":768},{\"@type\":\"BreadcrumbList\",\"@id\":\"https:\\\/\\\/www.visitamalfi.info\\\/fr\\\/amw-service\\\/la-calla-weddings-events\\\/#breadcrumb\",\"itemListElement\":[{\"@type\":\"ListItem\",\"position\":1,\"name\":\"Home\",\"item\":\"https:\\\/\\\/www.visitamalfi.info\\\/fr\\\/\"},{\"@type\":\"ListItem\",\"position\":2,\"name\":\"La Calla Weddings &amp; Events\"}]},{\"@type\":\"WebSite\",\"@id\":\"https:\\\/\\\/www.visitamalfi.info\\\/fr\\\/#website\",\"url\":\"https:\\\/\\\/www.visitamalfi.info\\\/fr\\\/\",\"name\":\"Visit Amalfi\",\"description\":\"Amalfi Destination Official Website\",\"publisher\":{\"@id\":\"https:\\\/\\\/www.visitamalfi.info\\\/fr\\\/#organization\"},\"potentialAction\":[{\"@type\":\"SearchAction\",\"target\":{\"@type\":\"EntryPoint\",\"urlTemplate\":\"https:\\\/\\\/www.visitamalfi.info\\\/fr\\\/?s={search_term_string}\"},\"query-input\":{\"@type\":\"PropertyValueSpecification\",\"valueRequired\":true,\"valueName\":\"search_term_string\"}}],\"inLanguage\":\"fr-FR\"},{\"@type\":\"Organization\",\"@id\":\"https:\\\/\\\/www.visitamalfi.info\\\/fr\\\/#organization\",\"name\":\"Visit Amalfi\",\"url\":\"https:\\\/\\\/www.visitamalfi.info\\\/fr\\\/\",\"logo\":{\"@type\":\"ImageObject\",\"inLanguage\":\"fr-FR\",\"@id\":\"https:\\\/\\\/www.visitamalfi.info\\\/fr\\\/#\\\/schema\\\/logo\\\/image\\\/\",\"url\":\"https:\\\/\\\/www.visitamalfi.info\\\/wp-content\\\/uploads\\\/2023\\\/04\\\/visit-amalfi-logo-web.png\",\"contentUrl\":\"https:\\\/\\\/www.visitamalfi.info\\\/wp-content\\\/uploads\\\/2023\\\/04\\\/visit-amalfi-logo-web.png\",\"width\":800,\"height\":870,\"caption\":\"Visit Amalfi\"},\"image\":{\"@id\":\"https:\\\/\\\/www.visitamalfi.info\\\/fr\\\/#\\\/schema\\\/logo\\\/image\\\/\"},\"sameAs\":[\"https:\\\/\\\/www.facebook.com\\\/visitamalfiofficial\",\"https:\\\/\\\/www.instagram.com\\\/visitamalfiofficial\\\/\"]}]}<\/script>\n<!-- \/ Yoast SEO plugin. -->","yoast_head_json":{"title":"La Calla Weddings &amp; Events - Visit Amalfi","robots":{"index":"index","follow":"follow","max-snippet":"max-snippet:-1","max-image-preview":"max-image-preview:large","max-video-preview":"max-video-preview:-1"},"canonical":"https:\/\/www.visitamalfi.info\/fr\/amw-service\/la-calla-weddings-events\/","og_locale":"fr_FR","og_type":"article","og_title":"La Calla Weddings &amp; Events - Visit Amalfi","og_description":"La Calla Weddings &amp; Events vous apporte une aide pr\u00e9cieuse dans l'organisation du plus beau jour de votre vie dans un lieu de r\u00eave avec des vues \u00e0 couper le souffle et des d\u00e9cors romantiques.","og_url":"https:\/\/www.visitamalfi.info\/fr\/amw-service\/la-calla-weddings-events\/","og_site_name":"Visit Amalfi","article_publisher":"https:\/\/www.facebook.com\/visitamalfiofficial","og_image":[{"width":512,"height":768,"url":"https:\/\/www.visitamalfi.info\/wp-content\/uploads\/2023\/11\/EmilioMegan-279.jpg","type":"image\/jpeg"}],"twitter_card":"summary_large_image","twitter_misc":{"Dur\u00e9e de lecture estim\u00e9e":"2 minutes"},"schema":{"@context":"https:\/\/schema.org","@graph":[{"@type":"WebPage","@id":"https:\/\/www.visitamalfi.info\/fr\/amw-service\/la-calla-weddings-events\/","url":"https:\/\/www.visitamalfi.info\/fr\/amw-service\/la-calla-weddings-events\/","name":"La Calla Weddings &amp; Events - Visit Amalfi","isPartOf":{"@id":"https:\/\/www.visitamalfi.info\/fr\/#website"},"primaryImageOfPage":{"@id":"https:\/\/www.visitamalfi.info\/fr\/amw-service\/la-calla-weddings-events\/#primaryimage"},"image":{"@id":"https:\/\/www.visitamalfi.info\/fr\/amw-service\/la-calla-weddings-events\/#primaryimage"},"thumbnailUrl":"https:\/\/www.visitamalfi.info\/wp-content\/uploads\/2023\/11\/EmilioMegan-279.jpg","datePublished":"2023-11-29T15:14:47+00:00","breadcrumb":{"@id":"https:\/\/www.visitamalfi.info\/fr\/amw-service\/la-calla-weddings-events\/#breadcrumb"},"inLanguage":"fr-FR","potentialAction":[{"@type":"ReadAction","target":["https:\/\/www.visitamalfi.info\/fr\/amw-service\/la-calla-weddings-events\/"]}]},{"@type":"ImageObject","inLanguage":"fr-FR","@id":"https:\/\/www.visitamalfi.info\/fr\/amw-service\/la-calla-weddings-events\/#primaryimage","url":"https:\/\/www.visitamalfi.info\/wp-content\/uploads\/2023\/11\/EmilioMegan-279.jpg","contentUrl":"https:\/\/www.visitamalfi.info\/wp-content\/uploads\/2023\/11\/EmilioMegan-279.jpg","width":512,"height":768},{"@type":"BreadcrumbList","@id":"https:\/\/www.visitamalfi.info\/fr\/amw-service\/la-calla-weddings-events\/#breadcrumb","itemListElement":[{"@type":"ListItem","position":1,"name":"Home","item":"https:\/\/www.visitamalfi.info\/fr\/"},{"@type":"ListItem","position":2,"name":"La Calla Weddings &amp; Events"}]},{"@type":"WebSite","@id":"https:\/\/www.visitamalfi.info\/fr\/#website","url":"https:\/\/www.visitamalfi.info\/fr\/","name":"Visit Amalfi","description":"Amalfi Destination Official Website","publisher":{"@id":"https:\/\/www.visitamalfi.info\/fr\/#organization"},"potentialAction":[{"@type":"SearchAction","target":{"@type":"EntryPoint","urlTemplate":"https:\/\/www.visitamalfi.info\/fr\/?s={search_term_string}"},"query-input":{"@type":"PropertyValueSpecification","valueRequired":true,"valueName":"search_term_string"}}],"inLanguage":"fr-FR"},{"@type":"Organization","@id":"https:\/\/www.visitamalfi.info\/fr\/#organization","name":"Visit Amalfi","url":"https:\/\/www.visitamalfi.info\/fr\/","logo":{"@type":"ImageObject","inLanguage":"fr-FR","@id":"https:\/\/www.visitamalfi.info\/fr\/#\/schema\/logo\/image\/","url":"https:\/\/www.visitamalfi.info\/wp-content\/uploads\/2023\/04\/visit-amalfi-logo-web.png","contentUrl":"https:\/\/www.visitamalfi.info\/wp-content\/uploads\/2023\/04\/visit-amalfi-logo-web.png","width":800,"height":870,"caption":"Visit Amalfi"},"image":{"@id":"https:\/\/www.visitamalfi.info\/fr\/#\/schema\/logo\/image\/"},"sameAs":["https:\/\/www.facebook.com\/visitamalfiofficial","https:\/\/www.instagram.com\/visitamalfiofficial\/"]}]}},"_links":{"self":[{"href":"https:\/\/www.visitamalfi.info\/fr\/wp-json\/wp\/v2\/amw_service\/13133","targetHints":{"allow":["GET"]}}],"collection":[{"href":"https:\/\/www.visitamalfi.info\/fr\/wp-json\/wp\/v2\/amw_service"}],"about":[{"href":"https:\/\/www.visitamalfi.info\/fr\/wp-json\/wp\/v2\/types\/amw_service"}],"version-history":[{"count":0,"href":"https:\/\/www.visitamalfi.info\/fr\/wp-json\/wp\/v2\/amw_service\/13133\/revisions"}],"wp:featuredmedia":[{"embeddable":true,"href":"https:\/\/www.visitamalfi.info\/fr\/wp-json\/wp\/v2\/media\/13071"}],"wp:attachment":[{"href":"https:\/\/www.visitamalfi.info\/fr\/wp-json\/wp\/v2\/media?parent=13133"}],"wp:term":[{"taxonomy":"amw_additional_filters","embeddable":true,"href":"https:\/\/www.visitamalfi.info\/fr\/wp-json\/wp\/v2\/amw_additional_filters?post=13133"},{"taxonomy":"season","embeddable":true,"href":"https:\/\/www.visitamalfi.info\/fr\/wp-json\/wp\/v2\/season?post=13133"},{"taxonomy":"tipologia_servizio","embeddable":true,"href":"https:\/\/www.visitamalfi.info\/fr\/wp-json\/wp\/v2\/tipologia_servizio?post=13133"}],"curies":[{"name":"wp","href":"https:\/\/api.w.org\/{rel}","templated":true}]}}