{"id":16202,"date":"2025-09-03T09:35:36","date_gmt":"2025-09-03T07:35:36","guid":{"rendered":"https:\/\/www.visitamalfi.info\/poi\/piazza-duomo\/"},"modified":"2024-07-16T12:38:17","modified_gmt":"2024-07-16T10:38:17","slug":"piazza-duomo","status":"publish","type":"amw_poi","link":"https:\/\/www.visitamalfi.info\/fr\/poi\/piazza-duomo\/","title":{"rendered":"Piazza Duomo"},"content":{"rendered":"<p>Au Moyen \u00c2ge, la Piazza Duomo \u00e9tait l&#8217;une des places les plus importantes du centre urbain, d\u00e9nomm\u00e9e Platea Nova. La Platea a \u00e9t\u00e9 construite dans le dernier quart du XIIIe si\u00e8cle \u00e0 la suite de la couverture de la rivi\u00e8re Canneto. Outre les nombreuses boutiques, la platea Nova accueillait l&#8217;ancienne cath\u00e9drale et, \u00e0 l&#8217;\u00e9poque normande, le Palazzo Pubblico avec l\u2019attenante chapelle de S. Pietro a Curte, remplac\u00e9e plus tard par le S\u00e9minaire archi\u00e9piscopal, fond\u00e9 en 1635 par l&#8217;archev\u00eaque Pichi, et qui se distingue par l&#8217;horloge \u00e0 cadran solaire situ\u00e9 sur la fa\u00e7ade.<\/p>\n<p>Sur le c\u00f4t\u00e9 sud de la place se trouve la fontaine (1760) dite de S. Andrea Apostolo ou del Popolo, restaur\u00e9e en 2018 et situ\u00e9e au pied de l&#8217;escalier &#8220;<em>scalea<\/em>&#8221; monumental de la cath\u00e9drale.<\/p>\n<p>Autour de la place se dressent des b\u00e2timents \u00e0 plusieurs \u00e9tages datant de diff\u00e9rentes \u00e9poques. Derri\u00e8re la fontaine s\u2019\u00e9l\u00e8ve un b\u00e2timent, d\u00e9limit\u00e9 \u00e0 l&#8217;est par la via Mansone I et \u00e0 l&#8217;ouest par la Porta della Marina, construit \u00e0 la fin du Moyen \u00c2ge pour accueillir le si\u00e8ge de l\u2019aristocratie locale. Le m\u00eame b\u00e2timent abritait la cour du \u00ab protontino \u00bb, le chef de la marine amalfitaine qui y conservait la copie originale de la <em>Tabula de Amalpha.<\/em> Avec la fin de l&#8217;inf\u00e9odation du Duch\u00e9 (1583), l\u2019\u00e9difice devint le si\u00e8ge du vice-roi et gouverneur espagnol.<\/p>\n<p>En face de la cath\u00e9drale se dresse un b\u00e2timent ocre jaune aux \u00e9l\u00e9ments d\u00e9coratifs n\u00e9oclassiques, construit vers la fin du XVIIIe si\u00e8cle.<\/p>\n<p>Sur le c\u00f4t\u00e9 est de la place, le long escalier m\u00e8ne \u00e0 l&#8217;atrium de la cath\u00e9drale d\u00e9di\u00e9e \u00e0 Saint Andr\u00e9 l\u2019Ap\u00f4tre. La fa\u00e7ade romane actuelle, r\u00e9alis\u00e9e par les architectes napolitains Enrico Alvino et Guglielmo Raimondi, fut achev\u00e9e en 1891 pour remplacer la fa\u00e7ade baroque qui s&#8217;\u00e9tait effondr\u00e9e en 1861.<\/p>\n<p>Sur la nouvelle fa\u00e7ade furent appliqu\u00e9es les sc\u00e8nes en mosa\u00efque sur des dessins de Domenico Morelli. Le tympan pr\u00e9sente une sc\u00e8ne de l&#8217;Apocalypse de saint Jean, avec le Christ en empereur byzantin tr\u00f4nant entre les symboles des quatre \u00e9vang\u00e9listes et entour\u00e9 des seigneurs de la terre qui lui rendent hommage. Les 12 ap\u00f4tres sont repr\u00e9sent\u00e9s dans le bandeau inf\u00e9rieur, \u00e0 l\u2019int\u00e9rieur de niches archa\u00efques.<\/p>\n<p>En d\u00e9but d&#8217;apr\u00e8s-midi, les rayons du soleil enflamment les mosa\u00efques, donnant naissance \u00e0 des jeux de lumi\u00e8re et de couleur particuliers. Les esquisses des mosa\u00efques peintes par Morelli sont visibles dans la Salle qui lui est d\u00e9di\u00e9e \u00e0 l&#8217;H\u00f4tel de Ville. La fa\u00e7ade a fait l&#8217;objet d&#8217;une longue restauration qui s&#8217;est achev\u00e9e en 2020.<\/p>\n<p>\u00c0 c\u00f4t\u00e9 de la cath\u00e9drale se dresse le clocher, construit entre 1180 et 1276. La base est compos\u00e9e de massifs blocs de pierre carr\u00e9s, tandis que les premier et deuxi\u00e8me \u00e9tages, jusqu&#8217;aux corniches, pr\u00e9sentent des fen\u00eatres \u00e0 meneaux et trilob\u00e9es de style roman, avec des colonnes et des chapiteaux classiques. Le clocher-tour, caract\u00e9ris\u00e9 par des arcs entrelac\u00e9s marqu\u00e9s par une s\u00e9rie de majoliques jaune et vert, montre une influence mauresque \u00e9vidente.<\/p>\n","protected":false},"excerpt":{"rendered":"<p>Au Moyen \u00c2ge, la Piazza Duomo \u00e9tait l&#8217;une des places les plus importantes du centre urbain, d\u00e9nomm\u00e9e Platea Nova. La Platea a \u00e9t\u00e9 construite dans le dernier quart du XIIIe [&hellip;]<\/p>\n","protected":false},"featured_media":15049,"comment_status":"open","ping_status":"closed","template":"","categoria_poi":[1771,1547],"class_list":["post-16202","amw_poi","type-amw_poi","status-publish","has-post-thumbnail","hentry","categoria_poi-amalfi-centre","categoria_poi-cultura-fr"],"yoast_head":"<!-- This site is optimized with the Yoast SEO plugin v27.3 - https:\/\/yoast.com\/product\/yoast-seo-wordpress\/ -->\n<title>Piazza Duomo - Visit Amalfi<\/title>\n<meta name=\"robots\" content=\"index, follow, max-snippet:-1, max-image-preview:large, max-video-preview:-1\" \/>\n<link rel=\"canonical\" href=\"https:\/\/www.visitamalfi.info\/fr\/poi\/piazza-duomo\/\" \/>\n<meta property=\"og:locale\" content=\"fr_FR\" \/>\n<meta property=\"og:type\" content=\"article\" \/>\n<meta property=\"og:title\" content=\"Piazza Duomo - Visit Amalfi\" \/>\n<meta property=\"og:description\" content=\"Au Moyen \u00c2ge, la Piazza Duomo \u00e9tait l&#8217;une des places les plus importantes du centre urbain, d\u00e9nomm\u00e9e Platea Nova. La Platea a \u00e9t\u00e9 construite dans le dernier quart du XIIIe [&hellip;]\" \/>\n<meta property=\"og:url\" content=\"https:\/\/www.visitamalfi.info\/fr\/poi\/piazza-duomo\/\" \/>\n<meta property=\"og:site_name\" content=\"Visit Amalfi\" \/>\n<meta property=\"article:publisher\" content=\"https:\/\/www.facebook.com\/visitamalfiofficial\" \/>\n<meta property=\"og:image\" content=\"https:\/\/www.visitamalfi.info\/wp-content\/uploads\/2024\/03\/DSC03074.jpg\" \/>\n\t<meta property=\"og:image:width\" content=\"1280\" \/>\n\t<meta property=\"og:image:height\" content=\"1920\" \/>\n\t<meta property=\"og:image:type\" content=\"image\/jpeg\" \/>\n<meta name=\"twitter:card\" content=\"summary_large_image\" \/>\n<meta name=\"twitter:label1\" content=\"Dur\u00e9e de lecture estim\u00e9e\" \/>\n\t<meta name=\"twitter:data1\" content=\"3 minutes\" \/>\n<script type=\"application\/ld+json\" class=\"yoast-schema-graph\">{\"@context\":\"https:\\\/\\\/schema.org\",\"@graph\":[{\"@type\":\"WebPage\",\"@id\":\"https:\\\/\\\/www.visitamalfi.info\\\/fr\\\/poi\\\/piazza-duomo\\\/\",\"url\":\"https:\\\/\\\/www.visitamalfi.info\\\/fr\\\/poi\\\/piazza-duomo\\\/\",\"name\":\"Piazza Duomo - Visit Amalfi\",\"isPartOf\":{\"@id\":\"https:\\\/\\\/www.visitamalfi.info\\\/fr\\\/#website\"},\"primaryImageOfPage\":{\"@id\":\"https:\\\/\\\/www.visitamalfi.info\\\/fr\\\/poi\\\/piazza-duomo\\\/#primaryimage\"},\"image\":{\"@id\":\"https:\\\/\\\/www.visitamalfi.info\\\/fr\\\/poi\\\/piazza-duomo\\\/#primaryimage\"},\"thumbnailUrl\":\"https:\\\/\\\/www.visitamalfi.info\\\/wp-content\\\/uploads\\\/2024\\\/03\\\/DSC03074.jpg\",\"datePublished\":\"2025-09-03T07:35:36+00:00\",\"breadcrumb\":{\"@id\":\"https:\\\/\\\/www.visitamalfi.info\\\/fr\\\/poi\\\/piazza-duomo\\\/#breadcrumb\"},\"inLanguage\":\"fr-FR\",\"potentialAction\":[{\"@type\":\"ReadAction\",\"target\":[\"https:\\\/\\\/www.visitamalfi.info\\\/fr\\\/poi\\\/piazza-duomo\\\/\"]}]},{\"@type\":\"ImageObject\",\"inLanguage\":\"fr-FR\",\"@id\":\"https:\\\/\\\/www.visitamalfi.info\\\/fr\\\/poi\\\/piazza-duomo\\\/#primaryimage\",\"url\":\"https:\\\/\\\/www.visitamalfi.info\\\/wp-content\\\/uploads\\\/2024\\\/03\\\/DSC03074.jpg\",\"contentUrl\":\"https:\\\/\\\/www.visitamalfi.info\\\/wp-content\\\/uploads\\\/2024\\\/03\\\/DSC03074.jpg\",\"width\":1280,\"height\":1920,\"caption\":\"Amalfi_ Piazza Duomo\"},{\"@type\":\"BreadcrumbList\",\"@id\":\"https:\\\/\\\/www.visitamalfi.info\\\/fr\\\/poi\\\/piazza-duomo\\\/#breadcrumb\",\"itemListElement\":[{\"@type\":\"ListItem\",\"position\":1,\"name\":\"Home\",\"item\":\"https:\\\/\\\/www.visitamalfi.info\\\/fr\\\/\"},{\"@type\":\"ListItem\",\"position\":2,\"name\":\"Piazza Duomo\"}]},{\"@type\":\"WebSite\",\"@id\":\"https:\\\/\\\/www.visitamalfi.info\\\/fr\\\/#website\",\"url\":\"https:\\\/\\\/www.visitamalfi.info\\\/fr\\\/\",\"name\":\"Visit Amalfi\",\"description\":\"Amalfi Destination Official Website\",\"publisher\":{\"@id\":\"https:\\\/\\\/www.visitamalfi.info\\\/fr\\\/#organization\"},\"potentialAction\":[{\"@type\":\"SearchAction\",\"target\":{\"@type\":\"EntryPoint\",\"urlTemplate\":\"https:\\\/\\\/www.visitamalfi.info\\\/fr\\\/?s={search_term_string}\"},\"query-input\":{\"@type\":\"PropertyValueSpecification\",\"valueRequired\":true,\"valueName\":\"search_term_string\"}}],\"inLanguage\":\"fr-FR\"},{\"@type\":\"Organization\",\"@id\":\"https:\\\/\\\/www.visitamalfi.info\\\/fr\\\/#organization\",\"name\":\"Visit Amalfi\",\"url\":\"https:\\\/\\\/www.visitamalfi.info\\\/fr\\\/\",\"logo\":{\"@type\":\"ImageObject\",\"inLanguage\":\"fr-FR\",\"@id\":\"https:\\\/\\\/www.visitamalfi.info\\\/fr\\\/#\\\/schema\\\/logo\\\/image\\\/\",\"url\":\"https:\\\/\\\/www.visitamalfi.info\\\/wp-content\\\/uploads\\\/2023\\\/04\\\/visit-amalfi-logo-web.png\",\"contentUrl\":\"https:\\\/\\\/www.visitamalfi.info\\\/wp-content\\\/uploads\\\/2023\\\/04\\\/visit-amalfi-logo-web.png\",\"width\":800,\"height\":870,\"caption\":\"Visit Amalfi\"},\"image\":{\"@id\":\"https:\\\/\\\/www.visitamalfi.info\\\/fr\\\/#\\\/schema\\\/logo\\\/image\\\/\"},\"sameAs\":[\"https:\\\/\\\/www.facebook.com\\\/visitamalfiofficial\",\"https:\\\/\\\/www.instagram.com\\\/visitamalfiofficial\\\/\"]}]}<\/script>\n<!-- \/ Yoast SEO plugin. -->","yoast_head_json":{"title":"Piazza Duomo - Visit Amalfi","robots":{"index":"index","follow":"follow","max-snippet":"max-snippet:-1","max-image-preview":"max-image-preview:large","max-video-preview":"max-video-preview:-1"},"canonical":"https:\/\/www.visitamalfi.info\/fr\/poi\/piazza-duomo\/","og_locale":"fr_FR","og_type":"article","og_title":"Piazza Duomo - Visit Amalfi","og_description":"Au Moyen \u00c2ge, la Piazza Duomo \u00e9tait l&#8217;une des places les plus importantes du centre urbain, d\u00e9nomm\u00e9e Platea Nova. La Platea a \u00e9t\u00e9 construite dans le dernier quart du XIIIe [&hellip;]","og_url":"https:\/\/www.visitamalfi.info\/fr\/poi\/piazza-duomo\/","og_site_name":"Visit Amalfi","article_publisher":"https:\/\/www.facebook.com\/visitamalfiofficial","og_image":[{"width":1280,"height":1920,"url":"https:\/\/www.visitamalfi.info\/wp-content\/uploads\/2024\/03\/DSC03074.jpg","type":"image\/jpeg"}],"twitter_card":"summary_large_image","twitter_misc":{"Dur\u00e9e de lecture estim\u00e9e":"3 minutes"},"schema":{"@context":"https:\/\/schema.org","@graph":[{"@type":"WebPage","@id":"https:\/\/www.visitamalfi.info\/fr\/poi\/piazza-duomo\/","url":"https:\/\/www.visitamalfi.info\/fr\/poi\/piazza-duomo\/","name":"Piazza Duomo - Visit Amalfi","isPartOf":{"@id":"https:\/\/www.visitamalfi.info\/fr\/#website"},"primaryImageOfPage":{"@id":"https:\/\/www.visitamalfi.info\/fr\/poi\/piazza-duomo\/#primaryimage"},"image":{"@id":"https:\/\/www.visitamalfi.info\/fr\/poi\/piazza-duomo\/#primaryimage"},"thumbnailUrl":"https:\/\/www.visitamalfi.info\/wp-content\/uploads\/2024\/03\/DSC03074.jpg","datePublished":"2025-09-03T07:35:36+00:00","breadcrumb":{"@id":"https:\/\/www.visitamalfi.info\/fr\/poi\/piazza-duomo\/#breadcrumb"},"inLanguage":"fr-FR","potentialAction":[{"@type":"ReadAction","target":["https:\/\/www.visitamalfi.info\/fr\/poi\/piazza-duomo\/"]}]},{"@type":"ImageObject","inLanguage":"fr-FR","@id":"https:\/\/www.visitamalfi.info\/fr\/poi\/piazza-duomo\/#primaryimage","url":"https:\/\/www.visitamalfi.info\/wp-content\/uploads\/2024\/03\/DSC03074.jpg","contentUrl":"https:\/\/www.visitamalfi.info\/wp-content\/uploads\/2024\/03\/DSC03074.jpg","width":1280,"height":1920,"caption":"Amalfi_ Piazza Duomo"},{"@type":"BreadcrumbList","@id":"https:\/\/www.visitamalfi.info\/fr\/poi\/piazza-duomo\/#breadcrumb","itemListElement":[{"@type":"ListItem","position":1,"name":"Home","item":"https:\/\/www.visitamalfi.info\/fr\/"},{"@type":"ListItem","position":2,"name":"Piazza Duomo"}]},{"@type":"WebSite","@id":"https:\/\/www.visitamalfi.info\/fr\/#website","url":"https:\/\/www.visitamalfi.info\/fr\/","name":"Visit Amalfi","description":"Amalfi Destination Official Website","publisher":{"@id":"https:\/\/www.visitamalfi.info\/fr\/#organization"},"potentialAction":[{"@type":"SearchAction","target":{"@type":"EntryPoint","urlTemplate":"https:\/\/www.visitamalfi.info\/fr\/?s={search_term_string}"},"query-input":{"@type":"PropertyValueSpecification","valueRequired":true,"valueName":"search_term_string"}}],"inLanguage":"fr-FR"},{"@type":"Organization","@id":"https:\/\/www.visitamalfi.info\/fr\/#organization","name":"Visit Amalfi","url":"https:\/\/www.visitamalfi.info\/fr\/","logo":{"@type":"ImageObject","inLanguage":"fr-FR","@id":"https:\/\/www.visitamalfi.info\/fr\/#\/schema\/logo\/image\/","url":"https:\/\/www.visitamalfi.info\/wp-content\/uploads\/2023\/04\/visit-amalfi-logo-web.png","contentUrl":"https:\/\/www.visitamalfi.info\/wp-content\/uploads\/2023\/04\/visit-amalfi-logo-web.png","width":800,"height":870,"caption":"Visit Amalfi"},"image":{"@id":"https:\/\/www.visitamalfi.info\/fr\/#\/schema\/logo\/image\/"},"sameAs":["https:\/\/www.facebook.com\/visitamalfiofficial","https:\/\/www.instagram.com\/visitamalfiofficial\/"]}]}},"_links":{"self":[{"href":"https:\/\/www.visitamalfi.info\/fr\/wp-json\/wp\/v2\/amw_poi\/16202","targetHints":{"allow":["GET"]}}],"collection":[{"href":"https:\/\/www.visitamalfi.info\/fr\/wp-json\/wp\/v2\/amw_poi"}],"about":[{"href":"https:\/\/www.visitamalfi.info\/fr\/wp-json\/wp\/v2\/types\/amw_poi"}],"replies":[{"embeddable":true,"href":"https:\/\/www.visitamalfi.info\/fr\/wp-json\/wp\/v2\/comments?post=16202"}],"version-history":[{"count":1,"href":"https:\/\/www.visitamalfi.info\/fr\/wp-json\/wp\/v2\/amw_poi\/16202\/revisions"}],"predecessor-version":[{"id":19511,"href":"https:\/\/www.visitamalfi.info\/fr\/wp-json\/wp\/v2\/amw_poi\/16202\/revisions\/19511"}],"wp:featuredmedia":[{"embeddable":true,"href":"https:\/\/www.visitamalfi.info\/fr\/wp-json\/wp\/v2\/media\/15049"}],"wp:attachment":[{"href":"https:\/\/www.visitamalfi.info\/fr\/wp-json\/wp\/v2\/media?parent=16202"}],"wp:term":[{"taxonomy":"categoria_poi","embeddable":true,"href":"https:\/\/www.visitamalfi.info\/fr\/wp-json\/wp\/v2\/categoria_poi?post=16202"}],"curies":[{"name":"wp","href":"https:\/\/api.w.org\/{rel}","templated":true}]}}