{"id":16197,"date":"2025-09-03T09:32:16","date_gmt":"2025-09-03T07:32:16","guid":{"rendered":"https:\/\/www.visitamalfi.info\/poi\/phases-du-transfert-des-reliques-de-saint-andre\/"},"modified":"2024-07-16T12:42:53","modified_gmt":"2024-07-16T10:42:53","slug":"phases-du-transfert-des-reliques-de-saint-andre","status":"publish","type":"amw_poi","link":"https:\/\/www.visitamalfi.info\/fr\/poi\/phases-du-transfert-des-reliques-de-saint-andre\/","title":{"rendered":"Phases du Transfert des Reliques de Saint-Andr\u00e9"},"content":{"rendered":"<p>Le 8 mai 1208 est une date tr\u00e8s importante pour les Amalfitains. En effet, c&#8217;est \u00e0 cette date que les reliques de l&#8217;ap\u00f4tre Andr\u00e9, achemin\u00e9es depuis Constantinople vers Amalfi par le cardinal Pietro Capuano, furent d\u00e9pos\u00e9es dans l&#8217;\u00e9glise amalfitaine.<\/p>\n<p>Une flotte compos\u00e9e de neuf gal\u00e8res fut mise en place pour le transport. Apr\u00e8s avoir navigu\u00e9 vers la Syrie, les restes arriv\u00e8rent \u00e0 Gaeta d\u2019o\u00f9 le cardinal les fit transf\u00e9rer dans des coffres scell\u00e9s.<\/p>\n<p>Avant de remettre les reliques aux Amalfitains, le cardinal fit construire \u00e0 ses frais le transept et la crypte de la cath\u00e9drale.<\/p>\n<p>\u00c0 une \u00e9poque o\u00f9 les reliques suscitaient la convoitise de tout un chacun, le cardinal d\u00e9cida de cacher certaines d&#8217;entre elles, dont la t\u00eate de saint Andr\u00e9, dans un endroit peu connu; il confia les autres \u00e0 la v\u00e9n\u00e9ration du public, mais les enterra en profondeur sous le ma\u00eetre-autel.<\/p>\n<p>L&#8217;urne ne fut retrouv\u00e9e que le 2 janvier 1603, lors des travaux de transformation baroque de la crypte, mais elle fut \u00e0 nouveau inhum\u00e9e pour la prot\u00e9ger des incursions barbares.<\/p>\n<p>Dans la nuit du 28 au 29 janvier 1846, durant des travaux de remaniement d\u2019une partie du pavement, l&#8217;urne retrouva la lumi\u00e8re du jour et est depuis expos\u00e9e \u00e0 la v\u00e9n\u00e9ration des fid\u00e8les.<\/p>\n","protected":false},"excerpt":{"rendered":"<p>Le 8 mai 1208 est une date tr\u00e8s importante pour les Amalfitains. En effet, c&#8217;est \u00e0 cette date que les reliques de l&#8217;ap\u00f4tre Andr\u00e9, achemin\u00e9es depuis Constantinople vers Amalfi par [&hellip;]<\/p>\n","protected":false},"featured_media":15169,"comment_status":"open","ping_status":"closed","template":"","categoria_poi":[1771,1547],"class_list":["post-16197","amw_poi","type-amw_poi","status-publish","has-post-thumbnail","hentry","categoria_poi-amalfi-centre","categoria_poi-cultura-fr"],"yoast_head":"<!-- This site is optimized with the Yoast SEO plugin v27.3 - https:\/\/yoast.com\/product\/yoast-seo-wordpress\/ -->\n<title>Phases du Transfert des Reliques de Saint-Andr\u00e9 - Visit Amalfi<\/title>\n<meta name=\"robots\" content=\"index, follow, max-snippet:-1, max-image-preview:large, max-video-preview:-1\" \/>\n<link rel=\"canonical\" href=\"https:\/\/www.visitamalfi.info\/fr\/poi\/phases-du-transfert-des-reliques-de-saint-andre\/\" \/>\n<meta property=\"og:locale\" content=\"fr_FR\" \/>\n<meta property=\"og:type\" content=\"article\" \/>\n<meta property=\"og:title\" content=\"Phases du Transfert des Reliques de Saint-Andr\u00e9 - Visit Amalfi\" \/>\n<meta property=\"og:description\" content=\"Le 8 mai 1208 est une date tr\u00e8s importante pour les Amalfitains. En effet, c&#8217;est \u00e0 cette date que les reliques de l&#8217;ap\u00f4tre Andr\u00e9, achemin\u00e9es depuis Constantinople vers Amalfi par [&hellip;]\" \/>\n<meta property=\"og:url\" content=\"https:\/\/www.visitamalfi.info\/fr\/poi\/phases-du-transfert-des-reliques-de-saint-andre\/\" \/>\n<meta property=\"og:site_name\" content=\"Visit Amalfi\" \/>\n<meta property=\"article:publisher\" content=\"https:\/\/www.facebook.com\/visitamalfiofficial\" \/>\n<meta property=\"og:image\" content=\"https:\/\/www.visitamalfi.info\/wp-content\/uploads\/2024\/03\/TRASLAZIONE-RELIQUIE-S.-ANDREA-CON-E-SENZA-MODELLI-M.ABBAGNARA-5.jpg\" \/>\n\t<meta property=\"og:image:width\" content=\"1920\" \/>\n\t<meta property=\"og:image:height\" content=\"1280\" \/>\n\t<meta property=\"og:image:type\" content=\"image\/jpeg\" \/>\n<meta name=\"twitter:card\" content=\"summary_large_image\" \/>\n<meta name=\"twitter:label1\" content=\"Dur\u00e9e de lecture estim\u00e9e\" \/>\n\t<meta name=\"twitter:data1\" content=\"2 minutes\" \/>\n<script type=\"application\/ld+json\" class=\"yoast-schema-graph\">{\"@context\":\"https:\\\/\\\/schema.org\",\"@graph\":[{\"@type\":\"WebPage\",\"@id\":\"https:\\\/\\\/www.visitamalfi.info\\\/fr\\\/poi\\\/phases-du-transfert-des-reliques-de-saint-andre\\\/\",\"url\":\"https:\\\/\\\/www.visitamalfi.info\\\/fr\\\/poi\\\/phases-du-transfert-des-reliques-de-saint-andre\\\/\",\"name\":\"Phases du Transfert des Reliques de Saint-Andr\u00e9 - Visit Amalfi\",\"isPartOf\":{\"@id\":\"https:\\\/\\\/www.visitamalfi.info\\\/fr\\\/#website\"},\"primaryImageOfPage\":{\"@id\":\"https:\\\/\\\/www.visitamalfi.info\\\/fr\\\/poi\\\/phases-du-transfert-des-reliques-de-saint-andre\\\/#primaryimage\"},\"image\":{\"@id\":\"https:\\\/\\\/www.visitamalfi.info\\\/fr\\\/poi\\\/phases-du-transfert-des-reliques-de-saint-andre\\\/#primaryimage\"},\"thumbnailUrl\":\"https:\\\/\\\/www.visitamalfi.info\\\/wp-content\\\/uploads\\\/2024\\\/03\\\/TRASLAZIONE-RELIQUIE-S.-ANDREA-CON-E-SENZA-MODELLI-M.ABBAGNARA-5.jpg\",\"datePublished\":\"2025-09-03T07:32:16+00:00\",\"breadcrumb\":{\"@id\":\"https:\\\/\\\/www.visitamalfi.info\\\/fr\\\/poi\\\/phases-du-transfert-des-reliques-de-saint-andre\\\/#breadcrumb\"},\"inLanguage\":\"fr-FR\",\"potentialAction\":[{\"@type\":\"ReadAction\",\"target\":[\"https:\\\/\\\/www.visitamalfi.info\\\/fr\\\/poi\\\/phases-du-transfert-des-reliques-de-saint-andre\\\/\"]}]},{\"@type\":\"ImageObject\",\"inLanguage\":\"fr-FR\",\"@id\":\"https:\\\/\\\/www.visitamalfi.info\\\/fr\\\/poi\\\/phases-du-transfert-des-reliques-de-saint-andre\\\/#primaryimage\",\"url\":\"https:\\\/\\\/www.visitamalfi.info\\\/wp-content\\\/uploads\\\/2024\\\/03\\\/TRASLAZIONE-RELIQUIE-S.-ANDREA-CON-E-SENZA-MODELLI-M.ABBAGNARA-5.jpg\",\"contentUrl\":\"https:\\\/\\\/www.visitamalfi.info\\\/wp-content\\\/uploads\\\/2024\\\/03\\\/TRASLAZIONE-RELIQUIE-S.-ANDREA-CON-E-SENZA-MODELLI-M.ABBAGNARA-5.jpg\",\"width\":1920,\"height\":1280,\"caption\":\"A\"},{\"@type\":\"BreadcrumbList\",\"@id\":\"https:\\\/\\\/www.visitamalfi.info\\\/fr\\\/poi\\\/phases-du-transfert-des-reliques-de-saint-andre\\\/#breadcrumb\",\"itemListElement\":[{\"@type\":\"ListItem\",\"position\":1,\"name\":\"Home\",\"item\":\"https:\\\/\\\/www.visitamalfi.info\\\/fr\\\/\"},{\"@type\":\"ListItem\",\"position\":2,\"name\":\"Phases du Transfert des Reliques de Saint-Andr\u00e9\"}]},{\"@type\":\"WebSite\",\"@id\":\"https:\\\/\\\/www.visitamalfi.info\\\/fr\\\/#website\",\"url\":\"https:\\\/\\\/www.visitamalfi.info\\\/fr\\\/\",\"name\":\"Visit Amalfi\",\"description\":\"Amalfi Destination Official Website\",\"publisher\":{\"@id\":\"https:\\\/\\\/www.visitamalfi.info\\\/fr\\\/#organization\"},\"potentialAction\":[{\"@type\":\"SearchAction\",\"target\":{\"@type\":\"EntryPoint\",\"urlTemplate\":\"https:\\\/\\\/www.visitamalfi.info\\\/fr\\\/?s={search_term_string}\"},\"query-input\":{\"@type\":\"PropertyValueSpecification\",\"valueRequired\":true,\"valueName\":\"search_term_string\"}}],\"inLanguage\":\"fr-FR\"},{\"@type\":\"Organization\",\"@id\":\"https:\\\/\\\/www.visitamalfi.info\\\/fr\\\/#organization\",\"name\":\"Visit Amalfi\",\"url\":\"https:\\\/\\\/www.visitamalfi.info\\\/fr\\\/\",\"logo\":{\"@type\":\"ImageObject\",\"inLanguage\":\"fr-FR\",\"@id\":\"https:\\\/\\\/www.visitamalfi.info\\\/fr\\\/#\\\/schema\\\/logo\\\/image\\\/\",\"url\":\"https:\\\/\\\/www.visitamalfi.info\\\/wp-content\\\/uploads\\\/2023\\\/04\\\/visit-amalfi-logo-web.png\",\"contentUrl\":\"https:\\\/\\\/www.visitamalfi.info\\\/wp-content\\\/uploads\\\/2023\\\/04\\\/visit-amalfi-logo-web.png\",\"width\":800,\"height\":870,\"caption\":\"Visit Amalfi\"},\"image\":{\"@id\":\"https:\\\/\\\/www.visitamalfi.info\\\/fr\\\/#\\\/schema\\\/logo\\\/image\\\/\"},\"sameAs\":[\"https:\\\/\\\/www.facebook.com\\\/visitamalfiofficial\",\"https:\\\/\\\/www.instagram.com\\\/visitamalfiofficial\\\/\"]}]}<\/script>\n<!-- \/ Yoast SEO plugin. -->","yoast_head_json":{"title":"Phases du Transfert des Reliques de Saint-Andr\u00e9 - Visit Amalfi","robots":{"index":"index","follow":"follow","max-snippet":"max-snippet:-1","max-image-preview":"max-image-preview:large","max-video-preview":"max-video-preview:-1"},"canonical":"https:\/\/www.visitamalfi.info\/fr\/poi\/phases-du-transfert-des-reliques-de-saint-andre\/","og_locale":"fr_FR","og_type":"article","og_title":"Phases du Transfert des Reliques de Saint-Andr\u00e9 - Visit Amalfi","og_description":"Le 8 mai 1208 est une date tr\u00e8s importante pour les Amalfitains. En effet, c&#8217;est \u00e0 cette date que les reliques de l&#8217;ap\u00f4tre Andr\u00e9, achemin\u00e9es depuis Constantinople vers Amalfi par [&hellip;]","og_url":"https:\/\/www.visitamalfi.info\/fr\/poi\/phases-du-transfert-des-reliques-de-saint-andre\/","og_site_name":"Visit Amalfi","article_publisher":"https:\/\/www.facebook.com\/visitamalfiofficial","og_image":[{"width":1920,"height":1280,"url":"https:\/\/www.visitamalfi.info\/wp-content\/uploads\/2024\/03\/TRASLAZIONE-RELIQUIE-S.-ANDREA-CON-E-SENZA-MODELLI-M.ABBAGNARA-5.jpg","type":"image\/jpeg"}],"twitter_card":"summary_large_image","twitter_misc":{"Dur\u00e9e de lecture estim\u00e9e":"2 minutes"},"schema":{"@context":"https:\/\/schema.org","@graph":[{"@type":"WebPage","@id":"https:\/\/www.visitamalfi.info\/fr\/poi\/phases-du-transfert-des-reliques-de-saint-andre\/","url":"https:\/\/www.visitamalfi.info\/fr\/poi\/phases-du-transfert-des-reliques-de-saint-andre\/","name":"Phases du Transfert des Reliques de Saint-Andr\u00e9 - Visit Amalfi","isPartOf":{"@id":"https:\/\/www.visitamalfi.info\/fr\/#website"},"primaryImageOfPage":{"@id":"https:\/\/www.visitamalfi.info\/fr\/poi\/phases-du-transfert-des-reliques-de-saint-andre\/#primaryimage"},"image":{"@id":"https:\/\/www.visitamalfi.info\/fr\/poi\/phases-du-transfert-des-reliques-de-saint-andre\/#primaryimage"},"thumbnailUrl":"https:\/\/www.visitamalfi.info\/wp-content\/uploads\/2024\/03\/TRASLAZIONE-RELIQUIE-S.-ANDREA-CON-E-SENZA-MODELLI-M.ABBAGNARA-5.jpg","datePublished":"2025-09-03T07:32:16+00:00","breadcrumb":{"@id":"https:\/\/www.visitamalfi.info\/fr\/poi\/phases-du-transfert-des-reliques-de-saint-andre\/#breadcrumb"},"inLanguage":"fr-FR","potentialAction":[{"@type":"ReadAction","target":["https:\/\/www.visitamalfi.info\/fr\/poi\/phases-du-transfert-des-reliques-de-saint-andre\/"]}]},{"@type":"ImageObject","inLanguage":"fr-FR","@id":"https:\/\/www.visitamalfi.info\/fr\/poi\/phases-du-transfert-des-reliques-de-saint-andre\/#primaryimage","url":"https:\/\/www.visitamalfi.info\/wp-content\/uploads\/2024\/03\/TRASLAZIONE-RELIQUIE-S.-ANDREA-CON-E-SENZA-MODELLI-M.ABBAGNARA-5.jpg","contentUrl":"https:\/\/www.visitamalfi.info\/wp-content\/uploads\/2024\/03\/TRASLAZIONE-RELIQUIE-S.-ANDREA-CON-E-SENZA-MODELLI-M.ABBAGNARA-5.jpg","width":1920,"height":1280,"caption":"A"},{"@type":"BreadcrumbList","@id":"https:\/\/www.visitamalfi.info\/fr\/poi\/phases-du-transfert-des-reliques-de-saint-andre\/#breadcrumb","itemListElement":[{"@type":"ListItem","position":1,"name":"Home","item":"https:\/\/www.visitamalfi.info\/fr\/"},{"@type":"ListItem","position":2,"name":"Phases du Transfert des Reliques de Saint-Andr\u00e9"}]},{"@type":"WebSite","@id":"https:\/\/www.visitamalfi.info\/fr\/#website","url":"https:\/\/www.visitamalfi.info\/fr\/","name":"Visit Amalfi","description":"Amalfi Destination Official Website","publisher":{"@id":"https:\/\/www.visitamalfi.info\/fr\/#organization"},"potentialAction":[{"@type":"SearchAction","target":{"@type":"EntryPoint","urlTemplate":"https:\/\/www.visitamalfi.info\/fr\/?s={search_term_string}"},"query-input":{"@type":"PropertyValueSpecification","valueRequired":true,"valueName":"search_term_string"}}],"inLanguage":"fr-FR"},{"@type":"Organization","@id":"https:\/\/www.visitamalfi.info\/fr\/#organization","name":"Visit Amalfi","url":"https:\/\/www.visitamalfi.info\/fr\/","logo":{"@type":"ImageObject","inLanguage":"fr-FR","@id":"https:\/\/www.visitamalfi.info\/fr\/#\/schema\/logo\/image\/","url":"https:\/\/www.visitamalfi.info\/wp-content\/uploads\/2023\/04\/visit-amalfi-logo-web.png","contentUrl":"https:\/\/www.visitamalfi.info\/wp-content\/uploads\/2023\/04\/visit-amalfi-logo-web.png","width":800,"height":870,"caption":"Visit Amalfi"},"image":{"@id":"https:\/\/www.visitamalfi.info\/fr\/#\/schema\/logo\/image\/"},"sameAs":["https:\/\/www.facebook.com\/visitamalfiofficial","https:\/\/www.instagram.com\/visitamalfiofficial\/"]}]}},"_links":{"self":[{"href":"https:\/\/www.visitamalfi.info\/fr\/wp-json\/wp\/v2\/amw_poi\/16197","targetHints":{"allow":["GET"]}}],"collection":[{"href":"https:\/\/www.visitamalfi.info\/fr\/wp-json\/wp\/v2\/amw_poi"}],"about":[{"href":"https:\/\/www.visitamalfi.info\/fr\/wp-json\/wp\/v2\/types\/amw_poi"}],"replies":[{"embeddable":true,"href":"https:\/\/www.visitamalfi.info\/fr\/wp-json\/wp\/v2\/comments?post=16197"}],"version-history":[{"count":1,"href":"https:\/\/www.visitamalfi.info\/fr\/wp-json\/wp\/v2\/amw_poi\/16197\/revisions"}],"predecessor-version":[{"id":19531,"href":"https:\/\/www.visitamalfi.info\/fr\/wp-json\/wp\/v2\/amw_poi\/16197\/revisions\/19531"}],"wp:featuredmedia":[{"embeddable":true,"href":"https:\/\/www.visitamalfi.info\/fr\/wp-json\/wp\/v2\/media\/15169"}],"wp:attachment":[{"href":"https:\/\/www.visitamalfi.info\/fr\/wp-json\/wp\/v2\/media?parent=16197"}],"wp:term":[{"taxonomy":"categoria_poi","embeddable":true,"href":"https:\/\/www.visitamalfi.info\/fr\/wp-json\/wp\/v2\/categoria_poi?post=16197"}],"curies":[{"name":"wp","href":"https:\/\/api.w.org\/{rel}","templated":true}]}}