{"id":16188,"date":"2025-09-03T09:42:43","date_gmt":"2025-09-03T07:42:43","guid":{"rendered":"https:\/\/www.visitamalfi.info\/poi\/fontana-de-cape-e-ciucci\/"},"modified":"2024-07-16T12:17:13","modified_gmt":"2024-07-16T10:17:13","slug":"fontana-de-cape-e-ciucci","status":"publish","type":"amw_poi","link":"https:\/\/www.visitamalfi.info\/fr\/poi\/fontana-de-cape-e-ciucci\/","title":{"rendered":"Fontana De Cape \u2018e Ciucci"},"content":{"rendered":"<p>La fontaine <em>De Cape &#8216;e Ciucci<\/em> date du XVIIIe si\u00e8cle. Il s&#8217;agit d&#8217;un remarquable mobilier urbain en pierre pr\u00e9sentant deux visages humains sculpt\u00e9s dans le marbre.<\/p>\n<p>Son nom rappelle la tradition de l&#8217;abreuvement des \u00e2nes, les soi-disant <em>ciucci<\/em>, qui descendaient du village de Pogerola avec d\u00e9chargement de fruits, de l\u00e9gumes et de bois; il pourrait \u00e9galement d\u00e9river d&#8217;un masque qui y \u00e9tait repr\u00e9sent\u00e9 autrefois. Au XVIIIe si\u00e8cle, elle \u00e9tait probablement appel\u00e9e \u00ab fontaine de Santa Maria delle Grazie \u00bb.<\/p>\n<p>Depuis 1974, une cr\u00e8che caract\u00e9ristique est am\u00e9nag\u00e9e dans la fontaine avec des pierres de calcaire et de tuf provenant de la Valle dei Mulini et model\u00e9es par les eaux fluviales. Les santons repr\u00e9sentent les personnages de la cr\u00e8che et la plupart sont immerg\u00e9s dans l&#8217;eau de la fontaine. On doit la conception de la cr\u00e8che aux Amalfitains Giuseppe Buonocore, Vincenzo Livano et Nicola Pepe. Aujourd&#8217;hui, la famille Infante se charge de l&#8217;installation et de la conservation de la pr\u00e9cieuse cr\u00e8che.<\/p>\n","protected":false},"excerpt":{"rendered":"<p>La fontaine De Cape &#8216;e Ciucci date du XVIIIe si\u00e8cle. Il s&#8217;agit d&#8217;un remarquable mobilier urbain en pierre pr\u00e9sentant deux visages humains sculpt\u00e9s dans le marbre. Son nom rappelle la [&hellip;]<\/p>\n","protected":false},"featured_media":15392,"comment_status":"open","ping_status":"closed","template":"","categoria_poi":[1771,1547],"class_list":["post-16188","amw_poi","type-amw_poi","status-publish","has-post-thumbnail","hentry","categoria_poi-amalfi-centre","categoria_poi-cultura-fr"],"yoast_head":"<!-- This site is optimized with the Yoast SEO plugin v27.3 - https:\/\/yoast.com\/product\/yoast-seo-wordpress\/ -->\n<title>Fontana De Cape \u2018e Ciucci - Visit Amalfi<\/title>\n<meta name=\"robots\" content=\"index, follow, max-snippet:-1, max-image-preview:large, max-video-preview:-1\" \/>\n<link rel=\"canonical\" href=\"https:\/\/www.visitamalfi.info\/fr\/poi\/fontana-de-cape-e-ciucci\/\" \/>\n<meta property=\"og:locale\" content=\"fr_FR\" \/>\n<meta property=\"og:type\" content=\"article\" \/>\n<meta property=\"og:title\" content=\"Fontana De Cape \u2018e Ciucci - Visit Amalfi\" \/>\n<meta property=\"og:description\" content=\"La fontaine De Cape &#8216;e Ciucci date du XVIIIe si\u00e8cle. Il s&#8217;agit d&#8217;un remarquable mobilier urbain en pierre pr\u00e9sentant deux visages humains sculpt\u00e9s dans le marbre. Son nom rappelle la [&hellip;]\" \/>\n<meta property=\"og:url\" content=\"https:\/\/www.visitamalfi.info\/fr\/poi\/fontana-de-cape-e-ciucci\/\" \/>\n<meta property=\"og:site_name\" content=\"Visit Amalfi\" \/>\n<meta property=\"article:publisher\" content=\"https:\/\/www.facebook.com\/visitamalfiofficial\" \/>\n<meta property=\"og:image\" content=\"https:\/\/www.visitamalfi.info\/wp-content\/uploads\/2024\/03\/FONTANA-DE-CAPE_-E-CIUCCI-SENZA-MODELLI-M.ABBAGNARA-7.jpg\" \/>\n\t<meta property=\"og:image:width\" content=\"1920\" \/>\n\t<meta property=\"og:image:height\" content=\"1280\" \/>\n\t<meta property=\"og:image:type\" content=\"image\/jpeg\" \/>\n<meta name=\"twitter:card\" content=\"summary_large_image\" \/>\n<meta name=\"twitter:label1\" content=\"Dur\u00e9e de lecture estim\u00e9e\" \/>\n\t<meta name=\"twitter:data1\" content=\"2 minutes\" \/>\n<script type=\"application\/ld+json\" class=\"yoast-schema-graph\">{\"@context\":\"https:\\\/\\\/schema.org\",\"@graph\":[{\"@type\":\"WebPage\",\"@id\":\"https:\\\/\\\/www.visitamalfi.info\\\/fr\\\/poi\\\/fontana-de-cape-e-ciucci\\\/\",\"url\":\"https:\\\/\\\/www.visitamalfi.info\\\/fr\\\/poi\\\/fontana-de-cape-e-ciucci\\\/\",\"name\":\"Fontana De Cape \u2018e Ciucci - Visit Amalfi\",\"isPartOf\":{\"@id\":\"https:\\\/\\\/www.visitamalfi.info\\\/fr\\\/#website\"},\"primaryImageOfPage\":{\"@id\":\"https:\\\/\\\/www.visitamalfi.info\\\/fr\\\/poi\\\/fontana-de-cape-e-ciucci\\\/#primaryimage\"},\"image\":{\"@id\":\"https:\\\/\\\/www.visitamalfi.info\\\/fr\\\/poi\\\/fontana-de-cape-e-ciucci\\\/#primaryimage\"},\"thumbnailUrl\":\"https:\\\/\\\/www.visitamalfi.info\\\/wp-content\\\/uploads\\\/2024\\\/03\\\/FONTANA-DE-CAPE_-E-CIUCCI-SENZA-MODELLI-M.ABBAGNARA-7.jpg\",\"datePublished\":\"2025-09-03T07:42:43+00:00\",\"breadcrumb\":{\"@id\":\"https:\\\/\\\/www.visitamalfi.info\\\/fr\\\/poi\\\/fontana-de-cape-e-ciucci\\\/#breadcrumb\"},\"inLanguage\":\"fr-FR\",\"potentialAction\":[{\"@type\":\"ReadAction\",\"target\":[\"https:\\\/\\\/www.visitamalfi.info\\\/fr\\\/poi\\\/fontana-de-cape-e-ciucci\\\/\"]}]},{\"@type\":\"ImageObject\",\"inLanguage\":\"fr-FR\",\"@id\":\"https:\\\/\\\/www.visitamalfi.info\\\/fr\\\/poi\\\/fontana-de-cape-e-ciucci\\\/#primaryimage\",\"url\":\"https:\\\/\\\/www.visitamalfi.info\\\/wp-content\\\/uploads\\\/2024\\\/03\\\/FONTANA-DE-CAPE_-E-CIUCCI-SENZA-MODELLI-M.ABBAGNARA-7.jpg\",\"contentUrl\":\"https:\\\/\\\/www.visitamalfi.info\\\/wp-content\\\/uploads\\\/2024\\\/03\\\/FONTANA-DE-CAPE_-E-CIUCCI-SENZA-MODELLI-M.ABBAGNARA-7.jpg\",\"width\":1920,\"height\":1280,\"caption\":\"Amalfi_Fontana De Cape \u2018e Ciucci\"},{\"@type\":\"BreadcrumbList\",\"@id\":\"https:\\\/\\\/www.visitamalfi.info\\\/fr\\\/poi\\\/fontana-de-cape-e-ciucci\\\/#breadcrumb\",\"itemListElement\":[{\"@type\":\"ListItem\",\"position\":1,\"name\":\"Home\",\"item\":\"https:\\\/\\\/www.visitamalfi.info\\\/fr\\\/\"},{\"@type\":\"ListItem\",\"position\":2,\"name\":\"Fontana De Cape \u2018e Ciucci\"}]},{\"@type\":\"WebSite\",\"@id\":\"https:\\\/\\\/www.visitamalfi.info\\\/fr\\\/#website\",\"url\":\"https:\\\/\\\/www.visitamalfi.info\\\/fr\\\/\",\"name\":\"Visit Amalfi\",\"description\":\"Amalfi Destination Official Website\",\"publisher\":{\"@id\":\"https:\\\/\\\/www.visitamalfi.info\\\/fr\\\/#organization\"},\"potentialAction\":[{\"@type\":\"SearchAction\",\"target\":{\"@type\":\"EntryPoint\",\"urlTemplate\":\"https:\\\/\\\/www.visitamalfi.info\\\/fr\\\/?s={search_term_string}\"},\"query-input\":{\"@type\":\"PropertyValueSpecification\",\"valueRequired\":true,\"valueName\":\"search_term_string\"}}],\"inLanguage\":\"fr-FR\"},{\"@type\":\"Organization\",\"@id\":\"https:\\\/\\\/www.visitamalfi.info\\\/fr\\\/#organization\",\"name\":\"Visit Amalfi\",\"url\":\"https:\\\/\\\/www.visitamalfi.info\\\/fr\\\/\",\"logo\":{\"@type\":\"ImageObject\",\"inLanguage\":\"fr-FR\",\"@id\":\"https:\\\/\\\/www.visitamalfi.info\\\/fr\\\/#\\\/schema\\\/logo\\\/image\\\/\",\"url\":\"https:\\\/\\\/www.visitamalfi.info\\\/wp-content\\\/uploads\\\/2023\\\/04\\\/visit-amalfi-logo-web.png\",\"contentUrl\":\"https:\\\/\\\/www.visitamalfi.info\\\/wp-content\\\/uploads\\\/2023\\\/04\\\/visit-amalfi-logo-web.png\",\"width\":800,\"height\":870,\"caption\":\"Visit Amalfi\"},\"image\":{\"@id\":\"https:\\\/\\\/www.visitamalfi.info\\\/fr\\\/#\\\/schema\\\/logo\\\/image\\\/\"},\"sameAs\":[\"https:\\\/\\\/www.facebook.com\\\/visitamalfiofficial\",\"https:\\\/\\\/www.instagram.com\\\/visitamalfiofficial\\\/\"]}]}<\/script>\n<!-- \/ Yoast SEO plugin. -->","yoast_head_json":{"title":"Fontana De Cape \u2018e Ciucci - Visit Amalfi","robots":{"index":"index","follow":"follow","max-snippet":"max-snippet:-1","max-image-preview":"max-image-preview:large","max-video-preview":"max-video-preview:-1"},"canonical":"https:\/\/www.visitamalfi.info\/fr\/poi\/fontana-de-cape-e-ciucci\/","og_locale":"fr_FR","og_type":"article","og_title":"Fontana De Cape \u2018e Ciucci - Visit Amalfi","og_description":"La fontaine De Cape &#8216;e Ciucci date du XVIIIe si\u00e8cle. Il s&#8217;agit d&#8217;un remarquable mobilier urbain en pierre pr\u00e9sentant deux visages humains sculpt\u00e9s dans le marbre. Son nom rappelle la [&hellip;]","og_url":"https:\/\/www.visitamalfi.info\/fr\/poi\/fontana-de-cape-e-ciucci\/","og_site_name":"Visit Amalfi","article_publisher":"https:\/\/www.facebook.com\/visitamalfiofficial","og_image":[{"width":1920,"height":1280,"url":"https:\/\/www.visitamalfi.info\/wp-content\/uploads\/2024\/03\/FONTANA-DE-CAPE_-E-CIUCCI-SENZA-MODELLI-M.ABBAGNARA-7.jpg","type":"image\/jpeg"}],"twitter_card":"summary_large_image","twitter_misc":{"Dur\u00e9e de lecture estim\u00e9e":"2 minutes"},"schema":{"@context":"https:\/\/schema.org","@graph":[{"@type":"WebPage","@id":"https:\/\/www.visitamalfi.info\/fr\/poi\/fontana-de-cape-e-ciucci\/","url":"https:\/\/www.visitamalfi.info\/fr\/poi\/fontana-de-cape-e-ciucci\/","name":"Fontana De Cape \u2018e Ciucci - Visit Amalfi","isPartOf":{"@id":"https:\/\/www.visitamalfi.info\/fr\/#website"},"primaryImageOfPage":{"@id":"https:\/\/www.visitamalfi.info\/fr\/poi\/fontana-de-cape-e-ciucci\/#primaryimage"},"image":{"@id":"https:\/\/www.visitamalfi.info\/fr\/poi\/fontana-de-cape-e-ciucci\/#primaryimage"},"thumbnailUrl":"https:\/\/www.visitamalfi.info\/wp-content\/uploads\/2024\/03\/FONTANA-DE-CAPE_-E-CIUCCI-SENZA-MODELLI-M.ABBAGNARA-7.jpg","datePublished":"2025-09-03T07:42:43+00:00","breadcrumb":{"@id":"https:\/\/www.visitamalfi.info\/fr\/poi\/fontana-de-cape-e-ciucci\/#breadcrumb"},"inLanguage":"fr-FR","potentialAction":[{"@type":"ReadAction","target":["https:\/\/www.visitamalfi.info\/fr\/poi\/fontana-de-cape-e-ciucci\/"]}]},{"@type":"ImageObject","inLanguage":"fr-FR","@id":"https:\/\/www.visitamalfi.info\/fr\/poi\/fontana-de-cape-e-ciucci\/#primaryimage","url":"https:\/\/www.visitamalfi.info\/wp-content\/uploads\/2024\/03\/FONTANA-DE-CAPE_-E-CIUCCI-SENZA-MODELLI-M.ABBAGNARA-7.jpg","contentUrl":"https:\/\/www.visitamalfi.info\/wp-content\/uploads\/2024\/03\/FONTANA-DE-CAPE_-E-CIUCCI-SENZA-MODELLI-M.ABBAGNARA-7.jpg","width":1920,"height":1280,"caption":"Amalfi_Fontana De Cape \u2018e Ciucci"},{"@type":"BreadcrumbList","@id":"https:\/\/www.visitamalfi.info\/fr\/poi\/fontana-de-cape-e-ciucci\/#breadcrumb","itemListElement":[{"@type":"ListItem","position":1,"name":"Home","item":"https:\/\/www.visitamalfi.info\/fr\/"},{"@type":"ListItem","position":2,"name":"Fontana De Cape \u2018e Ciucci"}]},{"@type":"WebSite","@id":"https:\/\/www.visitamalfi.info\/fr\/#website","url":"https:\/\/www.visitamalfi.info\/fr\/","name":"Visit Amalfi","description":"Amalfi Destination Official Website","publisher":{"@id":"https:\/\/www.visitamalfi.info\/fr\/#organization"},"potentialAction":[{"@type":"SearchAction","target":{"@type":"EntryPoint","urlTemplate":"https:\/\/www.visitamalfi.info\/fr\/?s={search_term_string}"},"query-input":{"@type":"PropertyValueSpecification","valueRequired":true,"valueName":"search_term_string"}}],"inLanguage":"fr-FR"},{"@type":"Organization","@id":"https:\/\/www.visitamalfi.info\/fr\/#organization","name":"Visit Amalfi","url":"https:\/\/www.visitamalfi.info\/fr\/","logo":{"@type":"ImageObject","inLanguage":"fr-FR","@id":"https:\/\/www.visitamalfi.info\/fr\/#\/schema\/logo\/image\/","url":"https:\/\/www.visitamalfi.info\/wp-content\/uploads\/2023\/04\/visit-amalfi-logo-web.png","contentUrl":"https:\/\/www.visitamalfi.info\/wp-content\/uploads\/2023\/04\/visit-amalfi-logo-web.png","width":800,"height":870,"caption":"Visit Amalfi"},"image":{"@id":"https:\/\/www.visitamalfi.info\/fr\/#\/schema\/logo\/image\/"},"sameAs":["https:\/\/www.facebook.com\/visitamalfiofficial","https:\/\/www.instagram.com\/visitamalfiofficial\/"]}]}},"_links":{"self":[{"href":"https:\/\/www.visitamalfi.info\/fr\/wp-json\/wp\/v2\/amw_poi\/16188","targetHints":{"allow":["GET"]}}],"collection":[{"href":"https:\/\/www.visitamalfi.info\/fr\/wp-json\/wp\/v2\/amw_poi"}],"about":[{"href":"https:\/\/www.visitamalfi.info\/fr\/wp-json\/wp\/v2\/types\/amw_poi"}],"replies":[{"embeddable":true,"href":"https:\/\/www.visitamalfi.info\/fr\/wp-json\/wp\/v2\/comments?post=16188"}],"version-history":[{"count":1,"href":"https:\/\/www.visitamalfi.info\/fr\/wp-json\/wp\/v2\/amw_poi\/16188\/revisions"}],"predecessor-version":[{"id":19437,"href":"https:\/\/www.visitamalfi.info\/fr\/wp-json\/wp\/v2\/amw_poi\/16188\/revisions\/19437"}],"wp:featuredmedia":[{"embeddable":true,"href":"https:\/\/www.visitamalfi.info\/fr\/wp-json\/wp\/v2\/media\/15392"}],"wp:attachment":[{"href":"https:\/\/www.visitamalfi.info\/fr\/wp-json\/wp\/v2\/media?parent=16188"}],"wp:term":[{"taxonomy":"categoria_poi","embeddable":true,"href":"https:\/\/www.visitamalfi.info\/fr\/wp-json\/wp\/v2\/categoria_poi?post=16188"}],"curies":[{"name":"wp","href":"https:\/\/api.w.org\/{rel}","templated":true}]}}