{"id":7806,"date":"2023-05-26T14:21:05","date_gmt":"2023-05-26T12:21:05","guid":{"rendered":"https:\/\/www.visitamalfi.info\/amw-accommodation\/core-amalfitano-city-suites-terrace\/"},"modified":"2023-07-14T19:28:22","modified_gmt":"2023-07-14T17:28:22","slug":"core-amalfitano-city-suites-terrace","status":"publish","type":"amw_accommodation","link":"https:\/\/www.visitamalfi.info\/fr\/amw-accommodation\/core-amalfitano-city-suites-terrace\/","title":{"rendered":"Core Amalfitano City Suites Terrazza"},"content":{"rendered":"<div id='gallery-1' class='gallery galleryid-7806 gallery-columns-4 gallery-size-thumbnail'><figure class='gallery-item'>\n\t\t\t<div class='gallery-icon landscape'>\n\t\t\t\t<a href='https:\/\/www.visitamalfi.info\/wp-content\/uploads\/2023\/05\/R2-scaled.jpg' data-lightbox=\"gal[7806]\"><img decoding=\"async\" width=\"150\" height=\"150\" src=\"https:\/\/www.visitamalfi.info\/wp-content\/uploads\/2023\/05\/R2-150x150.jpg\" class=\"attachment-thumbnail size-thumbnail\" alt=\"\" srcset=\"https:\/\/www.visitamalfi.info\/wp-content\/uploads\/2023\/05\/R2-150x150.jpg 150w, https:\/\/www.visitamalfi.info\/wp-content\/uploads\/2023\/05\/R2-510x510.jpg 510w, https:\/\/www.visitamalfi.info\/wp-content\/uploads\/2023\/05\/R2-160x160.jpg 160w\" sizes=\"(max-width: 150px) 100vw, 150px\" \/><\/a>\n\t\t\t<\/div><\/figure><figure class='gallery-item'>\n\t\t\t<div class='gallery-icon landscape'>\n\t\t\t\t<a href='https:\/\/www.visitamalfi.info\/wp-content\/uploads\/2023\/05\/R4-scaled.jpg' data-lightbox=\"gal[7806]\"><img decoding=\"async\" width=\"150\" height=\"150\" src=\"https:\/\/www.visitamalfi.info\/wp-content\/uploads\/2023\/05\/R4-150x150.jpg\" class=\"attachment-thumbnail size-thumbnail\" alt=\"\" srcset=\"https:\/\/www.visitamalfi.info\/wp-content\/uploads\/2023\/05\/R4-150x150.jpg 150w, https:\/\/www.visitamalfi.info\/wp-content\/uploads\/2023\/05\/R4-510x510.jpg 510w, https:\/\/www.visitamalfi.info\/wp-content\/uploads\/2023\/05\/R4-160x160.jpg 160w\" sizes=\"(max-width: 150px) 100vw, 150px\" \/><\/a>\n\t\t\t<\/div><\/figure><figure class='gallery-item'>\n\t\t\t<div class='gallery-icon landscape'>\n\t\t\t\t<a href='https:\/\/www.visitamalfi.info\/wp-content\/uploads\/2023\/05\/P17-scaled.jpg' data-lightbox=\"gal[7806]\"><img decoding=\"async\" width=\"150\" height=\"150\" src=\"https:\/\/www.visitamalfi.info\/wp-content\/uploads\/2023\/05\/P17-150x150.jpg\" class=\"attachment-thumbnail size-thumbnail\" alt=\"\" srcset=\"https:\/\/www.visitamalfi.info\/wp-content\/uploads\/2023\/05\/P17-150x150.jpg 150w, https:\/\/www.visitamalfi.info\/wp-content\/uploads\/2023\/05\/P17-510x510.jpg 510w, https:\/\/www.visitamalfi.info\/wp-content\/uploads\/2023\/05\/P17-160x160.jpg 160w\" sizes=\"(max-width: 150px) 100vw, 150px\" \/><\/a>\n\t\t\t<\/div><\/figure><figure class='gallery-item'>\n\t\t\t<div class='gallery-icon landscape'>\n\t\t\t\t<a href='https:\/\/www.visitamalfi.info\/wp-content\/uploads\/2023\/05\/R7-scaled.jpg' data-lightbox=\"gal[7806]\"><img loading=\"lazy\" decoding=\"async\" width=\"150\" height=\"150\" src=\"https:\/\/www.visitamalfi.info\/wp-content\/uploads\/2023\/05\/R7-150x150.jpg\" class=\"attachment-thumbnail size-thumbnail\" alt=\"\" srcset=\"https:\/\/www.visitamalfi.info\/wp-content\/uploads\/2023\/05\/R7-150x150.jpg 150w, https:\/\/www.visitamalfi.info\/wp-content\/uploads\/2023\/05\/R7-510x510.jpg 510w, https:\/\/www.visitamalfi.info\/wp-content\/uploads\/2023\/05\/R7-160x160.jpg 160w\" sizes=\"(max-width: 150px) 100vw, 150px\" \/><\/a>\n\t\t\t<\/div><\/figure>\n\t\t<\/div>\n\n<p><span style=\"font-weight: 400;\">Le Core Amalfitano City Suites Terrace est situ\u00e9 \u00e0 proximit\u00e9 des plages de Marina Grande et de Lido Delle Sirene, un espace confortable au c\u0153ur d&#8217;Amalfi o\u00f9 vous pourrez appr\u00e9cier et exp\u00e9rimenter la beaut\u00e9 de la r\u00e9gion en toute d\u00e9tente. <\/span><\/p>\n<p><span style=\"font-weight: 400;\">L&#8217;installation a <\/span><span style=\"font-weight: 400;\">quatre chambres avec vue sur la mer dont le mobilier et les couleurs s&#8217;inspirent des villes de Positano, Ravello, Atrani et Furore. Chaque chambre a \u00e9t\u00e9 am\u00e9nag\u00e9e avec soin, en accordant une attention particuli\u00e8re aux d\u00e9tails, au confort et au bien-\u00eatre de ses h\u00f4tes. Le sol des chambres est fait de la plus belle porcelaine vietnamienne, l&#8217;artigia.<\/span><span style=\"font-weight: 400;\">nal avec des meubles s\u00e9lectionn\u00e9s parmi les meilleures entreprises Made in Italy, un m\u00e9lange de fonctionnalit\u00e9 et de beaut\u00e9 sans n\u00e9gliger le style d<\/span><span style=\"font-weight: 400;\">inamique contemporain. Les unit\u00e9s sont climatis\u00e9es et disposent d&#8217;un balcon, d&#8217;une t\u00e9l\u00e9vision \u00e0 \u00e9cran plat et d&#8217;une salle de bains priv\u00e9e avec un lavabo. <\/span><span style=\"font-weight: 400;\">bidet et articles de toilette, minibar et bouilloire.<\/span><\/p>\n<div id='gallery-2' class='gallery galleryid-7806 gallery-columns-4 gallery-size-thumbnail'><figure class='gallery-item'>\n\t\t\t<div class='gallery-icon landscape'>\n\t\t\t\t<a href='https:\/\/www.visitamalfi.info\/wp-content\/uploads\/2023\/05\/P6-scaled.jpg' data-lightbox=\"gal[7806]\"><img loading=\"lazy\" decoding=\"async\" width=\"150\" height=\"150\" src=\"https:\/\/www.visitamalfi.info\/wp-content\/uploads\/2023\/05\/P6-150x150.jpg\" class=\"attachment-thumbnail size-thumbnail\" alt=\"\" srcset=\"https:\/\/www.visitamalfi.info\/wp-content\/uploads\/2023\/05\/P6-150x150.jpg 150w, https:\/\/www.visitamalfi.info\/wp-content\/uploads\/2023\/05\/P6-510x510.jpg 510w, https:\/\/www.visitamalfi.info\/wp-content\/uploads\/2023\/05\/P6-160x160.jpg 160w\" sizes=\"(max-width: 150px) 100vw, 150px\" \/><\/a>\n\t\t\t<\/div><\/figure><figure class='gallery-item'>\n\t\t\t<div class='gallery-icon landscape'>\n\t\t\t\t<a href='https:\/\/www.visitamalfi.info\/wp-content\/uploads\/2023\/05\/A6-scaled.jpg' data-lightbox=\"gal[7806]\"><img loading=\"lazy\" decoding=\"async\" width=\"150\" height=\"150\" src=\"https:\/\/www.visitamalfi.info\/wp-content\/uploads\/2023\/05\/A6-150x150.jpg\" class=\"attachment-thumbnail size-thumbnail\" alt=\"\" srcset=\"https:\/\/www.visitamalfi.info\/wp-content\/uploads\/2023\/05\/A6-150x150.jpg 150w, https:\/\/www.visitamalfi.info\/wp-content\/uploads\/2023\/05\/A6-510x510.jpg 510w, https:\/\/www.visitamalfi.info\/wp-content\/uploads\/2023\/05\/A6-160x160.jpg 160w\" sizes=\"(max-width: 150px) 100vw, 150px\" \/><\/a>\n\t\t\t<\/div><\/figure><figure class='gallery-item'>\n\t\t\t<div class='gallery-icon landscape'>\n\t\t\t\t<a href='https:\/\/www.visitamalfi.info\/wp-content\/uploads\/2023\/05\/P3-scaled.jpg' data-lightbox=\"gal[7806]\"><img loading=\"lazy\" decoding=\"async\" width=\"150\" height=\"150\" src=\"https:\/\/www.visitamalfi.info\/wp-content\/uploads\/2023\/05\/P3-150x150.jpg\" class=\"attachment-thumbnail size-thumbnail\" alt=\"\" srcset=\"https:\/\/www.visitamalfi.info\/wp-content\/uploads\/2023\/05\/P3-150x150.jpg 150w, https:\/\/www.visitamalfi.info\/wp-content\/uploads\/2023\/05\/P3-510x510.jpg 510w, https:\/\/www.visitamalfi.info\/wp-content\/uploads\/2023\/05\/P3-160x160.jpg 160w\" sizes=\"(max-width: 150px) 100vw, 150px\" \/><\/a>\n\t\t\t<\/div><\/figure><figure class='gallery-item'>\n\t\t\t<div class='gallery-icon landscape'>\n\t\t\t\t<a href='https:\/\/www.visitamalfi.info\/wp-content\/uploads\/2023\/05\/P9-scaled.jpg' data-lightbox=\"gal[7806]\"><img loading=\"lazy\" decoding=\"async\" width=\"150\" height=\"150\" src=\"https:\/\/www.visitamalfi.info\/wp-content\/uploads\/2023\/05\/P9-150x150.jpg\" class=\"attachment-thumbnail size-thumbnail\" alt=\"\" srcset=\"https:\/\/www.visitamalfi.info\/wp-content\/uploads\/2023\/05\/P9-150x150.jpg 150w, https:\/\/www.visitamalfi.info\/wp-content\/uploads\/2023\/05\/P9-510x510.jpg 510w, https:\/\/www.visitamalfi.info\/wp-content\/uploads\/2023\/05\/P9-160x160.jpg 160w\" sizes=\"(max-width: 150px) 100vw, 150px\" \/><\/a>\n\t\t\t<\/div><\/figure>\n\t\t<\/div>\n\n<p><span style=\"font-weight: 400;\">L&#8217;h\u00f4tel propose \u00e9galement un service de petit-d\u00e9jeuner europ\u00e9en dans un restaurant en plein air situ\u00e9 dans le centre d&#8217;Amalfi. <\/span><\/p>\n<p><span style=\"font-weight: 400;\">Il s&#8217;agit \u00e9galement d&#8217;un guichet officiel de Trenitalia et d&#8217;une billetterie multimarques pour les ferries. <\/span><\/p>\n<p><span style=\"font-weight: 400;\">Un livre au coucher du soleil accompagn\u00e9 d&#8217;un verre de vin sur l&#8217;une des terrasses du Core Amalfitano City Suites est la meilleure fa\u00e7on de terminer une journ\u00e9e agr\u00e9able pass\u00e9e parmi les beaut\u00e9s d&#8217;Amalfi et de ses environs.<\/span><\/p>\n","protected":false},"excerpt":{"rendered":"<p>Le Core Amalfitano City Suites Terrace est un espace confortable au c\u0153ur d&#8217;Amalfi o\u00f9 vous pourrez appr\u00e9cier et vivre la beaut\u00e9 de la r\u00e9gion en toute d\u00e9tente. <\/p>\n","protected":false},"featured_media":0,"template":"","accommodation_strenghts":[],"season":[230,238,244,233],"accommodation_amenities":[],"amw_accommodation_type":[513],"class_list":["post-7806","amw_accommodation","type-amw_accommodation","status-publish","hentry","season-automne","season-lete","season-lhiver","season-printemps","amw_accommodation_type-chambres-dhotes"],"yoast_head":"<!-- This site is optimized with the Yoast SEO plugin v27.3 - https:\/\/yoast.com\/product\/yoast-seo-wordpress\/ -->\n<title>Core Amalfitano City Suites Terrazza - Visit Amalfi<\/title>\n<meta name=\"robots\" content=\"index, follow, max-snippet:-1, max-image-preview:large, max-video-preview:-1\" \/>\n<link rel=\"canonical\" href=\"https:\/\/www.visitamalfi.info\/fr\/amw-accommodation\/core-amalfitano-city-suites-terrace\/\" \/>\n<meta property=\"og:locale\" content=\"fr_FR\" \/>\n<meta property=\"og:type\" content=\"article\" \/>\n<meta property=\"og:title\" content=\"Core Amalfitano City Suites Terrazza - Visit Amalfi\" \/>\n<meta property=\"og:description\" content=\"Le Core Amalfitano City Suites Terrace est un espace confortable au c\u0153ur d&#039;Amalfi o\u00f9 vous pourrez appr\u00e9cier et vivre la beaut\u00e9 de la r\u00e9gion en toute d\u00e9tente.\" \/>\n<meta property=\"og:url\" content=\"https:\/\/www.visitamalfi.info\/fr\/amw-accommodation\/core-amalfitano-city-suites-terrace\/\" \/>\n<meta property=\"og:site_name\" content=\"Visit Amalfi\" \/>\n<meta property=\"article:publisher\" content=\"https:\/\/www.facebook.com\/visitamalfiofficial\" \/>\n<meta property=\"article:modified_time\" content=\"2023-07-14T17:28:22+00:00\" \/>\n<meta property=\"og:image\" content=\"https:\/\/www.visitamalfi.info\/wp-content\/uploads\/2023\/05\/R2-150x150.jpg\" \/>\n<meta name=\"twitter:card\" content=\"summary_large_image\" \/>\n<meta name=\"twitter:label1\" content=\"Dur\u00e9e de lecture estim\u00e9e\" \/>\n\t<meta name=\"twitter:data1\" content=\"1 minute\" \/>\n<script type=\"application\/ld+json\" class=\"yoast-schema-graph\">{\"@context\":\"https:\\\/\\\/schema.org\",\"@graph\":[{\"@type\":\"WebPage\",\"@id\":\"https:\\\/\\\/www.visitamalfi.info\\\/fr\\\/amw-accommodation\\\/core-amalfitano-city-suites-terrace\\\/\",\"url\":\"https:\\\/\\\/www.visitamalfi.info\\\/fr\\\/amw-accommodation\\\/core-amalfitano-city-suites-terrace\\\/\",\"name\":\"Core Amalfitano City Suites Terrazza - Visit Amalfi\",\"isPartOf\":{\"@id\":\"https:\\\/\\\/www.visitamalfi.info\\\/fr\\\/#website\"},\"datePublished\":\"2023-05-26T12:21:05+00:00\",\"dateModified\":\"2023-07-14T17:28:22+00:00\",\"breadcrumb\":{\"@id\":\"https:\\\/\\\/www.visitamalfi.info\\\/fr\\\/amw-accommodation\\\/core-amalfitano-city-suites-terrace\\\/#breadcrumb\"},\"inLanguage\":\"fr-FR\",\"potentialAction\":[{\"@type\":\"ReadAction\",\"target\":[\"https:\\\/\\\/www.visitamalfi.info\\\/fr\\\/amw-accommodation\\\/core-amalfitano-city-suites-terrace\\\/\"]}]},{\"@type\":\"BreadcrumbList\",\"@id\":\"https:\\\/\\\/www.visitamalfi.info\\\/fr\\\/amw-accommodation\\\/core-amalfitano-city-suites-terrace\\\/#breadcrumb\",\"itemListElement\":[{\"@type\":\"ListItem\",\"position\":1,\"name\":\"Home\",\"item\":\"https:\\\/\\\/www.visitamalfi.info\\\/fr\\\/\"},{\"@type\":\"ListItem\",\"position\":2,\"name\":\"Core Amalfitano City Suites Terrazza\"}]},{\"@type\":\"WebSite\",\"@id\":\"https:\\\/\\\/www.visitamalfi.info\\\/fr\\\/#website\",\"url\":\"https:\\\/\\\/www.visitamalfi.info\\\/fr\\\/\",\"name\":\"Visit Amalfi\",\"description\":\"Amalfi Destination Official Website\",\"publisher\":{\"@id\":\"https:\\\/\\\/www.visitamalfi.info\\\/fr\\\/#organization\"},\"potentialAction\":[{\"@type\":\"SearchAction\",\"target\":{\"@type\":\"EntryPoint\",\"urlTemplate\":\"https:\\\/\\\/www.visitamalfi.info\\\/fr\\\/?s={search_term_string}\"},\"query-input\":{\"@type\":\"PropertyValueSpecification\",\"valueRequired\":true,\"valueName\":\"search_term_string\"}}],\"inLanguage\":\"fr-FR\"},{\"@type\":\"Organization\",\"@id\":\"https:\\\/\\\/www.visitamalfi.info\\\/fr\\\/#organization\",\"name\":\"Visit Amalfi\",\"url\":\"https:\\\/\\\/www.visitamalfi.info\\\/fr\\\/\",\"logo\":{\"@type\":\"ImageObject\",\"inLanguage\":\"fr-FR\",\"@id\":\"https:\\\/\\\/www.visitamalfi.info\\\/fr\\\/#\\\/schema\\\/logo\\\/image\\\/\",\"url\":\"https:\\\/\\\/www.visitamalfi.info\\\/wp-content\\\/uploads\\\/2023\\\/04\\\/visit-amalfi-logo-web.png\",\"contentUrl\":\"https:\\\/\\\/www.visitamalfi.info\\\/wp-content\\\/uploads\\\/2023\\\/04\\\/visit-amalfi-logo-web.png\",\"width\":800,\"height\":870,\"caption\":\"Visit Amalfi\"},\"image\":{\"@id\":\"https:\\\/\\\/www.visitamalfi.info\\\/fr\\\/#\\\/schema\\\/logo\\\/image\\\/\"},\"sameAs\":[\"https:\\\/\\\/www.facebook.com\\\/visitamalfiofficial\",\"https:\\\/\\\/www.instagram.com\\\/visitamalfiofficial\\\/\"]}]}<\/script>\n<!-- \/ Yoast SEO plugin. -->","yoast_head_json":{"title":"Core Amalfitano City Suites Terrazza - Visit Amalfi","robots":{"index":"index","follow":"follow","max-snippet":"max-snippet:-1","max-image-preview":"max-image-preview:large","max-video-preview":"max-video-preview:-1"},"canonical":"https:\/\/www.visitamalfi.info\/fr\/amw-accommodation\/core-amalfitano-city-suites-terrace\/","og_locale":"fr_FR","og_type":"article","og_title":"Core Amalfitano City Suites Terrazza - Visit Amalfi","og_description":"Le Core Amalfitano City Suites Terrace est un espace confortable au c\u0153ur d'Amalfi o\u00f9 vous pourrez appr\u00e9cier et vivre la beaut\u00e9 de la r\u00e9gion en toute d\u00e9tente.","og_url":"https:\/\/www.visitamalfi.info\/fr\/amw-accommodation\/core-amalfitano-city-suites-terrace\/","og_site_name":"Visit Amalfi","article_publisher":"https:\/\/www.facebook.com\/visitamalfiofficial","article_modified_time":"2023-07-14T17:28:22+00:00","og_image":[{"url":"https:\/\/www.visitamalfi.info\/wp-content\/uploads\/2023\/05\/R2-150x150.jpg","type":"","width":"","height":""}],"twitter_card":"summary_large_image","twitter_misc":{"Dur\u00e9e de lecture estim\u00e9e":"1 minute"},"schema":{"@context":"https:\/\/schema.org","@graph":[{"@type":"WebPage","@id":"https:\/\/www.visitamalfi.info\/fr\/amw-accommodation\/core-amalfitano-city-suites-terrace\/","url":"https:\/\/www.visitamalfi.info\/fr\/amw-accommodation\/core-amalfitano-city-suites-terrace\/","name":"Core Amalfitano City Suites Terrazza - Visit Amalfi","isPartOf":{"@id":"https:\/\/www.visitamalfi.info\/fr\/#website"},"datePublished":"2023-05-26T12:21:05+00:00","dateModified":"2023-07-14T17:28:22+00:00","breadcrumb":{"@id":"https:\/\/www.visitamalfi.info\/fr\/amw-accommodation\/core-amalfitano-city-suites-terrace\/#breadcrumb"},"inLanguage":"fr-FR","potentialAction":[{"@type":"ReadAction","target":["https:\/\/www.visitamalfi.info\/fr\/amw-accommodation\/core-amalfitano-city-suites-terrace\/"]}]},{"@type":"BreadcrumbList","@id":"https:\/\/www.visitamalfi.info\/fr\/amw-accommodation\/core-amalfitano-city-suites-terrace\/#breadcrumb","itemListElement":[{"@type":"ListItem","position":1,"name":"Home","item":"https:\/\/www.visitamalfi.info\/fr\/"},{"@type":"ListItem","position":2,"name":"Core Amalfitano City Suites Terrazza"}]},{"@type":"WebSite","@id":"https:\/\/www.visitamalfi.info\/fr\/#website","url":"https:\/\/www.visitamalfi.info\/fr\/","name":"Visit Amalfi","description":"Amalfi Destination Official Website","publisher":{"@id":"https:\/\/www.visitamalfi.info\/fr\/#organization"},"potentialAction":[{"@type":"SearchAction","target":{"@type":"EntryPoint","urlTemplate":"https:\/\/www.visitamalfi.info\/fr\/?s={search_term_string}"},"query-input":{"@type":"PropertyValueSpecification","valueRequired":true,"valueName":"search_term_string"}}],"inLanguage":"fr-FR"},{"@type":"Organization","@id":"https:\/\/www.visitamalfi.info\/fr\/#organization","name":"Visit Amalfi","url":"https:\/\/www.visitamalfi.info\/fr\/","logo":{"@type":"ImageObject","inLanguage":"fr-FR","@id":"https:\/\/www.visitamalfi.info\/fr\/#\/schema\/logo\/image\/","url":"https:\/\/www.visitamalfi.info\/wp-content\/uploads\/2023\/04\/visit-amalfi-logo-web.png","contentUrl":"https:\/\/www.visitamalfi.info\/wp-content\/uploads\/2023\/04\/visit-amalfi-logo-web.png","width":800,"height":870,"caption":"Visit Amalfi"},"image":{"@id":"https:\/\/www.visitamalfi.info\/fr\/#\/schema\/logo\/image\/"},"sameAs":["https:\/\/www.facebook.com\/visitamalfiofficial","https:\/\/www.instagram.com\/visitamalfiofficial\/"]}]}},"_links":{"self":[{"href":"https:\/\/www.visitamalfi.info\/fr\/wp-json\/wp\/v2\/amw_accommodation\/7806","targetHints":{"allow":["GET"]}}],"collection":[{"href":"https:\/\/www.visitamalfi.info\/fr\/wp-json\/wp\/v2\/amw_accommodation"}],"about":[{"href":"https:\/\/www.visitamalfi.info\/fr\/wp-json\/wp\/v2\/types\/amw_accommodation"}],"version-history":[{"count":2,"href":"https:\/\/www.visitamalfi.info\/fr\/wp-json\/wp\/v2\/amw_accommodation\/7806\/revisions"}],"predecessor-version":[{"id":8703,"href":"https:\/\/www.visitamalfi.info\/fr\/wp-json\/wp\/v2\/amw_accommodation\/7806\/revisions\/8703"}],"wp:attachment":[{"href":"https:\/\/www.visitamalfi.info\/fr\/wp-json\/wp\/v2\/media?parent=7806"}],"wp:term":[{"taxonomy":"accommodation_strenghts","embeddable":true,"href":"https:\/\/www.visitamalfi.info\/fr\/wp-json\/wp\/v2\/accommodation_strenghts?post=7806"},{"taxonomy":"season","embeddable":true,"href":"https:\/\/www.visitamalfi.info\/fr\/wp-json\/wp\/v2\/season?post=7806"},{"taxonomy":"accommodation_amenities","embeddable":true,"href":"https:\/\/www.visitamalfi.info\/fr\/wp-json\/wp\/v2\/accommodation_amenities?post=7806"},{"taxonomy":"amw_accommodation_type","embeddable":true,"href":"https:\/\/www.visitamalfi.info\/fr\/wp-json\/wp\/v2\/amw_accommodation_type?post=7806"}],"curies":[{"name":"wp","href":"https:\/\/api.w.org\/{rel}","templated":true}]}}