{"id":7727,"date":"2023-05-26T14:21:24","date_gmt":"2023-05-26T12:21:24","guid":{"rendered":"https:\/\/www.visitamalfi.info\/amw-accommodation\/hotel-la-bussola\/"},"modified":"2026-02-09T13:13:19","modified_gmt":"2026-02-09T12:13:19","slug":"hotel-la-bussola","status":"publish","type":"amw_accommodation","link":"https:\/\/www.visitamalfi.info\/fr\/amw-accommodation\/hotel-la-bussola\/","title":{"rendered":"Hotel La Bussola"},"content":{"rendered":"<div id='gallery-1' class='gallery galleryid-7727 gallery-columns-4 gallery-size-thumbnail'><figure class='gallery-item'>\n\t\t\t<div class='gallery-icon landscape'>\n\t\t\t\t<a href='https:\/\/www.visitamalfi.info\/wp-content\/uploads\/2023\/05\/La-Bussola-Amalfi-scaled.jpg' data-lightbox=\"gal[7727]\"><img fetchpriority=\"high\" decoding=\"async\" width=\"300\" height=\"300\" src=\"https:\/\/www.visitamalfi.info\/wp-content\/uploads\/2023\/05\/La-Bussola-Amalfi-scaled-300x300.jpg\" class=\"attachment-thumbnail size-thumbnail\" alt=\"\" srcset=\"https:\/\/www.visitamalfi.info\/wp-content\/uploads\/2023\/05\/La-Bussola-Amalfi-scaled-300x300.jpg 300w, https:\/\/www.visitamalfi.info\/wp-content\/uploads\/2023\/05\/La-Bussola-Amalfi-510x510.jpg 510w, https:\/\/www.visitamalfi.info\/wp-content\/uploads\/2023\/05\/La-Bussola-Amalfi-160x160.jpg 160w\" sizes=\"(max-width: 300px) 100vw, 300px\" \/><\/a>\n\t\t\t<\/div><\/figure><figure class='gallery-item'>\n\t\t\t<div class='gallery-icon landscape'>\n\t\t\t\t<a href='https:\/\/www.visitamalfi.info\/wp-content\/uploads\/2023\/05\/BussolaAmalfiComforDSC_8229.jpg' data-lightbox=\"gal[7727]\"><img decoding=\"async\" width=\"150\" height=\"150\" src=\"https:\/\/www.visitamalfi.info\/wp-content\/uploads\/2023\/05\/BussolaAmalfiComforDSC_8229-150x150.jpg\" class=\"attachment-thumbnail size-thumbnail\" alt=\"\" srcset=\"https:\/\/www.visitamalfi.info\/wp-content\/uploads\/2023\/05\/BussolaAmalfiComforDSC_8229-150x150.jpg 150w, https:\/\/www.visitamalfi.info\/wp-content\/uploads\/2023\/05\/BussolaAmalfiComforDSC_8229-510x510.jpg 510w, https:\/\/www.visitamalfi.info\/wp-content\/uploads\/2023\/05\/BussolaAmalfiComforDSC_8229-160x160.jpg 160w\" sizes=\"(max-width: 150px) 100vw, 150px\" \/><\/a>\n\t\t\t<\/div><\/figure><figure class='gallery-item'>\n\t\t\t<div class='gallery-icon landscape'>\n\t\t\t\t<a href='https:\/\/www.visitamalfi.info\/wp-content\/uploads\/2023\/05\/Hotel-La-Bussola-16DSC_0058-scaled.jpg' data-lightbox=\"gal[7727]\"><img decoding=\"async\" width=\"150\" height=\"150\" src=\"https:\/\/www.visitamalfi.info\/wp-content\/uploads\/2023\/05\/Hotel-La-Bussola-16DSC_0058-150x150.jpg\" class=\"attachment-thumbnail size-thumbnail\" alt=\"\" srcset=\"https:\/\/www.visitamalfi.info\/wp-content\/uploads\/2023\/05\/Hotel-La-Bussola-16DSC_0058-150x150.jpg 150w, https:\/\/www.visitamalfi.info\/wp-content\/uploads\/2023\/05\/Hotel-La-Bussola-16DSC_0058-510x510.jpg 510w, https:\/\/www.visitamalfi.info\/wp-content\/uploads\/2023\/05\/Hotel-La-Bussola-16DSC_0058-160x160.jpg 160w\" sizes=\"(max-width: 150px) 100vw, 150px\" \/><\/a>\n\t\t\t<\/div><\/figure><figure class='gallery-item'>\n\t\t\t<div class='gallery-icon landscape'>\n\t\t\t\t<a href='https:\/\/www.visitamalfi.info\/wp-content\/uploads\/2023\/05\/BussolaAmalfiSuperiorDSC_8265.jpg' data-lightbox=\"gal[7727]\"><img loading=\"lazy\" decoding=\"async\" width=\"150\" height=\"150\" src=\"https:\/\/www.visitamalfi.info\/wp-content\/uploads\/2023\/05\/BussolaAmalfiSuperiorDSC_8265-150x150.jpg\" class=\"attachment-thumbnail size-thumbnail\" alt=\"\" srcset=\"https:\/\/www.visitamalfi.info\/wp-content\/uploads\/2023\/05\/BussolaAmalfiSuperiorDSC_8265-150x150.jpg 150w, https:\/\/www.visitamalfi.info\/wp-content\/uploads\/2023\/05\/BussolaAmalfiSuperiorDSC_8265-510x510.jpg 510w, https:\/\/www.visitamalfi.info\/wp-content\/uploads\/2023\/05\/BussolaAmalfiSuperiorDSC_8265-160x160.jpg 160w\" sizes=\"(max-width: 150px) 100vw, 150px\" \/><\/a>\n\t\t\t<\/div><\/figure>\n\t\t<\/div>\n\n<p>L&#8217;h\u00f4tel La Bussola est situ\u00e9 \u00e0 Amalfi, le centre n\u00e9vralgique de la c\u00f4te amalfitaine, \u00e0 quelques pas de la Piazza Duomo et du port touristique de la ville, avec des liaisons fr\u00e9quentes vers Positano, Salerne, Capri et d&#8217;autres destinations de la c\u00f4te amalfitaine.<br \/>\nL&#8217;h\u00f4tel, qui date du d\u00e9but du XXe si\u00e8cle, a \u00e9t\u00e9 am\u00e9nag\u00e9 dans une ancienne usine de p\u00e2tes dont toutes les structures de soutien en tuf ont \u00e9t\u00e9 conserv\u00e9es. Les chambres sont dot\u00e9es de meubles fabriqu\u00e9s par des artisans locaux, ma\u00eetres du travail du bois, et agr\u00e9ment\u00e9es de carreaux de fa\u00efence traditionnels issus de l&#8217;art des c\u00e9ramistes de la c\u00f4te amalfitaine. Les chambres disposent d&#8217;une salle de bains privative et d&#8217;un balcon avec vue sur la mer.<\/p>\n<div id='gallery-2' class='gallery galleryid-7727 gallery-columns-4 gallery-size-thumbnail'><figure class='gallery-item'>\n\t\t\t<div class='gallery-icon landscape'>\n\t\t\t\t<a href='https:\/\/www.visitamalfi.info\/wp-content\/uploads\/2023\/07\/La-Bussola-sul-Mare-ristorante-amalfi-4-2-scaled.jpg' data-lightbox=\"gal[7727]\"><img loading=\"lazy\" decoding=\"async\" width=\"300\" height=\"300\" src=\"https:\/\/www.visitamalfi.info\/wp-content\/uploads\/2023\/07\/La-Bussola-sul-Mare-ristorante-amalfi-4-2-scaled-300x300.jpg\" class=\"attachment-thumbnail size-thumbnail\" alt=\"\" srcset=\"https:\/\/www.visitamalfi.info\/wp-content\/uploads\/2023\/07\/La-Bussola-sul-Mare-ristorante-amalfi-4-2-scaled-300x300.jpg 300w, https:\/\/www.visitamalfi.info\/wp-content\/uploads\/2023\/07\/La-Bussola-sul-Mare-ristorante-amalfi-4-2-510x510.jpg 510w, https:\/\/www.visitamalfi.info\/wp-content\/uploads\/2023\/07\/La-Bussola-sul-Mare-ristorante-amalfi-4-2-160x160.jpg 160w\" sizes=\"(max-width: 300px) 100vw, 300px\" \/><\/a>\n\t\t\t<\/div><\/figure><figure class='gallery-item'>\n\t\t\t<div class='gallery-icon portrait'>\n\t\t\t\t<a href='https:\/\/www.visitamalfi.info\/wp-content\/uploads\/2023\/07\/La-Bussola-sul-Mare-ristorante-20210308_135030-scaled.jpg' data-lightbox=\"gal[7727]\"><img loading=\"lazy\" decoding=\"async\" width=\"300\" height=\"300\" src=\"https:\/\/www.visitamalfi.info\/wp-content\/uploads\/2023\/07\/La-Bussola-sul-Mare-ristorante-20210308_135030-scaled-300x300.jpg\" class=\"attachment-thumbnail size-thumbnail\" alt=\"\" srcset=\"https:\/\/www.visitamalfi.info\/wp-content\/uploads\/2023\/07\/La-Bussola-sul-Mare-ristorante-20210308_135030-scaled-300x300.jpg 300w, https:\/\/www.visitamalfi.info\/wp-content\/uploads\/2023\/07\/La-Bussola-sul-Mare-ristorante-20210308_135030-510x510.jpg 510w, https:\/\/www.visitamalfi.info\/wp-content\/uploads\/2023\/07\/La-Bussola-sul-Mare-ristorante-20210308_135030-160x160.jpg 160w\" sizes=\"(max-width: 300px) 100vw, 300px\" \/><\/a>\n\t\t\t<\/div><\/figure><figure class='gallery-item'>\n\t\t\t<div class='gallery-icon landscape'>\n\t\t\t\t<a href='https:\/\/www.visitamalfi.info\/wp-content\/uploads\/2023\/07\/LaBussolasulMareDSC_1993ok-scaled.jpg' data-lightbox=\"gal[7727]\"><img loading=\"lazy\" decoding=\"async\" width=\"150\" height=\"150\" src=\"https:\/\/www.visitamalfi.info\/wp-content\/uploads\/2023\/07\/LaBussolasulMareDSC_1993ok-150x150.jpg\" class=\"attachment-thumbnail size-thumbnail\" alt=\"\" srcset=\"https:\/\/www.visitamalfi.info\/wp-content\/uploads\/2023\/07\/LaBussolasulMareDSC_1993ok-150x150.jpg 150w, https:\/\/www.visitamalfi.info\/wp-content\/uploads\/2023\/07\/LaBussolasulMareDSC_1993ok-510x510.jpg 510w, https:\/\/www.visitamalfi.info\/wp-content\/uploads\/2023\/07\/LaBussolasulMareDSC_1993ok-160x160.jpg 160w\" sizes=\"(max-width: 150px) 100vw, 150px\" \/><\/a>\n\t\t\t<\/div><\/figure><figure class='gallery-item'>\n\t\t\t<div class='gallery-icon landscape'>\n\t\t\t\t<a href='https:\/\/www.visitamalfi.info\/wp-content\/uploads\/2023\/07\/ristorante2.jpg' data-lightbox=\"gal[7727]\"><img loading=\"lazy\" decoding=\"async\" width=\"300\" height=\"300\" src=\"https:\/\/www.visitamalfi.info\/wp-content\/uploads\/2023\/07\/ristorante2-300x300.jpg\" class=\"attachment-thumbnail size-thumbnail\" alt=\"\" srcset=\"https:\/\/www.visitamalfi.info\/wp-content\/uploads\/2023\/07\/ristorante2-300x300.jpg 300w, https:\/\/www.visitamalfi.info\/wp-content\/uploads\/2023\/07\/ristorante2-510x510.jpg 510w, https:\/\/www.visitamalfi.info\/wp-content\/uploads\/2023\/07\/ristorante2-160x160.jpg 160w\" sizes=\"(max-width: 300px) 100vw, 300px\" \/><\/a>\n\t\t\t<\/div><\/figure>\n\t\t<\/div>\n\n<p>L&#8217;h\u00f4tel abrite le <a href=\"https:\/\/www.visitamalfi.info\/fr\/amw-food\/la-bussola-sul-mare\/\">restaurant La Bussola sul Mare<\/a>, o\u00f9 vous pourrez d\u00e9guster une cuisine traditionnelle de la c\u00f4te amalfitaine. L&#8217;h\u00f4tel La Bussola est l&#8217;endroit id\u00e9al pour toutes les occasions, qu&#8217;il s&#8217;agisse d&#8217;un d\u00e9jeuner formel ou d&#8217;un d\u00eener \u00e9l\u00e9gant. Le personnel de l&#8217;h\u00f4tel La Bussola surprendra ses h\u00f4tes.<br \/>\nL&#8217;h\u00f4tel La Bussola est \u00e9galement un lieu id\u00e9al pour vivre le r\u00eave d&#8217;un mariage relaxant et accueillant sur la c\u00f4te amalfitaine avec vos proches. L&#8217;\u00e9tablissement dispose \u00e9galement d&#8217;une salle de r\u00e9union d&#8217;une capacit\u00e9 de 100 personnes, d&#8217;un espace d&#8217;exposition et d&#8217;un service de bar.<\/p>\n<div id='gallery-3' class='gallery galleryid-7727 gallery-columns-4 gallery-size-thumbnail'><figure class='gallery-item'>\n\t\t\t<div class='gallery-icon landscape'>\n\t\t\t\t<a href='https:\/\/www.visitamalfi.info\/wp-content\/uploads\/2023\/05\/SeaWavesBussola0005-scaled.jpg' data-lightbox=\"gal[7727]\"><img loading=\"lazy\" decoding=\"async\" width=\"150\" height=\"150\" src=\"https:\/\/www.visitamalfi.info\/wp-content\/uploads\/2023\/05\/SeaWavesBussola0005-150x150.jpg\" class=\"attachment-thumbnail size-thumbnail\" alt=\"\" srcset=\"https:\/\/www.visitamalfi.info\/wp-content\/uploads\/2023\/05\/SeaWavesBussola0005-150x150.jpg 150w, https:\/\/www.visitamalfi.info\/wp-content\/uploads\/2023\/05\/SeaWavesBussola0005-300x300.jpg 300w, https:\/\/www.visitamalfi.info\/wp-content\/uploads\/2023\/05\/SeaWavesBussola0005-1024x1024.jpg 1024w, https:\/\/www.visitamalfi.info\/wp-content\/uploads\/2023\/05\/SeaWavesBussola0005-768x768.jpg 768w, https:\/\/www.visitamalfi.info\/wp-content\/uploads\/2023\/05\/SeaWavesBussola0005-1536x1536.jpg 1536w, https:\/\/www.visitamalfi.info\/wp-content\/uploads\/2023\/05\/SeaWavesBussola0005-2048x2048.jpg 2048w, https:\/\/www.visitamalfi.info\/wp-content\/uploads\/2023\/05\/SeaWavesBussola0005-510x510.jpg 510w, https:\/\/www.visitamalfi.info\/wp-content\/uploads\/2023\/05\/SeaWavesBussola0005-160x160.jpg 160w\" sizes=\"(max-width: 150px) 100vw, 150px\" \/><\/a>\n\t\t\t<\/div><\/figure><figure class='gallery-item'>\n\t\t\t<div class='gallery-icon portrait'>\n\t\t\t\t<a href='https:\/\/www.visitamalfi.info\/wp-content\/uploads\/2023\/05\/SeaWavesBussola20200814_192507-scaled.jpg' data-lightbox=\"gal[7727]\"><img loading=\"lazy\" decoding=\"async\" width=\"300\" height=\"300\" src=\"https:\/\/www.visitamalfi.info\/wp-content\/uploads\/2023\/05\/SeaWavesBussola20200814_192507-scaled-300x300.jpg\" class=\"attachment-thumbnail size-thumbnail\" alt=\"\" srcset=\"https:\/\/www.visitamalfi.info\/wp-content\/uploads\/2023\/05\/SeaWavesBussola20200814_192507-scaled-300x300.jpg 300w, https:\/\/www.visitamalfi.info\/wp-content\/uploads\/2023\/05\/SeaWavesBussola20200814_192507-510x510.jpg 510w, https:\/\/www.visitamalfi.info\/wp-content\/uploads\/2023\/05\/SeaWavesBussola20200814_192507-160x160.jpg 160w\" sizes=\"(max-width: 300px) 100vw, 300px\" \/><\/a>\n\t\t\t<\/div><\/figure><figure class='gallery-item'>\n\t\t\t<div class='gallery-icon landscape'>\n\t\t\t\t<a href='https:\/\/www.visitamalfi.info\/wp-content\/uploads\/2023\/05\/SeaWavesBussola0009-scaled.jpg' data-lightbox=\"gal[7727]\"><img loading=\"lazy\" decoding=\"async\" width=\"300\" height=\"300\" src=\"https:\/\/www.visitamalfi.info\/wp-content\/uploads\/2023\/05\/SeaWavesBussola0009-scaled-300x300.jpg\" class=\"attachment-thumbnail size-thumbnail\" alt=\"\" srcset=\"https:\/\/www.visitamalfi.info\/wp-content\/uploads\/2023\/05\/SeaWavesBussola0009-scaled-300x300.jpg 300w, https:\/\/www.visitamalfi.info\/wp-content\/uploads\/2023\/05\/SeaWavesBussola0009-1024x1024.jpg 1024w, https:\/\/www.visitamalfi.info\/wp-content\/uploads\/2023\/05\/SeaWavesBussola0009-768x768.jpg 768w, https:\/\/www.visitamalfi.info\/wp-content\/uploads\/2023\/05\/SeaWavesBussola0009-1536x1536.jpg 1536w, https:\/\/www.visitamalfi.info\/wp-content\/uploads\/2023\/05\/SeaWavesBussola0009-2048x2048.jpg 2048w, https:\/\/www.visitamalfi.info\/wp-content\/uploads\/2023\/05\/SeaWavesBussola0009-510x510.jpg 510w, https:\/\/www.visitamalfi.info\/wp-content\/uploads\/2023\/05\/SeaWavesBussola0009-160x160.jpg 160w, https:\/\/www.visitamalfi.info\/wp-content\/uploads\/2023\/05\/SeaWavesBussola0009-scaled.jpg 1920w\" sizes=\"(max-width: 300px) 100vw, 300px\" \/><\/a>\n\t\t\t<\/div><\/figure><figure class='gallery-item'>\n\t\t\t<div class='gallery-icon portrait'>\n\t\t\t\t<a href='https:\/\/www.visitamalfi.info\/wp-content\/uploads\/2023\/05\/SeaWavesBussolaPSX_20200902_094205-scaled.jpg' data-lightbox=\"gal[7727]\"><img loading=\"lazy\" decoding=\"async\" width=\"300\" height=\"300\" src=\"https:\/\/www.visitamalfi.info\/wp-content\/uploads\/2023\/05\/SeaWavesBussolaPSX_20200902_094205-scaled-300x300.jpg\" class=\"attachment-thumbnail size-thumbnail\" alt=\"\" srcset=\"https:\/\/www.visitamalfi.info\/wp-content\/uploads\/2023\/05\/SeaWavesBussolaPSX_20200902_094205-scaled-300x300.jpg 300w, https:\/\/www.visitamalfi.info\/wp-content\/uploads\/2023\/05\/SeaWavesBussolaPSX_20200902_094205-510x510.jpg 510w, https:\/\/www.visitamalfi.info\/wp-content\/uploads\/2023\/05\/SeaWavesBussolaPSX_20200902_094205-160x160.jpg 160w\" sizes=\"(max-width: 300px) 100vw, 300px\" \/><\/a>\n\t\t\t<\/div><\/figure>\n\t\t<\/div>\n\n<p>Sur le toit-terrasse avec solarium se trouve le <a href=\"https:\/\/www.visitamalfi.info\/fr\/amw-food\/bar-sea-waves\/\">Sea Waves Bar<\/a>, o\u00f9 les clients peuvent profiter d&#8217;un magnifique coucher de soleil sur la mer et d&#8217;une soir\u00e9e exclusive accompagn\u00e9e d&#8217;un bon cocktail.<br \/>\nIl existe \u00e9galement une plate-forme en bois avec des chaises longues, des parasols et une douche r\u00e9serv\u00e9e exclusivement aux clients de l&#8217;h\u00f4tel, qui fonctionne normalement de la deuxi\u00e8me moiti\u00e9 du mois de juin \u00e0 la premi\u00e8re moiti\u00e9 du mois de septembre.<br \/>\nL&#8217;h\u00f4tel propose des services de location de voitures, de parking et de recharge de voitures \u00e9lectriques.<br \/>\nL&#8217;h\u00f4tel se trouve \u00e0 65 km de l&#8217;a\u00e9roport international de Naples et \u00e0 28 km de la gare de Salerne.<\/p>\n","protected":false},"excerpt":{"rendered":"<p>L&#8217;h\u00f4tel La Bussola est situ\u00e9 \u00e0 Amalfi, le centre n\u00e9vralgique de la c\u00f4te amalfitaine, \u00e0 quelques pas de la Piazza Duomo et du port touristique de la ville.<\/p>\n","protected":false},"featured_media":0,"template":"","accommodation_strenghts":[],"season":[230,238,244,233],"accommodation_amenities":[],"amw_accommodation_type":[502],"class_list":["post-7727","amw_accommodation","type-amw_accommodation","status-publish","hentry","season-automne","season-lete","season-lhiver","season-printemps","amw_accommodation_type-hotel-fr"],"yoast_head":"<!-- This site is optimized with the Yoast SEO plugin v27.3 - https:\/\/yoast.com\/product\/yoast-seo-wordpress\/ -->\n<title>Hotel La Bussola - Visit Amalfi<\/title>\n<meta name=\"robots\" content=\"index, follow, max-snippet:-1, max-image-preview:large, max-video-preview:-1\" \/>\n<link rel=\"canonical\" href=\"https:\/\/www.visitamalfi.info\/fr\/amw-accommodation\/hotel-la-bussola\/\" \/>\n<meta property=\"og:locale\" content=\"fr_FR\" \/>\n<meta property=\"og:type\" content=\"article\" \/>\n<meta property=\"og:title\" content=\"Hotel La Bussola - Visit Amalfi\" \/>\n<meta property=\"og:description\" content=\"L&#039;h\u00f4tel La Bussola est situ\u00e9 \u00e0 Amalfi, le centre n\u00e9vralgique de la c\u00f4te amalfitaine, \u00e0 quelques pas de la Piazza Duomo et du port touristique de la ville.\" \/>\n<meta property=\"og:url\" content=\"https:\/\/www.visitamalfi.info\/fr\/amw-accommodation\/hotel-la-bussola\/\" \/>\n<meta property=\"og:site_name\" content=\"Visit Amalfi\" \/>\n<meta property=\"article:publisher\" content=\"https:\/\/www.facebook.com\/visitamalfiofficial\" \/>\n<meta property=\"article:modified_time\" content=\"2026-02-09T12:13:19+00:00\" \/>\n<meta property=\"og:image\" content=\"https:\/\/www.visitamalfi.info\/wp-content\/uploads\/2023\/05\/La-Bussola-Amalfi-scaled-300x300.jpg\" \/>\n<meta name=\"twitter:card\" content=\"summary_large_image\" \/>\n<meta name=\"twitter:label1\" content=\"Dur\u00e9e de lecture estim\u00e9e\" \/>\n\t<meta name=\"twitter:data1\" content=\"2 minutes\" \/>\n<script type=\"application\/ld+json\" class=\"yoast-schema-graph\">{\"@context\":\"https:\\\/\\\/schema.org\",\"@graph\":[{\"@type\":\"WebPage\",\"@id\":\"https:\\\/\\\/www.visitamalfi.info\\\/fr\\\/amw-accommodation\\\/hotel-la-bussola\\\/\",\"url\":\"https:\\\/\\\/www.visitamalfi.info\\\/fr\\\/amw-accommodation\\\/hotel-la-bussola\\\/\",\"name\":\"Hotel La Bussola - Visit Amalfi\",\"isPartOf\":{\"@id\":\"https:\\\/\\\/www.visitamalfi.info\\\/fr\\\/#website\"},\"datePublished\":\"2023-05-26T12:21:24+00:00\",\"dateModified\":\"2026-02-09T12:13:19+00:00\",\"breadcrumb\":{\"@id\":\"https:\\\/\\\/www.visitamalfi.info\\\/fr\\\/amw-accommodation\\\/hotel-la-bussola\\\/#breadcrumb\"},\"inLanguage\":\"fr-FR\",\"potentialAction\":[{\"@type\":\"ReadAction\",\"target\":[\"https:\\\/\\\/www.visitamalfi.info\\\/fr\\\/amw-accommodation\\\/hotel-la-bussola\\\/\"]}]},{\"@type\":\"BreadcrumbList\",\"@id\":\"https:\\\/\\\/www.visitamalfi.info\\\/fr\\\/amw-accommodation\\\/hotel-la-bussola\\\/#breadcrumb\",\"itemListElement\":[{\"@type\":\"ListItem\",\"position\":1,\"name\":\"Home\",\"item\":\"https:\\\/\\\/www.visitamalfi.info\\\/fr\\\/\"},{\"@type\":\"ListItem\",\"position\":2,\"name\":\"Hotel La Bussola\"}]},{\"@type\":\"WebSite\",\"@id\":\"https:\\\/\\\/www.visitamalfi.info\\\/fr\\\/#website\",\"url\":\"https:\\\/\\\/www.visitamalfi.info\\\/fr\\\/\",\"name\":\"Visit Amalfi\",\"description\":\"Amalfi Destination Official Website\",\"publisher\":{\"@id\":\"https:\\\/\\\/www.visitamalfi.info\\\/fr\\\/#organization\"},\"potentialAction\":[{\"@type\":\"SearchAction\",\"target\":{\"@type\":\"EntryPoint\",\"urlTemplate\":\"https:\\\/\\\/www.visitamalfi.info\\\/fr\\\/?s={search_term_string}\"},\"query-input\":{\"@type\":\"PropertyValueSpecification\",\"valueRequired\":true,\"valueName\":\"search_term_string\"}}],\"inLanguage\":\"fr-FR\"},{\"@type\":\"Organization\",\"@id\":\"https:\\\/\\\/www.visitamalfi.info\\\/fr\\\/#organization\",\"name\":\"Visit Amalfi\",\"url\":\"https:\\\/\\\/www.visitamalfi.info\\\/fr\\\/\",\"logo\":{\"@type\":\"ImageObject\",\"inLanguage\":\"fr-FR\",\"@id\":\"https:\\\/\\\/www.visitamalfi.info\\\/fr\\\/#\\\/schema\\\/logo\\\/image\\\/\",\"url\":\"https:\\\/\\\/www.visitamalfi.info\\\/wp-content\\\/uploads\\\/2023\\\/04\\\/visit-amalfi-logo-web.png\",\"contentUrl\":\"https:\\\/\\\/www.visitamalfi.info\\\/wp-content\\\/uploads\\\/2023\\\/04\\\/visit-amalfi-logo-web.png\",\"width\":800,\"height\":870,\"caption\":\"Visit Amalfi\"},\"image\":{\"@id\":\"https:\\\/\\\/www.visitamalfi.info\\\/fr\\\/#\\\/schema\\\/logo\\\/image\\\/\"},\"sameAs\":[\"https:\\\/\\\/www.facebook.com\\\/visitamalfiofficial\",\"https:\\\/\\\/www.instagram.com\\\/visitamalfiofficial\\\/\"]}]}<\/script>\n<!-- \/ Yoast SEO plugin. -->","yoast_head_json":{"title":"Hotel La Bussola - Visit Amalfi","robots":{"index":"index","follow":"follow","max-snippet":"max-snippet:-1","max-image-preview":"max-image-preview:large","max-video-preview":"max-video-preview:-1"},"canonical":"https:\/\/www.visitamalfi.info\/fr\/amw-accommodation\/hotel-la-bussola\/","og_locale":"fr_FR","og_type":"article","og_title":"Hotel La Bussola - Visit Amalfi","og_description":"L'h\u00f4tel La Bussola est situ\u00e9 \u00e0 Amalfi, le centre n\u00e9vralgique de la c\u00f4te amalfitaine, \u00e0 quelques pas de la Piazza Duomo et du port touristique de la ville.","og_url":"https:\/\/www.visitamalfi.info\/fr\/amw-accommodation\/hotel-la-bussola\/","og_site_name":"Visit Amalfi","article_publisher":"https:\/\/www.facebook.com\/visitamalfiofficial","article_modified_time":"2026-02-09T12:13:19+00:00","og_image":[{"url":"https:\/\/www.visitamalfi.info\/wp-content\/uploads\/2023\/05\/La-Bussola-Amalfi-scaled-300x300.jpg","type":"","width":"","height":""}],"twitter_card":"summary_large_image","twitter_misc":{"Dur\u00e9e de lecture estim\u00e9e":"2 minutes"},"schema":{"@context":"https:\/\/schema.org","@graph":[{"@type":"WebPage","@id":"https:\/\/www.visitamalfi.info\/fr\/amw-accommodation\/hotel-la-bussola\/","url":"https:\/\/www.visitamalfi.info\/fr\/amw-accommodation\/hotel-la-bussola\/","name":"Hotel La Bussola - Visit Amalfi","isPartOf":{"@id":"https:\/\/www.visitamalfi.info\/fr\/#website"},"datePublished":"2023-05-26T12:21:24+00:00","dateModified":"2026-02-09T12:13:19+00:00","breadcrumb":{"@id":"https:\/\/www.visitamalfi.info\/fr\/amw-accommodation\/hotel-la-bussola\/#breadcrumb"},"inLanguage":"fr-FR","potentialAction":[{"@type":"ReadAction","target":["https:\/\/www.visitamalfi.info\/fr\/amw-accommodation\/hotel-la-bussola\/"]}]},{"@type":"BreadcrumbList","@id":"https:\/\/www.visitamalfi.info\/fr\/amw-accommodation\/hotel-la-bussola\/#breadcrumb","itemListElement":[{"@type":"ListItem","position":1,"name":"Home","item":"https:\/\/www.visitamalfi.info\/fr\/"},{"@type":"ListItem","position":2,"name":"Hotel La Bussola"}]},{"@type":"WebSite","@id":"https:\/\/www.visitamalfi.info\/fr\/#website","url":"https:\/\/www.visitamalfi.info\/fr\/","name":"Visit Amalfi","description":"Amalfi Destination Official Website","publisher":{"@id":"https:\/\/www.visitamalfi.info\/fr\/#organization"},"potentialAction":[{"@type":"SearchAction","target":{"@type":"EntryPoint","urlTemplate":"https:\/\/www.visitamalfi.info\/fr\/?s={search_term_string}"},"query-input":{"@type":"PropertyValueSpecification","valueRequired":true,"valueName":"search_term_string"}}],"inLanguage":"fr-FR"},{"@type":"Organization","@id":"https:\/\/www.visitamalfi.info\/fr\/#organization","name":"Visit Amalfi","url":"https:\/\/www.visitamalfi.info\/fr\/","logo":{"@type":"ImageObject","inLanguage":"fr-FR","@id":"https:\/\/www.visitamalfi.info\/fr\/#\/schema\/logo\/image\/","url":"https:\/\/www.visitamalfi.info\/wp-content\/uploads\/2023\/04\/visit-amalfi-logo-web.png","contentUrl":"https:\/\/www.visitamalfi.info\/wp-content\/uploads\/2023\/04\/visit-amalfi-logo-web.png","width":800,"height":870,"caption":"Visit Amalfi"},"image":{"@id":"https:\/\/www.visitamalfi.info\/fr\/#\/schema\/logo\/image\/"},"sameAs":["https:\/\/www.facebook.com\/visitamalfiofficial","https:\/\/www.instagram.com\/visitamalfiofficial\/"]}]}},"_links":{"self":[{"href":"https:\/\/www.visitamalfi.info\/fr\/wp-json\/wp\/v2\/amw_accommodation\/7727","targetHints":{"allow":["GET"]}}],"collection":[{"href":"https:\/\/www.visitamalfi.info\/fr\/wp-json\/wp\/v2\/amw_accommodation"}],"about":[{"href":"https:\/\/www.visitamalfi.info\/fr\/wp-json\/wp\/v2\/types\/amw_accommodation"}],"version-history":[{"count":3,"href":"https:\/\/www.visitamalfi.info\/fr\/wp-json\/wp\/v2\/amw_accommodation\/7727\/revisions"}],"predecessor-version":[{"id":23878,"href":"https:\/\/www.visitamalfi.info\/fr\/wp-json\/wp\/v2\/amw_accommodation\/7727\/revisions\/23878"}],"wp:attachment":[{"href":"https:\/\/www.visitamalfi.info\/fr\/wp-json\/wp\/v2\/media?parent=7727"}],"wp:term":[{"taxonomy":"accommodation_strenghts","embeddable":true,"href":"https:\/\/www.visitamalfi.info\/fr\/wp-json\/wp\/v2\/accommodation_strenghts?post=7727"},{"taxonomy":"season","embeddable":true,"href":"https:\/\/www.visitamalfi.info\/fr\/wp-json\/wp\/v2\/season?post=7727"},{"taxonomy":"accommodation_amenities","embeddable":true,"href":"https:\/\/www.visitamalfi.info\/fr\/wp-json\/wp\/v2\/accommodation_amenities?post=7727"},{"taxonomy":"amw_accommodation_type","embeddable":true,"href":"https:\/\/www.visitamalfi.info\/fr\/wp-json\/wp\/v2\/amw_accommodation_type?post=7727"}],"curies":[{"name":"wp","href":"https:\/\/api.w.org\/{rel}","templated":true}]}}