{"id":23698,"date":"2026-01-09T13:04:03","date_gmt":"2026-01-09T12:04:03","guid":{"rendered":"https:\/\/www.visitamalfi.info\/amw-accommodation\/jori-vista-amalfi\/"},"modified":"2026-01-12T11:00:55","modified_gmt":"2026-01-12T10:00:55","slug":"jori-vista-amalfi","status":"publish","type":"amw_accommodation","link":"https:\/\/www.visitamalfi.info\/fr\/amw-accommodation\/jori-vista-amalfi\/","title":{"rendered":"JoR\u00ec Vista Amalfi"},"content":{"rendered":"<div class=\"page\" title=\"Page 3\">\n<div class=\"layoutArea\">\n<div class=\"column\">\n<div id='gallery-1' class='gallery galleryid-23698 gallery-columns-4 gallery-size-thumbnail'><figure class='gallery-item'>\n\t\t\t<div class='gallery-icon landscape'>\n\t\t\t\t<a href='https:\/\/www.visitamalfi.info\/wp-content\/uploads\/2026\/01\/PHOTO-2025-12-09-21-51-29.jpg' data-lightbox=\"gal[23698]\"><img fetchpriority=\"high\" decoding=\"async\" width=\"300\" height=\"300\" src=\"https:\/\/www.visitamalfi.info\/wp-content\/uploads\/2026\/01\/PHOTO-2025-12-09-21-51-29-300x300.jpg\" class=\"attachment-thumbnail size-thumbnail\" alt=\"Jori\u0300 Vista Amalfi_Kitchen\" srcset=\"https:\/\/www.visitamalfi.info\/wp-content\/uploads\/2026\/01\/PHOTO-2025-12-09-21-51-29-300x300.jpg 300w, https:\/\/www.visitamalfi.info\/wp-content\/uploads\/2026\/01\/PHOTO-2025-12-09-21-51-29-510x510.jpg 510w, https:\/\/www.visitamalfi.info\/wp-content\/uploads\/2026\/01\/PHOTO-2025-12-09-21-51-29-160x160.jpg 160w\" sizes=\"(max-width: 300px) 100vw, 300px\" \/><\/a>\n\t\t\t<\/div><\/figure><figure class='gallery-item'>\n\t\t\t<div class='gallery-icon landscape'>\n\t\t\t\t<a href='https:\/\/www.visitamalfi.info\/wp-content\/uploads\/2026\/01\/PHOTO-2025-12-09-21-52-53-1.jpg' data-lightbox=\"gal[23698]\"><img decoding=\"async\" width=\"300\" height=\"300\" src=\"https:\/\/www.visitamalfi.info\/wp-content\/uploads\/2026\/01\/PHOTO-2025-12-09-21-52-53-1-300x300.jpg\" class=\"attachment-thumbnail size-thumbnail\" alt=\"Jori\u0300 Vista Amalfi_View\" srcset=\"https:\/\/www.visitamalfi.info\/wp-content\/uploads\/2026\/01\/PHOTO-2025-12-09-21-52-53-1-300x300.jpg 300w, https:\/\/www.visitamalfi.info\/wp-content\/uploads\/2026\/01\/PHOTO-2025-12-09-21-52-53-1-510x510.jpg 510w, https:\/\/www.visitamalfi.info\/wp-content\/uploads\/2026\/01\/PHOTO-2025-12-09-21-52-53-1-160x160.jpg 160w\" sizes=\"(max-width: 300px) 100vw, 300px\" \/><\/a>\n\t\t\t<\/div><\/figure><figure class='gallery-item'>\n\t\t\t<div class='gallery-icon landscape'>\n\t\t\t\t<a href='https:\/\/www.visitamalfi.info\/wp-content\/uploads\/2026\/01\/PHOTO-2025-12-09-21-51-29-10.jpg' data-lightbox=\"gal[23698]\"><img decoding=\"async\" width=\"300\" height=\"300\" src=\"https:\/\/www.visitamalfi.info\/wp-content\/uploads\/2026\/01\/PHOTO-2025-12-09-21-51-29-10-300x300.jpg\" class=\"attachment-thumbnail size-thumbnail\" alt=\"Jori\u0300 Vista Amalfi_Terrace\" srcset=\"https:\/\/www.visitamalfi.info\/wp-content\/uploads\/2026\/01\/PHOTO-2025-12-09-21-51-29-10-300x300.jpg 300w, https:\/\/www.visitamalfi.info\/wp-content\/uploads\/2026\/01\/PHOTO-2025-12-09-21-51-29-10-510x510.jpg 510w, https:\/\/www.visitamalfi.info\/wp-content\/uploads\/2026\/01\/PHOTO-2025-12-09-21-51-29-10-160x160.jpg 160w\" sizes=\"(max-width: 300px) 100vw, 300px\" \/><\/a>\n\t\t\t<\/div><\/figure><figure class='gallery-item'>\n\t\t\t<div class='gallery-icon landscape'>\n\t\t\t\t<a href='https:\/\/www.visitamalfi.info\/wp-content\/uploads\/2026\/01\/PHOTO-2025-12-09-21-51-29-8.jpg' data-lightbox=\"gal[23698]\"><img loading=\"lazy\" decoding=\"async\" width=\"300\" height=\"300\" src=\"https:\/\/www.visitamalfi.info\/wp-content\/uploads\/2026\/01\/PHOTO-2025-12-09-21-51-29-8-300x300.jpg\" class=\"attachment-thumbnail size-thumbnail\" alt=\"Jori\u0300 Vista Amalfi_Terrace\" srcset=\"https:\/\/www.visitamalfi.info\/wp-content\/uploads\/2026\/01\/PHOTO-2025-12-09-21-51-29-8-300x300.jpg 300w, https:\/\/www.visitamalfi.info\/wp-content\/uploads\/2026\/01\/PHOTO-2025-12-09-21-51-29-8-510x510.jpg 510w, https:\/\/www.visitamalfi.info\/wp-content\/uploads\/2026\/01\/PHOTO-2025-12-09-21-51-29-8-160x160.jpg 160w\" sizes=\"(max-width: 300px) 100vw, 300px\" \/><\/a>\n\t\t\t<\/div><\/figure>\n\t\t<\/div>\n\n<p>JoR\u00ec est la maison id\u00e9ale pour un s\u00e9jour reposant et paisible. Un coin de paradis avec une vue \u00e0 couper le souffle. Dans le village de Tovere, \u00e0 quelques minutes du centre d&#8217;Amalfi, vous pourrez profiter de tout le confort, avec des espaces lumineux et meubl\u00e9s avec go\u00fbt.<br \/>\nL&#8217;atmosph\u00e8re intime et conviviale est id\u00e9ale pour partir \u00e0 la d\u00e9couverte de la beaut\u00e9 naturelle, de l&#8217;histoire mill\u00e9naire et des saveurs de la culture culinaire d&#8217;un pays unique.<\/p>\n<div id='gallery-2' class='gallery galleryid-23698 gallery-columns-4 gallery-size-thumbnail'><figure class='gallery-item'>\n\t\t\t<div class='gallery-icon landscape'>\n\t\t\t\t<a href='https:\/\/www.visitamalfi.info\/wp-content\/uploads\/2026\/01\/Jori-Vista-Amalfi_Bedroom.jpg' data-lightbox=\"gal[23698]\"><img loading=\"lazy\" decoding=\"async\" width=\"300\" height=\"300\" src=\"https:\/\/www.visitamalfi.info\/wp-content\/uploads\/2026\/01\/Jori-Vista-Amalfi_Bedroom-300x300.jpg\" class=\"attachment-thumbnail size-thumbnail\" alt=\"Jori\u0300 Vista Amalfi_Bedroom\" srcset=\"https:\/\/www.visitamalfi.info\/wp-content\/uploads\/2026\/01\/Jori-Vista-Amalfi_Bedroom-300x300.jpg 300w, https:\/\/www.visitamalfi.info\/wp-content\/uploads\/2026\/01\/Jori-Vista-Amalfi_Bedroom-510x510.jpg 510w, https:\/\/www.visitamalfi.info\/wp-content\/uploads\/2026\/01\/Jori-Vista-Amalfi_Bedroom-160x160.jpg 160w\" sizes=\"(max-width: 300px) 100vw, 300px\" \/><\/a>\n\t\t\t<\/div><\/figure><figure class='gallery-item'>\n\t\t\t<div class='gallery-icon landscape'>\n\t\t\t\t<a href='https:\/\/www.visitamalfi.info\/wp-content\/uploads\/2026\/01\/PHOTO-2025-12-09-21-51-29-9.jpg' data-lightbox=\"gal[23698]\"><img loading=\"lazy\" decoding=\"async\" width=\"300\" height=\"300\" src=\"https:\/\/www.visitamalfi.info\/wp-content\/uploads\/2026\/01\/PHOTO-2025-12-09-21-51-29-9-300x300.jpg\" class=\"attachment-thumbnail size-thumbnail\" alt=\"\" srcset=\"https:\/\/www.visitamalfi.info\/wp-content\/uploads\/2026\/01\/PHOTO-2025-12-09-21-51-29-9-300x300.jpg 300w, https:\/\/www.visitamalfi.info\/wp-content\/uploads\/2026\/01\/PHOTO-2025-12-09-21-51-29-9-510x510.jpg 510w, https:\/\/www.visitamalfi.info\/wp-content\/uploads\/2026\/01\/PHOTO-2025-12-09-21-51-29-9-160x160.jpg 160w\" sizes=\"(max-width: 300px) 100vw, 300px\" \/><\/a>\n\t\t\t<\/div><\/figure><figure class='gallery-item'>\n\t\t\t<div class='gallery-icon landscape'>\n\t\t\t\t<a href='https:\/\/www.visitamalfi.info\/wp-content\/uploads\/2026\/01\/PHOTO-2025-12-09-21-52-53-5.jpg' data-lightbox=\"gal[23698]\"><img loading=\"lazy\" decoding=\"async\" width=\"300\" height=\"300\" src=\"https:\/\/www.visitamalfi.info\/wp-content\/uploads\/2026\/01\/PHOTO-2025-12-09-21-52-53-5-300x300.jpg\" class=\"attachment-thumbnail size-thumbnail\" alt=\"Jori\u0300 Vista Amalfi_Bedroom\" srcset=\"https:\/\/www.visitamalfi.info\/wp-content\/uploads\/2026\/01\/PHOTO-2025-12-09-21-52-53-5-300x300.jpg 300w, https:\/\/www.visitamalfi.info\/wp-content\/uploads\/2026\/01\/PHOTO-2025-12-09-21-52-53-5-510x510.jpg 510w, https:\/\/www.visitamalfi.info\/wp-content\/uploads\/2026\/01\/PHOTO-2025-12-09-21-52-53-5-160x160.jpg 160w\" sizes=\"(max-width: 300px) 100vw, 300px\" \/><\/a>\n\t\t\t<\/div><\/figure><figure class='gallery-item'>\n\t\t\t<div class='gallery-icon landscape'>\n\t\t\t\t<a href='https:\/\/www.visitamalfi.info\/wp-content\/uploads\/2026\/01\/PHOTO-2025-12-09-21-51-29-12.jpg' data-lightbox=\"gal[23698]\"><img loading=\"lazy\" decoding=\"async\" width=\"300\" height=\"300\" src=\"https:\/\/www.visitamalfi.info\/wp-content\/uploads\/2026\/01\/PHOTO-2025-12-09-21-51-29-12-300x300.jpg\" class=\"attachment-thumbnail size-thumbnail\" alt=\"Jori\u0300 Vista Amalfi_Terrace\" srcset=\"https:\/\/www.visitamalfi.info\/wp-content\/uploads\/2026\/01\/PHOTO-2025-12-09-21-51-29-12-300x300.jpg 300w, https:\/\/www.visitamalfi.info\/wp-content\/uploads\/2026\/01\/PHOTO-2025-12-09-21-51-29-12-510x510.jpg 510w, https:\/\/www.visitamalfi.info\/wp-content\/uploads\/2026\/01\/PHOTO-2025-12-09-21-51-29-12-160x160.jpg 160w\" sizes=\"(max-width: 300px) 100vw, 300px\" \/><\/a>\n\t\t\t<\/div><\/figure>\n\t\t<\/div>\n\n<p>Une exp\u00e9rience inoubliable dans un cadre \u00e9l\u00e9gant et charg\u00e9 d&#8217;histoire. L&#8217;emplacement offre des vues spectaculaires sur Amalfi et une partie de son magnifique littoral, ce qui fait du JoR\u00ec un choix vraiment unique. Les h\u00f4tes peuvent se d\u00e9tendre confortablement dans le patio, d\u00e9guster des plats et des boissons tout en profitant du soleil et de la tranquillit\u00e9 de la nature, et appr\u00e9cier les nombreux feux d&#8217;artifice qui illuminent le ciel d&#8217;Amalfi et des villes voisines telles qu&#8217;Atrani et Maiori diff\u00e9rents soirs de l&#8217;ann\u00e9e (27 juin, 22 juillet, 15 ao\u00fbt, 1er septembre, 30 novembre et 31 d\u00e9cembre).<\/p>\n<div id='gallery-3' class='gallery galleryid-23698 gallery-columns-4 gallery-size-thumbnail'><figure class='gallery-item'>\n\t\t\t<div class='gallery-icon portrait'>\n\t\t\t\t<a href='https:\/\/www.visitamalfi.info\/wp-content\/uploads\/2026\/01\/PHOTO-2025-12-09-21-52-53-2.jpg' data-lightbox=\"gal[23698]\"><img loading=\"lazy\" decoding=\"async\" width=\"300\" height=\"300\" src=\"https:\/\/www.visitamalfi.info\/wp-content\/uploads\/2026\/01\/PHOTO-2025-12-09-21-52-53-2-300x300.jpg\" class=\"attachment-thumbnail size-thumbnail\" alt=\"Jori\u0300 Vista Amalfi_Bathroom\" srcset=\"https:\/\/www.visitamalfi.info\/wp-content\/uploads\/2026\/01\/PHOTO-2025-12-09-21-52-53-2-300x300.jpg 300w, https:\/\/www.visitamalfi.info\/wp-content\/uploads\/2026\/01\/PHOTO-2025-12-09-21-52-53-2-510x510.jpg 510w, https:\/\/www.visitamalfi.info\/wp-content\/uploads\/2026\/01\/PHOTO-2025-12-09-21-52-53-2-160x160.jpg 160w\" sizes=\"(max-width: 300px) 100vw, 300px\" \/><\/a>\n\t\t\t<\/div><\/figure><figure class='gallery-item'>\n\t\t\t<div class='gallery-icon landscape'>\n\t\t\t\t<a href='https:\/\/www.visitamalfi.info\/wp-content\/uploads\/2026\/01\/Jori-Vista-Amalfi_Kitchen.jpg' data-lightbox=\"gal[23698]\"><img loading=\"lazy\" decoding=\"async\" width=\"300\" height=\"300\" src=\"https:\/\/www.visitamalfi.info\/wp-content\/uploads\/2026\/01\/Jori-Vista-Amalfi_Kitchen-300x300.jpg\" class=\"attachment-thumbnail size-thumbnail\" alt=\"Jori\u0300 Vista Amalfi_Kitchen\" srcset=\"https:\/\/www.visitamalfi.info\/wp-content\/uploads\/2026\/01\/Jori-Vista-Amalfi_Kitchen-300x300.jpg 300w, https:\/\/www.visitamalfi.info\/wp-content\/uploads\/2026\/01\/Jori-Vista-Amalfi_Kitchen-510x510.jpg 510w, https:\/\/www.visitamalfi.info\/wp-content\/uploads\/2026\/01\/Jori-Vista-Amalfi_Kitchen-160x160.jpg 160w\" sizes=\"(max-width: 300px) 100vw, 300px\" \/><\/a>\n\t\t\t<\/div><\/figure><figure class='gallery-item'>\n\t\t\t<div class='gallery-icon landscape'>\n\t\t\t\t<a href='https:\/\/www.visitamalfi.info\/wp-content\/uploads\/2026\/01\/PHOTO-2025-12-09-21-51-29-7.jpg' data-lightbox=\"gal[23698]\"><img loading=\"lazy\" decoding=\"async\" width=\"300\" height=\"300\" src=\"https:\/\/www.visitamalfi.info\/wp-content\/uploads\/2026\/01\/PHOTO-2025-12-09-21-51-29-7-300x300.jpg\" class=\"attachment-thumbnail size-thumbnail\" alt=\"Jori\u0300 Vista Amalfi_Terrace\" srcset=\"https:\/\/www.visitamalfi.info\/wp-content\/uploads\/2026\/01\/PHOTO-2025-12-09-21-51-29-7-300x300.jpg 300w, https:\/\/www.visitamalfi.info\/wp-content\/uploads\/2026\/01\/PHOTO-2025-12-09-21-51-29-7-510x510.jpg 510w, https:\/\/www.visitamalfi.info\/wp-content\/uploads\/2026\/01\/PHOTO-2025-12-09-21-51-29-7-160x160.jpg 160w\" sizes=\"(max-width: 300px) 100vw, 300px\" \/><\/a>\n\t\t\t<\/div><\/figure><figure class='gallery-item'>\n\t\t\t<div class='gallery-icon landscape'>\n\t\t\t\t<a href='https:\/\/www.visitamalfi.info\/wp-content\/uploads\/2026\/01\/PHOTO-2025-12-09-21-51-29-6.jpg' data-lightbox=\"gal[23698]\"><img loading=\"lazy\" decoding=\"async\" width=\"300\" height=\"300\" src=\"https:\/\/www.visitamalfi.info\/wp-content\/uploads\/2026\/01\/PHOTO-2025-12-09-21-51-29-6-300x300.jpg\" class=\"attachment-thumbnail size-thumbnail\" alt=\"Jori\u0300 Vista Amalfi_Bathroom\" srcset=\"https:\/\/www.visitamalfi.info\/wp-content\/uploads\/2026\/01\/PHOTO-2025-12-09-21-51-29-6-300x300.jpg 300w, https:\/\/www.visitamalfi.info\/wp-content\/uploads\/2026\/01\/PHOTO-2025-12-09-21-51-29-6-510x510.jpg 510w, https:\/\/www.visitamalfi.info\/wp-content\/uploads\/2026\/01\/PHOTO-2025-12-09-21-51-29-6-160x160.jpg 160w\" sizes=\"(max-width: 300px) 100vw, 300px\" \/><\/a>\n\t\t\t<\/div><\/figure>\n\t\t<\/div>\n\n<\/div>\n<div class=\"page\" title=\"Page 4\">\n<div class=\"layoutArea\">\n<div class=\"column\">\n<p><strong>Services propos\u00e9s<\/strong><\/p>\n<p>Parking r\u00e9serv\u00e9 gratuit, wi-fi (fibre), plaque de cuisson \u00e0 induction, ustensiles de cuisine et casseroles, couverts, verres, verres \u00e0 vin, fl\u00fbte \u00e0 vin mousseux, tasses \u00e0 caf\u00e9 et \u00e0 boissons en c\u00e9ramique peintes \u00e0 la main, assiettes en c\u00e9ramique peintes \u00e0 la main, machine \u00e0 expresso, mixeur plongeant, four \u00e0 micro-ondes, bouilloire grille-pain, lave-vaisselle, lave-linge, r\u00e9frig\u00e9rateur, cong\u00e9lateur, fer \u00e0 repasser, planche \u00e0 repasser, serviettes personnalis\u00e9es, serviettes de plage, savon, gel douche, apr\u00e8s-shampoing, shampoing, papier toilette, s\u00e8che-cheveux, huile, sel, vinaigre, sucre, dosettes de caf\u00e9, grill \u00e9lectrique, chaises longues, table en pierre de lave avec chaises d&#8217;ext\u00e9rieur.<br \/>\nD\u00e9tecteurs de fum\u00e9e, d\u00e9tecteurs de monoxyde de carbone, extincteur, sac de premiers secours, \u00e9tiquettes anti-insectes, kit de couture, canap\u00e9-lit \u00e0 deux places, surmatelas, coffre-fort.<\/p>\n<\/div>\n<\/div>\n<\/div>\n<\/div>\n<\/div>\n","protected":false},"excerpt":{"rendered":"<p>JoR\u00ec est une destination id\u00e9ale pour les \u00e9crivains, les musiciens, les peintres et les artistes en raison de son excellente situation et de sa tranquillit\u00e9.<\/p>\n","protected":false},"featured_media":23656,"template":"","accommodation_strenghts":[],"season":[230,238,244,233],"accommodation_amenities":[],"amw_accommodation_type":[511],"class_list":["post-23698","amw_accommodation","type-amw_accommodation","status-publish","has-post-thumbnail","hentry","season-automne","season-lete","season-lhiver","season-printemps","amw_accommodation_type-maison-et-appartement-de-vacances"],"yoast_head":"<!-- This site is optimized with the Yoast SEO plugin v27.3 - https:\/\/yoast.com\/product\/yoast-seo-wordpress\/ -->\n<title>JoR\u00ec Vista Amalfi - Visit Amalfi<\/title>\n<meta name=\"robots\" content=\"index, follow, max-snippet:-1, max-image-preview:large, max-video-preview:-1\" \/>\n<link rel=\"canonical\" href=\"https:\/\/www.visitamalfi.info\/fr\/amw-accommodation\/jori-vista-amalfi\/\" \/>\n<meta property=\"og:locale\" content=\"fr_FR\" \/>\n<meta property=\"og:type\" content=\"article\" \/>\n<meta property=\"og:title\" content=\"JoR\u00ec Vista Amalfi - Visit Amalfi\" \/>\n<meta property=\"og:description\" content=\"JoR\u00ec est une destination id\u00e9ale pour les \u00e9crivains, les musiciens, les peintres et les artistes en raison de son excellente situation et de sa tranquillit\u00e9.\" \/>\n<meta property=\"og:url\" content=\"https:\/\/www.visitamalfi.info\/fr\/amw-accommodation\/jori-vista-amalfi\/\" \/>\n<meta property=\"og:site_name\" content=\"Visit Amalfi\" \/>\n<meta property=\"article:publisher\" content=\"https:\/\/www.facebook.com\/visitamalfiofficial\" \/>\n<meta property=\"article:modified_time\" content=\"2026-01-12T10:00:55+00:00\" \/>\n<meta property=\"og:image\" content=\"https:\/\/www.visitamalfi.info\/wp-content\/uploads\/2026\/01\/PHOTO-2025-12-09-21-52-53-1.jpg\" \/>\n\t<meta property=\"og:image:width\" content=\"1024\" \/>\n\t<meta property=\"og:image:height\" content=\"683\" \/>\n\t<meta property=\"og:image:type\" content=\"image\/jpeg\" \/>\n<meta name=\"twitter:card\" content=\"summary_large_image\" \/>\n<meta name=\"twitter:label1\" content=\"Dur\u00e9e de lecture estim\u00e9e\" \/>\n\t<meta name=\"twitter:data1\" content=\"2 minutes\" \/>\n<script type=\"application\/ld+json\" class=\"yoast-schema-graph\">{\"@context\":\"https:\\\/\\\/schema.org\",\"@graph\":[{\"@type\":\"WebPage\",\"@id\":\"https:\\\/\\\/www.visitamalfi.info\\\/fr\\\/amw-accommodation\\\/jori-vista-amalfi\\\/\",\"url\":\"https:\\\/\\\/www.visitamalfi.info\\\/fr\\\/amw-accommodation\\\/jori-vista-amalfi\\\/\",\"name\":\"JoR\u00ec Vista Amalfi - Visit Amalfi\",\"isPartOf\":{\"@id\":\"https:\\\/\\\/www.visitamalfi.info\\\/fr\\\/#website\"},\"primaryImageOfPage\":{\"@id\":\"https:\\\/\\\/www.visitamalfi.info\\\/fr\\\/amw-accommodation\\\/jori-vista-amalfi\\\/#primaryimage\"},\"image\":{\"@id\":\"https:\\\/\\\/www.visitamalfi.info\\\/fr\\\/amw-accommodation\\\/jori-vista-amalfi\\\/#primaryimage\"},\"thumbnailUrl\":\"https:\\\/\\\/www.visitamalfi.info\\\/wp-content\\\/uploads\\\/2026\\\/01\\\/PHOTO-2025-12-09-21-52-53-1.jpg\",\"datePublished\":\"2026-01-09T12:04:03+00:00\",\"dateModified\":\"2026-01-12T10:00:55+00:00\",\"breadcrumb\":{\"@id\":\"https:\\\/\\\/www.visitamalfi.info\\\/fr\\\/amw-accommodation\\\/jori-vista-amalfi\\\/#breadcrumb\"},\"inLanguage\":\"fr-FR\",\"potentialAction\":[{\"@type\":\"ReadAction\",\"target\":[\"https:\\\/\\\/www.visitamalfi.info\\\/fr\\\/amw-accommodation\\\/jori-vista-amalfi\\\/\"]}]},{\"@type\":\"ImageObject\",\"inLanguage\":\"fr-FR\",\"@id\":\"https:\\\/\\\/www.visitamalfi.info\\\/fr\\\/amw-accommodation\\\/jori-vista-amalfi\\\/#primaryimage\",\"url\":\"https:\\\/\\\/www.visitamalfi.info\\\/wp-content\\\/uploads\\\/2026\\\/01\\\/PHOTO-2025-12-09-21-52-53-1.jpg\",\"contentUrl\":\"https:\\\/\\\/www.visitamalfi.info\\\/wp-content\\\/uploads\\\/2026\\\/01\\\/PHOTO-2025-12-09-21-52-53-1.jpg\",\"width\":1024,\"height\":683,\"caption\":\"Jori\u0300 Vista Amalfi_View\"},{\"@type\":\"BreadcrumbList\",\"@id\":\"https:\\\/\\\/www.visitamalfi.info\\\/fr\\\/amw-accommodation\\\/jori-vista-amalfi\\\/#breadcrumb\",\"itemListElement\":[{\"@type\":\"ListItem\",\"position\":1,\"name\":\"Home\",\"item\":\"https:\\\/\\\/www.visitamalfi.info\\\/fr\\\/\"},{\"@type\":\"ListItem\",\"position\":2,\"name\":\"JoR\u00ec Vista Amalfi\"}]},{\"@type\":\"WebSite\",\"@id\":\"https:\\\/\\\/www.visitamalfi.info\\\/fr\\\/#website\",\"url\":\"https:\\\/\\\/www.visitamalfi.info\\\/fr\\\/\",\"name\":\"Visit Amalfi\",\"description\":\"Amalfi Destination Official Website\",\"publisher\":{\"@id\":\"https:\\\/\\\/www.visitamalfi.info\\\/fr\\\/#organization\"},\"potentialAction\":[{\"@type\":\"SearchAction\",\"target\":{\"@type\":\"EntryPoint\",\"urlTemplate\":\"https:\\\/\\\/www.visitamalfi.info\\\/fr\\\/?s={search_term_string}\"},\"query-input\":{\"@type\":\"PropertyValueSpecification\",\"valueRequired\":true,\"valueName\":\"search_term_string\"}}],\"inLanguage\":\"fr-FR\"},{\"@type\":\"Organization\",\"@id\":\"https:\\\/\\\/www.visitamalfi.info\\\/fr\\\/#organization\",\"name\":\"Visit Amalfi\",\"url\":\"https:\\\/\\\/www.visitamalfi.info\\\/fr\\\/\",\"logo\":{\"@type\":\"ImageObject\",\"inLanguage\":\"fr-FR\",\"@id\":\"https:\\\/\\\/www.visitamalfi.info\\\/fr\\\/#\\\/schema\\\/logo\\\/image\\\/\",\"url\":\"https:\\\/\\\/www.visitamalfi.info\\\/wp-content\\\/uploads\\\/2023\\\/04\\\/visit-amalfi-logo-web.png\",\"contentUrl\":\"https:\\\/\\\/www.visitamalfi.info\\\/wp-content\\\/uploads\\\/2023\\\/04\\\/visit-amalfi-logo-web.png\",\"width\":800,\"height\":870,\"caption\":\"Visit Amalfi\"},\"image\":{\"@id\":\"https:\\\/\\\/www.visitamalfi.info\\\/fr\\\/#\\\/schema\\\/logo\\\/image\\\/\"},\"sameAs\":[\"https:\\\/\\\/www.facebook.com\\\/visitamalfiofficial\",\"https:\\\/\\\/www.instagram.com\\\/visitamalfiofficial\\\/\"]}]}<\/script>\n<!-- \/ Yoast SEO plugin. -->","yoast_head_json":{"title":"JoR\u00ec Vista Amalfi - Visit Amalfi","robots":{"index":"index","follow":"follow","max-snippet":"max-snippet:-1","max-image-preview":"max-image-preview:large","max-video-preview":"max-video-preview:-1"},"canonical":"https:\/\/www.visitamalfi.info\/fr\/amw-accommodation\/jori-vista-amalfi\/","og_locale":"fr_FR","og_type":"article","og_title":"JoR\u00ec Vista Amalfi - Visit Amalfi","og_description":"JoR\u00ec est une destination id\u00e9ale pour les \u00e9crivains, les musiciens, les peintres et les artistes en raison de son excellente situation et de sa tranquillit\u00e9.","og_url":"https:\/\/www.visitamalfi.info\/fr\/amw-accommodation\/jori-vista-amalfi\/","og_site_name":"Visit Amalfi","article_publisher":"https:\/\/www.facebook.com\/visitamalfiofficial","article_modified_time":"2026-01-12T10:00:55+00:00","og_image":[{"width":1024,"height":683,"url":"https:\/\/www.visitamalfi.info\/wp-content\/uploads\/2026\/01\/PHOTO-2025-12-09-21-52-53-1.jpg","type":"image\/jpeg"}],"twitter_card":"summary_large_image","twitter_misc":{"Dur\u00e9e de lecture estim\u00e9e":"2 minutes"},"schema":{"@context":"https:\/\/schema.org","@graph":[{"@type":"WebPage","@id":"https:\/\/www.visitamalfi.info\/fr\/amw-accommodation\/jori-vista-amalfi\/","url":"https:\/\/www.visitamalfi.info\/fr\/amw-accommodation\/jori-vista-amalfi\/","name":"JoR\u00ec Vista Amalfi - Visit Amalfi","isPartOf":{"@id":"https:\/\/www.visitamalfi.info\/fr\/#website"},"primaryImageOfPage":{"@id":"https:\/\/www.visitamalfi.info\/fr\/amw-accommodation\/jori-vista-amalfi\/#primaryimage"},"image":{"@id":"https:\/\/www.visitamalfi.info\/fr\/amw-accommodation\/jori-vista-amalfi\/#primaryimage"},"thumbnailUrl":"https:\/\/www.visitamalfi.info\/wp-content\/uploads\/2026\/01\/PHOTO-2025-12-09-21-52-53-1.jpg","datePublished":"2026-01-09T12:04:03+00:00","dateModified":"2026-01-12T10:00:55+00:00","breadcrumb":{"@id":"https:\/\/www.visitamalfi.info\/fr\/amw-accommodation\/jori-vista-amalfi\/#breadcrumb"},"inLanguage":"fr-FR","potentialAction":[{"@type":"ReadAction","target":["https:\/\/www.visitamalfi.info\/fr\/amw-accommodation\/jori-vista-amalfi\/"]}]},{"@type":"ImageObject","inLanguage":"fr-FR","@id":"https:\/\/www.visitamalfi.info\/fr\/amw-accommodation\/jori-vista-amalfi\/#primaryimage","url":"https:\/\/www.visitamalfi.info\/wp-content\/uploads\/2026\/01\/PHOTO-2025-12-09-21-52-53-1.jpg","contentUrl":"https:\/\/www.visitamalfi.info\/wp-content\/uploads\/2026\/01\/PHOTO-2025-12-09-21-52-53-1.jpg","width":1024,"height":683,"caption":"Jori\u0300 Vista Amalfi_View"},{"@type":"BreadcrumbList","@id":"https:\/\/www.visitamalfi.info\/fr\/amw-accommodation\/jori-vista-amalfi\/#breadcrumb","itemListElement":[{"@type":"ListItem","position":1,"name":"Home","item":"https:\/\/www.visitamalfi.info\/fr\/"},{"@type":"ListItem","position":2,"name":"JoR\u00ec Vista Amalfi"}]},{"@type":"WebSite","@id":"https:\/\/www.visitamalfi.info\/fr\/#website","url":"https:\/\/www.visitamalfi.info\/fr\/","name":"Visit Amalfi","description":"Amalfi Destination Official Website","publisher":{"@id":"https:\/\/www.visitamalfi.info\/fr\/#organization"},"potentialAction":[{"@type":"SearchAction","target":{"@type":"EntryPoint","urlTemplate":"https:\/\/www.visitamalfi.info\/fr\/?s={search_term_string}"},"query-input":{"@type":"PropertyValueSpecification","valueRequired":true,"valueName":"search_term_string"}}],"inLanguage":"fr-FR"},{"@type":"Organization","@id":"https:\/\/www.visitamalfi.info\/fr\/#organization","name":"Visit Amalfi","url":"https:\/\/www.visitamalfi.info\/fr\/","logo":{"@type":"ImageObject","inLanguage":"fr-FR","@id":"https:\/\/www.visitamalfi.info\/fr\/#\/schema\/logo\/image\/","url":"https:\/\/www.visitamalfi.info\/wp-content\/uploads\/2023\/04\/visit-amalfi-logo-web.png","contentUrl":"https:\/\/www.visitamalfi.info\/wp-content\/uploads\/2023\/04\/visit-amalfi-logo-web.png","width":800,"height":870,"caption":"Visit Amalfi"},"image":{"@id":"https:\/\/www.visitamalfi.info\/fr\/#\/schema\/logo\/image\/"},"sameAs":["https:\/\/www.facebook.com\/visitamalfiofficial","https:\/\/www.instagram.com\/visitamalfiofficial\/"]}]}},"_links":{"self":[{"href":"https:\/\/www.visitamalfi.info\/fr\/wp-json\/wp\/v2\/amw_accommodation\/23698","targetHints":{"allow":["GET"]}}],"collection":[{"href":"https:\/\/www.visitamalfi.info\/fr\/wp-json\/wp\/v2\/amw_accommodation"}],"about":[{"href":"https:\/\/www.visitamalfi.info\/fr\/wp-json\/wp\/v2\/types\/amw_accommodation"}],"version-history":[{"count":2,"href":"https:\/\/www.visitamalfi.info\/fr\/wp-json\/wp\/v2\/amw_accommodation\/23698\/revisions"}],"predecessor-version":[{"id":23713,"href":"https:\/\/www.visitamalfi.info\/fr\/wp-json\/wp\/v2\/amw_accommodation\/23698\/revisions\/23713"}],"wp:featuredmedia":[{"embeddable":true,"href":"https:\/\/www.visitamalfi.info\/fr\/wp-json\/wp\/v2\/media\/23656"}],"wp:attachment":[{"href":"https:\/\/www.visitamalfi.info\/fr\/wp-json\/wp\/v2\/media?parent=23698"}],"wp:term":[{"taxonomy":"accommodation_strenghts","embeddable":true,"href":"https:\/\/www.visitamalfi.info\/fr\/wp-json\/wp\/v2\/accommodation_strenghts?post=23698"},{"taxonomy":"season","embeddable":true,"href":"https:\/\/www.visitamalfi.info\/fr\/wp-json\/wp\/v2\/season?post=23698"},{"taxonomy":"accommodation_amenities","embeddable":true,"href":"https:\/\/www.visitamalfi.info\/fr\/wp-json\/wp\/v2\/accommodation_amenities?post=23698"},{"taxonomy":"amw_accommodation_type","embeddable":true,"href":"https:\/\/www.visitamalfi.info\/fr\/wp-json\/wp\/v2\/amw_accommodation_type?post=23698"}],"curies":[{"name":"wp","href":"https:\/\/api.w.org\/{rel}","templated":true}]}}