{"id":22215,"date":"2025-06-24T18:02:56","date_gmt":"2025-06-24T16:02:56","guid":{"rendered":"https:\/\/www.visitamalfi.info\/?post_type=amw_accommodation&#038;p=22215"},"modified":"2026-04-22T13:58:13","modified_gmt":"2026-04-22T11:58:13","slug":"residenza-giuseppe","status":"publish","type":"amw_accommodation","link":"https:\/\/www.visitamalfi.info\/fr\/amw-accommodation\/residenza-giuseppe\/","title":{"rendered":"Residenza Giuseppe"},"content":{"rendered":"<div class=\"page\" title=\"Page 3\">\n<div class=\"layoutArea\">\n<div class=\"column\">\n<div id='gallery-1' class='gallery galleryid-22215 gallery-columns-4 gallery-size-thumbnail'><figure class='gallery-item'>\n\t\t\t<div class='gallery-icon landscape'>\n\t\t\t\t<a href='https:\/\/www.visitamalfi.info\/wp-content\/uploads\/2025\/06\/3c88922d-e8fa-4ed7-a41f-e30a76f2ab6e.jpg' data-lightbox=\"gal[22215]\"><img fetchpriority=\"high\" decoding=\"async\" width=\"300\" height=\"300\" src=\"https:\/\/www.visitamalfi.info\/wp-content\/uploads\/2025\/06\/3c88922d-e8fa-4ed7-a41f-e30a76f2ab6e-300x300.jpg\" class=\"attachment-thumbnail size-thumbnail\" alt=\"\" srcset=\"https:\/\/www.visitamalfi.info\/wp-content\/uploads\/2025\/06\/3c88922d-e8fa-4ed7-a41f-e30a76f2ab6e-300x300.jpg 300w, https:\/\/www.visitamalfi.info\/wp-content\/uploads\/2025\/06\/3c88922d-e8fa-4ed7-a41f-e30a76f2ab6e-510x510.jpg 510w, https:\/\/www.visitamalfi.info\/wp-content\/uploads\/2025\/06\/3c88922d-e8fa-4ed7-a41f-e30a76f2ab6e-160x160.jpg 160w\" sizes=\"(max-width: 300px) 100vw, 300px\" \/><\/a>\n\t\t\t<\/div><\/figure><figure class='gallery-item'>\n\t\t\t<div class='gallery-icon portrait'>\n\t\t\t\t<a href='https:\/\/www.visitamalfi.info\/wp-content\/uploads\/2025\/06\/ANA_9511@emanueleanastasioph-WEB-andrea-camera-casa-amalfi-giugno-2025.jpg' data-lightbox=\"gal[22215]\"><img decoding=\"async\" width=\"300\" height=\"300\" src=\"https:\/\/www.visitamalfi.info\/wp-content\/uploads\/2025\/06\/ANA_9511@emanueleanastasioph-WEB-andrea-camera-casa-amalfi-giugno-2025-300x300.jpg\" class=\"attachment-thumbnail size-thumbnail\" alt=\"\" srcset=\"https:\/\/www.visitamalfi.info\/wp-content\/uploads\/2025\/06\/ANA_9511@emanueleanastasioph-WEB-andrea-camera-casa-amalfi-giugno-2025-300x300.jpg 300w, https:\/\/www.visitamalfi.info\/wp-content\/uploads\/2025\/06\/ANA_9511@emanueleanastasioph-WEB-andrea-camera-casa-amalfi-giugno-2025-510x510.jpg 510w, https:\/\/www.visitamalfi.info\/wp-content\/uploads\/2025\/06\/ANA_9511@emanueleanastasioph-WEB-andrea-camera-casa-amalfi-giugno-2025-160x160.jpg 160w\" sizes=\"(max-width: 300px) 100vw, 300px\" \/><\/a>\n\t\t\t<\/div><\/figure><figure class='gallery-item'>\n\t\t\t<div class='gallery-icon landscape'>\n\t\t\t\t<a href='https:\/\/www.visitamalfi.info\/wp-content\/uploads\/2025\/06\/eaf51555-7c7b-495c-813c-a8c0d1094cdd.jpg' data-lightbox=\"gal[22215]\"><img decoding=\"async\" width=\"300\" height=\"300\" src=\"https:\/\/www.visitamalfi.info\/wp-content\/uploads\/2025\/06\/eaf51555-7c7b-495c-813c-a8c0d1094cdd-300x300.jpg\" class=\"attachment-thumbnail size-thumbnail\" alt=\"\" srcset=\"https:\/\/www.visitamalfi.info\/wp-content\/uploads\/2025\/06\/eaf51555-7c7b-495c-813c-a8c0d1094cdd-300x300.jpg 300w, https:\/\/www.visitamalfi.info\/wp-content\/uploads\/2025\/06\/eaf51555-7c7b-495c-813c-a8c0d1094cdd-510x510.jpg 510w, https:\/\/www.visitamalfi.info\/wp-content\/uploads\/2025\/06\/eaf51555-7c7b-495c-813c-a8c0d1094cdd-160x160.jpg 160w\" sizes=\"(max-width: 300px) 100vw, 300px\" \/><\/a>\n\t\t\t<\/div><\/figure><figure class='gallery-item'>\n\t\t\t<div class='gallery-icon landscape'>\n\t\t\t\t<a href='https:\/\/www.visitamalfi.info\/wp-content\/uploads\/2025\/06\/ANA_9502-HDR@emanueleanastasioph-WEB-andrea-camera-casa-amalfi-giugno-2025.jpg' data-lightbox=\"gal[22215]\"><img loading=\"lazy\" decoding=\"async\" width=\"300\" height=\"300\" src=\"https:\/\/www.visitamalfi.info\/wp-content\/uploads\/2025\/06\/ANA_9502-HDR@emanueleanastasioph-WEB-andrea-camera-casa-amalfi-giugno-2025-300x300.jpg\" class=\"attachment-thumbnail size-thumbnail\" alt=\"\" srcset=\"https:\/\/www.visitamalfi.info\/wp-content\/uploads\/2025\/06\/ANA_9502-HDR@emanueleanastasioph-WEB-andrea-camera-casa-amalfi-giugno-2025-300x300.jpg 300w, https:\/\/www.visitamalfi.info\/wp-content\/uploads\/2025\/06\/ANA_9502-HDR@emanueleanastasioph-WEB-andrea-camera-casa-amalfi-giugno-2025-510x510.jpg 510w, https:\/\/www.visitamalfi.info\/wp-content\/uploads\/2025\/06\/ANA_9502-HDR@emanueleanastasioph-WEB-andrea-camera-casa-amalfi-giugno-2025-160x160.jpg 160w\" sizes=\"(max-width: 300px) 100vw, 300px\" \/><\/a>\n\t\t\t<\/div><\/figure>\n\t\t<\/div>\n\n<p>Situ\u00e9e dans le centre d&#8217;Amalfi et r\u00e9cemment r\u00e9nov\u00e9e, la Residenza Giuseppe est l&#8217;endroit id\u00e9al pour un s\u00e9jour tranquille et confortable. Facilement accessible depuis le centre ville par les ruelles caract\u00e9ristiques d&#8217;Amalfi, vous arriverez en quelques minutes \u00e0 la structure o\u00f9 vous serez accueillis par la gentillesse et la chaleur des h\u00f4tes qui vous suivront pas \u00e0 pas, de votre arriv\u00e9e \u00e0 Amalfi jusqu&#8217;\u00e0 la fin de votre s\u00e9jour.<\/p>\n<p>Le style minimaliste et l&#8217;ameublement aux lignes douces et aux teintes aussi vives que les couleurs de la c\u00f4te amalfitaine se marient bien avec le paysage naturel que vous pouvez admirer depuis les balcons et les terrasses.<\/p>\n<div id='gallery-2' class='gallery galleryid-22215 gallery-columns-4 gallery-size-thumbnail'><figure class='gallery-item'>\n\t\t\t<div class='gallery-icon landscape'>\n\t\t\t\t<a href='https:\/\/www.visitamalfi.info\/wp-content\/uploads\/2025\/06\/ANA_9439-HDR@emanueleanastasioph-WEB-andrea-camera-casa-amalfi-giugno-2025.jpg' data-lightbox=\"gal[22215]\"><img loading=\"lazy\" decoding=\"async\" width=\"300\" height=\"300\" src=\"https:\/\/www.visitamalfi.info\/wp-content\/uploads\/2025\/06\/ANA_9439-HDR@emanueleanastasioph-WEB-andrea-camera-casa-amalfi-giugno-2025-300x300.jpg\" class=\"attachment-thumbnail size-thumbnail\" alt=\"\" srcset=\"https:\/\/www.visitamalfi.info\/wp-content\/uploads\/2025\/06\/ANA_9439-HDR@emanueleanastasioph-WEB-andrea-camera-casa-amalfi-giugno-2025-300x300.jpg 300w, https:\/\/www.visitamalfi.info\/wp-content\/uploads\/2025\/06\/ANA_9439-HDR@emanueleanastasioph-WEB-andrea-camera-casa-amalfi-giugno-2025-510x510.jpg 510w, https:\/\/www.visitamalfi.info\/wp-content\/uploads\/2025\/06\/ANA_9439-HDR@emanueleanastasioph-WEB-andrea-camera-casa-amalfi-giugno-2025-160x160.jpg 160w\" sizes=\"(max-width: 300px) 100vw, 300px\" \/><\/a>\n\t\t\t<\/div><\/figure><figure class='gallery-item'>\n\t\t\t<div class='gallery-icon landscape'>\n\t\t\t\t<a href='https:\/\/www.visitamalfi.info\/wp-content\/uploads\/2025\/06\/ANA_9392-HDR@emanueleanastasioph-WEB-andrea-camera-casa-amalfi-giugno-2025.jpg' data-lightbox=\"gal[22215]\"><img loading=\"lazy\" decoding=\"async\" width=\"300\" height=\"300\" src=\"https:\/\/www.visitamalfi.info\/wp-content\/uploads\/2025\/06\/ANA_9392-HDR@emanueleanastasioph-WEB-andrea-camera-casa-amalfi-giugno-2025-300x300.jpg\" class=\"attachment-thumbnail size-thumbnail\" alt=\"\" srcset=\"https:\/\/www.visitamalfi.info\/wp-content\/uploads\/2025\/06\/ANA_9392-HDR@emanueleanastasioph-WEB-andrea-camera-casa-amalfi-giugno-2025-300x300.jpg 300w, https:\/\/www.visitamalfi.info\/wp-content\/uploads\/2025\/06\/ANA_9392-HDR@emanueleanastasioph-WEB-andrea-camera-casa-amalfi-giugno-2025-510x510.jpg 510w, https:\/\/www.visitamalfi.info\/wp-content\/uploads\/2025\/06\/ANA_9392-HDR@emanueleanastasioph-WEB-andrea-camera-casa-amalfi-giugno-2025-160x160.jpg 160w\" sizes=\"(max-width: 300px) 100vw, 300px\" \/><\/a>\n\t\t\t<\/div><\/figure><figure class='gallery-item'>\n\t\t\t<div class='gallery-icon portrait'>\n\t\t\t\t<a href='https:\/\/www.visitamalfi.info\/wp-content\/uploads\/2025\/06\/ANA_9542@emanueleanastasioph-WEB-andrea-camera-casa-amalfi-giugno-2025.jpg' data-lightbox=\"gal[22215]\"><img loading=\"lazy\" decoding=\"async\" width=\"300\" height=\"300\" src=\"https:\/\/www.visitamalfi.info\/wp-content\/uploads\/2025\/06\/ANA_9542@emanueleanastasioph-WEB-andrea-camera-casa-amalfi-giugno-2025-300x300.jpg\" class=\"attachment-thumbnail size-thumbnail\" alt=\"\" srcset=\"https:\/\/www.visitamalfi.info\/wp-content\/uploads\/2025\/06\/ANA_9542@emanueleanastasioph-WEB-andrea-camera-casa-amalfi-giugno-2025-300x300.jpg 300w, https:\/\/www.visitamalfi.info\/wp-content\/uploads\/2025\/06\/ANA_9542@emanueleanastasioph-WEB-andrea-camera-casa-amalfi-giugno-2025-510x510.jpg 510w, https:\/\/www.visitamalfi.info\/wp-content\/uploads\/2025\/06\/ANA_9542@emanueleanastasioph-WEB-andrea-camera-casa-amalfi-giugno-2025-160x160.jpg 160w\" sizes=\"(max-width: 300px) 100vw, 300px\" \/><\/a>\n\t\t\t<\/div><\/figure><figure class='gallery-item'>\n\t\t\t<div class='gallery-icon landscape'>\n\t\t\t\t<a href='https:\/\/www.visitamalfi.info\/wp-content\/uploads\/2025\/06\/ANA_9522-HDR@emanueleanastasioph-WEB-andrea-camera-casa-amalfi-giugno-2025.jpg' data-lightbox=\"gal[22215]\"><img loading=\"lazy\" decoding=\"async\" width=\"300\" height=\"300\" src=\"https:\/\/www.visitamalfi.info\/wp-content\/uploads\/2025\/06\/ANA_9522-HDR@emanueleanastasioph-WEB-andrea-camera-casa-amalfi-giugno-2025-300x300.jpg\" class=\"attachment-thumbnail size-thumbnail\" alt=\"\" srcset=\"https:\/\/www.visitamalfi.info\/wp-content\/uploads\/2025\/06\/ANA_9522-HDR@emanueleanastasioph-WEB-andrea-camera-casa-amalfi-giugno-2025-300x300.jpg 300w, https:\/\/www.visitamalfi.info\/wp-content\/uploads\/2025\/06\/ANA_9522-HDR@emanueleanastasioph-WEB-andrea-camera-casa-amalfi-giugno-2025-510x510.jpg 510w, https:\/\/www.visitamalfi.info\/wp-content\/uploads\/2025\/06\/ANA_9522-HDR@emanueleanastasioph-WEB-andrea-camera-casa-amalfi-giugno-2025-160x160.jpg 160w\" sizes=\"(max-width: 300px) 100vw, 300px\" \/><\/a>\n\t\t\t<\/div><\/figure>\n\t\t<\/div>\n\n<p>Le joyau de la couronne est sans aucun doute la r\u00e9ception. Les fr\u00e8res Camera, Andrea et Cristian, vous accueilleront \u00e0 Amalfi avec gr\u00e2ce et professionnalisme. Les clients sont assist\u00e9s \u00e0 leur arriv\u00e9e et accompagn\u00e9s personnellement \u00e0 l&#8217;h\u00f4tel. Disponibles pour toute information pendant leur s\u00e9jour, ils seront heureux d&#8217;apporter leur soutien pour tout besoin au moment du d\u00e9part. La Residenza Giuseppe est la solution id\u00e9ale pour ceux qui recherchent un s\u00e9jour tranquille et confortable o\u00f9 ils se sentiront comme chez eux.<\/p>\n<\/div>\n<\/div>\n<\/div>\n","protected":false},"excerpt":{"rendered":"<p>La Residenza Giuseppe est la solution id\u00e9ale pour ceux qui recherchent un s\u00e9jour tranquille et confortable o\u00f9 ils se sentiront comme chez eux.<\/p>\n","protected":false},"featured_media":22209,"template":"","accommodation_strenghts":[],"season":[230,238,244,233],"accommodation_amenities":[],"amw_accommodation_type":[513],"class_list":["post-22215","amw_accommodation","type-amw_accommodation","status-publish","has-post-thumbnail","hentry","season-automne","season-lete","season-lhiver","season-printemps","amw_accommodation_type-chambres-dhotes"],"yoast_head":"<!-- This site is optimized with the Yoast SEO plugin v27.3 - https:\/\/yoast.com\/product\/yoast-seo-wordpress\/ -->\n<title>Residenza Giuseppe - Visit Amalfi<\/title>\n<meta name=\"robots\" content=\"index, follow, max-snippet:-1, max-image-preview:large, max-video-preview:-1\" \/>\n<link rel=\"canonical\" href=\"https:\/\/www.visitamalfi.info\/fr\/amw-accommodation\/residenza-giuseppe\/\" \/>\n<meta property=\"og:locale\" content=\"fr_FR\" \/>\n<meta property=\"og:type\" content=\"article\" \/>\n<meta property=\"og:title\" content=\"Residenza Giuseppe - Visit Amalfi\" \/>\n<meta property=\"og:description\" content=\"La Residenza Giuseppe est la solution id\u00e9ale pour ceux qui recherchent un s\u00e9jour tranquille et confortable o\u00f9 ils se sentiront comme chez eux.\" \/>\n<meta property=\"og:url\" content=\"https:\/\/www.visitamalfi.info\/fr\/amw-accommodation\/residenza-giuseppe\/\" \/>\n<meta property=\"og:site_name\" content=\"Visit Amalfi\" \/>\n<meta property=\"article:publisher\" content=\"https:\/\/www.facebook.com\/visitamalfiofficial\" \/>\n<meta property=\"article:modified_time\" content=\"2026-04-22T11:58:13+00:00\" \/>\n<meta property=\"og:image\" content=\"https:\/\/www.visitamalfi.info\/wp-content\/uploads\/2025\/06\/eaf51555-7c7b-495c-813c-a8c0d1094cdd.jpg\" \/>\n\t<meta property=\"og:image:width\" content=\"1024\" \/>\n\t<meta property=\"og:image:height\" content=\"576\" \/>\n\t<meta property=\"og:image:type\" content=\"image\/jpeg\" \/>\n<meta name=\"twitter:card\" content=\"summary_large_image\" \/>\n<meta name=\"twitter:label1\" content=\"Dur\u00e9e de lecture estim\u00e9e\" \/>\n\t<meta name=\"twitter:data1\" content=\"1 minute\" \/>\n<script type=\"application\/ld+json\" class=\"yoast-schema-graph\">{\"@context\":\"https:\\\/\\\/schema.org\",\"@graph\":[{\"@type\":\"WebPage\",\"@id\":\"https:\\\/\\\/www.visitamalfi.info\\\/fr\\\/amw-accommodation\\\/residenza-giuseppe\\\/\",\"url\":\"https:\\\/\\\/www.visitamalfi.info\\\/fr\\\/amw-accommodation\\\/residenza-giuseppe\\\/\",\"name\":\"Residenza Giuseppe - Visit Amalfi\",\"isPartOf\":{\"@id\":\"https:\\\/\\\/www.visitamalfi.info\\\/fr\\\/#website\"},\"primaryImageOfPage\":{\"@id\":\"https:\\\/\\\/www.visitamalfi.info\\\/fr\\\/amw-accommodation\\\/residenza-giuseppe\\\/#primaryimage\"},\"image\":{\"@id\":\"https:\\\/\\\/www.visitamalfi.info\\\/fr\\\/amw-accommodation\\\/residenza-giuseppe\\\/#primaryimage\"},\"thumbnailUrl\":\"https:\\\/\\\/www.visitamalfi.info\\\/wp-content\\\/uploads\\\/2025\\\/06\\\/eaf51555-7c7b-495c-813c-a8c0d1094cdd.jpg\",\"datePublished\":\"2025-06-24T16:02:56+00:00\",\"dateModified\":\"2026-04-22T11:58:13+00:00\",\"breadcrumb\":{\"@id\":\"https:\\\/\\\/www.visitamalfi.info\\\/fr\\\/amw-accommodation\\\/residenza-giuseppe\\\/#breadcrumb\"},\"inLanguage\":\"fr-FR\",\"potentialAction\":[{\"@type\":\"ReadAction\",\"target\":[\"https:\\\/\\\/www.visitamalfi.info\\\/fr\\\/amw-accommodation\\\/residenza-giuseppe\\\/\"]}]},{\"@type\":\"ImageObject\",\"inLanguage\":\"fr-FR\",\"@id\":\"https:\\\/\\\/www.visitamalfi.info\\\/fr\\\/amw-accommodation\\\/residenza-giuseppe\\\/#primaryimage\",\"url\":\"https:\\\/\\\/www.visitamalfi.info\\\/wp-content\\\/uploads\\\/2025\\\/06\\\/eaf51555-7c7b-495c-813c-a8c0d1094cdd.jpg\",\"contentUrl\":\"https:\\\/\\\/www.visitamalfi.info\\\/wp-content\\\/uploads\\\/2025\\\/06\\\/eaf51555-7c7b-495c-813c-a8c0d1094cdd.jpg\",\"width\":1024,\"height\":576},{\"@type\":\"BreadcrumbList\",\"@id\":\"https:\\\/\\\/www.visitamalfi.info\\\/fr\\\/amw-accommodation\\\/residenza-giuseppe\\\/#breadcrumb\",\"itemListElement\":[{\"@type\":\"ListItem\",\"position\":1,\"name\":\"Home\",\"item\":\"https:\\\/\\\/www.visitamalfi.info\\\/fr\\\/\"},{\"@type\":\"ListItem\",\"position\":2,\"name\":\"Residenza Giuseppe\"}]},{\"@type\":\"WebSite\",\"@id\":\"https:\\\/\\\/www.visitamalfi.info\\\/fr\\\/#website\",\"url\":\"https:\\\/\\\/www.visitamalfi.info\\\/fr\\\/\",\"name\":\"Visit Amalfi\",\"description\":\"Amalfi Destination Official Website\",\"publisher\":{\"@id\":\"https:\\\/\\\/www.visitamalfi.info\\\/fr\\\/#organization\"},\"potentialAction\":[{\"@type\":\"SearchAction\",\"target\":{\"@type\":\"EntryPoint\",\"urlTemplate\":\"https:\\\/\\\/www.visitamalfi.info\\\/fr\\\/?s={search_term_string}\"},\"query-input\":{\"@type\":\"PropertyValueSpecification\",\"valueRequired\":true,\"valueName\":\"search_term_string\"}}],\"inLanguage\":\"fr-FR\"},{\"@type\":\"Organization\",\"@id\":\"https:\\\/\\\/www.visitamalfi.info\\\/fr\\\/#organization\",\"name\":\"Visit Amalfi\",\"url\":\"https:\\\/\\\/www.visitamalfi.info\\\/fr\\\/\",\"logo\":{\"@type\":\"ImageObject\",\"inLanguage\":\"fr-FR\",\"@id\":\"https:\\\/\\\/www.visitamalfi.info\\\/fr\\\/#\\\/schema\\\/logo\\\/image\\\/\",\"url\":\"https:\\\/\\\/www.visitamalfi.info\\\/wp-content\\\/uploads\\\/2023\\\/04\\\/visit-amalfi-logo-web.png\",\"contentUrl\":\"https:\\\/\\\/www.visitamalfi.info\\\/wp-content\\\/uploads\\\/2023\\\/04\\\/visit-amalfi-logo-web.png\",\"width\":800,\"height\":870,\"caption\":\"Visit Amalfi\"},\"image\":{\"@id\":\"https:\\\/\\\/www.visitamalfi.info\\\/fr\\\/#\\\/schema\\\/logo\\\/image\\\/\"},\"sameAs\":[\"https:\\\/\\\/www.facebook.com\\\/visitamalfiofficial\",\"https:\\\/\\\/www.instagram.com\\\/visitamalfiofficial\\\/\"]}]}<\/script>\n<!-- \/ Yoast SEO plugin. -->","yoast_head_json":{"title":"Residenza Giuseppe - Visit Amalfi","robots":{"index":"index","follow":"follow","max-snippet":"max-snippet:-1","max-image-preview":"max-image-preview:large","max-video-preview":"max-video-preview:-1"},"canonical":"https:\/\/www.visitamalfi.info\/fr\/amw-accommodation\/residenza-giuseppe\/","og_locale":"fr_FR","og_type":"article","og_title":"Residenza Giuseppe - Visit Amalfi","og_description":"La Residenza Giuseppe est la solution id\u00e9ale pour ceux qui recherchent un s\u00e9jour tranquille et confortable o\u00f9 ils se sentiront comme chez eux.","og_url":"https:\/\/www.visitamalfi.info\/fr\/amw-accommodation\/residenza-giuseppe\/","og_site_name":"Visit Amalfi","article_publisher":"https:\/\/www.facebook.com\/visitamalfiofficial","article_modified_time":"2026-04-22T11:58:13+00:00","og_image":[{"width":1024,"height":576,"url":"https:\/\/www.visitamalfi.info\/wp-content\/uploads\/2025\/06\/eaf51555-7c7b-495c-813c-a8c0d1094cdd.jpg","type":"image\/jpeg"}],"twitter_card":"summary_large_image","twitter_misc":{"Dur\u00e9e de lecture estim\u00e9e":"1 minute"},"schema":{"@context":"https:\/\/schema.org","@graph":[{"@type":"WebPage","@id":"https:\/\/www.visitamalfi.info\/fr\/amw-accommodation\/residenza-giuseppe\/","url":"https:\/\/www.visitamalfi.info\/fr\/amw-accommodation\/residenza-giuseppe\/","name":"Residenza Giuseppe - Visit Amalfi","isPartOf":{"@id":"https:\/\/www.visitamalfi.info\/fr\/#website"},"primaryImageOfPage":{"@id":"https:\/\/www.visitamalfi.info\/fr\/amw-accommodation\/residenza-giuseppe\/#primaryimage"},"image":{"@id":"https:\/\/www.visitamalfi.info\/fr\/amw-accommodation\/residenza-giuseppe\/#primaryimage"},"thumbnailUrl":"https:\/\/www.visitamalfi.info\/wp-content\/uploads\/2025\/06\/eaf51555-7c7b-495c-813c-a8c0d1094cdd.jpg","datePublished":"2025-06-24T16:02:56+00:00","dateModified":"2026-04-22T11:58:13+00:00","breadcrumb":{"@id":"https:\/\/www.visitamalfi.info\/fr\/amw-accommodation\/residenza-giuseppe\/#breadcrumb"},"inLanguage":"fr-FR","potentialAction":[{"@type":"ReadAction","target":["https:\/\/www.visitamalfi.info\/fr\/amw-accommodation\/residenza-giuseppe\/"]}]},{"@type":"ImageObject","inLanguage":"fr-FR","@id":"https:\/\/www.visitamalfi.info\/fr\/amw-accommodation\/residenza-giuseppe\/#primaryimage","url":"https:\/\/www.visitamalfi.info\/wp-content\/uploads\/2025\/06\/eaf51555-7c7b-495c-813c-a8c0d1094cdd.jpg","contentUrl":"https:\/\/www.visitamalfi.info\/wp-content\/uploads\/2025\/06\/eaf51555-7c7b-495c-813c-a8c0d1094cdd.jpg","width":1024,"height":576},{"@type":"BreadcrumbList","@id":"https:\/\/www.visitamalfi.info\/fr\/amw-accommodation\/residenza-giuseppe\/#breadcrumb","itemListElement":[{"@type":"ListItem","position":1,"name":"Home","item":"https:\/\/www.visitamalfi.info\/fr\/"},{"@type":"ListItem","position":2,"name":"Residenza Giuseppe"}]},{"@type":"WebSite","@id":"https:\/\/www.visitamalfi.info\/fr\/#website","url":"https:\/\/www.visitamalfi.info\/fr\/","name":"Visit Amalfi","description":"Amalfi Destination Official Website","publisher":{"@id":"https:\/\/www.visitamalfi.info\/fr\/#organization"},"potentialAction":[{"@type":"SearchAction","target":{"@type":"EntryPoint","urlTemplate":"https:\/\/www.visitamalfi.info\/fr\/?s={search_term_string}"},"query-input":{"@type":"PropertyValueSpecification","valueRequired":true,"valueName":"search_term_string"}}],"inLanguage":"fr-FR"},{"@type":"Organization","@id":"https:\/\/www.visitamalfi.info\/fr\/#organization","name":"Visit Amalfi","url":"https:\/\/www.visitamalfi.info\/fr\/","logo":{"@type":"ImageObject","inLanguage":"fr-FR","@id":"https:\/\/www.visitamalfi.info\/fr\/#\/schema\/logo\/image\/","url":"https:\/\/www.visitamalfi.info\/wp-content\/uploads\/2023\/04\/visit-amalfi-logo-web.png","contentUrl":"https:\/\/www.visitamalfi.info\/wp-content\/uploads\/2023\/04\/visit-amalfi-logo-web.png","width":800,"height":870,"caption":"Visit Amalfi"},"image":{"@id":"https:\/\/www.visitamalfi.info\/fr\/#\/schema\/logo\/image\/"},"sameAs":["https:\/\/www.facebook.com\/visitamalfiofficial","https:\/\/www.instagram.com\/visitamalfiofficial\/"]}]}},"_links":{"self":[{"href":"https:\/\/www.visitamalfi.info\/fr\/wp-json\/wp\/v2\/amw_accommodation\/22215","targetHints":{"allow":["GET"]}}],"collection":[{"href":"https:\/\/www.visitamalfi.info\/fr\/wp-json\/wp\/v2\/amw_accommodation"}],"about":[{"href":"https:\/\/www.visitamalfi.info\/fr\/wp-json\/wp\/v2\/types\/amw_accommodation"}],"version-history":[{"count":2,"href":"https:\/\/www.visitamalfi.info\/fr\/wp-json\/wp\/v2\/amw_accommodation\/22215\/revisions"}],"predecessor-version":[{"id":24240,"href":"https:\/\/www.visitamalfi.info\/fr\/wp-json\/wp\/v2\/amw_accommodation\/22215\/revisions\/24240"}],"wp:featuredmedia":[{"embeddable":true,"href":"https:\/\/www.visitamalfi.info\/fr\/wp-json\/wp\/v2\/media\/22209"}],"wp:attachment":[{"href":"https:\/\/www.visitamalfi.info\/fr\/wp-json\/wp\/v2\/media?parent=22215"}],"wp:term":[{"taxonomy":"accommodation_strenghts","embeddable":true,"href":"https:\/\/www.visitamalfi.info\/fr\/wp-json\/wp\/v2\/accommodation_strenghts?post=22215"},{"taxonomy":"season","embeddable":true,"href":"https:\/\/www.visitamalfi.info\/fr\/wp-json\/wp\/v2\/season?post=22215"},{"taxonomy":"accommodation_amenities","embeddable":true,"href":"https:\/\/www.visitamalfi.info\/fr\/wp-json\/wp\/v2\/accommodation_amenities?post=22215"},{"taxonomy":"amw_accommodation_type","embeddable":true,"href":"https:\/\/www.visitamalfi.info\/fr\/wp-json\/wp\/v2\/amw_accommodation_type?post=22215"}],"curies":[{"name":"wp","href":"https:\/\/api.w.org\/{rel}","templated":true}]}}