{"id":18823,"date":"2023-05-26T14:20:34","date_gmt":"2023-05-26T12:20:34","guid":{"rendered":"https:\/\/www.visitamalfi.info\/?post_type=amw_accommodation&#038;p=18823"},"modified":"2025-02-17T12:37:48","modified_gmt":"2025-02-17T11:37:48","slug":"la-casa-del-sarto","status":"publish","type":"amw_accommodation","link":"https:\/\/www.visitamalfi.info\/fr\/amw-accommodation\/la-casa-del-sarto\/","title":{"rendered":"La Casa del Sarto"},"content":{"rendered":"<div id='gallery-1' class='gallery galleryid-18823 gallery-columns-4 gallery-size-thumbnail'><figure class='gallery-item'>\n\t\t\t<div class='gallery-icon landscape'>\n\t\t\t\t<a href='https:\/\/www.visitamalfi.info\/wp-content\/uploads\/2023\/05\/cucina-ingresso-1-big.jpg' data-lightbox=\"gal[18823]\"><img fetchpriority=\"high\" decoding=\"async\" width=\"300\" height=\"300\" src=\"https:\/\/www.visitamalfi.info\/wp-content\/uploads\/2023\/05\/cucina-ingresso-1-big-300x300.jpg\" class=\"attachment-thumbnail size-thumbnail\" alt=\"La Casa del Sarto_Amalfi_Kitchen\" srcset=\"https:\/\/www.visitamalfi.info\/wp-content\/uploads\/2023\/05\/cucina-ingresso-1-big-300x300.jpg 300w, https:\/\/www.visitamalfi.info\/wp-content\/uploads\/2023\/05\/cucina-ingresso-1-big-510x510.jpg 510w, https:\/\/www.visitamalfi.info\/wp-content\/uploads\/2023\/05\/cucina-ingresso-1-big-160x160.jpg 160w\" sizes=\"(max-width: 300px) 100vw, 300px\" \/><\/a>\n\t\t\t<\/div><\/figure><figure class='gallery-item'>\n\t\t\t<div class='gallery-icon portrait'>\n\t\t\t\t<a href='https:\/\/www.visitamalfi.info\/wp-content\/uploads\/2023\/05\/corridoio-da-ingresso-1-big.jpg' data-lightbox=\"gal[18823]\"><img decoding=\"async\" width=\"300\" height=\"300\" src=\"https:\/\/www.visitamalfi.info\/wp-content\/uploads\/2023\/05\/corridoio-da-ingresso-1-big-300x300.jpg\" class=\"attachment-thumbnail size-thumbnail\" alt=\"La Casa del Sarto_Amalfi\" srcset=\"https:\/\/www.visitamalfi.info\/wp-content\/uploads\/2023\/05\/corridoio-da-ingresso-1-big-300x300.jpg 300w, https:\/\/www.visitamalfi.info\/wp-content\/uploads\/2023\/05\/corridoio-da-ingresso-1-big-510x510.jpg 510w, https:\/\/www.visitamalfi.info\/wp-content\/uploads\/2023\/05\/corridoio-da-ingresso-1-big-160x160.jpg 160w\" sizes=\"(max-width: 300px) 100vw, 300px\" \/><\/a>\n\t\t\t<\/div><\/figure><figure class='gallery-item'>\n\t\t\t<div class='gallery-icon portrait'>\n\t\t\t\t<a href='https:\/\/www.visitamalfi.info\/wp-content\/uploads\/2023\/05\/bagno-particolare-big.jpg' data-lightbox=\"gal[18823]\"><img decoding=\"async\" width=\"300\" height=\"300\" src=\"https:\/\/www.visitamalfi.info\/wp-content\/uploads\/2023\/05\/bagno-particolare-big-300x300.jpg\" class=\"attachment-thumbnail size-thumbnail\" alt=\"La Casa del Sarto_Amalfi_Bathroom\" srcset=\"https:\/\/www.visitamalfi.info\/wp-content\/uploads\/2023\/05\/bagno-particolare-big-300x300.jpg 300w, https:\/\/www.visitamalfi.info\/wp-content\/uploads\/2023\/05\/bagno-particolare-big-160x160.jpg 160w\" sizes=\"(max-width: 300px) 100vw, 300px\" \/><\/a>\n\t\t\t<\/div><\/figure><figure class='gallery-item'>\n\t\t\t<div class='gallery-icon portrait'>\n\t\t\t\t<a href='https:\/\/www.visitamalfi.info\/wp-content\/uploads\/2023\/05\/angolo-colazione-big.jpg' data-lightbox=\"gal[18823]\"><img loading=\"lazy\" decoding=\"async\" width=\"300\" height=\"300\" src=\"https:\/\/www.visitamalfi.info\/wp-content\/uploads\/2023\/05\/angolo-colazione-big-300x300.jpg\" class=\"attachment-thumbnail size-thumbnail\" alt=\"La Casa del Sarto_Amalfi_Breakfast area\" srcset=\"https:\/\/www.visitamalfi.info\/wp-content\/uploads\/2023\/05\/angolo-colazione-big-300x300.jpg 300w, https:\/\/www.visitamalfi.info\/wp-content\/uploads\/2023\/05\/angolo-colazione-big-510x510.jpg 510w, https:\/\/www.visitamalfi.info\/wp-content\/uploads\/2023\/05\/angolo-colazione-big-160x160.jpg 160w\" sizes=\"(max-width: 300px) 100vw, 300px\" \/><\/a>\n\t\t\t<\/div><\/figure>\n\t\t<\/div>\n\n<p><span style=\"font-weight: 400;\">La Casa del Sarto est une maison de vacances situ\u00e9e dans la Via delle Cartiere, un endroit calme entour\u00e9 de verdure, \u00e0 quelques pas du c\u0153ur de la R\u00e9publique maritime d&#8217;Amalfi, de la Valle delle Ferriere et du mus\u00e9e du papier. <\/span><\/p>\n<p><span style=\"font-weight: 400;\">La Casa del Sarto, dont le nom est li\u00e9 au noble m\u00e9tier de tailleur exerc\u00e9 par le p\u00e8re de Gennaro, propri\u00e9taire de l&#8217;immeuble et architecte d&#8217;Amalfi, repr\u00e9sente une tentative de r\u00e9aliser un concept d&#8217;hospitalit\u00e9 qui va au-del\u00e0 d&#8217;un simple s\u00e9jour. <\/span><\/p>\n<p><span style=\"font-weight: 400;\">Gennaro dit : &#8221;J&#8217;ai con\u00e7u la structure comme un v\u00e9ritable objet sartorial.<\/span><i><span style=\"font-weight: 400;\">J&#8217;ai con\u00e7u la structure comme un v\u00e9ritable objet sartorial dans lequel l&#8217;espace de vie et l&#8217;espace de repos se rejoignent de mani\u00e8re harmonieuse et \u00e9quilibr\u00e9e.<\/span><\/i><span style=\"font-weight: 400;\">&#8220;.<\/span><\/p>\n<div id='gallery-2' class='gallery galleryid-18823 gallery-columns-4 gallery-size-thumbnail'><figure class='gallery-item'>\n\t\t\t<div class='gallery-icon portrait'>\n\t\t\t\t<a href='https:\/\/www.visitamalfi.info\/wp-content\/uploads\/2023\/05\/letto-4-big.jpg' data-lightbox=\"gal[18823]\"><img loading=\"lazy\" decoding=\"async\" width=\"300\" height=\"300\" src=\"https:\/\/www.visitamalfi.info\/wp-content\/uploads\/2023\/05\/letto-4-big-300x300.jpg\" class=\"attachment-thumbnail size-thumbnail\" alt=\"La Casa del Sarto_Amalfi_Bedroom\" srcset=\"https:\/\/www.visitamalfi.info\/wp-content\/uploads\/2023\/05\/letto-4-big-300x300.jpg 300w, https:\/\/www.visitamalfi.info\/wp-content\/uploads\/2023\/05\/letto-4-big-510x510.jpg 510w, https:\/\/www.visitamalfi.info\/wp-content\/uploads\/2023\/05\/letto-4-big-160x160.jpg 160w\" sizes=\"(max-width: 300px) 100vw, 300px\" \/><\/a>\n\t\t\t<\/div><\/figure><figure class='gallery-item'>\n\t\t\t<div class='gallery-icon landscape'>\n\t\t\t\t<a href='https:\/\/www.visitamalfi.info\/wp-content\/uploads\/2023\/05\/letto-2-big.jpg' data-lightbox=\"gal[18823]\"><img loading=\"lazy\" decoding=\"async\" width=\"300\" height=\"300\" src=\"https:\/\/www.visitamalfi.info\/wp-content\/uploads\/2023\/05\/letto-2-big-300x300.jpg\" class=\"attachment-thumbnail size-thumbnail\" alt=\"La Casa del Sarto_Amalfi_Bedroom\" srcset=\"https:\/\/www.visitamalfi.info\/wp-content\/uploads\/2023\/05\/letto-2-big-300x300.jpg 300w, https:\/\/www.visitamalfi.info\/wp-content\/uploads\/2023\/05\/letto-2-big-510x510.jpg 510w, https:\/\/www.visitamalfi.info\/wp-content\/uploads\/2023\/05\/letto-2-big-160x160.jpg 160w\" sizes=\"(max-width: 300px) 100vw, 300px\" \/><\/a>\n\t\t\t<\/div><\/figure><figure class='gallery-item'>\n\t\t\t<div class='gallery-icon landscape'>\n\t\t\t\t<a href='https:\/\/www.visitamalfi.info\/wp-content\/uploads\/2023\/05\/bagno-1-big.jpg' data-lightbox=\"gal[18823]\"><img loading=\"lazy\" decoding=\"async\" width=\"300\" height=\"300\" src=\"https:\/\/www.visitamalfi.info\/wp-content\/uploads\/2023\/05\/bagno-1-big-300x300.jpg\" class=\"attachment-thumbnail size-thumbnail\" alt=\"La Casa del Sarto_Amalfi_Bathroom\" srcset=\"https:\/\/www.visitamalfi.info\/wp-content\/uploads\/2023\/05\/bagno-1-big-300x300.jpg 300w, https:\/\/www.visitamalfi.info\/wp-content\/uploads\/2023\/05\/bagno-1-big-510x510.jpg 510w, https:\/\/www.visitamalfi.info\/wp-content\/uploads\/2023\/05\/bagno-1-big-160x160.jpg 160w\" sizes=\"(max-width: 300px) 100vw, 300px\" \/><\/a>\n\t\t\t<\/div><\/figure><figure class='gallery-item'>\n\t\t\t<div class='gallery-icon landscape'>\n\t\t\t\t<a href='https:\/\/www.visitamalfi.info\/wp-content\/uploads\/2023\/05\/letto-1-big.jpg' data-lightbox=\"gal[18823]\"><img loading=\"lazy\" decoding=\"async\" width=\"300\" height=\"300\" src=\"https:\/\/www.visitamalfi.info\/wp-content\/uploads\/2023\/05\/letto-1-big-300x300.jpg\" class=\"attachment-thumbnail size-thumbnail\" alt=\"La Casa del Sarto_Amalfi_Bedroom\" srcset=\"https:\/\/www.visitamalfi.info\/wp-content\/uploads\/2023\/05\/letto-1-big-300x300.jpg 300w, https:\/\/www.visitamalfi.info\/wp-content\/uploads\/2023\/05\/letto-1-big-510x510.jpg 510w, https:\/\/www.visitamalfi.info\/wp-content\/uploads\/2023\/05\/letto-1-big-160x160.jpg 160w\" sizes=\"(max-width: 300px) 100vw, 300px\" \/><\/a>\n\t\t\t<\/div><\/figure>\n\t\t<\/div>\n\n<p><span style=\"font-weight: 400;\">Il dispose d&#8217;une chambre avec un lit double, d&#8217;une salle de bain priv\u00e9e, d&#8217;une cuisine enti\u00e8rement \u00e9quip\u00e9e avec un coin petit-d\u00e9jeuner et d&#8217;espaces confortables et lumineux con\u00e7us sur mesure par Gennaro, qui, avec une grande attention \u00e0 l&#8217;environnement et au design, a con\u00e7u chaque espace pour r\u00e9pondre au mieux aux besoins de ses h\u00f4tes. <\/span><\/p>\n<div id='gallery-3' class='gallery galleryid-18823 gallery-columns-4 gallery-size-thumbnail'><figure class='gallery-item'>\n\t\t\t<div class='gallery-icon portrait'>\n\t\t\t\t<a href='https:\/\/www.visitamalfi.info\/wp-content\/uploads\/2023\/05\/zona-preparazione-colazione-big.jpg' data-lightbox=\"gal[18823]\"><img loading=\"lazy\" decoding=\"async\" width=\"300\" height=\"300\" src=\"https:\/\/www.visitamalfi.info\/wp-content\/uploads\/2023\/05\/zona-preparazione-colazione-big-300x300.jpg\" class=\"attachment-thumbnail size-thumbnail\" alt=\"La Casa del Sarto_Amalfi_Kitchen\" srcset=\"https:\/\/www.visitamalfi.info\/wp-content\/uploads\/2023\/05\/zona-preparazione-colazione-big-300x300.jpg 300w, https:\/\/www.visitamalfi.info\/wp-content\/uploads\/2023\/05\/zona-preparazione-colazione-big-510x510.jpg 510w, https:\/\/www.visitamalfi.info\/wp-content\/uploads\/2023\/05\/zona-preparazione-colazione-big-160x160.jpg 160w\" sizes=\"(max-width: 300px) 100vw, 300px\" \/><\/a>\n\t\t\t<\/div><\/figure><figure class='gallery-item'>\n\t\t\t<div class='gallery-icon portrait'>\n\t\t\t\t<a href='https:\/\/www.visitamalfi.info\/wp-content\/uploads\/2023\/05\/particolare-forno-1-big.jpg' data-lightbox=\"gal[18823]\"><img loading=\"lazy\" decoding=\"async\" width=\"300\" height=\"300\" src=\"https:\/\/www.visitamalfi.info\/wp-content\/uploads\/2023\/05\/particolare-forno-1-big-300x300.jpg\" class=\"attachment-thumbnail size-thumbnail\" alt=\"La Casa del Sarto_Amalfi_Kitchen\" srcset=\"https:\/\/www.visitamalfi.info\/wp-content\/uploads\/2023\/05\/particolare-forno-1-big-300x300.jpg 300w, https:\/\/www.visitamalfi.info\/wp-content\/uploads\/2023\/05\/particolare-forno-1-big-160x160.jpg 160w\" sizes=\"(max-width: 300px) 100vw, 300px\" \/><\/a>\n\t\t\t<\/div><\/figure><figure class='gallery-item'>\n\t\t\t<div class='gallery-icon landscape'>\n\t\t\t\t<a href='https:\/\/www.visitamalfi.info\/wp-content\/uploads\/2023\/05\/particolare-comodino-big.jpg' data-lightbox=\"gal[18823]\"><img loading=\"lazy\" decoding=\"async\" width=\"300\" height=\"300\" src=\"https:\/\/www.visitamalfi.info\/wp-content\/uploads\/2023\/05\/particolare-comodino-big-300x300.jpg\" class=\"attachment-thumbnail size-thumbnail\" alt=\"La Casa del Sarto_Amalfi_Bedroom\" srcset=\"https:\/\/www.visitamalfi.info\/wp-content\/uploads\/2023\/05\/particolare-comodino-big-300x300.jpg 300w, https:\/\/www.visitamalfi.info\/wp-content\/uploads\/2023\/05\/particolare-comodino-big-160x160.jpg 160w\" sizes=\"(max-width: 300px) 100vw, 300px\" \/><\/a>\n\t\t\t<\/div><\/figure><figure class='gallery-item'>\n\t\t\t<div class='gallery-icon portrait'>\n\t\t\t\t<a href='https:\/\/www.visitamalfi.info\/wp-content\/uploads\/2023\/05\/IMG_web_0006.jpg' data-lightbox=\"gal[18823]\"><img loading=\"lazy\" decoding=\"async\" width=\"300\" height=\"300\" src=\"https:\/\/www.visitamalfi.info\/wp-content\/uploads\/2023\/05\/IMG_web_0006-300x300.jpg\" class=\"attachment-thumbnail size-thumbnail\" alt=\"La Casa del Sarto_Amalfi\" srcset=\"https:\/\/www.visitamalfi.info\/wp-content\/uploads\/2023\/05\/IMG_web_0006-300x300.jpg 300w, https:\/\/www.visitamalfi.info\/wp-content\/uploads\/2023\/05\/IMG_web_0006-510x510.jpg 510w, https:\/\/www.visitamalfi.info\/wp-content\/uploads\/2023\/05\/IMG_web_0006-160x160.jpg 160w\" sizes=\"(max-width: 300px) 100vw, 300px\" \/><\/a>\n\t\t\t<\/div><\/figure>\n\t\t<\/div>\n\n<p><span style=\"font-weight: 400;\">L&#8217;appartement raffin\u00e9 et accueillant est caract\u00e9ris\u00e9 par des mat\u00e9riaux naturels et des finitions raffin\u00e9es con\u00e7ues par Gennaro et r\u00e9alis\u00e9es par des artisans qualifi\u00e9s. La Casa del Sarto peut accueillir un maximum de deux personnes dans un environnement \u00e9motionnel, raffin\u00e9 et confortable qui rendra votre s\u00e9jour \u00e0 Amalfi unique et inoubliable. <\/span><\/p>\n","protected":false},"excerpt":{"rendered":"<p>La Casa del Sarto repr\u00e9sente une tentative de r\u00e9aliser un concept d&#8217;hospitalit\u00e9 qui va au-del\u00e0 d&#8217;un simple s\u00e9jour. <\/p>\n","protected":false},"featured_media":18791,"template":"","accommodation_strenghts":[],"season":[230,238,244,233],"accommodation_amenities":[],"amw_accommodation_type":[511],"class_list":["post-18823","amw_accommodation","type-amw_accommodation","status-publish","has-post-thumbnail","hentry","season-automne","season-lete","season-lhiver","season-printemps","amw_accommodation_type-maison-et-appartement-de-vacances"],"yoast_head":"<!-- This site is optimized with the Yoast SEO plugin v27.3 - https:\/\/yoast.com\/product\/yoast-seo-wordpress\/ -->\n<title>La Casa del Sarto - Visit Amalfi<\/title>\n<meta name=\"robots\" content=\"index, follow, max-snippet:-1, max-image-preview:large, max-video-preview:-1\" \/>\n<link rel=\"canonical\" href=\"https:\/\/www.visitamalfi.info\/fr\/amw-accommodation\/la-casa-del-sarto\/\" \/>\n<meta property=\"og:locale\" content=\"fr_FR\" \/>\n<meta property=\"og:type\" content=\"article\" \/>\n<meta property=\"og:title\" content=\"La Casa del Sarto - Visit Amalfi\" \/>\n<meta property=\"og:description\" content=\"La Casa del Sarto repr\u00e9sente une tentative de r\u00e9aliser un concept d&#039;hospitalit\u00e9 qui va au-del\u00e0 d&#039;un simple s\u00e9jour.\" \/>\n<meta property=\"og:url\" content=\"https:\/\/www.visitamalfi.info\/fr\/amw-accommodation\/la-casa-del-sarto\/\" \/>\n<meta property=\"og:site_name\" content=\"Visit Amalfi\" \/>\n<meta property=\"article:publisher\" content=\"https:\/\/www.facebook.com\/visitamalfiofficial\" \/>\n<meta property=\"article:modified_time\" content=\"2025-02-17T11:37:48+00:00\" \/>\n<meta property=\"og:image\" content=\"https:\/\/www.visitamalfi.info\/wp-content\/uploads\/2023\/05\/letto-2-big.jpg\" \/>\n\t<meta property=\"og:image:width\" content=\"1107\" \/>\n\t<meta property=\"og:image:height\" content=\"737\" \/>\n\t<meta property=\"og:image:type\" content=\"image\/jpeg\" \/>\n<meta name=\"twitter:card\" content=\"summary_large_image\" \/>\n<meta name=\"twitter:label1\" content=\"Dur\u00e9e de lecture estim\u00e9e\" \/>\n\t<meta name=\"twitter:data1\" content=\"1 minute\" \/>\n<script type=\"application\/ld+json\" class=\"yoast-schema-graph\">{\"@context\":\"https:\\\/\\\/schema.org\",\"@graph\":[{\"@type\":\"WebPage\",\"@id\":\"https:\\\/\\\/www.visitamalfi.info\\\/fr\\\/amw-accommodation\\\/la-casa-del-sarto\\\/\",\"url\":\"https:\\\/\\\/www.visitamalfi.info\\\/fr\\\/amw-accommodation\\\/la-casa-del-sarto\\\/\",\"name\":\"La Casa del Sarto - Visit Amalfi\",\"isPartOf\":{\"@id\":\"https:\\\/\\\/www.visitamalfi.info\\\/fr\\\/#website\"},\"primaryImageOfPage\":{\"@id\":\"https:\\\/\\\/www.visitamalfi.info\\\/fr\\\/amw-accommodation\\\/la-casa-del-sarto\\\/#primaryimage\"},\"image\":{\"@id\":\"https:\\\/\\\/www.visitamalfi.info\\\/fr\\\/amw-accommodation\\\/la-casa-del-sarto\\\/#primaryimage\"},\"thumbnailUrl\":\"https:\\\/\\\/www.visitamalfi.info\\\/wp-content\\\/uploads\\\/2023\\\/05\\\/letto-2-big.jpg\",\"datePublished\":\"2023-05-26T12:20:34+00:00\",\"dateModified\":\"2025-02-17T11:37:48+00:00\",\"breadcrumb\":{\"@id\":\"https:\\\/\\\/www.visitamalfi.info\\\/fr\\\/amw-accommodation\\\/la-casa-del-sarto\\\/#breadcrumb\"},\"inLanguage\":\"fr-FR\",\"potentialAction\":[{\"@type\":\"ReadAction\",\"target\":[\"https:\\\/\\\/www.visitamalfi.info\\\/fr\\\/amw-accommodation\\\/la-casa-del-sarto\\\/\"]}]},{\"@type\":\"ImageObject\",\"inLanguage\":\"fr-FR\",\"@id\":\"https:\\\/\\\/www.visitamalfi.info\\\/fr\\\/amw-accommodation\\\/la-casa-del-sarto\\\/#primaryimage\",\"url\":\"https:\\\/\\\/www.visitamalfi.info\\\/wp-content\\\/uploads\\\/2023\\\/05\\\/letto-2-big.jpg\",\"contentUrl\":\"https:\\\/\\\/www.visitamalfi.info\\\/wp-content\\\/uploads\\\/2023\\\/05\\\/letto-2-big.jpg\",\"width\":1107,\"height\":737,\"caption\":\"La Casa del Sarto_Amalfi_Bedroom\"},{\"@type\":\"BreadcrumbList\",\"@id\":\"https:\\\/\\\/www.visitamalfi.info\\\/fr\\\/amw-accommodation\\\/la-casa-del-sarto\\\/#breadcrumb\",\"itemListElement\":[{\"@type\":\"ListItem\",\"position\":1,\"name\":\"Home\",\"item\":\"https:\\\/\\\/www.visitamalfi.info\\\/fr\\\/\"},{\"@type\":\"ListItem\",\"position\":2,\"name\":\"La Casa del Sarto\"}]},{\"@type\":\"WebSite\",\"@id\":\"https:\\\/\\\/www.visitamalfi.info\\\/fr\\\/#website\",\"url\":\"https:\\\/\\\/www.visitamalfi.info\\\/fr\\\/\",\"name\":\"Visit Amalfi\",\"description\":\"Amalfi Destination Official Website\",\"publisher\":{\"@id\":\"https:\\\/\\\/www.visitamalfi.info\\\/fr\\\/#organization\"},\"potentialAction\":[{\"@type\":\"SearchAction\",\"target\":{\"@type\":\"EntryPoint\",\"urlTemplate\":\"https:\\\/\\\/www.visitamalfi.info\\\/fr\\\/?s={search_term_string}\"},\"query-input\":{\"@type\":\"PropertyValueSpecification\",\"valueRequired\":true,\"valueName\":\"search_term_string\"}}],\"inLanguage\":\"fr-FR\"},{\"@type\":\"Organization\",\"@id\":\"https:\\\/\\\/www.visitamalfi.info\\\/fr\\\/#organization\",\"name\":\"Visit Amalfi\",\"url\":\"https:\\\/\\\/www.visitamalfi.info\\\/fr\\\/\",\"logo\":{\"@type\":\"ImageObject\",\"inLanguage\":\"fr-FR\",\"@id\":\"https:\\\/\\\/www.visitamalfi.info\\\/fr\\\/#\\\/schema\\\/logo\\\/image\\\/\",\"url\":\"https:\\\/\\\/www.visitamalfi.info\\\/wp-content\\\/uploads\\\/2023\\\/04\\\/visit-amalfi-logo-web.png\",\"contentUrl\":\"https:\\\/\\\/www.visitamalfi.info\\\/wp-content\\\/uploads\\\/2023\\\/04\\\/visit-amalfi-logo-web.png\",\"width\":800,\"height\":870,\"caption\":\"Visit Amalfi\"},\"image\":{\"@id\":\"https:\\\/\\\/www.visitamalfi.info\\\/fr\\\/#\\\/schema\\\/logo\\\/image\\\/\"},\"sameAs\":[\"https:\\\/\\\/www.facebook.com\\\/visitamalfiofficial\",\"https:\\\/\\\/www.instagram.com\\\/visitamalfiofficial\\\/\"]}]}<\/script>\n<!-- \/ Yoast SEO plugin. -->","yoast_head_json":{"title":"La Casa del Sarto - Visit Amalfi","robots":{"index":"index","follow":"follow","max-snippet":"max-snippet:-1","max-image-preview":"max-image-preview:large","max-video-preview":"max-video-preview:-1"},"canonical":"https:\/\/www.visitamalfi.info\/fr\/amw-accommodation\/la-casa-del-sarto\/","og_locale":"fr_FR","og_type":"article","og_title":"La Casa del Sarto - Visit Amalfi","og_description":"La Casa del Sarto repr\u00e9sente une tentative de r\u00e9aliser un concept d'hospitalit\u00e9 qui va au-del\u00e0 d'un simple s\u00e9jour.","og_url":"https:\/\/www.visitamalfi.info\/fr\/amw-accommodation\/la-casa-del-sarto\/","og_site_name":"Visit Amalfi","article_publisher":"https:\/\/www.facebook.com\/visitamalfiofficial","article_modified_time":"2025-02-17T11:37:48+00:00","og_image":[{"width":1107,"height":737,"url":"https:\/\/www.visitamalfi.info\/wp-content\/uploads\/2023\/05\/letto-2-big.jpg","type":"image\/jpeg"}],"twitter_card":"summary_large_image","twitter_misc":{"Dur\u00e9e de lecture estim\u00e9e":"1 minute"},"schema":{"@context":"https:\/\/schema.org","@graph":[{"@type":"WebPage","@id":"https:\/\/www.visitamalfi.info\/fr\/amw-accommodation\/la-casa-del-sarto\/","url":"https:\/\/www.visitamalfi.info\/fr\/amw-accommodation\/la-casa-del-sarto\/","name":"La Casa del Sarto - Visit Amalfi","isPartOf":{"@id":"https:\/\/www.visitamalfi.info\/fr\/#website"},"primaryImageOfPage":{"@id":"https:\/\/www.visitamalfi.info\/fr\/amw-accommodation\/la-casa-del-sarto\/#primaryimage"},"image":{"@id":"https:\/\/www.visitamalfi.info\/fr\/amw-accommodation\/la-casa-del-sarto\/#primaryimage"},"thumbnailUrl":"https:\/\/www.visitamalfi.info\/wp-content\/uploads\/2023\/05\/letto-2-big.jpg","datePublished":"2023-05-26T12:20:34+00:00","dateModified":"2025-02-17T11:37:48+00:00","breadcrumb":{"@id":"https:\/\/www.visitamalfi.info\/fr\/amw-accommodation\/la-casa-del-sarto\/#breadcrumb"},"inLanguage":"fr-FR","potentialAction":[{"@type":"ReadAction","target":["https:\/\/www.visitamalfi.info\/fr\/amw-accommodation\/la-casa-del-sarto\/"]}]},{"@type":"ImageObject","inLanguage":"fr-FR","@id":"https:\/\/www.visitamalfi.info\/fr\/amw-accommodation\/la-casa-del-sarto\/#primaryimage","url":"https:\/\/www.visitamalfi.info\/wp-content\/uploads\/2023\/05\/letto-2-big.jpg","contentUrl":"https:\/\/www.visitamalfi.info\/wp-content\/uploads\/2023\/05\/letto-2-big.jpg","width":1107,"height":737,"caption":"La Casa del Sarto_Amalfi_Bedroom"},{"@type":"BreadcrumbList","@id":"https:\/\/www.visitamalfi.info\/fr\/amw-accommodation\/la-casa-del-sarto\/#breadcrumb","itemListElement":[{"@type":"ListItem","position":1,"name":"Home","item":"https:\/\/www.visitamalfi.info\/fr\/"},{"@type":"ListItem","position":2,"name":"La Casa del Sarto"}]},{"@type":"WebSite","@id":"https:\/\/www.visitamalfi.info\/fr\/#website","url":"https:\/\/www.visitamalfi.info\/fr\/","name":"Visit Amalfi","description":"Amalfi Destination Official Website","publisher":{"@id":"https:\/\/www.visitamalfi.info\/fr\/#organization"},"potentialAction":[{"@type":"SearchAction","target":{"@type":"EntryPoint","urlTemplate":"https:\/\/www.visitamalfi.info\/fr\/?s={search_term_string}"},"query-input":{"@type":"PropertyValueSpecification","valueRequired":true,"valueName":"search_term_string"}}],"inLanguage":"fr-FR"},{"@type":"Organization","@id":"https:\/\/www.visitamalfi.info\/fr\/#organization","name":"Visit Amalfi","url":"https:\/\/www.visitamalfi.info\/fr\/","logo":{"@type":"ImageObject","inLanguage":"fr-FR","@id":"https:\/\/www.visitamalfi.info\/fr\/#\/schema\/logo\/image\/","url":"https:\/\/www.visitamalfi.info\/wp-content\/uploads\/2023\/04\/visit-amalfi-logo-web.png","contentUrl":"https:\/\/www.visitamalfi.info\/wp-content\/uploads\/2023\/04\/visit-amalfi-logo-web.png","width":800,"height":870,"caption":"Visit Amalfi"},"image":{"@id":"https:\/\/www.visitamalfi.info\/fr\/#\/schema\/logo\/image\/"},"sameAs":["https:\/\/www.facebook.com\/visitamalfiofficial","https:\/\/www.instagram.com\/visitamalfiofficial\/"]}]}},"_links":{"self":[{"href":"https:\/\/www.visitamalfi.info\/fr\/wp-json\/wp\/v2\/amw_accommodation\/18823","targetHints":{"allow":["GET"]}}],"collection":[{"href":"https:\/\/www.visitamalfi.info\/fr\/wp-json\/wp\/v2\/amw_accommodation"}],"about":[{"href":"https:\/\/www.visitamalfi.info\/fr\/wp-json\/wp\/v2\/types\/amw_accommodation"}],"version-history":[{"count":1,"href":"https:\/\/www.visitamalfi.info\/fr\/wp-json\/wp\/v2\/amw_accommodation\/18823\/revisions"}],"predecessor-version":[{"id":18829,"href":"https:\/\/www.visitamalfi.info\/fr\/wp-json\/wp\/v2\/amw_accommodation\/18823\/revisions\/18829"}],"wp:featuredmedia":[{"embeddable":true,"href":"https:\/\/www.visitamalfi.info\/fr\/wp-json\/wp\/v2\/media\/18791"}],"wp:attachment":[{"href":"https:\/\/www.visitamalfi.info\/fr\/wp-json\/wp\/v2\/media?parent=18823"}],"wp:term":[{"taxonomy":"accommodation_strenghts","embeddable":true,"href":"https:\/\/www.visitamalfi.info\/fr\/wp-json\/wp\/v2\/accommodation_strenghts?post=18823"},{"taxonomy":"season","embeddable":true,"href":"https:\/\/www.visitamalfi.info\/fr\/wp-json\/wp\/v2\/season?post=18823"},{"taxonomy":"accommodation_amenities","embeddable":true,"href":"https:\/\/www.visitamalfi.info\/fr\/wp-json\/wp\/v2\/accommodation_amenities?post=18823"},{"taxonomy":"amw_accommodation_type","embeddable":true,"href":"https:\/\/www.visitamalfi.info\/fr\/wp-json\/wp\/v2\/amw_accommodation_type?post=18823"}],"curies":[{"name":"wp","href":"https:\/\/api.w.org\/{rel}","templated":true}]}}