{"id":13508,"date":"2023-05-26T14:21:12","date_gmt":"2023-05-26T12:21:12","guid":{"rendered":"https:\/\/www.visitamalfi.info\/amw-accommodation\/la-piazzetta\/"},"modified":"2025-05-19T10:46:54","modified_gmt":"2025-05-19T08:46:54","slug":"la-piazzetta","status":"publish","type":"amw_accommodation","link":"https:\/\/www.visitamalfi.info\/fr\/amw-accommodation\/la-piazzetta\/","title":{"rendered":"La Piazzetta"},"content":{"rendered":"<div id='gallery-1' class='gallery galleryid-13508 gallery-columns-4 gallery-size-thumbnail'><figure class='gallery-item'>\n\t\t\t<div class='gallery-icon landscape'>\n\t\t\t\t<a href='https:\/\/www.visitamalfi.info\/wp-content\/uploads\/2023\/05\/3-LA-PIAZZETTA.jpg' data-lightbox=\"gal[13508]\"><img fetchpriority=\"high\" decoding=\"async\" width=\"300\" height=\"300\" src=\"https:\/\/www.visitamalfi.info\/wp-content\/uploads\/2023\/05\/3-LA-PIAZZETTA-300x300.jpg\" class=\"attachment-thumbnail size-thumbnail\" alt=\"La Piazzetta - Amalfi -\" srcset=\"https:\/\/www.visitamalfi.info\/wp-content\/uploads\/2023\/05\/3-LA-PIAZZETTA-300x300.jpg 300w, https:\/\/www.visitamalfi.info\/wp-content\/uploads\/2023\/05\/3-LA-PIAZZETTA-510x510.jpg 510w, https:\/\/www.visitamalfi.info\/wp-content\/uploads\/2023\/05\/3-LA-PIAZZETTA-160x160.jpg 160w\" sizes=\"(max-width: 300px) 100vw, 300px\" \/><\/a>\n\t\t\t<\/div><\/figure><figure class='gallery-item'>\n\t\t\t<div class='gallery-icon landscape'>\n\t\t\t\t<a href='https:\/\/www.visitamalfi.info\/wp-content\/uploads\/2023\/05\/5-LA-PIAZZETTA.jpg' data-lightbox=\"gal[13508]\"><img decoding=\"async\" width=\"300\" height=\"300\" src=\"https:\/\/www.visitamalfi.info\/wp-content\/uploads\/2023\/05\/5-LA-PIAZZETTA-300x300.jpg\" class=\"attachment-thumbnail size-thumbnail\" alt=\"La Piazzetta - Amalfi - Breakfast - City view\" srcset=\"https:\/\/www.visitamalfi.info\/wp-content\/uploads\/2023\/05\/5-LA-PIAZZETTA-300x300.jpg 300w, https:\/\/www.visitamalfi.info\/wp-content\/uploads\/2023\/05\/5-LA-PIAZZETTA-510x510.jpg 510w, https:\/\/www.visitamalfi.info\/wp-content\/uploads\/2023\/05\/5-LA-PIAZZETTA-160x160.jpg 160w\" sizes=\"(max-width: 300px) 100vw, 300px\" \/><\/a>\n\t\t\t<\/div><\/figure><figure class='gallery-item'>\n\t\t\t<div class='gallery-icon landscape'>\n\t\t\t\t<a href='https:\/\/www.visitamalfi.info\/wp-content\/uploads\/2023\/05\/6-LA-PIAZZETTA.jpg' data-lightbox=\"gal[13508]\"><img decoding=\"async\" width=\"300\" height=\"300\" src=\"https:\/\/www.visitamalfi.info\/wp-content\/uploads\/2023\/05\/6-LA-PIAZZETTA-300x300.jpg\" class=\"attachment-thumbnail size-thumbnail\" alt=\"La Piazzetta - Amalfi - Bedroom\" srcset=\"https:\/\/www.visitamalfi.info\/wp-content\/uploads\/2023\/05\/6-LA-PIAZZETTA-300x300.jpg 300w, https:\/\/www.visitamalfi.info\/wp-content\/uploads\/2023\/05\/6-LA-PIAZZETTA-510x510.jpg 510w, https:\/\/www.visitamalfi.info\/wp-content\/uploads\/2023\/05\/6-LA-PIAZZETTA-160x160.jpg 160w\" sizes=\"(max-width: 300px) 100vw, 300px\" \/><\/a>\n\t\t\t<\/div><\/figure><figure class='gallery-item'>\n\t\t\t<div class='gallery-icon landscape'>\n\t\t\t\t<a href='https:\/\/www.visitamalfi.info\/wp-content\/uploads\/2023\/05\/4-LA-PIAZZETTA.jpg' data-lightbox=\"gal[13508]\"><img loading=\"lazy\" decoding=\"async\" width=\"300\" height=\"300\" src=\"https:\/\/www.visitamalfi.info\/wp-content\/uploads\/2023\/05\/4-LA-PIAZZETTA-300x300.jpg\" class=\"attachment-thumbnail size-thumbnail\" alt=\"La Piazzetta - Amalfi - Bedroom\" srcset=\"https:\/\/www.visitamalfi.info\/wp-content\/uploads\/2023\/05\/4-LA-PIAZZETTA-300x300.jpg 300w, https:\/\/www.visitamalfi.info\/wp-content\/uploads\/2023\/05\/4-LA-PIAZZETTA-510x510.jpg 510w, https:\/\/www.visitamalfi.info\/wp-content\/uploads\/2023\/05\/4-LA-PIAZZETTA-160x160.jpg 160w\" sizes=\"(max-width: 300px) 100vw, 300px\" \/><\/a>\n\t\t\t<\/div><\/figure>\n\t\t<\/div>\n\n<p><span style=\"font-weight: 400;\">La maison d&#8217;h\u00f4tes La Piazzetta est situ\u00e9e \u00e0 quelques pas de la c\u00e9l\u00e8bre Piazza Duomo, au c\u0153ur du centre historique d&#8217;Amalfi, caract\u00e9ris\u00e9 par ses maisons color\u00e9es typiques et ses anciennes ruelles. Le b\u00e2timent donne sur la place m\u00e9di\u00e9vale de Spirito Santo, qui abrite la caract\u00e9ristique fontaine Cap&#8217; &#8216;e ciucc&#8217;, ainsi appel\u00e9e parce qu&#8217;elle servait autrefois \u00e0 abreuver les \u00e2nes.<\/span><\/p>\n<p><span style=\"font-weight: 400;\">L&#8217;h\u00f4tel dispose de chambres doubles et familiales, \u00e9quip\u00e9es de l&#8217;air conditionn\u00e9, d&#8217;une connexion wi-fi, d&#8217;une t\u00e9l\u00e9vision, d&#8217;une salle de bains priv\u00e9e, d&#8217;un set de courtoisie, d&#8217;une terrasse ou d&#8217;un balcon.<\/span><\/p>\n<p><span style=\"font-weight: 400;\">Chaque matin, les clients peuvent d\u00e9guster un copieux petit d\u00e9jeuner italien sur la terrasse situ\u00e9e au dernier \u00e9tage de ce charmant b\u00e2timent historique.  <\/span><\/p>\n<p><span style=\"font-weight: 400;\">Sa situation strat\u00e9gique permet de se rendre facilement \u00e0 pied aux principales attractions et \u00e0 tous les services, tels que les bus, les bateaux, les taxis, les magasins, les bars, les restaurants et les plages.<\/span><\/p>\n<p>&nbsp;<\/p>\n","protected":false},"excerpt":{"rendered":"<p>La maison d&#8217;h\u00f4tes La Piazzetta est situ\u00e9e \u00e0 quelques pas de la c\u00e9l\u00e8bre Piazza Duomo, au c\u0153ur du centre historique d&#8217;Amalfi, caract\u00e9ris\u00e9 par ses maisons color\u00e9es typiques et ses anciennes ruelles.  <\/p>\n","protected":false},"featured_media":13493,"template":"","accommodation_strenghts":[],"season":[230,238,244,233],"accommodation_amenities":[],"amw_accommodation_type":[513],"class_list":["post-13508","amw_accommodation","type-amw_accommodation","status-publish","has-post-thumbnail","hentry","season-automne","season-lete","season-lhiver","season-printemps","amw_accommodation_type-chambres-dhotes"],"yoast_head":"<!-- This site is optimized with the Yoast SEO plugin v27.3 - https:\/\/yoast.com\/product\/yoast-seo-wordpress\/ -->\n<title>La Piazzetta - Visit Amalfi<\/title>\n<meta name=\"robots\" content=\"index, follow, max-snippet:-1, max-image-preview:large, max-video-preview:-1\" \/>\n<link rel=\"canonical\" href=\"https:\/\/www.visitamalfi.info\/fr\/amw-accommodation\/la-piazzetta\/\" \/>\n<meta property=\"og:locale\" content=\"fr_FR\" \/>\n<meta property=\"og:type\" content=\"article\" \/>\n<meta property=\"og:title\" content=\"La Piazzetta - Visit Amalfi\" \/>\n<meta property=\"og:description\" content=\"La maison d&#039;h\u00f4tes La Piazzetta est situ\u00e9e \u00e0 quelques pas de la c\u00e9l\u00e8bre Piazza Duomo, au c\u0153ur du centre historique d&#039;Amalfi, caract\u00e9ris\u00e9 par ses maisons color\u00e9es typiques et ses anciennes ruelles.\" \/>\n<meta property=\"og:url\" content=\"https:\/\/www.visitamalfi.info\/fr\/amw-accommodation\/la-piazzetta\/\" \/>\n<meta property=\"og:site_name\" content=\"Visit Amalfi\" \/>\n<meta property=\"article:publisher\" content=\"https:\/\/www.facebook.com\/visitamalfiofficial\" \/>\n<meta property=\"article:modified_time\" content=\"2025-05-19T08:46:54+00:00\" \/>\n<meta property=\"og:image\" content=\"https:\/\/www.visitamalfi.info\/wp-content\/uploads\/2023\/05\/5-LA-PIAZZETTA.jpg\" \/>\n\t<meta property=\"og:image:width\" content=\"1170\" \/>\n\t<meta property=\"og:image:height\" content=\"749\" \/>\n\t<meta property=\"og:image:type\" content=\"image\/jpeg\" \/>\n<meta name=\"twitter:card\" content=\"summary_large_image\" \/>\n<meta name=\"twitter:label1\" content=\"Dur\u00e9e de lecture estim\u00e9e\" \/>\n\t<meta name=\"twitter:data1\" content=\"1 minute\" \/>\n<script type=\"application\/ld+json\" class=\"yoast-schema-graph\">{\"@context\":\"https:\\\/\\\/schema.org\",\"@graph\":[{\"@type\":\"WebPage\",\"@id\":\"https:\\\/\\\/www.visitamalfi.info\\\/fr\\\/amw-accommodation\\\/la-piazzetta\\\/\",\"url\":\"https:\\\/\\\/www.visitamalfi.info\\\/fr\\\/amw-accommodation\\\/la-piazzetta\\\/\",\"name\":\"La Piazzetta - Visit Amalfi\",\"isPartOf\":{\"@id\":\"https:\\\/\\\/www.visitamalfi.info\\\/fr\\\/#website\"},\"primaryImageOfPage\":{\"@id\":\"https:\\\/\\\/www.visitamalfi.info\\\/fr\\\/amw-accommodation\\\/la-piazzetta\\\/#primaryimage\"},\"image\":{\"@id\":\"https:\\\/\\\/www.visitamalfi.info\\\/fr\\\/amw-accommodation\\\/la-piazzetta\\\/#primaryimage\"},\"thumbnailUrl\":\"https:\\\/\\\/www.visitamalfi.info\\\/wp-content\\\/uploads\\\/2023\\\/05\\\/5-LA-PIAZZETTA.jpg\",\"datePublished\":\"2023-05-26T12:21:12+00:00\",\"dateModified\":\"2025-05-19T08:46:54+00:00\",\"breadcrumb\":{\"@id\":\"https:\\\/\\\/www.visitamalfi.info\\\/fr\\\/amw-accommodation\\\/la-piazzetta\\\/#breadcrumb\"},\"inLanguage\":\"fr-FR\",\"potentialAction\":[{\"@type\":\"ReadAction\",\"target\":[\"https:\\\/\\\/www.visitamalfi.info\\\/fr\\\/amw-accommodation\\\/la-piazzetta\\\/\"]}]},{\"@type\":\"ImageObject\",\"inLanguage\":\"fr-FR\",\"@id\":\"https:\\\/\\\/www.visitamalfi.info\\\/fr\\\/amw-accommodation\\\/la-piazzetta\\\/#primaryimage\",\"url\":\"https:\\\/\\\/www.visitamalfi.info\\\/wp-content\\\/uploads\\\/2023\\\/05\\\/5-LA-PIAZZETTA.jpg\",\"contentUrl\":\"https:\\\/\\\/www.visitamalfi.info\\\/wp-content\\\/uploads\\\/2023\\\/05\\\/5-LA-PIAZZETTA.jpg\",\"width\":1170,\"height\":749,\"caption\":\"La Piazzetta - Amalfi - Breakfast - City view\"},{\"@type\":\"BreadcrumbList\",\"@id\":\"https:\\\/\\\/www.visitamalfi.info\\\/fr\\\/amw-accommodation\\\/la-piazzetta\\\/#breadcrumb\",\"itemListElement\":[{\"@type\":\"ListItem\",\"position\":1,\"name\":\"Home\",\"item\":\"https:\\\/\\\/www.visitamalfi.info\\\/fr\\\/\"},{\"@type\":\"ListItem\",\"position\":2,\"name\":\"La Piazzetta\"}]},{\"@type\":\"WebSite\",\"@id\":\"https:\\\/\\\/www.visitamalfi.info\\\/fr\\\/#website\",\"url\":\"https:\\\/\\\/www.visitamalfi.info\\\/fr\\\/\",\"name\":\"Visit Amalfi\",\"description\":\"Amalfi Destination Official Website\",\"publisher\":{\"@id\":\"https:\\\/\\\/www.visitamalfi.info\\\/fr\\\/#organization\"},\"potentialAction\":[{\"@type\":\"SearchAction\",\"target\":{\"@type\":\"EntryPoint\",\"urlTemplate\":\"https:\\\/\\\/www.visitamalfi.info\\\/fr\\\/?s={search_term_string}\"},\"query-input\":{\"@type\":\"PropertyValueSpecification\",\"valueRequired\":true,\"valueName\":\"search_term_string\"}}],\"inLanguage\":\"fr-FR\"},{\"@type\":\"Organization\",\"@id\":\"https:\\\/\\\/www.visitamalfi.info\\\/fr\\\/#organization\",\"name\":\"Visit Amalfi\",\"url\":\"https:\\\/\\\/www.visitamalfi.info\\\/fr\\\/\",\"logo\":{\"@type\":\"ImageObject\",\"inLanguage\":\"fr-FR\",\"@id\":\"https:\\\/\\\/www.visitamalfi.info\\\/fr\\\/#\\\/schema\\\/logo\\\/image\\\/\",\"url\":\"https:\\\/\\\/www.visitamalfi.info\\\/wp-content\\\/uploads\\\/2023\\\/04\\\/visit-amalfi-logo-web.png\",\"contentUrl\":\"https:\\\/\\\/www.visitamalfi.info\\\/wp-content\\\/uploads\\\/2023\\\/04\\\/visit-amalfi-logo-web.png\",\"width\":800,\"height\":870,\"caption\":\"Visit Amalfi\"},\"image\":{\"@id\":\"https:\\\/\\\/www.visitamalfi.info\\\/fr\\\/#\\\/schema\\\/logo\\\/image\\\/\"},\"sameAs\":[\"https:\\\/\\\/www.facebook.com\\\/visitamalfiofficial\",\"https:\\\/\\\/www.instagram.com\\\/visitamalfiofficial\\\/\"]}]}<\/script>\n<!-- \/ Yoast SEO plugin. -->","yoast_head_json":{"title":"La Piazzetta - Visit Amalfi","robots":{"index":"index","follow":"follow","max-snippet":"max-snippet:-1","max-image-preview":"max-image-preview:large","max-video-preview":"max-video-preview:-1"},"canonical":"https:\/\/www.visitamalfi.info\/fr\/amw-accommodation\/la-piazzetta\/","og_locale":"fr_FR","og_type":"article","og_title":"La Piazzetta - Visit Amalfi","og_description":"La maison d'h\u00f4tes La Piazzetta est situ\u00e9e \u00e0 quelques pas de la c\u00e9l\u00e8bre Piazza Duomo, au c\u0153ur du centre historique d'Amalfi, caract\u00e9ris\u00e9 par ses maisons color\u00e9es typiques et ses anciennes ruelles.","og_url":"https:\/\/www.visitamalfi.info\/fr\/amw-accommodation\/la-piazzetta\/","og_site_name":"Visit Amalfi","article_publisher":"https:\/\/www.facebook.com\/visitamalfiofficial","article_modified_time":"2025-05-19T08:46:54+00:00","og_image":[{"width":1170,"height":749,"url":"https:\/\/www.visitamalfi.info\/wp-content\/uploads\/2023\/05\/5-LA-PIAZZETTA.jpg","type":"image\/jpeg"}],"twitter_card":"summary_large_image","twitter_misc":{"Dur\u00e9e de lecture estim\u00e9e":"1 minute"},"schema":{"@context":"https:\/\/schema.org","@graph":[{"@type":"WebPage","@id":"https:\/\/www.visitamalfi.info\/fr\/amw-accommodation\/la-piazzetta\/","url":"https:\/\/www.visitamalfi.info\/fr\/amw-accommodation\/la-piazzetta\/","name":"La Piazzetta - Visit Amalfi","isPartOf":{"@id":"https:\/\/www.visitamalfi.info\/fr\/#website"},"primaryImageOfPage":{"@id":"https:\/\/www.visitamalfi.info\/fr\/amw-accommodation\/la-piazzetta\/#primaryimage"},"image":{"@id":"https:\/\/www.visitamalfi.info\/fr\/amw-accommodation\/la-piazzetta\/#primaryimage"},"thumbnailUrl":"https:\/\/www.visitamalfi.info\/wp-content\/uploads\/2023\/05\/5-LA-PIAZZETTA.jpg","datePublished":"2023-05-26T12:21:12+00:00","dateModified":"2025-05-19T08:46:54+00:00","breadcrumb":{"@id":"https:\/\/www.visitamalfi.info\/fr\/amw-accommodation\/la-piazzetta\/#breadcrumb"},"inLanguage":"fr-FR","potentialAction":[{"@type":"ReadAction","target":["https:\/\/www.visitamalfi.info\/fr\/amw-accommodation\/la-piazzetta\/"]}]},{"@type":"ImageObject","inLanguage":"fr-FR","@id":"https:\/\/www.visitamalfi.info\/fr\/amw-accommodation\/la-piazzetta\/#primaryimage","url":"https:\/\/www.visitamalfi.info\/wp-content\/uploads\/2023\/05\/5-LA-PIAZZETTA.jpg","contentUrl":"https:\/\/www.visitamalfi.info\/wp-content\/uploads\/2023\/05\/5-LA-PIAZZETTA.jpg","width":1170,"height":749,"caption":"La Piazzetta - Amalfi - Breakfast - City view"},{"@type":"BreadcrumbList","@id":"https:\/\/www.visitamalfi.info\/fr\/amw-accommodation\/la-piazzetta\/#breadcrumb","itemListElement":[{"@type":"ListItem","position":1,"name":"Home","item":"https:\/\/www.visitamalfi.info\/fr\/"},{"@type":"ListItem","position":2,"name":"La Piazzetta"}]},{"@type":"WebSite","@id":"https:\/\/www.visitamalfi.info\/fr\/#website","url":"https:\/\/www.visitamalfi.info\/fr\/","name":"Visit Amalfi","description":"Amalfi Destination Official Website","publisher":{"@id":"https:\/\/www.visitamalfi.info\/fr\/#organization"},"potentialAction":[{"@type":"SearchAction","target":{"@type":"EntryPoint","urlTemplate":"https:\/\/www.visitamalfi.info\/fr\/?s={search_term_string}"},"query-input":{"@type":"PropertyValueSpecification","valueRequired":true,"valueName":"search_term_string"}}],"inLanguage":"fr-FR"},{"@type":"Organization","@id":"https:\/\/www.visitamalfi.info\/fr\/#organization","name":"Visit Amalfi","url":"https:\/\/www.visitamalfi.info\/fr\/","logo":{"@type":"ImageObject","inLanguage":"fr-FR","@id":"https:\/\/www.visitamalfi.info\/fr\/#\/schema\/logo\/image\/","url":"https:\/\/www.visitamalfi.info\/wp-content\/uploads\/2023\/04\/visit-amalfi-logo-web.png","contentUrl":"https:\/\/www.visitamalfi.info\/wp-content\/uploads\/2023\/04\/visit-amalfi-logo-web.png","width":800,"height":870,"caption":"Visit Amalfi"},"image":{"@id":"https:\/\/www.visitamalfi.info\/fr\/#\/schema\/logo\/image\/"},"sameAs":["https:\/\/www.facebook.com\/visitamalfiofficial","https:\/\/www.instagram.com\/visitamalfiofficial\/"]}]}},"_links":{"self":[{"href":"https:\/\/www.visitamalfi.info\/fr\/wp-json\/wp\/v2\/amw_accommodation\/13508","targetHints":{"allow":["GET"]}}],"collection":[{"href":"https:\/\/www.visitamalfi.info\/fr\/wp-json\/wp\/v2\/amw_accommodation"}],"about":[{"href":"https:\/\/www.visitamalfi.info\/fr\/wp-json\/wp\/v2\/types\/amw_accommodation"}],"version-history":[{"count":1,"href":"https:\/\/www.visitamalfi.info\/fr\/wp-json\/wp\/v2\/amw_accommodation\/13508\/revisions"}],"predecessor-version":[{"id":21767,"href":"https:\/\/www.visitamalfi.info\/fr\/wp-json\/wp\/v2\/amw_accommodation\/13508\/revisions\/21767"}],"wp:featuredmedia":[{"embeddable":true,"href":"https:\/\/www.visitamalfi.info\/fr\/wp-json\/wp\/v2\/media\/13493"}],"wp:attachment":[{"href":"https:\/\/www.visitamalfi.info\/fr\/wp-json\/wp\/v2\/media?parent=13508"}],"wp:term":[{"taxonomy":"accommodation_strenghts","embeddable":true,"href":"https:\/\/www.visitamalfi.info\/fr\/wp-json\/wp\/v2\/accommodation_strenghts?post=13508"},{"taxonomy":"season","embeddable":true,"href":"https:\/\/www.visitamalfi.info\/fr\/wp-json\/wp\/v2\/season?post=13508"},{"taxonomy":"accommodation_amenities","embeddable":true,"href":"https:\/\/www.visitamalfi.info\/fr\/wp-json\/wp\/v2\/accommodation_amenities?post=13508"},{"taxonomy":"amw_accommodation_type","embeddable":true,"href":"https:\/\/www.visitamalfi.info\/fr\/wp-json\/wp\/v2\/amw_accommodation_type?post=13508"}],"curies":[{"name":"wp","href":"https:\/\/api.w.org\/{rel}","templated":true}]}}