{"id":11433,"date":"2023-05-26T14:21:18","date_gmt":"2023-05-26T12:21:18","guid":{"rendered":"https:\/\/www.visitamalfi.info\/amw-accommodation\/domus-florio-sabbia\/"},"modified":"2023-05-26T14:21:18","modified_gmt":"2023-05-26T12:21:18","slug":"domus-florio-sabbia","status":"publish","type":"amw_accommodation","link":"https:\/\/www.visitamalfi.info\/fr\/amw-accommodation\/domus-florio-sabbia\/","title":{"rendered":"Domus Florio Sabbia"},"content":{"rendered":"<div id='gallery-1' class='gallery galleryid-11433 gallery-columns-4 gallery-size-thumbnail'><figure class='gallery-item'>\n\t\t\t<div class='gallery-icon landscape'>\n\t\t\t\t<a href='https:\/\/www.visitamalfi.info\/wp-content\/uploads\/2023\/05\/DSC_4798-1-Modificata.png' data-lightbox=\"gal[11433]\"><img fetchpriority=\"high\" decoding=\"async\" width=\"300\" height=\"300\" src=\"https:\/\/www.visitamalfi.info\/wp-content\/uploads\/2023\/05\/DSC_4798-1-Modificata-300x300.png\" class=\"attachment-thumbnail size-thumbnail\" alt=\"\" srcset=\"https:\/\/www.visitamalfi.info\/wp-content\/uploads\/2023\/05\/DSC_4798-1-Modificata-300x300.png 300w, https:\/\/www.visitamalfi.info\/wp-content\/uploads\/2023\/05\/DSC_4798-1-Modificata-510x510.png 510w, https:\/\/www.visitamalfi.info\/wp-content\/uploads\/2023\/05\/DSC_4798-1-Modificata-160x160.png 160w\" sizes=\"(max-width: 300px) 100vw, 300px\" \/><\/a>\n\t\t\t<\/div><\/figure><figure class='gallery-item'>\n\t\t\t<div class='gallery-icon landscape'>\n\t\t\t\t<a href='https:\/\/www.visitamalfi.info\/wp-content\/uploads\/2023\/05\/ANA5836_Florio_Amalfi_WEB-Modificata.png' data-lightbox=\"gal[11433]\"><img decoding=\"async\" width=\"300\" height=\"300\" src=\"https:\/\/www.visitamalfi.info\/wp-content\/uploads\/2023\/05\/ANA5836_Florio_Amalfi_WEB-Modificata-300x300.png\" class=\"attachment-thumbnail size-thumbnail\" alt=\"\" srcset=\"https:\/\/www.visitamalfi.info\/wp-content\/uploads\/2023\/05\/ANA5836_Florio_Amalfi_WEB-Modificata-300x300.png 300w, https:\/\/www.visitamalfi.info\/wp-content\/uploads\/2023\/05\/ANA5836_Florio_Amalfi_WEB-Modificata-510x510.png 510w, https:\/\/www.visitamalfi.info\/wp-content\/uploads\/2023\/05\/ANA5836_Florio_Amalfi_WEB-Modificata-160x160.png 160w\" sizes=\"(max-width: 300px) 100vw, 300px\" \/><\/a>\n\t\t\t<\/div><\/figure><figure class='gallery-item'>\n\t\t\t<div class='gallery-icon landscape'>\n\t\t\t\t<a href='https:\/\/www.visitamalfi.info\/wp-content\/uploads\/2023\/05\/DSC_4796-1-Modificata.png' data-lightbox=\"gal[11433]\"><img decoding=\"async\" width=\"300\" height=\"300\" src=\"https:\/\/www.visitamalfi.info\/wp-content\/uploads\/2023\/05\/DSC_4796-1-Modificata-300x300.png\" class=\"attachment-thumbnail size-thumbnail\" alt=\"\" srcset=\"https:\/\/www.visitamalfi.info\/wp-content\/uploads\/2023\/05\/DSC_4796-1-Modificata-300x300.png 300w, https:\/\/www.visitamalfi.info\/wp-content\/uploads\/2023\/05\/DSC_4796-1-Modificata-510x510.png 510w, https:\/\/www.visitamalfi.info\/wp-content\/uploads\/2023\/05\/DSC_4796-1-Modificata-160x160.png 160w\" sizes=\"(max-width: 300px) 100vw, 300px\" \/><\/a>\n\t\t\t<\/div><\/figure><figure class='gallery-item'>\n\t\t\t<div class='gallery-icon landscape'>\n\t\t\t\t<a href='https:\/\/www.visitamalfi.info\/wp-content\/uploads\/2023\/05\/DSC_4804-Modificata.png' data-lightbox=\"gal[11433]\"><img loading=\"lazy\" decoding=\"async\" width=\"300\" height=\"300\" src=\"https:\/\/www.visitamalfi.info\/wp-content\/uploads\/2023\/05\/DSC_4804-Modificata-300x300.png\" class=\"attachment-thumbnail size-thumbnail\" alt=\"\" srcset=\"https:\/\/www.visitamalfi.info\/wp-content\/uploads\/2023\/05\/DSC_4804-Modificata-300x300.png 300w, https:\/\/www.visitamalfi.info\/wp-content\/uploads\/2023\/05\/DSC_4804-Modificata-510x510.png 510w, https:\/\/www.visitamalfi.info\/wp-content\/uploads\/2023\/05\/DSC_4804-Modificata-160x160.png 160w\" sizes=\"(max-width: 300px) 100vw, 300px\" \/><\/a>\n\t\t\t<\/div><\/figure>\n\t\t<\/div>\n\n<p><span style=\"font-weight: 400;\">L&#8217;appartement Domus Florio Sabbia du groupe <a href=\"https:\/\/maisonescher.it\/\">Maison Escher<\/a> est situ\u00e9 au c\u0153ur du centre historique d&#8217;Amalfi, \u00e0 quelques pas de la splendide Piazza Duomo et de la c\u00e9l\u00e8bre cath\u00e9drale d&#8217;Amalfi. La structure, d&#8217;une capacit\u00e9 maximale de quatre personnes, est id\u00e9ale pour les couples ou les familles \u00e0 la recherche de l&#8217;\u00e2me la plus authentique de la R\u00e9publique maritime d&#8217;Amalfi.<\/span><\/p>\n<p><span style=\"font-weight: 400;\">L&#8217;appartement dispose d&#8217;une cuisine enti\u00e8rement \u00e9quip\u00e9e, d&#8217;une salle de bains avec une grande douche et un bidet, d&#8217;une chambre en mezzanine avec un lit double et, dans la m\u00eame pi\u00e8ce, d&#8217;un canap\u00e9-lit confortable pour deux personnes. Pour acc\u00e9der \u00e0 l&#8217;appartement, il faut monter un petit escalier de 15 marches.<\/span><\/p>\n<div id='gallery-2' class='gallery galleryid-11433 gallery-columns-4 gallery-size-thumbnail'><figure class='gallery-item'>\n\t\t\t<div class='gallery-icon landscape'>\n\t\t\t\t<a href='https:\/\/www.visitamalfi.info\/wp-content\/uploads\/2023\/05\/DSC_4766-1-Modificata.png' data-lightbox=\"gal[11433]\"><img loading=\"lazy\" decoding=\"async\" width=\"300\" height=\"300\" src=\"https:\/\/www.visitamalfi.info\/wp-content\/uploads\/2023\/05\/DSC_4766-1-Modificata-300x300.png\" class=\"attachment-thumbnail size-thumbnail\" alt=\"\" srcset=\"https:\/\/www.visitamalfi.info\/wp-content\/uploads\/2023\/05\/DSC_4766-1-Modificata-300x300.png 300w, https:\/\/www.visitamalfi.info\/wp-content\/uploads\/2023\/05\/DSC_4766-1-Modificata-510x510.png 510w, https:\/\/www.visitamalfi.info\/wp-content\/uploads\/2023\/05\/DSC_4766-1-Modificata-160x160.png 160w\" sizes=\"(max-width: 300px) 100vw, 300px\" \/><\/a>\n\t\t\t<\/div><\/figure><figure class='gallery-item'>\n\t\t\t<div class='gallery-icon landscape'>\n\t\t\t\t<a href='https:\/\/www.visitamalfi.info\/wp-content\/uploads\/2023\/05\/ANA5871_Florio_Amalfi_WEB-Modificata.png' data-lightbox=\"gal[11433]\"><img loading=\"lazy\" decoding=\"async\" width=\"300\" height=\"300\" src=\"https:\/\/www.visitamalfi.info\/wp-content\/uploads\/2023\/05\/ANA5871_Florio_Amalfi_WEB-Modificata-300x300.png\" class=\"attachment-thumbnail size-thumbnail\" alt=\"\" srcset=\"https:\/\/www.visitamalfi.info\/wp-content\/uploads\/2023\/05\/ANA5871_Florio_Amalfi_WEB-Modificata-300x300.png 300w, https:\/\/www.visitamalfi.info\/wp-content\/uploads\/2023\/05\/ANA5871_Florio_Amalfi_WEB-Modificata-510x510.png 510w, https:\/\/www.visitamalfi.info\/wp-content\/uploads\/2023\/05\/ANA5871_Florio_Amalfi_WEB-Modificata-160x160.png 160w\" sizes=\"(max-width: 300px) 100vw, 300px\" \/><\/a>\n\t\t\t<\/div><\/figure><figure class='gallery-item'>\n\t\t\t<div class='gallery-icon portrait'>\n\t\t\t\t<a href='https:\/\/www.visitamalfi.info\/wp-content\/uploads\/2023\/05\/ANA5837_Florio_Amalfi_WEB-Modificata.png' data-lightbox=\"gal[11433]\"><img loading=\"lazy\" decoding=\"async\" width=\"300\" height=\"300\" src=\"https:\/\/www.visitamalfi.info\/wp-content\/uploads\/2023\/05\/ANA5837_Florio_Amalfi_WEB-Modificata-300x300.png\" class=\"attachment-thumbnail size-thumbnail\" alt=\"\" srcset=\"https:\/\/www.visitamalfi.info\/wp-content\/uploads\/2023\/05\/ANA5837_Florio_Amalfi_WEB-Modificata-300x300.png 300w, https:\/\/www.visitamalfi.info\/wp-content\/uploads\/2023\/05\/ANA5837_Florio_Amalfi_WEB-Modificata-510x510.png 510w, https:\/\/www.visitamalfi.info\/wp-content\/uploads\/2023\/05\/ANA5837_Florio_Amalfi_WEB-Modificata-160x160.png 160w\" sizes=\"(max-width: 300px) 100vw, 300px\" \/><\/a>\n\t\t\t<\/div><\/figure><figure class='gallery-item'>\n\t\t\t<div class='gallery-icon landscape'>\n\t\t\t\t<a href='https:\/\/www.visitamalfi.info\/wp-content\/uploads\/2023\/05\/DSC_4788-1-Modificata.png' data-lightbox=\"gal[11433]\"><img loading=\"lazy\" decoding=\"async\" width=\"300\" height=\"300\" src=\"https:\/\/www.visitamalfi.info\/wp-content\/uploads\/2023\/05\/DSC_4788-1-Modificata-300x300.png\" class=\"attachment-thumbnail size-thumbnail\" alt=\"\" srcset=\"https:\/\/www.visitamalfi.info\/wp-content\/uploads\/2023\/05\/DSC_4788-1-Modificata-300x300.png 300w, https:\/\/www.visitamalfi.info\/wp-content\/uploads\/2023\/05\/DSC_4788-1-Modificata-510x510.png 510w, https:\/\/www.visitamalfi.info\/wp-content\/uploads\/2023\/05\/DSC_4788-1-Modificata-160x160.png 160w\" sizes=\"(max-width: 300px) 100vw, 300px\" \/><\/a>\n\t\t\t<\/div><\/figure>\n\t\t<\/div>\n\n<p><span style=\"font-weight: 400;\">Pendant leur s\u00e9jour au Domus Florio Sabbia, les clients auront l&#8217;occasion de conna\u00eetre et d&#8217;appr\u00e9cier les reproductions de peintures d&#8217;Alfonso Florio, l&#8217;anc\u00eatre des propri\u00e9taires de l&#8217;h\u00f4tel. <\/span><\/p>\n<p><span style=\"font-weight: 400;\">Depuis l&#8217;h\u00f4tel, vous pouvez facilement vous rendre \u00e0 pied \u00e0 la plage d&#8217;Amalfi (300 m\u00e8tres) et aux principaux centres d&#8217;int\u00e9r\u00eat de la ville, tels que le Clo\u00eetre du Paradis, les Arsenaux de la R\u00e9publique et le Mus\u00e9e du Papier.<\/span><\/p>\n","protected":false},"excerpt":{"rendered":"<p>Pendant leur s\u00e9jour au Domus Florio Sabbia, les clients auront l&#8217;occasion de conna\u00eetre et d&#8217;appr\u00e9cier les reproductions de peintures d&#8217;Alfonso Florio, l&#8217;anc\u00eatre des propri\u00e9taires de l&#8217;h\u00f4tel. <\/p>\n","protected":false},"featured_media":0,"template":"","accommodation_strenghts":[],"season":[230,238,244,233],"accommodation_amenities":[],"amw_accommodation_type":[511],"class_list":["post-11433","amw_accommodation","type-amw_accommodation","status-publish","hentry","season-automne","season-lete","season-lhiver","season-printemps","amw_accommodation_type-maison-et-appartement-de-vacances"],"yoast_head":"<!-- This site is optimized with the Yoast SEO plugin v27.3 - https:\/\/yoast.com\/product\/yoast-seo-wordpress\/ -->\n<title>Domus Florio Sabbia - Visit Amalfi<\/title>\n<meta name=\"robots\" content=\"index, follow, max-snippet:-1, max-image-preview:large, max-video-preview:-1\" \/>\n<link rel=\"canonical\" href=\"https:\/\/www.visitamalfi.info\/fr\/amw-accommodation\/domus-florio-sabbia\/\" \/>\n<meta property=\"og:locale\" content=\"fr_FR\" \/>\n<meta property=\"og:type\" content=\"article\" \/>\n<meta property=\"og:title\" content=\"Domus Florio Sabbia - Visit Amalfi\" \/>\n<meta property=\"og:description\" content=\"Pendant leur s\u00e9jour au Domus Florio Sabbia, les clients auront l&#039;occasion de conna\u00eetre et d&#039;appr\u00e9cier les reproductions de peintures d&#039;Alfonso Florio, l&#039;anc\u00eatre des propri\u00e9taires de l&#039;h\u00f4tel.\" \/>\n<meta property=\"og:url\" content=\"https:\/\/www.visitamalfi.info\/fr\/amw-accommodation\/domus-florio-sabbia\/\" \/>\n<meta property=\"og:site_name\" content=\"Visit Amalfi\" \/>\n<meta property=\"article:publisher\" content=\"https:\/\/www.facebook.com\/visitamalfiofficial\" \/>\n<meta property=\"og:image\" content=\"https:\/\/www.visitamalfi.info\/wp-content\/uploads\/2023\/05\/DSC_4798-1-Modificata-300x300.png\" \/>\n<meta name=\"twitter:card\" content=\"summary_large_image\" \/>\n<meta name=\"twitter:label1\" content=\"Dur\u00e9e de lecture estim\u00e9e\" \/>\n\t<meta name=\"twitter:data1\" content=\"1 minute\" \/>\n<script type=\"application\/ld+json\" class=\"yoast-schema-graph\">{\"@context\":\"https:\\\/\\\/schema.org\",\"@graph\":[{\"@type\":\"WebPage\",\"@id\":\"https:\\\/\\\/www.visitamalfi.info\\\/fr\\\/amw-accommodation\\\/domus-florio-sabbia\\\/\",\"url\":\"https:\\\/\\\/www.visitamalfi.info\\\/fr\\\/amw-accommodation\\\/domus-florio-sabbia\\\/\",\"name\":\"Domus Florio Sabbia - Visit Amalfi\",\"isPartOf\":{\"@id\":\"https:\\\/\\\/www.visitamalfi.info\\\/fr\\\/#website\"},\"datePublished\":\"2023-05-26T12:21:18+00:00\",\"breadcrumb\":{\"@id\":\"https:\\\/\\\/www.visitamalfi.info\\\/fr\\\/amw-accommodation\\\/domus-florio-sabbia\\\/#breadcrumb\"},\"inLanguage\":\"fr-FR\",\"potentialAction\":[{\"@type\":\"ReadAction\",\"target\":[\"https:\\\/\\\/www.visitamalfi.info\\\/fr\\\/amw-accommodation\\\/domus-florio-sabbia\\\/\"]}]},{\"@type\":\"BreadcrumbList\",\"@id\":\"https:\\\/\\\/www.visitamalfi.info\\\/fr\\\/amw-accommodation\\\/domus-florio-sabbia\\\/#breadcrumb\",\"itemListElement\":[{\"@type\":\"ListItem\",\"position\":1,\"name\":\"Home\",\"item\":\"https:\\\/\\\/www.visitamalfi.info\\\/fr\\\/\"},{\"@type\":\"ListItem\",\"position\":2,\"name\":\"Domus Florio Sabbia\"}]},{\"@type\":\"WebSite\",\"@id\":\"https:\\\/\\\/www.visitamalfi.info\\\/fr\\\/#website\",\"url\":\"https:\\\/\\\/www.visitamalfi.info\\\/fr\\\/\",\"name\":\"Visit Amalfi\",\"description\":\"Amalfi Destination Official Website\",\"publisher\":{\"@id\":\"https:\\\/\\\/www.visitamalfi.info\\\/fr\\\/#organization\"},\"potentialAction\":[{\"@type\":\"SearchAction\",\"target\":{\"@type\":\"EntryPoint\",\"urlTemplate\":\"https:\\\/\\\/www.visitamalfi.info\\\/fr\\\/?s={search_term_string}\"},\"query-input\":{\"@type\":\"PropertyValueSpecification\",\"valueRequired\":true,\"valueName\":\"search_term_string\"}}],\"inLanguage\":\"fr-FR\"},{\"@type\":\"Organization\",\"@id\":\"https:\\\/\\\/www.visitamalfi.info\\\/fr\\\/#organization\",\"name\":\"Visit Amalfi\",\"url\":\"https:\\\/\\\/www.visitamalfi.info\\\/fr\\\/\",\"logo\":{\"@type\":\"ImageObject\",\"inLanguage\":\"fr-FR\",\"@id\":\"https:\\\/\\\/www.visitamalfi.info\\\/fr\\\/#\\\/schema\\\/logo\\\/image\\\/\",\"url\":\"https:\\\/\\\/www.visitamalfi.info\\\/wp-content\\\/uploads\\\/2023\\\/04\\\/visit-amalfi-logo-web.png\",\"contentUrl\":\"https:\\\/\\\/www.visitamalfi.info\\\/wp-content\\\/uploads\\\/2023\\\/04\\\/visit-amalfi-logo-web.png\",\"width\":800,\"height\":870,\"caption\":\"Visit Amalfi\"},\"image\":{\"@id\":\"https:\\\/\\\/www.visitamalfi.info\\\/fr\\\/#\\\/schema\\\/logo\\\/image\\\/\"},\"sameAs\":[\"https:\\\/\\\/www.facebook.com\\\/visitamalfiofficial\",\"https:\\\/\\\/www.instagram.com\\\/visitamalfiofficial\\\/\"]}]}<\/script>\n<!-- \/ Yoast SEO plugin. -->","yoast_head_json":{"title":"Domus Florio Sabbia - Visit Amalfi","robots":{"index":"index","follow":"follow","max-snippet":"max-snippet:-1","max-image-preview":"max-image-preview:large","max-video-preview":"max-video-preview:-1"},"canonical":"https:\/\/www.visitamalfi.info\/fr\/amw-accommodation\/domus-florio-sabbia\/","og_locale":"fr_FR","og_type":"article","og_title":"Domus Florio Sabbia - Visit Amalfi","og_description":"Pendant leur s\u00e9jour au Domus Florio Sabbia, les clients auront l'occasion de conna\u00eetre et d'appr\u00e9cier les reproductions de peintures d'Alfonso Florio, l'anc\u00eatre des propri\u00e9taires de l'h\u00f4tel.","og_url":"https:\/\/www.visitamalfi.info\/fr\/amw-accommodation\/domus-florio-sabbia\/","og_site_name":"Visit Amalfi","article_publisher":"https:\/\/www.facebook.com\/visitamalfiofficial","og_image":[{"url":"https:\/\/www.visitamalfi.info\/wp-content\/uploads\/2023\/05\/DSC_4798-1-Modificata-300x300.png","type":"","width":"","height":""}],"twitter_card":"summary_large_image","twitter_misc":{"Dur\u00e9e de lecture estim\u00e9e":"1 minute"},"schema":{"@context":"https:\/\/schema.org","@graph":[{"@type":"WebPage","@id":"https:\/\/www.visitamalfi.info\/fr\/amw-accommodation\/domus-florio-sabbia\/","url":"https:\/\/www.visitamalfi.info\/fr\/amw-accommodation\/domus-florio-sabbia\/","name":"Domus Florio Sabbia - Visit Amalfi","isPartOf":{"@id":"https:\/\/www.visitamalfi.info\/fr\/#website"},"datePublished":"2023-05-26T12:21:18+00:00","breadcrumb":{"@id":"https:\/\/www.visitamalfi.info\/fr\/amw-accommodation\/domus-florio-sabbia\/#breadcrumb"},"inLanguage":"fr-FR","potentialAction":[{"@type":"ReadAction","target":["https:\/\/www.visitamalfi.info\/fr\/amw-accommodation\/domus-florio-sabbia\/"]}]},{"@type":"BreadcrumbList","@id":"https:\/\/www.visitamalfi.info\/fr\/amw-accommodation\/domus-florio-sabbia\/#breadcrumb","itemListElement":[{"@type":"ListItem","position":1,"name":"Home","item":"https:\/\/www.visitamalfi.info\/fr\/"},{"@type":"ListItem","position":2,"name":"Domus Florio Sabbia"}]},{"@type":"WebSite","@id":"https:\/\/www.visitamalfi.info\/fr\/#website","url":"https:\/\/www.visitamalfi.info\/fr\/","name":"Visit Amalfi","description":"Amalfi Destination Official Website","publisher":{"@id":"https:\/\/www.visitamalfi.info\/fr\/#organization"},"potentialAction":[{"@type":"SearchAction","target":{"@type":"EntryPoint","urlTemplate":"https:\/\/www.visitamalfi.info\/fr\/?s={search_term_string}"},"query-input":{"@type":"PropertyValueSpecification","valueRequired":true,"valueName":"search_term_string"}}],"inLanguage":"fr-FR"},{"@type":"Organization","@id":"https:\/\/www.visitamalfi.info\/fr\/#organization","name":"Visit Amalfi","url":"https:\/\/www.visitamalfi.info\/fr\/","logo":{"@type":"ImageObject","inLanguage":"fr-FR","@id":"https:\/\/www.visitamalfi.info\/fr\/#\/schema\/logo\/image\/","url":"https:\/\/www.visitamalfi.info\/wp-content\/uploads\/2023\/04\/visit-amalfi-logo-web.png","contentUrl":"https:\/\/www.visitamalfi.info\/wp-content\/uploads\/2023\/04\/visit-amalfi-logo-web.png","width":800,"height":870,"caption":"Visit Amalfi"},"image":{"@id":"https:\/\/www.visitamalfi.info\/fr\/#\/schema\/logo\/image\/"},"sameAs":["https:\/\/www.facebook.com\/visitamalfiofficial","https:\/\/www.instagram.com\/visitamalfiofficial\/"]}]}},"_links":{"self":[{"href":"https:\/\/www.visitamalfi.info\/fr\/wp-json\/wp\/v2\/amw_accommodation\/11433","targetHints":{"allow":["GET"]}}],"collection":[{"href":"https:\/\/www.visitamalfi.info\/fr\/wp-json\/wp\/v2\/amw_accommodation"}],"about":[{"href":"https:\/\/www.visitamalfi.info\/fr\/wp-json\/wp\/v2\/types\/amw_accommodation"}],"version-history":[{"count":0,"href":"https:\/\/www.visitamalfi.info\/fr\/wp-json\/wp\/v2\/amw_accommodation\/11433\/revisions"}],"wp:attachment":[{"href":"https:\/\/www.visitamalfi.info\/fr\/wp-json\/wp\/v2\/media?parent=11433"}],"wp:term":[{"taxonomy":"accommodation_strenghts","embeddable":true,"href":"https:\/\/www.visitamalfi.info\/fr\/wp-json\/wp\/v2\/accommodation_strenghts?post=11433"},{"taxonomy":"season","embeddable":true,"href":"https:\/\/www.visitamalfi.info\/fr\/wp-json\/wp\/v2\/season?post=11433"},{"taxonomy":"accommodation_amenities","embeddable":true,"href":"https:\/\/www.visitamalfi.info\/fr\/wp-json\/wp\/v2\/accommodation_amenities?post=11433"},{"taxonomy":"amw_accommodation_type","embeddable":true,"href":"https:\/\/www.visitamalfi.info\/fr\/wp-json\/wp\/v2\/amw_accommodation_type?post=11433"}],"curies":[{"name":"wp","href":"https:\/\/api.w.org\/{rel}","templated":true}]}}