{"id":23489,"date":"2025-12-01T15:28:37","date_gmt":"2025-12-01T14:28:37","guid":{"rendered":"https:\/\/www.visitamalfi.info\/evento\/conferencia-internacional-de-estudios-sobre-lana-citricos-especias-la-amalfi-medieval-en-el-contexto-de-los-espacios-economicos-mediterraneos\/"},"modified":"2025-12-01T15:28:37","modified_gmt":"2025-12-01T14:28:37","slug":"conferencia-internacional-de-estudios-sobre-lana-citricos-especias-la-amalfi-medieval-en-el-contexto-de-los-espacios-economicos-mediterraneos","status":"publish","type":"tribe_events","link":"https:\/\/www.visitamalfi.info\/es\/evento\/conferencia-internacional-de-estudios-sobre-lana-citricos-especias-la-amalfi-medieval-en-el-contexto-de-los-espacios-economicos-mediterraneos\/","title":{"rendered":"Conferencia Internacional de Estudios sobre &#8220;Lana, c\u00edtricos, especias: la Amalfi medieval en el contexto de los espacios econ\u00f3micos mediterr\u00e1neos"},"content":{"rendered":"<div><\/div>\n<div>\n<p data-start=\"153\" data-end=\"518\">Una oportunidad preciosa para sumergirse en la historia m\u00e1s aut\u00e9ntica de Amalfi.<br data-start=\"227\" data-end=\"230\">El jueves 11 de diciembre, en el evocador marco de la Biblioteca Municipal, una magn\u00edfica cita para explorar un cap\u00edtulo fascinante del pasado de la ciudad: <em data-start=\"417\" data-end=\"515\">&#8220;Lana, c\u00edtricos, especias: la Amalfi medieval en el contexto de los espacios econ\u00f3micos mediterr\u00e1neos&#8221;<\/em>.<\/p>\n<p data-start=\"520\" data-end=\"903\">Un viaje a trav\u00e9s del comercio, el conocimiento y las antiguas rutas que han hecho de Amalfi una animada encrucijada del Mediterr\u00e1neo.<br data-start=\"626\" data-end=\"629\">La conferencia, comisariada por el Centro di Cultura e Storia Amalfitana, se desarrollar\u00e1 de 9.00 a 13.00 h. y de 15.30 a 18.00 h., y ofrecer\u00e1 a ciudadanos, aficionados y visitantes la oportunidad de descubrir las ra\u00edces econ\u00f3micas y culturales que han conformado la identidad de la ciudad.<\/p>\n<p data-start=\"905\" data-end=\"1031\" data-is-last-node=\"\" data-is-only-node=\"\">Una cita ineludible para quienes deseen comprender Amalfi m\u00e1s all\u00e1 de su belleza, adentr\u00e1ndose en el coraz\u00f3n de su historia.<\/p>\n<\/div>\n","protected":false},"excerpt":{"rendered":"<p>Una cita ineludible para quienes deseen comprender Amalfi m\u00e1s all\u00e1 de su belleza, adentr\u00e1ndose en el coraz\u00f3n de su historia.<\/p>\n","protected":false},"author":7,"featured_media":21315,"template":"","meta":{"inline_featured_image":false,"_tribe_events_status":"","_tribe_events_status_reason":"","footnotes":""},"tags":[],"tribe_events_cat":[618],"class_list":["post-23489","tribe_events","type-tribe_events","status-publish","has-post-thumbnail","hentry","tribe_events_cat-conferencia","cat_conferencia"],"yoast_head":"<!-- This site is optimized with the Yoast SEO plugin v27.3 - https:\/\/yoast.com\/product\/yoast-seo-wordpress\/ -->\n<title>Conferencia Internacional de Estudios sobre &quot;Lana, c\u00edtricos, especias: la Amalfi medieval en el contexto de los espacios econ\u00f3micos mediterr\u00e1neos - Visit Amalfi<\/title>\n<meta name=\"robots\" content=\"index, follow, max-snippet:-1, max-image-preview:large, max-video-preview:-1\" \/>\n<link rel=\"canonical\" href=\"https:\/\/www.visitamalfi.info\/es\/evento\/conferencia-internacional-de-estudios-sobre-lana-citricos-especias-la-amalfi-medieval-en-el-contexto-de-los-espacios-economicos-mediterraneos\/\" \/>\n<meta property=\"og:locale\" content=\"es_ES\" \/>\n<meta property=\"og:type\" content=\"article\" \/>\n<meta property=\"og:title\" content=\"Conferencia Internacional de Estudios sobre &quot;Lana, c\u00edtricos, especias: la Amalfi medieval en el contexto de los espacios econ\u00f3micos mediterr\u00e1neos - Visit Amalfi\" \/>\n<meta property=\"og:description\" content=\"Una cita ineludible para quienes deseen comprender Amalfi m\u00e1s all\u00e1 de su belleza, adentr\u00e1ndose en el coraz\u00f3n de su historia.\" \/>\n<meta property=\"og:url\" content=\"https:\/\/www.visitamalfi.info\/es\/evento\/conferencia-internacional-de-estudios-sobre-lana-citricos-especias-la-amalfi-medieval-en-el-contexto-de-los-espacios-economicos-mediterraneos\/\" \/>\n<meta property=\"og:site_name\" content=\"Visit Amalfi\" \/>\n<meta property=\"article:publisher\" content=\"https:\/\/www.facebook.com\/visitamalfiofficial\" \/>\n<meta property=\"og:image\" content=\"https:\/\/www.visitamalfi.info\/wp-content\/uploads\/2025\/04\/WhatsApp-Image-2025-04-17-at-10.29.13-3.jpeg\" \/>\n\t<meta property=\"og:image:width\" content=\"1920\" \/>\n\t<meta property=\"og:image:height\" content=\"1280\" \/>\n\t<meta property=\"og:image:type\" content=\"image\/jpeg\" \/>\n<meta name=\"twitter:card\" content=\"summary_large_image\" \/>\n<meta name=\"twitter:label1\" content=\"Tiempo de lectura\" \/>\n\t<meta name=\"twitter:data1\" content=\"1 minuto\" \/>\n<script type=\"application\/ld+json\" class=\"yoast-schema-graph\">{\"@context\":\"https:\\\/\\\/schema.org\",\"@graph\":[{\"@type\":\"WebPage\",\"@id\":\"https:\\\/\\\/www.visitamalfi.info\\\/es\\\/evento\\\/conferencia-internacional-de-estudios-sobre-lana-citricos-especias-la-amalfi-medieval-en-el-contexto-de-los-espacios-economicos-mediterraneos\\\/\",\"url\":\"https:\\\/\\\/www.visitamalfi.info\\\/es\\\/evento\\\/conferencia-internacional-de-estudios-sobre-lana-citricos-especias-la-amalfi-medieval-en-el-contexto-de-los-espacios-economicos-mediterraneos\\\/\",\"name\":\"Conferencia Internacional de Estudios sobre \\\"Lana, c\u00edtricos, especias: la Amalfi medieval en el contexto de los espacios econ\u00f3micos mediterr\u00e1neos - Visit Amalfi\",\"isPartOf\":{\"@id\":\"https:\\\/\\\/www.visitamalfi.info\\\/es\\\/#website\"},\"primaryImageOfPage\":{\"@id\":\"https:\\\/\\\/www.visitamalfi.info\\\/es\\\/evento\\\/conferencia-internacional-de-estudios-sobre-lana-citricos-especias-la-amalfi-medieval-en-el-contexto-de-los-espacios-economicos-mediterraneos\\\/#primaryimage\"},\"image\":{\"@id\":\"https:\\\/\\\/www.visitamalfi.info\\\/es\\\/evento\\\/conferencia-internacional-de-estudios-sobre-lana-citricos-especias-la-amalfi-medieval-en-el-contexto-de-los-espacios-economicos-mediterraneos\\\/#primaryimage\"},\"thumbnailUrl\":\"https:\\\/\\\/www.visitamalfi.info\\\/wp-content\\\/uploads\\\/2025\\\/04\\\/WhatsApp-Image-2025-04-17-at-10.29.13-3.jpeg\",\"datePublished\":\"2025-12-01T14:28:37+00:00\",\"breadcrumb\":{\"@id\":\"https:\\\/\\\/www.visitamalfi.info\\\/es\\\/evento\\\/conferencia-internacional-de-estudios-sobre-lana-citricos-especias-la-amalfi-medieval-en-el-contexto-de-los-espacios-economicos-mediterraneos\\\/#breadcrumb\"},\"inLanguage\":\"es\",\"potentialAction\":[{\"@type\":\"ReadAction\",\"target\":[\"https:\\\/\\\/www.visitamalfi.info\\\/es\\\/evento\\\/conferencia-internacional-de-estudios-sobre-lana-citricos-especias-la-amalfi-medieval-en-el-contexto-de-los-espacios-economicos-mediterraneos\\\/\"]}]},{\"@type\":\"ImageObject\",\"inLanguage\":\"es\",\"@id\":\"https:\\\/\\\/www.visitamalfi.info\\\/es\\\/evento\\\/conferencia-internacional-de-estudios-sobre-lana-citricos-especias-la-amalfi-medieval-en-el-contexto-de-los-espacios-economicos-mediterraneos\\\/#primaryimage\",\"url\":\"https:\\\/\\\/www.visitamalfi.info\\\/wp-content\\\/uploads\\\/2025\\\/04\\\/WhatsApp-Image-2025-04-17-at-10.29.13-3.jpeg\",\"contentUrl\":\"https:\\\/\\\/www.visitamalfi.info\\\/wp-content\\\/uploads\\\/2025\\\/04\\\/WhatsApp-Image-2025-04-17-at-10.29.13-3.jpeg\",\"width\":1920,\"height\":1280,\"caption\":\"Amalfi Monumental Garden_Amalfi_Panoramic_view\"},{\"@type\":\"BreadcrumbList\",\"@id\":\"https:\\\/\\\/www.visitamalfi.info\\\/es\\\/evento\\\/conferencia-internacional-de-estudios-sobre-lana-citricos-especias-la-amalfi-medieval-en-el-contexto-de-los-espacios-economicos-mediterraneos\\\/#breadcrumb\",\"itemListElement\":[{\"@type\":\"ListItem\",\"position\":1,\"name\":\"Home\",\"item\":\"https:\\\/\\\/www.visitamalfi.info\\\/es\\\/\"},{\"@type\":\"ListItem\",\"position\":2,\"name\":\"Eventos\",\"item\":\"https:\\\/\\\/www.visitamalfi.info\\\/es\\\/eventi\\\/\"},{\"@type\":\"ListItem\",\"position\":3,\"name\":\"Conferencia Internacional de Estudios sobre &#8220;Lana, c\u00edtricos, especias: la Amalfi medieval en el contexto de los espacios econ\u00f3micos mediterr\u00e1neos\"}]},{\"@type\":\"WebSite\",\"@id\":\"https:\\\/\\\/www.visitamalfi.info\\\/es\\\/#website\",\"url\":\"https:\\\/\\\/www.visitamalfi.info\\\/es\\\/\",\"name\":\"Visit Amalfi\",\"description\":\"Amalfi Destination Official Website\",\"publisher\":{\"@id\":\"https:\\\/\\\/www.visitamalfi.info\\\/es\\\/#organization\"},\"potentialAction\":[{\"@type\":\"SearchAction\",\"target\":{\"@type\":\"EntryPoint\",\"urlTemplate\":\"https:\\\/\\\/www.visitamalfi.info\\\/es\\\/?s={search_term_string}\"},\"query-input\":{\"@type\":\"PropertyValueSpecification\",\"valueRequired\":true,\"valueName\":\"search_term_string\"}}],\"inLanguage\":\"es\"},{\"@type\":\"Organization\",\"@id\":\"https:\\\/\\\/www.visitamalfi.info\\\/es\\\/#organization\",\"name\":\"Visit Amalfi\",\"url\":\"https:\\\/\\\/www.visitamalfi.info\\\/es\\\/\",\"logo\":{\"@type\":\"ImageObject\",\"inLanguage\":\"es\",\"@id\":\"https:\\\/\\\/www.visitamalfi.info\\\/es\\\/#\\\/schema\\\/logo\\\/image\\\/\",\"url\":\"https:\\\/\\\/www.visitamalfi.info\\\/wp-content\\\/uploads\\\/2023\\\/04\\\/visit-amalfi-logo-web.png\",\"contentUrl\":\"https:\\\/\\\/www.visitamalfi.info\\\/wp-content\\\/uploads\\\/2023\\\/04\\\/visit-amalfi-logo-web.png\",\"width\":800,\"height\":870,\"caption\":\"Visit Amalfi\"},\"image\":{\"@id\":\"https:\\\/\\\/www.visitamalfi.info\\\/es\\\/#\\\/schema\\\/logo\\\/image\\\/\"},\"sameAs\":[\"https:\\\/\\\/www.facebook.com\\\/visitamalfiofficial\",\"https:\\\/\\\/www.instagram.com\\\/visitamalfiofficial\\\/\"]}]}<\/script>\n<!-- \/ Yoast SEO plugin. -->","yoast_head_json":{"title":"Conferencia Internacional de Estudios sobre \"Lana, c\u00edtricos, especias: la Amalfi medieval en el contexto de los espacios econ\u00f3micos mediterr\u00e1neos - Visit Amalfi","robots":{"index":"index","follow":"follow","max-snippet":"max-snippet:-1","max-image-preview":"max-image-preview:large","max-video-preview":"max-video-preview:-1"},"canonical":"https:\/\/www.visitamalfi.info\/es\/evento\/conferencia-internacional-de-estudios-sobre-lana-citricos-especias-la-amalfi-medieval-en-el-contexto-de-los-espacios-economicos-mediterraneos\/","og_locale":"es_ES","og_type":"article","og_title":"Conferencia Internacional de Estudios sobre \"Lana, c\u00edtricos, especias: la Amalfi medieval en el contexto de los espacios econ\u00f3micos mediterr\u00e1neos - Visit Amalfi","og_description":"Una cita ineludible para quienes deseen comprender Amalfi m\u00e1s all\u00e1 de su belleza, adentr\u00e1ndose en el coraz\u00f3n de su historia.","og_url":"https:\/\/www.visitamalfi.info\/es\/evento\/conferencia-internacional-de-estudios-sobre-lana-citricos-especias-la-amalfi-medieval-en-el-contexto-de-los-espacios-economicos-mediterraneos\/","og_site_name":"Visit Amalfi","article_publisher":"https:\/\/www.facebook.com\/visitamalfiofficial","og_image":[{"width":1920,"height":1280,"url":"https:\/\/www.visitamalfi.info\/wp-content\/uploads\/2025\/04\/WhatsApp-Image-2025-04-17-at-10.29.13-3.jpeg","type":"image\/jpeg"}],"twitter_card":"summary_large_image","twitter_misc":{"Tiempo de lectura":"1 minuto"},"schema":{"@context":"https:\/\/schema.org","@graph":[{"@type":"WebPage","@id":"https:\/\/www.visitamalfi.info\/es\/evento\/conferencia-internacional-de-estudios-sobre-lana-citricos-especias-la-amalfi-medieval-en-el-contexto-de-los-espacios-economicos-mediterraneos\/","url":"https:\/\/www.visitamalfi.info\/es\/evento\/conferencia-internacional-de-estudios-sobre-lana-citricos-especias-la-amalfi-medieval-en-el-contexto-de-los-espacios-economicos-mediterraneos\/","name":"Conferencia Internacional de Estudios sobre \"Lana, c\u00edtricos, especias: la Amalfi medieval en el contexto de los espacios econ\u00f3micos mediterr\u00e1neos - Visit Amalfi","isPartOf":{"@id":"https:\/\/www.visitamalfi.info\/es\/#website"},"primaryImageOfPage":{"@id":"https:\/\/www.visitamalfi.info\/es\/evento\/conferencia-internacional-de-estudios-sobre-lana-citricos-especias-la-amalfi-medieval-en-el-contexto-de-los-espacios-economicos-mediterraneos\/#primaryimage"},"image":{"@id":"https:\/\/www.visitamalfi.info\/es\/evento\/conferencia-internacional-de-estudios-sobre-lana-citricos-especias-la-amalfi-medieval-en-el-contexto-de-los-espacios-economicos-mediterraneos\/#primaryimage"},"thumbnailUrl":"https:\/\/www.visitamalfi.info\/wp-content\/uploads\/2025\/04\/WhatsApp-Image-2025-04-17-at-10.29.13-3.jpeg","datePublished":"2025-12-01T14:28:37+00:00","breadcrumb":{"@id":"https:\/\/www.visitamalfi.info\/es\/evento\/conferencia-internacional-de-estudios-sobre-lana-citricos-especias-la-amalfi-medieval-en-el-contexto-de-los-espacios-economicos-mediterraneos\/#breadcrumb"},"inLanguage":"es","potentialAction":[{"@type":"ReadAction","target":["https:\/\/www.visitamalfi.info\/es\/evento\/conferencia-internacional-de-estudios-sobre-lana-citricos-especias-la-amalfi-medieval-en-el-contexto-de-los-espacios-economicos-mediterraneos\/"]}]},{"@type":"ImageObject","inLanguage":"es","@id":"https:\/\/www.visitamalfi.info\/es\/evento\/conferencia-internacional-de-estudios-sobre-lana-citricos-especias-la-amalfi-medieval-en-el-contexto-de-los-espacios-economicos-mediterraneos\/#primaryimage","url":"https:\/\/www.visitamalfi.info\/wp-content\/uploads\/2025\/04\/WhatsApp-Image-2025-04-17-at-10.29.13-3.jpeg","contentUrl":"https:\/\/www.visitamalfi.info\/wp-content\/uploads\/2025\/04\/WhatsApp-Image-2025-04-17-at-10.29.13-3.jpeg","width":1920,"height":1280,"caption":"Amalfi Monumental Garden_Amalfi_Panoramic_view"},{"@type":"BreadcrumbList","@id":"https:\/\/www.visitamalfi.info\/es\/evento\/conferencia-internacional-de-estudios-sobre-lana-citricos-especias-la-amalfi-medieval-en-el-contexto-de-los-espacios-economicos-mediterraneos\/#breadcrumb","itemListElement":[{"@type":"ListItem","position":1,"name":"Home","item":"https:\/\/www.visitamalfi.info\/es\/"},{"@type":"ListItem","position":2,"name":"Eventos","item":"https:\/\/www.visitamalfi.info\/es\/eventi\/"},{"@type":"ListItem","position":3,"name":"Conferencia Internacional de Estudios sobre &#8220;Lana, c\u00edtricos, especias: la Amalfi medieval en el contexto de los espacios econ\u00f3micos mediterr\u00e1neos"}]},{"@type":"WebSite","@id":"https:\/\/www.visitamalfi.info\/es\/#website","url":"https:\/\/www.visitamalfi.info\/es\/","name":"Visit Amalfi","description":"Amalfi Destination Official Website","publisher":{"@id":"https:\/\/www.visitamalfi.info\/es\/#organization"},"potentialAction":[{"@type":"SearchAction","target":{"@type":"EntryPoint","urlTemplate":"https:\/\/www.visitamalfi.info\/es\/?s={search_term_string}"},"query-input":{"@type":"PropertyValueSpecification","valueRequired":true,"valueName":"search_term_string"}}],"inLanguage":"es"},{"@type":"Organization","@id":"https:\/\/www.visitamalfi.info\/es\/#organization","name":"Visit Amalfi","url":"https:\/\/www.visitamalfi.info\/es\/","logo":{"@type":"ImageObject","inLanguage":"es","@id":"https:\/\/www.visitamalfi.info\/es\/#\/schema\/logo\/image\/","url":"https:\/\/www.visitamalfi.info\/wp-content\/uploads\/2023\/04\/visit-amalfi-logo-web.png","contentUrl":"https:\/\/www.visitamalfi.info\/wp-content\/uploads\/2023\/04\/visit-amalfi-logo-web.png","width":800,"height":870,"caption":"Visit Amalfi"},"image":{"@id":"https:\/\/www.visitamalfi.info\/es\/#\/schema\/logo\/image\/"},"sameAs":["https:\/\/www.facebook.com\/visitamalfiofficial","https:\/\/www.instagram.com\/visitamalfiofficial\/"]}]}},"_links":{"self":[{"href":"https:\/\/www.visitamalfi.info\/es\/wp-json\/wp\/v2\/tribe_events\/23489","targetHints":{"allow":["GET"]}}],"collection":[{"href":"https:\/\/www.visitamalfi.info\/es\/wp-json\/wp\/v2\/tribe_events"}],"about":[{"href":"https:\/\/www.visitamalfi.info\/es\/wp-json\/wp\/v2\/types\/tribe_events"}],"author":[{"embeddable":true,"href":"https:\/\/www.visitamalfi.info\/es\/wp-json\/wp\/v2\/users\/7"}],"version-history":[{"count":0,"href":"https:\/\/www.visitamalfi.info\/es\/wp-json\/wp\/v2\/tribe_events\/23489\/revisions"}],"wp:featuredmedia":[{"embeddable":true,"href":"https:\/\/www.visitamalfi.info\/es\/wp-json\/wp\/v2\/media\/21315"}],"wp:attachment":[{"href":"https:\/\/www.visitamalfi.info\/es\/wp-json\/wp\/v2\/media?parent=23489"}],"wp:term":[{"taxonomy":"post_tag","embeddable":true,"href":"https:\/\/www.visitamalfi.info\/es\/wp-json\/wp\/v2\/tags?post=23489"},{"taxonomy":"tribe_events_cat","embeddable":true,"href":"https:\/\/www.visitamalfi.info\/es\/wp-json\/wp\/v2\/tribe_events_cat?post=23489"}],"curies":[{"name":"wp","href":"https:\/\/api.w.org\/{rel}","templated":true}]}}