{"id":23476,"date":"2025-12-01T15:41:42","date_gmt":"2025-12-01T14:41:42","guid":{"rendered":"https:\/\/www.visitamalfi.info\/evento\/la-fabrica-de-navidad-y-la-llegada-de-papa-noel-arsenal-de-la-republica\/"},"modified":"2025-12-01T15:41:42","modified_gmt":"2025-12-01T14:41:42","slug":"la-fabrica-de-navidad-y-la-llegada-de-papa-noel-arsenal-de-la-republica","status":"publish","type":"tribe_events","link":"https:\/\/www.visitamalfi.info\/es\/evento\/la-fabrica-de-navidad-y-la-llegada-de-papa-noel-arsenal-de-la-republica\/","title":{"rendered":"La F\u00e1brica de Navidad y la llegada de Pap\u00e1 Noel | Arsenal de la Rep\u00fablica"},"content":{"rendered":"<div>\n<div>\n<p>Un viaje m\u00e1gico que transforma el Antico Arsenale di Amalfi en un mundo encantado donde las leyendas locales se encuentran con las tradiciones navide\u00f1as. Peque\u00f1os y mayores experimentar\u00e1n emociones \u00fanicas al conocer al esforzado equipo de Duendes de Pap\u00e1 Noel, desde el Duende Astr\u00f3nomo, que les guiar\u00e1 por el funcionamiento de la Br\u00fajula, hasta Mam\u00e1 Noel, que abrir\u00e1 las puertas de su cocina para hornear deliciosas galletas de lim\u00f3n. Los ni\u00f1os tambi\u00e9n podr\u00e1n asistir a la Escuela Gu\u00eda de Pap\u00e1 Noel, seguir las rutas de antiguas galeras, dejarse sorprender por miniespect\u00e1culos y por la magia del Taller de Nieve. Una experiencia \u00fanica que te invita a redescubrir la magia de la Navidad a trav\u00e9s de los ojos de los ni\u00f1os, en medio del asombro, la fantas\u00eda y la historia de Amalfi.<\/p>\n<\/div>\n<div>\n<p>Organizado por Spettacolando Eventi y Ma Dove Vivono i Cartoni<\/p>\n<p>Pero la cosa no acaba ah\u00ed&#8230;<\/p>\n<div>\n<div>\n<p><strong>24 de diciembre: Llegada de Pap\u00e1 Noel a la F\u00e1brica de Navidad<\/strong><\/p>\n<\/div>\n<div>\n<p>\u00a1Por fin llega Pap\u00e1 Noel al Arsenal! Los elfos de los \u00faltimos d\u00edas se han marchado, as\u00ed que te tocar\u00e1 a ti ayudar a nuestro Pap\u00e1 Noel y Mam\u00e1 Noel a preparar las \u00faltimas golosinas y regalos para los ni\u00f1os y ni\u00f1as del Planeta. Ponte manos a la obra en la Tienda de Juegos de Navidad: \u00a1ya casi es la hora!<\/p>\n<div>\n<div>\n<p><strong>h 10:00 &#8211; 13:00, Amalfi &#8211; Arsenale della Repubblica  <\/strong><\/p>\n<\/div>\n<\/div>\n<\/div>\n<div>\n<p>Editado por Spettacolando Eventi<\/p>\n<\/div>\n<\/div>\n<\/div>\n<\/div>\n","protected":false},"excerpt":{"rendered":"<p>Un percorso magico che trasforma l&#8217;Antico Arsenale di Amalfi in un mondo incantato, dove le leggende locali incontrano le tradizioni natalizie.<\/p>\n","protected":false},"author":7,"featured_media":23327,"template":"","meta":{"inline_featured_image":false,"_tribe_events_status":"","_tribe_events_status_reason":"","footnotes":""},"tags":[],"tribe_events_cat":[1240],"class_list":["post-23476","tribe_events","type-tribe_events","status-publish","has-post-thumbnail","hentry","tribe_events_cat-navidad","cat_navidad"],"yoast_head":"<!-- This site is optimized with the Yoast SEO plugin v27.3 - https:\/\/yoast.com\/product\/yoast-seo-wordpress\/ -->\n<title>La F\u00e1brica de Navidad y la llegada de Pap\u00e1 Noel | Arsenal de la Rep\u00fablica - Visit Amalfi<\/title>\n<meta name=\"robots\" content=\"index, follow, max-snippet:-1, max-image-preview:large, max-video-preview:-1\" \/>\n<link rel=\"canonical\" href=\"https:\/\/www.visitamalfi.info\/es\/evento\/la-fabrica-de-navidad-y-la-llegada-de-papa-noel-arsenal-de-la-republica\/\" \/>\n<meta property=\"og:locale\" content=\"es_ES\" \/>\n<meta property=\"og:type\" content=\"article\" \/>\n<meta property=\"og:title\" content=\"La F\u00e1brica de Navidad y la llegada de Pap\u00e1 Noel | Arsenal de la Rep\u00fablica - Visit Amalfi\" \/>\n<meta property=\"og:description\" content=\"Un percorso magico che trasforma l&#039;Antico Arsenale di Amalfi in un mondo incantato, dove le leggende locali incontrano le tradizioni natalizie.\" \/>\n<meta property=\"og:url\" content=\"https:\/\/www.visitamalfi.info\/es\/evento\/la-fabrica-de-navidad-y-la-llegada-de-papa-noel-arsenal-de-la-republica\/\" \/>\n<meta property=\"og:site_name\" content=\"Visit Amalfi\" \/>\n<meta property=\"article:publisher\" content=\"https:\/\/www.facebook.com\/visitamalfiofficial\" \/>\n<meta property=\"og:image\" content=\"https:\/\/www.visitamalfi.info\/wp-content\/uploads\/2025\/12\/ANA_2779@emanueleanastasioph-amalfi-villaggio-natale-2023-e1764600011627.jpg\" \/>\n\t<meta property=\"og:image:width\" content=\"1280\" \/>\n\t<meta property=\"og:image:height\" content=\"1920\" \/>\n\t<meta property=\"og:image:type\" content=\"image\/jpeg\" \/>\n<meta name=\"twitter:card\" content=\"summary_large_image\" \/>\n<meta name=\"twitter:label1\" content=\"Tiempo de lectura\" \/>\n\t<meta name=\"twitter:data1\" content=\"1 minuto\" \/>\n<script type=\"application\/ld+json\" class=\"yoast-schema-graph\">{\"@context\":\"https:\\\/\\\/schema.org\",\"@graph\":[{\"@type\":\"WebPage\",\"@id\":\"https:\\\/\\\/www.visitamalfi.info\\\/es\\\/evento\\\/la-fabrica-de-navidad-y-la-llegada-de-papa-noel-arsenal-de-la-republica\\\/\",\"url\":\"https:\\\/\\\/www.visitamalfi.info\\\/es\\\/evento\\\/la-fabrica-de-navidad-y-la-llegada-de-papa-noel-arsenal-de-la-republica\\\/\",\"name\":\"La F\u00e1brica de Navidad y la llegada de Pap\u00e1 Noel | Arsenal de la Rep\u00fablica - Visit Amalfi\",\"isPartOf\":{\"@id\":\"https:\\\/\\\/www.visitamalfi.info\\\/es\\\/#website\"},\"primaryImageOfPage\":{\"@id\":\"https:\\\/\\\/www.visitamalfi.info\\\/es\\\/evento\\\/la-fabrica-de-navidad-y-la-llegada-de-papa-noel-arsenal-de-la-republica\\\/#primaryimage\"},\"image\":{\"@id\":\"https:\\\/\\\/www.visitamalfi.info\\\/es\\\/evento\\\/la-fabrica-de-navidad-y-la-llegada-de-papa-noel-arsenal-de-la-republica\\\/#primaryimage\"},\"thumbnailUrl\":\"https:\\\/\\\/www.visitamalfi.info\\\/wp-content\\\/uploads\\\/2025\\\/12\\\/ANA_2779@emanueleanastasioph-amalfi-villaggio-natale-2023-e1764600011627.jpg\",\"datePublished\":\"2025-12-01T14:41:42+00:00\",\"breadcrumb\":{\"@id\":\"https:\\\/\\\/www.visitamalfi.info\\\/es\\\/evento\\\/la-fabrica-de-navidad-y-la-llegada-de-papa-noel-arsenal-de-la-republica\\\/#breadcrumb\"},\"inLanguage\":\"es\",\"potentialAction\":[{\"@type\":\"ReadAction\",\"target\":[\"https:\\\/\\\/www.visitamalfi.info\\\/es\\\/evento\\\/la-fabrica-de-navidad-y-la-llegada-de-papa-noel-arsenal-de-la-republica\\\/\"]}]},{\"@type\":\"ImageObject\",\"inLanguage\":\"es\",\"@id\":\"https:\\\/\\\/www.visitamalfi.info\\\/es\\\/evento\\\/la-fabrica-de-navidad-y-la-llegada-de-papa-noel-arsenal-de-la-republica\\\/#primaryimage\",\"url\":\"https:\\\/\\\/www.visitamalfi.info\\\/wp-content\\\/uploads\\\/2025\\\/12\\\/ANA_2779@emanueleanastasioph-amalfi-villaggio-natale-2023-e1764600011627.jpg\",\"contentUrl\":\"https:\\\/\\\/www.visitamalfi.info\\\/wp-content\\\/uploads\\\/2025\\\/12\\\/ANA_2779@emanueleanastasioph-amalfi-villaggio-natale-2023-e1764600011627.jpg\",\"width\":1280,\"height\":1920},{\"@type\":\"BreadcrumbList\",\"@id\":\"https:\\\/\\\/www.visitamalfi.info\\\/es\\\/evento\\\/la-fabrica-de-navidad-y-la-llegada-de-papa-noel-arsenal-de-la-republica\\\/#breadcrumb\",\"itemListElement\":[{\"@type\":\"ListItem\",\"position\":1,\"name\":\"Home\",\"item\":\"https:\\\/\\\/www.visitamalfi.info\\\/es\\\/\"},{\"@type\":\"ListItem\",\"position\":2,\"name\":\"Eventos\",\"item\":\"https:\\\/\\\/www.visitamalfi.info\\\/es\\\/eventi\\\/\"},{\"@type\":\"ListItem\",\"position\":3,\"name\":\"La F\u00e1brica de Navidad y la llegada de Pap\u00e1 Noel | Arsenal de la Rep\u00fablica\"}]},{\"@type\":\"WebSite\",\"@id\":\"https:\\\/\\\/www.visitamalfi.info\\\/es\\\/#website\",\"url\":\"https:\\\/\\\/www.visitamalfi.info\\\/es\\\/\",\"name\":\"Visit Amalfi\",\"description\":\"Amalfi Destination Official Website\",\"publisher\":{\"@id\":\"https:\\\/\\\/www.visitamalfi.info\\\/es\\\/#organization\"},\"potentialAction\":[{\"@type\":\"SearchAction\",\"target\":{\"@type\":\"EntryPoint\",\"urlTemplate\":\"https:\\\/\\\/www.visitamalfi.info\\\/es\\\/?s={search_term_string}\"},\"query-input\":{\"@type\":\"PropertyValueSpecification\",\"valueRequired\":true,\"valueName\":\"search_term_string\"}}],\"inLanguage\":\"es\"},{\"@type\":\"Organization\",\"@id\":\"https:\\\/\\\/www.visitamalfi.info\\\/es\\\/#organization\",\"name\":\"Visit Amalfi\",\"url\":\"https:\\\/\\\/www.visitamalfi.info\\\/es\\\/\",\"logo\":{\"@type\":\"ImageObject\",\"inLanguage\":\"es\",\"@id\":\"https:\\\/\\\/www.visitamalfi.info\\\/es\\\/#\\\/schema\\\/logo\\\/image\\\/\",\"url\":\"https:\\\/\\\/www.visitamalfi.info\\\/wp-content\\\/uploads\\\/2023\\\/04\\\/visit-amalfi-logo-web.png\",\"contentUrl\":\"https:\\\/\\\/www.visitamalfi.info\\\/wp-content\\\/uploads\\\/2023\\\/04\\\/visit-amalfi-logo-web.png\",\"width\":800,\"height\":870,\"caption\":\"Visit Amalfi\"},\"image\":{\"@id\":\"https:\\\/\\\/www.visitamalfi.info\\\/es\\\/#\\\/schema\\\/logo\\\/image\\\/\"},\"sameAs\":[\"https:\\\/\\\/www.facebook.com\\\/visitamalfiofficial\",\"https:\\\/\\\/www.instagram.com\\\/visitamalfiofficial\\\/\"]}]}<\/script>\n<!-- \/ Yoast SEO plugin. -->","yoast_head_json":{"title":"La F\u00e1brica de Navidad y la llegada de Pap\u00e1 Noel | Arsenal de la Rep\u00fablica - Visit Amalfi","robots":{"index":"index","follow":"follow","max-snippet":"max-snippet:-1","max-image-preview":"max-image-preview:large","max-video-preview":"max-video-preview:-1"},"canonical":"https:\/\/www.visitamalfi.info\/es\/evento\/la-fabrica-de-navidad-y-la-llegada-de-papa-noel-arsenal-de-la-republica\/","og_locale":"es_ES","og_type":"article","og_title":"La F\u00e1brica de Navidad y la llegada de Pap\u00e1 Noel | Arsenal de la Rep\u00fablica - Visit Amalfi","og_description":"Un percorso magico che trasforma l'Antico Arsenale di Amalfi in un mondo incantato, dove le leggende locali incontrano le tradizioni natalizie.","og_url":"https:\/\/www.visitamalfi.info\/es\/evento\/la-fabrica-de-navidad-y-la-llegada-de-papa-noel-arsenal-de-la-republica\/","og_site_name":"Visit Amalfi","article_publisher":"https:\/\/www.facebook.com\/visitamalfiofficial","og_image":[{"width":1280,"height":1920,"url":"https:\/\/www.visitamalfi.info\/wp-content\/uploads\/2025\/12\/ANA_2779@emanueleanastasioph-amalfi-villaggio-natale-2023-e1764600011627.jpg","type":"image\/jpeg"}],"twitter_card":"summary_large_image","twitter_misc":{"Tiempo de lectura":"1 minuto"},"schema":{"@context":"https:\/\/schema.org","@graph":[{"@type":"WebPage","@id":"https:\/\/www.visitamalfi.info\/es\/evento\/la-fabrica-de-navidad-y-la-llegada-de-papa-noel-arsenal-de-la-republica\/","url":"https:\/\/www.visitamalfi.info\/es\/evento\/la-fabrica-de-navidad-y-la-llegada-de-papa-noel-arsenal-de-la-republica\/","name":"La F\u00e1brica de Navidad y la llegada de Pap\u00e1 Noel | Arsenal de la Rep\u00fablica - Visit Amalfi","isPartOf":{"@id":"https:\/\/www.visitamalfi.info\/es\/#website"},"primaryImageOfPage":{"@id":"https:\/\/www.visitamalfi.info\/es\/evento\/la-fabrica-de-navidad-y-la-llegada-de-papa-noel-arsenal-de-la-republica\/#primaryimage"},"image":{"@id":"https:\/\/www.visitamalfi.info\/es\/evento\/la-fabrica-de-navidad-y-la-llegada-de-papa-noel-arsenal-de-la-republica\/#primaryimage"},"thumbnailUrl":"https:\/\/www.visitamalfi.info\/wp-content\/uploads\/2025\/12\/ANA_2779@emanueleanastasioph-amalfi-villaggio-natale-2023-e1764600011627.jpg","datePublished":"2025-12-01T14:41:42+00:00","breadcrumb":{"@id":"https:\/\/www.visitamalfi.info\/es\/evento\/la-fabrica-de-navidad-y-la-llegada-de-papa-noel-arsenal-de-la-republica\/#breadcrumb"},"inLanguage":"es","potentialAction":[{"@type":"ReadAction","target":["https:\/\/www.visitamalfi.info\/es\/evento\/la-fabrica-de-navidad-y-la-llegada-de-papa-noel-arsenal-de-la-republica\/"]}]},{"@type":"ImageObject","inLanguage":"es","@id":"https:\/\/www.visitamalfi.info\/es\/evento\/la-fabrica-de-navidad-y-la-llegada-de-papa-noel-arsenal-de-la-republica\/#primaryimage","url":"https:\/\/www.visitamalfi.info\/wp-content\/uploads\/2025\/12\/ANA_2779@emanueleanastasioph-amalfi-villaggio-natale-2023-e1764600011627.jpg","contentUrl":"https:\/\/www.visitamalfi.info\/wp-content\/uploads\/2025\/12\/ANA_2779@emanueleanastasioph-amalfi-villaggio-natale-2023-e1764600011627.jpg","width":1280,"height":1920},{"@type":"BreadcrumbList","@id":"https:\/\/www.visitamalfi.info\/es\/evento\/la-fabrica-de-navidad-y-la-llegada-de-papa-noel-arsenal-de-la-republica\/#breadcrumb","itemListElement":[{"@type":"ListItem","position":1,"name":"Home","item":"https:\/\/www.visitamalfi.info\/es\/"},{"@type":"ListItem","position":2,"name":"Eventos","item":"https:\/\/www.visitamalfi.info\/es\/eventi\/"},{"@type":"ListItem","position":3,"name":"La F\u00e1brica de Navidad y la llegada de Pap\u00e1 Noel | Arsenal de la Rep\u00fablica"}]},{"@type":"WebSite","@id":"https:\/\/www.visitamalfi.info\/es\/#website","url":"https:\/\/www.visitamalfi.info\/es\/","name":"Visit Amalfi","description":"Amalfi Destination Official Website","publisher":{"@id":"https:\/\/www.visitamalfi.info\/es\/#organization"},"potentialAction":[{"@type":"SearchAction","target":{"@type":"EntryPoint","urlTemplate":"https:\/\/www.visitamalfi.info\/es\/?s={search_term_string}"},"query-input":{"@type":"PropertyValueSpecification","valueRequired":true,"valueName":"search_term_string"}}],"inLanguage":"es"},{"@type":"Organization","@id":"https:\/\/www.visitamalfi.info\/es\/#organization","name":"Visit Amalfi","url":"https:\/\/www.visitamalfi.info\/es\/","logo":{"@type":"ImageObject","inLanguage":"es","@id":"https:\/\/www.visitamalfi.info\/es\/#\/schema\/logo\/image\/","url":"https:\/\/www.visitamalfi.info\/wp-content\/uploads\/2023\/04\/visit-amalfi-logo-web.png","contentUrl":"https:\/\/www.visitamalfi.info\/wp-content\/uploads\/2023\/04\/visit-amalfi-logo-web.png","width":800,"height":870,"caption":"Visit Amalfi"},"image":{"@id":"https:\/\/www.visitamalfi.info\/es\/#\/schema\/logo\/image\/"},"sameAs":["https:\/\/www.facebook.com\/visitamalfiofficial","https:\/\/www.instagram.com\/visitamalfiofficial\/"]}]}},"_links":{"self":[{"href":"https:\/\/www.visitamalfi.info\/es\/wp-json\/wp\/v2\/tribe_events\/23476","targetHints":{"allow":["GET"]}}],"collection":[{"href":"https:\/\/www.visitamalfi.info\/es\/wp-json\/wp\/v2\/tribe_events"}],"about":[{"href":"https:\/\/www.visitamalfi.info\/es\/wp-json\/wp\/v2\/types\/tribe_events"}],"author":[{"embeddable":true,"href":"https:\/\/www.visitamalfi.info\/es\/wp-json\/wp\/v2\/users\/7"}],"version-history":[{"count":0,"href":"https:\/\/www.visitamalfi.info\/es\/wp-json\/wp\/v2\/tribe_events\/23476\/revisions"}],"wp:featuredmedia":[{"embeddable":true,"href":"https:\/\/www.visitamalfi.info\/es\/wp-json\/wp\/v2\/media\/23327"}],"wp:attachment":[{"href":"https:\/\/www.visitamalfi.info\/es\/wp-json\/wp\/v2\/media?parent=23476"}],"wp:term":[{"taxonomy":"post_tag","embeddable":true,"href":"https:\/\/www.visitamalfi.info\/es\/wp-json\/wp\/v2\/tags?post=23476"},{"taxonomy":"tribe_events_cat","embeddable":true,"href":"https:\/\/www.visitamalfi.info\/es\/wp-json\/wp\/v2\/tribe_events_cat?post=23476"}],"curies":[{"name":"wp","href":"https:\/\/api.w.org\/{rel}","templated":true}]}}