{"id":23440,"date":"2025-12-01T16:08:10","date_gmt":"2025-12-01T15:08:10","guid":{"rendered":"https:\/\/www.visitamalfi.info\/evento\/ano-nuevo-folk-amalfitano-desfile-y-actuacion-del-gruppo-folk-pogerolese\/"},"modified":"2025-12-01T16:08:10","modified_gmt":"2025-12-01T15:08:10","slug":"ano-nuevo-folk-amalfitano-desfile-y-actuacion-del-gruppo-folk-pogerolese","status":"publish","type":"tribe_events","link":"https:\/\/www.visitamalfi.info\/es\/evento\/ano-nuevo-folk-amalfitano-desfile-y-actuacion-del-gruppo-folk-pogerolese\/","title":{"rendered":"A\u00f1o Nuevo Folk Amalfitano &#8211; Desfile y Actuaci\u00f3n del Gruppo Folk Pogerolese"},"content":{"rendered":"<p data-start=\"98\" data-end=\"500\">El coraz\u00f3n de Amalfi se ilumina con la tradici\u00f3n y la m\u00fasica popular.<br data-start=\"160\" data-end=\"163\">El lunes 29 de diciembre, a partir de <strong data-start=\"199\" data-end=\"208\">las 16.00 horas<\/strong>, el <strong data-start=\"213\" data-end=\"242\">A\u00f1o Nuevo Folcl\u00f3rico Amalfitano<\/strong> lleva a las calles la aut\u00e9ntica energ\u00eda de nuestro territorio: desde el sugestivo <strong data-start=\"322\" data-end=\"342\" data-is-only-node=\"\">Valle dei Mulini<\/strong> hasta <strong data-start=\"350\" data-end=\"370\">la Plaza Municipio<\/strong>, <strong data-start=\"375\" data-end=\"427\">el Desfile y la Actuaci\u00f3n del Gruppo Folk Pogerolese<\/strong> transformar\u00e1n la tarde en una fiesta de colores, pasos y ritmos antiguos.<\/p>\n<p data-start=\"502\" data-end=\"643\">Un acontecimiento que huele a identidad, donde la ciudad celebra su alma m\u00e1s genuina e invita a todos a dejarse llevar por la alegr\u00eda.<\/p>\n","protected":false},"excerpt":{"rendered":"<p>El coraz\u00f3n de Amalfi se ilumina con la tradici\u00f3n y la m\u00fasica popular.El lunes 29 de diciembre, a partir de las 16.00 horas, el A\u00f1o Nuevo Folcl\u00f3rico Amalfitano lleva a [&hellip;]<\/p>\n","protected":false},"author":7,"featured_media":21310,"template":"","meta":{"inline_featured_image":false,"_tribe_events_status":"","_tribe_events_status_reason":"","footnotes":""},"tags":[],"tribe_events_cat":[572],"class_list":["post-23440","tribe_events","type-tribe_events","status-publish","has-post-thumbnail","hentry","tribe_events_cat-tradicion","cat_tradicion"],"yoast_head":"<!-- This site is optimized with the Yoast SEO plugin v27.3 - https:\/\/yoast.com\/product\/yoast-seo-wordpress\/ -->\n<title>A\u00f1o Nuevo Folk Amalfitano - Desfile y Actuaci\u00f3n del Gruppo Folk Pogerolese - Visit Amalfi<\/title>\n<meta name=\"robots\" content=\"index, follow, max-snippet:-1, max-image-preview:large, max-video-preview:-1\" \/>\n<link rel=\"canonical\" href=\"https:\/\/www.visitamalfi.info\/es\/evento\/ano-nuevo-folk-amalfitano-desfile-y-actuacion-del-gruppo-folk-pogerolese\/\" \/>\n<meta property=\"og:locale\" content=\"es_ES\" \/>\n<meta property=\"og:type\" content=\"article\" \/>\n<meta property=\"og:title\" content=\"A\u00f1o Nuevo Folk Amalfitano - Desfile y Actuaci\u00f3n del Gruppo Folk Pogerolese - Visit Amalfi\" \/>\n<meta property=\"og:description\" content=\"El coraz\u00f3n de Amalfi se ilumina con la tradici\u00f3n y la m\u00fasica popular.El lunes 29 de diciembre, a partir de las 16.00 horas, el A\u00f1o Nuevo Folcl\u00f3rico Amalfitano lleva a [&hellip;]\" \/>\n<meta property=\"og:url\" content=\"https:\/\/www.visitamalfi.info\/es\/evento\/ano-nuevo-folk-amalfitano-desfile-y-actuacion-del-gruppo-folk-pogerolese\/\" \/>\n<meta property=\"og:site_name\" content=\"Visit Amalfi\" \/>\n<meta property=\"article:publisher\" content=\"https:\/\/www.facebook.com\/visitamalfiofficial\" \/>\n<meta property=\"og:image\" content=\"https:\/\/www.visitamalfi.info\/wp-content\/uploads\/2025\/04\/WhatsApp-Image-2025-04-17-at-10.29.13-2.jpeg\" \/>\n\t<meta property=\"og:image:width\" content=\"1920\" \/>\n\t<meta property=\"og:image:height\" content=\"1280\" \/>\n\t<meta property=\"og:image:type\" content=\"image\/jpeg\" \/>\n<meta name=\"twitter:card\" content=\"summary_large_image\" \/>\n<meta name=\"twitter:label1\" content=\"Tiempo de lectura\" \/>\n\t<meta name=\"twitter:data1\" content=\"1 minuto\" \/>\n<script type=\"application\/ld+json\" class=\"yoast-schema-graph\">{\"@context\":\"https:\\\/\\\/schema.org\",\"@graph\":[{\"@type\":\"WebPage\",\"@id\":\"https:\\\/\\\/www.visitamalfi.info\\\/es\\\/evento\\\/ano-nuevo-folk-amalfitano-desfile-y-actuacion-del-gruppo-folk-pogerolese\\\/\",\"url\":\"https:\\\/\\\/www.visitamalfi.info\\\/es\\\/evento\\\/ano-nuevo-folk-amalfitano-desfile-y-actuacion-del-gruppo-folk-pogerolese\\\/\",\"name\":\"A\u00f1o Nuevo Folk Amalfitano - Desfile y Actuaci\u00f3n del Gruppo Folk Pogerolese - Visit Amalfi\",\"isPartOf\":{\"@id\":\"https:\\\/\\\/www.visitamalfi.info\\\/es\\\/#website\"},\"primaryImageOfPage\":{\"@id\":\"https:\\\/\\\/www.visitamalfi.info\\\/es\\\/evento\\\/ano-nuevo-folk-amalfitano-desfile-y-actuacion-del-gruppo-folk-pogerolese\\\/#primaryimage\"},\"image\":{\"@id\":\"https:\\\/\\\/www.visitamalfi.info\\\/es\\\/evento\\\/ano-nuevo-folk-amalfitano-desfile-y-actuacion-del-gruppo-folk-pogerolese\\\/#primaryimage\"},\"thumbnailUrl\":\"https:\\\/\\\/www.visitamalfi.info\\\/wp-content\\\/uploads\\\/2025\\\/04\\\/WhatsApp-Image-2025-04-17-at-10.29.13-2.jpeg\",\"datePublished\":\"2025-12-01T15:08:10+00:00\",\"breadcrumb\":{\"@id\":\"https:\\\/\\\/www.visitamalfi.info\\\/es\\\/evento\\\/ano-nuevo-folk-amalfitano-desfile-y-actuacion-del-gruppo-folk-pogerolese\\\/#breadcrumb\"},\"inLanguage\":\"es\",\"potentialAction\":[{\"@type\":\"ReadAction\",\"target\":[\"https:\\\/\\\/www.visitamalfi.info\\\/es\\\/evento\\\/ano-nuevo-folk-amalfitano-desfile-y-actuacion-del-gruppo-folk-pogerolese\\\/\"]}]},{\"@type\":\"ImageObject\",\"inLanguage\":\"es\",\"@id\":\"https:\\\/\\\/www.visitamalfi.info\\\/es\\\/evento\\\/ano-nuevo-folk-amalfitano-desfile-y-actuacion-del-gruppo-folk-pogerolese\\\/#primaryimage\",\"url\":\"https:\\\/\\\/www.visitamalfi.info\\\/wp-content\\\/uploads\\\/2025\\\/04\\\/WhatsApp-Image-2025-04-17-at-10.29.13-2.jpeg\",\"contentUrl\":\"https:\\\/\\\/www.visitamalfi.info\\\/wp-content\\\/uploads\\\/2025\\\/04\\\/WhatsApp-Image-2025-04-17-at-10.29.13-2.jpeg\",\"width\":1920,\"height\":1280,\"caption\":\"Amalfi Monumental Garden_Amalfi_Panoramic_view\"},{\"@type\":\"BreadcrumbList\",\"@id\":\"https:\\\/\\\/www.visitamalfi.info\\\/es\\\/evento\\\/ano-nuevo-folk-amalfitano-desfile-y-actuacion-del-gruppo-folk-pogerolese\\\/#breadcrumb\",\"itemListElement\":[{\"@type\":\"ListItem\",\"position\":1,\"name\":\"Home\",\"item\":\"https:\\\/\\\/www.visitamalfi.info\\\/es\\\/\"},{\"@type\":\"ListItem\",\"position\":2,\"name\":\"Eventos\",\"item\":\"https:\\\/\\\/www.visitamalfi.info\\\/es\\\/eventi\\\/\"},{\"@type\":\"ListItem\",\"position\":3,\"name\":\"A\u00f1o Nuevo Folk Amalfitano &#8211; Desfile y Actuaci\u00f3n del Gruppo Folk Pogerolese\"}]},{\"@type\":\"WebSite\",\"@id\":\"https:\\\/\\\/www.visitamalfi.info\\\/es\\\/#website\",\"url\":\"https:\\\/\\\/www.visitamalfi.info\\\/es\\\/\",\"name\":\"Visit Amalfi\",\"description\":\"Amalfi Destination Official Website\",\"publisher\":{\"@id\":\"https:\\\/\\\/www.visitamalfi.info\\\/es\\\/#organization\"},\"potentialAction\":[{\"@type\":\"SearchAction\",\"target\":{\"@type\":\"EntryPoint\",\"urlTemplate\":\"https:\\\/\\\/www.visitamalfi.info\\\/es\\\/?s={search_term_string}\"},\"query-input\":{\"@type\":\"PropertyValueSpecification\",\"valueRequired\":true,\"valueName\":\"search_term_string\"}}],\"inLanguage\":\"es\"},{\"@type\":\"Organization\",\"@id\":\"https:\\\/\\\/www.visitamalfi.info\\\/es\\\/#organization\",\"name\":\"Visit Amalfi\",\"url\":\"https:\\\/\\\/www.visitamalfi.info\\\/es\\\/\",\"logo\":{\"@type\":\"ImageObject\",\"inLanguage\":\"es\",\"@id\":\"https:\\\/\\\/www.visitamalfi.info\\\/es\\\/#\\\/schema\\\/logo\\\/image\\\/\",\"url\":\"https:\\\/\\\/www.visitamalfi.info\\\/wp-content\\\/uploads\\\/2023\\\/04\\\/visit-amalfi-logo-web.png\",\"contentUrl\":\"https:\\\/\\\/www.visitamalfi.info\\\/wp-content\\\/uploads\\\/2023\\\/04\\\/visit-amalfi-logo-web.png\",\"width\":800,\"height\":870,\"caption\":\"Visit Amalfi\"},\"image\":{\"@id\":\"https:\\\/\\\/www.visitamalfi.info\\\/es\\\/#\\\/schema\\\/logo\\\/image\\\/\"},\"sameAs\":[\"https:\\\/\\\/www.facebook.com\\\/visitamalfiofficial\",\"https:\\\/\\\/www.instagram.com\\\/visitamalfiofficial\\\/\"]}]}<\/script>\n<!-- \/ Yoast SEO plugin. -->","yoast_head_json":{"title":"A\u00f1o Nuevo Folk Amalfitano - Desfile y Actuaci\u00f3n del Gruppo Folk Pogerolese - Visit Amalfi","robots":{"index":"index","follow":"follow","max-snippet":"max-snippet:-1","max-image-preview":"max-image-preview:large","max-video-preview":"max-video-preview:-1"},"canonical":"https:\/\/www.visitamalfi.info\/es\/evento\/ano-nuevo-folk-amalfitano-desfile-y-actuacion-del-gruppo-folk-pogerolese\/","og_locale":"es_ES","og_type":"article","og_title":"A\u00f1o Nuevo Folk Amalfitano - Desfile y Actuaci\u00f3n del Gruppo Folk Pogerolese - Visit Amalfi","og_description":"El coraz\u00f3n de Amalfi se ilumina con la tradici\u00f3n y la m\u00fasica popular.El lunes 29 de diciembre, a partir de las 16.00 horas, el A\u00f1o Nuevo Folcl\u00f3rico Amalfitano lleva a [&hellip;]","og_url":"https:\/\/www.visitamalfi.info\/es\/evento\/ano-nuevo-folk-amalfitano-desfile-y-actuacion-del-gruppo-folk-pogerolese\/","og_site_name":"Visit Amalfi","article_publisher":"https:\/\/www.facebook.com\/visitamalfiofficial","og_image":[{"width":1920,"height":1280,"url":"https:\/\/www.visitamalfi.info\/wp-content\/uploads\/2025\/04\/WhatsApp-Image-2025-04-17-at-10.29.13-2.jpeg","type":"image\/jpeg"}],"twitter_card":"summary_large_image","twitter_misc":{"Tiempo de lectura":"1 minuto"},"schema":{"@context":"https:\/\/schema.org","@graph":[{"@type":"WebPage","@id":"https:\/\/www.visitamalfi.info\/es\/evento\/ano-nuevo-folk-amalfitano-desfile-y-actuacion-del-gruppo-folk-pogerolese\/","url":"https:\/\/www.visitamalfi.info\/es\/evento\/ano-nuevo-folk-amalfitano-desfile-y-actuacion-del-gruppo-folk-pogerolese\/","name":"A\u00f1o Nuevo Folk Amalfitano - Desfile y Actuaci\u00f3n del Gruppo Folk Pogerolese - Visit Amalfi","isPartOf":{"@id":"https:\/\/www.visitamalfi.info\/es\/#website"},"primaryImageOfPage":{"@id":"https:\/\/www.visitamalfi.info\/es\/evento\/ano-nuevo-folk-amalfitano-desfile-y-actuacion-del-gruppo-folk-pogerolese\/#primaryimage"},"image":{"@id":"https:\/\/www.visitamalfi.info\/es\/evento\/ano-nuevo-folk-amalfitano-desfile-y-actuacion-del-gruppo-folk-pogerolese\/#primaryimage"},"thumbnailUrl":"https:\/\/www.visitamalfi.info\/wp-content\/uploads\/2025\/04\/WhatsApp-Image-2025-04-17-at-10.29.13-2.jpeg","datePublished":"2025-12-01T15:08:10+00:00","breadcrumb":{"@id":"https:\/\/www.visitamalfi.info\/es\/evento\/ano-nuevo-folk-amalfitano-desfile-y-actuacion-del-gruppo-folk-pogerolese\/#breadcrumb"},"inLanguage":"es","potentialAction":[{"@type":"ReadAction","target":["https:\/\/www.visitamalfi.info\/es\/evento\/ano-nuevo-folk-amalfitano-desfile-y-actuacion-del-gruppo-folk-pogerolese\/"]}]},{"@type":"ImageObject","inLanguage":"es","@id":"https:\/\/www.visitamalfi.info\/es\/evento\/ano-nuevo-folk-amalfitano-desfile-y-actuacion-del-gruppo-folk-pogerolese\/#primaryimage","url":"https:\/\/www.visitamalfi.info\/wp-content\/uploads\/2025\/04\/WhatsApp-Image-2025-04-17-at-10.29.13-2.jpeg","contentUrl":"https:\/\/www.visitamalfi.info\/wp-content\/uploads\/2025\/04\/WhatsApp-Image-2025-04-17-at-10.29.13-2.jpeg","width":1920,"height":1280,"caption":"Amalfi Monumental Garden_Amalfi_Panoramic_view"},{"@type":"BreadcrumbList","@id":"https:\/\/www.visitamalfi.info\/es\/evento\/ano-nuevo-folk-amalfitano-desfile-y-actuacion-del-gruppo-folk-pogerolese\/#breadcrumb","itemListElement":[{"@type":"ListItem","position":1,"name":"Home","item":"https:\/\/www.visitamalfi.info\/es\/"},{"@type":"ListItem","position":2,"name":"Eventos","item":"https:\/\/www.visitamalfi.info\/es\/eventi\/"},{"@type":"ListItem","position":3,"name":"A\u00f1o Nuevo Folk Amalfitano &#8211; Desfile y Actuaci\u00f3n del Gruppo Folk Pogerolese"}]},{"@type":"WebSite","@id":"https:\/\/www.visitamalfi.info\/es\/#website","url":"https:\/\/www.visitamalfi.info\/es\/","name":"Visit Amalfi","description":"Amalfi Destination Official Website","publisher":{"@id":"https:\/\/www.visitamalfi.info\/es\/#organization"},"potentialAction":[{"@type":"SearchAction","target":{"@type":"EntryPoint","urlTemplate":"https:\/\/www.visitamalfi.info\/es\/?s={search_term_string}"},"query-input":{"@type":"PropertyValueSpecification","valueRequired":true,"valueName":"search_term_string"}}],"inLanguage":"es"},{"@type":"Organization","@id":"https:\/\/www.visitamalfi.info\/es\/#organization","name":"Visit Amalfi","url":"https:\/\/www.visitamalfi.info\/es\/","logo":{"@type":"ImageObject","inLanguage":"es","@id":"https:\/\/www.visitamalfi.info\/es\/#\/schema\/logo\/image\/","url":"https:\/\/www.visitamalfi.info\/wp-content\/uploads\/2023\/04\/visit-amalfi-logo-web.png","contentUrl":"https:\/\/www.visitamalfi.info\/wp-content\/uploads\/2023\/04\/visit-amalfi-logo-web.png","width":800,"height":870,"caption":"Visit Amalfi"},"image":{"@id":"https:\/\/www.visitamalfi.info\/es\/#\/schema\/logo\/image\/"},"sameAs":["https:\/\/www.facebook.com\/visitamalfiofficial","https:\/\/www.instagram.com\/visitamalfiofficial\/"]}]}},"_links":{"self":[{"href":"https:\/\/www.visitamalfi.info\/es\/wp-json\/wp\/v2\/tribe_events\/23440","targetHints":{"allow":["GET"]}}],"collection":[{"href":"https:\/\/www.visitamalfi.info\/es\/wp-json\/wp\/v2\/tribe_events"}],"about":[{"href":"https:\/\/www.visitamalfi.info\/es\/wp-json\/wp\/v2\/types\/tribe_events"}],"author":[{"embeddable":true,"href":"https:\/\/www.visitamalfi.info\/es\/wp-json\/wp\/v2\/users\/7"}],"version-history":[{"count":0,"href":"https:\/\/www.visitamalfi.info\/es\/wp-json\/wp\/v2\/tribe_events\/23440\/revisions"}],"wp:featuredmedia":[{"embeddable":true,"href":"https:\/\/www.visitamalfi.info\/es\/wp-json\/wp\/v2\/media\/21310"}],"wp:attachment":[{"href":"https:\/\/www.visitamalfi.info\/es\/wp-json\/wp\/v2\/media?parent=23440"}],"wp:term":[{"taxonomy":"post_tag","embeddable":true,"href":"https:\/\/www.visitamalfi.info\/es\/wp-json\/wp\/v2\/tags?post=23440"},{"taxonomy":"tribe_events_cat","embeddable":true,"href":"https:\/\/www.visitamalfi.info\/es\/wp-json\/wp\/v2\/tribe_events_cat?post=23440"}],"curies":[{"name":"wp","href":"https:\/\/api.w.org\/{rel}","templated":true}]}}