{"id":23297,"date":"2025-11-26T10:51:48","date_gmt":"2025-11-26T09:51:48","guid":{"rendered":"https:\/\/www.visitamalfi.info\/evento\/mercados-navidenos-en-el-corazon-de-amalfi\/"},"modified":"2025-11-26T10:51:48","modified_gmt":"2025-11-26T09:51:48","slug":"mercados-navidenos-en-el-corazon-de-amalfi","status":"publish","type":"tribe_events","link":"https:\/\/www.visitamalfi.info\/es\/evento\/mercados-navidenos-en-el-corazon-de-amalfi\/","title":{"rendered":"Mercados navide\u00f1os en el coraz\u00f3n de Amalfi"},"content":{"rendered":"<p>En el coraz\u00f3n de Amalfi, la Navidad cobra vida entre callejuelas que brillan y manos que crean.<br data-start=\"260\" data-end=\"263\">Cada puesto se convierte en una historia: aromas que llaman al hogar, colores que calientan el alma, artefactos que encierran el arte de sus creadores.<br data-start=\"413\" data-end=\"416\" data-is-only-node=\"\">Entre sabores aut\u00e9nticos, piezas de dise\u00f1o y peque\u00f1as maravillas vintage, los mercados transforman la ciudad en un <strong data-start=\"522\" data-end=\"543\">viaje encantado<\/strong>, donde el tiempo se ralentiza y cada descubrimiento se convierte en un recuerdo para llevar contigo.<br data-start=\"621\" data-end=\"624\">Una dulce y resplandeciente invitaci\u00f3n a vivir la magia de las fiestas de la forma m\u00e1s aut\u00e9ntica: quedando encantado.<\/p>\n<p><i><span style=\"font-weight: 400;\">Organizado por la<\/span><\/i><b><i>Asociaci\u00f3n de Eventos D2<\/i><\/b><\/p>\n<p>Los mercados tendr\u00e1n lugar los d\u00edas siguientes:<\/p>\n<ul>\n<li><b>Viernes 28, s\u00e1bado 29 y domingo 30 de noviembre,<\/b><\/li>\n<li><b>Viernes 5 , s\u00e1bado 6 y domingo 7 de diciembre.<\/b><\/li>\n<\/ul>\n<p><b>h 10.00 &#8211; 22.00, <\/b><span style=\"font-weight: 400;\">Amalfi &#8211; Plaza del Municipio<\/span><\/p>\n","protected":false},"excerpt":{"rendered":"<p>En el coraz\u00f3n de Amalfi, la luz de la Navidad se enciende entre fragancias, colores y creaciones que hablan de tradici\u00f3n y magia. Sabores genuinos, artesan\u00eda de dise\u00f1o y tesoros vintage, los mercados se convierten en un peque\u00f1o viaje encantado, un dulce recuerdo festivo.<\/p>\n","protected":false},"author":7,"featured_media":23292,"template":"","meta":{"inline_featured_image":false,"_tribe_events_status":"","_tribe_events_status_reason":"","footnotes":""},"tags":[],"tribe_events_cat":[1240,572],"class_list":["post-23297","tribe_events","type-tribe_events","status-publish","has-post-thumbnail","hentry","tribe_events_cat-navidad","tribe_events_cat-tradicion","cat_navidad","cat_tradicion"],"yoast_head":"<!-- This site is optimized with the Yoast SEO plugin v27.3 - https:\/\/yoast.com\/product\/yoast-seo-wordpress\/ -->\n<title>Mercados navide\u00f1os en el coraz\u00f3n de Amalfi - Visit Amalfi<\/title>\n<meta name=\"robots\" content=\"index, follow, max-snippet:-1, max-image-preview:large, max-video-preview:-1\" \/>\n<link rel=\"canonical\" href=\"https:\/\/www.visitamalfi.info\/es\/evento\/mercados-navidenos-en-el-corazon-de-amalfi\/\" \/>\n<meta property=\"og:locale\" content=\"es_ES\" \/>\n<meta property=\"og:type\" content=\"article\" \/>\n<meta property=\"og:title\" content=\"Mercados navide\u00f1os en el coraz\u00f3n de Amalfi - Visit Amalfi\" \/>\n<meta property=\"og:description\" content=\"En el coraz\u00f3n de Amalfi, la luz de la Navidad se enciende entre fragancias, colores y creaciones que hablan de tradici\u00f3n y magia. Sabores genuinos, artesan\u00eda de dise\u00f1o y tesoros vintage, los mercados se convierten en un peque\u00f1o viaje encantado, un dulce recuerdo festivo.\" \/>\n<meta property=\"og:url\" content=\"https:\/\/www.visitamalfi.info\/es\/evento\/mercados-navidenos-en-el-corazon-de-amalfi\/\" \/>\n<meta property=\"og:site_name\" content=\"Visit Amalfi\" \/>\n<meta property=\"article:publisher\" content=\"https:\/\/www.facebook.com\/visitamalfiofficial\" \/>\n<meta property=\"og:image\" content=\"https:\/\/www.visitamalfi.info\/wp-content\/uploads\/2025\/11\/WhatsApp-Image-2025-11-26-at-10.44.13-e1764150656594.jpeg\" \/>\n\t<meta property=\"og:image:width\" content=\"1119\" \/>\n\t<meta property=\"og:image:height\" content=\"1600\" \/>\n\t<meta property=\"og:image:type\" content=\"image\/jpeg\" \/>\n<meta name=\"twitter:card\" content=\"summary_large_image\" \/>\n<meta name=\"twitter:label1\" content=\"Tiempo de lectura\" \/>\n\t<meta name=\"twitter:data1\" content=\"1 minuto\" \/>\n<script type=\"application\/ld+json\" class=\"yoast-schema-graph\">{\"@context\":\"https:\\\/\\\/schema.org\",\"@graph\":[{\"@type\":\"WebPage\",\"@id\":\"https:\\\/\\\/www.visitamalfi.info\\\/es\\\/evento\\\/mercados-navidenos-en-el-corazon-de-amalfi\\\/\",\"url\":\"https:\\\/\\\/www.visitamalfi.info\\\/es\\\/evento\\\/mercados-navidenos-en-el-corazon-de-amalfi\\\/\",\"name\":\"Mercados navide\u00f1os en el coraz\u00f3n de Amalfi - Visit Amalfi\",\"isPartOf\":{\"@id\":\"https:\\\/\\\/www.visitamalfi.info\\\/es\\\/#website\"},\"primaryImageOfPage\":{\"@id\":\"https:\\\/\\\/www.visitamalfi.info\\\/es\\\/evento\\\/mercados-navidenos-en-el-corazon-de-amalfi\\\/#primaryimage\"},\"image\":{\"@id\":\"https:\\\/\\\/www.visitamalfi.info\\\/es\\\/evento\\\/mercados-navidenos-en-el-corazon-de-amalfi\\\/#primaryimage\"},\"thumbnailUrl\":\"https:\\\/\\\/www.visitamalfi.info\\\/wp-content\\\/uploads\\\/2025\\\/11\\\/WhatsApp-Image-2025-11-26-at-10.44.13-e1764150656594.jpeg\",\"datePublished\":\"2025-11-26T09:51:48+00:00\",\"breadcrumb\":{\"@id\":\"https:\\\/\\\/www.visitamalfi.info\\\/es\\\/evento\\\/mercados-navidenos-en-el-corazon-de-amalfi\\\/#breadcrumb\"},\"inLanguage\":\"es\",\"potentialAction\":[{\"@type\":\"ReadAction\",\"target\":[\"https:\\\/\\\/www.visitamalfi.info\\\/es\\\/evento\\\/mercados-navidenos-en-el-corazon-de-amalfi\\\/\"]}]},{\"@type\":\"ImageObject\",\"inLanguage\":\"es\",\"@id\":\"https:\\\/\\\/www.visitamalfi.info\\\/es\\\/evento\\\/mercados-navidenos-en-el-corazon-de-amalfi\\\/#primaryimage\",\"url\":\"https:\\\/\\\/www.visitamalfi.info\\\/wp-content\\\/uploads\\\/2025\\\/11\\\/WhatsApp-Image-2025-11-26-at-10.44.13-e1764150656594.jpeg\",\"contentUrl\":\"https:\\\/\\\/www.visitamalfi.info\\\/wp-content\\\/uploads\\\/2025\\\/11\\\/WhatsApp-Image-2025-11-26-at-10.44.13-e1764150656594.jpeg\",\"width\":1119,\"height\":1600},{\"@type\":\"BreadcrumbList\",\"@id\":\"https:\\\/\\\/www.visitamalfi.info\\\/es\\\/evento\\\/mercados-navidenos-en-el-corazon-de-amalfi\\\/#breadcrumb\",\"itemListElement\":[{\"@type\":\"ListItem\",\"position\":1,\"name\":\"Home\",\"item\":\"https:\\\/\\\/www.visitamalfi.info\\\/es\\\/\"},{\"@type\":\"ListItem\",\"position\":2,\"name\":\"Eventos\",\"item\":\"https:\\\/\\\/www.visitamalfi.info\\\/es\\\/eventi\\\/\"},{\"@type\":\"ListItem\",\"position\":3,\"name\":\"Mercados navide\u00f1os en el coraz\u00f3n de Amalfi\"}]},{\"@type\":\"WebSite\",\"@id\":\"https:\\\/\\\/www.visitamalfi.info\\\/es\\\/#website\",\"url\":\"https:\\\/\\\/www.visitamalfi.info\\\/es\\\/\",\"name\":\"Visit Amalfi\",\"description\":\"Amalfi Destination Official Website\",\"publisher\":{\"@id\":\"https:\\\/\\\/www.visitamalfi.info\\\/es\\\/#organization\"},\"potentialAction\":[{\"@type\":\"SearchAction\",\"target\":{\"@type\":\"EntryPoint\",\"urlTemplate\":\"https:\\\/\\\/www.visitamalfi.info\\\/es\\\/?s={search_term_string}\"},\"query-input\":{\"@type\":\"PropertyValueSpecification\",\"valueRequired\":true,\"valueName\":\"search_term_string\"}}],\"inLanguage\":\"es\"},{\"@type\":\"Organization\",\"@id\":\"https:\\\/\\\/www.visitamalfi.info\\\/es\\\/#organization\",\"name\":\"Visit Amalfi\",\"url\":\"https:\\\/\\\/www.visitamalfi.info\\\/es\\\/\",\"logo\":{\"@type\":\"ImageObject\",\"inLanguage\":\"es\",\"@id\":\"https:\\\/\\\/www.visitamalfi.info\\\/es\\\/#\\\/schema\\\/logo\\\/image\\\/\",\"url\":\"https:\\\/\\\/www.visitamalfi.info\\\/wp-content\\\/uploads\\\/2023\\\/04\\\/visit-amalfi-logo-web.png\",\"contentUrl\":\"https:\\\/\\\/www.visitamalfi.info\\\/wp-content\\\/uploads\\\/2023\\\/04\\\/visit-amalfi-logo-web.png\",\"width\":800,\"height\":870,\"caption\":\"Visit Amalfi\"},\"image\":{\"@id\":\"https:\\\/\\\/www.visitamalfi.info\\\/es\\\/#\\\/schema\\\/logo\\\/image\\\/\"},\"sameAs\":[\"https:\\\/\\\/www.facebook.com\\\/visitamalfiofficial\",\"https:\\\/\\\/www.instagram.com\\\/visitamalfiofficial\\\/\"]}]}<\/script>\n<!-- \/ Yoast SEO plugin. -->","yoast_head_json":{"title":"Mercados navide\u00f1os en el coraz\u00f3n de Amalfi - Visit Amalfi","robots":{"index":"index","follow":"follow","max-snippet":"max-snippet:-1","max-image-preview":"max-image-preview:large","max-video-preview":"max-video-preview:-1"},"canonical":"https:\/\/www.visitamalfi.info\/es\/evento\/mercados-navidenos-en-el-corazon-de-amalfi\/","og_locale":"es_ES","og_type":"article","og_title":"Mercados navide\u00f1os en el coraz\u00f3n de Amalfi - Visit Amalfi","og_description":"En el coraz\u00f3n de Amalfi, la luz de la Navidad se enciende entre fragancias, colores y creaciones que hablan de tradici\u00f3n y magia. Sabores genuinos, artesan\u00eda de dise\u00f1o y tesoros vintage, los mercados se convierten en un peque\u00f1o viaje encantado, un dulce recuerdo festivo.","og_url":"https:\/\/www.visitamalfi.info\/es\/evento\/mercados-navidenos-en-el-corazon-de-amalfi\/","og_site_name":"Visit Amalfi","article_publisher":"https:\/\/www.facebook.com\/visitamalfiofficial","og_image":[{"width":1119,"height":1600,"url":"https:\/\/www.visitamalfi.info\/wp-content\/uploads\/2025\/11\/WhatsApp-Image-2025-11-26-at-10.44.13-e1764150656594.jpeg","type":"image\/jpeg"}],"twitter_card":"summary_large_image","twitter_misc":{"Tiempo de lectura":"1 minuto"},"schema":{"@context":"https:\/\/schema.org","@graph":[{"@type":"WebPage","@id":"https:\/\/www.visitamalfi.info\/es\/evento\/mercados-navidenos-en-el-corazon-de-amalfi\/","url":"https:\/\/www.visitamalfi.info\/es\/evento\/mercados-navidenos-en-el-corazon-de-amalfi\/","name":"Mercados navide\u00f1os en el coraz\u00f3n de Amalfi - Visit Amalfi","isPartOf":{"@id":"https:\/\/www.visitamalfi.info\/es\/#website"},"primaryImageOfPage":{"@id":"https:\/\/www.visitamalfi.info\/es\/evento\/mercados-navidenos-en-el-corazon-de-amalfi\/#primaryimage"},"image":{"@id":"https:\/\/www.visitamalfi.info\/es\/evento\/mercados-navidenos-en-el-corazon-de-amalfi\/#primaryimage"},"thumbnailUrl":"https:\/\/www.visitamalfi.info\/wp-content\/uploads\/2025\/11\/WhatsApp-Image-2025-11-26-at-10.44.13-e1764150656594.jpeg","datePublished":"2025-11-26T09:51:48+00:00","breadcrumb":{"@id":"https:\/\/www.visitamalfi.info\/es\/evento\/mercados-navidenos-en-el-corazon-de-amalfi\/#breadcrumb"},"inLanguage":"es","potentialAction":[{"@type":"ReadAction","target":["https:\/\/www.visitamalfi.info\/es\/evento\/mercados-navidenos-en-el-corazon-de-amalfi\/"]}]},{"@type":"ImageObject","inLanguage":"es","@id":"https:\/\/www.visitamalfi.info\/es\/evento\/mercados-navidenos-en-el-corazon-de-amalfi\/#primaryimage","url":"https:\/\/www.visitamalfi.info\/wp-content\/uploads\/2025\/11\/WhatsApp-Image-2025-11-26-at-10.44.13-e1764150656594.jpeg","contentUrl":"https:\/\/www.visitamalfi.info\/wp-content\/uploads\/2025\/11\/WhatsApp-Image-2025-11-26-at-10.44.13-e1764150656594.jpeg","width":1119,"height":1600},{"@type":"BreadcrumbList","@id":"https:\/\/www.visitamalfi.info\/es\/evento\/mercados-navidenos-en-el-corazon-de-amalfi\/#breadcrumb","itemListElement":[{"@type":"ListItem","position":1,"name":"Home","item":"https:\/\/www.visitamalfi.info\/es\/"},{"@type":"ListItem","position":2,"name":"Eventos","item":"https:\/\/www.visitamalfi.info\/es\/eventi\/"},{"@type":"ListItem","position":3,"name":"Mercados navide\u00f1os en el coraz\u00f3n de Amalfi"}]},{"@type":"WebSite","@id":"https:\/\/www.visitamalfi.info\/es\/#website","url":"https:\/\/www.visitamalfi.info\/es\/","name":"Visit Amalfi","description":"Amalfi Destination Official Website","publisher":{"@id":"https:\/\/www.visitamalfi.info\/es\/#organization"},"potentialAction":[{"@type":"SearchAction","target":{"@type":"EntryPoint","urlTemplate":"https:\/\/www.visitamalfi.info\/es\/?s={search_term_string}"},"query-input":{"@type":"PropertyValueSpecification","valueRequired":true,"valueName":"search_term_string"}}],"inLanguage":"es"},{"@type":"Organization","@id":"https:\/\/www.visitamalfi.info\/es\/#organization","name":"Visit Amalfi","url":"https:\/\/www.visitamalfi.info\/es\/","logo":{"@type":"ImageObject","inLanguage":"es","@id":"https:\/\/www.visitamalfi.info\/es\/#\/schema\/logo\/image\/","url":"https:\/\/www.visitamalfi.info\/wp-content\/uploads\/2023\/04\/visit-amalfi-logo-web.png","contentUrl":"https:\/\/www.visitamalfi.info\/wp-content\/uploads\/2023\/04\/visit-amalfi-logo-web.png","width":800,"height":870,"caption":"Visit Amalfi"},"image":{"@id":"https:\/\/www.visitamalfi.info\/es\/#\/schema\/logo\/image\/"},"sameAs":["https:\/\/www.facebook.com\/visitamalfiofficial","https:\/\/www.instagram.com\/visitamalfiofficial\/"]}]}},"_links":{"self":[{"href":"https:\/\/www.visitamalfi.info\/es\/wp-json\/wp\/v2\/tribe_events\/23297","targetHints":{"allow":["GET"]}}],"collection":[{"href":"https:\/\/www.visitamalfi.info\/es\/wp-json\/wp\/v2\/tribe_events"}],"about":[{"href":"https:\/\/www.visitamalfi.info\/es\/wp-json\/wp\/v2\/types\/tribe_events"}],"author":[{"embeddable":true,"href":"https:\/\/www.visitamalfi.info\/es\/wp-json\/wp\/v2\/users\/7"}],"version-history":[{"count":0,"href":"https:\/\/www.visitamalfi.info\/es\/wp-json\/wp\/v2\/tribe_events\/23297\/revisions"}],"wp:featuredmedia":[{"embeddable":true,"href":"https:\/\/www.visitamalfi.info\/es\/wp-json\/wp\/v2\/media\/23292"}],"wp:attachment":[{"href":"https:\/\/www.visitamalfi.info\/es\/wp-json\/wp\/v2\/media?parent=23297"}],"wp:term":[{"taxonomy":"post_tag","embeddable":true,"href":"https:\/\/www.visitamalfi.info\/es\/wp-json\/wp\/v2\/tags?post=23297"},{"taxonomy":"tribe_events_cat","embeddable":true,"href":"https:\/\/www.visitamalfi.info\/es\/wp-json\/wp\/v2\/tribe_events_cat?post=23297"}],"curies":[{"name":"wp","href":"https:\/\/api.w.org\/{rel}","templated":true}]}}