{"id":23122,"date":"2025-11-17T10:16:25","date_gmt":"2025-11-17T09:16:25","guid":{"rendered":"https:\/\/www.visitamalfi.info\/evento\/la-fiesta-de-san-andres-en-amalfi-entre-fe-tradicion-y-espectaculo\/"},"modified":"2025-11-17T10:16:25","modified_gmt":"2025-11-17T09:16:25","slug":"la-fiesta-de-san-andres-en-amalfi-entre-fe-tradicion-y-espectaculo","status":"publish","type":"tribe_events","link":"https:\/\/www.visitamalfi.info\/es\/evento\/la-fiesta-de-san-andres-en-amalfi-entre-fe-tradicion-y-espectaculo\/","title":{"rendered":"La fiesta de San Andr\u00e9s en Amalfi: entre fe, tradici\u00f3n y espect\u00e1culo"},"content":{"rendered":"<p>Dos veces al a\u00f1o, el <strong data-start=\"196\" data-end=\"209\">27 de junio<\/strong> y el <strong data-start=\"215\" data-end=\"230\">30 de noviembre<\/strong>, Amalfi celebra con gran participaci\u00f3n a su patr\u00f3n, <strong data-start=\"295\" data-end=\"319\">San Andr\u00e9s Ap\u00f3stol<\/strong>, transformando la ciudad en un fascinante escenario de fe, historia y folclore. Una ocasi\u00f3n antigua, sentida y profundamente identificable, que implica a ciudadanos y visitantes por igual en una experiencia cargada de emoci\u00f3n.<\/p>\n<p>El centro de la fiesta es la <strong data-start=\"973\" data-end=\"992\">Catedral de Amalfi<\/strong>, dedicada a \u00e9l: aqu\u00ed se celebra la Misa solemne y desde aqu\u00ed cobra vida la procesi\u00f3n, una evocadora procesi\u00f3n en la que la estatua del santo es llevada a hombros entre cantos, oraciones y toda una ciudad que participa con una devoci\u00f3n cautivadora. El momento simb\u00f3lico de la celebraci\u00f3n es <strong data-start=\"1272\" data-end=\"1335\">la bajada de la estatua por la escalinata monumental de la catedral<\/strong>, un gesto de fe, fuerza y tradici\u00f3n que emociona a miles de personas cada a\u00f1o.<\/p>\n<p data-start=\"1669\" data-end=\"1981\">La Festa di Sant\u2019Andrea non \u00e8 solo un rito religioso, ma la manifestazione pi\u00f9 autentica dell\u2019anima di Amalfi, dove <strong data-start=\"1785\" data-end=\"1828\">storia, leggenda, comunit\u00e0 e spettacolo<\/strong> si incontrano.<br data-start=\"1843\" data-end=\"1846\">Creyentes o simples curiosos, todos est\u00e1n invitados a vivir una tradici\u00f3n que emociona, une y cuenta la verdadera esencia de la ciudad.<\/p>\n<p data-start=\"1983\" data-end=\"2012\" data-is-last-node=\"\" data-is-only-node=\"\"><strong data-start=\"1983\" data-end=\"2012\" data-is-last-node=\"\">Un acontecimiento que no te puedes perder.<\/strong><\/p>\n","protected":false},"excerpt":{"rendered":"<p>La fiesta de San Andr\u00e9s no es s\u00f3lo un rito religioso, sino la manifestaci\u00f3n m\u00e1s aut\u00e9ntica del alma de Amalfi, donde confluyen historia, leyenda, comunidad y espect\u00e1culo.<\/p>\n","protected":false},"author":7,"featured_media":5155,"template":"","meta":{"inline_featured_image":false,"_tribe_events_status":"","_tribe_events_status_reason":"","footnotes":""},"tags":[],"tribe_events_cat":[718,572],"class_list":["post-23122","tribe_events","type-tribe_events","status-publish","has-post-thumbnail","hentry","tribe_events_cat-acontecimiento-historico","tribe_events_cat-tradicion","cat_acontecimiento-historico","cat_tradicion"],"yoast_head":"<!-- This site is optimized with the Yoast SEO plugin v27.3 - https:\/\/yoast.com\/product\/yoast-seo-wordpress\/ -->\n<title>La fiesta de San Andr\u00e9s en Amalfi: entre fe, tradici\u00f3n y espect\u00e1culo - Visit Amalfi<\/title>\n<meta name=\"robots\" content=\"index, follow, max-snippet:-1, max-image-preview:large, max-video-preview:-1\" \/>\n<link rel=\"canonical\" href=\"https:\/\/www.visitamalfi.info\/es\/evento\/la-fiesta-de-san-andres-en-amalfi-entre-fe-tradicion-y-espectaculo\/\" \/>\n<meta property=\"og:locale\" content=\"es_ES\" \/>\n<meta property=\"og:type\" content=\"article\" \/>\n<meta property=\"og:title\" content=\"La fiesta de San Andr\u00e9s en Amalfi: entre fe, tradici\u00f3n y espect\u00e1culo - Visit Amalfi\" \/>\n<meta property=\"og:description\" content=\"La fiesta de San Andr\u00e9s no es s\u00f3lo un rito religioso, sino la manifestaci\u00f3n m\u00e1s aut\u00e9ntica del alma de Amalfi, donde confluyen historia, leyenda, comunidad y espect\u00e1culo.\" \/>\n<meta property=\"og:url\" content=\"https:\/\/www.visitamalfi.info\/es\/evento\/la-fiesta-de-san-andres-en-amalfi-entre-fe-tradicion-y-espectaculo\/\" \/>\n<meta property=\"og:site_name\" content=\"Visit Amalfi\" \/>\n<meta property=\"article:publisher\" content=\"https:\/\/www.facebook.com\/visitamalfiofficial\" \/>\n<meta property=\"og:image\" content=\"https:\/\/www.visitamalfi.info\/wp-content\/uploads\/2023\/07\/08-Cattedrale.jpg\" \/>\n\t<meta property=\"og:image:width\" content=\"1920\" \/>\n\t<meta property=\"og:image:height\" content=\"1280\" \/>\n\t<meta property=\"og:image:type\" content=\"image\/jpeg\" \/>\n<meta name=\"twitter:card\" content=\"summary_large_image\" \/>\n<meta name=\"twitter:label1\" content=\"Tiempo de lectura\" \/>\n\t<meta name=\"twitter:data1\" content=\"1 minuto\" \/>\n<script type=\"application\/ld+json\" class=\"yoast-schema-graph\">{\"@context\":\"https:\\\/\\\/schema.org\",\"@graph\":[{\"@type\":\"WebPage\",\"@id\":\"https:\\\/\\\/www.visitamalfi.info\\\/es\\\/evento\\\/la-fiesta-de-san-andres-en-amalfi-entre-fe-tradicion-y-espectaculo\\\/\",\"url\":\"https:\\\/\\\/www.visitamalfi.info\\\/es\\\/evento\\\/la-fiesta-de-san-andres-en-amalfi-entre-fe-tradicion-y-espectaculo\\\/\",\"name\":\"La fiesta de San Andr\u00e9s en Amalfi: entre fe, tradici\u00f3n y espect\u00e1culo - Visit Amalfi\",\"isPartOf\":{\"@id\":\"https:\\\/\\\/www.visitamalfi.info\\\/es\\\/#website\"},\"primaryImageOfPage\":{\"@id\":\"https:\\\/\\\/www.visitamalfi.info\\\/es\\\/evento\\\/la-fiesta-de-san-andres-en-amalfi-entre-fe-tradicion-y-espectaculo\\\/#primaryimage\"},\"image\":{\"@id\":\"https:\\\/\\\/www.visitamalfi.info\\\/es\\\/evento\\\/la-fiesta-de-san-andres-en-amalfi-entre-fe-tradicion-y-espectaculo\\\/#primaryimage\"},\"thumbnailUrl\":\"https:\\\/\\\/www.visitamalfi.info\\\/wp-content\\\/uploads\\\/2023\\\/07\\\/08-Cattedrale.jpg\",\"datePublished\":\"2025-11-17T09:16:25+00:00\",\"breadcrumb\":{\"@id\":\"https:\\\/\\\/www.visitamalfi.info\\\/es\\\/evento\\\/la-fiesta-de-san-andres-en-amalfi-entre-fe-tradicion-y-espectaculo\\\/#breadcrumb\"},\"inLanguage\":\"es\",\"potentialAction\":[{\"@type\":\"ReadAction\",\"target\":[\"https:\\\/\\\/www.visitamalfi.info\\\/es\\\/evento\\\/la-fiesta-de-san-andres-en-amalfi-entre-fe-tradicion-y-espectaculo\\\/\"]}]},{\"@type\":\"ImageObject\",\"inLanguage\":\"es\",\"@id\":\"https:\\\/\\\/www.visitamalfi.info\\\/es\\\/evento\\\/la-fiesta-de-san-andres-en-amalfi-entre-fe-tradicion-y-espectaculo\\\/#primaryimage\",\"url\":\"https:\\\/\\\/www.visitamalfi.info\\\/wp-content\\\/uploads\\\/2023\\\/07\\\/08-Cattedrale.jpg\",\"contentUrl\":\"https:\\\/\\\/www.visitamalfi.info\\\/wp-content\\\/uploads\\\/2023\\\/07\\\/08-Cattedrale.jpg\",\"width\":1920,\"height\":1280},{\"@type\":\"BreadcrumbList\",\"@id\":\"https:\\\/\\\/www.visitamalfi.info\\\/es\\\/evento\\\/la-fiesta-de-san-andres-en-amalfi-entre-fe-tradicion-y-espectaculo\\\/#breadcrumb\",\"itemListElement\":[{\"@type\":\"ListItem\",\"position\":1,\"name\":\"Home\",\"item\":\"https:\\\/\\\/www.visitamalfi.info\\\/es\\\/\"},{\"@type\":\"ListItem\",\"position\":2,\"name\":\"Eventos\",\"item\":\"https:\\\/\\\/www.visitamalfi.info\\\/es\\\/eventi\\\/\"},{\"@type\":\"ListItem\",\"position\":3,\"name\":\"La fiesta de San Andr\u00e9s en Amalfi: entre fe, tradici\u00f3n y espect\u00e1culo\"}]},{\"@type\":\"WebSite\",\"@id\":\"https:\\\/\\\/www.visitamalfi.info\\\/es\\\/#website\",\"url\":\"https:\\\/\\\/www.visitamalfi.info\\\/es\\\/\",\"name\":\"Visit Amalfi\",\"description\":\"Amalfi Destination Official Website\",\"publisher\":{\"@id\":\"https:\\\/\\\/www.visitamalfi.info\\\/es\\\/#organization\"},\"potentialAction\":[{\"@type\":\"SearchAction\",\"target\":{\"@type\":\"EntryPoint\",\"urlTemplate\":\"https:\\\/\\\/www.visitamalfi.info\\\/es\\\/?s={search_term_string}\"},\"query-input\":{\"@type\":\"PropertyValueSpecification\",\"valueRequired\":true,\"valueName\":\"search_term_string\"}}],\"inLanguage\":\"es\"},{\"@type\":\"Organization\",\"@id\":\"https:\\\/\\\/www.visitamalfi.info\\\/es\\\/#organization\",\"name\":\"Visit Amalfi\",\"url\":\"https:\\\/\\\/www.visitamalfi.info\\\/es\\\/\",\"logo\":{\"@type\":\"ImageObject\",\"inLanguage\":\"es\",\"@id\":\"https:\\\/\\\/www.visitamalfi.info\\\/es\\\/#\\\/schema\\\/logo\\\/image\\\/\",\"url\":\"https:\\\/\\\/www.visitamalfi.info\\\/wp-content\\\/uploads\\\/2023\\\/04\\\/visit-amalfi-logo-web.png\",\"contentUrl\":\"https:\\\/\\\/www.visitamalfi.info\\\/wp-content\\\/uploads\\\/2023\\\/04\\\/visit-amalfi-logo-web.png\",\"width\":800,\"height\":870,\"caption\":\"Visit Amalfi\"},\"image\":{\"@id\":\"https:\\\/\\\/www.visitamalfi.info\\\/es\\\/#\\\/schema\\\/logo\\\/image\\\/\"},\"sameAs\":[\"https:\\\/\\\/www.facebook.com\\\/visitamalfiofficial\",\"https:\\\/\\\/www.instagram.com\\\/visitamalfiofficial\\\/\"]}]}<\/script>\n<!-- \/ Yoast SEO plugin. -->","yoast_head_json":{"title":"La fiesta de San Andr\u00e9s en Amalfi: entre fe, tradici\u00f3n y espect\u00e1culo - Visit Amalfi","robots":{"index":"index","follow":"follow","max-snippet":"max-snippet:-1","max-image-preview":"max-image-preview:large","max-video-preview":"max-video-preview:-1"},"canonical":"https:\/\/www.visitamalfi.info\/es\/evento\/la-fiesta-de-san-andres-en-amalfi-entre-fe-tradicion-y-espectaculo\/","og_locale":"es_ES","og_type":"article","og_title":"La fiesta de San Andr\u00e9s en Amalfi: entre fe, tradici\u00f3n y espect\u00e1culo - Visit Amalfi","og_description":"La fiesta de San Andr\u00e9s no es s\u00f3lo un rito religioso, sino la manifestaci\u00f3n m\u00e1s aut\u00e9ntica del alma de Amalfi, donde confluyen historia, leyenda, comunidad y espect\u00e1culo.","og_url":"https:\/\/www.visitamalfi.info\/es\/evento\/la-fiesta-de-san-andres-en-amalfi-entre-fe-tradicion-y-espectaculo\/","og_site_name":"Visit Amalfi","article_publisher":"https:\/\/www.facebook.com\/visitamalfiofficial","og_image":[{"width":1920,"height":1280,"url":"https:\/\/www.visitamalfi.info\/wp-content\/uploads\/2023\/07\/08-Cattedrale.jpg","type":"image\/jpeg"}],"twitter_card":"summary_large_image","twitter_misc":{"Tiempo de lectura":"1 minuto"},"schema":{"@context":"https:\/\/schema.org","@graph":[{"@type":"WebPage","@id":"https:\/\/www.visitamalfi.info\/es\/evento\/la-fiesta-de-san-andres-en-amalfi-entre-fe-tradicion-y-espectaculo\/","url":"https:\/\/www.visitamalfi.info\/es\/evento\/la-fiesta-de-san-andres-en-amalfi-entre-fe-tradicion-y-espectaculo\/","name":"La fiesta de San Andr\u00e9s en Amalfi: entre fe, tradici\u00f3n y espect\u00e1culo - Visit Amalfi","isPartOf":{"@id":"https:\/\/www.visitamalfi.info\/es\/#website"},"primaryImageOfPage":{"@id":"https:\/\/www.visitamalfi.info\/es\/evento\/la-fiesta-de-san-andres-en-amalfi-entre-fe-tradicion-y-espectaculo\/#primaryimage"},"image":{"@id":"https:\/\/www.visitamalfi.info\/es\/evento\/la-fiesta-de-san-andres-en-amalfi-entre-fe-tradicion-y-espectaculo\/#primaryimage"},"thumbnailUrl":"https:\/\/www.visitamalfi.info\/wp-content\/uploads\/2023\/07\/08-Cattedrale.jpg","datePublished":"2025-11-17T09:16:25+00:00","breadcrumb":{"@id":"https:\/\/www.visitamalfi.info\/es\/evento\/la-fiesta-de-san-andres-en-amalfi-entre-fe-tradicion-y-espectaculo\/#breadcrumb"},"inLanguage":"es","potentialAction":[{"@type":"ReadAction","target":["https:\/\/www.visitamalfi.info\/es\/evento\/la-fiesta-de-san-andres-en-amalfi-entre-fe-tradicion-y-espectaculo\/"]}]},{"@type":"ImageObject","inLanguage":"es","@id":"https:\/\/www.visitamalfi.info\/es\/evento\/la-fiesta-de-san-andres-en-amalfi-entre-fe-tradicion-y-espectaculo\/#primaryimage","url":"https:\/\/www.visitamalfi.info\/wp-content\/uploads\/2023\/07\/08-Cattedrale.jpg","contentUrl":"https:\/\/www.visitamalfi.info\/wp-content\/uploads\/2023\/07\/08-Cattedrale.jpg","width":1920,"height":1280},{"@type":"BreadcrumbList","@id":"https:\/\/www.visitamalfi.info\/es\/evento\/la-fiesta-de-san-andres-en-amalfi-entre-fe-tradicion-y-espectaculo\/#breadcrumb","itemListElement":[{"@type":"ListItem","position":1,"name":"Home","item":"https:\/\/www.visitamalfi.info\/es\/"},{"@type":"ListItem","position":2,"name":"Eventos","item":"https:\/\/www.visitamalfi.info\/es\/eventi\/"},{"@type":"ListItem","position":3,"name":"La fiesta de San Andr\u00e9s en Amalfi: entre fe, tradici\u00f3n y espect\u00e1culo"}]},{"@type":"WebSite","@id":"https:\/\/www.visitamalfi.info\/es\/#website","url":"https:\/\/www.visitamalfi.info\/es\/","name":"Visit Amalfi","description":"Amalfi Destination Official Website","publisher":{"@id":"https:\/\/www.visitamalfi.info\/es\/#organization"},"potentialAction":[{"@type":"SearchAction","target":{"@type":"EntryPoint","urlTemplate":"https:\/\/www.visitamalfi.info\/es\/?s={search_term_string}"},"query-input":{"@type":"PropertyValueSpecification","valueRequired":true,"valueName":"search_term_string"}}],"inLanguage":"es"},{"@type":"Organization","@id":"https:\/\/www.visitamalfi.info\/es\/#organization","name":"Visit Amalfi","url":"https:\/\/www.visitamalfi.info\/es\/","logo":{"@type":"ImageObject","inLanguage":"es","@id":"https:\/\/www.visitamalfi.info\/es\/#\/schema\/logo\/image\/","url":"https:\/\/www.visitamalfi.info\/wp-content\/uploads\/2023\/04\/visit-amalfi-logo-web.png","contentUrl":"https:\/\/www.visitamalfi.info\/wp-content\/uploads\/2023\/04\/visit-amalfi-logo-web.png","width":800,"height":870,"caption":"Visit Amalfi"},"image":{"@id":"https:\/\/www.visitamalfi.info\/es\/#\/schema\/logo\/image\/"},"sameAs":["https:\/\/www.facebook.com\/visitamalfiofficial","https:\/\/www.instagram.com\/visitamalfiofficial\/"]}]}},"_links":{"self":[{"href":"https:\/\/www.visitamalfi.info\/es\/wp-json\/wp\/v2\/tribe_events\/23122","targetHints":{"allow":["GET"]}}],"collection":[{"href":"https:\/\/www.visitamalfi.info\/es\/wp-json\/wp\/v2\/tribe_events"}],"about":[{"href":"https:\/\/www.visitamalfi.info\/es\/wp-json\/wp\/v2\/types\/tribe_events"}],"author":[{"embeddable":true,"href":"https:\/\/www.visitamalfi.info\/es\/wp-json\/wp\/v2\/users\/7"}],"version-history":[{"count":0,"href":"https:\/\/www.visitamalfi.info\/es\/wp-json\/wp\/v2\/tribe_events\/23122\/revisions"}],"wp:featuredmedia":[{"embeddable":true,"href":"https:\/\/www.visitamalfi.info\/es\/wp-json\/wp\/v2\/media\/5155"}],"wp:attachment":[{"href":"https:\/\/www.visitamalfi.info\/es\/wp-json\/wp\/v2\/media?parent=23122"}],"wp:term":[{"taxonomy":"post_tag","embeddable":true,"href":"https:\/\/www.visitamalfi.info\/es\/wp-json\/wp\/v2\/tags?post=23122"},{"taxonomy":"tribe_events_cat","embeddable":true,"href":"https:\/\/www.visitamalfi.info\/es\/wp-json\/wp\/v2\/tribe_events_cat?post=23122"}],"curies":[{"name":"wp","href":"https:\/\/api.w.org\/{rel}","templated":true}]}}