{"id":23032,"date":"2025-10-11T21:48:36","date_gmt":"2025-10-11T19:48:36","guid":{"rendered":"https:\/\/www.visitamalfi.info\/evento\/fin-de-semana-de-la-sostenibilidad-medioambiental-y-social\/"},"modified":"2025-10-11T21:48:36","modified_gmt":"2025-10-11T19:48:36","slug":"fin-de-semana-de-la-sostenibilidad-medioambiental-y-social","status":"publish","type":"tribe_events","link":"https:\/\/www.visitamalfi.info\/es\/evento\/fin-de-semana-de-la-sostenibilidad-medioambiental-y-social\/","title":{"rendered":"Fin de Semana de la Sostenibilidad Medioambiental y Social"},"content":{"rendered":"<h3 data-start=\"3672\" data-end=\"3724\">Amalfi, \u00a1donde la belleza se une al respeto!<\/h3>\n<p data-start=\"3726\" data-end=\"3929\">El &#8220;Fin de Semana de la Sostenibilidad Medioambiental y Social&#8221; no es s\u00f3lo un evento, sino una experiencia que narra la verdadera esencia de Amalfi: <strong data-start=\"3836\" data-end=\"3926\">una comunidad que ama su tierra y su mar, y los defiende cada d\u00eda con pasi\u00f3n<\/strong>.<\/p>\n<p data-start=\"3931\" data-end=\"4135\">Participar significa respirar un aire diferente, el de un lugar que mira al futuro con gratitud y esperanza, donde el turismo se une al respeto y la belleza se convierte en una responsabilidad compartida.<\/p>\n<p data-start=\"4137\" data-end=\"4209\"><strong data-start=\"4140\" data-end=\"4168\">17, 18 y 19 de octubre de 2025 <\/strong><strong data-start=\"4174\" data-end=\"4207\">Amalfi<\/strong><\/p>\n<p data-start=\"4211\" data-end=\"4344\">Tres d\u00edas para descubrir que la sostenibilidad no es s\u00f3lo una palabra, sino una forma de vivir Amalfi.<br data-start=\"4307\" data-end=\"4310\">Ven y participa.<\/p>\n<p><strong>EL PROGRAMA:<\/strong><\/p>\n<p class=\"cvGsUA direction-ltr align-start para-style-body\"><span class=\"a_GcMg font-feature-liga-off font-feature-clig-off font-feature-calt-off text-decoration-none text-strikethrough-none\">D\u00cdA 1 &#8211; VIERNES 17 DE OCTUBRE DE 2025 &#8211; LIMPIEZA<\/span><\/p>\n<ul>\n<li><span class=\"a_GcMg font-feature-liga-off font-feature-clig-off font-feature-calt-off text-decoration-none text-strikethrough-none\">18:00 Inscripci\u00f3n y entrega de kits de limpieza, Plaza de la Br\u00fajula<\/span><\/li>\n<li><span class=\"a_GcMg font-feature-liga-off font-feature-clig-off font-feature-calt-off text-decoration-none text-strikethrough-none\">18:30 Inicio Limpieza del centro hist\u00f3rico de Amalfi<\/span><\/li>\n<li><span class=\"a_GcMg font-feature-liga-off font-feature-clig-off font-feature-calt-off text-decoration-none text-strikethrough-none\">20:00 Conclusi\u00f3n de las actividades, Plaza de la Br\u00fajula<\/span><\/li>\n<\/ul>\n<p class=\"cvGsUA direction-ltr align-start para-style-body\"><span class=\"a_GcMg font-feature-liga-off font-feature-clig-off font-feature-calt-off text-decoration-none text-strikethrough-none\">D\u00cdA 2 &#8211; S\u00c1BADO 18 DE OCTUBRE DE 2025 &#8211; EDUCACI\u00d3N Y ACTIVIDADES MEDIOAMBIENTALES<\/span><\/p>\n<ul>\n<li><span class=\"a_GcMg font-feature-liga-off font-feature-clig-off font-feature-calt-off text-decoration-none text-strikethrough-none\">10:00 &#8211; 11:00 Presentaci\u00f3n del proyecto: <\/span><span class=\"a_GcMg font-feature-liga-off font-feature-clig-off font-feature-calt-off text-decoration-none text-strikethrough-none\">&#8220;Gesti\u00f3n sostenible de la recogida de residuos<\/span><span class=\"a_GcMg font-feature-liga-off font-feature-clig-off font-feature-calt-off text-decoration-none text-strikethrough-none\">, Arsenal de la Rep\u00fablica<\/span><\/li>\n<li><span class=\"a_GcMg font-feature-liga-off font-feature-clig-off font-feature-calt-off text-decoration-none text-strikethrough-none\">11:00 &#8211; 11:30: Fondos Limpios con la Associazione Archeoclub, Puerto de Amalfi<\/span><\/li>\n<li><span class=\"a_GcMg font-feature-liga-off font-feature-clig-off font-feature-calt-off text-decoration-none text-strikethrough-none\">11:30 &#8211; 12:30 Limpieza con los alumnos del Instituto T\u00e9cnico de Turismo &#8220;Marini-Gioia&#8221;, playa de la zona portuaria<\/span><\/li>\n<li><span class=\"a_GcMg font-feature-liga-off font-feature-clig-off font-feature-calt-off text-decoration-none text-strikethrough-none\">12:30 &#8211; 13:00 Actividades de conclusi\u00f3n, Arsenal de la Rep\u00fablica<\/span><\/li>\n<\/ul>\n<p class=\"cvGsUA direction-ltr align-start para-style-body\"><span class=\"a_GcMg font-feature-liga-off font-feature-clig-off font-feature-calt-off text-decoration-none text-strikethrough-none\">D\u00cdA 3 &#8211; DOMINGO 19 DE OCTUBRE DE 2025 &#8211; FONDOS MARINOS LIMPIOS<\/span><\/p>\n<ul>\n<li><span class=\"a_GcMg font-feature-liga-off font-feature-clig-off font-feature-calt-off text-decoration-none text-strikethrough-none\">10:00 Fondos Limpios con la Federaci\u00f3n Italiana de Pesca Deportiva y Actividades Subacu\u00e1ticas, puerto de Berma<\/span><\/li>\n<li><span class=\"a_GcMg font-feature-liga-off font-feature-clig-off font-feature-calt-off text-decoration-none text-strikethrough-none\">13:00 Conclusi\u00f3n de las actividades, Puerto Berma<\/span><\/li>\n<\/ul>\n","protected":false},"excerpt":{"rendered":"<p>El &#8220;Fin de Semana de la Sostenibilidad Medioambiental y Social&#8221; no es s\u00f3lo un evento, sino una experiencia que narra la verdadera esencia de Amalfi: una comunidad que ama su tierra y su mar, y los defiende cada d\u00eda con pasi\u00f3n.<\/p>\n","protected":false},"author":7,"featured_media":23025,"template":"","meta":{"inline_featured_image":false,"_tribe_events_status":"","_tribe_events_status_reason":"","footnotes":""},"tags":[],"tribe_events_cat":[],"class_list":["post-23032","tribe_events","type-tribe_events","status-publish","has-post-thumbnail","hentry"],"yoast_head":"<!-- This site is optimized with the Yoast SEO plugin v27.3 - https:\/\/yoast.com\/product\/yoast-seo-wordpress\/ -->\n<title>Fin de Semana de la Sostenibilidad Medioambiental y Social - Visit Amalfi<\/title>\n<meta name=\"robots\" content=\"index, follow, max-snippet:-1, max-image-preview:large, max-video-preview:-1\" \/>\n<link rel=\"canonical\" href=\"https:\/\/www.visitamalfi.info\/es\/evento\/fin-de-semana-de-la-sostenibilidad-medioambiental-y-social\/\" \/>\n<meta property=\"og:locale\" content=\"es_ES\" \/>\n<meta property=\"og:type\" content=\"article\" \/>\n<meta property=\"og:title\" content=\"Fin de Semana de la Sostenibilidad Medioambiental y Social - Visit Amalfi\" \/>\n<meta property=\"og:description\" content=\"El &quot;Fin de Semana de la Sostenibilidad Medioambiental y Social&quot; no es s\u00f3lo un evento, sino una experiencia que narra la verdadera esencia de Amalfi: una comunidad que ama su tierra y su mar, y los defiende cada d\u00eda con pasi\u00f3n.\" \/>\n<meta property=\"og:url\" content=\"https:\/\/www.visitamalfi.info\/es\/evento\/fin-de-semana-de-la-sostenibilidad-medioambiental-y-social\/\" \/>\n<meta property=\"og:site_name\" content=\"Visit Amalfi\" \/>\n<meta property=\"article:publisher\" content=\"https:\/\/www.facebook.com\/visitamalfiofficial\" \/>\n<meta property=\"og:image\" content=\"https:\/\/www.visitamalfi.info\/wp-content\/uploads\/2025\/10\/weekend-sostenibilita-2025.jpg\" \/>\n\t<meta property=\"og:image:width\" content=\"940\" \/>\n\t<meta property=\"og:image:height\" content=\"788\" \/>\n\t<meta property=\"og:image:type\" content=\"image\/jpeg\" \/>\n<meta name=\"twitter:card\" content=\"summary_large_image\" \/>\n<meta name=\"twitter:label1\" content=\"Tiempo de lectura\" \/>\n\t<meta name=\"twitter:data1\" content=\"1 minuto\" \/>\n<script type=\"application\/ld+json\" class=\"yoast-schema-graph\">{\"@context\":\"https:\\\/\\\/schema.org\",\"@graph\":[{\"@type\":\"WebPage\",\"@id\":\"https:\\\/\\\/www.visitamalfi.info\\\/es\\\/evento\\\/fin-de-semana-de-la-sostenibilidad-medioambiental-y-social\\\/\",\"url\":\"https:\\\/\\\/www.visitamalfi.info\\\/es\\\/evento\\\/fin-de-semana-de-la-sostenibilidad-medioambiental-y-social\\\/\",\"name\":\"Fin de Semana de la Sostenibilidad Medioambiental y Social - Visit Amalfi\",\"isPartOf\":{\"@id\":\"https:\\\/\\\/www.visitamalfi.info\\\/es\\\/#website\"},\"primaryImageOfPage\":{\"@id\":\"https:\\\/\\\/www.visitamalfi.info\\\/es\\\/evento\\\/fin-de-semana-de-la-sostenibilidad-medioambiental-y-social\\\/#primaryimage\"},\"image\":{\"@id\":\"https:\\\/\\\/www.visitamalfi.info\\\/es\\\/evento\\\/fin-de-semana-de-la-sostenibilidad-medioambiental-y-social\\\/#primaryimage\"},\"thumbnailUrl\":\"https:\\\/\\\/www.visitamalfi.info\\\/wp-content\\\/uploads\\\/2025\\\/10\\\/weekend-sostenibilita-2025.jpg\",\"datePublished\":\"2025-10-11T19:48:36+00:00\",\"breadcrumb\":{\"@id\":\"https:\\\/\\\/www.visitamalfi.info\\\/es\\\/evento\\\/fin-de-semana-de-la-sostenibilidad-medioambiental-y-social\\\/#breadcrumb\"},\"inLanguage\":\"es\",\"potentialAction\":[{\"@type\":\"ReadAction\",\"target\":[\"https:\\\/\\\/www.visitamalfi.info\\\/es\\\/evento\\\/fin-de-semana-de-la-sostenibilidad-medioambiental-y-social\\\/\"]}]},{\"@type\":\"ImageObject\",\"inLanguage\":\"es\",\"@id\":\"https:\\\/\\\/www.visitamalfi.info\\\/es\\\/evento\\\/fin-de-semana-de-la-sostenibilidad-medioambiental-y-social\\\/#primaryimage\",\"url\":\"https:\\\/\\\/www.visitamalfi.info\\\/wp-content\\\/uploads\\\/2025\\\/10\\\/weekend-sostenibilita-2025.jpg\",\"contentUrl\":\"https:\\\/\\\/www.visitamalfi.info\\\/wp-content\\\/uploads\\\/2025\\\/10\\\/weekend-sostenibilita-2025.jpg\",\"width\":940,\"height\":788},{\"@type\":\"BreadcrumbList\",\"@id\":\"https:\\\/\\\/www.visitamalfi.info\\\/es\\\/evento\\\/fin-de-semana-de-la-sostenibilidad-medioambiental-y-social\\\/#breadcrumb\",\"itemListElement\":[{\"@type\":\"ListItem\",\"position\":1,\"name\":\"Home\",\"item\":\"https:\\\/\\\/www.visitamalfi.info\\\/es\\\/\"},{\"@type\":\"ListItem\",\"position\":2,\"name\":\"Eventos\",\"item\":\"https:\\\/\\\/www.visitamalfi.info\\\/es\\\/eventi\\\/\"},{\"@type\":\"ListItem\",\"position\":3,\"name\":\"Fin de Semana de la Sostenibilidad Medioambiental y Social\"}]},{\"@type\":\"WebSite\",\"@id\":\"https:\\\/\\\/www.visitamalfi.info\\\/es\\\/#website\",\"url\":\"https:\\\/\\\/www.visitamalfi.info\\\/es\\\/\",\"name\":\"Visit Amalfi\",\"description\":\"Amalfi Destination Official Website\",\"publisher\":{\"@id\":\"https:\\\/\\\/www.visitamalfi.info\\\/es\\\/#organization\"},\"potentialAction\":[{\"@type\":\"SearchAction\",\"target\":{\"@type\":\"EntryPoint\",\"urlTemplate\":\"https:\\\/\\\/www.visitamalfi.info\\\/es\\\/?s={search_term_string}\"},\"query-input\":{\"@type\":\"PropertyValueSpecification\",\"valueRequired\":true,\"valueName\":\"search_term_string\"}}],\"inLanguage\":\"es\"},{\"@type\":\"Organization\",\"@id\":\"https:\\\/\\\/www.visitamalfi.info\\\/es\\\/#organization\",\"name\":\"Visit Amalfi\",\"url\":\"https:\\\/\\\/www.visitamalfi.info\\\/es\\\/\",\"logo\":{\"@type\":\"ImageObject\",\"inLanguage\":\"es\",\"@id\":\"https:\\\/\\\/www.visitamalfi.info\\\/es\\\/#\\\/schema\\\/logo\\\/image\\\/\",\"url\":\"https:\\\/\\\/www.visitamalfi.info\\\/wp-content\\\/uploads\\\/2023\\\/04\\\/visit-amalfi-logo-web.png\",\"contentUrl\":\"https:\\\/\\\/www.visitamalfi.info\\\/wp-content\\\/uploads\\\/2023\\\/04\\\/visit-amalfi-logo-web.png\",\"width\":800,\"height\":870,\"caption\":\"Visit Amalfi\"},\"image\":{\"@id\":\"https:\\\/\\\/www.visitamalfi.info\\\/es\\\/#\\\/schema\\\/logo\\\/image\\\/\"},\"sameAs\":[\"https:\\\/\\\/www.facebook.com\\\/visitamalfiofficial\",\"https:\\\/\\\/www.instagram.com\\\/visitamalfiofficial\\\/\"]}]}<\/script>\n<!-- \/ Yoast SEO plugin. -->","yoast_head_json":{"title":"Fin de Semana de la Sostenibilidad Medioambiental y Social - Visit Amalfi","robots":{"index":"index","follow":"follow","max-snippet":"max-snippet:-1","max-image-preview":"max-image-preview:large","max-video-preview":"max-video-preview:-1"},"canonical":"https:\/\/www.visitamalfi.info\/es\/evento\/fin-de-semana-de-la-sostenibilidad-medioambiental-y-social\/","og_locale":"es_ES","og_type":"article","og_title":"Fin de Semana de la Sostenibilidad Medioambiental y Social - Visit Amalfi","og_description":"El \"Fin de Semana de la Sostenibilidad Medioambiental y Social\" no es s\u00f3lo un evento, sino una experiencia que narra la verdadera esencia de Amalfi: una comunidad que ama su tierra y su mar, y los defiende cada d\u00eda con pasi\u00f3n.","og_url":"https:\/\/www.visitamalfi.info\/es\/evento\/fin-de-semana-de-la-sostenibilidad-medioambiental-y-social\/","og_site_name":"Visit Amalfi","article_publisher":"https:\/\/www.facebook.com\/visitamalfiofficial","og_image":[{"width":940,"height":788,"url":"https:\/\/www.visitamalfi.info\/wp-content\/uploads\/2025\/10\/weekend-sostenibilita-2025.jpg","type":"image\/jpeg"}],"twitter_card":"summary_large_image","twitter_misc":{"Tiempo de lectura":"1 minuto"},"schema":{"@context":"https:\/\/schema.org","@graph":[{"@type":"WebPage","@id":"https:\/\/www.visitamalfi.info\/es\/evento\/fin-de-semana-de-la-sostenibilidad-medioambiental-y-social\/","url":"https:\/\/www.visitamalfi.info\/es\/evento\/fin-de-semana-de-la-sostenibilidad-medioambiental-y-social\/","name":"Fin de Semana de la Sostenibilidad Medioambiental y Social - Visit Amalfi","isPartOf":{"@id":"https:\/\/www.visitamalfi.info\/es\/#website"},"primaryImageOfPage":{"@id":"https:\/\/www.visitamalfi.info\/es\/evento\/fin-de-semana-de-la-sostenibilidad-medioambiental-y-social\/#primaryimage"},"image":{"@id":"https:\/\/www.visitamalfi.info\/es\/evento\/fin-de-semana-de-la-sostenibilidad-medioambiental-y-social\/#primaryimage"},"thumbnailUrl":"https:\/\/www.visitamalfi.info\/wp-content\/uploads\/2025\/10\/weekend-sostenibilita-2025.jpg","datePublished":"2025-10-11T19:48:36+00:00","breadcrumb":{"@id":"https:\/\/www.visitamalfi.info\/es\/evento\/fin-de-semana-de-la-sostenibilidad-medioambiental-y-social\/#breadcrumb"},"inLanguage":"es","potentialAction":[{"@type":"ReadAction","target":["https:\/\/www.visitamalfi.info\/es\/evento\/fin-de-semana-de-la-sostenibilidad-medioambiental-y-social\/"]}]},{"@type":"ImageObject","inLanguage":"es","@id":"https:\/\/www.visitamalfi.info\/es\/evento\/fin-de-semana-de-la-sostenibilidad-medioambiental-y-social\/#primaryimage","url":"https:\/\/www.visitamalfi.info\/wp-content\/uploads\/2025\/10\/weekend-sostenibilita-2025.jpg","contentUrl":"https:\/\/www.visitamalfi.info\/wp-content\/uploads\/2025\/10\/weekend-sostenibilita-2025.jpg","width":940,"height":788},{"@type":"BreadcrumbList","@id":"https:\/\/www.visitamalfi.info\/es\/evento\/fin-de-semana-de-la-sostenibilidad-medioambiental-y-social\/#breadcrumb","itemListElement":[{"@type":"ListItem","position":1,"name":"Home","item":"https:\/\/www.visitamalfi.info\/es\/"},{"@type":"ListItem","position":2,"name":"Eventos","item":"https:\/\/www.visitamalfi.info\/es\/eventi\/"},{"@type":"ListItem","position":3,"name":"Fin de Semana de la Sostenibilidad Medioambiental y Social"}]},{"@type":"WebSite","@id":"https:\/\/www.visitamalfi.info\/es\/#website","url":"https:\/\/www.visitamalfi.info\/es\/","name":"Visit Amalfi","description":"Amalfi Destination Official Website","publisher":{"@id":"https:\/\/www.visitamalfi.info\/es\/#organization"},"potentialAction":[{"@type":"SearchAction","target":{"@type":"EntryPoint","urlTemplate":"https:\/\/www.visitamalfi.info\/es\/?s={search_term_string}"},"query-input":{"@type":"PropertyValueSpecification","valueRequired":true,"valueName":"search_term_string"}}],"inLanguage":"es"},{"@type":"Organization","@id":"https:\/\/www.visitamalfi.info\/es\/#organization","name":"Visit Amalfi","url":"https:\/\/www.visitamalfi.info\/es\/","logo":{"@type":"ImageObject","inLanguage":"es","@id":"https:\/\/www.visitamalfi.info\/es\/#\/schema\/logo\/image\/","url":"https:\/\/www.visitamalfi.info\/wp-content\/uploads\/2023\/04\/visit-amalfi-logo-web.png","contentUrl":"https:\/\/www.visitamalfi.info\/wp-content\/uploads\/2023\/04\/visit-amalfi-logo-web.png","width":800,"height":870,"caption":"Visit Amalfi"},"image":{"@id":"https:\/\/www.visitamalfi.info\/es\/#\/schema\/logo\/image\/"},"sameAs":["https:\/\/www.facebook.com\/visitamalfiofficial","https:\/\/www.instagram.com\/visitamalfiofficial\/"]}]}},"_links":{"self":[{"href":"https:\/\/www.visitamalfi.info\/es\/wp-json\/wp\/v2\/tribe_events\/23032","targetHints":{"allow":["GET"]}}],"collection":[{"href":"https:\/\/www.visitamalfi.info\/es\/wp-json\/wp\/v2\/tribe_events"}],"about":[{"href":"https:\/\/www.visitamalfi.info\/es\/wp-json\/wp\/v2\/types\/tribe_events"}],"author":[{"embeddable":true,"href":"https:\/\/www.visitamalfi.info\/es\/wp-json\/wp\/v2\/users\/7"}],"version-history":[{"count":0,"href":"https:\/\/www.visitamalfi.info\/es\/wp-json\/wp\/v2\/tribe_events\/23032\/revisions"}],"wp:featuredmedia":[{"embeddable":true,"href":"https:\/\/www.visitamalfi.info\/es\/wp-json\/wp\/v2\/media\/23025"}],"wp:attachment":[{"href":"https:\/\/www.visitamalfi.info\/es\/wp-json\/wp\/v2\/media?parent=23032"}],"wp:term":[{"taxonomy":"post_tag","embeddable":true,"href":"https:\/\/www.visitamalfi.info\/es\/wp-json\/wp\/v2\/tags?post=23032"},{"taxonomy":"tribe_events_cat","embeddable":true,"href":"https:\/\/www.visitamalfi.info\/es\/wp-json\/wp\/v2\/tribe_events_cat?post=23032"}],"curies":[{"name":"wp","href":"https:\/\/api.w.org\/{rel}","templated":true}]}}