{"id":22479,"date":"2025-08-29T13:24:31","date_gmt":"2025-08-29T11:24:31","guid":{"rendered":"https:\/\/www.visitamalfi.info\/evento\/el-ano-nuevo-bizantino-2025-una-inmersion-en-la-historia-entre-el-esplendor-medieval-y-las-tradiciones-redescubiertas\/"},"modified":"2025-08-29T18:11:56","modified_gmt":"2025-08-29T16:11:56","slug":"el-ano-nuevo-bizantino-2025-una-inmersion-en-la-historia-entre-el-esplendor-medieval-y-las-tradiciones-redescubiertas","status":"publish","type":"tribe_events","link":"https:\/\/www.visitamalfi.info\/es\/evento\/el-ano-nuevo-bizantino-2025-una-inmersion-en-la-historia-entre-el-esplendor-medieval-y-las-tradiciones-redescubiertas\/","title":{"rendered":"El A\u00f1o Nuevo Bizantino 2025 &#8211; Una inmersi\u00f3n en la historia, entre el esplendor medieval y las tradiciones redescubiertas"},"content":{"rendered":"<h3 data-start=\"183\" data-end=\"221\">El A\u00f1o Nuevo Bizantino en Amalfi<\/h3>\n<p data-start=\"293\" data-end=\"534\">Cada a\u00f1o Amalfi celebra su glorioso pasado con el <strong><em data-start=\"382\" data-end=\"403\">A\u00f1o Nuevo Bizantino<\/em><\/strong>un acontecimiento muy esperado y querido.<\/p>\n<p data-start=\"293\" data-end=\"534\">La ciudad se transforma en un escenario hist\u00f3rico, con desfiles de trajes medievales, ceremonias solemnes y espect\u00e1culos que animan el coraz\u00f3n de Amalfi.<\/p>\n<p data-start=\"293\" data-end=\"534\">El momento central del acto es la solemne investidura del <em data-start=\"766\" data-end=\"798\">Magister de la Civilizaci\u00f3n Amalfitana<\/em>, un reconocimiento simb\u00f3lico que se otorga a personalidades que se han distinguido en la valorizaci\u00f3n del Mediterr\u00e1neo.<\/p>\n<p data-start=\"913\" data-end=\"1090\">El A\u00f1o Nuevo Bizantino es un viaje a trav\u00e9s de la cultura, la identidad y la memoria. Es Amalfi narr\u00e1ndose a s\u00ed misma, entre sus ra\u00edces bizantinas y el esp\u00edritu contempor\u00e1neo que la hace eterna.<\/p>\n<p data-start=\"913\" data-end=\"1090\">A continuaci\u00f3n encontrar\u00e1s <strong>el programa de actos<\/strong><\/p>\n<p><strong>Domingo 31 de agosto<\/strong><br \/>\n-h 19.00, Amalfi &#8211; Largo Duca Piccolomini<br \/>\nMesa redonda tem\u00e1tica del <em>Centro de Historia y Cultura Amalfitana<\/em><br \/>\n-h 20.00, Amalfi &#8211; Largo Duca Piccolomini<br \/>\nEntrevista con el <strong>Magister<\/strong><br \/>\n-h 22.00. Amalfi &#8211; Plaza del Duomo<br \/>\nConcierto <strong>de Mario Biondi<\/strong><\/p>\n<p><strong>Lunes 1 de septiembre<\/strong><br \/>\n-h 18.00, Amalfi &#8211; Salida desde Valle de Mulini<br \/>\nDesfile y Exhibici\u00f3n de las Abanderadas y M\u00fasicos de la Ciudad Real<br \/>\n-h 18.30, Amalfi &#8211; Piazza Duomo<br \/>\nDesfile <strong>hist\u00f3rico<\/strong><br \/>\n-h 19.30, Atrani &#8211; Iglesia de San Salvatore del Birecto<br \/>\nCeremonia de <strong>Inducci\u00f3n de Magister<\/strong><br \/>\n-h 21.00, Amalfi &#8211; Piazza Duomo<br \/>\nPresentaci\u00f3n del <strong>Magister a la Ciudadan\u00eda<\/strong><br \/>\n-h 21.30, Amalfi &#8211; Piazza Municipio<br \/>\nActuaci\u00f3n de los Pistonieri di Santa Maria del Rovo.<br \/>\nEl hist\u00f3rico grupo de Trombonieri de Cava de&#8217; Tirreni desfilar\u00e1 desde la Piazza Duomo hasta la Piazza Municipio, donde celebrar\u00e1 su espect\u00e1culo.<\/p>\n<p><strong>Martes 2 de septiembre<\/strong><br \/>\n-h 20.00, Amalfi &#8211; Piazza Municipio<br \/>\nVelada medieval y actuaci\u00f3n de los cetreros de Irno<\/p>\n<h3 class=\" text-justify font-sans-serif title_editor\"><strong>ALTERACIONES DEL TR\u00c1FICO, INFORMACI\u00d3N SOBRE MOVILIDAD Y APARCAMIENTO<\/strong><\/h3>\n<p class=\" text-justify\">El <strong>1 de septiembre de 2025<\/strong>, habr\u00e1 restricciones de tr\u00e1fico para permitir que se celebre el evento, la procesi\u00f3n hist\u00f3rica y los actos posteriores.<\/p>\n<p class=\" text-justify\">Est\u00e1 previsto el <strong>cierre temporal al tr\u00e1fico de la carretera estatal SS163<\/strong> entre Amalfi y Atrani<\/p>\n<p class=\" text-justify\">&#8211; <strong>de 18:15 a 19:15<\/strong><\/p>\n<p class=\" text-justify\">&#8211; <strong>de 20:00 a 21:00<\/strong><\/p>\n<p class=\" text-justify\">&#8211; <strong>de 21.30 a 22.00 h.<\/strong><\/p>\n<p class=\" text-justify\">El <strong>centro hist\u00f3rico de Amalfi estar\u00e1 cerrado al tr\u00e1fico<\/strong>:<\/p>\n<p class=\" text-justify\">&#8211; <strong>de 18:00 a 19:00<\/strong><\/p>\n<p class=\" text-justify\">&#8211; <strong>de 20:00 a 22:00<\/strong><\/p>\n","protected":false},"excerpt":{"rendered":"<p>Cada a\u00f1o, Amalfi celebra su glorioso pasado con el A\u00f1o Nuevo Bizantino: un acontecimiento muy esperado y querido.<\/p>\n<p>La ciudad se transforma en un escenario hist\u00f3rico, con desfiles de trajes medievales, ceremonias solemnes y espect\u00e1culos que animan el coraz\u00f3n de Amalfi.<\/p>\n","protected":false},"author":7,"featured_media":10546,"template":"","meta":{"inline_featured_image":false,"_tribe_events_status":"","_tribe_events_status_reason":"","footnotes":""},"tags":[],"tribe_events_cat":[718,371,719,572],"class_list":["post-22479","tribe_events","type-tribe_events","status-publish","has-post-thumbnail","hentry","tribe_events_cat-acontecimiento-historico","tribe_events_cat-musica-dal-vivo-es","tribe_events_cat-recreacion-historica","tribe_events_cat-tradicion","cat_acontecimiento-historico","cat_musica-dal-vivo-es","cat_recreacion-historica","cat_tradicion"],"yoast_head":"<!-- This site is optimized with the Yoast SEO plugin v27.3 - https:\/\/yoast.com\/product\/yoast-seo-wordpress\/ -->\n<title>El A\u00f1o Nuevo Bizantino 2025 - Una inmersi\u00f3n en la historia, entre el esplendor medieval y las tradiciones redescubiertas - Visit Amalfi<\/title>\n<meta name=\"robots\" content=\"index, follow, max-snippet:-1, max-image-preview:large, max-video-preview:-1\" \/>\n<link rel=\"canonical\" href=\"https:\/\/www.visitamalfi.info\/es\/evento\/el-ano-nuevo-bizantino-2025-una-inmersion-en-la-historia-entre-el-esplendor-medieval-y-las-tradiciones-redescubiertas\/\" \/>\n<meta property=\"og:locale\" content=\"es_ES\" \/>\n<meta property=\"og:type\" content=\"article\" \/>\n<meta property=\"og:title\" content=\"El A\u00f1o Nuevo Bizantino 2025 - Una inmersi\u00f3n en la historia, entre el esplendor medieval y las tradiciones redescubiertas - Visit Amalfi\" \/>\n<meta property=\"og:description\" content=\"Cada a\u00f1o, Amalfi celebra su glorioso pasado con el A\u00f1o Nuevo Bizantino: un acontecimiento muy esperado y querido. La ciudad se transforma en un escenario hist\u00f3rico, con desfiles de trajes medievales, ceremonias solemnes y espect\u00e1culos que animan el coraz\u00f3n de Amalfi.\" \/>\n<meta property=\"og:url\" content=\"https:\/\/www.visitamalfi.info\/es\/evento\/el-ano-nuevo-bizantino-2025-una-inmersion-en-la-historia-entre-el-esplendor-medieval-y-las-tradiciones-redescubiertas\/\" \/>\n<meta property=\"og:site_name\" content=\"Visit Amalfi\" \/>\n<meta property=\"article:publisher\" content=\"https:\/\/www.facebook.com\/visitamalfiofficial\" \/>\n<meta property=\"article:modified_time\" content=\"2025-08-29T16:11:56+00:00\" \/>\n<meta property=\"og:image\" content=\"https:\/\/www.visitamalfi.info\/wp-content\/uploads\/2023\/08\/1.jpeg\" \/>\n\t<meta property=\"og:image:width\" content=\"1600\" \/>\n\t<meta property=\"og:image:height\" content=\"1064\" \/>\n\t<meta property=\"og:image:type\" content=\"image\/jpeg\" \/>\n<meta name=\"twitter:card\" content=\"summary_large_image\" \/>\n<meta name=\"twitter:label1\" content=\"Tiempo de lectura\" \/>\n\t<meta name=\"twitter:data1\" content=\"2 minutos\" \/>\n<script type=\"application\/ld+json\" class=\"yoast-schema-graph\">{\"@context\":\"https:\\\/\\\/schema.org\",\"@graph\":[{\"@type\":\"WebPage\",\"@id\":\"https:\\\/\\\/www.visitamalfi.info\\\/es\\\/evento\\\/el-ano-nuevo-bizantino-2025-una-inmersion-en-la-historia-entre-el-esplendor-medieval-y-las-tradiciones-redescubiertas\\\/\",\"url\":\"https:\\\/\\\/www.visitamalfi.info\\\/es\\\/evento\\\/el-ano-nuevo-bizantino-2025-una-inmersion-en-la-historia-entre-el-esplendor-medieval-y-las-tradiciones-redescubiertas\\\/\",\"name\":\"El A\u00f1o Nuevo Bizantino 2025 - Una inmersi\u00f3n en la historia, entre el esplendor medieval y las tradiciones redescubiertas - Visit Amalfi\",\"isPartOf\":{\"@id\":\"https:\\\/\\\/www.visitamalfi.info\\\/es\\\/#website\"},\"primaryImageOfPage\":{\"@id\":\"https:\\\/\\\/www.visitamalfi.info\\\/es\\\/evento\\\/el-ano-nuevo-bizantino-2025-una-inmersion-en-la-historia-entre-el-esplendor-medieval-y-las-tradiciones-redescubiertas\\\/#primaryimage\"},\"image\":{\"@id\":\"https:\\\/\\\/www.visitamalfi.info\\\/es\\\/evento\\\/el-ano-nuevo-bizantino-2025-una-inmersion-en-la-historia-entre-el-esplendor-medieval-y-las-tradiciones-redescubiertas\\\/#primaryimage\"},\"thumbnailUrl\":\"https:\\\/\\\/www.visitamalfi.info\\\/wp-content\\\/uploads\\\/2023\\\/08\\\/1.jpeg\",\"datePublished\":\"2025-08-29T11:24:31+00:00\",\"dateModified\":\"2025-08-29T16:11:56+00:00\",\"breadcrumb\":{\"@id\":\"https:\\\/\\\/www.visitamalfi.info\\\/es\\\/evento\\\/el-ano-nuevo-bizantino-2025-una-inmersion-en-la-historia-entre-el-esplendor-medieval-y-las-tradiciones-redescubiertas\\\/#breadcrumb\"},\"inLanguage\":\"es\",\"potentialAction\":[{\"@type\":\"ReadAction\",\"target\":[\"https:\\\/\\\/www.visitamalfi.info\\\/es\\\/evento\\\/el-ano-nuevo-bizantino-2025-una-inmersion-en-la-historia-entre-el-esplendor-medieval-y-las-tradiciones-redescubiertas\\\/\"]}]},{\"@type\":\"ImageObject\",\"inLanguage\":\"es\",\"@id\":\"https:\\\/\\\/www.visitamalfi.info\\\/es\\\/evento\\\/el-ano-nuevo-bizantino-2025-una-inmersion-en-la-historia-entre-el-esplendor-medieval-y-las-tradiciones-redescubiertas\\\/#primaryimage\",\"url\":\"https:\\\/\\\/www.visitamalfi.info\\\/wp-content\\\/uploads\\\/2023\\\/08\\\/1.jpeg\",\"contentUrl\":\"https:\\\/\\\/www.visitamalfi.info\\\/wp-content\\\/uploads\\\/2023\\\/08\\\/1.jpeg\",\"width\":1600,\"height\":1064},{\"@type\":\"BreadcrumbList\",\"@id\":\"https:\\\/\\\/www.visitamalfi.info\\\/es\\\/evento\\\/el-ano-nuevo-bizantino-2025-una-inmersion-en-la-historia-entre-el-esplendor-medieval-y-las-tradiciones-redescubiertas\\\/#breadcrumb\",\"itemListElement\":[{\"@type\":\"ListItem\",\"position\":1,\"name\":\"Home\",\"item\":\"https:\\\/\\\/www.visitamalfi.info\\\/es\\\/\"},{\"@type\":\"ListItem\",\"position\":2,\"name\":\"Eventos\",\"item\":\"https:\\\/\\\/www.visitamalfi.info\\\/es\\\/eventi\\\/\"},{\"@type\":\"ListItem\",\"position\":3,\"name\":\"El A\u00f1o Nuevo Bizantino 2025 &#8211; Una inmersi\u00f3n en la historia, entre el esplendor medieval y las tradiciones redescubiertas\"}]},{\"@type\":\"WebSite\",\"@id\":\"https:\\\/\\\/www.visitamalfi.info\\\/es\\\/#website\",\"url\":\"https:\\\/\\\/www.visitamalfi.info\\\/es\\\/\",\"name\":\"Visit Amalfi\",\"description\":\"Amalfi Destination Official Website\",\"publisher\":{\"@id\":\"https:\\\/\\\/www.visitamalfi.info\\\/es\\\/#organization\"},\"potentialAction\":[{\"@type\":\"SearchAction\",\"target\":{\"@type\":\"EntryPoint\",\"urlTemplate\":\"https:\\\/\\\/www.visitamalfi.info\\\/es\\\/?s={search_term_string}\"},\"query-input\":{\"@type\":\"PropertyValueSpecification\",\"valueRequired\":true,\"valueName\":\"search_term_string\"}}],\"inLanguage\":\"es\"},{\"@type\":\"Organization\",\"@id\":\"https:\\\/\\\/www.visitamalfi.info\\\/es\\\/#organization\",\"name\":\"Visit Amalfi\",\"url\":\"https:\\\/\\\/www.visitamalfi.info\\\/es\\\/\",\"logo\":{\"@type\":\"ImageObject\",\"inLanguage\":\"es\",\"@id\":\"https:\\\/\\\/www.visitamalfi.info\\\/es\\\/#\\\/schema\\\/logo\\\/image\\\/\",\"url\":\"https:\\\/\\\/www.visitamalfi.info\\\/wp-content\\\/uploads\\\/2023\\\/04\\\/visit-amalfi-logo-web.png\",\"contentUrl\":\"https:\\\/\\\/www.visitamalfi.info\\\/wp-content\\\/uploads\\\/2023\\\/04\\\/visit-amalfi-logo-web.png\",\"width\":800,\"height\":870,\"caption\":\"Visit Amalfi\"},\"image\":{\"@id\":\"https:\\\/\\\/www.visitamalfi.info\\\/es\\\/#\\\/schema\\\/logo\\\/image\\\/\"},\"sameAs\":[\"https:\\\/\\\/www.facebook.com\\\/visitamalfiofficial\",\"https:\\\/\\\/www.instagram.com\\\/visitamalfiofficial\\\/\"]}]}<\/script>\n<!-- \/ Yoast SEO plugin. -->","yoast_head_json":{"title":"El A\u00f1o Nuevo Bizantino 2025 - Una inmersi\u00f3n en la historia, entre el esplendor medieval y las tradiciones redescubiertas - Visit Amalfi","robots":{"index":"index","follow":"follow","max-snippet":"max-snippet:-1","max-image-preview":"max-image-preview:large","max-video-preview":"max-video-preview:-1"},"canonical":"https:\/\/www.visitamalfi.info\/es\/evento\/el-ano-nuevo-bizantino-2025-una-inmersion-en-la-historia-entre-el-esplendor-medieval-y-las-tradiciones-redescubiertas\/","og_locale":"es_ES","og_type":"article","og_title":"El A\u00f1o Nuevo Bizantino 2025 - Una inmersi\u00f3n en la historia, entre el esplendor medieval y las tradiciones redescubiertas - Visit Amalfi","og_description":"Cada a\u00f1o, Amalfi celebra su glorioso pasado con el A\u00f1o Nuevo Bizantino: un acontecimiento muy esperado y querido. La ciudad se transforma en un escenario hist\u00f3rico, con desfiles de trajes medievales, ceremonias solemnes y espect\u00e1culos que animan el coraz\u00f3n de Amalfi.","og_url":"https:\/\/www.visitamalfi.info\/es\/evento\/el-ano-nuevo-bizantino-2025-una-inmersion-en-la-historia-entre-el-esplendor-medieval-y-las-tradiciones-redescubiertas\/","og_site_name":"Visit Amalfi","article_publisher":"https:\/\/www.facebook.com\/visitamalfiofficial","article_modified_time":"2025-08-29T16:11:56+00:00","og_image":[{"width":1600,"height":1064,"url":"https:\/\/www.visitamalfi.info\/wp-content\/uploads\/2023\/08\/1.jpeg","type":"image\/jpeg"}],"twitter_card":"summary_large_image","twitter_misc":{"Tiempo de lectura":"2 minutos"},"schema":{"@context":"https:\/\/schema.org","@graph":[{"@type":"WebPage","@id":"https:\/\/www.visitamalfi.info\/es\/evento\/el-ano-nuevo-bizantino-2025-una-inmersion-en-la-historia-entre-el-esplendor-medieval-y-las-tradiciones-redescubiertas\/","url":"https:\/\/www.visitamalfi.info\/es\/evento\/el-ano-nuevo-bizantino-2025-una-inmersion-en-la-historia-entre-el-esplendor-medieval-y-las-tradiciones-redescubiertas\/","name":"El A\u00f1o Nuevo Bizantino 2025 - Una inmersi\u00f3n en la historia, entre el esplendor medieval y las tradiciones redescubiertas - Visit Amalfi","isPartOf":{"@id":"https:\/\/www.visitamalfi.info\/es\/#website"},"primaryImageOfPage":{"@id":"https:\/\/www.visitamalfi.info\/es\/evento\/el-ano-nuevo-bizantino-2025-una-inmersion-en-la-historia-entre-el-esplendor-medieval-y-las-tradiciones-redescubiertas\/#primaryimage"},"image":{"@id":"https:\/\/www.visitamalfi.info\/es\/evento\/el-ano-nuevo-bizantino-2025-una-inmersion-en-la-historia-entre-el-esplendor-medieval-y-las-tradiciones-redescubiertas\/#primaryimage"},"thumbnailUrl":"https:\/\/www.visitamalfi.info\/wp-content\/uploads\/2023\/08\/1.jpeg","datePublished":"2025-08-29T11:24:31+00:00","dateModified":"2025-08-29T16:11:56+00:00","breadcrumb":{"@id":"https:\/\/www.visitamalfi.info\/es\/evento\/el-ano-nuevo-bizantino-2025-una-inmersion-en-la-historia-entre-el-esplendor-medieval-y-las-tradiciones-redescubiertas\/#breadcrumb"},"inLanguage":"es","potentialAction":[{"@type":"ReadAction","target":["https:\/\/www.visitamalfi.info\/es\/evento\/el-ano-nuevo-bizantino-2025-una-inmersion-en-la-historia-entre-el-esplendor-medieval-y-las-tradiciones-redescubiertas\/"]}]},{"@type":"ImageObject","inLanguage":"es","@id":"https:\/\/www.visitamalfi.info\/es\/evento\/el-ano-nuevo-bizantino-2025-una-inmersion-en-la-historia-entre-el-esplendor-medieval-y-las-tradiciones-redescubiertas\/#primaryimage","url":"https:\/\/www.visitamalfi.info\/wp-content\/uploads\/2023\/08\/1.jpeg","contentUrl":"https:\/\/www.visitamalfi.info\/wp-content\/uploads\/2023\/08\/1.jpeg","width":1600,"height":1064},{"@type":"BreadcrumbList","@id":"https:\/\/www.visitamalfi.info\/es\/evento\/el-ano-nuevo-bizantino-2025-una-inmersion-en-la-historia-entre-el-esplendor-medieval-y-las-tradiciones-redescubiertas\/#breadcrumb","itemListElement":[{"@type":"ListItem","position":1,"name":"Home","item":"https:\/\/www.visitamalfi.info\/es\/"},{"@type":"ListItem","position":2,"name":"Eventos","item":"https:\/\/www.visitamalfi.info\/es\/eventi\/"},{"@type":"ListItem","position":3,"name":"El A\u00f1o Nuevo Bizantino 2025 &#8211; Una inmersi\u00f3n en la historia, entre el esplendor medieval y las tradiciones redescubiertas"}]},{"@type":"WebSite","@id":"https:\/\/www.visitamalfi.info\/es\/#website","url":"https:\/\/www.visitamalfi.info\/es\/","name":"Visit Amalfi","description":"Amalfi Destination Official Website","publisher":{"@id":"https:\/\/www.visitamalfi.info\/es\/#organization"},"potentialAction":[{"@type":"SearchAction","target":{"@type":"EntryPoint","urlTemplate":"https:\/\/www.visitamalfi.info\/es\/?s={search_term_string}"},"query-input":{"@type":"PropertyValueSpecification","valueRequired":true,"valueName":"search_term_string"}}],"inLanguage":"es"},{"@type":"Organization","@id":"https:\/\/www.visitamalfi.info\/es\/#organization","name":"Visit Amalfi","url":"https:\/\/www.visitamalfi.info\/es\/","logo":{"@type":"ImageObject","inLanguage":"es","@id":"https:\/\/www.visitamalfi.info\/es\/#\/schema\/logo\/image\/","url":"https:\/\/www.visitamalfi.info\/wp-content\/uploads\/2023\/04\/visit-amalfi-logo-web.png","contentUrl":"https:\/\/www.visitamalfi.info\/wp-content\/uploads\/2023\/04\/visit-amalfi-logo-web.png","width":800,"height":870,"caption":"Visit Amalfi"},"image":{"@id":"https:\/\/www.visitamalfi.info\/es\/#\/schema\/logo\/image\/"},"sameAs":["https:\/\/www.facebook.com\/visitamalfiofficial","https:\/\/www.instagram.com\/visitamalfiofficial\/"]}]}},"_links":{"self":[{"href":"https:\/\/www.visitamalfi.info\/es\/wp-json\/wp\/v2\/tribe_events\/22479","targetHints":{"allow":["GET"]}}],"collection":[{"href":"https:\/\/www.visitamalfi.info\/es\/wp-json\/wp\/v2\/tribe_events"}],"about":[{"href":"https:\/\/www.visitamalfi.info\/es\/wp-json\/wp\/v2\/types\/tribe_events"}],"author":[{"embeddable":true,"href":"https:\/\/www.visitamalfi.info\/es\/wp-json\/wp\/v2\/users\/7"}],"version-history":[{"count":1,"href":"https:\/\/www.visitamalfi.info\/es\/wp-json\/wp\/v2\/tribe_events\/22479\/revisions"}],"predecessor-version":[{"id":22517,"href":"https:\/\/www.visitamalfi.info\/es\/wp-json\/wp\/v2\/tribe_events\/22479\/revisions\/22517"}],"wp:featuredmedia":[{"embeddable":true,"href":"https:\/\/www.visitamalfi.info\/es\/wp-json\/wp\/v2\/media\/10546"}],"wp:attachment":[{"href":"https:\/\/www.visitamalfi.info\/es\/wp-json\/wp\/v2\/media?parent=22479"}],"wp:term":[{"taxonomy":"post_tag","embeddable":true,"href":"https:\/\/www.visitamalfi.info\/es\/wp-json\/wp\/v2\/tags?post=22479"},{"taxonomy":"tribe_events_cat","embeddable":true,"href":"https:\/\/www.visitamalfi.info\/es\/wp-json\/wp\/v2\/tribe_events_cat?post=22479"}],"curies":[{"name":"wp","href":"https:\/\/api.w.org\/{rel}","templated":true}]}}