{"id":21913,"date":"2025-06-19T09:49:07","date_gmt":"2025-06-19T07:49:07","guid":{"rendered":"https:\/\/www.visitamalfi.info\/evento\/san-andres-en-amalfi-un-acontecimiento-siempre-esperado-y-querido\/"},"modified":"2025-06-23T15:58:05","modified_gmt":"2025-06-23T13:58:05","slug":"san-andres-en-amalfi-un-acontecimiento-siempre-esperado-y-querido","status":"publish","type":"tribe_events","link":"https:\/\/www.visitamalfi.info\/es\/evento\/san-andres-en-amalfi-un-acontecimiento-siempre-esperado-y-querido\/","title":{"rendered":"San Andr\u00e9s en Amalfi: un acontecimiento siempre esperado y querido"},"content":{"rendered":"<p data-start=\"243\" data-end=\"459\">El 27 de junio, Amalfi se viste de gala para celebrar <strong>San Andr\u00e9s<\/strong>, su patr\u00f3n. Un acontecimiento esperado y sentido por toda la comunidad, que combina espiritualidad, tradici\u00f3n y espect\u00e1culo en un marco \u00fanico.<\/p>\n<p data-start=\"461\" data-end=\"915\">Las solemnes <strong>celebraciones<\/strong> religiosas en la catedral, cofre de fe y arte que guarda las reliquias del Ap\u00f3stol, la evocadora <strong>procesi\u00f3n<\/strong> por las calles del casco antiguo hasta llegar al paseo mar\u00edtimo: uno de los momentos m\u00e1s emocionantes, la famosa<strong>\u201ccarrera\u201d<\/strong>, que concluye el rito subiendo la estatua de San Andr\u00e9s por la escalinata monumental de la catedral, entre aplausos y emoci\u00f3n.<\/p>\n<p data-start=\"917\" data-end=\"1241\">Y, por supuesto, m\u00fasica y fuegos artificiales iluminando el cielo y el mar, proporcionando a ciudadanos y visitantes una experiencia inolvidable.<\/p>\n<p data-start=\"917\" data-end=\"1241\">Participar en la Fiesta de San Andr\u00e9s significa sumergirse en el aut\u00e9ntico coraz\u00f3n de Amalfi, donde fe, historia y comunidad se encuentran y renuevan cada a\u00f1o.<\/p>\n<p><strong>EL PROGRAMA:<\/strong><\/p>\n<p class=\"p1\">LUNES 23 &#8211; MARTES 24 DE JUNIO<\/p>\n<ul>\n<li class=\"p1\">Cripta de San Andr\u00e9s 19 h Santa Misa y Coronela<\/li>\n<\/ul>\n<p class=\"p1\">MI\u00c9RCOLES 25 DE JUNIO<\/p>\n<ul>\n<li class=\"p1\">Catedral Bas\u00edlica 19.00 h Santa Misa Pontifical celebrada por S.E. Mons. ORAZIO SORICELLI, Arzobispo de Amalfi &#8211; Cava de&#8217; Tirreni, con el rito de la Ordenaci\u00f3n Diaconal del Ac\u00f3lito Nicola Sarno.<\/li>\n<\/ul>\n<p class=\"p1\">JUEVES 26 DE JUNIO &#8211; V\u00edspera de fiesta desde Via delle Cartiere<\/p>\n<ul>\n<li class=\"p1\">8.30 h Recorrido del concierto de la banda por las calles de la ciudad Catedral Bas\u00edlica<\/li>\n<li class=\"p1\">10 h Exposici\u00f3n de la estatua de San Andr\u00e9s y Santa Misa Bas\u00edlica Plaza de la Catedral<\/li>\n<li class=\"p1\">21.30 h Actuaci\u00f3n del grupo &#8220;Caffeina<\/li>\n<\/ul>\n<p class=\"p1\">VIERNES 27 DE JUNIO<\/p>\n<ul>\n<li class=\"p1\">Fiesta del Patronato de la Catedral Bas\u00edlica de San Andr\u00e9s<\/li>\n<li class=\"p1\">7 &#8211; 8 &#8211; 9 &#8211; 18.30 Santas Misas de Via delle Cartiere<\/li>\n<li class=\"p1\">8.30 h Recorrido del concierto de la banda por las calles de la ciudad Catedral Bas\u00edlica<\/li>\n<li class=\"p1\">10.30 a.m. Misa Pontifical celebrada por S.E. Mons. ORAZIO SORICELLI, animada por la Schola Cantorum \u201cCantate Domino &#8211; Aloysiana\u201d Piazza Spirito Santo<\/li>\n<li class=\"p1\">10.30 h Matin\u00e9 del concierto de la banda<\/li>\n<li class=\"p1\">12 h Toque festivo de las campanas de todas las iglesias de la ciudad desde la Plaza del Esp\u00edritu Santo 18 h Recorrido del concierto de la banda por las calles de la ciudad desde la Bas\u00edlica Catedral 20 h Procesi\u00f3n por el recorrido tradicional<\/li>\n<li class=\"p1\">23.30 Espect\u00e1culo pirot\u00e9cnico<\/li>\n<\/ul>\n<p class=\"p1\">DOMINGO 29 DE JUNIO<\/p>\n<ul>\n<li class=\"p1\">Solemnidad de los Santos Pedro y Pablo Ap\u00f3stoles Catedral Bas\u00edlica 19.00 h Segundas V\u00edsperas<\/li>\n<li class=\"p1\">19.30 h Santa Misa y reposici\u00f3n de la estatua venerada<\/li>\n<\/ul>\n<p class=\"p1\">LUNES 30 DE JUNIO<\/p>\n<ul>\n<li class=\"p1\">Catedral Bas\u00edlica 19 h Misa Pontifical celebrada por S.E. Mons. ORAZIO SORICELLI en el XXV Aniversario de su Ordenaci\u00f3n Episcopal<\/li>\n<\/ul>\n<p>&nbsp;<\/p>\n<div class=\"page\" title=\"P\u00e1gina 1\">\n<div class=\"section\">\n<div class=\"layoutArea\">\n<div class=\"column\">\n<p>A fin de garantizar una realizaci\u00f3n pac\u00edfica y ordenada del acto religioso, <strong>se ordena lo siguiente<\/strong>:<\/p>\n<\/div>\n<\/div>\n<\/div>\n<\/div>\n<div class=\"page\" title=\"Page 2\">\n<div class=\"section\">\n<div class=\"layoutArea\">\n<div class=\"column\">\n<ul>\n<li>el 27 de junio de 2025, se proh\u00edbe el tr\u00e1nsito desde Via Mansone I\u00b0 hasta Via delle Cartiere (cruce con Via Grade Lunghe) de las 19.00 a las 22.00 horas y, en cualquier caso, exclusivamente durante el tiempo estrictamente necesario para la procesi\u00f3n religiosa prevista, excepto para los veh\u00edculos de emergencia y las fuerzas del orden;<\/li>\n<li>el 26 de junio de 2025, se proh\u00edbe el tr\u00e1nsito de Via Mansone I\u00b0 a Via Cardinale Marino del Giudice desde las 21.00 horas hasta las 24.00 horas, y en cualquier caso exclusivamente durante el tiempo estrictamente necesario para la realizaci\u00f3n del evento programado, excepto para los veh\u00edculos de emergencia y las fuerzas de polic\u00eda;<\/li>\n<li>el 27 de junio de 2025, se proh\u00edbe el tr\u00e1nsito y el estacionamiento de veh\u00edculos y peatones en el Muelle de D\u00e1rsena de 06.00 a 02.00 horas y, en cualquier caso, hasta que finalicen las operaciones de limpieza por parte de la empresa autorizada a disparar fuegos artificiales;<\/li>\n<li>el 27 de junio de 2025, se proh\u00edbe el estacionamiento de veh\u00edculos y peatones en la explanada de la D\u00e1rsena desde las 19.00 h hasta las 2.00 h y, en cualquier caso, hasta que finalicen las operaciones de limpieza de la empresa autorizada a disparar fuegos artificiales;<\/li>\n<li>el 27 de junio de 2025, se proh\u00edbe el estacionamiento de veh\u00edculos y peatones en la Piazza Flavio Gioia I\u00b0 desde las 19.00 h. hasta las 2.00 h. y, en cualquier caso, hasta que finalicen las operaciones de limpieza de la empresa autorizada a disparar fuegos artificiales;<\/li>\n<li>las concesiones de los locales p\u00fablicos denominados Bar Francese, Bistrot Pansa, Porto Salvo, as\u00ed como las de las actividades comerciales presentes en las inmediaciones del Supportico Marina Piccola, quedan totalmente suspendidas, y el espacio concesionado debe quedar completamente vac\u00edo, el 27 de junio de 2025 de 18.00 a 22.00 horas, y en cualquier caso hasta el final del desfile procesional;<\/li>\n<li>el 27 de junio de 2025, durante el paso del cortejo procesional, queda prohibido servir cualquier forma de comida y\/o bebida (incluida la comida para llevar) en la v\u00eda p\u00fablica afectada por el acto.<\/li>\n<\/ul>\n<\/div>\n<\/div>\n<div class=\"layoutArea\">\n<div class=\"column\">\n<p>La Polic\u00eda Municipal se reserva el derecho de permitir el paso de veh\u00edculos durante el periodo de cierre del tr\u00e1fico rodado en las pausas del programa musical, en funci\u00f3n de las necesidades del servicio.<\/p>\n<\/div>\n<\/div>\n<\/div>\n<\/div>\n","protected":false},"excerpt":{"rendered":"<p>El 27 de junio, Amalfi se viste de gala para celebrar San Andr\u00e9s, su patr\u00f3n. Un acontecimiento esperado y sentido por toda la comunidad, que combina espiritualidad, tradici\u00f3n y espect\u00e1culo [&hellip;]<\/p>\n","protected":false},"author":7,"featured_media":21840,"template":"","meta":{"inline_featured_image":false,"_tribe_events_status":"","_tribe_events_status_reason":"","footnotes":""},"tags":[],"tribe_events_cat":[718,619,661,572],"class_list":["post-21913","tribe_events","type-tribe_events","status-publish","has-post-thumbnail","hentry","tribe_events_cat-acontecimiento-historico","tribe_events_cat-cultura-es","tribe_events_cat-musica-es","tribe_events_cat-tradicion","cat_acontecimiento-historico","cat_cultura-es","cat_musica-es","cat_tradicion"],"yoast_head":"<!-- This site is optimized with the Yoast SEO plugin v27.3 - https:\/\/yoast.com\/product\/yoast-seo-wordpress\/ -->\n<title>San Andr\u00e9s en Amalfi: un acontecimiento siempre esperado y querido - Visit Amalfi<\/title>\n<meta name=\"robots\" content=\"index, follow, max-snippet:-1, max-image-preview:large, max-video-preview:-1\" \/>\n<link rel=\"canonical\" href=\"https:\/\/www.visitamalfi.info\/es\/evento\/san-andres-en-amalfi-un-acontecimiento-siempre-esperado-y-querido\/\" \/>\n<meta property=\"og:locale\" content=\"es_ES\" \/>\n<meta property=\"og:type\" content=\"article\" \/>\n<meta property=\"og:title\" content=\"San Andr\u00e9s en Amalfi: un acontecimiento siempre esperado y querido - Visit Amalfi\" \/>\n<meta property=\"og:description\" content=\"El 27 de junio, Amalfi se viste de gala para celebrar San Andr\u00e9s, su patr\u00f3n. Un acontecimiento esperado y sentido por toda la comunidad, que combina espiritualidad, tradici\u00f3n y espect\u00e1culo [&hellip;]\" \/>\n<meta property=\"og:url\" content=\"https:\/\/www.visitamalfi.info\/es\/evento\/san-andres-en-amalfi-un-acontecimiento-siempre-esperado-y-querido\/\" \/>\n<meta property=\"og:site_name\" content=\"Visit Amalfi\" \/>\n<meta property=\"article:publisher\" content=\"https:\/\/www.facebook.com\/visitamalfiofficial\" \/>\n<meta property=\"article:modified_time\" content=\"2025-06-23T13:58:05+00:00\" \/>\n<meta property=\"og:image\" content=\"https:\/\/www.visitamalfi.info\/wp-content\/uploads\/2025\/06\/51-Cattedrale-foto-abbagnara.jpg\" \/>\n\t<meta property=\"og:image:width\" content=\"1920\" \/>\n\t<meta property=\"og:image:height\" content=\"1280\" \/>\n\t<meta property=\"og:image:type\" content=\"image\/jpeg\" \/>\n<meta name=\"twitter:card\" content=\"summary_large_image\" \/>\n<meta name=\"twitter:label1\" content=\"Tiempo de lectura\" \/>\n\t<meta name=\"twitter:data1\" content=\"4 minutos\" \/>\n<script type=\"application\/ld+json\" class=\"yoast-schema-graph\">{\"@context\":\"https:\\\/\\\/schema.org\",\"@graph\":[{\"@type\":\"WebPage\",\"@id\":\"https:\\\/\\\/www.visitamalfi.info\\\/es\\\/evento\\\/san-andres-en-amalfi-un-acontecimiento-siempre-esperado-y-querido\\\/\",\"url\":\"https:\\\/\\\/www.visitamalfi.info\\\/es\\\/evento\\\/san-andres-en-amalfi-un-acontecimiento-siempre-esperado-y-querido\\\/\",\"name\":\"San Andr\u00e9s en Amalfi: un acontecimiento siempre esperado y querido - Visit Amalfi\",\"isPartOf\":{\"@id\":\"https:\\\/\\\/www.visitamalfi.info\\\/es\\\/#website\"},\"primaryImageOfPage\":{\"@id\":\"https:\\\/\\\/www.visitamalfi.info\\\/es\\\/evento\\\/san-andres-en-amalfi-un-acontecimiento-siempre-esperado-y-querido\\\/#primaryimage\"},\"image\":{\"@id\":\"https:\\\/\\\/www.visitamalfi.info\\\/es\\\/evento\\\/san-andres-en-amalfi-un-acontecimiento-siempre-esperado-y-querido\\\/#primaryimage\"},\"thumbnailUrl\":\"https:\\\/\\\/www.visitamalfi.info\\\/wp-content\\\/uploads\\\/2025\\\/06\\\/51-Cattedrale-foto-abbagnara.jpg\",\"datePublished\":\"2025-06-19T07:49:07+00:00\",\"dateModified\":\"2025-06-23T13:58:05+00:00\",\"breadcrumb\":{\"@id\":\"https:\\\/\\\/www.visitamalfi.info\\\/es\\\/evento\\\/san-andres-en-amalfi-un-acontecimiento-siempre-esperado-y-querido\\\/#breadcrumb\"},\"inLanguage\":\"es\",\"potentialAction\":[{\"@type\":\"ReadAction\",\"target\":[\"https:\\\/\\\/www.visitamalfi.info\\\/es\\\/evento\\\/san-andres-en-amalfi-un-acontecimiento-siempre-esperado-y-querido\\\/\"]}]},{\"@type\":\"ImageObject\",\"inLanguage\":\"es\",\"@id\":\"https:\\\/\\\/www.visitamalfi.info\\\/es\\\/evento\\\/san-andres-en-amalfi-un-acontecimiento-siempre-esperado-y-querido\\\/#primaryimage\",\"url\":\"https:\\\/\\\/www.visitamalfi.info\\\/wp-content\\\/uploads\\\/2025\\\/06\\\/51-Cattedrale-foto-abbagnara.jpg\",\"contentUrl\":\"https:\\\/\\\/www.visitamalfi.info\\\/wp-content\\\/uploads\\\/2025\\\/06\\\/51-Cattedrale-foto-abbagnara.jpg\",\"width\":1920,\"height\":1280},{\"@type\":\"BreadcrumbList\",\"@id\":\"https:\\\/\\\/www.visitamalfi.info\\\/es\\\/evento\\\/san-andres-en-amalfi-un-acontecimiento-siempre-esperado-y-querido\\\/#breadcrumb\",\"itemListElement\":[{\"@type\":\"ListItem\",\"position\":1,\"name\":\"Home\",\"item\":\"https:\\\/\\\/www.visitamalfi.info\\\/es\\\/\"},{\"@type\":\"ListItem\",\"position\":2,\"name\":\"Eventos\",\"item\":\"https:\\\/\\\/www.visitamalfi.info\\\/es\\\/eventi\\\/\"},{\"@type\":\"ListItem\",\"position\":3,\"name\":\"San Andr\u00e9s en Amalfi: un acontecimiento siempre esperado y querido\"}]},{\"@type\":\"WebSite\",\"@id\":\"https:\\\/\\\/www.visitamalfi.info\\\/es\\\/#website\",\"url\":\"https:\\\/\\\/www.visitamalfi.info\\\/es\\\/\",\"name\":\"Visit Amalfi\",\"description\":\"Amalfi Destination Official Website\",\"publisher\":{\"@id\":\"https:\\\/\\\/www.visitamalfi.info\\\/es\\\/#organization\"},\"potentialAction\":[{\"@type\":\"SearchAction\",\"target\":{\"@type\":\"EntryPoint\",\"urlTemplate\":\"https:\\\/\\\/www.visitamalfi.info\\\/es\\\/?s={search_term_string}\"},\"query-input\":{\"@type\":\"PropertyValueSpecification\",\"valueRequired\":true,\"valueName\":\"search_term_string\"}}],\"inLanguage\":\"es\"},{\"@type\":\"Organization\",\"@id\":\"https:\\\/\\\/www.visitamalfi.info\\\/es\\\/#organization\",\"name\":\"Visit Amalfi\",\"url\":\"https:\\\/\\\/www.visitamalfi.info\\\/es\\\/\",\"logo\":{\"@type\":\"ImageObject\",\"inLanguage\":\"es\",\"@id\":\"https:\\\/\\\/www.visitamalfi.info\\\/es\\\/#\\\/schema\\\/logo\\\/image\\\/\",\"url\":\"https:\\\/\\\/www.visitamalfi.info\\\/wp-content\\\/uploads\\\/2023\\\/04\\\/visit-amalfi-logo-web.png\",\"contentUrl\":\"https:\\\/\\\/www.visitamalfi.info\\\/wp-content\\\/uploads\\\/2023\\\/04\\\/visit-amalfi-logo-web.png\",\"width\":800,\"height\":870,\"caption\":\"Visit Amalfi\"},\"image\":{\"@id\":\"https:\\\/\\\/www.visitamalfi.info\\\/es\\\/#\\\/schema\\\/logo\\\/image\\\/\"},\"sameAs\":[\"https:\\\/\\\/www.facebook.com\\\/visitamalfiofficial\",\"https:\\\/\\\/www.instagram.com\\\/visitamalfiofficial\\\/\"]}]}<\/script>\n<!-- \/ Yoast SEO plugin. -->","yoast_head_json":{"title":"San Andr\u00e9s en Amalfi: un acontecimiento siempre esperado y querido - Visit Amalfi","robots":{"index":"index","follow":"follow","max-snippet":"max-snippet:-1","max-image-preview":"max-image-preview:large","max-video-preview":"max-video-preview:-1"},"canonical":"https:\/\/www.visitamalfi.info\/es\/evento\/san-andres-en-amalfi-un-acontecimiento-siempre-esperado-y-querido\/","og_locale":"es_ES","og_type":"article","og_title":"San Andr\u00e9s en Amalfi: un acontecimiento siempre esperado y querido - Visit Amalfi","og_description":"El 27 de junio, Amalfi se viste de gala para celebrar San Andr\u00e9s, su patr\u00f3n. Un acontecimiento esperado y sentido por toda la comunidad, que combina espiritualidad, tradici\u00f3n y espect\u00e1culo [&hellip;]","og_url":"https:\/\/www.visitamalfi.info\/es\/evento\/san-andres-en-amalfi-un-acontecimiento-siempre-esperado-y-querido\/","og_site_name":"Visit Amalfi","article_publisher":"https:\/\/www.facebook.com\/visitamalfiofficial","article_modified_time":"2025-06-23T13:58:05+00:00","og_image":[{"width":1920,"height":1280,"url":"https:\/\/www.visitamalfi.info\/wp-content\/uploads\/2025\/06\/51-Cattedrale-foto-abbagnara.jpg","type":"image\/jpeg"}],"twitter_card":"summary_large_image","twitter_misc":{"Tiempo de lectura":"4 minutos"},"schema":{"@context":"https:\/\/schema.org","@graph":[{"@type":"WebPage","@id":"https:\/\/www.visitamalfi.info\/es\/evento\/san-andres-en-amalfi-un-acontecimiento-siempre-esperado-y-querido\/","url":"https:\/\/www.visitamalfi.info\/es\/evento\/san-andres-en-amalfi-un-acontecimiento-siempre-esperado-y-querido\/","name":"San Andr\u00e9s en Amalfi: un acontecimiento siempre esperado y querido - Visit Amalfi","isPartOf":{"@id":"https:\/\/www.visitamalfi.info\/es\/#website"},"primaryImageOfPage":{"@id":"https:\/\/www.visitamalfi.info\/es\/evento\/san-andres-en-amalfi-un-acontecimiento-siempre-esperado-y-querido\/#primaryimage"},"image":{"@id":"https:\/\/www.visitamalfi.info\/es\/evento\/san-andres-en-amalfi-un-acontecimiento-siempre-esperado-y-querido\/#primaryimage"},"thumbnailUrl":"https:\/\/www.visitamalfi.info\/wp-content\/uploads\/2025\/06\/51-Cattedrale-foto-abbagnara.jpg","datePublished":"2025-06-19T07:49:07+00:00","dateModified":"2025-06-23T13:58:05+00:00","breadcrumb":{"@id":"https:\/\/www.visitamalfi.info\/es\/evento\/san-andres-en-amalfi-un-acontecimiento-siempre-esperado-y-querido\/#breadcrumb"},"inLanguage":"es","potentialAction":[{"@type":"ReadAction","target":["https:\/\/www.visitamalfi.info\/es\/evento\/san-andres-en-amalfi-un-acontecimiento-siempre-esperado-y-querido\/"]}]},{"@type":"ImageObject","inLanguage":"es","@id":"https:\/\/www.visitamalfi.info\/es\/evento\/san-andres-en-amalfi-un-acontecimiento-siempre-esperado-y-querido\/#primaryimage","url":"https:\/\/www.visitamalfi.info\/wp-content\/uploads\/2025\/06\/51-Cattedrale-foto-abbagnara.jpg","contentUrl":"https:\/\/www.visitamalfi.info\/wp-content\/uploads\/2025\/06\/51-Cattedrale-foto-abbagnara.jpg","width":1920,"height":1280},{"@type":"BreadcrumbList","@id":"https:\/\/www.visitamalfi.info\/es\/evento\/san-andres-en-amalfi-un-acontecimiento-siempre-esperado-y-querido\/#breadcrumb","itemListElement":[{"@type":"ListItem","position":1,"name":"Home","item":"https:\/\/www.visitamalfi.info\/es\/"},{"@type":"ListItem","position":2,"name":"Eventos","item":"https:\/\/www.visitamalfi.info\/es\/eventi\/"},{"@type":"ListItem","position":3,"name":"San Andr\u00e9s en Amalfi: un acontecimiento siempre esperado y querido"}]},{"@type":"WebSite","@id":"https:\/\/www.visitamalfi.info\/es\/#website","url":"https:\/\/www.visitamalfi.info\/es\/","name":"Visit Amalfi","description":"Amalfi Destination Official Website","publisher":{"@id":"https:\/\/www.visitamalfi.info\/es\/#organization"},"potentialAction":[{"@type":"SearchAction","target":{"@type":"EntryPoint","urlTemplate":"https:\/\/www.visitamalfi.info\/es\/?s={search_term_string}"},"query-input":{"@type":"PropertyValueSpecification","valueRequired":true,"valueName":"search_term_string"}}],"inLanguage":"es"},{"@type":"Organization","@id":"https:\/\/www.visitamalfi.info\/es\/#organization","name":"Visit Amalfi","url":"https:\/\/www.visitamalfi.info\/es\/","logo":{"@type":"ImageObject","inLanguage":"es","@id":"https:\/\/www.visitamalfi.info\/es\/#\/schema\/logo\/image\/","url":"https:\/\/www.visitamalfi.info\/wp-content\/uploads\/2023\/04\/visit-amalfi-logo-web.png","contentUrl":"https:\/\/www.visitamalfi.info\/wp-content\/uploads\/2023\/04\/visit-amalfi-logo-web.png","width":800,"height":870,"caption":"Visit Amalfi"},"image":{"@id":"https:\/\/www.visitamalfi.info\/es\/#\/schema\/logo\/image\/"},"sameAs":["https:\/\/www.facebook.com\/visitamalfiofficial","https:\/\/www.instagram.com\/visitamalfiofficial\/"]}]}},"_links":{"self":[{"href":"https:\/\/www.visitamalfi.info\/es\/wp-json\/wp\/v2\/tribe_events\/21913","targetHints":{"allow":["GET"]}}],"collection":[{"href":"https:\/\/www.visitamalfi.info\/es\/wp-json\/wp\/v2\/tribe_events"}],"about":[{"href":"https:\/\/www.visitamalfi.info\/es\/wp-json\/wp\/v2\/types\/tribe_events"}],"author":[{"embeddable":true,"href":"https:\/\/www.visitamalfi.info\/es\/wp-json\/wp\/v2\/users\/7"}],"version-history":[{"count":1,"href":"https:\/\/www.visitamalfi.info\/es\/wp-json\/wp\/v2\/tribe_events\/21913\/revisions"}],"predecessor-version":[{"id":22126,"href":"https:\/\/www.visitamalfi.info\/es\/wp-json\/wp\/v2\/tribe_events\/21913\/revisions\/22126"}],"wp:featuredmedia":[{"embeddable":true,"href":"https:\/\/www.visitamalfi.info\/es\/wp-json\/wp\/v2\/media\/21840"}],"wp:attachment":[{"href":"https:\/\/www.visitamalfi.info\/es\/wp-json\/wp\/v2\/media?parent=21913"}],"wp:term":[{"taxonomy":"post_tag","embeddable":true,"href":"https:\/\/www.visitamalfi.info\/es\/wp-json\/wp\/v2\/tags?post=21913"},{"taxonomy":"tribe_events_cat","embeddable":true,"href":"https:\/\/www.visitamalfi.info\/es\/wp-json\/wp\/v2\/tribe_events_cat?post=21913"}],"curies":[{"name":"wp","href":"https:\/\/api.w.org\/{rel}","templated":true}]}}