{"id":21520,"date":"2025-05-09T14:47:41","date_gmt":"2025-05-09T12:47:41","guid":{"rendered":"https:\/\/www.visitamalfi.info\/evento\/70a-regata-historica-de-las-antiguas-republicas-maritimas-el-programa\/"},"modified":"2025-05-09T14:47:41","modified_gmt":"2025-05-09T12:47:41","slug":"70a-regata-historica-de-las-antiguas-republicas-maritimas-el-programa","status":"publish","type":"tribe_events","link":"https:\/\/www.visitamalfi.info\/es\/evento\/70a-regata-historica-de-las-antiguas-republicas-maritimas-el-programa\/","title":{"rendered":"70\u00aa Regata Hist\u00f3rica de las Antiguas Rep\u00fablicas Mar\u00edtimas | el Programa"},"content":{"rendered":"<p class=\"\" data-start=\"335\" data-end=\"671\"><img fetchpriority=\"high\" decoding=\"async\" class=\"size-medium wp-image-21284 alignright\" src=\"https:\/\/www.visitamalfi.info\/wp-content\/uploads\/2025\/04\/WhatsApp-Image-2025-04-16-at-15.18.58-210x300.jpeg\" alt=\"\" width=\"210\" height=\"300\" srcset=\"https:\/\/www.visitamalfi.info\/wp-content\/uploads\/2025\/04\/WhatsApp-Image-2025-04-16-at-15.18.58-210x300.jpeg 210w, https:\/\/www.visitamalfi.info\/wp-content\/uploads\/2025\/04\/WhatsApp-Image-2025-04-16-at-15.18.58-717x1024.jpeg 717w, https:\/\/www.visitamalfi.info\/wp-content\/uploads\/2025\/04\/WhatsApp-Image-2025-04-16-at-15.18.58-768x1097.jpeg 768w, https:\/\/www.visitamalfi.info\/wp-content\/uploads\/2025\/04\/WhatsApp-Image-2025-04-16-at-15.18.58-1076x1536.jpeg 1076w, https:\/\/www.visitamalfi.info\/wp-content\/uploads\/2025\/04\/WhatsApp-Image-2025-04-16-at-15.18.58-555x790.jpeg 555w, https:\/\/www.visitamalfi.info\/wp-content\/uploads\/2025\/04\/WhatsApp-Image-2025-04-16-at-15.18.58.jpeg 1080w\" sizes=\"(max-width: 210px) 100vw, 210px\" \/>Setenta a\u00f1os de historia, orgullo y tradici\u00f3n se entrelazan una vez m\u00e1s. Amalfi, Pisa, G\u00e9nova y Venecia, las cuatro Ciudades-Estado, compiten de nuevo en la <strong>Regata Hist\u00f3rica<\/strong>.<\/p>\n<p class=\"\" data-start=\"673\" data-end=\"1065\">Esta edici\u00f3n marca un hito importante: siete d\u00e9cadas de un acontecimiento que combina pasado y presente, deporte y espect\u00e1culo, en un ambiente que cautiva a miles de espectadores cada a\u00f1o.<\/p>\n<p class=\"\" data-start=\"673\" data-end=\"1065\">A continuaci\u00f3n encontrar\u00e1s el <em><strong>Programa oficial<\/strong><\/em>:<\/p>\n<p><strong>Jueves 15 de mayo de 2025<\/strong><\/p>\n<p>10:30 h, <strong>Presentaci\u00f3n de los carteles de las 70 ediciones de la Regata de las Antiguas Rep\u00fablicas Mar\u00edtimas<\/strong> en el Arsenal de la Rep\u00fablica de Amalfi<\/p>\n<p>&nbsp;<\/p>\n<p><strong>Viernes 16 de mayo de 2025<\/strong><\/p>\n<p>10:00 h, <strong>Conferencia &#8220;La Regata delle Repubbliche Marinare e la portualit\u00e0 nella storia di Amalfi&#8221;<\/strong> en el Arsenal de la Rep\u00fablica de Amalfi<\/p>\n<p>22 h,<strong> &#8220;Frankie and canthina band&#8221;<\/strong> en concierto en la Piazza Duomo de Amalfi<\/p>\n<p>&nbsp;<\/p>\n<p><strong>S\u00e1bado 17 de mayo de 2025<\/strong><\/p>\n<p>17.45 h,<strong> regata de remo con tripulaciones femeninas<\/strong> con salida de la Marmorata y llegada a Atrani<\/p>\n<p>18:00, <strong>Presentaci\u00f3n de las tripulaciones<\/strong> de la 70\u00aa edici\u00f3n de la Regata ARMI en la Piazza Umberto I de Atrani<\/p>\n<p>19:30, <strong>Salida de la Procesi\u00f3n Hist\u00f3rica de las Antiguas Rep\u00fablicas Mar\u00edtimas<\/strong>, con desfile de Atrani a Amalfi<\/p>\n<p>Durante el Desfile Hist\u00f3rico habr\u00e1 un <strong>paso cercano del &#8220;Vespucci<\/strong>&#8220;, buque escuela de la Marina Italiana, en la bah\u00eda de Amalfi.<\/p>\n<p>20:30, <strong>Llegada del Cortejo Hist\u00f3rico de las Antiguas Rep\u00fablicas Mar\u00edtimas<\/strong> a la escalinata de la Catedral de Amalfi<\/p>\n<p>23:45, <strong>Fuegos artificiales<\/strong> sobre la bah\u00eda de Amalfi<\/p>\n<p>&nbsp;<\/p>\n<p><strong>Domingo 18 de mayo de 2025<\/strong><\/p>\n<p>12.30 h, <strong>Palio Remiero delle Antiche Repubbliche Marinare Italiane (Regata de remo de las Antiguas Rep\u00fablicas Mar\u00edtimas Italianas<\/strong>), con salida desde la r\u00eda Vettica de Amalfi y llegada a Marina Grande di Amalfi<\/p>\n<p>13:15, <strong>Ceremonia de entrega de premios a las tripulaciones<\/strong> en la Plaza Flavio Gioia de Amalfi<\/p>\n<p>18:15 h, <strong>Desfile de Fanfarrias de los Carabinieri<\/strong> desde la Via Casamare hasta la Piazza Duomo de Amalfi<\/p>\n<p>19:00, <strong>Actuaci\u00f3n de la Fanfarria de los Carabinieri<\/strong> en la Piazza Duomo de Amalfi<\/p>\n<p>\u00bfListo para animar?<\/p>\n","protected":false},"excerpt":{"rendered":"<p>Setenta a\u00f1os de historia, orgullo y tradici\u00f3n se entrelazan una vez m\u00e1s. Amalfi, Pisa, G\u00e9nova y Venecia, las cuatro Ciudades-Estado, compiten de nuevo en la Regata Hist\u00f3rica.<\/p>\n","protected":false},"author":7,"featured_media":21288,"template":"","meta":{"inline_featured_image":false,"_tribe_events_status":"","_tribe_events_status_reason":"","footnotes":""},"tags":[],"tribe_events_cat":[718,619,719,572],"class_list":["post-21520","tribe_events","type-tribe_events","status-publish","has-post-thumbnail","hentry","tribe_events_cat-acontecimiento-historico","tribe_events_cat-cultura-es","tribe_events_cat-recreacion-historica","tribe_events_cat-tradicion","cat_acontecimiento-historico","cat_cultura-es","cat_recreacion-historica","cat_tradicion"],"yoast_head":"<!-- This site is optimized with the Yoast SEO plugin v27.3 - https:\/\/yoast.com\/product\/yoast-seo-wordpress\/ -->\n<title>70\u00aa Regata Hist\u00f3rica de las Antiguas Rep\u00fablicas Mar\u00edtimas | el Programa - Visit Amalfi<\/title>\n<meta name=\"robots\" content=\"index, follow, max-snippet:-1, max-image-preview:large, max-video-preview:-1\" \/>\n<link rel=\"canonical\" href=\"https:\/\/www.visitamalfi.info\/es\/evento\/70a-regata-historica-de-las-antiguas-republicas-maritimas-el-programa\/\" \/>\n<meta property=\"og:locale\" content=\"es_ES\" \/>\n<meta property=\"og:type\" content=\"article\" \/>\n<meta property=\"og:title\" content=\"70\u00aa Regata Hist\u00f3rica de las Antiguas Rep\u00fablicas Mar\u00edtimas | el Programa - Visit Amalfi\" \/>\n<meta property=\"og:description\" content=\"Setenta a\u00f1os de historia, orgullo y tradici\u00f3n se entrelazan una vez m\u00e1s. Amalfi, Pisa, G\u00e9nova y Venecia, las cuatro Ciudades-Estado, compiten de nuevo en la Regata Hist\u00f3rica.\" \/>\n<meta property=\"og:url\" content=\"https:\/\/www.visitamalfi.info\/es\/evento\/70a-regata-historica-de-las-antiguas-republicas-maritimas-el-programa\/\" \/>\n<meta property=\"og:site_name\" content=\"Visit Amalfi\" \/>\n<meta property=\"article:publisher\" content=\"https:\/\/www.facebook.com\/visitamalfiofficial\" \/>\n<meta property=\"og:image\" content=\"https:\/\/www.visitamalfi.info\/wp-content\/uploads\/2025\/04\/WhatsApp-Image-2025-04-16-at-15.18.58.jpeg\" \/>\n\t<meta property=\"og:image:width\" content=\"1080\" \/>\n\t<meta property=\"og:image:height\" content=\"1542\" \/>\n\t<meta property=\"og:image:type\" content=\"image\/jpeg\" \/>\n<meta name=\"twitter:card\" content=\"summary_large_image\" \/>\n<meta name=\"twitter:label1\" content=\"Tiempo de lectura\" \/>\n\t<meta name=\"twitter:data1\" content=\"2 minutos\" \/>\n<script type=\"application\/ld+json\" class=\"yoast-schema-graph\">{\"@context\":\"https:\\\/\\\/schema.org\",\"@graph\":[{\"@type\":\"WebPage\",\"@id\":\"https:\\\/\\\/www.visitamalfi.info\\\/es\\\/evento\\\/70a-regata-historica-de-las-antiguas-republicas-maritimas-el-programa\\\/\",\"url\":\"https:\\\/\\\/www.visitamalfi.info\\\/es\\\/evento\\\/70a-regata-historica-de-las-antiguas-republicas-maritimas-el-programa\\\/\",\"name\":\"70\u00aa Regata Hist\u00f3rica de las Antiguas Rep\u00fablicas Mar\u00edtimas | el Programa - Visit Amalfi\",\"isPartOf\":{\"@id\":\"https:\\\/\\\/www.visitamalfi.info\\\/es\\\/#website\"},\"primaryImageOfPage\":{\"@id\":\"https:\\\/\\\/www.visitamalfi.info\\\/es\\\/evento\\\/70a-regata-historica-de-las-antiguas-republicas-maritimas-el-programa\\\/#primaryimage\"},\"image\":{\"@id\":\"https:\\\/\\\/www.visitamalfi.info\\\/es\\\/evento\\\/70a-regata-historica-de-las-antiguas-republicas-maritimas-el-programa\\\/#primaryimage\"},\"thumbnailUrl\":\"https:\\\/\\\/www.visitamalfi.info\\\/wp-content\\\/uploads\\\/2025\\\/04\\\/WhatsApp-Image-2025-04-16-at-15.18.58.jpeg\",\"datePublished\":\"2025-05-09T12:47:41+00:00\",\"breadcrumb\":{\"@id\":\"https:\\\/\\\/www.visitamalfi.info\\\/es\\\/evento\\\/70a-regata-historica-de-las-antiguas-republicas-maritimas-el-programa\\\/#breadcrumb\"},\"inLanguage\":\"es\",\"potentialAction\":[{\"@type\":\"ReadAction\",\"target\":[\"https:\\\/\\\/www.visitamalfi.info\\\/es\\\/evento\\\/70a-regata-historica-de-las-antiguas-republicas-maritimas-el-programa\\\/\"]}]},{\"@type\":\"ImageObject\",\"inLanguage\":\"es\",\"@id\":\"https:\\\/\\\/www.visitamalfi.info\\\/es\\\/evento\\\/70a-regata-historica-de-las-antiguas-republicas-maritimas-el-programa\\\/#primaryimage\",\"url\":\"https:\\\/\\\/www.visitamalfi.info\\\/wp-content\\\/uploads\\\/2025\\\/04\\\/WhatsApp-Image-2025-04-16-at-15.18.58.jpeg\",\"contentUrl\":\"https:\\\/\\\/www.visitamalfi.info\\\/wp-content\\\/uploads\\\/2025\\\/04\\\/WhatsApp-Image-2025-04-16-at-15.18.58.jpeg\",\"width\":1080,\"height\":1542},{\"@type\":\"BreadcrumbList\",\"@id\":\"https:\\\/\\\/www.visitamalfi.info\\\/es\\\/evento\\\/70a-regata-historica-de-las-antiguas-republicas-maritimas-el-programa\\\/#breadcrumb\",\"itemListElement\":[{\"@type\":\"ListItem\",\"position\":1,\"name\":\"Home\",\"item\":\"https:\\\/\\\/www.visitamalfi.info\\\/es\\\/\"},{\"@type\":\"ListItem\",\"position\":2,\"name\":\"Eventos\",\"item\":\"https:\\\/\\\/www.visitamalfi.info\\\/es\\\/eventi\\\/\"},{\"@type\":\"ListItem\",\"position\":3,\"name\":\"70\u00aa Regata Hist\u00f3rica de las Antiguas Rep\u00fablicas Mar\u00edtimas | el Programa\"}]},{\"@type\":\"WebSite\",\"@id\":\"https:\\\/\\\/www.visitamalfi.info\\\/es\\\/#website\",\"url\":\"https:\\\/\\\/www.visitamalfi.info\\\/es\\\/\",\"name\":\"Visit Amalfi\",\"description\":\"Amalfi Destination Official Website\",\"publisher\":{\"@id\":\"https:\\\/\\\/www.visitamalfi.info\\\/es\\\/#organization\"},\"potentialAction\":[{\"@type\":\"SearchAction\",\"target\":{\"@type\":\"EntryPoint\",\"urlTemplate\":\"https:\\\/\\\/www.visitamalfi.info\\\/es\\\/?s={search_term_string}\"},\"query-input\":{\"@type\":\"PropertyValueSpecification\",\"valueRequired\":true,\"valueName\":\"search_term_string\"}}],\"inLanguage\":\"es\"},{\"@type\":\"Organization\",\"@id\":\"https:\\\/\\\/www.visitamalfi.info\\\/es\\\/#organization\",\"name\":\"Visit Amalfi\",\"url\":\"https:\\\/\\\/www.visitamalfi.info\\\/es\\\/\",\"logo\":{\"@type\":\"ImageObject\",\"inLanguage\":\"es\",\"@id\":\"https:\\\/\\\/www.visitamalfi.info\\\/es\\\/#\\\/schema\\\/logo\\\/image\\\/\",\"url\":\"https:\\\/\\\/www.visitamalfi.info\\\/wp-content\\\/uploads\\\/2023\\\/04\\\/visit-amalfi-logo-web.png\",\"contentUrl\":\"https:\\\/\\\/www.visitamalfi.info\\\/wp-content\\\/uploads\\\/2023\\\/04\\\/visit-amalfi-logo-web.png\",\"width\":800,\"height\":870,\"caption\":\"Visit Amalfi\"},\"image\":{\"@id\":\"https:\\\/\\\/www.visitamalfi.info\\\/es\\\/#\\\/schema\\\/logo\\\/image\\\/\"},\"sameAs\":[\"https:\\\/\\\/www.facebook.com\\\/visitamalfiofficial\",\"https:\\\/\\\/www.instagram.com\\\/visitamalfiofficial\\\/\"]}]}<\/script>\n<!-- \/ Yoast SEO plugin. -->","yoast_head_json":{"title":"70\u00aa Regata Hist\u00f3rica de las Antiguas Rep\u00fablicas Mar\u00edtimas | el Programa - Visit Amalfi","robots":{"index":"index","follow":"follow","max-snippet":"max-snippet:-1","max-image-preview":"max-image-preview:large","max-video-preview":"max-video-preview:-1"},"canonical":"https:\/\/www.visitamalfi.info\/es\/evento\/70a-regata-historica-de-las-antiguas-republicas-maritimas-el-programa\/","og_locale":"es_ES","og_type":"article","og_title":"70\u00aa Regata Hist\u00f3rica de las Antiguas Rep\u00fablicas Mar\u00edtimas | el Programa - Visit Amalfi","og_description":"Setenta a\u00f1os de historia, orgullo y tradici\u00f3n se entrelazan una vez m\u00e1s. Amalfi, Pisa, G\u00e9nova y Venecia, las cuatro Ciudades-Estado, compiten de nuevo en la Regata Hist\u00f3rica.","og_url":"https:\/\/www.visitamalfi.info\/es\/evento\/70a-regata-historica-de-las-antiguas-republicas-maritimas-el-programa\/","og_site_name":"Visit Amalfi","article_publisher":"https:\/\/www.facebook.com\/visitamalfiofficial","og_image":[{"width":1080,"height":1542,"url":"https:\/\/www.visitamalfi.info\/wp-content\/uploads\/2025\/04\/WhatsApp-Image-2025-04-16-at-15.18.58.jpeg","type":"image\/jpeg"}],"twitter_card":"summary_large_image","twitter_misc":{"Tiempo de lectura":"2 minutos"},"schema":{"@context":"https:\/\/schema.org","@graph":[{"@type":"WebPage","@id":"https:\/\/www.visitamalfi.info\/es\/evento\/70a-regata-historica-de-las-antiguas-republicas-maritimas-el-programa\/","url":"https:\/\/www.visitamalfi.info\/es\/evento\/70a-regata-historica-de-las-antiguas-republicas-maritimas-el-programa\/","name":"70\u00aa Regata Hist\u00f3rica de las Antiguas Rep\u00fablicas Mar\u00edtimas | el Programa - Visit Amalfi","isPartOf":{"@id":"https:\/\/www.visitamalfi.info\/es\/#website"},"primaryImageOfPage":{"@id":"https:\/\/www.visitamalfi.info\/es\/evento\/70a-regata-historica-de-las-antiguas-republicas-maritimas-el-programa\/#primaryimage"},"image":{"@id":"https:\/\/www.visitamalfi.info\/es\/evento\/70a-regata-historica-de-las-antiguas-republicas-maritimas-el-programa\/#primaryimage"},"thumbnailUrl":"https:\/\/www.visitamalfi.info\/wp-content\/uploads\/2025\/04\/WhatsApp-Image-2025-04-16-at-15.18.58.jpeg","datePublished":"2025-05-09T12:47:41+00:00","breadcrumb":{"@id":"https:\/\/www.visitamalfi.info\/es\/evento\/70a-regata-historica-de-las-antiguas-republicas-maritimas-el-programa\/#breadcrumb"},"inLanguage":"es","potentialAction":[{"@type":"ReadAction","target":["https:\/\/www.visitamalfi.info\/es\/evento\/70a-regata-historica-de-las-antiguas-republicas-maritimas-el-programa\/"]}]},{"@type":"ImageObject","inLanguage":"es","@id":"https:\/\/www.visitamalfi.info\/es\/evento\/70a-regata-historica-de-las-antiguas-republicas-maritimas-el-programa\/#primaryimage","url":"https:\/\/www.visitamalfi.info\/wp-content\/uploads\/2025\/04\/WhatsApp-Image-2025-04-16-at-15.18.58.jpeg","contentUrl":"https:\/\/www.visitamalfi.info\/wp-content\/uploads\/2025\/04\/WhatsApp-Image-2025-04-16-at-15.18.58.jpeg","width":1080,"height":1542},{"@type":"BreadcrumbList","@id":"https:\/\/www.visitamalfi.info\/es\/evento\/70a-regata-historica-de-las-antiguas-republicas-maritimas-el-programa\/#breadcrumb","itemListElement":[{"@type":"ListItem","position":1,"name":"Home","item":"https:\/\/www.visitamalfi.info\/es\/"},{"@type":"ListItem","position":2,"name":"Eventos","item":"https:\/\/www.visitamalfi.info\/es\/eventi\/"},{"@type":"ListItem","position":3,"name":"70\u00aa Regata Hist\u00f3rica de las Antiguas Rep\u00fablicas Mar\u00edtimas | el Programa"}]},{"@type":"WebSite","@id":"https:\/\/www.visitamalfi.info\/es\/#website","url":"https:\/\/www.visitamalfi.info\/es\/","name":"Visit Amalfi","description":"Amalfi Destination Official Website","publisher":{"@id":"https:\/\/www.visitamalfi.info\/es\/#organization"},"potentialAction":[{"@type":"SearchAction","target":{"@type":"EntryPoint","urlTemplate":"https:\/\/www.visitamalfi.info\/es\/?s={search_term_string}"},"query-input":{"@type":"PropertyValueSpecification","valueRequired":true,"valueName":"search_term_string"}}],"inLanguage":"es"},{"@type":"Organization","@id":"https:\/\/www.visitamalfi.info\/es\/#organization","name":"Visit Amalfi","url":"https:\/\/www.visitamalfi.info\/es\/","logo":{"@type":"ImageObject","inLanguage":"es","@id":"https:\/\/www.visitamalfi.info\/es\/#\/schema\/logo\/image\/","url":"https:\/\/www.visitamalfi.info\/wp-content\/uploads\/2023\/04\/visit-amalfi-logo-web.png","contentUrl":"https:\/\/www.visitamalfi.info\/wp-content\/uploads\/2023\/04\/visit-amalfi-logo-web.png","width":800,"height":870,"caption":"Visit Amalfi"},"image":{"@id":"https:\/\/www.visitamalfi.info\/es\/#\/schema\/logo\/image\/"},"sameAs":["https:\/\/www.facebook.com\/visitamalfiofficial","https:\/\/www.instagram.com\/visitamalfiofficial\/"]}]}},"_links":{"self":[{"href":"https:\/\/www.visitamalfi.info\/es\/wp-json\/wp\/v2\/tribe_events\/21520","targetHints":{"allow":["GET"]}}],"collection":[{"href":"https:\/\/www.visitamalfi.info\/es\/wp-json\/wp\/v2\/tribe_events"}],"about":[{"href":"https:\/\/www.visitamalfi.info\/es\/wp-json\/wp\/v2\/types\/tribe_events"}],"author":[{"embeddable":true,"href":"https:\/\/www.visitamalfi.info\/es\/wp-json\/wp\/v2\/users\/7"}],"version-history":[{"count":0,"href":"https:\/\/www.visitamalfi.info\/es\/wp-json\/wp\/v2\/tribe_events\/21520\/revisions"}],"wp:featuredmedia":[{"embeddable":true,"href":"https:\/\/www.visitamalfi.info\/es\/wp-json\/wp\/v2\/media\/21288"}],"wp:attachment":[{"href":"https:\/\/www.visitamalfi.info\/es\/wp-json\/wp\/v2\/media?parent=21520"}],"wp:term":[{"taxonomy":"post_tag","embeddable":true,"href":"https:\/\/www.visitamalfi.info\/es\/wp-json\/wp\/v2\/tags?post=21520"},{"taxonomy":"tribe_events_cat","embeddable":true,"href":"https:\/\/www.visitamalfi.info\/es\/wp-json\/wp\/v2\/tribe_events_cat?post=21520"}],"curies":[{"name":"wp","href":"https:\/\/api.w.org\/{rel}","templated":true}]}}