{"id":20305,"date":"2024-12-08T11:14:33","date_gmt":"2024-12-08T10:14:33","guid":{"rendered":"https:\/\/www.visitamalfi.info\/evento\/programa-de-navidad-y-ano-nuevo-en-amalfi-2024-2025\/"},"modified":"2024-12-08T11:14:33","modified_gmt":"2024-12-08T10:14:33","slug":"programa-de-navidad-y-ano-nuevo-en-amalfi-2024-2025","status":"publish","type":"tribe_events","link":"https:\/\/www.visitamalfi.info\/es\/evento\/programa-de-navidad-y-ano-nuevo-en-amalfi-2024-2025\/","title":{"rendered":"Programa de Navidad y A\u00f1o Nuevo en Amalfi 2024\/2025"},"content":{"rendered":"<p><strong>Viernes 6 de diciembre<\/strong><\/p>\n<p>h 9.30 h, Amalfi &#8211; Biblioteca Municipal<br \/>\n<strong>Seminario de estudio sobre la Dieta Mediterr\u00e1nea y la &#8220;cocina de las ra\u00edces<\/strong><br \/>\nEn esta ocasi\u00f3n tambi\u00e9n se entregar\u00e1 el Premio <strong>Amalfitano<\/strong> de <strong>literatura gastron\u00f3mica<\/strong> tradicional dedicado a la memoria de <strong>Ezio Falcone<\/strong>.<br \/>\nEditado por el <strong>Centro de Cultura e Historia Amalfitana<\/strong><\/p>\n<p>h 15:00 &#8211; 20:00, Amalfi &#8211; Claustros de los Capuchinos<br \/>\n<strong>Apertura de los Mercados Navide\u00f1os e Iluminaci\u00f3n del \u00c1rbol<\/strong><\/p>\n<p>Un homenaje a las tradiciones navide\u00f1as locales, que incluye artesan\u00eda y manjares t\u00edpicos, en uno de los lugares con m\u00e1s ambiente de la ciudad. A continuaci\u00f3n, ser\u00e1 tarea del Hermano Marcus dirigir la celebraci\u00f3n mientras el \u00e1rbol de Navidad cobra vida con luces y colores.<\/p>\n<p>El acto forma parte del programa de Navidad promovido por el<a href=\"https:\/\/www.visitamalfi.info\/amw-accommodation\/anantara-convento-di-amalfi\/\"><strong>Gran Hotel Anantara Convento de Amalfi<\/strong><\/a><\/p>\n<p><strong>S\u00e1bado 7 de diciembre<\/strong><br \/>\nh 11:00 &#8211; 13:00 Amalfi &#8211; <a href=\"https:\/\/www.visitamalfi.info\/poi\/museo-della-carta\/\">Museo del Papel<\/a><br \/>\n<strong>Taller creativo para ni\u00f1os La Carta de Navidad en papel hecho a mano<\/strong><\/p>\n<p>h 11:00 &#8211; 19:00, Amalfi &#8211; Claustros de los Capuchinos<br \/>\n<strong>Mercados navide\u00f1os y la llegada de Pap\u00e1 Noel<\/strong><\/p>\n<p>Un homenaje a las tradiciones navide\u00f1as locales, que incluye artesan\u00eda y manjares t\u00edpicos, en uno de los lugares con m\u00e1s ambiente de la ciudad. Entre luces y dulces, esperando la llegada de Pap\u00e1 Noel.<br \/>\nEl acto forma parte del programa navide\u00f1o promovido por el Anantara Convento Grand Hotel de Amalfi.<\/p>\n<p><strong>Domingo 8 de diciembre<\/strong><br \/>\nh 11:15, Amalfi &#8211; Salida desde Valle dei Mulini<br \/>\n<strong>Las notas de la gaita por la ciudad<\/strong><\/p>\n<p>h 11:00 &#8211; 19:00, Amalfi &#8211; Claustros de los Capuchinos<br \/>\n<strong>Mercados navide\u00f1os<\/strong><br \/>\nUn homenaje a las tradiciones navide\u00f1as locales, que incluye artesan\u00eda y manjares t\u00edpicos, en uno de los lugares con m\u00e1s ambiente de la ciudad.<br \/>\nEl acto forma parte del programa navide\u00f1o promovido por el Anantara Convento Grand Hotel de Amalfi.<\/p>\n<p>h 17:30, Amalfi &#8211; salida desde Valle dei Mulini<br \/>\n<strong>Desfile de la banda de m\u00fasica Citt\u00e0 di Minori<\/strong><br \/>\nh 18:30,Amalfi &#8211; Catedral<br \/>\n<strong>Misa pontifical<\/strong> seguida de <strong>procesi\u00f3n con homenaje a la Madonnina en Largo Scario<\/strong>,<\/p>\n<p>h 11:00 &#8211; 13:00 Amalfi &#8211; Museo del Papel<br \/>\n<strong>Taller creativo para ni\u00f1os La Carta de Navidad en papel hecho a mano<\/strong><\/p>\n<p>h 16:30, Amalfi &#8211; Salida de Valle dei Mulini<br \/>\n<strong>Las notas de la gaita por la ciudad<\/strong><\/p>\n<p>h 16:30 y h 18:00, Amalfi &#8211; <a href=\"https:\/\/www.visitamalfi.info\/poi\/arsenale-della-repubblica\/\">Arsenale della Repubblica<\/a><br \/>\n<strong>La Escuela de Navidad<\/strong><br \/>\n\u00bfY si te dijera que existe un lugar donde se revelan todos los misterios sobre los elfos? Juntos conoceremos a toda la gran familia de los elfos de Pap\u00e1 Noel, desde el elfo jefe Pit\u00e1goras hasta el elfo Gimpy, el peque\u00f1o aprendiz de Pap\u00e1 Noel, aprenderemos f\u00f3rmulas m\u00e1gicas y recetas secretas, para transformarnos en perfectos elfos terrestres, \u00a1completadas con un diploma de elfo!<br \/>\nUna producci\u00f3n ..<strong>.Ma Dove Vivono i Cartoni?<\/strong> en colaboraci\u00f3n con <strong>#Costieracreativa<\/strong><\/p>\n<p><strong>Domingo 15 de diciembre<\/strong><br \/>\nh 16:30, Amalfi &#8211; Salida de Valle dei Mulini<br \/>\n<strong>Las notas de la gaita por la ciudad<\/strong><\/p>\n<p><strong>Jueves 19 de diciembre<\/strong><br \/>\nh 16:30, Tovere<br \/>\n<strong>Fiesta Art\u00edstica de Navidad  <\/strong><br \/>\nUn maravilloso encuentro con el ambiente navide\u00f1o, donde adultos y ni\u00f1os confeccionar\u00e1n juntos hermosas coronas de Navidad y centros de mesa para decorar la mesa festiva.<br \/>\nEditado por <strong>El mundo de Naty<\/strong><\/p>\n<p><strong>Viernes 20 de diciembre<\/strong><br \/>\nh 16:30, Amalfi &#8211; Biblioteca Municipal<br \/>\n<strong>Presentaci\u00f3n del portal Terraeamalphis.it  <\/strong><br \/>\nProyecto de valorizaci\u00f3n y revitalizaci\u00f3n de las aldeas amalfitanas.<br \/>\n<strong>Inauguraci\u00f3n de la Exposici\u00f3n de V\u00eddeo Luces y Sombras sobre el Patrimonio Cultural de la Costa Amalfitana<\/strong> (2\u00aa Edici\u00f3n)<br \/>\nEditado por el <strong>Centro de Cultura e Historia Amalfitana<\/strong><\/p>\n<p><strong>S\u00e1bado 21 de diciembre<\/strong><br \/>\nh 11:00 &#8211; 13:00 Amalfi &#8211; Museo del Papel<br \/>\n<strong>Taller creativo para ni\u00f1os La Carta de Navidad en papel hecho a mano<\/strong><\/p>\n<p>h 16:30, Amalfi &#8211; Salida de Valle dei Mulini<br \/>\n<strong>Las notas de la gaita por la ciudad<\/strong><\/p>\n<p>h 16:00 &#8211; 19:00, Amalfi &#8211; Parque de La Pineta<br \/>\nInauguraci\u00f3n de <strong>La Fabbrica di Cioccolato &#8211; Edici\u00f3n de Navidad<\/strong><br \/>\n\u00bfQui\u00e9n no ha visto o le\u00eddo La f\u00e1brica de chocolate al menos una vez en su vida? Encantando a ni\u00f1os de todas las edades y de todas las partes del mundo, tanto el libro como la pel\u00edcula revelan una hermosa moraleja que es especialmente bueno recordar en Navidad: \u00a1la bondad siempre recompensa! En compa\u00f1\u00eda de Willy Wonka y sus fant\u00e1sticos oompa loompas, esperaremos juntos la Navidad y nos dejaremos abrumar por su magia&#8230; \u00a1y las bondades del chocolate!<br \/>\nPara la ocasi\u00f3n, los hermanos Nicola y Andrea Pansa, propietarios de la hist\u00f3rica pasteler\u00eda Pansa, ofrecer\u00e1n una demostraci\u00f3n y una degustaci\u00f3n&#8230;. \u00a1chocolatoso!<br \/>\nOrganizado por <strong>Spettacolando<\/strong> con la participaci\u00f3n y colaboraci\u00f3n de <strong>Pasticceria Pansa<\/strong><\/p>\n<p><strong>Domingo 22 de diciembre<\/strong><br \/>\nh 10:00 &#8211; 13:00 y 16:00 &#8211; 19:00, Amalfi &#8211; Parque de La Pineta<br \/>\n<strong>La F\u00e1brica de Chocolate &#8211; Edici\u00f3n de Navidad<\/strong><br \/>\n\u00bfQui\u00e9n no ha visto o le\u00eddo La f\u00e1brica de chocolate al menos una vez en su vida? Encantando a ni\u00f1os de todas las edades y de todas las partes del mundo, tanto el libro como la pel\u00edcula revelan una hermosa moraleja que es especialmente bueno recordar en Navidad: \u00a1la bondad siempre recompensa! En compa\u00f1\u00eda de Willy Wonka y sus fant\u00e1sticos oompa loompas, esperaremos juntos la Navidad y nos dejaremos abrumar por su magia&#8230; \u00a1y las bondades del chocolate!<br \/>\nEditado por <strong>Spettacolando<\/strong><br \/>\nh 16.00, Amalfi &#8211; Parque de La Pineta<br \/>\n<strong>Fiesta Art\u00edstica de Navidad con tem\u00e1tica de la F\u00e1brica de Chocolate<\/strong><br \/>\nDentro de la Aldea tem\u00e1tica instalada en el Bosque de Pinos, un taller de arte inspirado en Willy Wonka y la F\u00e1brica de Chocolate en compa\u00f1\u00eda de Naty.<br \/>\nEditado por <strong>El mundo de Naty<\/strong><\/p>\n<p>h 16:30, Amalfi &#8211; Salida de Valle dei Mulini<br \/>\n<strong>Las notas de la gaita por la ciudad<\/strong><\/p>\n<p>&nbsp;<\/p>\n<p><strong>Lunes 23 de diciembre<\/strong><br \/>\nh 10:00 &#8211; 13:00 y 16:00 &#8211; 19:00, Amalfi &#8211; Parque de La Pineta<br \/>\n<strong>La F\u00e1brica de Chocolate &#8211; Edici\u00f3n de Navidad<\/strong><br \/>\n\u00bfQui\u00e9n no ha visto o le\u00eddo La f\u00e1brica de chocolate al menos una vez en su vida? Encantando a ni\u00f1os de todas las edades y de todas las partes del mundo, tanto el libro como la pel\u00edcula revelan una hermosa moraleja que es especialmente bueno recordar en Navidad: \u00a1la bondad siempre recompensa! En compa\u00f1\u00eda de Willy Wonka y sus fant\u00e1sticos oompa loompas, esperaremos juntos la Navidad y nos dejaremos abrumar por su magia&#8230; \u00a1y las bondades del chocolate!<br \/>\nEditado por <strong>Spettacolando<\/strong><\/p>\n<p>h 11.00, Pogerola<\/p>\n<p><strong>Desayuno de Navidad<\/strong><br \/>\nUn momento festivo para disfrutar en compa\u00f1\u00eda. Para la ocasi\u00f3n, Mam\u00e1 Noel revelar\u00e1 la receta secreta de sus galletas especiales y el inventor de Pap\u00e1 Noel, el duende Galileo, desvelar\u00e1 los secretos de sus inventos navide\u00f1os.<br \/>\nEvento promovido por la<strong>Asociaci\u00f3n Pigellulae<\/strong> en colaboraci\u00f3n con ..<strong>.Ma Dove Vivono i Cartoni?<\/strong><\/p>\n<p>h 16.30 h, Amalfi &#8211; Biblioteca Municipal<\/p>\n<p>Mesa redonda en memoria de Andrea Cerenza sobre Estudios e investigaci\u00f3n para la historia e &#8220;inversiones populares en cultura&#8221; para los j\u00f3venes de la zona de Amalfi: los horizontes de la transformaci\u00f3n cultural para una sociedad de valores.<br \/>\nPresentaci\u00f3n del libro Aportaciones a la Recuperaci\u00f3n de la Memoria Hist\u00f3rica Territorial. Investigaci\u00f3n y estudios sobre &#8220;instituciones civiles y organizaci\u00f3n eclesi\u00e1stica&#8221; en la ciudad-estado medieval de Amalfi por Andrea Cerenza<br \/>\nPresentaci\u00f3n y distribuci\u00f3n del Calendario ANCEM 2025 dedicado al 50 aniversario de la fundaci\u00f3n del Centro de Cultura e Historia de Amalfi (1975 &#8211; 2025)<br \/>\nEditado por el Centro de Cultura e Historia Amalfitana<\/p>\n<p><strong>Martes 24 de diciembre<\/strong><br \/>\nh 05:00, Vettica &#8211; Iglesia de San Michele<br \/>\n<strong>Conclusi\u00f3n de la Novena de Navidad<\/strong><br \/>\nUn momento de oraci\u00f3n cordial animado por el tradicional sonido de las gaitas.<\/p>\n<p>h 10:00 &#8211; 13:30, Amalfi &#8211; Parque de La Pineta<br \/>\n<strong>La F\u00e1brica de Chocolate &#8211; Edici\u00f3n de Navidad<\/strong><br \/>\n\u00bfQui\u00e9n no ha visto o le\u00eddo La f\u00e1brica de chocolate al menos una vez en su vida? Encantando a ni\u00f1os de todas las edades y de todas las partes del mundo, tanto el libro como la pel\u00edcula revelan una hermosa moraleja que es especialmente bueno recordar en Navidad: \u00a1la bondad siempre recompensa! En compa\u00f1\u00eda de Willy Wonka y sus fant\u00e1sticos oompa loompas, esperaremos juntos la Navidad y nos dejaremos abrumar por su magia&#8230; \u00a1y las bondades del chocolate!<br \/>\nEditado por Spettacolando.<\/p>\n<p>h 11:00, Amalfi &#8211; Parque de La Pineta<br \/>\n<strong>Llegada de Pap\u00e1 Noel<\/strong><br \/>\n\u00bfPodr\u00eda Pap\u00e1 Noel no desviarse alguna vez hacia Amalfi? Para la ocasi\u00f3n, su trono abandonar\u00e1 la fr\u00eda oficina polar y ser\u00e1 el propio Pap\u00e1 Noel, ayudado por sus elfos, quien recoja las preciosas cartas de todos los ni\u00f1os y ni\u00f1as.<\/p>\n<p>h 24:00 Amalfi &#8211; Catedral<br \/>\n<strong>Exposici\u00f3n del Ni\u00f1o Jes\u00fas y Misa Pontifical de Gallo<\/strong><\/p>\n<p><strong>Mi\u00e9rcoles 25 de diciembre<\/strong><br \/>\nh 16:00, Plazas de Tovere, Pogerola, Lone, Pastena y Vettica<br \/>\n<strong>Las notas de la Zampogna alrededor de los pueblos de Amalfi<\/strong><br \/>\nh 18:30, Amalfi &#8211; Catedral<br \/>\n<strong>Misa Pontifical de Navidad<\/strong><\/p>\n<p><strong>Jueves 26 de diciembre<\/strong><br \/>\nh 16:00, Amalfi &#8211; Salida del Valle dei Mulini y Actuaci\u00f3n en la Piazza della Bussola<br \/>\n<strong>A\u00f1o Nuevo Folk Amalfitano &#8211; Desfile y Actuaci\u00f3n del Gruppo Folk Lone<\/strong><br \/>\nh 19:00, Amalfi &#8211; Arsenale della Repubblica<\/p>\n<p><strong>InCanti d&#8217;Autore Rese\u00f1a Musical &#8211; Mario Rosini Tr\u00edo<\/strong><br \/>\nMario Rosini Tr\u00edo propone un proyecto musical, un concierto para el que se han reorganizado canciones cl\u00e1sicas, soul y funky, inspir\u00e1ndose en el repertorio negro de Stevie Wonder, llegando hasta el blues napolitano de Pino Daniele. Con Mario Rosini, piano y voz, Paolo Romano al bajo y Mimmo Campanale a la bater\u00eda.<br \/>\nEvento promovido por Pro Loco Amalfi Funduq<\/p>\n<p><strong>Viernes 27 de diciembre<\/strong><br \/>\nh 18:00, Amalfi &#8211; Catedral<br \/>\n<strong>Revista del Coro Polif\u00f3nico Amalfi Canta la Navidad &#8211; XXXI edici\u00f3n<\/strong><br \/>\nLa tradicional Revista Coral de Navidad lleva m\u00e1s de treinta a\u00f1os reuniendo a los mejores coros italianos en la majestuosa Catedral de Amalfi. Bajo los auspicios de Feniarco &#8211; Federazione Nazionale Italiana Associazione Regionali Cori &#8211; y ARCC &#8211; Associazione Regionale Cori Campani &#8211; .<br \/>\nEditado por la Oficina de Pastoral del Turismo y del Tiempo Libre<\/p>\n<p>h 18:00, Vettica &#8211; Palazzetto Sportivo Ex Fondo fusco<br \/>\n<strong>Gran Tombolata Vettichese<\/strong><br \/>\nPor la Asociaci\u00f3n San Miguel<\/p>\n<p><strong>S\u00e1bado 28 de diciembre<\/strong><br \/>\nh 15:30, Amalfi &#8211; Salida del Valle dei Mulini y Actuaci\u00f3n en la Piazza della Bussola<br \/>\n<strong>Capodanno Folk Amalfitano &#8211; Desfile y actuaci\u00f3n del grupo Gli Amici di Masaniello<\/strong><br \/>\nh 16:30, Amalfi &#8211; Salida del Valle dei Mulini y Actuaci\u00f3n en la Piazza della Bussola<br \/>\n<strong>A\u00f1o Nuevo Folk Amalfitano &#8211; Desfile y Actuaci\u00f3n del Gruppo Folk Pogerolese<\/strong><br \/>\nh 19:00, Amalfi &#8211; Arsenale della Repubblica<br \/>\n<strong>InCanti d&#8217;Autore Rese\u00f1a Musical &#8211; Vincent Bohanan &amp; Sound of Victory Gospel<\/strong><br \/>\nEl universo sonoro de Vincent Bohanan, un talentoso artista neoyorquino, incluye colaboraciones art\u00edsticas con los mejores artistas gospel de la escena estadounidense. Para adornar sus actuaciones en directo, cuenta con su magn\u00edfico coro Sound of Victory, fundado en 2014 y formado por excelentes int\u00e9rpretes del \u00e1rea metropolitana de Nueva York. Su repertorio incluye m\u00fasica gospel fuertemente influenciada por los sonidos afroamericanos, el blues y el soul, que trasladar\u00e1n al p\u00fablico a una atm\u00f3sfera que combina espiritualidad y ritmo, sentimiento religioso y alegr\u00eda de vivir.<br \/>\nThe Sound of Victory, uno de los coros m\u00e1s activos y renombrados de la escena gospel estadounidense, vuelve a Europa tras su \u00e9xito de hace dos a\u00f1os, pero esta vez con una formaci\u00f3n totalmente nueva de 13 miembros que incluye 10 vocalistas acompa\u00f1ados por una secci\u00f3n r\u00edtmica completa con piano, bajo y bater\u00eda.<br \/>\nEvento promovido por Pro Loco Amalfi Funduq<\/p>\n<p><strong>Domingo 29 de diciembre<\/strong><br \/>\nh 16:30, Amalfi &#8211; Catedral de Amalfi<br \/>\n<strong>Celebraci\u00f3n de Apertura del A\u00f1o Jubilar<\/strong><br \/>\nPartiendo de la Iglesia de San Benito, la procesi\u00f3n llegar\u00e1 a la Catedral donde, con ocasi\u00f3n del A\u00f1o Jubilar proclamado por el Papa Francisco con la Bula de Indiction &#8220;Spes non confundit&#8221;, tendr\u00e1 lugar la Celebraci\u00f3n de Apertura del A\u00f1o Jubilar, presidida por S.E. Monse\u00f1or Orazio Soricelli, Arzobispo de Amalfi &#8211; Cava de&#8217; Tirreni.<\/p>\n<p><strong>Lunes 30 de diciembre<\/strong><br \/>\nh 18:00, Amalfi &#8211; Catedral<br \/>\n<strong>Revista del Coro Polif\u00f3nico Amalfi Canta la Navidad &#8211; XXXI edici\u00f3n<\/strong><br \/>\nLa tradicional Revista Coral de Navidad lleva m\u00e1s de treinta a\u00f1os reuniendo a los mejores coros italianos en la majestuosa Catedral de Amalfi. Bajo los auspicios de Feniarco &#8211; Federazione Nazionale Italiana Associazione Regionali Cori &#8211; y ARCC &#8211; Associazione Regionale Cori Campani &#8211; .<br \/>\nEditado por la Oficina de Pastoral del Turismo y del Tiempo Libre<\/p>\n<p><strong>Martes 31 de diciembre<\/strong><br \/>\nh 15:00, Amalfi &#8211; Plaza del Duomo<br \/>\n<strong>#NYEAMALFI &#8211; Nochevieja en la Costa Amalfitana<\/strong><br \/>\nFeliz selecci\u00f3n musical con vinilos de <strong>DJ Eddie J Warner<\/strong><br \/>\nh 18:00, Amalfi &#8211; Catedral<br \/>\nSanta Misa y canto del Te Deum<br \/>\nh 22:30, Amalfi &#8211; Plaza Flavio Gioia<br \/>\n<strong>#NYEAMALFI &#8211; Nochevieja en la Costa Amalfitana<\/strong><br \/>\nEsperando la medianoche m\u00e1s larga del a\u00f1o. Con <strong>Biagio Izzo y el grupo folcl\u00f3rico amalfitano &#8220;O Guagliunciello<\/strong><br \/>\nh 00:00, Amalfi<br \/>\n<strong>Fuegos artificiales<\/strong><br \/>\nEl espect\u00e1culo pirot\u00e9cnico es obra de la galardonada empresa Pirotecnica Cav. Vincenzo Senatore e hijos<br \/>\nh 00:30, Amalfi &#8211; Plaza del Duomo<br \/>\n<strong>#NYEAMALFI &#8211; Nochevieja en la Costa Amalfitana<\/strong><br \/>\nAbri\u00f3 la velada el canto tradicional del <strong>Gruppo Folk O&#8217; Guagliunciello<\/strong> e inmediatamente despu\u00e9s actu\u00f3 en directo <strong>Roul<\/strong>, hist\u00f3rico locutor de Radio Kiss Kiss, con su Roul Swing Orchestra, un grupo fundado en 1997 en N\u00e1poles tras una larga estancia en California en estrecho contacto con la sublime m\u00fasica de los a\u00f1os 50, lo que confiere a la banda un estilo similar al de las grandes orquestas. El grupo est\u00e1 compuesto por el ecl\u00e9ctico y polifac\u00e9tico unipersonal Raoul -nacido Luigi De Luca-, Marco Mussomeli al piano, vientos y voz, Paolo Licastro al saxo y voz, Antonio Sacco a la trompeta y voz, y Luigi Ricciardi a la guitarra y voz. El virtuosismo vocal de Raoul, el talento y visceralidad de los m\u00fasicos con los instrumentos y un gran sentido del humor hacen de las actuaciones en directo del grupo un espect\u00e1culo divertido y atractivo que nos har\u00e1 retroceder en el tiempo, con un estilo elegante y brillante.<br \/>\nA continuaci\u00f3n, m\u00fasica de baile con Veronica Simioli y su Espectacular Show en Vivo. Un espect\u00e1culo sobrecogedor para recibir la llegada del A\u00f1o Nuevo por todo lo alto.<br \/>\nEn colaboraci\u00f3n con Amalfi Events<\/p>\n<p><strong>Mi\u00e9rcoles 1 de enero<\/strong><br \/>\nh 12:00, Amalfi &#8211; Arsenale della Repubblica<br \/>\n<strong>Gran Concierto de A\u00f1o Nuevo de la Orquesta de C\u00e1mara Harmonia Internacional de la S.C.S.<\/strong><br \/>\nEn colaboraci\u00f3n con la Sociedad de Conciertos Sorrento<br \/>\nh 15:15 &#8211; 16.45, Amalfi &#8211; Desfile de salida desde Via Cardinale Marino del Giudice y actuaci\u00f3n en la Piazza Duomo<br \/>\n<strong>Capodanno Folk Amalfitano &#8211; Desfile y actuaci\u00f3n del grupo Gli Amici di Masaniello<\/strong><br \/>\nh 16:30 &#8211; 18.00, Amalfi &#8211; Desfile de salida desde Via Cardinale Marino del Giudice y actuaci\u00f3n en la Piazza Duomo<br \/>\n<strong>A\u00f1o Nuevo Folk Amalfitano &#8211; Desfile y Actuaci\u00f3n del Gruppo Folk Pogerolese<\/strong><br \/>\nh 18:30, Amalfi &#8211; Catedral<br \/>\n<strong>Misa Pontifical<\/strong><br \/>\nh 19:30, &#8211; 21.00, Amalfi &#8211; Desfile de salida desde Via Cardinale Marino del Giudice y actuaci\u00f3n en la Piazza Duomo<br \/>\n<strong>Capodanno Folk Amalfitano &#8211; Desfile y actuaci\u00f3n del grupo O&#8217; Guagliunciello<\/strong><\/p>\n<p><strong>Jueves 2 de enero<\/strong><br \/>\nh 15:15 &#8211; 16.45, Amalfi &#8211; Desfile de salida desde Via Cardinale Marino del Giudice y actuaci\u00f3n en la Piazza Duomo<br \/>\n<strong>Capodanno Folk Amalfitano &#8211; Desfile y actuaci\u00f3n del Gruppo Folk Atrani<\/strong><br \/>\nh 16:30 &#8211; 18.00, Amalfi &#8211; Desfile de salida desde Via Cardinale Marino del Giudice y actuaci\u00f3n en la Piazza Duomo<br \/>\n<strong>A\u00f1o Nuevo Folk Amalfitano &#8211; Desfile y Actuaci\u00f3n del Gruppo Folk Lone<\/strong><\/p>\n<p><strong>Viernes 3 de enero<\/strong><br \/>\nh 18:00, Vettica &#8211; Palazzetto Sportivo Ex Fondo fusco<br \/>\n<strong>Gran Tombolata Vettichese<\/strong><br \/>\nLa T\u00f3mbola se intercalar\u00e1 con la 6\u00aa edici\u00f3n de La Zeppola del Villaggio, el concurso gastron\u00f3mico dedicado al sabor y la tradici\u00f3n.<br \/>\nPor la Asociaci\u00f3n San Miguel<\/p>\n<p><strong>S\u00e1bado 4 de enero<\/strong><br \/>\nh 18:00, Vettica &#8211; Palazzetto Sportivo Ex Fondo fusco<br \/>\n<strong>Espect\u00e1culo Familiar La Befana y la Bruja Gondrana<\/strong><br \/>\n\u00bfSab\u00edas que la Befana era originalmente una bruja? O mejor dicho, la Befana y las brujas pertenecen todas a una gran familia, que tiene or\u00edgenes muy antiguos. Luego, como en cualquier familia que se precie, cada uno sigui\u00f3 su camino, algunos hicieron carrera y se convirtieron en la Befana&#8230; \u00bfy los dem\u00e1s? \u00bfQu\u00e9 hacen? \u00bfSe siguen reuniendo? \u00bfSe llevan bien? Y entonces&#8230; \u00bfestamos seguros de que todas las brujas son malas y feas? Y sobre todo, \u00bfqui\u00e9n es la Bruja Gondrana? \u00bfQu\u00e9 ocurre la v\u00edspera de la Epifan\u00eda, cuando visita inesperadamente a su primo m\u00e1s famoso?<br \/>\nOrganizado por la compa\u00f1\u00eda La Mansarda &#8211; Teatro dell&#8217;Orco<\/p>\n<p><strong>Domingo 5 de enero<\/strong><br \/>\nh 19:00, Amalfi &#8211; Arsenale della Repubblica<br \/>\n<strong>Rassegna Musicale InCanti d&#8217;Autore &#8211; La Tombola dei Fantasmi<\/strong><br \/>\nLa nuestra es una tierra m\u00e1gica, donde cada rinc\u00f3n esconde una leyenda, cada patio un misterio, cada<br \/>\nconstruyendo una historia. Los que realmente quieran conocerla deben estar dispuestos a seguir los caminos no trillados<br \/>\nde mapas y gu\u00edas, las que indican las miles de voces del pasado, los susurros que corren de casa en casa, de boca en boca. Las miles de historias de misterio, las que nunca se escribieron, las que durante siglos, de casa en casa, de abuela en abuela, se conservaron intactas e inquebrantables, est\u00e1n desapareciendo. Y con ellos un trozo de historia, la riqueza de un recuerdo antiguo e inestimable.<br \/>\nEl bingo navide\u00f1o es el hilo conductor de las historias y canciones de este espect\u00e1culo, nacido de la convicci\u00f3n<br \/>\nque para conocer realmente nuestro territorio, hay que seguir el hilo de las historias no escritas. Sobre las notas de antiguas canciones, se contar\u00e1n historias de Cola Pesce, la Bella &#8216;mbriana, el rey Nasone y muchos otros. Los personajes de este espect\u00e1culo tienen una eternidad que contarte, si les escuchas. Con: Marianita Carfora, Andrea De Rosa, Marco Palumbo, Peppe Papa. Dramaturgia y direcci\u00f3n: Annamaria Russo<\/p>\n<p><strong>Lunes 6 de enero<\/strong><br \/>\nh 11:30, Amalfi &#8211; Salida desde Valle dei Mulini<br \/>\n<strong>Tradicional procesi\u00f3n de pastores acompa\u00f1ados por gaiteros<\/strong><br \/>\nh 16:30, Amalfi &#8211; Salida del Valle dei Mulini y actuaci\u00f3n en la Piazza della Bussola<br \/>\n<strong>Capodanno Folk Amalfitano &#8211; Desfile y actuaci\u00f3n del grupo O&#8217; Guagliunciello<\/strong><br \/>\nh 18:30, Amalfi &#8211; Catedral<br \/>\n<strong>Misa Pontifical<\/strong><\/p>\n","protected":false},"excerpt":{"rendered":"<p>Programa de Navidad y A\u00f1o Nuevo en Amalfi 2024\/2025<\/p>\n","protected":false},"author":7,"featured_media":0,"template":"","meta":{"inline_featured_image":false,"_tribe_events_status":"","_tribe_events_status_reason":"","footnotes":""},"tags":[265,615,1178,1343],"tribe_events_cat":[617,619,661,371,1240,572],"class_list":["post-20305","tribe_events","type-tribe_events","status-publish","hentry","tag-amalfi-es","tag-amalfieventis-es","tag-navidad","tag-vispera-de-ano-nuevo","tribe_events_cat-arte-es","tribe_events_cat-cultura-es","tribe_events_cat-musica-es","tribe_events_cat-musica-dal-vivo-es","tribe_events_cat-navidad","tribe_events_cat-tradicion","cat_arte-es","cat_cultura-es","cat_musica-es","cat_musica-dal-vivo-es","cat_navidad","cat_tradicion"],"yoast_head":"<!-- This site is optimized with the Yoast SEO plugin v27.3 - https:\/\/yoast.com\/product\/yoast-seo-wordpress\/ -->\n<title>Programa de Navidad y A\u00f1o Nuevo en Amalfi 2024\/2025 - Visit Amalfi<\/title>\n<meta name=\"robots\" content=\"index, follow, max-snippet:-1, max-image-preview:large, max-video-preview:-1\" \/>\n<link rel=\"canonical\" href=\"https:\/\/www.visitamalfi.info\/es\/evento\/programa-de-navidad-y-ano-nuevo-en-amalfi-2024-2025\/\" \/>\n<meta property=\"og:locale\" content=\"es_ES\" \/>\n<meta property=\"og:type\" content=\"article\" \/>\n<meta property=\"og:title\" content=\"Programa de Navidad y A\u00f1o Nuevo en Amalfi 2024\/2025 - Visit Amalfi\" \/>\n<meta property=\"og:description\" content=\"Programa de Navidad y A\u00f1o Nuevo en Amalfi 2024\/2025\" \/>\n<meta property=\"og:url\" content=\"https:\/\/www.visitamalfi.info\/es\/evento\/programa-de-navidad-y-ano-nuevo-en-amalfi-2024-2025\/\" \/>\n<meta property=\"og:site_name\" content=\"Visit Amalfi\" \/>\n<meta property=\"article:publisher\" content=\"https:\/\/www.facebook.com\/visitamalfiofficial\" \/>\n<meta name=\"twitter:card\" content=\"summary_large_image\" \/>\n<meta name=\"twitter:label1\" content=\"Tiempo de lectura\" \/>\n\t<meta name=\"twitter:data1\" content=\"15 minutos\" \/>\n<script type=\"application\/ld+json\" class=\"yoast-schema-graph\">{\"@context\":\"https:\\\/\\\/schema.org\",\"@graph\":[{\"@type\":\"WebPage\",\"@id\":\"https:\\\/\\\/www.visitamalfi.info\\\/es\\\/evento\\\/programa-de-navidad-y-ano-nuevo-en-amalfi-2024-2025\\\/\",\"url\":\"https:\\\/\\\/www.visitamalfi.info\\\/es\\\/evento\\\/programa-de-navidad-y-ano-nuevo-en-amalfi-2024-2025\\\/\",\"name\":\"Programa de Navidad y A\u00f1o Nuevo en Amalfi 2024\\\/2025 - Visit Amalfi\",\"isPartOf\":{\"@id\":\"https:\\\/\\\/www.visitamalfi.info\\\/es\\\/#website\"},\"datePublished\":\"2024-12-08T10:14:33+00:00\",\"breadcrumb\":{\"@id\":\"https:\\\/\\\/www.visitamalfi.info\\\/es\\\/evento\\\/programa-de-navidad-y-ano-nuevo-en-amalfi-2024-2025\\\/#breadcrumb\"},\"inLanguage\":\"es\",\"potentialAction\":[{\"@type\":\"ReadAction\",\"target\":[\"https:\\\/\\\/www.visitamalfi.info\\\/es\\\/evento\\\/programa-de-navidad-y-ano-nuevo-en-amalfi-2024-2025\\\/\"]}]},{\"@type\":\"BreadcrumbList\",\"@id\":\"https:\\\/\\\/www.visitamalfi.info\\\/es\\\/evento\\\/programa-de-navidad-y-ano-nuevo-en-amalfi-2024-2025\\\/#breadcrumb\",\"itemListElement\":[{\"@type\":\"ListItem\",\"position\":1,\"name\":\"Home\",\"item\":\"https:\\\/\\\/www.visitamalfi.info\\\/es\\\/\"},{\"@type\":\"ListItem\",\"position\":2,\"name\":\"Eventos\",\"item\":\"https:\\\/\\\/www.visitamalfi.info\\\/es\\\/eventi\\\/\"},{\"@type\":\"ListItem\",\"position\":3,\"name\":\"Programa de Navidad y A\u00f1o Nuevo en Amalfi 2024\\\/2025\"}]},{\"@type\":\"WebSite\",\"@id\":\"https:\\\/\\\/www.visitamalfi.info\\\/es\\\/#website\",\"url\":\"https:\\\/\\\/www.visitamalfi.info\\\/es\\\/\",\"name\":\"Visit Amalfi\",\"description\":\"Amalfi Destination Official Website\",\"publisher\":{\"@id\":\"https:\\\/\\\/www.visitamalfi.info\\\/es\\\/#organization\"},\"potentialAction\":[{\"@type\":\"SearchAction\",\"target\":{\"@type\":\"EntryPoint\",\"urlTemplate\":\"https:\\\/\\\/www.visitamalfi.info\\\/es\\\/?s={search_term_string}\"},\"query-input\":{\"@type\":\"PropertyValueSpecification\",\"valueRequired\":true,\"valueName\":\"search_term_string\"}}],\"inLanguage\":\"es\"},{\"@type\":\"Organization\",\"@id\":\"https:\\\/\\\/www.visitamalfi.info\\\/es\\\/#organization\",\"name\":\"Visit Amalfi\",\"url\":\"https:\\\/\\\/www.visitamalfi.info\\\/es\\\/\",\"logo\":{\"@type\":\"ImageObject\",\"inLanguage\":\"es\",\"@id\":\"https:\\\/\\\/www.visitamalfi.info\\\/es\\\/#\\\/schema\\\/logo\\\/image\\\/\",\"url\":\"https:\\\/\\\/www.visitamalfi.info\\\/wp-content\\\/uploads\\\/2023\\\/04\\\/visit-amalfi-logo-web.png\",\"contentUrl\":\"https:\\\/\\\/www.visitamalfi.info\\\/wp-content\\\/uploads\\\/2023\\\/04\\\/visit-amalfi-logo-web.png\",\"width\":800,\"height\":870,\"caption\":\"Visit Amalfi\"},\"image\":{\"@id\":\"https:\\\/\\\/www.visitamalfi.info\\\/es\\\/#\\\/schema\\\/logo\\\/image\\\/\"},\"sameAs\":[\"https:\\\/\\\/www.facebook.com\\\/visitamalfiofficial\",\"https:\\\/\\\/www.instagram.com\\\/visitamalfiofficial\\\/\"]}]}<\/script>\n<!-- \/ Yoast SEO plugin. -->","yoast_head_json":{"title":"Programa de Navidad y A\u00f1o Nuevo en Amalfi 2024\/2025 - Visit Amalfi","robots":{"index":"index","follow":"follow","max-snippet":"max-snippet:-1","max-image-preview":"max-image-preview:large","max-video-preview":"max-video-preview:-1"},"canonical":"https:\/\/www.visitamalfi.info\/es\/evento\/programa-de-navidad-y-ano-nuevo-en-amalfi-2024-2025\/","og_locale":"es_ES","og_type":"article","og_title":"Programa de Navidad y A\u00f1o Nuevo en Amalfi 2024\/2025 - Visit Amalfi","og_description":"Programa de Navidad y A\u00f1o Nuevo en Amalfi 2024\/2025","og_url":"https:\/\/www.visitamalfi.info\/es\/evento\/programa-de-navidad-y-ano-nuevo-en-amalfi-2024-2025\/","og_site_name":"Visit Amalfi","article_publisher":"https:\/\/www.facebook.com\/visitamalfiofficial","twitter_card":"summary_large_image","twitter_misc":{"Tiempo de lectura":"15 minutos"},"schema":{"@context":"https:\/\/schema.org","@graph":[{"@type":"WebPage","@id":"https:\/\/www.visitamalfi.info\/es\/evento\/programa-de-navidad-y-ano-nuevo-en-amalfi-2024-2025\/","url":"https:\/\/www.visitamalfi.info\/es\/evento\/programa-de-navidad-y-ano-nuevo-en-amalfi-2024-2025\/","name":"Programa de Navidad y A\u00f1o Nuevo en Amalfi 2024\/2025 - Visit Amalfi","isPartOf":{"@id":"https:\/\/www.visitamalfi.info\/es\/#website"},"datePublished":"2024-12-08T10:14:33+00:00","breadcrumb":{"@id":"https:\/\/www.visitamalfi.info\/es\/evento\/programa-de-navidad-y-ano-nuevo-en-amalfi-2024-2025\/#breadcrumb"},"inLanguage":"es","potentialAction":[{"@type":"ReadAction","target":["https:\/\/www.visitamalfi.info\/es\/evento\/programa-de-navidad-y-ano-nuevo-en-amalfi-2024-2025\/"]}]},{"@type":"BreadcrumbList","@id":"https:\/\/www.visitamalfi.info\/es\/evento\/programa-de-navidad-y-ano-nuevo-en-amalfi-2024-2025\/#breadcrumb","itemListElement":[{"@type":"ListItem","position":1,"name":"Home","item":"https:\/\/www.visitamalfi.info\/es\/"},{"@type":"ListItem","position":2,"name":"Eventos","item":"https:\/\/www.visitamalfi.info\/es\/eventi\/"},{"@type":"ListItem","position":3,"name":"Programa de Navidad y A\u00f1o Nuevo en Amalfi 2024\/2025"}]},{"@type":"WebSite","@id":"https:\/\/www.visitamalfi.info\/es\/#website","url":"https:\/\/www.visitamalfi.info\/es\/","name":"Visit Amalfi","description":"Amalfi Destination Official Website","publisher":{"@id":"https:\/\/www.visitamalfi.info\/es\/#organization"},"potentialAction":[{"@type":"SearchAction","target":{"@type":"EntryPoint","urlTemplate":"https:\/\/www.visitamalfi.info\/es\/?s={search_term_string}"},"query-input":{"@type":"PropertyValueSpecification","valueRequired":true,"valueName":"search_term_string"}}],"inLanguage":"es"},{"@type":"Organization","@id":"https:\/\/www.visitamalfi.info\/es\/#organization","name":"Visit Amalfi","url":"https:\/\/www.visitamalfi.info\/es\/","logo":{"@type":"ImageObject","inLanguage":"es","@id":"https:\/\/www.visitamalfi.info\/es\/#\/schema\/logo\/image\/","url":"https:\/\/www.visitamalfi.info\/wp-content\/uploads\/2023\/04\/visit-amalfi-logo-web.png","contentUrl":"https:\/\/www.visitamalfi.info\/wp-content\/uploads\/2023\/04\/visit-amalfi-logo-web.png","width":800,"height":870,"caption":"Visit Amalfi"},"image":{"@id":"https:\/\/www.visitamalfi.info\/es\/#\/schema\/logo\/image\/"},"sameAs":["https:\/\/www.facebook.com\/visitamalfiofficial","https:\/\/www.instagram.com\/visitamalfiofficial\/"]}]}},"_links":{"self":[{"href":"https:\/\/www.visitamalfi.info\/es\/wp-json\/wp\/v2\/tribe_events\/20305","targetHints":{"allow":["GET"]}}],"collection":[{"href":"https:\/\/www.visitamalfi.info\/es\/wp-json\/wp\/v2\/tribe_events"}],"about":[{"href":"https:\/\/www.visitamalfi.info\/es\/wp-json\/wp\/v2\/types\/tribe_events"}],"author":[{"embeddable":true,"href":"https:\/\/www.visitamalfi.info\/es\/wp-json\/wp\/v2\/users\/7"}],"version-history":[{"count":0,"href":"https:\/\/www.visitamalfi.info\/es\/wp-json\/wp\/v2\/tribe_events\/20305\/revisions"}],"wp:attachment":[{"href":"https:\/\/www.visitamalfi.info\/es\/wp-json\/wp\/v2\/media?parent=20305"}],"wp:term":[{"taxonomy":"post_tag","embeddable":true,"href":"https:\/\/www.visitamalfi.info\/es\/wp-json\/wp\/v2\/tags?post=20305"},{"taxonomy":"tribe_events_cat","embeddable":true,"href":"https:\/\/www.visitamalfi.info\/es\/wp-json\/wp\/v2\/tribe_events_cat?post=20305"}],"curies":[{"name":"wp","href":"https:\/\/api.w.org\/{rel}","templated":true}]}}